{"id":31679,"date":"2018-04-05T16:00:00","date_gmt":"2018-04-05T14:00:00","guid":{"rendered":"http:\/\/fol.dev2.wappvision.com\/?page_id=79"},"modified":"2024-05-22T11:50:47","modified_gmt":"2024-05-22T09:50:47","slug":"festival-of-lights-partner-werden","status":"publish","type":"page","link":"https:\/\/festival-of-lights.de\/de\/festival-of-lights-partner-werden\/","title":{"rendered":"Partner werden"},"content":{"rendered":"<section class=\"module-spacer bg-bg-darkBlue pt-10 md:pt-14 xl:pt-20\">\n<\/section>\n\n<section class=\"basic-content-module bg-bg-darkBlue text-text-default\">\n  <div class=\"px-xs py-md lg:py-2xl aniMe text-intro dark:!bg-transparent dark:!text-white text-left\">\n            <div class=\"mx-auto max-w-content basic-content-module__headline\"><h2 class='grayscale-overlay relative headline-element align-left text-h3 font-bold md:text-h1 lg:text-[128px] mb-4 md:mb-4 z-0 basic-content-module__headline-big'>\n    \n    <span class='relative align-left text-h3 font-bold md:text-h1 lg:text-[128px] mb-4 md:mb-4 z-0 basic-content-module__headline-big'>\n    <span class='absolute top-0 left-0 z-0 -translate-x-1\/2 -translate-y-1\/2 light w-[300px] h-[300px]'>\n    <svg class='w-full h-full ' xmlns='http:\/\/www.w3.org\/2000\/svg' width='542' height='542' viewBox='0 0 542 542' fill='none'>\n      <g filter='url(#filter0_f_569_1018)'>\n        <circle cx='271' cy='271' r='121' fill='#9AE8FF' fill-opacity='0.5'\/>\n      <\/g>\n      <defs>\n        <filter id='filter0_f_569_1018' x='0' y='0' width='542' height='542' filterUnits='userSpaceOnUse' color-interpolation-filters='sRGB'>\n          <feFlood flood-opacity='0' result='BackgroundImageFix'\/>\n          <feBlend mode='normal' in='SourceGraphic' in2='BackgroundImageFix' result='shape'\/>\n          <feGaussianBlur stdDeviation='75' result='effect1_foregroundBlur_569_1018'\/>\n        <\/filter>\n      <\/defs>\n    <\/svg>\n  <\/span>\n    Partner werden<\/span>\n    <\/h2><\/div>\n                <div class=\"relative z-10 mx-auto max-w-content\">\n            <div class='text-element align- text-copy'><p>Inszenieren Sie Ihre Botschaft oder Marke als spektakul\u00e4re Lichtkunst-Installation<\/p>\n<p>Licht ist ein wirkungsvolles Kommunikationsmittel. Beim FESTIVAL OF LIGHTS Berlin kommt es facettenreich zum Einsatz. Visionen, Ideen und Botschaften inszenieren sich hier als Lichtkunst auf Monumenten, Geb\u00e4uden und Pl\u00e4tzen mit spektakul\u00e4ren Farben, Formen und bewegten Bildern.<\/p>\n<p>Gro\u00dfformatig auf Fassaden und auf Wahrzeichen und geschichtstr\u00e4chtigen Geb\u00e4uden pr\u00e4sentieren sie sich emotional ber\u00fchrend, einzigartig kraftvoll und k\u00fcnstlerisch.<\/p>\n<\/div>        <\/div>\n          <\/div>\n<\/section>\n\n<section class=\"image-module bg-bg-darkBlue\">\n  <div class=\"image-module__container image-module__container-full mx-auto\">\n    <div class=\"image-module__image grayscale-mask relative aniMe image-module__image-contain\"> <img loading=\"lazy\" decoding=\"async\" width=\"1920\" height=\"576\" src=\"https:\/\/festival-of-lights.de\/wp-content\/uploads\/2023\/07\/Torsten_Thiele_Museumsinsel_14.10.2018-1-scaled-e1579013603992.jpg\" class=\"z-0 grayscale-overlay w-full\" alt=\"Festival of Lights - Museuminsel\" srcset=\"https:\/\/festival-of-lights.de\/wp-content\/uploads\/2023\/07\/Torsten_Thiele_Museumsinsel_14.10.2018-1-scaled-e1579013603992.jpg 1920w, https:\/\/festival-of-lights.de\/wp-content\/uploads\/2023\/07\/Torsten_Thiele_Museumsinsel_14.10.2018-1-scaled-e1579013603992-300x90.jpg 300w, https:\/\/festival-of-lights.de\/wp-content\/uploads\/2023\/07\/Torsten_Thiele_Museumsinsel_14.10.2018-1-scaled-e1579013603992-1024x307.jpg 1024w, https:\/\/festival-of-lights.de\/wp-content\/uploads\/2023\/07\/Torsten_Thiele_Museumsinsel_14.10.2018-1-scaled-e1579013603992-768x230.jpg 768w, https:\/\/festival-of-lights.de\/wp-content\/uploads\/2023\/07\/Torsten_Thiele_Museumsinsel_14.10.2018-1-scaled-e1579013603992-1536x461.jpg 1536w, https:\/\/festival-of-lights.de\/wp-content\/uploads\/2023\/07\/Torsten_Thiele_Museumsinsel_14.10.2018-1-scaled-e1579013603992-1900x570.jpg 1900w, https:\/\/festival-of-lights.de\/wp-content\/uploads\/2023\/07\/Torsten_Thiele_Museumsinsel_14.10.2018-1-scaled-e1579013603992-1240x372.jpg 1240w\" sizes=\"auto, (max-width: 1920px) 100vw, 1920px\" \/><\/div> \n      <\/div>\n<\/section>\n\n<section class=\"basic-content-module bg-bg-darkBlue text-text-default\">\n  <div class=\"px-xs py-md lg:py-2xl aniMe text-intro dark:!bg-transparent dark:!text-white text-left\">\n            <div class=\"mx-auto max-w-content basic-content-module__headline\"><h2 class='grayscale-overlay relative headline-element align-left text-h3 font-bold md:text-h3 mb-4 md:mb-sm z-0'>\n    \n    <span class='relative align-left text-h3 font-bold md:text-h3 mb-4 md:mb-sm z-0'>\n    <span class='absolute top-0 left-0 z-0 -translate-x-1\/2 -translate-y-1\/2 light w-[300px] h-[300px]'>\n    <svg class='w-full h-full ' xmlns='http:\/\/www.w3.org\/2000\/svg' width='542' height='542' viewBox='0 0 542 542' fill='none'>\n      <g filter='url(#filter0_f_569_1018)'>\n        <circle cx='271' cy='271' r='121' fill='#9AE8FF' fill-opacity='0.5'\/>\n      <\/g>\n      <defs>\n        <filter id='filter0_f_569_1018' x='0' y='0' width='542' height='542' filterUnits='userSpaceOnUse' color-interpolation-filters='sRGB'>\n          <feFlood flood-opacity='0' result='BackgroundImageFix'\/>\n          <feBlend mode='normal' in='SourceGraphic' in2='BackgroundImageFix' result='shape'\/>\n          <feGaussianBlur stdDeviation='75' result='effect1_foregroundBlur_569_1018'\/>\n        <\/filter>\n      <\/defs>\n    <\/svg>\n  <\/span>\n    Erz\u00e4hlen Sie Geschichten mit Licht, Farbe und bewegten Bildern. Erreichen Sie ein begeistertes Millionenpublikum.<\/span>\n    <\/h2><\/div>\n                <div class=\"relative z-10 mx-auto max-w-content\">\n            <div class='text-element align- text-copy'><p>Die Botschaften im XXL Format kommen an, erreichen ein <a href=\"https:\/\/festival-of-lights.de\/de\/keyfacts\/\">Millionenpublikum<\/a> vor Ort und \u00fcber die sozialen Medien in der ganzen Welt. Das Festival erstreckt sich \u00fcber die gesamte Stadt, es ist kostenlos f\u00fcr Besucher*innen und beweist jedes Jahr seine enorme Strahlkraft. Die Inszenierungen zeigen sich in Form von Lichtbildern, Shows oder als Skulpturen, auch mit interaktiven M\u00f6glichkeiten. Die Verbindung von Licht und Kunst ist sehr wirksam und emotional und sorgt f\u00fcr magische Momente.<\/p>\n<\/div>        <\/div>\n          <\/div>\n<\/section>\n\n<section class=\"text-image bg-bg-darkBlue text-text-default\">\n    <div class=\"dark:!text-white dark:!bg-transparent\">\n        <div class=\"container mx-auto max-w-screen-xl px-xs py-md text-image\">\n            <div class=\"mx-auto items-center grid text-copy md:grid-cols-2 gap-x-10 align-left\">\n                                    <div class=\"text-image__image aniMe grayscale-mask relative mb-0 order-2 md:order-[unset] mt-4 md:mt-8\"> \n                        <img loading=\"lazy\" decoding=\"async\" width=\"642\" height=\"678\" src=\"https:\/\/festival-of-lights.de\/wp-content\/uploads\/2023\/07\/bt-683x1024-1-e1692957051935.webp\" class=\"z-10 grayscale-overlay\" alt=\"Festival of Lights - Brandenburger Tor\" srcset=\"https:\/\/festival-of-lights.de\/wp-content\/uploads\/2023\/07\/bt-683x1024-1-e1692957051935.webp 642w, https:\/\/festival-of-lights.de\/wp-content\/uploads\/2023\/07\/bt-683x1024-1-e1692957051935-284x300.webp 284w\" sizes=\"auto, (max-width: 642px) 100vw, 642px\" \/>                    <\/div>                 <div class=\"text-image__col1 py-4 lg:py-10 aniMe flex flex-col right\">\n                    <h3 class='grayscale-overlay relative headline-element align-left mb-4 md:mb-8'>\n    \n    <span class='relative align-left mb-4 md:mb-8'>\n    <span class='absolute top-0 left-0 z-0 -translate-x-1\/2 -translate-y-1\/2 light w-[300px] h-[300px]'>\n    <svg class='w-full h-full ' xmlns='http:\/\/www.w3.org\/2000\/svg' width='542' height='542' viewBox='0 0 542 542' fill='none'>\n      <g filter='url(#filter0_f_569_1018)'>\n        <circle cx='271' cy='271' r='121' fill='#9AE8FF' fill-opacity='0.5'\/>\n      <\/g>\n      <defs>\n        <filter id='filter0_f_569_1018' x='0' y='0' width='542' height='542' filterUnits='userSpaceOnUse' color-interpolation-filters='sRGB'>\n          <feFlood flood-opacity='0' result='BackgroundImageFix'\/>\n          <feBlend mode='normal' in='SourceGraphic' in2='BackgroundImageFix' result='shape'\/>\n          <feGaussianBlur stdDeviation='75' result='effect1_foregroundBlur_569_1018'\/>\n        <\/filter>\n      <\/defs>\n    <\/svg>\n  <\/span>\n    Corporate Cultural Responsibility | Sponsoring<\/span>\n    <\/h3><div class='text-element align-left '><p><strong>Inszenieren Sie sich als <a href=\"https:\/\/festival-of-lights.de\/de\/unsere-partnerinnen\/\">Festival-Partner<\/a> mit einer au\u00dfergew\u00f6hnlichen, emotionalen Illumination.<\/strong><\/p>\n<p>Nutzen Sie Geb\u00e4ude, Wahrzeichen und Pl\u00e4tze als imposante Leinwand f\u00fcr Ihre einzigartige Botschaft. Oder f\u00fcr ein Thema, das Ihnen am Herzen liegt. Engagieren Sie sich als Sponsor f\u00fcr die Kulturstadt Berlin oder \u00fcbernehmen Sie die Patenschaft f\u00fcr Lichtkunstskulpturen oder beeindruckende Geb\u00e4udeillumination auf Wahrzeichen, Denkm\u00e4lern oder geschichtstr\u00e4chtigen Geb\u00e4uden. Verbunden mit einzigartigen Marketing- und Medialeistungen zur wirkungsvollen Aktivierung Ihres Engagements.<\/p>\n<p>Nutzen Sie die Strahlkraft des Festival of Lights!<br \/>\nWir entwickeln f\u00fcr Ihre Inszenierung ein innovatives Konzept und liefern ein Rund-Um-Sorglos Paket.<\/p>\n<\/div>                <\/div>\n            <\/div>\n        <\/div>\n    <\/div>\n<\/section>\n\n<section class=\"basic-content-module bg-bg-darkBlue text-text-default\">\n  <div class=\"px-xs py-md lg:py-2xl aniMe text-intro dark:!bg-transparent dark:!text-white text-left\">\n            <div class=\"mx-auto max-w-content basic-content-module__headline\"><h2 class='grayscale-overlay relative headline-element align-left text-h3 font-bold md:text-h3 mb-4 md:mb-sm z-0'>\n    \n    <span class='relative align-left text-h3 font-bold md:text-h3 mb-4 md:mb-sm z-0'>\n    <span class='absolute top-0 left-0 z-0 -translate-x-1\/2 -translate-y-1\/2 light w-[300px] h-[300px]'>\n    <svg class='w-full h-full ' xmlns='http:\/\/www.w3.org\/2000\/svg' width='542' height='542' viewBox='0 0 542 542' fill='none'>\n      <g filter='url(#filter0_f_569_1018)'>\n        <circle cx='271' cy='271' r='121' fill='#9AE8FF' fill-opacity='0.5'\/>\n      <\/g>\n      <defs>\n        <filter id='filter0_f_569_1018' x='0' y='0' width='542' height='542' filterUnits='userSpaceOnUse' color-interpolation-filters='sRGB'>\n          <feFlood flood-opacity='0' result='BackgroundImageFix'\/>\n          <feBlend mode='normal' in='SourceGraphic' in2='BackgroundImageFix' result='shape'\/>\n          <feGaussianBlur stdDeviation='75' result='effect1_foregroundBlur_569_1018'\/>\n        <\/filter>\n      <\/defs>\n    <\/svg>\n  <\/span>\n    Das Festival als Medienstar<\/span>\n    <\/h2><\/div>\n                <div class=\"relative z-10 mx-auto max-w-content\">\n            <div class='text-element align- text-copy'><p>Das FESTIVAL OF LIGHTS ist vor und w\u00e4hrend des Events ein umfassend bespieltes Thema f\u00fcr die Medien. Die weltweite Berichterstattung in TV, Radio, Print und online schafft \u00fcber 1.4 Mrd. Reichweite! Verbunden mit unserem Festival ist eine Marketing- und Kommunikationsplattform mit eigenem Multi Media Channel inkl. einer interaktiven Festivalapp. In allen Kommunikationsmitteln werden Partner*innen des Festival of Lights pr\u00e4sentiert. Zus\u00e4tzlich leisten wir umfangreiche Pressearbeit.<br \/>\nStorytelling, Marken-Inszenierungen und user generated content sorgen f\u00fcr eindrucksvolle und weitreichende Live-Kommunikation.<\/p>\n<p><a href=\"https:\/\/festival-of-lights.de\/de\/ueber-uns\/\">Das Team <\/a>des FESTIVAL OF LIGHTS entwickelt die passende Idee f\u00fcr Ihre Vision und unterst\u00fctzt Sie mit einem Rund-Um-Sorglos Paket, sei es bei der Auswahl eines Geb\u00e4udes oder Ortes und nat\u00fcrlich bei der technischen Umsetzung inklusive der Content Erstellung.<\/p>\n<p><strong>Werden Sie Teil der Festival of Lights Community!<\/strong><\/p>\n<\/div>        <\/div>\n          <\/div>\n<\/section>\n\n<section class=\"image-module bg-bg-darkBlue\">\n  <div class=\"image-module__container image-module__container-full mx-auto\">\n    <div class=\"image-module__image grayscale-mask relative aniMe image-module__image-contain\"> <img loading=\"lazy\" decoding=\"async\" width=\"1920\" height=\"413\" src=\"https:\/\/festival-of-lights.de\/wp-content\/uploads\/2023\/07\/0980_FoL19_FH-e1572275883581.jpg\" class=\"z-0 grayscale-overlay w-full\" alt=\"Festival of Lights - Bebelplatz\" srcset=\"https:\/\/festival-of-lights.de\/wp-content\/uploads\/2023\/07\/0980_FoL19_FH-e1572275883581.jpg 1920w, https:\/\/festival-of-lights.de\/wp-content\/uploads\/2023\/07\/0980_FoL19_FH-e1572275883581-300x65.jpg 300w, https:\/\/festival-of-lights.de\/wp-content\/uploads\/2023\/07\/0980_FoL19_FH-e1572275883581-1024x220.jpg 1024w, https:\/\/festival-of-lights.de\/wp-content\/uploads\/2023\/07\/0980_FoL19_FH-e1572275883581-768x165.jpg 768w, https:\/\/festival-of-lights.de\/wp-content\/uploads\/2023\/07\/0980_FoL19_FH-e1572275883581-1536x330.jpg 1536w, https:\/\/festival-of-lights.de\/wp-content\/uploads\/2023\/07\/0980_FoL19_FH-e1572275883581-1900x409.jpg 1900w, https:\/\/festival-of-lights.de\/wp-content\/uploads\/2023\/07\/0980_FoL19_FH-e1572275883581-1240x267.jpg 1240w\" sizes=\"auto, (max-width: 1920px) 100vw, 1920px\" \/><\/div> \n      <\/div>\n<\/section>\n\n<section class=\"module-spacer bg-bg-darkBlue pt-10 md:pt-14 xl:pt-20\">\n<\/section>\n\n<section class=\"text-image bg-bg-darkBlue text-text-default\">\n    <div class=\"dark:!text-white dark:!bg-transparent\">\n        <div class=\"container mx-auto max-w-screen-xl px-xs py-md text-image\">\n            <div class=\"mx-auto items-center grid text-copy md:grid-cols-2 gap-x-10 align-left\">\n                                    <div class=\"text-image__image aniMe grayscale-mask relative mb-0 order-2 md:order-[unset] mt-4 md:mt-8\"> \n                        <img loading=\"lazy\" decoding=\"async\" width=\"1024\" height=\"683\" src=\"https:\/\/festival-of-lights.de\/wp-content\/uploads\/2023\/08\/1366_FoL2021_FH-1024x683.jpg\" class=\"z-10 grayscale-overlay\" alt=\"Festival of Lights Partner werden- Siegess\u00e4ule\" srcset=\"https:\/\/festival-of-lights.de\/wp-content\/uploads\/2023\/08\/1366_FoL2021_FH-1024x683.jpg 1024w, https:\/\/festival-of-lights.de\/wp-content\/uploads\/2023\/08\/1366_FoL2021_FH-300x200.jpg 300w, https:\/\/festival-of-lights.de\/wp-content\/uploads\/2023\/08\/1366_FoL2021_FH-768x512.jpg 768w, https:\/\/festival-of-lights.de\/wp-content\/uploads\/2023\/08\/1366_FoL2021_FH-1536x1024.jpg 1536w, https:\/\/festival-of-lights.de\/wp-content\/uploads\/2023\/08\/1366_FoL2021_FH-1900x1267.jpg 1900w, https:\/\/festival-of-lights.de\/wp-content\/uploads\/2023\/08\/1366_FoL2021_FH-1240x827.jpg 1240w, https:\/\/festival-of-lights.de\/wp-content\/uploads\/2023\/08\/1366_FoL2021_FH.jpg 1920w\" sizes=\"auto, (max-width: 1024px) 100vw, 1024px\" \/>                    <\/div>                 <div class=\"text-image__col1 py-4 lg:py-10 aniMe flex flex-col right\">\n                    <h3 class='grayscale-overlay relative headline-element align-left mb-4 md:mb-8'>\n    \n    <span class='relative align-left mb-4 md:mb-8'>\n    <span class='absolute top-0 left-0 z-0 -translate-x-1\/2 -translate-y-1\/2 light w-[300px] h-[300px]'>\n    <svg class='w-full h-full ' xmlns='http:\/\/www.w3.org\/2000\/svg' width='542' height='542' viewBox='0 0 542 542' fill='none'>\n      <g filter='url(#filter0_f_569_1018)'>\n        <circle cx='271' cy='271' r='121' fill='#9AE8FF' fill-opacity='0.5'\/>\n      <\/g>\n      <defs>\n        <filter id='filter0_f_569_1018' x='0' y='0' width='542' height='542' filterUnits='userSpaceOnUse' color-interpolation-filters='sRGB'>\n          <feFlood flood-opacity='0' result='BackgroundImageFix'\/>\n          <feBlend mode='normal' in='SourceGraphic' in2='BackgroundImageFix' result='shape'\/>\n          <feGaussianBlur stdDeviation='75' result='effect1_foregroundBlur_569_1018'\/>\n        <\/filter>\n      <\/defs>\n    <\/svg>\n  <\/span>\n    Kontakt und weitere Information<\/span>\n    <\/h3><div class='text-element align-left '><p><strong>Sie m\u00f6chten Partner*in <a href=\"https:\/\/festival-of-lights.de\/de\/programm-2023\/\">des offiziellen Festivalprogramms<\/a> werden?<\/strong><\/p>\n<p>Sie m\u00f6chten Details zu den Teilnahmem\u00f6glichkeiten und unserem Rund-Um-Sorglos Paket wissen?<\/p>\n<p>Wir freuen uns auf Ihre Nachricht an <a href=\"mailto:partner@festival-of-lights.de\">partner@festival-of-lights.de<\/a><br \/>\nIhre Ansprechpartnerin ist die k\u00fcnstlerische Leiterin und Direktorin Birgit Zander.<\/p>\n<p>Wir freuen uns auf Ihre Anfrage!<\/p>\n<\/div>                <\/div>\n            <\/div>\n        <\/div>\n    <\/div>\n<\/section>","protected":false},"excerpt":{"rendered":"","protected":false},"author":1,"featured_media":21473,"parent":0,"menu_order":0,"comment_status":"closed","ping_status":"closed","template":"","meta":{"_acf_changed":false,"footnotes":""},"class_list":["post-31679","page","type-page","status-publish","has-post-thumbnail","hentry"],"acf":[],"yoast_head":"<!-- This site is optimized with the Yoast SEO plugin v25.6 - https:\/\/yoast.com\/wordpress\/plugins\/seo\/ -->\n<title>Festival of Lights Partner werden<\/title>\n<meta name=\"description\" content=\"Werde Partner des Festival of Lights, erreiche 1,3 Milliarden Kontakte und inszeniere deine Marke als spektakul\u00e4re Lichtkunst-Installation\" \/>\n<meta name=\"robots\" content=\"index, follow, max-snippet:-1, max-image-preview:large, max-video-preview:-1\" \/>\n<link rel=\"canonical\" href=\"https:\/\/festival-of-lights.de\/de\/festival-of-lights-partner-werden\/\" \/>\n<meta property=\"og:locale\" content=\"de_DE\" \/>\n<meta property=\"og:type\" content=\"article\" \/>\n<meta property=\"og:title\" content=\"F\" \/>\n<meta property=\"og:description\" content=\"Werde Partner des Festival of Lights, erreiche 1,3 Milliarden Kontakte und inszeniere deine Marke als spektakul\u00e4re Lichtkunst-Installation\" \/>\n<meta property=\"og:url\" content=\"https:\/\/festival-of-lights.de\/de\/festival-of-lights-partner-werden\/\" \/>\n<meta property=\"og:site_name\" content=\"Festival of Lights\" \/>\n<meta property=\"article:publisher\" content=\"https:\/\/www.facebook.com\/FestivalOfLights\" \/>\n<meta property=\"article:modified_time\" content=\"2024-05-22T09:50:47+00:00\" \/>\n<meta name=\"twitter:card\" content=\"summary_large_image\" \/>\n<script type=\"application\/ld+json\" class=\"yoast-schema-graph\">{\"@context\":\"https:\/\/schema.org\",\"@graph\":[{\"@type\":\"WebPage\",\"@id\":\"https:\/\/festival-of-lights.de\/de\/festival-of-lights-partner-werden\/\",\"url\":\"https:\/\/festival-of-lights.de\/de\/festival-of-lights-partner-werden\/\",\"name\":\"Festival of Lights Partner werden\",\"isPartOf\":{\"@id\":\"https:\/\/festival-of-lights.de\/de\/#website\"},\"primaryImageOfPage\":{\"@id\":\"https:\/\/festival-of-lights.de\/de\/festival-of-lights-partner-werden\/#primaryimage\"},\"image\":{\"@id\":\"https:\/\/festival-of-lights.de\/de\/festival-of-lights-partner-werden\/#primaryimage\"},\"thumbnailUrl\":\"\",\"datePublished\":\"2018-04-05T14:00:00+00:00\",\"dateModified\":\"2024-05-22T09:50:47+00:00\",\"description\":\"Werde Partner des Festival of Lights, erreiche 1,3 Milliarden Kontakte und inszeniere deine Marke als spektakul\u00e4re Lichtkunst-Installation\",\"breadcrumb\":{\"@id\":\"https:\/\/festival-of-lights.de\/de\/festival-of-lights-partner-werden\/#breadcrumb\"},\"inLanguage\":\"de\",\"potentialAction\":[{\"@type\":\"ReadAction\",\"target\":[\"https:\/\/festival-of-lights.de\/de\/festival-of-lights-partner-werden\/\"]}]},{\"@type\":\"ImageObject\",\"inLanguage\":\"de\",\"@id\":\"https:\/\/festival-of-lights.de\/de\/festival-of-lights-partner-werden\/#primaryimage\",\"url\":\"\",\"contentUrl\":\"\"},{\"@type\":\"BreadcrumbList\",\"@id\":\"https:\/\/festival-of-lights.de\/de\/festival-of-lights-partner-werden\/#breadcrumb\",\"itemListElement\":[{\"@type\":\"ListItem\",\"position\":1,\"name\":\"Startseite\",\"item\":\"https:\/\/festival-of-lights.de\/de\/\"},{\"@type\":\"ListItem\",\"position\":2,\"name\":\"Partner werden\"}]},{\"@type\":\"WebSite\",\"@id\":\"https:\/\/festival-of-lights.de\/de\/#website\",\"url\":\"https:\/\/festival-of-lights.de\/de\/\",\"name\":\"Festival of Lights Berlin\",\"description\":\"\",\"publisher\":{\"@id\":\"https:\/\/festival-of-lights.de\/de\/#organization\"},\"potentialAction\":[{\"@type\":\"SearchAction\",\"target\":{\"@type\":\"EntryPoint\",\"urlTemplate\":\"https:\/\/festival-of-lights.de\/de\/?s={search_term_string}\"},\"query-input\":{\"@type\":\"PropertyValueSpecification\",\"valueRequired\":true,\"valueName\":\"search_term_string\"}}],\"inLanguage\":\"de\"},{\"@type\":\"Organization\",\"@id\":\"https:\/\/festival-of-lights.de\/de\/#organization\",\"name\":\"Festival of Lights\",\"url\":\"https:\/\/festival-of-lights.de\/de\/\",\"logo\":{\"@type\":\"ImageObject\",\"inLanguage\":\"de\",\"@id\":\"https:\/\/festival-of-lights.de\/de\/#\/schema\/logo\/image\/\",\"url\":\"https:\/\/festival-of-lights.de\/wp-content\/uploads\/2023\/08\/cropped-logo.png\",\"contentUrl\":\"https:\/\/festival-of-lights.de\/wp-content\/uploads\/2023\/08\/cropped-logo.png\",\"width\":230,\"height\":230,\"caption\":\"Festival of Lights\"},\"image\":{\"@id\":\"https:\/\/festival-of-lights.de\/de\/#\/schema\/logo\/image\/\"},\"sameAs\":[\"https:\/\/www.facebook.com\/FestivalOfLights\",\"https:\/\/www.tiktok.com\/@berlinfestivaloflights\",\"https:\/\/www.instagram.com\/berlinfestivaloflights\"]}]}<\/script>\n<!-- \/ Yoast SEO plugin. -->","yoast_head_json":{"title":"Festival of Lights Partner werden","description":"Werde Partner des Festival of Lights, erreiche 1,3 Milliarden Kontakte und inszeniere deine Marke als spektakul\u00e4re Lichtkunst-Installation","robots":{"index":"index","follow":"follow","max-snippet":"max-snippet:-1","max-image-preview":"max-image-preview:large","max-video-preview":"max-video-preview:-1"},"canonical":"https:\/\/festival-of-lights.de\/de\/festival-of-lights-partner-werden\/","og_locale":"de_DE","og_type":"article","og_title":"F","og_description":"Werde Partner des Festival of Lights, erreiche 1,3 Milliarden Kontakte und inszeniere deine Marke als spektakul\u00e4re Lichtkunst-Installation","og_url":"https:\/\/festival-of-lights.de\/de\/festival-of-lights-partner-werden\/","og_site_name":"Festival of Lights","article_publisher":"https:\/\/www.facebook.com\/FestivalOfLights","article_modified_time":"2024-05-22T09:50:47+00:00","twitter_card":"summary_large_image","schema":{"@context":"https:\/\/schema.org","@graph":[{"@type":"WebPage","@id":"https:\/\/festival-of-lights.de\/de\/festival-of-lights-partner-werden\/","url":"https:\/\/festival-of-lights.de\/de\/festival-of-lights-partner-werden\/","name":"Festival of Lights Partner werden","isPartOf":{"@id":"https:\/\/festival-of-lights.de\/de\/#website"},"primaryImageOfPage":{"@id":"https:\/\/festival-of-lights.de\/de\/festival-of-lights-partner-werden\/#primaryimage"},"image":{"@id":"https:\/\/festival-of-lights.de\/de\/festival-of-lights-partner-werden\/#primaryimage"},"thumbnailUrl":"","datePublished":"2018-04-05T14:00:00+00:00","dateModified":"2024-05-22T09:50:47+00:00","description":"Werde Partner des Festival of Lights, erreiche 1,3 Milliarden Kontakte und inszeniere deine Marke als spektakul\u00e4re Lichtkunst-Installation","breadcrumb":{"@id":"https:\/\/festival-of-lights.de\/de\/festival-of-lights-partner-werden\/#breadcrumb"},"inLanguage":"de","potentialAction":[{"@type":"ReadAction","target":["https:\/\/festival-of-lights.de\/de\/festival-of-lights-partner-werden\/"]}]},{"@type":"ImageObject","inLanguage":"de","@id":"https:\/\/festival-of-lights.de\/de\/festival-of-lights-partner-werden\/#primaryimage","url":"","contentUrl":""},{"@type":"BreadcrumbList","@id":"https:\/\/festival-of-lights.de\/de\/festival-of-lights-partner-werden\/#breadcrumb","itemListElement":[{"@type":"ListItem","position":1,"name":"Startseite","item":"https:\/\/festival-of-lights.de\/de\/"},{"@type":"ListItem","position":2,"name":"Partner werden"}]},{"@type":"WebSite","@id":"https:\/\/festival-of-lights.de\/de\/#website","url":"https:\/\/festival-of-lights.de\/de\/","name":"Festival of Lights Berlin","description":"","publisher":{"@id":"https:\/\/festival-of-lights.de\/de\/#organization"},"potentialAction":[{"@type":"SearchAction","target":{"@type":"EntryPoint","urlTemplate":"https:\/\/festival-of-lights.de\/de\/?s={search_term_string}"},"query-input":{"@type":"PropertyValueSpecification","valueRequired":true,"valueName":"search_term_string"}}],"inLanguage":"de"},{"@type":"Organization","@id":"https:\/\/festival-of-lights.de\/de\/#organization","name":"Festival of Lights","url":"https:\/\/festival-of-lights.de\/de\/","logo":{"@type":"ImageObject","inLanguage":"de","@id":"https:\/\/festival-of-lights.de\/de\/#\/schema\/logo\/image\/","url":"https:\/\/festival-of-lights.de\/wp-content\/uploads\/2023\/08\/cropped-logo.png","contentUrl":"https:\/\/festival-of-lights.de\/wp-content\/uploads\/2023\/08\/cropped-logo.png","width":230,"height":230,"caption":"Festival of Lights"},"image":{"@id":"https:\/\/festival-of-lights.de\/de\/#\/schema\/logo\/image\/"},"sameAs":["https:\/\/www.facebook.com\/FestivalOfLights","https:\/\/www.tiktok.com\/@berlinfestivaloflights","https:\/\/www.instagram.com\/berlinfestivaloflights"]}]}},"_links":{"self":[{"href":"https:\/\/festival-of-lights.de\/de\/wp-json\/wp\/v2\/pages\/31679","targetHints":{"allow":["GET"]}}],"collection":[{"href":"https:\/\/festival-of-lights.de\/de\/wp-json\/wp\/v2\/pages"}],"about":[{"href":"https:\/\/festival-of-lights.de\/de\/wp-json\/wp\/v2\/types\/page"}],"author":[{"embeddable":true,"href":"https:\/\/festival-of-lights.de\/de\/wp-json\/wp\/v2\/users\/1"}],"replies":[{"embeddable":true,"href":"https:\/\/festival-of-lights.de\/de\/wp-json\/wp\/v2\/comments?post=31679"}],"version-history":[{"count":37,"href":"https:\/\/festival-of-lights.de\/de\/wp-json\/wp\/v2\/pages\/31679\/revisions"}],"predecessor-version":[{"id":47770,"href":"https:\/\/festival-of-lights.de\/de\/wp-json\/wp\/v2\/pages\/31679\/revisions\/47770"}],"wp:featuredmedia":[{"embeddable":true,"href":"https:\/\/festival-of-lights.de\/de\/wp-json\/"}],"wp:attachment":[{"href":"https:\/\/festival-of-lights.de\/de\/wp-json\/wp\/v2\/media?parent=31679"}],"curies":[{"name":"wp","href":"https:\/\/api.w.org\/{rel}","templated":true}]}}