{"id":33360,"date":"2023-07-17T16:41:22","date_gmt":"2023-07-17T14:41:22","guid":{"rendered":"http:\/\/festival-of-lights.de\/?page_id=33360"},"modified":"2026-02-19T13:40:33","modified_gmt":"2026-02-19T11:40:33","slug":"festival-of-lights","status":"publish","type":"page","link":"https:\/\/festival-of-lights.de\/de\/","title":{"rendered":"Home"},"content":{"rendered":"<section class=\"relative aspect-4\/3 md:aspect-video xl:aspect-auto xl:h-60vh bg-transparent text-text-default header-bg-video \">\n    <div class=\"relative xl:h-80vh top-0 h-full w-full grayscale-mask max-h-[900px] \"> \n        <div class=\"w-full h-full tt\">\n            <video class=\"hidden object-cover object-center w-full h-full sm:block grayscale-overlay header-bg-video__video\" autoplay muted loop playsinline id=\"myVideo\" data-desktop-video=\"https:\/\/festival-of-lights.de\/wp-content\/uploads\/2021\/06\/Homepage-Header_1_720p.mp4\" type=\"video\/mp4\"><\/video>\n            <img loading=\"lazy\" decoding=\"async\" width=\"768\" height=\"512\" src=\"https:\/\/festival-of-lights.de\/wp-content\/uploads\/2023\/09\/Brandenburger_Tor_FoL2022_FH-3-768x512.jpg\" class=\"block sm:hidden object-cover object-center w-full h-full grayscale-overlay\" alt=\"\" srcset=\"https:\/\/festival-of-lights.de\/wp-content\/uploads\/2023\/09\/Brandenburger_Tor_FoL2022_FH-3-768x512.jpg 768w, https:\/\/festival-of-lights.de\/wp-content\/uploads\/2023\/09\/Brandenburger_Tor_FoL2022_FH-3-300x200.jpg 300w, https:\/\/festival-of-lights.de\/wp-content\/uploads\/2023\/09\/Brandenburger_Tor_FoL2022_FH-3-1024x683.jpg 1024w, https:\/\/festival-of-lights.de\/wp-content\/uploads\/2023\/09\/Brandenburger_Tor_FoL2022_FH-3-1536x1024.jpg 1536w, https:\/\/festival-of-lights.de\/wp-content\/uploads\/2023\/09\/Brandenburger_Tor_FoL2022_FH-3-2048x1365.jpg 2048w, https:\/\/festival-of-lights.de\/wp-content\/uploads\/2023\/09\/Brandenburger_Tor_FoL2022_FH-3-1900x1267.jpg 1900w, https:\/\/festival-of-lights.de\/wp-content\/uploads\/2023\/09\/Brandenburger_Tor_FoL2022_FH-3-1240x827.jpg 1240w\" sizes=\"auto, (max-width: 768px) 100vw, 768px\" \/>        <\/div>\n    <\/div>\n    <div class=\"absolute top-1\/2 -translate-y-1\/2 headline-box inset-0 container px-xs  xl:h-80vh mx-auto max-h-[900px] w-full flex flex-col z-10 justify-center text-center\">\n        <h1 class=\"w-full font-bold text-headlineSHT md:text-big-quote 2xl:text-[250px] 2xl:leading-[70%]\">BERLIN<\/h1>\n        <p class=\"w-full pt-4 pb-6 xl:pb-0 text-introHT md:text-headlineHI 2xl:text-[105px]\">Festival of Lights<\/p>\n            <\/div>\n    <div class=\"gradient-full\"><\/div>\n    <div class=\"gradient-in\"><\/div>\n    <div class=\"gradient-out\"><\/div>\n<\/section>\n\n<section class=\"basic-content-module bg-bg-transparent text-text-default\">\n  <div class=\"px-xs py-md lg:py-2xl aniMe text-intro dark:!bg-transparent dark:!text-white text-center\">\n            <div class=\"mx-auto max-w-content\"><div class='text-element align- text-copy lg:text-h3 font-bold mb-4 md:mb-0'>FESTIVAL OF LIGHTS BERLIN 2026<\/div><\/div>\n                <div class=\"mx-auto max-w-content basic-content-module__headline\"><h2 class='grayscale-overlay relative headline-element align-left text-h3 font-bold md:text-h1 lg:text-[128px] mb-4 md:mb-4 z-0 basic-content-module__headline-big'>\n    \n    <span class='relative align-left text-h3 font-bold md:text-h1 lg:text-[128px] mb-4 md:mb-4 z-0 basic-content-module__headline-big'>\n    <span class='absolute top-0 left-0 z-0 -translate-x-1\/2 -translate-y-1\/2 light w-[300px] h-[300px]'>\n    <svg class='w-full h-full ' xmlns='http:\/\/www.w3.org\/2000\/svg' width='542' height='542' viewBox='0 0 542 542' fill='none'>\n      <g filter='url(#filter0_f_569_1018)'>\n        <circle cx='271' cy='271' r='121' fill='#9AE8FF' fill-opacity='0.5'\/>\n      <\/g>\n      <defs>\n        <filter id='filter0_f_569_1018' x='0' y='0' width='542' height='542' filterUnits='userSpaceOnUse' color-interpolation-filters='sRGB'>\n          <feFlood flood-opacity='0' result='BackgroundImageFix'\/>\n          <feBlend mode='normal' in='SourceGraphic' in2='BackgroundImageFix' result='shape'\/>\n          <feGaussianBlur stdDeviation='75' result='effect1_foregroundBlur_569_1018'\/>\n        <\/filter>\n      <\/defs>\n    <\/svg>\n  <\/span>\n    Colours of <br>Love<\/span>\n    <\/h2><\/div>\n                <div class=\"relative z-10 mx-auto max-w-content\">\n            <div class='text-element align- text-copy'><h3>09. \u2013 18. Oktober 2026*<\/h3>\n<p>&nbsp;<\/p>\n<h5>*\u00c4nderungen vorbehalten<\/h5>\n<\/div>        <\/div>\n          <\/div>\n<\/section>\n\n<section class=\"relative z-10 quick-links first-pink\">\n    <div class=\"transition-colors duration-500 ease-in-out bg-black wrap dark:bg-cyan px-xs sm:px-md py-[20px]\">\n        <div class=\"flex flex-wrap sm:justify-center gap-sm\">\n                    <a target=\"\" href=\"https:\/\/festival-of-lights.de\/de\/best-of-fotos\/\" class=\"flex items-center gap-xs btn-link\">\n            <svg xmlns=\"http:\/\/www.w3.org\/2000\/svg\" width=\"23\" height=\"16\" viewBox=\"0 0 23 16\" fill=\"none\">\n                <path class=\"transition duration-300 ease-in-out\" d=\"M21.8863 8.70711C22.2769 8.31658 22.2769 7.68342 21.8863 7.29289L15.5224 0.928932C15.1318 0.538408 14.4987 0.538408 14.1082 0.928932C13.7176 1.31946 13.7176 1.95262 14.1082 2.34315L19.765 8L14.1082 13.6569C13.7176 14.0474 13.7176 14.6805 14.1082 15.0711C14.4987 15.4616 15.1318 15.4616 15.5224 15.0711L21.8863 8.70711ZM0 9H21.1792V7H0V9Z\" fill=\"black\"\/>\n            <\/svg>\n            Best of Fotos 2025        <\/a>\n                <a target=\"\" href=\"https:\/\/festival-of-lights.de\/de\/programm-2025\/\" class=\"flex items-center gap-xs btn-link\">\n            <svg xmlns=\"http:\/\/www.w3.org\/2000\/svg\" width=\"23\" height=\"16\" viewBox=\"0 0 23 16\" fill=\"none\">\n                <path class=\"transition duration-300 ease-in-out\" d=\"M21.8863 8.70711C22.2769 8.31658 22.2769 7.68342 21.8863 7.29289L15.5224 0.928932C15.1318 0.538408 14.4987 0.538408 14.1082 0.928932C13.7176 1.31946 13.7176 1.95262 14.1082 2.34315L19.765 8L14.1082 13.6569C13.7176 14.0474 13.7176 14.6805 14.1082 15.0711C14.4987 15.4616 15.1318 15.4616 15.5224 15.0711L21.8863 8.70711ZM0 9H21.1792V7H0V9Z\" fill=\"black\"\/>\n            <\/svg>\n            Programm 2025        <\/a>\n                <a target=\"\" href=\"https:\/\/festival-of-lights.de\/de\/unsere-partnerinnen-2025\/\" class=\"flex items-center gap-xs btn-link\">\n            <svg xmlns=\"http:\/\/www.w3.org\/2000\/svg\" width=\"23\" height=\"16\" viewBox=\"0 0 23 16\" fill=\"none\">\n                <path class=\"transition duration-300 ease-in-out\" d=\"M21.8863 8.70711C22.2769 8.31658 22.2769 7.68342 21.8863 7.29289L15.5224 0.928932C15.1318 0.538408 14.4987 0.538408 14.1082 0.928932C13.7176 1.31946 13.7176 1.95262 14.1082 2.34315L19.765 8L14.1082 13.6569C13.7176 14.0474 13.7176 14.6805 14.1082 15.0711C14.4987 15.4616 15.1318 15.4616 15.5224 15.0711L21.8863 8.70711ZM0 9H21.1792V7H0V9Z\" fill=\"black\"\/>\n            <\/svg>\n            Unsere Partner 2025        <\/a>\n                <a target=\"\" href=\"https:\/\/festival-of-lights.de\/de\/we-love\/\" class=\"flex items-center gap-xs btn-link\">\n            <svg xmlns=\"http:\/\/www.w3.org\/2000\/svg\" width=\"23\" height=\"16\" viewBox=\"0 0 23 16\" fill=\"none\">\n                <path class=\"transition duration-300 ease-in-out\" d=\"M21.8863 8.70711C22.2769 8.31658 22.2769 7.68342 21.8863 7.29289L15.5224 0.928932C15.1318 0.538408 14.4987 0.538408 14.1082 0.928932C13.7176 1.31946 13.7176 1.95262 14.1082 2.34315L19.765 8L14.1082 13.6569C13.7176 14.0474 13.7176 14.6805 14.1082 15.0711C14.4987 15.4616 15.1318 15.4616 15.5224 15.0711L21.8863 8.70711ZM0 9H21.1792V7H0V9Z\" fill=\"black\"\/>\n            <\/svg>\n            We \u2661         <\/a>\n                <\/div>\n    <\/div>\n<\/section>\n\n<section class=\"text-image bg-bg-transparent text-text-default\">\n    <div class=\"dark:!text-white dark:!bg-transparent\">\n        <div class=\"container mx-auto max-w-screen-xl px-xs py-md text-image\">\n            <div class=\"mx-auto items-center grid text-copy md:grid-cols-2 gap-x-10 align-left\">\n                                    <div class=\"relative aniMe \"> \n                        <div class=\"relative hp-player aspect-video grayscale-mask\">\n                            <iframe class=\"z-[1050] grayscale-overlay lazyVideo\" data-src=\"\/\/www.youtube-nocookie.com\/embed\/WhG7tLazn_c?rel=0&#038;controls=0&#038;showinfo=0\" frameborder=\"0\" allowfullscreen allowtransparency>\n                            <\/iframe>\n                        <\/div>\n                    <\/div>\n                                    <div class=\"text-image__col1 py-4 lg:py-10 aniMe flex flex-col right\">\n                    <h3 class='grayscale-overlay relative headline-element align-left mb-4 md:mb-8'>\n    \n    <span class='relative align-left mb-4 md:mb-8'>\n    <span class='absolute top-0 left-0 z-0 -translate-x-1\/2 -translate-y-1\/2 light w-[300px] h-[300px]'>\n    <svg class='w-full h-full ' xmlns='http:\/\/www.w3.org\/2000\/svg' width='542' height='542' viewBox='0 0 542 542' fill='none'>\n      <g filter='url(#filter0_f_569_1018)'>\n        <circle cx='271' cy='271' r='121' fill='#9AE8FF' fill-opacity='0.5'\/>\n      <\/g>\n      <defs>\n        <filter id='filter0_f_569_1018' x='0' y='0' width='542' height='542' filterUnits='userSpaceOnUse' color-interpolation-filters='sRGB'>\n          <feFlood flood-opacity='0' result='BackgroundImageFix'\/>\n          <feBlend mode='normal' in='SourceGraphic' in2='BackgroundImageFix' result='shape'\/>\n          <feGaussianBlur stdDeviation='75' result='effect1_foregroundBlur_569_1018'\/>\n        <\/filter>\n      <\/defs>\n    <\/svg>\n  <\/span>\n    Festival of Lights Berlin 2026 <\/span>\n    <\/h3><div class='text-element align-left '><p><b>Colours of Love<\/b><\/p>\n<p>We love Berlin! Unter dem Motto \u201eColours of Love\u201c verwandeln wir die Hauptstadt vom 9. bis 18. Oktober 2026 mit unserer 22. Edition wieder in eine strahlende B\u00fchne f\u00fcr Lichtkunst.<\/p>\n<p>Mit viel Liebe zum Detail verbinden wir Licht, Kunst und Musik mit neuen Perspektiven, lassen Berlins Wahrzeichen erstrahlen und die Herzen unserer G\u00e4ste h\u00f6herschlagen. Diesmal dreht sich alles um das poetischste und zugleich tiefste Gef\u00fchl: die Liebe.<\/p>\n<p>Liebe hat viele Facetten und unz\u00e4hlige Ausdrucksformen. Liebe ist kein einzelner Moment \u2013 sie ist allumfassend. \u00dcber zehn Abende hinweg lassen euch erneut in Berlin verlieben.<\/p>\n<p>Feiert mit uns die Colours of Love.<\/p>\n<\/div>                <\/div>\n            <\/div>\n        <\/div>\n    <\/div>\n<\/section>\n\n<section class=\"text-image bg-bg-transparent text-text-default\">\n    <div class=\"dark:!text-white dark:!bg-transparent\">\n        <div class=\"container mx-auto max-w-screen-xl px-xs py-md text-image\">\n            <div class=\"mx-auto items-center grid text-copy md:grid-cols-2 gap-x-10 align-left\">\n                                    <div class=\"relative aniMe order-1 mt-4 md:mt-8\"> \n                        <div class=\"relative hp-player aspect-video grayscale-mask\">\n                            <iframe class=\"z-[1050] grayscale-overlay lazyVideo\" data-src=\"\/\/www.youtube-nocookie.com\/embed\/P8CbVJuD-pA?rel=0&#038;controls=0&#038;showinfo=0\" frameborder=\"0\" allowfullscreen allowtransparency>\n                            <\/iframe>\n                        <\/div>\n                    <\/div>\n                                    <div class=\"text-image__col1 py-4 lg:py-10 aniMe flex flex-col left\">\n                    <h3 class='grayscale-overlay relative headline-element align-left mb-4 md:mb-8'>\n    \n    <span class='relative align-left mb-4 md:mb-8'>\n    <span class='absolute top-0 left-0 z-0 -translate-x-1\/2 -translate-y-1\/2 light w-[300px] h-[300px]'>\n    <svg class='w-full h-full ' xmlns='http:\/\/www.w3.org\/2000\/svg' width='542' height='542' viewBox='0 0 542 542' fill='none'>\n      <g filter='url(#filter0_f_569_1018)'>\n        <circle cx='271' cy='271' r='121' fill='#9AE8FF' fill-opacity='0.5'\/>\n      <\/g>\n      <defs>\n        <filter id='filter0_f_569_1018' x='0' y='0' width='542' height='542' filterUnits='userSpaceOnUse' color-interpolation-filters='sRGB'>\n          <feFlood flood-opacity='0' result='BackgroundImageFix'\/>\n          <feBlend mode='normal' in='SourceGraphic' in2='BackgroundImageFix' result='shape'\/>\n          <feGaussianBlur stdDeviation='75' result='effect1_foregroundBlur_569_1018'\/>\n        <\/filter>\n      <\/defs>\n    <\/svg>\n  <\/span>\n    Festival of Lights Berlin 2025 <\/span>\n    <\/h3><div class='text-element align-left '><p><strong>Let\u2019s shine together!<\/strong><\/p>\n<p data-start=\"392\" data-end=\"699\">Unter diesem Motto feierten wir das 21. Festival of Lights vom 8. bis 15. Oktober 2025! Dieses Jahr drehte sich alles um Zusammenhalt, Gemeinschaft und Verbundenheit. Mit der Vielfalt der Lichtkunst erz\u00e4hlten wir Geschichten, die Br\u00fccken bauten und die Sch\u00f6nheit Berlins pr\u00e4sentierten.<\/p>\n<p data-start=\"707\" data-end=\"994\">Berlin wurde zum Ort f\u00fcr Begegnungen und gemeinsame Erlebnisse. Das Festival of Lights lud dazu ein, Verbindungen zu schaffen \u2013 zwischen Menschen, Kulturen und Generationen. Denn Licht kennt keine Barrieren und entfaltet seine volle Kraft, wenn es geteilt wird. Wir haben die Kraft des Miteinanders erlebt \u2013 denn zusammen strahlen wir am hellsten!<\/p>\n<p>&nbsp;<\/p>\n<\/div>                <\/div>\n            <\/div>\n        <\/div>\n    <\/div>\n<\/section>\n\n<section class=\"relative z-10 quick-links first-pink\">\n    <div class=\"transition-colors duration-500 ease-in-out bg-black wrap dark:bg-cyan px-xs sm:px-md py-[20px]\">\n        <div class=\"flex flex-wrap sm:justify-center gap-sm\">\n                    <a target=\"\" href=\"https:\/\/festival-of-lights.de\/de\/hotel-partner\/\" class=\"flex items-center gap-xs btn-link\">\n            <svg xmlns=\"http:\/\/www.w3.org\/2000\/svg\" width=\"23\" height=\"16\" viewBox=\"0 0 23 16\" fill=\"none\">\n                <path class=\"transition duration-300 ease-in-out\" d=\"M21.8863 8.70711C22.2769 8.31658 22.2769 7.68342 21.8863 7.29289L15.5224 0.928932C15.1318 0.538408 14.4987 0.538408 14.1082 0.928932C13.7176 1.31946 13.7176 1.95262 14.1082 2.34315L19.765 8L14.1082 13.6569C13.7176 14.0474 13.7176 14.6805 14.1082 15.0711C14.4987 15.4616 15.1318 15.4616 15.5224 15.0711L21.8863 8.70711ZM0 9H21.1792V7H0V9Z\" fill=\"black\"\/>\n            <\/svg>\n            Hotel partner 2026        <\/a>\n                <\/div>\n    <\/div>\n<\/section>\n\n<section class=\"basic-content-module bg-bg-darkBlue text-text-default\">\n  <div class=\"px-xs py-md lg:py-2xl aniMe text-intro dark:!bg-transparent dark:!text-white text-left\">\n            <div class=\"mx-auto max-w-content basic-content-module__headline\"><h2 class='grayscale-overlay relative headline-element align-left text-h3 font-bold md:text-h2 mb-4 md:mb-sm z-0'>\n    \n    <span class='relative align-left text-h3 font-bold md:text-h2 mb-4 md:mb-sm z-0'>\n    <span class='absolute top-0 left-0 z-0 -translate-x-1\/2 -translate-y-1\/2 light w-[300px] h-[300px]'>\n    <svg class='w-full h-full ' xmlns='http:\/\/www.w3.org\/2000\/svg' width='542' height='542' viewBox='0 0 542 542' fill='none'>\n      <g filter='url(#filter0_f_569_1018)'>\n        <circle cx='271' cy='271' r='121' fill='#9AE8FF' fill-opacity='0.5'\/>\n      <\/g>\n      <defs>\n        <filter id='filter0_f_569_1018' x='0' y='0' width='542' height='542' filterUnits='userSpaceOnUse' color-interpolation-filters='sRGB'>\n          <feFlood flood-opacity='0' result='BackgroundImageFix'\/>\n          <feBlend mode='normal' in='SourceGraphic' in2='BackgroundImageFix' result='shape'\/>\n          <feGaussianBlur stdDeviation='75' result='effect1_foregroundBlur_569_1018'\/>\n        <\/filter>\n      <\/defs>\n    <\/svg>\n  <\/span>\n    Eines der bekanntesten Lichtfestivals der Welt<\/span>\n    <\/h2><\/div>\n                <div class=\"relative z-10 mx-auto max-w-content\">\n            <div class='text-element align- text-copy'><p>Seit 2005 leuchtet jeden Herbst in Berlin das FESTIVAL OF LIGHTS. Die Stadt wird zur strahlenden Bu\u0308hne und die Monumente, Geb\u00e4ude und Pl\u00e4tze zu ihren Stars!<\/p>\n<p>Mit unseren Licht-Installationen, Skulpturen und einem verzaubernden Rahmenprogramm erz\u00e4hlen wir Geschichten, stellen Kulturen, Ku\u0308nste und innovative Technik vor und transportieren Botschaften zu aktuellen Themen.<\/p>\n<\/div>        <\/div>\n          <\/div>\n<\/section>\n\n<section class=\"image-module bg-bg-darkBlue\">\n  <div class=\"image-module__container image-module__container-full mx-auto\">\n    <div class=\"image-module__image grayscale-mask relative aniMe image-module__image-contain\"> <img loading=\"lazy\" decoding=\"async\" width=\"1920\" height=\"710\" src=\"https:\/\/festival-of-lights.de\/wp-content\/uploads\/2023\/08\/city-e1692613236919.png\" class=\"z-0 grayscale-overlay w-full\" alt=\"Festival of Lights - Potsdamer Platz\" srcset=\"https:\/\/festival-of-lights.de\/wp-content\/uploads\/2023\/08\/city-e1692613236919.png 1920w, https:\/\/festival-of-lights.de\/wp-content\/uploads\/2023\/08\/city-e1692613236919-300x111.png 300w, https:\/\/festival-of-lights.de\/wp-content\/uploads\/2023\/08\/city-e1692613236919-1024x379.png 1024w, https:\/\/festival-of-lights.de\/wp-content\/uploads\/2023\/08\/city-e1692613236919-768x284.png 768w, https:\/\/festival-of-lights.de\/wp-content\/uploads\/2023\/08\/city-e1692613236919-1536x568.png 1536w, https:\/\/festival-of-lights.de\/wp-content\/uploads\/2023\/08\/city-e1692613236919-1900x703.png 1900w, https:\/\/festival-of-lights.de\/wp-content\/uploads\/2023\/08\/city-e1692613236919-1240x459.png 1240w\" sizes=\"auto, (max-width: 1920px) 100vw, 1920px\" \/><\/div> \n      <\/div>\n<\/section>\n\n<section class=\"bg-bg-transparent text-text-default\">\n  <div class=\"px-xs wrap py-3xl text-quotation dark:!bg-transparent dark:!text-white\">\n    <div class=\"mx-auto text-left max-w-content aniMe\">\n      <blockquote class=\"sm:px-xs md:px-10 lg:px-0 \" lang=\"de\" class=\"relative\">\n          <p class='grayscale-overlay relative headline-element align-left block leading-[1.45rem] text-[18px] md:text-28px text-left font-normal'>\n    \n    <span class='relative align-left block leading-[1.45rem] text-[18px] md:text-28px text-left font-normal'>\n    <span class='absolute top-0 left-0 z-0 -translate-x-1\/2 -translate-y-1\/2 light w-[300px] h-[300px]'>\n    <svg class='w-full h-full ' xmlns='http:\/\/www.w3.org\/2000\/svg' width='542' height='542' viewBox='0 0 542 542' fill='none'>\n      <g filter='url(#filter0_f_569_1018)'>\n        <circle cx='271' cy='271' r='121' fill='#9AE8FF' fill-opacity='0.5'\/>\n      <\/g>\n      <defs>\n        <filter id='filter0_f_569_1018' x='0' y='0' width='542' height='542' filterUnits='userSpaceOnUse' color-interpolation-filters='sRGB'>\n          <feFlood flood-opacity='0' result='BackgroundImageFix'\/>\n          <feBlend mode='normal' in='SourceGraphic' in2='BackgroundImageFix' result='shape'\/>\n          <feGaussianBlur stdDeviation='75' result='effect1_foregroundBlur_569_1018'\/>\n        <\/filter>\n      <\/defs>\n    <\/svg>\n  <\/span>\n    Mit unseren Inszenierungen und Kreationen m\u00f6chten wir Menschen beru\u0308hren. Licht leitet uns, weckt unsere Emotionen, bezaubert unsere Sinne. Licht verbindet und ist universell.<\/span>\n    <\/p><div class='text-element align-p text-[22px]  md:text-4-1\/2r text-left pt-6 font-normal'>Licht ist Leben<\/div><div class='text-element align-p mt-6 text-h6 md:text-h5 dark:!text-white md:text-right font-normal'>Birgit Zander (Veranstalterin des Festival of Lights)<\/div>      <\/blockquote>\n          <\/div>\n  <\/div>\n<\/section>\n\n\n<section class=\"bg-bg-transparent text-text-default advance-text-image w-full clipMe\">\n    <div class=\"relative px-xs pt-md lg:pt-2xl pb-[10rem] dark:!text-white bg-black dark:!bg-transparent\">\n        <div class=\"relative z-10 mx-auto text-left max-w-content aniMe\">\n                            <div class=\"max-w-screen-sm mx-auto\">\n                    <p class='grayscale-overlay relative headline-element align-left font-bold text-h3 md:text-4-1\/2r '>\n    \n    <span class='relative align-left font-bold text-h3 md:text-4-1\/2r '>\n    <span class='absolute top-0 left-0 z-0 -translate-x-1\/2 -translate-y-1\/2 light w-[300px] h-[300px]'>\n    <svg class='w-full h-full ' xmlns='http:\/\/www.w3.org\/2000\/svg' width='542' height='542' viewBox='0 0 542 542' fill='none'>\n      <g filter='url(#filter0_f_569_1018)'>\n        <circle cx='271' cy='271' r='121' fill='#9AE8FF' fill-opacity='0.5'\/>\n      <\/g>\n      <defs>\n        <filter id='filter0_f_569_1018' x='0' y='0' width='542' height='542' filterUnits='userSpaceOnUse' color-interpolation-filters='sRGB'>\n          <feFlood flood-opacity='0' result='BackgroundImageFix'\/>\n          <feBlend mode='normal' in='SourceGraphic' in2='BackgroundImageFix' result='shape'\/>\n          <feGaussianBlur stdDeviation='75' result='effect1_foregroundBlur_569_1018'\/>\n        <\/filter>\n      <\/defs>\n    <\/svg>\n  <\/span>\n    Magic moments in<\/span>\n    <\/p>                <\/div>\n                         \n                <div class=\"pt-8 pb-8 md:pt-16 md:pb-16\">\n                    <img loading=\"lazy\" decoding=\"async\" width=\"1024\" height=\"201\" src=\"https:\/\/festival-of-lights.de\/wp-content\/uploads\/2023\/07\/BERLIN-1-1024x201.png\" class=\"z-10 grayscale-overlay object-cover w-full h-full\" alt=\"\" srcset=\"https:\/\/festival-of-lights.de\/wp-content\/uploads\/2023\/07\/BERLIN-1-1024x201.png 1024w, https:\/\/festival-of-lights.de\/wp-content\/uploads\/2023\/07\/BERLIN-1-300x59.png 300w, https:\/\/festival-of-lights.de\/wp-content\/uploads\/2023\/07\/BERLIN-1-768x151.png 768w, https:\/\/festival-of-lights.de\/wp-content\/uploads\/2023\/07\/BERLIN-1.png 1170w\" sizes=\"auto, (max-width: 1024px) 100vw, 1024px\" \/> \n                <\/div>\n                                <\/div>\n        <!-- objects -->\n                    <div class=\"pt-36 xs:pt-48 lg:pt-64\">\n                \n                <div class=\"absolute bottom-0 left-0 z-0 flex items-end justify-between w-full gap-sm lg:flex-row lg:left-unset lg:right-0\">\n                                                                <div class=\"image lg:-translate-x-[20%] pt-12 lg:pt-0 relative z-[19]\">\n                            <img loading=\"lazy\" decoding=\"async\" width=\"858\" height=\"1024\" src=\"https:\/\/festival-of-lights.de\/wp-content\/uploads\/2023\/07\/Fernsehturm-ausgestellt-2-e1690818765378-858x1024.png\" class=\"z-10 grayscale-overlay object-contain w-full max-h-[350px] lg:max-h-[600px] xl:max-h-full\" alt=\"\" srcset=\"https:\/\/festival-of-lights.de\/wp-content\/uploads\/2023\/07\/Fernsehturm-ausgestellt-2-e1690818765378-858x1024.png 858w, https:\/\/festival-of-lights.de\/wp-content\/uploads\/2023\/07\/Fernsehturm-ausgestellt-2-e1690818765378-251x300.png 251w, https:\/\/festival-of-lights.de\/wp-content\/uploads\/2023\/07\/Fernsehturm-ausgestellt-2-e1690818765378-768x917.png 768w, https:\/\/festival-of-lights.de\/wp-content\/uploads\/2023\/07\/Fernsehturm-ausgestellt-2-e1690818765378-1038x1240.png 1038w, https:\/\/festival-of-lights.de\/wp-content\/uploads\/2023\/07\/Fernsehturm-ausgestellt-2-e1690818765378.png 1092w\" sizes=\"auto, (max-width: 858px) 100vw, 858px\" \/> \n                                                    <\/div>\n                                                                <div class=\"image  pt-12 lg:pt-0 relative z-[18]\">\n                            <img loading=\"lazy\" decoding=\"async\" width=\"686\" height=\"481\" src=\"https:\/\/festival-of-lights.de\/wp-content\/uploads\/2023\/07\/hedwigsdom-2.png\" class=\"z-10 grayscale-overlay object-contain w-full max-h-[350px] lg:max-h-[600px] xl:max-h-full\" alt=\"\" srcset=\"https:\/\/festival-of-lights.de\/wp-content\/uploads\/2023\/07\/hedwigsdom-2.png 686w, https:\/\/festival-of-lights.de\/wp-content\/uploads\/2023\/07\/hedwigsdom-2-300x210.png 300w\" sizes=\"auto, (max-width: 686px) 100vw, 686px\" \/> \n                             \n                            <div class=\"absolute video lg:pt-0 -z-10 top-1\/2 left-1\/2 w-[250%] -translate-x-1\/2 -translate-y-1\/2\">\n                                <video class=\"object-cover object-center w-full h-full grayscale-overlay header-bg-video__video\" autoplay muted loop playsinline id=\"myVideo\" src=\"https:\/\/festival-of-lights.de\/wp-content\/uploads\/2023\/08\/video.mp4\" type=\"video\/mp4\"><\/video>\n                                <div class=\"gradient gradient-top\"><\/div>\n                                <div class=\"gradient gradient-left\"><\/div>\n                                <div class=\"gradient gradient-corner\"><\/div>\n                            <\/div>\n                                                    <\/div>\n                                    <\/div>\n            <\/div>\n            <\/div>\n<\/section>\n\n<section class=\"relative z-10 quick-links \">\n    <div class=\"transition-colors duration-500 ease-in-out bg-black wrap dark:bg-cyan px-xs sm:px-md py-[20px]\">\n        <div class=\"flex flex-wrap sm:justify-center gap-sm\">\n                    <a target=\"\" href=\"https:\/\/festival-of-lights.de\/de\/partner-werden-2\/\" class=\"flex items-center gap-xs btn-link\">\n            <svg xmlns=\"http:\/\/www.w3.org\/2000\/svg\" width=\"23\" height=\"16\" viewBox=\"0 0 23 16\" fill=\"none\">\n                <path class=\"transition duration-300 ease-in-out\" d=\"M21.8863 8.70711C22.2769 8.31658 22.2769 7.68342 21.8863 7.29289L15.5224 0.928932C15.1318 0.538408 14.4987 0.538408 14.1082 0.928932C13.7176 1.31946 13.7176 1.95262 14.1082 2.34315L19.765 8L14.1082 13.6569C13.7176 14.0474 13.7176 14.6805 14.1082 15.0711C14.4987 15.4616 15.1318 15.4616 15.5224 15.0711L21.8863 8.70711ZM0 9H21.1792V7H0V9Z\" fill=\"black\"\/>\n            <\/svg>\n            Partner werden        <\/a>\n                <\/div>\n    <\/div>\n<\/section>\n\n<section class=\"image-sticky-module\">\n  <div class=\"image-sticky-module__container grayscale-mask\">\n    <div class=\"image-sticky-module__image min-h-[70vh] bg-fixed bg-no-repeat bg-cover bg-center grayscale-overlay\" style=\"background-image:url('https:\/\/festival-of-lights.de\/wp-content\/uploads\/2023\/07\/2022_Lavazza_FH-21klein-1-scaled.jpg');\" ><\/div> \n  <\/div>\n<\/section>\n\n<section class=\"module-spacer bg-bg-darkBlue pt-7 md:pt-10 xl:pt-14\">\n<\/section>\n\n<section class=\"bg-bg-darkBlue text-text-default\">\n  <div class=\"px-xs py-md text-headline dark:!bg-transparent\">\n    <div class=\"mx-auto max-w-screen-lg text-center aniMe\">\n      <h2 class='grayscale-overlay relative headline-element align-left text-h3 md:text-h2 xl:text-h1'>\n    \n    <span class='relative align-left text-h3 md:text-h2 xl:text-h1'>\n    <span class='absolute top-0 left-0 z-0 -translate-x-1\/2 -translate-y-1\/2 light w-[300px] h-[300px]'>\n    <svg class='w-full h-full ' xmlns='http:\/\/www.w3.org\/2000\/svg' width='542' height='542' viewBox='0 0 542 542' fill='none'>\n      <g filter='url(#filter0_f_569_1018)'>\n        <circle cx='271' cy='271' r='121' fill='#9AE8FF' fill-opacity='0.5'\/>\n      <\/g>\n      <defs>\n        <filter id='filter0_f_569_1018' x='0' y='0' width='542' height='542' filterUnits='userSpaceOnUse' color-interpolation-filters='sRGB'>\n          <feFlood flood-opacity='0' result='BackgroundImageFix'\/>\n          <feBlend mode='normal' in='SourceGraphic' in2='BackgroundImageFix' result='shape'\/>\n          <feGaussianBlur stdDeviation='75' result='effect1_foregroundBlur_569_1018'\/>\n        <\/filter>\n      <\/defs>\n    <\/svg>\n  <\/span>\n    Die Stadt wird zur B\u00fchne, die weltber\u00fchmten  Wahrzeichen zu Stars.<\/span>\n    <\/h2>    <\/div>\n      <\/div>\n<\/section>\n\n<section class=\"module-spacer bg-bg-darkBlue pt-7 md:pt-10 xl:pt-14\">\n<\/section>\n\n<section class=\"bg-bg-darkBlue\">\n  <div class=\"gallery-wall-simple-section dark:!bg-transparent dark:!text-white\">\n    <div class=\"gallery-wall-simple relative mx-auto grid gallery-grid-cols-4 gap-1 md:gap-3 lg:gap-5 \">\n     \n      <div data-src=\"https:\/\/festival-of-lights.de\/wp-content\/uploads\/2023\/07\/0692_FoL2021_FH-min-scaled.jpg\" data-sub-html=\".image-description\" class=\"gallery-image grayscale-mask relative aspect-video cursor-pointer \">\n        <img decoding=\"async\" loading=\"lazy\" src=\"https:\/\/festival-of-lights.de\/wp-content\/uploads\/2023\/07\/0692_FoL2021_FH-min-768x512.jpg\" class=\"object-cover object-center w-full h-full image grayscale-overlay\" alt=\"\">            <\/div>\n           \n      <div data-src=\"https:\/\/festival-of-lights.de\/wp-content\/uploads\/2023\/06\/0205_FoL19_FH-e1572276289991.jpg\" data-sub-html=\".image-description\" class=\"gallery-image grayscale-mask relative aspect-video cursor-pointer \">\n        <img decoding=\"async\" loading=\"lazy\" src=\"https:\/\/festival-of-lights.de\/wp-content\/uploads\/2023\/06\/0205_FoL19_FH-e1572276289991-768x432.jpg\" class=\"object-cover object-center w-full h-full image grayscale-overlay\" alt=\"\">            <\/div>\n           \n      <div data-src=\"https:\/\/festival-of-lights.de\/wp-content\/uploads\/2023\/07\/0092_FoL2021_FH-scaled.jpg\" data-sub-html=\".image-description\" class=\"gallery-image grayscale-mask relative aspect-video cursor-pointer \">\n        <img decoding=\"async\" loading=\"lazy\" src=\"https:\/\/festival-of-lights.de\/wp-content\/uploads\/2023\/07\/0092_FoL2021_FH-768x512.jpg\" class=\"object-cover object-center w-full h-full image grayscale-overlay\" alt=\"\">            <\/div>\n           \n      <div data-src=\"https:\/\/festival-of-lights.de\/wp-content\/uploads\/2024\/04\/1527_FoL2021_FH-scaled.jpg\" data-sub-html=\".image-description\" class=\"gallery-image grayscale-mask relative aspect-video cursor-pointer \">\n        <img decoding=\"async\" loading=\"lazy\" src=\"https:\/\/festival-of-lights.de\/wp-content\/uploads\/2024\/04\/1527_FoL2021_FH-768x512.jpg\" class=\"object-cover object-center w-full h-full image grayscale-overlay\" alt=\"\">            <\/div>\n                  <a target=\"\" href=\"https:\/\/festival-of-lights.de\/de\/galerie\/\" class=\"flex items-center gap-xs btn-primary absolute top-1\/2 -translate-y-1\/2 md:top-[unset] md:translate-y-0 md:bottom-5 left-1\/2 -translate-x-1\/2\">\n            <svg xmlns=\"http:\/\/www.w3.org\/2000\/svg\" width=\"23\" height=\"16\" viewBox=\"0 0 23 16\" fill=\"none\">\n                <path class=\"transition duration-300 ease-in-out\" d=\"M21.8863 8.70711C22.2769 8.31658 22.2769 7.68342 21.8863 7.29289L15.5224 0.928932C15.1318 0.538408 14.4987 0.538408 14.1082 0.928932C13.7176 1.31946 13.7176 1.95262 14.1082 2.34315L19.765 8L14.1082 13.6569C13.7176 14.0474 13.7176 14.6805 14.1082 15.0711C14.4987 15.4616 15.1318 15.4616 15.5224 15.0711L21.8863 8.70711ZM0 9H21.1792V7H0V9Z\" fill=\"black\"\/>\n            <\/svg>\n            Zur Galerie        <\/a>\n            <\/div>\n  <\/div>\n<\/section>\n\n<section class=\"module-spacer bg-bg-darkBlue pt-7 md:pt-10 xl:pt-14\">\n<\/section>\n\n<section class=\"teaser-tiles bg-bg-black overflow-hidden w-full mx-auto \">\n    <div class=\" wrap grid  lg:grid-cols-2\">\n            <div class=\"relative tile aniMe\">\n            <div class=\"relative image-wrap grayscale-mask h-full xl:max-h-[600px] aspect-video md:aspect-auto\">\n                <img loading=\"lazy\" decoding=\"async\" width=\"1024\" height=\"683\" src=\"https:\/\/festival-of-lights.de\/wp-content\/uploads\/2023\/08\/Piano-See_FoL2022_FH-25-1-1024x683-1.jpg\" class=\"object-cover h-full w-full z-0 grayscale-overlay\" alt=\"\" srcset=\"https:\/\/festival-of-lights.de\/wp-content\/uploads\/2023\/08\/Piano-See_FoL2022_FH-25-1-1024x683-1.jpg 1024w, https:\/\/festival-of-lights.de\/wp-content\/uploads\/2023\/08\/Piano-See_FoL2022_FH-25-1-1024x683-1-300x200.jpg 300w, https:\/\/festival-of-lights.de\/wp-content\/uploads\/2023\/08\/Piano-See_FoL2022_FH-25-1-1024x683-1-768x512.jpg 768w\" sizes=\"auto, (max-width: 1024px) 100vw, 1024px\" \/>            <\/div>\n                        <div class=\"flex absolute right-0 left-0 z-10 justify-center mx-auto button-wrap bottom-md\">\n                        <a target=\"\" href=\"https:\/\/festival-of-lights.de\/de\/festival-of-lights-friends-family\/\" class=\"flex items-center gap-xs btn-primary\">\n            <svg xmlns=\"http:\/\/www.w3.org\/2000\/svg\" width=\"23\" height=\"16\" viewBox=\"0 0 23 16\" fill=\"none\">\n                <path class=\"transition duration-300 ease-in-out\" d=\"M21.8863 8.70711C22.2769 8.31658 22.2769 7.68342 21.8863 7.29289L15.5224 0.928932C15.1318 0.538408 14.4987 0.538408 14.1082 0.928932C13.7176 1.31946 13.7176 1.95262 14.1082 2.34315L19.765 8L14.1082 13.6569C13.7176 14.0474 13.7176 14.6805 14.1082 15.0711C14.4987 15.4616 15.1318 15.4616 15.5224 15.0711L21.8863 8.70711ZM0 9H21.1792V7H0V9Z\" fill=\"black\"\/>\n            <\/svg>\n            Festival of Lights on Tour        <\/a>\n                    <\/div>\n                    <\/div>\n            <\/div>\n<\/section>\n\n<section class=\"partner-logos-module xl:hidden\">\n    <div class=\"px-xs py-md md:pb-2xl dark:!bg-transparent dark:!text-white\">\n                    <p class=\"pb-0 font-bold text-center text-white uppercase mt-sm text-h3\">PREMIUM PARTNER<\/p>\n                    <div class=\"overflow-hidden swiper-container\">\n                            <div class=\"swiper-wrapper header-logos w-[100px] lg:w-[150px] xl:w-[150px]\">\n                                                <div class=\"swiper-slide w-[150px] h-[150px]\">\n                            <img loading=\"lazy\" decoding=\"async\" width=\"300\" height=\"149\" src=\"https:\/\/festival-of-lights.de\/wp-content\/uploads\/2025\/09\/Armani-Beauty-Logo_weiss-300x149.png\" class=\"aspect-square relative h-auto w-full object-contain z-0 grayscale-overlay\" alt=\"\" srcset=\"https:\/\/festival-of-lights.de\/wp-content\/uploads\/2025\/09\/Armani-Beauty-Logo_weiss-300x149.png 300w, https:\/\/festival-of-lights.de\/wp-content\/uploads\/2025\/09\/Armani-Beauty-Logo_weiss-1024x509.png 1024w, https:\/\/festival-of-lights.de\/wp-content\/uploads\/2025\/09\/Armani-Beauty-Logo_weiss-768x382.png 768w, https:\/\/festival-of-lights.de\/wp-content\/uploads\/2025\/09\/Armani-Beauty-Logo_weiss-1536x764.png 1536w, https:\/\/festival-of-lights.de\/wp-content\/uploads\/2025\/09\/Armani-Beauty-Logo_weiss-2048x1018.png 2048w, https:\/\/festival-of-lights.de\/wp-content\/uploads\/2025\/09\/Armani-Beauty-Logo_weiss-1900x944.png 1900w, https:\/\/festival-of-lights.de\/wp-content\/uploads\/2025\/09\/Armani-Beauty-Logo_weiss-1240x616.png 1240w\" sizes=\"auto, (max-width: 300px) 100vw, 300px\" \/>                        <\/div>\n                                                <div class=\"swiper-slide w-[150px] h-[150px]\">\n                                                    <\/div>\n                                                <div class=\"swiper-slide w-[150px] h-[150px]\">\n                            <img loading=\"lazy\" decoding=\"async\" width=\"300\" height=\"202\" src=\"https:\/\/festival-of-lights.de\/wp-content\/uploads\/2025\/08\/Universal-1-300x202.png\" class=\"aspect-square relative h-auto w-full object-contain z-0 grayscale-overlay\" alt=\"\" srcset=\"https:\/\/festival-of-lights.de\/wp-content\/uploads\/2025\/08\/Universal-1-300x202.png 300w, https:\/\/festival-of-lights.de\/wp-content\/uploads\/2025\/08\/Universal-1.png 410w\" sizes=\"auto, (max-width: 300px) 100vw, 300px\" \/>                        <\/div>\n                                                <div class=\"swiper-slide w-[150px] h-[150px]\">\n                            <img loading=\"lazy\" decoding=\"async\" width=\"300\" height=\"202\" src=\"https:\/\/festival-of-lights.de\/wp-content\/uploads\/2025\/08\/10-1-300x202.png\" class=\"aspect-square relative h-auto w-full object-contain z-0 grayscale-overlay\" alt=\"\" srcset=\"https:\/\/festival-of-lights.de\/wp-content\/uploads\/2025\/08\/10-1-300x202.png 300w, https:\/\/festival-of-lights.de\/wp-content\/uploads\/2025\/08\/10-1.png 410w\" sizes=\"auto, (max-width: 300px) 100vw, 300px\" \/>                        <\/div>\n                                                <div class=\"swiper-slide w-[150px] h-[150px]\">\n                            <img loading=\"lazy\" decoding=\"async\" width=\"300\" height=\"202\" src=\"https:\/\/festival-of-lights.de\/wp-content\/uploads\/2025\/08\/Pandora-1-300x202.png\" class=\"aspect-square relative h-auto w-full object-contain z-0 grayscale-overlay\" alt=\"\" srcset=\"https:\/\/festival-of-lights.de\/wp-content\/uploads\/2025\/08\/Pandora-1-300x202.png 300w, https:\/\/festival-of-lights.de\/wp-content\/uploads\/2025\/08\/Pandora-1.png 410w\" sizes=\"auto, (max-width: 300px) 100vw, 300px\" \/>                        <\/div>\n                                                <div class=\"swiper-slide w-[150px] h-[150px]\">\n                            <img loading=\"lazy\" decoding=\"async\" width=\"300\" height=\"202\" src=\"https:\/\/festival-of-lights.de\/wp-content\/uploads\/2025\/08\/Paramount-Logo-300x202.png\" class=\"aspect-square relative h-auto w-full object-contain z-0 grayscale-overlay\" alt=\"\" srcset=\"https:\/\/festival-of-lights.de\/wp-content\/uploads\/2025\/08\/Paramount-Logo-300x202.png 300w, https:\/\/festival-of-lights.de\/wp-content\/uploads\/2025\/08\/Paramount-Logo.png 410w\" sizes=\"auto, (max-width: 300px) 100vw, 300px\" \/>                        <\/div>\n                                                <div class=\"swiper-slide w-[150px] h-[150px]\">\n                            <img loading=\"lazy\" decoding=\"async\" width=\"300\" height=\"202\" src=\"https:\/\/festival-of-lights.de\/wp-content\/uploads\/2025\/10\/Partner-Logos-7-300x202.png\" class=\"aspect-square relative h-auto w-full object-contain z-0 grayscale-overlay\" alt=\"\" srcset=\"https:\/\/festival-of-lights.de\/wp-content\/uploads\/2025\/10\/Partner-Logos-7-300x202.png 300w, https:\/\/festival-of-lights.de\/wp-content\/uploads\/2025\/10\/Partner-Logos-7.png 410w\" sizes=\"auto, (max-width: 300px) 100vw, 300px\" \/>                        <\/div>\n                                                <div class=\"swiper-slide w-[150px] h-[150px]\">\n                            <img loading=\"lazy\" decoding=\"async\" width=\"300\" height=\"300\" src=\"https:\/\/festival-of-lights.de\/wp-content\/uploads\/2024\/07\/Logo-Loop-1-300x300.png\" class=\"aspect-square relative h-auto w-full object-contain z-0 grayscale-overlay\" alt=\"\" srcset=\"https:\/\/festival-of-lights.de\/wp-content\/uploads\/2024\/07\/Logo-Loop-1-300x300.png 300w, https:\/\/festival-of-lights.de\/wp-content\/uploads\/2024\/07\/Logo-Loop-1-1024x1024.png 1024w, https:\/\/festival-of-lights.de\/wp-content\/uploads\/2024\/07\/Logo-Loop-1-150x150.png 150w, https:\/\/festival-of-lights.de\/wp-content\/uploads\/2024\/07\/Logo-Loop-1-768x768.png 768w, https:\/\/festival-of-lights.de\/wp-content\/uploads\/2024\/07\/Logo-Loop-1.png 1080w\" sizes=\"auto, (max-width: 300px) 100vw, 300px\" \/>                        <\/div>\n                                                <div class=\"swiper-slide w-[150px] h-[150px]\">\n                            <img loading=\"lazy\" decoding=\"async\" width=\"300\" height=\"202\" src=\"https:\/\/festival-of-lights.de\/wp-content\/uploads\/2025\/08\/wbm-2-300x202.png\" class=\"aspect-square relative h-auto w-full object-contain z-0 grayscale-overlay\" alt=\"\" srcset=\"https:\/\/festival-of-lights.de\/wp-content\/uploads\/2025\/08\/wbm-2-300x202.png 300w, https:\/\/festival-of-lights.de\/wp-content\/uploads\/2025\/08\/wbm-2-1024x690.png 1024w, https:\/\/festival-of-lights.de\/wp-content\/uploads\/2025\/08\/wbm-2-768x517.png 768w, https:\/\/festival-of-lights.de\/wp-content\/uploads\/2025\/08\/wbm-2-1240x835.png 1240w, https:\/\/festival-of-lights.de\/wp-content\/uploads\/2025\/08\/wbm-2.png 1281w\" sizes=\"auto, (max-width: 300px) 100vw, 300px\" \/>                        <\/div>\n                                                <div class=\"swiper-slide w-[150px] h-[150px]\">\n                            <img loading=\"lazy\" decoding=\"async\" width=\"300\" height=\"202\" src=\"https:\/\/festival-of-lights.de\/wp-content\/uploads\/2025\/08\/DAB-1-300x202.png\" class=\"aspect-square relative h-auto w-full object-contain z-0 grayscale-overlay\" alt=\"\" srcset=\"https:\/\/festival-of-lights.de\/wp-content\/uploads\/2025\/08\/DAB-1-300x202.png 300w, https:\/\/festival-of-lights.de\/wp-content\/uploads\/2025\/08\/DAB-1.png 410w\" sizes=\"auto, (max-width: 300px) 100vw, 300px\" \/>                        <\/div>\n                                                <div class=\"swiper-slide w-[150px] h-[150px]\">\n                            <img loading=\"lazy\" decoding=\"async\" width=\"300\" height=\"202\" src=\"https:\/\/festival-of-lights.de\/wp-content\/uploads\/2025\/09\/Disney-300x202.png\" class=\"aspect-square relative h-auto w-full object-contain z-0 grayscale-overlay\" alt=\"\" srcset=\"https:\/\/festival-of-lights.de\/wp-content\/uploads\/2025\/09\/Disney-300x202.png 300w, https:\/\/festival-of-lights.de\/wp-content\/uploads\/2025\/09\/Disney.png 410w\" sizes=\"auto, (max-width: 300px) 100vw, 300px\" \/>                        <\/div>\n                                                <div class=\"swiper-slide w-[150px] h-[150px]\">\n                            <img loading=\"lazy\" decoding=\"async\" width=\"300\" height=\"202\" src=\"https:\/\/festival-of-lights.de\/wp-content\/uploads\/2024\/08\/Kachel-Partner-Seite-22-300x202.png\" class=\"aspect-square relative h-auto w-full object-contain z-0 grayscale-overlay\" alt=\"\" srcset=\"https:\/\/festival-of-lights.de\/wp-content\/uploads\/2024\/08\/Kachel-Partner-Seite-22-300x202.png 300w, https:\/\/festival-of-lights.de\/wp-content\/uploads\/2024\/08\/Kachel-Partner-Seite-22.png 410w\" sizes=\"auto, (max-width: 300px) 100vw, 300px\" \/>                        <\/div>\n                                                <div class=\"swiper-slide w-[150px] h-[150px]\">\n                            <img loading=\"lazy\" decoding=\"async\" width=\"300\" height=\"202\" src=\"https:\/\/festival-of-lights.de\/wp-content\/uploads\/2025\/08\/THF-1-300x202.png\" class=\"aspect-square relative h-auto w-full object-contain z-0 grayscale-overlay\" alt=\"\" srcset=\"https:\/\/festival-of-lights.de\/wp-content\/uploads\/2025\/08\/THF-1-300x202.png 300w, https:\/\/festival-of-lights.de\/wp-content\/uploads\/2025\/08\/THF-1.png 410w\" sizes=\"auto, (max-width: 300px) 100vw, 300px\" \/>                        <\/div>\n                                                <div class=\"swiper-slide w-[150px] h-[150px]\">\n                            <img loading=\"lazy\" decoding=\"async\" width=\"300\" height=\"202\" src=\"https:\/\/festival-of-lights.de\/wp-content\/uploads\/2024\/10\/Kachel-Partner-Seite-23-300x202.png\" class=\"aspect-square relative h-auto w-full object-contain z-0 grayscale-overlay\" alt=\"\" srcset=\"https:\/\/festival-of-lights.de\/wp-content\/uploads\/2024\/10\/Kachel-Partner-Seite-23-300x202.png 300w, https:\/\/festival-of-lights.de\/wp-content\/uploads\/2024\/10\/Kachel-Partner-Seite-23.png 410w\" sizes=\"auto, (max-width: 300px) 100vw, 300px\" \/>                        <\/div>\n                                                <div class=\"swiper-slide w-[150px] h-[150px]\">\n                            <img loading=\"lazy\" decoding=\"async\" width=\"300\" height=\"300\" src=\"https:\/\/festival-of-lights.de\/wp-content\/uploads\/2024\/06\/Logo-Loop-5-300x300.png\" class=\"aspect-square relative h-auto w-full object-contain z-0 grayscale-overlay\" alt=\"\" srcset=\"https:\/\/festival-of-lights.de\/wp-content\/uploads\/2024\/06\/Logo-Loop-5-300x300.png 300w, https:\/\/festival-of-lights.de\/wp-content\/uploads\/2024\/06\/Logo-Loop-5-1024x1024.png 1024w, https:\/\/festival-of-lights.de\/wp-content\/uploads\/2024\/06\/Logo-Loop-5-150x150.png 150w, https:\/\/festival-of-lights.de\/wp-content\/uploads\/2024\/06\/Logo-Loop-5-768x768.png 768w, https:\/\/festival-of-lights.de\/wp-content\/uploads\/2024\/06\/Logo-Loop-5.png 1080w\" sizes=\"auto, (max-width: 300px) 100vw, 300px\" \/>                        <\/div>\n                                                <div class=\"swiper-slide w-[150px] h-[150px]\">\n                            <img loading=\"lazy\" decoding=\"async\" width=\"300\" height=\"202\" src=\"https:\/\/festival-of-lights.de\/wp-content\/uploads\/2025\/08\/WHS-300x202.png\" class=\"aspect-square relative h-auto w-full object-contain z-0 grayscale-overlay\" alt=\"\" srcset=\"https:\/\/festival-of-lights.de\/wp-content\/uploads\/2025\/08\/WHS-300x202.png 300w, https:\/\/festival-of-lights.de\/wp-content\/uploads\/2025\/08\/WHS.png 410w\" sizes=\"auto, (max-width: 300px) 100vw, 300px\" \/>                        <\/div>\n                                                <div class=\"swiper-slide w-[150px] h-[150px]\">\n                            <img loading=\"lazy\" decoding=\"async\" width=\"300\" height=\"202\" src=\"https:\/\/festival-of-lights.de\/wp-content\/uploads\/2025\/08\/Rausch-1-300x202.png\" class=\"aspect-square relative h-auto w-full object-contain z-0 grayscale-overlay\" alt=\"\" srcset=\"https:\/\/festival-of-lights.de\/wp-content\/uploads\/2025\/08\/Rausch-1-300x202.png 300w, https:\/\/festival-of-lights.de\/wp-content\/uploads\/2025\/08\/Rausch-1.png 410w\" sizes=\"auto, (max-width: 300px) 100vw, 300px\" \/>                        <\/div>\n                                                <div class=\"swiper-slide w-[150px] h-[150px]\">\n                            <img loading=\"lazy\" decoding=\"async\" width=\"300\" height=\"202\" src=\"https:\/\/festival-of-lights.de\/wp-content\/uploads\/2025\/09\/visit-berlin-300x202.png\" class=\"aspect-square relative h-auto w-full object-contain z-0 grayscale-overlay\" alt=\"\" srcset=\"https:\/\/festival-of-lights.de\/wp-content\/uploads\/2025\/09\/visit-berlin-300x202.png 300w, https:\/\/festival-of-lights.de\/wp-content\/uploads\/2025\/09\/visit-berlin.png 410w\" sizes=\"auto, (max-width: 300px) 100vw, 300px\" \/>                        <\/div>\n                                                <div class=\"swiper-slide w-[150px] h-[150px]\">\n                            <img loading=\"lazy\" decoding=\"async\" width=\"300\" height=\"202\" src=\"https:\/\/festival-of-lights.de\/wp-content\/uploads\/2025\/10\/Partner-Logos-8-300x202.png\" class=\"aspect-square relative h-auto w-full object-contain z-0 grayscale-overlay\" alt=\"\" srcset=\"https:\/\/festival-of-lights.de\/wp-content\/uploads\/2025\/10\/Partner-Logos-8-300x202.png 300w, https:\/\/festival-of-lights.de\/wp-content\/uploads\/2025\/10\/Partner-Logos-8.png 410w\" sizes=\"auto, (max-width: 300px) 100vw, 300px\" \/>                        <\/div>\n                                        <\/div>\n                    <\/div>\n                    <div class=\"relative left-0 right-0 z-10 flex justify-center mx-auto mt-xxs\">\n                        <a target=\"\" href=\"https:\/\/festival-of-lights.de\/de\/festival-of-lights-partner-werden\/\" class=\"flex items-center gap-xs btn-primary\">\n            <svg xmlns=\"http:\/\/www.w3.org\/2000\/svg\" width=\"23\" height=\"16\" viewBox=\"0 0 23 16\" fill=\"none\">\n                <path class=\"transition duration-300 ease-in-out\" d=\"M21.8863 8.70711C22.2769 8.31658 22.2769 7.68342 21.8863 7.29289L15.5224 0.928932C15.1318 0.538408 14.4987 0.538408 14.1082 0.928932C13.7176 1.31946 13.7176 1.95262 14.1082 2.34315L19.765 8L14.1082 13.6569C13.7176 14.0474 13.7176 14.6805 14.1082 15.0711C14.4987 15.4616 15.1318 15.4616 15.5224 15.0711L21.8863 8.70711ZM0 9H21.1792V7H0V9Z\" fill=\"black\"\/>\n            <\/svg>\n            partner werden        <\/a>\n                    <\/div>\n                <\/div>\n<\/section>\n\n<section class=\"module-spacer bg-bg-darkBlue pt-7 md:pt-10 xl:pt-14\">\n<\/section>","protected":false},"excerpt":{"rendered":"","protected":false},"author":1,"featured_media":0,"parent":0,"menu_order":0,"comment_status":"closed","ping_status":"closed","template":"tpl-home.php","meta":{"_acf_changed":false,"footnotes":""},"class_list":["post-33360","page","type-page","status-publish","hentry"],"acf":[],"yoast_head":"<!-- This site is optimized with the Yoast SEO plugin v25.6 - https:\/\/yoast.com\/wordpress\/plugins\/seo\/ -->\n<title>Festival of Lights 2026<\/title>\n<meta name=\"description\" content=\"Das Festival of Lights 2026 findet vom 9. bis 18. Oktober in Berlin statt. Erleben Sie das Lichterfestival hautnah.\" \/>\n<meta name=\"robots\" content=\"index, follow, max-snippet:-1, max-image-preview:large, max-video-preview:-1\" \/>\n<link rel=\"canonical\" href=\"https:\/\/festival-of-lights.de\/de\/\" \/>\n<meta property=\"og:locale\" content=\"de_DE\" \/>\n<meta property=\"og:type\" content=\"article\" \/>\n<meta property=\"og:title\" content=\"Festival of Lights 2026\" \/>\n<meta property=\"og:description\" content=\"Das Festival of Lights 2026 findet vom 9. bis 18. Oktober in Berlin statt. Erleben Sie das Lichterfestival hautnah.\" \/>\n<meta property=\"og:url\" content=\"https:\/\/festival-of-lights.de\/de\/\" \/>\n<meta property=\"og:site_name\" content=\"Festival of Lights\" \/>\n<meta property=\"article:publisher\" content=\"https:\/\/www.facebook.com\/FestivalOfLights\" \/>\n<meta property=\"article:modified_time\" content=\"2026-02-19T11:40:33+00:00\" \/>\n<meta name=\"twitter:card\" content=\"summary_large_image\" \/>\n<script type=\"application\/ld+json\" class=\"yoast-schema-graph\">{\"@context\":\"https:\/\/schema.org\",\"@graph\":[{\"@type\":\"WebPage\",\"@id\":\"https:\/\/festival-of-lights.de\/de\/\",\"url\":\"https:\/\/festival-of-lights.de\/de\/\",\"name\":\"Festival of Lights 2026\",\"isPartOf\":{\"@id\":\"https:\/\/festival-of-lights.de\/de\/#website\"},\"datePublished\":\"2023-07-17T14:41:22+00:00\",\"dateModified\":\"2026-02-19T11:40:33+00:00\",\"description\":\"Das Festival of Lights 2026 findet vom 9. bis 18. Oktober in Berlin statt. Erleben Sie das Lichterfestival hautnah.\",\"breadcrumb\":{\"@id\":\"https:\/\/festival-of-lights.de\/de\/#breadcrumb\"},\"inLanguage\":\"de\",\"potentialAction\":[{\"@type\":\"ReadAction\",\"target\":[\"https:\/\/festival-of-lights.de\/de\/\"]}]},{\"@type\":\"BreadcrumbList\",\"@id\":\"https:\/\/festival-of-lights.de\/de\/#breadcrumb\",\"itemListElement\":[{\"@type\":\"ListItem\",\"position\":1,\"name\":\"Startseite\",\"item\":\"https:\/\/festival-of-lights.de\/de\/\"},{\"@type\":\"ListItem\",\"position\":2,\"name\":\"Home\"}]},{\"@type\":\"WebSite\",\"@id\":\"https:\/\/festival-of-lights.de\/de\/#website\",\"url\":\"https:\/\/festival-of-lights.de\/de\/\",\"name\":\"Festival of Lights Berlin\",\"description\":\"\",\"publisher\":{\"@id\":\"https:\/\/festival-of-lights.de\/de\/#organization\"},\"potentialAction\":[{\"@type\":\"SearchAction\",\"target\":{\"@type\":\"EntryPoint\",\"urlTemplate\":\"https:\/\/festival-of-lights.de\/de\/?s={search_term_string}\"},\"query-input\":{\"@type\":\"PropertyValueSpecification\",\"valueRequired\":true,\"valueName\":\"search_term_string\"}}],\"inLanguage\":\"de\"},{\"@type\":\"Organization\",\"@id\":\"https:\/\/festival-of-lights.de\/de\/#organization\",\"name\":\"Festival of Lights\",\"url\":\"https:\/\/festival-of-lights.de\/de\/\",\"logo\":{\"@type\":\"ImageObject\",\"inLanguage\":\"de\",\"@id\":\"https:\/\/festival-of-lights.de\/de\/#\/schema\/logo\/image\/\",\"url\":\"https:\/\/festival-of-lights.de\/wp-content\/uploads\/2023\/08\/cropped-logo.png\",\"contentUrl\":\"https:\/\/festival-of-lights.de\/wp-content\/uploads\/2023\/08\/cropped-logo.png\",\"width\":230,\"height\":230,\"caption\":\"Festival of Lights\"},\"image\":{\"@id\":\"https:\/\/festival-of-lights.de\/de\/#\/schema\/logo\/image\/\"},\"sameAs\":[\"https:\/\/www.facebook.com\/FestivalOfLights\",\"https:\/\/www.tiktok.com\/@berlinfestivaloflights\",\"https:\/\/www.instagram.com\/berlinfestivaloflights\"]}]}<\/script>\n<!-- \/ Yoast SEO plugin. -->","yoast_head_json":{"title":"Festival of Lights 2026","description":"Das Festival of Lights 2026 findet vom 9. bis 18. Oktober in Berlin statt. Erleben Sie das Lichterfestival hautnah.","robots":{"index":"index","follow":"follow","max-snippet":"max-snippet:-1","max-image-preview":"max-image-preview:large","max-video-preview":"max-video-preview:-1"},"canonical":"https:\/\/festival-of-lights.de\/de\/","og_locale":"de_DE","og_type":"article","og_title":"Festival of Lights 2026","og_description":"Das Festival of Lights 2026 findet vom 9. bis 18. Oktober in Berlin statt. Erleben Sie das Lichterfestival hautnah.","og_url":"https:\/\/festival-of-lights.de\/de\/","og_site_name":"Festival of Lights","article_publisher":"https:\/\/www.facebook.com\/FestivalOfLights","article_modified_time":"2026-02-19T11:40:33+00:00","twitter_card":"summary_large_image","schema":{"@context":"https:\/\/schema.org","@graph":[{"@type":"WebPage","@id":"https:\/\/festival-of-lights.de\/de\/","url":"https:\/\/festival-of-lights.de\/de\/","name":"Festival of Lights 2026","isPartOf":{"@id":"https:\/\/festival-of-lights.de\/de\/#website"},"datePublished":"2023-07-17T14:41:22+00:00","dateModified":"2026-02-19T11:40:33+00:00","description":"Das Festival of Lights 2026 findet vom 9. bis 18. Oktober in Berlin statt. Erleben Sie das Lichterfestival hautnah.","breadcrumb":{"@id":"https:\/\/festival-of-lights.de\/de\/#breadcrumb"},"inLanguage":"de","potentialAction":[{"@type":"ReadAction","target":["https:\/\/festival-of-lights.de\/de\/"]}]},{"@type":"BreadcrumbList","@id":"https:\/\/festival-of-lights.de\/de\/#breadcrumb","itemListElement":[{"@type":"ListItem","position":1,"name":"Startseite","item":"https:\/\/festival-of-lights.de\/de\/"},{"@type":"ListItem","position":2,"name":"Home"}]},{"@type":"WebSite","@id":"https:\/\/festival-of-lights.de\/de\/#website","url":"https:\/\/festival-of-lights.de\/de\/","name":"Festival of Lights Berlin","description":"","publisher":{"@id":"https:\/\/festival-of-lights.de\/de\/#organization"},"potentialAction":[{"@type":"SearchAction","target":{"@type":"EntryPoint","urlTemplate":"https:\/\/festival-of-lights.de\/de\/?s={search_term_string}"},"query-input":{"@type":"PropertyValueSpecification","valueRequired":true,"valueName":"search_term_string"}}],"inLanguage":"de"},{"@type":"Organization","@id":"https:\/\/festival-of-lights.de\/de\/#organization","name":"Festival of Lights","url":"https:\/\/festival-of-lights.de\/de\/","logo":{"@type":"ImageObject","inLanguage":"de","@id":"https:\/\/festival-of-lights.de\/de\/#\/schema\/logo\/image\/","url":"https:\/\/festival-of-lights.de\/wp-content\/uploads\/2023\/08\/cropped-logo.png","contentUrl":"https:\/\/festival-of-lights.de\/wp-content\/uploads\/2023\/08\/cropped-logo.png","width":230,"height":230,"caption":"Festival of Lights"},"image":{"@id":"https:\/\/festival-of-lights.de\/de\/#\/schema\/logo\/image\/"},"sameAs":["https:\/\/www.facebook.com\/FestivalOfLights","https:\/\/www.tiktok.com\/@berlinfestivaloflights","https:\/\/www.instagram.com\/berlinfestivaloflights"]}]}},"_links":{"self":[{"href":"https:\/\/festival-of-lights.de\/de\/wp-json\/wp\/v2\/pages\/33360","targetHints":{"allow":["GET"]}}],"collection":[{"href":"https:\/\/festival-of-lights.de\/de\/wp-json\/wp\/v2\/pages"}],"about":[{"href":"https:\/\/festival-of-lights.de\/de\/wp-json\/wp\/v2\/types\/page"}],"author":[{"embeddable":true,"href":"https:\/\/festival-of-lights.de\/de\/wp-json\/wp\/v2\/users\/1"}],"replies":[{"embeddable":true,"href":"https:\/\/festival-of-lights.de\/de\/wp-json\/wp\/v2\/comments?post=33360"}],"version-history":[{"count":329,"href":"https:\/\/festival-of-lights.de\/de\/wp-json\/wp\/v2\/pages\/33360\/revisions"}],"predecessor-version":[{"id":60354,"href":"https:\/\/festival-of-lights.de\/de\/wp-json\/wp\/v2\/pages\/33360\/revisions\/60354"}],"wp:attachment":[{"href":"https:\/\/festival-of-lights.de\/de\/wp-json\/wp\/v2\/media?parent=33360"}],"curies":[{"name":"wp","href":"https:\/\/api.w.org\/{rel}","templated":true}]}}