{"id":33377,"date":"2023-07-20T10:46:29","date_gmt":"2023-07-20T08:46:29","guid":{"rendered":"http:\/\/festival-of-lights.de\/?page_id=33377"},"modified":"2024-11-20T16:09:37","modified_gmt":"2024-11-20T14:09:37","slug":"ueber-das-festival-of-lights","status":"publish","type":"page","link":"https:\/\/festival-of-lights.de\/de\/ueber-das-festival-of-lights\/","title":{"rendered":"\u00dcber das Festival"},"content":{"rendered":"<section class=\"module-spacer bg-bg-darkBlue pt-10 md:pt-14 xl:pt-20\">\n<\/section>\n\n<section class=\"basic-content-module bg-bg-darkBlue text-text-default\">\n  <div class=\"px-xs py-md lg:py-2xl aniMe text-intro dark:!bg-transparent dark:!text-white text-left\">\n            <div class=\"mx-auto max-w-content basic-content-module__headline\"><h2 class='grayscale-overlay relative headline-element align-left text-h3 font-bold md:text-h1 lg:text-[128px] mb-4 md:mb-4 z-0 basic-content-module__headline-big'>\n    \n    <span class='relative align-left text-h3 font-bold md:text-h1 lg:text-[128px] mb-4 md:mb-4 z-0 basic-content-module__headline-big'>\n    <span class='absolute top-0 left-0 z-0 -translate-x-1\/2 -translate-y-1\/2 light w-[300px] h-[300px]'>\n    <svg class='w-full h-full ' xmlns='http:\/\/www.w3.org\/2000\/svg' width='542' height='542' viewBox='0 0 542 542' fill='none'>\n      <g filter='url(#filter0_f_569_1018)'>\n        <circle cx='271' cy='271' r='121' fill='#9AE8FF' fill-opacity='0.5'\/>\n      <\/g>\n      <defs>\n        <filter id='filter0_f_569_1018' x='0' y='0' width='542' height='542' filterUnits='userSpaceOnUse' color-interpolation-filters='sRGB'>\n          <feFlood flood-opacity='0' result='BackgroundImageFix'\/>\n          <feBlend mode='normal' in='SourceGraphic' in2='BackgroundImageFix' result='shape'\/>\n          <feGaussianBlur stdDeviation='75' result='effect1_foregroundBlur_569_1018'\/>\n        <\/filter>\n      <\/defs>\n    <\/svg>\n  <\/span>\n    \u00dcber das Festival<\/span>\n    <\/h2><\/div>\n                <div class=\"relative z-10 mx-auto max-w-content\">\n            <div class='text-element align- text-copy'><p>FESTIVAL OF LIGHTS\u00ae steht f\u00fcr k\u00fcnstlerisch hochwertige Inszenierungen von Wahrzeichen, Geb\u00e4uden und Pl\u00e4tzen mittels Licht-, Projektions- und Videokunst.<\/p>\n<\/div>        <\/div>\n          <\/div>\n<\/section>\n\n<section class=\"text-image bg-bg-darkBlue text-text-default\">\n    <div class=\"dark:!text-white dark:!bg-transparent\">\n        <div class=\"container mx-auto max-w-screen-xl px-xs py-md text-image\">\n            <div class=\"mx-auto items-center grid text-copy md:grid-cols-2 gap-x-10 align-left\">\n                                    <div class=\"text-image__image aniMe grayscale-mask relative mb-0 order-2 md:order-[unset] mt-4 md:mt-8\"> \n                        <img loading=\"lazy\" decoding=\"async\" width=\"1024\" height=\"683\" src=\"https:\/\/festival-of-lights.de\/wp-content\/uploads\/2018\/06\/2013_BrandenburgerTor_Rosen_005_FH-1-1024x683.jpg\" class=\"z-10 grayscale-overlay\" alt=\"Brandenburger Tor - Rosen - 2013\" srcset=\"https:\/\/festival-of-lights.de\/wp-content\/uploads\/2018\/06\/2013_BrandenburgerTor_Rosen_005_FH-1-1024x683.jpg 1024w, https:\/\/festival-of-lights.de\/wp-content\/uploads\/2018\/06\/2013_BrandenburgerTor_Rosen_005_FH-1-300x200.jpg 300w, https:\/\/festival-of-lights.de\/wp-content\/uploads\/2018\/06\/2013_BrandenburgerTor_Rosen_005_FH-1-768x512.jpg 768w, https:\/\/festival-of-lights.de\/wp-content\/uploads\/2018\/06\/2013_BrandenburgerTor_Rosen_005_FH-1-1536x1024.jpg 1536w, https:\/\/festival-of-lights.de\/wp-content\/uploads\/2018\/06\/2013_BrandenburgerTor_Rosen_005_FH-1-1900x1267.jpg 1900w, https:\/\/festival-of-lights.de\/wp-content\/uploads\/2018\/06\/2013_BrandenburgerTor_Rosen_005_FH-1-1240x827.jpg 1240w, https:\/\/festival-of-lights.de\/wp-content\/uploads\/2018\/06\/2013_BrandenburgerTor_Rosen_005_FH-1.jpg 1920w\" sizes=\"auto, (max-width: 1024px) 100vw, 1024px\" \/>                    <\/div>                 <div class=\"text-image__col1 py-4 lg:py-10 aniMe flex flex-col right\">\n                    <h3 class='grayscale-overlay relative headline-element align-left mb-4 md:mb-8'>\n    \n    <span class='relative align-left mb-4 md:mb-8'>\n    <span class='absolute top-0 left-0 z-0 -translate-x-1\/2 -translate-y-1\/2 light w-[300px] h-[300px]'>\n    <svg class='w-full h-full ' xmlns='http:\/\/www.w3.org\/2000\/svg' width='542' height='542' viewBox='0 0 542 542' fill='none'>\n      <g filter='url(#filter0_f_569_1018)'>\n        <circle cx='271' cy='271' r='121' fill='#9AE8FF' fill-opacity='0.5'\/>\n      <\/g>\n      <defs>\n        <filter id='filter0_f_569_1018' x='0' y='0' width='542' height='542' filterUnits='userSpaceOnUse' color-interpolation-filters='sRGB'>\n          <feFlood flood-opacity='0' result='BackgroundImageFix'\/>\n          <feBlend mode='normal' in='SourceGraphic' in2='BackgroundImageFix' result='shape'\/>\n          <feGaussianBlur stdDeviation='75' result='effect1_foregroundBlur_569_1018'\/>\n        <\/filter>\n      <\/defs>\n    <\/svg>\n  <\/span>\n    Die Inszenierung einer Stadt<\/span>\n    <\/h3><div class='text-element align-left '><p>Mit dem FESTIVAL OF LIGHTS wird die Stadt zur leuchtenden B\u00fchne und die Wahrzeichen, Geb\u00e4ude, Stra\u00dfen und Pl\u00e4tze zu den Stars. Wir erz\u00e4hlen Geschichten in unz\u00e4hligen Lichtbildern, stellen Kulturen und K\u00fcnste vor, transportieren Botschaften und lenken den Fokus auf Besonderes, Einmaliges oder Verborgenes.<\/p>\n<\/div>                <\/div>\n            <\/div>\n        <\/div>\n    <\/div>\n<\/section>\n\n<section class=\"text-image bg-bg-darkBlue text-text-default\">\n    <div class=\"dark:!text-white dark:!bg-transparent\">\n        <div class=\"container mx-auto max-w-screen-xl px-xs py-md text-image\">\n            <div class=\"mx-auto items-center grid text-copy md:grid-cols-2 gap-x-10 align-left\">\n                                    <div class=\"text-image__image aniMe grayscale-mask relative mb-0 order-1 mt-4 md:mt-8\"> \n                        <img loading=\"lazy\" decoding=\"async\" width=\"400\" height=\"300\" src=\"https:\/\/festival-of-lights.de\/wp-content\/uploads\/2018\/04\/2013_PotsdamerPlatz_ModerneKunstNeuEntdecken_079_OB.jpg\" class=\"z-10 grayscale-overlay\" alt=\"Potsdamer Platz - &quot;Moderne Kunst neu entdecken&quot; - 2013\" srcset=\"https:\/\/festival-of-lights.de\/wp-content\/uploads\/2018\/04\/2013_PotsdamerPlatz_ModerneKunstNeuEntdecken_079_OB.jpg 400w, https:\/\/festival-of-lights.de\/wp-content\/uploads\/2018\/04\/2013_PotsdamerPlatz_ModerneKunstNeuEntdecken_079_OB-300x225.jpg 300w\" sizes=\"auto, (max-width: 400px) 100vw, 400px\" \/>                    <\/div>                 <div class=\"text-image__col1 py-4 lg:py-10 aniMe flex flex-col left\">\n                    <h3 class='grayscale-overlay relative headline-element align-left mb-4 md:mb-8'>\n    \n    <span class='relative align-left mb-4 md:mb-8'>\n    <span class='absolute top-0 left-0 z-0 -translate-x-1\/2 -translate-y-1\/2 light w-[300px] h-[300px]'>\n    <svg class='w-full h-full ' xmlns='http:\/\/www.w3.org\/2000\/svg' width='542' height='542' viewBox='0 0 542 542' fill='none'>\n      <g filter='url(#filter0_f_569_1018)'>\n        <circle cx='271' cy='271' r='121' fill='#9AE8FF' fill-opacity='0.5'\/>\n      <\/g>\n      <defs>\n        <filter id='filter0_f_569_1018' x='0' y='0' width='542' height='542' filterUnits='userSpaceOnUse' color-interpolation-filters='sRGB'>\n          <feFlood flood-opacity='0' result='BackgroundImageFix'\/>\n          <feBlend mode='normal' in='SourceGraphic' in2='BackgroundImageFix' result='shape'\/>\n          <feGaussianBlur stdDeviation='75' result='effect1_foregroundBlur_569_1018'\/>\n        <\/filter>\n      <\/defs>\n    <\/svg>\n  <\/span>\n    Eines der bekanntesten Lichtkunstfestivals weltweit<\/span>\n    <\/h3><div class='text-element align-left '><p>Jedes Jahr im Oktober wird Berlin zur Stadt der Lichtkunst. Die Lichtinszenierungen auf den Wahrzeichen, Monumenten, Geb\u00e4uden und Pl\u00e4tzen machen das FESTIVAL OF LIGHTS zu einem der aufw\u00e4ndigsten und popul\u00e4rsten Lichtkunstfestivals der Welt.<\/p>\n<p>Nationale und internationale K\u00fcnstlerinnen und K\u00fcnstler verwandeln gemeinsam mit uns die Hauptstadt in eine gro\u00dfe, leuchtende B\u00fchne. Wir erz\u00e4hlen Geschichten mit unz\u00e4hligen Lichtbildern, lenken den Blick auf Verborgens, stellen Kulturen, K\u00fcnste und K\u00fcnstler*innen vor und transportieren Themen und Botschaften. Wir inszenieren in den Berlin Light Weeks auch Berliner Quartiere und ganze Viertel! Das Festival of Lights steht unter der Schirmherrschaft des regierenden B\u00fcrgermeisters Kai Wegner.<\/p>\n<\/div>                <\/div>\n            <\/div>\n        <\/div>\n    <\/div>\n<\/section>\n\n<section class=\"text-image bg-bg-darkBlue text-text-default\">\n    <div class=\"dark:!text-white dark:!bg-transparent\">\n        <div class=\"container mx-auto max-w-screen-xl px-xs py-md text-image\">\n            <div class=\"mx-auto items-center grid text-copy md:grid-cols-2 gap-x-10 align-left\">\n                                    <div class=\"text-image__image aniMe grayscale-mask relative mb-0 order-2 md:order-[unset] mt-4 md:mt-8\"> \n                        <img loading=\"lazy\" decoding=\"async\" width=\"1024\" height=\"576\" src=\"https:\/\/festival-of-lights.de\/wp-content\/uploads\/2023\/08\/2170_FoL2022_FHHH-1024x576.jpg\" class=\"z-10 grayscale-overlay\" alt=\"\u00dcber Festival of Lights - Lichtshow Bebelplatz\" srcset=\"https:\/\/festival-of-lights.de\/wp-content\/uploads\/2023\/08\/2170_FoL2022_FHHH-1024x576.jpg 1024w, https:\/\/festival-of-lights.de\/wp-content\/uploads\/2023\/08\/2170_FoL2022_FHHH-300x169.jpg 300w, https:\/\/festival-of-lights.de\/wp-content\/uploads\/2023\/08\/2170_FoL2022_FHHH-768x432.jpg 768w, https:\/\/festival-of-lights.de\/wp-content\/uploads\/2023\/08\/2170_FoL2022_FHHH-1536x864.jpg 1536w, https:\/\/festival-of-lights.de\/wp-content\/uploads\/2023\/08\/2170_FoL2022_FHHH-2048x1152.jpg 2048w, https:\/\/festival-of-lights.de\/wp-content\/uploads\/2023\/08\/2170_FoL2022_FHHH-1900x1068.jpg 1900w, https:\/\/festival-of-lights.de\/wp-content\/uploads\/2023\/08\/2170_FoL2022_FHHH-1240x697.jpg 1240w\" sizes=\"auto, (max-width: 1024px) 100vw, 1024px\" \/>                    <\/div>                 <div class=\"text-image__col1 py-4 lg:py-10 aniMe flex flex-col right\">\n                    <h3 class='grayscale-overlay relative headline-element align-left mb-4 md:mb-8'>\n    \n    <span class='relative align-left mb-4 md:mb-8'>\n    <span class='absolute top-0 left-0 z-0 -translate-x-1\/2 -translate-y-1\/2 light w-[300px] h-[300px]'>\n    <svg class='w-full h-full ' xmlns='http:\/\/www.w3.org\/2000\/svg' width='542' height='542' viewBox='0 0 542 542' fill='none'>\n      <g filter='url(#filter0_f_569_1018)'>\n        <circle cx='271' cy='271' r='121' fill='#9AE8FF' fill-opacity='0.5'\/>\n      <\/g>\n      <defs>\n        <filter id='filter0_f_569_1018' x='0' y='0' width='542' height='542' filterUnits='userSpaceOnUse' color-interpolation-filters='sRGB'>\n          <feFlood flood-opacity='0' result='BackgroundImageFix'\/>\n          <feBlend mode='normal' in='SourceGraphic' in2='BackgroundImageFix' result='shape'\/>\n          <feGaussianBlur stdDeviation='75' result='effect1_foregroundBlur_569_1018'\/>\n        <\/filter>\n      <\/defs>\n    <\/svg>\n  <\/span>\n    Ein Festival mit internationaler Strahlkraft<\/span>\n    <\/h3><div class='text-element align-left '><p>Das FESTIVAL OF LIGHTS Berlin hat sich in den vergangenen Jahren zu einem wichtigen Tourismusmagneten, Wirtschaftsfaktor und Medienhype entwickelt. Mit \u00fcber 3,5 Millionen Festivalbesucher*innen, \u00fcber 800.000 zus\u00e4tzlichen \u00dcbernachtungen und \u00fcber 1,4 Milliarden Medienkontakten geh\u00f6rt es heute zu den bekanntesten Lichtkunstfestivals der Welt.<\/p>\n<p>Unter diesem Link finden Sie unsere Key Facts mit den aktuellsten Zahlen des Festival of Lights Berlin.<\/p>\n<\/div>        <a target=\"\" href=\"https:\/\/festival-of-lights.de\/de\/keyfacts\/\" class=\"flex items-center gap-xs btn-primary mt-10 z-[999999]\">\n            <svg xmlns=\"http:\/\/www.w3.org\/2000\/svg\" width=\"23\" height=\"16\" viewBox=\"0 0 23 16\" fill=\"none\">\n                <path class=\"transition duration-300 ease-in-out\" d=\"M21.8863 8.70711C22.2769 8.31658 22.2769 7.68342 21.8863 7.29289L15.5224 0.928932C15.1318 0.538408 14.4987 0.538408 14.1082 0.928932C13.7176 1.31946 13.7176 1.95262 14.1082 2.34315L19.765 8L14.1082 13.6569C13.7176 14.0474 13.7176 14.6805 14.1082 15.0711C14.4987 15.4616 15.1318 15.4616 15.5224 15.0711L21.8863 8.70711ZM0 9H21.1792V7H0V9Z\" fill=\"black\"\/>\n            <\/svg>\n            Keyfacts        <\/a>\n                        <\/div>\n            <\/div>\n        <\/div>\n    <\/div>\n<\/section>\n\n<section class=\"text-image bg-bg-darkBlue text-text-default\">\n    <div class=\"dark:!text-white dark:!bg-transparent\">\n        <div class=\"container mx-auto max-w-screen-xl px-xs py-md text-image\">\n            <div class=\"mx-auto items-center grid text-copy md:grid-cols-2 gap-x-10 align-left\">\n                                    <div class=\"text-image__image aniMe grayscale-mask relative mb-0 order-1 mt-4 md:mt-8\"> \n                        <img loading=\"lazy\" decoding=\"async\" width=\"1024\" height=\"683\" src=\"https:\/\/festival-of-lights.de\/wp-content\/uploads\/2018\/04\/2010_BerlinerDom_Wunderkind_Motiv1_blau-weiss_004_CK-1-1024x683.jpeg\" class=\"z-10 grayscale-overlay\" alt=\"Berliner Dom - Design by Wolfgang Joop\" srcset=\"https:\/\/festival-of-lights.de\/wp-content\/uploads\/2018\/04\/2010_BerlinerDom_Wunderkind_Motiv1_blau-weiss_004_CK-1-1024x683.jpeg 1024w, https:\/\/festival-of-lights.de\/wp-content\/uploads\/2018\/04\/2010_BerlinerDom_Wunderkind_Motiv1_blau-weiss_004_CK-1-300x200.jpeg 300w, https:\/\/festival-of-lights.de\/wp-content\/uploads\/2018\/04\/2010_BerlinerDom_Wunderkind_Motiv1_blau-weiss_004_CK-1-768x512.jpeg 768w, https:\/\/festival-of-lights.de\/wp-content\/uploads\/2018\/04\/2010_BerlinerDom_Wunderkind_Motiv1_blau-weiss_004_CK-1-1536x1024.jpeg 1536w, https:\/\/festival-of-lights.de\/wp-content\/uploads\/2018\/04\/2010_BerlinerDom_Wunderkind_Motiv1_blau-weiss_004_CK-1-1900x1267.jpeg 1900w, https:\/\/festival-of-lights.de\/wp-content\/uploads\/2018\/04\/2010_BerlinerDom_Wunderkind_Motiv1_blau-weiss_004_CK-1-1240x827.jpeg 1240w, https:\/\/festival-of-lights.de\/wp-content\/uploads\/2018\/04\/2010_BerlinerDom_Wunderkind_Motiv1_blau-weiss_004_CK-1.jpeg 1920w\" sizes=\"auto, (max-width: 1024px) 100vw, 1024px\" \/>                    <\/div>                 <div class=\"text-image__col1 py-4 lg:py-10 aniMe flex flex-col left\">\n                    <h3 class='grayscale-overlay relative headline-element align-left mb-4 md:mb-8'>\n    \n    <span class='relative align-left mb-4 md:mb-8'>\n    <span class='absolute top-0 left-0 z-0 -translate-x-1\/2 -translate-y-1\/2 light w-[300px] h-[300px]'>\n    <svg class='w-full h-full ' xmlns='http:\/\/www.w3.org\/2000\/svg' width='542' height='542' viewBox='0 0 542 542' fill='none'>\n      <g filter='url(#filter0_f_569_1018)'>\n        <circle cx='271' cy='271' r='121' fill='#9AE8FF' fill-opacity='0.5'\/>\n      <\/g>\n      <defs>\n        <filter id='filter0_f_569_1018' x='0' y='0' width='542' height='542' filterUnits='userSpaceOnUse' color-interpolation-filters='sRGB'>\n          <feFlood flood-opacity='0' result='BackgroundImageFix'\/>\n          <feBlend mode='normal' in='SourceGraphic' in2='BackgroundImageFix' result='shape'\/>\n          <feGaussianBlur stdDeviation='75' result='effect1_foregroundBlur_569_1018'\/>\n        <\/filter>\n      <\/defs>\n    <\/svg>\n  <\/span>\n    Bilder, die um die Welt gehen<\/span>\n    <\/h3><div class='text-element align-left '><p>Die Inszenierungen des FESTIVAL OF LIGHTS wirken weit \u00fcber die Grenzen Berlins hinaus. Internationale Journalist*innen und G\u00e4ste sowie nat\u00fcrlich die Berliner*innen selbst, senden ihre Bilder und Botschaften in den klassischen und in den Sozialen Medien um die Welt. Die Vernetzung von k\u00fcnstlerischem Live-Erlebnis mit klassischen und sozialen Medien machen das Festival zu einer einzigartigen Kommunikationsplattform. \u00dcber Teilnahmem\u00f6glichkeiten, Partnerschaften und Lizenzen informieren wir Sie jederzeit gerne.<\/p>\n<\/div>        <a target=\"\" href=\"https:\/\/festival-of-lights.de\/de\/galerie\/\" class=\"flex items-center gap-xs btn-primary mt-10 z-[999999]\">\n            <svg xmlns=\"http:\/\/www.w3.org\/2000\/svg\" width=\"23\" height=\"16\" viewBox=\"0 0 23 16\" fill=\"none\">\n                <path class=\"transition duration-300 ease-in-out\" d=\"M21.8863 8.70711C22.2769 8.31658 22.2769 7.68342 21.8863 7.29289L15.5224 0.928932C15.1318 0.538408 14.4987 0.538408 14.1082 0.928932C13.7176 1.31946 13.7176 1.95262 14.1082 2.34315L19.765 8L14.1082 13.6569C13.7176 14.0474 13.7176 14.6805 14.1082 15.0711C14.4987 15.4616 15.1318 15.4616 15.5224 15.0711L21.8863 8.70711ZM0 9H21.1792V7H0V9Z\" fill=\"black\"\/>\n            <\/svg>\n            Zu unseren Bildern        <\/a>\n                        <\/div>\n            <\/div>\n        <\/div>\n    <\/div>\n<\/section>\n\n<section class=\"text-image bg-bg-darkBlue text-text-default\">\n    <div class=\"dark:!text-white dark:!bg-transparent\">\n        <div class=\"container mx-auto max-w-screen-xl px-xs py-md text-image\">\n            <div class=\"mx-auto items-center grid text-copy md:grid-cols-2 gap-x-10 align-left\">\n                                    <div class=\"text-image__image aniMe grayscale-mask relative mb-0 order-2 md:order-[unset] mt-4 md:mt-8\"> \n                        <img loading=\"lazy\" decoding=\"async\" width=\"1024\" height=\"683\" src=\"https:\/\/festival-of-lights.de\/wp-content\/uploads\/2024\/04\/1353_FoL2021_FH-1024x683.jpg\" class=\"z-10 grayscale-overlay\" alt=\"\" srcset=\"https:\/\/festival-of-lights.de\/wp-content\/uploads\/2024\/04\/1353_FoL2021_FH-1024x683.jpg 1024w, https:\/\/festival-of-lights.de\/wp-content\/uploads\/2024\/04\/1353_FoL2021_FH-300x200.jpg 300w, https:\/\/festival-of-lights.de\/wp-content\/uploads\/2024\/04\/1353_FoL2021_FH-768x512.jpg 768w, https:\/\/festival-of-lights.de\/wp-content\/uploads\/2024\/04\/1353_FoL2021_FH-1536x1024.jpg 1536w, https:\/\/festival-of-lights.de\/wp-content\/uploads\/2024\/04\/1353_FoL2021_FH-2048x1365.jpg 2048w, https:\/\/festival-of-lights.de\/wp-content\/uploads\/2024\/04\/1353_FoL2021_FH-1900x1267.jpg 1900w, https:\/\/festival-of-lights.de\/wp-content\/uploads\/2024\/04\/1353_FoL2021_FH-1240x827.jpg 1240w\" sizes=\"auto, (max-width: 1024px) 100vw, 1024px\" \/>                    <\/div>                 <div class=\"text-image__col1 py-4 lg:py-10 aniMe flex flex-col right\">\n                    <h3 class='grayscale-overlay relative headline-element align-left mb-4 md:mb-8'>\n    \n    <span class='relative align-left mb-4 md:mb-8'>\n    <span class='absolute top-0 left-0 z-0 -translate-x-1\/2 -translate-y-1\/2 light w-[300px] h-[300px]'>\n    <svg class='w-full h-full ' xmlns='http:\/\/www.w3.org\/2000\/svg' width='542' height='542' viewBox='0 0 542 542' fill='none'>\n      <g filter='url(#filter0_f_569_1018)'>\n        <circle cx='271' cy='271' r='121' fill='#9AE8FF' fill-opacity='0.5'\/>\n      <\/g>\n      <defs>\n        <filter id='filter0_f_569_1018' x='0' y='0' width='542' height='542' filterUnits='userSpaceOnUse' color-interpolation-filters='sRGB'>\n          <feFlood flood-opacity='0' result='BackgroundImageFix'\/>\n          <feBlend mode='normal' in='SourceGraphic' in2='BackgroundImageFix' result='shape'\/>\n          <feGaussianBlur stdDeviation='75' result='effect1_foregroundBlur_569_1018'\/>\n        <\/filter>\n      <\/defs>\n    <\/svg>\n  <\/span>\n    Corporate Social Responsibility<\/span>\n    <\/h3><div class='text-element align-left '><p>Seit Beginn an basiert das Festival of Lights in Berlin auf sozialem und kulturellem Unternehmertum. Nur durch das Engagement vieler Menschen und Partner*innen ist es m\u00f6glich, die Hauptstadt mit Lichtkunst in Szene zu setzen.<\/p>\n<p>Viele Pers\u00f6nlichkeiten, Unternehmen, Institutionen und K\u00fcnstler zeigen ihr soziales Unternehmertum und Engagement.<\/p>\n<\/div>        <a target=\"\" href=\"https:\/\/festival-of-lights.de\/de\/partnerinnen\/\" class=\"flex items-center gap-xs btn-primary mt-10 z-[999999]\">\n            <svg xmlns=\"http:\/\/www.w3.org\/2000\/svg\" width=\"23\" height=\"16\" viewBox=\"0 0 23 16\" fill=\"none\">\n                <path class=\"transition duration-300 ease-in-out\" d=\"M21.8863 8.70711C22.2769 8.31658 22.2769 7.68342 21.8863 7.29289L15.5224 0.928932C15.1318 0.538408 14.4987 0.538408 14.1082 0.928932C13.7176 1.31946 13.7176 1.95262 14.1082 2.34315L19.765 8L14.1082 13.6569C13.7176 14.0474 13.7176 14.6805 14.1082 15.0711C14.4987 15.4616 15.1318 15.4616 15.5224 15.0711L21.8863 8.70711ZM0 9H21.1792V7H0V9Z\" fill=\"black\"\/>\n            <\/svg>\n            Zu unseren Partnern        <\/a>\n                        <\/div>\n            <\/div>\n        <\/div>\n    <\/div>\n<\/section>\n\n<section class=\"text-image bg-bg-darkBlue text-text-default\">\n    <div class=\"dark:!text-white dark:!bg-transparent\">\n        <div class=\"container mx-auto max-w-screen-xl px-xs py-md text-image\">\n            <div class=\"mx-auto items-center grid text-copy md:grid-cols-2 gap-x-10 align-left\">\n                                    <div class=\"text-image__image aniMe grayscale-mask relative mb-0 order-1 mt-4 md:mt-8\"> \n                        <img loading=\"lazy\" decoding=\"async\" width=\"1024\" height=\"683\" src=\"https:\/\/festival-of-lights.de\/wp-content\/uploads\/2021\/07\/Birgit-Zander_privat-klein-M-.jpg\" class=\"z-10 grayscale-overlay\" alt=\"Birgit Zander\" srcset=\"https:\/\/festival-of-lights.de\/wp-content\/uploads\/2021\/07\/Birgit-Zander_privat-klein-M-.jpg 1024w, https:\/\/festival-of-lights.de\/wp-content\/uploads\/2021\/07\/Birgit-Zander_privat-klein-M--300x200.jpg 300w, https:\/\/festival-of-lights.de\/wp-content\/uploads\/2021\/07\/Birgit-Zander_privat-klein-M--768x512.jpg 768w\" sizes=\"auto, (max-width: 1024px) 100vw, 1024px\" \/>                    <\/div>                 <div class=\"text-image__col1 py-4 lg:py-10 aniMe flex flex-col left\">\n                    <h3 class='grayscale-overlay relative headline-element align-left mb-4 md:mb-8'>\n    \n    <span class='relative align-left mb-4 md:mb-8'>\n    <span class='absolute top-0 left-0 z-0 -translate-x-1\/2 -translate-y-1\/2 light w-[300px] h-[300px]'>\n    <svg class='w-full h-full ' xmlns='http:\/\/www.w3.org\/2000\/svg' width='542' height='542' viewBox='0 0 542 542' fill='none'>\n      <g filter='url(#filter0_f_569_1018)'>\n        <circle cx='271' cy='271' r='121' fill='#9AE8FF' fill-opacity='0.5'\/>\n      <\/g>\n      <defs>\n        <filter id='filter0_f_569_1018' x='0' y='0' width='542' height='542' filterUnits='userSpaceOnUse' color-interpolation-filters='sRGB'>\n          <feFlood flood-opacity='0' result='BackgroundImageFix'\/>\n          <feBlend mode='normal' in='SourceGraphic' in2='BackgroundImageFix' result='shape'\/>\n          <feGaussianBlur stdDeviation='75' result='effect1_foregroundBlur_569_1018'\/>\n        <\/filter>\n      <\/defs>\n    <\/svg>\n  <\/span>\n    Das Team<\/span>\n    <\/h3><div class='text-element align-left '><p>Die urspr\u00fcngliche Idee war es, mit buntem Licht und sch\u00f6nen Geb\u00e4ude-Illuminationen die tristen Herbsttage zu versch\u00f6nern und einen zus\u00e4tzlichen Anreiz f\u00fcr Berlinbesucher*innen zu schaffen. Festival-Initiatorin Birgit Zander kann sich noch gut an die ersten Gespr\u00e4che mit dem ehemaligen Regierenden B\u00fcrgermeister von Berlin, Klaus Wowereit, erinnern. Er prophezeite damals schon: \u201eFestival of Lights, das wird ein ganz gro\u00dfer Renner.\u201c Und er hat recht behalten. Denn mittlerweile ist das Festival nicht nur ein echter Besuchermagnet in der deutschen Hauptstadt. Die Idee der k\u00fcnstlerischen Symbiose von Licht und Kunst geht seitdem um die Welt und ist geradezu eine Bewegung geworden. Sofia, Zagreb, Augsburg, New York, Amsterdam\u2026 allj\u00e4hrlich zaubern die Events Millionen Menschen ein L\u00e4cheln in die Herzen. Denn sie sind immer etwas Einzigartiges und schauen stets mit Zuversicht nach vorn.<\/p>\n<p>\u201eLicht ist Leben, Licht ist Energie, Licht spricht alle Sprachen und es verbindet\u201c, so die Berlinerin Birgit Zander. Seit 2005 verantwortet sie mit ihrer Agentur Zander &amp; Partner die Ausrichtung des FESTIVAL OF LIGHTS.<\/p>\n<p>Das gesamte Team arbeitet stetig an neuen Ideen f\u00fcr hochwertige k\u00fcnstlerische Inszenierungen und an kreativen Konzepten und pr\u00e4sentiert regelm\u00e4\u00dfig Innovationen und neueste Technologien. Die Expertise von Zander &amp; Partner ist mittlerweile weltweit gefragt.<\/p>\n<\/div>                <\/div>\n            <\/div>\n        <\/div>\n    <\/div>\n<\/section>\n\n<section class=\"text-image bg-bg-darkBlue text-text-default\">\n    <div class=\"dark:!text-white dark:!bg-transparent\">\n        <div class=\"container mx-auto max-w-screen-xl px-xs py-md text-image\">\n            <div class=\"mx-auto items-center grid text-copy md:grid-cols-2 gap-x-10 align-left\">\n                                    <div class=\"text-image__image aniMe grayscale-mask relative mb-0 order-2 md:order-[unset] mt-4 md:mt-8\"> \n                        <img loading=\"lazy\" decoding=\"async\" width=\"1024\" height=\"732\" src=\"https:\/\/festival-of-lights.de\/wp-content\/uploads\/2018\/04\/2.-Platz-Festival_of_Lights-DE-585-komprimiert.jpeg\" class=\"z-10 grayscale-overlay\" alt=\"Festival_of_Lights - Fotowettbewerb festival of lights\" srcset=\"https:\/\/festival-of-lights.de\/wp-content\/uploads\/2018\/04\/2.-Platz-Festival_of_Lights-DE-585-komprimiert.jpeg 1024w, https:\/\/festival-of-lights.de\/wp-content\/uploads\/2018\/04\/2.-Platz-Festival_of_Lights-DE-585-komprimiert-300x214.jpeg 300w, https:\/\/festival-of-lights.de\/wp-content\/uploads\/2018\/04\/2.-Platz-Festival_of_Lights-DE-585-komprimiert-768x549.jpeg 768w\" sizes=\"auto, (max-width: 1024px) 100vw, 1024px\" \/>                    <\/div>                 <div class=\"text-image__col1 py-4 lg:py-10 aniMe flex flex-col right\">\n                    <h3 class='grayscale-overlay relative headline-element align-left mb-4 md:mb-8'>\n    \n    <span class='relative align-left mb-4 md:mb-8'>\n    <span class='absolute top-0 left-0 z-0 -translate-x-1\/2 -translate-y-1\/2 light w-[300px] h-[300px]'>\n    <svg class='w-full h-full ' xmlns='http:\/\/www.w3.org\/2000\/svg' width='542' height='542' viewBox='0 0 542 542' fill='none'>\n      <g filter='url(#filter0_f_569_1018)'>\n        <circle cx='271' cy='271' r='121' fill='#9AE8FF' fill-opacity='0.5'\/>\n      <\/g>\n      <defs>\n        <filter id='filter0_f_569_1018' x='0' y='0' width='542' height='542' filterUnits='userSpaceOnUse' color-interpolation-filters='sRGB'>\n          <feFlood flood-opacity='0' result='BackgroundImageFix'\/>\n          <feBlend mode='normal' in='SourceGraphic' in2='BackgroundImageFix' result='shape'\/>\n          <feGaussianBlur stdDeviation='75' result='effect1_foregroundBlur_569_1018'\/>\n        <\/filter>\n      <\/defs>\n    <\/svg>\n  <\/span>\n    Ein herzliches Dankesch\u00f6n<\/span>\n    <\/h3><div class='text-element align-left '><p>An dieser Stelle m\u00f6chten wir uns sehr herzlich bei den Menschen bedanken, die ma\u00dfgeblich am Entstehen und der Entwicklung des FESTIVAL OF LIGHTS beteiligt waren und ohne die das Festival in seiner heutigen Form nicht denkbar w\u00e4re.<\/p>\n<p>Gemeinsam haben wir Gro\u00dfes geschaffen und inszenieren Berlin Jahr f\u00fcr Jahr zu einem leuchtenden Gesamtkunstwerk!<\/p>\n<p>Unser besonderer Dank gilt allen Unterst\u00fctzern, F\u00f6rderern, Partnern, Teilnehmern, K\u00fcnstlern, Technikern und Organisatoren!<\/p>\n<\/div>                <\/div>\n            <\/div>\n        <\/div>\n    <\/div>\n<\/section>\n\n<section class=\"bg-bg-darkBlue text-text-default\">\n  <div class=\"px-xs wrap py-3xl text-quotation dark:!bg-transparent dark:!text-white\">\n    <div class=\"mx-auto text-left max-w-content aniMe\">\n      <blockquote class=\"sm:px-xs md:px-10 lg:px-0 \" lang=\"de\" class=\"relative\">\n          <p class='grayscale-overlay relative headline-element align-left block leading-[1.45rem] text-[18px] md:text-28px text-left font-normal'>\n    \n    <span class='relative align-left block leading-[1.45rem] text-[18px] md:text-28px text-left font-normal'>\n    <span class='absolute top-0 left-0 z-0 -translate-x-1\/2 -translate-y-1\/2 light w-[300px] h-[300px]'>\n    <svg class='w-full h-full ' xmlns='http:\/\/www.w3.org\/2000\/svg' width='542' height='542' viewBox='0 0 542 542' fill='none'>\n      <g filter='url(#filter0_f_569_1018)'>\n        <circle cx='271' cy='271' r='121' fill='#9AE8FF' fill-opacity='0.5'\/>\n      <\/g>\n      <defs>\n        <filter id='filter0_f_569_1018' x='0' y='0' width='542' height='542' filterUnits='userSpaceOnUse' color-interpolation-filters='sRGB'>\n          <feFlood flood-opacity='0' result='BackgroundImageFix'\/>\n          <feBlend mode='normal' in='SourceGraphic' in2='BackgroundImageFix' result='shape'\/>\n          <feGaussianBlur stdDeviation='75' result='effect1_foregroundBlur_569_1018'\/>\n        <\/filter>\n      <\/defs>\n    <\/svg>\n  <\/span>\n    Licht verbindet Menschen und Orte.\r\n\r\nLicht weckt Emotionen und hebt unsere Stimmung.\r\n\r\nLicht \u00fcberwindet Br\u00fccken. \u00dcber Grenzen und Kontinente.\r\n\r\nLicht spricht alle Sprachen.<\/span>\n    <\/p><div class='text-element align-p text-[22px]  md:text-4-1\/2r text-left pt-6 font-normal'><\/div><div class='text-element align-p mt-6 text-h6 md:text-h5 dark:!text-white md:text-right font-normal'><\/div>      <\/blockquote>\n          <\/div>\n  <\/div>\n<\/section>","protected":false},"excerpt":{"rendered":"","protected":false},"author":1,"featured_media":0,"parent":0,"menu_order":0,"comment_status":"closed","ping_status":"closed","template":"","meta":{"_acf_changed":false,"footnotes":""},"class_list":["post-33377","page","type-page","status-publish","hentry"],"acf":[],"yoast_head":"<!-- This site is optimized with the Yoast SEO plugin v25.6 - https:\/\/yoast.com\/wordpress\/plugins\/seo\/ -->\n<title>\u00dcber das Festival of Lights<\/title>\n<meta name=\"description\" content=\"Alles \u00fcber das Festival of Lights: Unsere Geschichte, Mission und das Team hinter der Lichtshow. Entdecke, wie wir weltweit St\u00e4dte erleuchten\" \/>\n<meta name=\"robots\" content=\"index, follow, max-snippet:-1, max-image-preview:large, max-video-preview:-1\" \/>\n<link rel=\"canonical\" href=\"https:\/\/festival-of-lights.de\/de\/ueber-das-festival-of-lights\/\" \/>\n<meta property=\"og:locale\" content=\"de_DE\" \/>\n<meta property=\"og:type\" content=\"article\" \/>\n<meta property=\"og:title\" content=\"\u00dcber das Festival of Lights\" \/>\n<meta property=\"og:description\" content=\"Alles \u00fcber das Festival of Lights: Unsere Geschichte, Mission und das Team hinter der Lichtshow. Entdecke, wie wir weltweit St\u00e4dte erleuchten\" \/>\n<meta property=\"og:url\" content=\"https:\/\/festival-of-lights.de\/de\/ueber-das-festival-of-lights\/\" \/>\n<meta property=\"og:site_name\" content=\"Festival of Lights\" \/>\n<meta property=\"article:publisher\" content=\"https:\/\/www.facebook.com\/FestivalOfLights\" \/>\n<meta property=\"article:modified_time\" content=\"2024-11-20T14:09:37+00:00\" \/>\n<meta name=\"twitter:card\" content=\"summary_large_image\" \/>\n<script type=\"application\/ld+json\" class=\"yoast-schema-graph\">{\"@context\":\"https:\/\/schema.org\",\"@graph\":[{\"@type\":\"WebPage\",\"@id\":\"https:\/\/festival-of-lights.de\/de\/ueber-das-festival-of-lights\/\",\"url\":\"https:\/\/festival-of-lights.de\/de\/ueber-das-festival-of-lights\/\",\"name\":\"\u00dcber das Festival of Lights\",\"isPartOf\":{\"@id\":\"https:\/\/festival-of-lights.de\/de\/#website\"},\"datePublished\":\"2023-07-20T08:46:29+00:00\",\"dateModified\":\"2024-11-20T14:09:37+00:00\",\"description\":\"Alles \u00fcber das Festival of Lights: Unsere Geschichte, Mission und das Team hinter der Lichtshow. Entdecke, wie wir weltweit St\u00e4dte erleuchten\",\"breadcrumb\":{\"@id\":\"https:\/\/festival-of-lights.de\/de\/ueber-das-festival-of-lights\/#breadcrumb\"},\"inLanguage\":\"de\",\"potentialAction\":[{\"@type\":\"ReadAction\",\"target\":[\"https:\/\/festival-of-lights.de\/de\/ueber-das-festival-of-lights\/\"]}]},{\"@type\":\"BreadcrumbList\",\"@id\":\"https:\/\/festival-of-lights.de\/de\/ueber-das-festival-of-lights\/#breadcrumb\",\"itemListElement\":[{\"@type\":\"ListItem\",\"position\":1,\"name\":\"Startseite\",\"item\":\"https:\/\/festival-of-lights.de\/de\/\"},{\"@type\":\"ListItem\",\"position\":2,\"name\":\"\u00dcber das Festival\"}]},{\"@type\":\"WebSite\",\"@id\":\"https:\/\/festival-of-lights.de\/de\/#website\",\"url\":\"https:\/\/festival-of-lights.de\/de\/\",\"name\":\"Festival of Lights Berlin\",\"description\":\"\",\"publisher\":{\"@id\":\"https:\/\/festival-of-lights.de\/de\/#organization\"},\"potentialAction\":[{\"@type\":\"SearchAction\",\"target\":{\"@type\":\"EntryPoint\",\"urlTemplate\":\"https:\/\/festival-of-lights.de\/de\/?s={search_term_string}\"},\"query-input\":{\"@type\":\"PropertyValueSpecification\",\"valueRequired\":true,\"valueName\":\"search_term_string\"}}],\"inLanguage\":\"de\"},{\"@type\":\"Organization\",\"@id\":\"https:\/\/festival-of-lights.de\/de\/#organization\",\"name\":\"Festival of Lights\",\"url\":\"https:\/\/festival-of-lights.de\/de\/\",\"logo\":{\"@type\":\"ImageObject\",\"inLanguage\":\"de\",\"@id\":\"https:\/\/festival-of-lights.de\/de\/#\/schema\/logo\/image\/\",\"url\":\"https:\/\/festival-of-lights.de\/wp-content\/uploads\/2023\/08\/cropped-logo.png\",\"contentUrl\":\"https:\/\/festival-of-lights.de\/wp-content\/uploads\/2023\/08\/cropped-logo.png\",\"width\":230,\"height\":230,\"caption\":\"Festival of Lights\"},\"image\":{\"@id\":\"https:\/\/festival-of-lights.de\/de\/#\/schema\/logo\/image\/\"},\"sameAs\":[\"https:\/\/www.facebook.com\/FestivalOfLights\",\"https:\/\/www.tiktok.com\/@berlinfestivaloflights\",\"https:\/\/www.instagram.com\/berlinfestivaloflights\"]}]}<\/script>\n<!-- \/ Yoast SEO plugin. -->","yoast_head_json":{"title":"\u00dcber das Festival of Lights","description":"Alles \u00fcber das Festival of Lights: Unsere Geschichte, Mission und das Team hinter der Lichtshow. Entdecke, wie wir weltweit St\u00e4dte erleuchten","robots":{"index":"index","follow":"follow","max-snippet":"max-snippet:-1","max-image-preview":"max-image-preview:large","max-video-preview":"max-video-preview:-1"},"canonical":"https:\/\/festival-of-lights.de\/de\/ueber-das-festival-of-lights\/","og_locale":"de_DE","og_type":"article","og_title":"\u00dcber das Festival of Lights","og_description":"Alles \u00fcber das Festival of Lights: Unsere Geschichte, Mission und das Team hinter der Lichtshow. Entdecke, wie wir weltweit St\u00e4dte erleuchten","og_url":"https:\/\/festival-of-lights.de\/de\/ueber-das-festival-of-lights\/","og_site_name":"Festival of Lights","article_publisher":"https:\/\/www.facebook.com\/FestivalOfLights","article_modified_time":"2024-11-20T14:09:37+00:00","twitter_card":"summary_large_image","schema":{"@context":"https:\/\/schema.org","@graph":[{"@type":"WebPage","@id":"https:\/\/festival-of-lights.de\/de\/ueber-das-festival-of-lights\/","url":"https:\/\/festival-of-lights.de\/de\/ueber-das-festival-of-lights\/","name":"\u00dcber das Festival of Lights","isPartOf":{"@id":"https:\/\/festival-of-lights.de\/de\/#website"},"datePublished":"2023-07-20T08:46:29+00:00","dateModified":"2024-11-20T14:09:37+00:00","description":"Alles \u00fcber das Festival of Lights: Unsere Geschichte, Mission und das Team hinter der Lichtshow. Entdecke, wie wir weltweit St\u00e4dte erleuchten","breadcrumb":{"@id":"https:\/\/festival-of-lights.de\/de\/ueber-das-festival-of-lights\/#breadcrumb"},"inLanguage":"de","potentialAction":[{"@type":"ReadAction","target":["https:\/\/festival-of-lights.de\/de\/ueber-das-festival-of-lights\/"]}]},{"@type":"BreadcrumbList","@id":"https:\/\/festival-of-lights.de\/de\/ueber-das-festival-of-lights\/#breadcrumb","itemListElement":[{"@type":"ListItem","position":1,"name":"Startseite","item":"https:\/\/festival-of-lights.de\/de\/"},{"@type":"ListItem","position":2,"name":"\u00dcber das Festival"}]},{"@type":"WebSite","@id":"https:\/\/festival-of-lights.de\/de\/#website","url":"https:\/\/festival-of-lights.de\/de\/","name":"Festival of Lights Berlin","description":"","publisher":{"@id":"https:\/\/festival-of-lights.de\/de\/#organization"},"potentialAction":[{"@type":"SearchAction","target":{"@type":"EntryPoint","urlTemplate":"https:\/\/festival-of-lights.de\/de\/?s={search_term_string}"},"query-input":{"@type":"PropertyValueSpecification","valueRequired":true,"valueName":"search_term_string"}}],"inLanguage":"de"},{"@type":"Organization","@id":"https:\/\/festival-of-lights.de\/de\/#organization","name":"Festival of Lights","url":"https:\/\/festival-of-lights.de\/de\/","logo":{"@type":"ImageObject","inLanguage":"de","@id":"https:\/\/festival-of-lights.de\/de\/#\/schema\/logo\/image\/","url":"https:\/\/festival-of-lights.de\/wp-content\/uploads\/2023\/08\/cropped-logo.png","contentUrl":"https:\/\/festival-of-lights.de\/wp-content\/uploads\/2023\/08\/cropped-logo.png","width":230,"height":230,"caption":"Festival of Lights"},"image":{"@id":"https:\/\/festival-of-lights.de\/de\/#\/schema\/logo\/image\/"},"sameAs":["https:\/\/www.facebook.com\/FestivalOfLights","https:\/\/www.tiktok.com\/@berlinfestivaloflights","https:\/\/www.instagram.com\/berlinfestivaloflights"]}]}},"_links":{"self":[{"href":"https:\/\/festival-of-lights.de\/de\/wp-json\/wp\/v2\/pages\/33377","targetHints":{"allow":["GET"]}}],"collection":[{"href":"https:\/\/festival-of-lights.de\/de\/wp-json\/wp\/v2\/pages"}],"about":[{"href":"https:\/\/festival-of-lights.de\/de\/wp-json\/wp\/v2\/types\/page"}],"author":[{"embeddable":true,"href":"https:\/\/festival-of-lights.de\/de\/wp-json\/wp\/v2\/users\/1"}],"replies":[{"embeddable":true,"href":"https:\/\/festival-of-lights.de\/de\/wp-json\/wp\/v2\/comments?post=33377"}],"version-history":[{"count":80,"href":"https:\/\/festival-of-lights.de\/de\/wp-json\/wp\/v2\/pages\/33377\/revisions"}],"predecessor-version":[{"id":60299,"href":"https:\/\/festival-of-lights.de\/de\/wp-json\/wp\/v2\/pages\/33377\/revisions\/60299"}],"wp:attachment":[{"href":"https:\/\/festival-of-lights.de\/de\/wp-json\/wp\/v2\/media?parent=33377"}],"curies":[{"name":"wp","href":"https:\/\/api.w.org\/{rel}","templated":true}]}}