{"id":33535,"date":"2023-07-25T17:57:06","date_gmt":"2023-07-25T15:57:06","guid":{"rendered":"http:\/\/festival-of-lights.de\/?page_id=33535"},"modified":"2025-10-10T12:59:21","modified_gmt":"2025-10-10T10:59:21","slug":"faq","status":"publish","type":"page","link":"https:\/\/festival-of-lights.de\/de\/faq\/","title":{"rendered":"FAQ"},"content":{"rendered":"<section class=\"module-spacer bg-bg-darkBlue pt-10 md:pt-14 xl:pt-20\">\n<\/section>\n\n<section class=\"basic-content-module bg-bg-darkBlue text-text-default\">\n  <div class=\"px-xs py-md lg:py-2xl aniMe text-intro dark:!bg-transparent dark:!text-white text-left\">\n            <div class=\"mx-auto max-w-content basic-content-module__headline\"><h2 class='grayscale-overlay relative headline-element align-left text-h3 font-bold md:text-h1 lg:text-[128px] mb-4 md:mb-4 z-0 basic-content-module__headline-big'>\n    \n    <span class='relative align-left text-h3 font-bold md:text-h1 lg:text-[128px] mb-4 md:mb-4 z-0 basic-content-module__headline-big'>\n    <span class='absolute top-0 left-0 z-0 -translate-x-1\/2 -translate-y-1\/2 light w-[300px] h-[300px]'>\n    <svg class='w-full h-full ' xmlns='http:\/\/www.w3.org\/2000\/svg' width='542' height='542' viewBox='0 0 542 542' fill='none'>\n      <g filter='url(#filter0_f_569_1018)'>\n        <circle cx='271' cy='271' r='121' fill='#9AE8FF' fill-opacity='0.5'\/>\n      <\/g>\n      <defs>\n        <filter id='filter0_f_569_1018' x='0' y='0' width='542' height='542' filterUnits='userSpaceOnUse' color-interpolation-filters='sRGB'>\n          <feFlood flood-opacity='0' result='BackgroundImageFix'\/>\n          <feBlend mode='normal' in='SourceGraphic' in2='BackgroundImageFix' result='shape'\/>\n          <feGaussianBlur stdDeviation='75' result='effect1_foregroundBlur_569_1018'\/>\n        <\/filter>\n      <\/defs>\n    <\/svg>\n  <\/span>\n    FAQ<\/span>\n    <\/h2><\/div>\n          <\/div>\n<\/section>\n\n<section class=\"bg-bg-darkBlue text-text-default relative z-10\">\n  <div class=\"px-xs py-md accordion dark:!bg-transparent dark:!text-white\">\n    <div class=\"max-w-screen-xl mx-auto align-left \">\n              <div class=\"max-w-screen-md mx-auto accordion__text md:pl-5 aniMe\">\n          <h3 class='grayscale-overlay relative headline-element align-left !mb-0'>\n    \n    <span class='relative align-left !mb-0'>\n    <span class='absolute top-0 left-0 z-0 -translate-x-1\/2 -translate-y-1\/2 light w-[300px] h-[300px]'>\n    <svg class='w-full h-full ' xmlns='http:\/\/www.w3.org\/2000\/svg' width='542' height='542' viewBox='0 0 542 542' fill='none'>\n      <g filter='url(#filter0_f_569_1018)'>\n        <circle cx='271' cy='271' r='121' fill='#9AE8FF' fill-opacity='0.5'\/>\n      <\/g>\n      <defs>\n        <filter id='filter0_f_569_1018' x='0' y='0' width='542' height='542' filterUnits='userSpaceOnUse' color-interpolation-filters='sRGB'>\n          <feFlood flood-opacity='0' result='BackgroundImageFix'\/>\n          <feBlend mode='normal' in='SourceGraphic' in2='BackgroundImageFix' result='shape'\/>\n          <feGaussianBlur stdDeviation='75' result='effect1_foregroundBlur_569_1018'\/>\n        <\/filter>\n      <\/defs>\n    <\/svg>\n  <\/span>\n    \u00dcber das Festival<\/span>\n    <\/h3><div class='text-element align-left text-copy mt-4 md:mt-8'><\/div>        <\/div>\n              <div class=\"accordion_container pt-10\">\n                  <div class=\"w-full overflow-hidden aniMe tab \" aria-hidden=\"false\">\n            <button class=\"block w-full max-w-screen-md py-5 pr-8 mx-auto font-bold text-left transition duration-300 ease-in-out cursor-pointer tab_title md:pr-14 md:pl-5 text-copy focus:outline-none\" id=\"tab-1\">\n              Wann und wo findet das Festival of Lights 2025 statt?              <svg  width=\"19\" height=\"12\" viewBox=\"0 0 19 12\" fill=\"none\" xmlns=\"http:\/\/www.w3.org\/2000\/svg\">\n                <path class=\"stroke-text-default\" d=\"M17.1875 1.59375L9.59375 9.1875L2 1.59375\" stroke=\"black\" stroke-width=\"3\"\/>\n              <\/svg>\n            <\/button>\n            <div class=\"overflow-hidden tab-content  max-w-screen-md mx-auto md:px-14\">\n              <div class=\"wrap \">\n\n                <div class='text-element align-left text-copy mt-4 mb-6 md:mt-8 md:mb-8'><p>Das 21. FESTIVAL OF LIGHTS findet vom 08. bis zum 15. Oktober 2025 statt. Die genauen Standorte finden Sie auf unserer <a href=\"https:\/\/festival-of-lights.de\/de\/programm-2025\/\">Programm-Website<\/a>.<\/p>\n<\/div>              <\/div>\n            <\/div>\n          <\/div>\n                  <div class=\"w-full overflow-hidden aniMe tab \" aria-hidden=\"false\">\n            <button class=\"block w-full max-w-screen-md py-5 pr-8 mx-auto font-bold text-left transition duration-300 ease-in-out cursor-pointer tab_title md:pr-14 md:pl-5 text-copy focus:outline-none\" id=\"tab-2\">\n              Was ist das Festival of Lights?              <svg  width=\"19\" height=\"12\" viewBox=\"0 0 19 12\" fill=\"none\" xmlns=\"http:\/\/www.w3.org\/2000\/svg\">\n                <path class=\"stroke-text-default\" d=\"M17.1875 1.59375L9.59375 9.1875L2 1.59375\" stroke=\"black\" stroke-width=\"3\"\/>\n              <\/svg>\n            <\/button>\n            <div class=\"overflow-hidden tab-content  max-w-screen-md mx-auto md:px-14\">\n              <div class=\"wrap \">\n\n                <div class='text-element align-left text-copy mt-4 mb-6 md:mt-8 md:mb-8'><p>Das FESTIVAL OF LIGHTS ist ein Format im Bereich Lichtkunst zur Inszenierung von St\u00e4dten, Stadtquartieren und Pl\u00e4tzen.<br \/>\nWir machen die Stadt zur B\u00fchne und die Monumente, Geb\u00e4ude, Pl\u00e4tze und Immobilien zu den Stars. Das beliebte Lichtkunstfestival findet jedes Jahr im Herbst in Berlin statt und ist eintrittsfrei. Es generiert rund 3 Millionen Besucher in 10 N\u00e4chten.<\/p>\n<p>Das FESTIVAL OF LIGHTS versteht sich als eine Open Air Lichtkunstgalerie, die zum Flanieren einl\u00e4dt. Verbunden mit dem Festival ist eine Kommunikationsplattform f\u00fcr alle Partner*innen f\u00fcr deren Storytelling.<br \/>\nDas Berlin FESTIVAL OF LIGHTS ist eine rein private Initiative, finanziert von Kooperationpartner*innen und Sponsoren.<\/p>\n<\/div>              <\/div>\n            <\/div>\n          <\/div>\n                  <div class=\"w-full overflow-hidden aniMe tab \" aria-hidden=\"false\">\n            <button class=\"block w-full max-w-screen-md py-5 pr-8 mx-auto font-bold text-left transition duration-300 ease-in-out cursor-pointer tab_title md:pr-14 md:pl-5 text-copy focus:outline-none\" id=\"tab-3\">\n              Wann sind die Beleuchtungen zu sehen?              <svg  width=\"19\" height=\"12\" viewBox=\"0 0 19 12\" fill=\"none\" xmlns=\"http:\/\/www.w3.org\/2000\/svg\">\n                <path class=\"stroke-text-default\" d=\"M17.1875 1.59375L9.59375 9.1875L2 1.59375\" stroke=\"black\" stroke-width=\"3\"\/>\n              <\/svg>\n            <\/button>\n            <div class=\"overflow-hidden tab-content  max-w-screen-md mx-auto md:px-14\">\n              <div class=\"wrap \">\n\n                <div class='text-element align-left text-copy mt-4 mb-6 md:mt-8 md:mb-8'><p>Die Veranstaltungsorte werden im Festivalzeitraum t\u00e4glich von 19 Uhr bis 23 Uhr beleuchtet. Die Zeiten k\u00f6nnen bei einzelnen Illuminationen variieren, darauf weisen wir auf unserer Website.<\/p>\n<p>Eine \u00dcbersichtskarte finden Sie kurz vor Festivalbeginn auf unserer <a href=\"https:\/\/festival-of-lights.de\/de\/programm-2025\/\">Programmseite<\/a>.<\/p>\n<\/div>              <\/div>\n            <\/div>\n          <\/div>\n                  <div class=\"w-full overflow-hidden aniMe tab \" aria-hidden=\"false\">\n            <button class=\"block w-full max-w-screen-md py-5 pr-8 mx-auto font-bold text-left transition duration-300 ease-in-out cursor-pointer tab_title md:pr-14 md:pl-5 text-copy focus:outline-none\" id=\"tab-4\">\n              Wer steckt hinter dem Festival of Lights?              <svg  width=\"19\" height=\"12\" viewBox=\"0 0 19 12\" fill=\"none\" xmlns=\"http:\/\/www.w3.org\/2000\/svg\">\n                <path class=\"stroke-text-default\" d=\"M17.1875 1.59375L9.59375 9.1875L2 1.59375\" stroke=\"black\" stroke-width=\"3\"\/>\n              <\/svg>\n            <\/button>\n            <div class=\"overflow-hidden tab-content  max-w-screen-md mx-auto md:px-14\">\n              <div class=\"wrap \">\n\n                <div class='text-element align-left text-copy mt-4 mb-6 md:mt-8 md:mb-8'><p>Birgit Zander ist Initiatorin, Produzentin und zugleich k\u00fcnstlerische Leiterin des FESTIVAL OF LIGHTS. Die geb\u00fcrtige Berlinerin l\u00e4sst mit ihrem Team seit 2005 ihre Heimatstadt in kunstvollen Lichtinszenierungen erstrahlen. Das Festival of Lights ist keine Veranstaltung des Landes Berlin. Es handelt sich um eine Kultur-Initiative auf der Basis von sozialem Unternehmertum, die finanziert und erm\u00f6glicht wird durch viele Unterst\u00fctzer*innen, Partner*innen und Sponsor*innen. Eine der Hauptsponsoren und zugleich Produzentin ist seit 2005 die Agentur Zander &amp; Partner GmbH. Veranstaltet wird das FESTIVAL OF LIGHTS in Berlin und auch in anderen St\u00e4dten durch die FOL Festival of Lights International Productions GmbH. Unterst\u00fctzt wird das FESTIVAL OF LIGHTS in Berlin zudem durch den Verein Friends of Berlin International eV.<\/p>\n<\/div>              <\/div>\n            <\/div>\n          <\/div>\n                  <div class=\"w-full overflow-hidden aniMe tab \" aria-hidden=\"false\">\n            <button class=\"block w-full max-w-screen-md py-5 pr-8 mx-auto font-bold text-left transition duration-300 ease-in-out cursor-pointer tab_title md:pr-14 md:pl-5 text-copy focus:outline-none\" id=\"tab-5\">\n              Wer ist Schirmherr*in des Festival of Lights?              <svg  width=\"19\" height=\"12\" viewBox=\"0 0 19 12\" fill=\"none\" xmlns=\"http:\/\/www.w3.org\/2000\/svg\">\n                <path class=\"stroke-text-default\" d=\"M17.1875 1.59375L9.59375 9.1875L2 1.59375\" stroke=\"black\" stroke-width=\"3\"\/>\n              <\/svg>\n            <\/button>\n            <div class=\"overflow-hidden tab-content  max-w-screen-md mx-auto md:px-14\">\n              <div class=\"wrap \">\n\n                <div class='text-element align-left text-copy mt-4 mb-6 md:mt-8 md:mb-8'><div id=\"1690799697230-c92a84bd-f567\" class=\"vc_tta-panel vc_active\" data-vc-content=\".vc_tta-panel-body\">\n<div class=\"vc_tta-panel-body\">\n<div class=\"wpb_text_column wpb_content_element \">\n<div class=\"wpb_wrapper\">\n<p>Schirmherr des FESTIVAL OF LIGHTS 2025 ist der regierende B\u00fcrgermeister von Berlin, Kai Wegner. <a href=\"https:\/\/festival-of-lights.de\/wp-content\/uploads\/2025\/07\/250430-PrG-Bo-Festival-Medien-des-21.-Festival-of-Lights.pdf\"><u>Zum Gru\u00dfwort<\/u><\/a>.<\/p>\n<\/div>\n<\/div>\n<\/div>\n<\/div>\n<\/div>              <\/div>\n            <\/div>\n          <\/div>\n                  <div class=\"w-full overflow-hidden aniMe tab \" aria-hidden=\"false\">\n            <button class=\"block w-full max-w-screen-md py-5 pr-8 mx-auto font-bold text-left transition duration-300 ease-in-out cursor-pointer tab_title md:pr-14 md:pl-5 text-copy focus:outline-none\" id=\"tab-6\">\n              Wie kann ich Festival-Partner*in werden?              <svg  width=\"19\" height=\"12\" viewBox=\"0 0 19 12\" fill=\"none\" xmlns=\"http:\/\/www.w3.org\/2000\/svg\">\n                <path class=\"stroke-text-default\" d=\"M17.1875 1.59375L9.59375 9.1875L2 1.59375\" stroke=\"black\" stroke-width=\"3\"\/>\n              <\/svg>\n            <\/button>\n            <div class=\"overflow-hidden tab-content  max-w-screen-md mx-auto md:px-14\">\n              <div class=\"wrap \">\n\n                <div class='text-element align-left text-copy mt-4 mb-6 md:mt-8 md:mb-8'><p>Wir informieren Sie gerne \u00fcber die Details einer Festival-Partnerschaft und freuen uns \u00fcber eine Nachricht an: <a href=\"mailto:partner@festival-of-light.de\">partner@festival-of-lights.de<\/a><\/p>\n<\/div>              <\/div>\n            <\/div>\n          <\/div>\n                  <div class=\"w-full overflow-hidden aniMe tab \" aria-hidden=\"false\">\n            <button class=\"block w-full max-w-screen-md py-5 pr-8 mx-auto font-bold text-left transition duration-300 ease-in-out cursor-pointer tab_title md:pr-14 md:pl-5 text-copy focus:outline-none\" id=\"tab-7\">\n              Wie wird das Festival of Lights finanziert?              <svg  width=\"19\" height=\"12\" viewBox=\"0 0 19 12\" fill=\"none\" xmlns=\"http:\/\/www.w3.org\/2000\/svg\">\n                <path class=\"stroke-text-default\" d=\"M17.1875 1.59375L9.59375 9.1875L2 1.59375\" stroke=\"black\" stroke-width=\"3\"\/>\n              <\/svg>\n            <\/button>\n            <div class=\"overflow-hidden tab-content  max-w-screen-md mx-auto md:px-14\">\n              <div class=\"wrap \">\n\n                <div class='text-element align-left text-copy mt-4 mb-6 md:mt-8 md:mb-8'><p>Das FESTIVAL OF LIGHTS ist eine Kultur-Initiative auf der Basis von sozialem Unternehmertum und wird durch Sponsor*innen, Unterst\u00fctzer*innen und Lizenznehmer*innen finanziert. Das Festival ist keine Veranstaltung des Landes Berlin.<\/p>\n<p>Eine der Hauptsponsoren und zugleich Produzentin ist seit 2005 die Agentur Zander &amp; Partner GmbH. Veranstaltet wird das Festival of Lights in Berlin und auch in anderen St\u00e4dten durch die FOL Festival of Lights International Productions GmbH. Unterst\u00fctzt wird das Festival of Lights in Berlin zudem durch den Verein Friends of Berlin International eV.<\/p>\n<p>Sie wollen zum Gelingen dieses einzigartigen Events beitragen und sind an einer Kooperation interessiert? Dann freuen wir uns \u00fcber eine kurze Nachricht an: <span style=\"text-decoration: underline;\"><a href=\"mailto:partner@festival-of-lights.de\">partner@festival-of-lights.de<\/a><\/span><\/p>\n<\/div>              <\/div>\n            <\/div>\n          <\/div>\n                  <div class=\"w-full overflow-hidden aniMe tab \" aria-hidden=\"false\">\n            <button class=\"block w-full max-w-screen-md py-5 pr-8 mx-auto font-bold text-left transition duration-300 ease-in-out cursor-pointer tab_title md:pr-14 md:pl-5 text-copy focus:outline-none\" id=\"tab-8\">\n              Kostet das Festival of Lights Eintritt?              <svg  width=\"19\" height=\"12\" viewBox=\"0 0 19 12\" fill=\"none\" xmlns=\"http:\/\/www.w3.org\/2000\/svg\">\n                <path class=\"stroke-text-default\" d=\"M17.1875 1.59375L9.59375 9.1875L2 1.59375\" stroke=\"black\" stroke-width=\"3\"\/>\n              <\/svg>\n            <\/button>\n            <div class=\"overflow-hidden tab-content  max-w-screen-md mx-auto md:px-14\">\n              <div class=\"wrap \">\n\n                <div class='text-element align-left text-copy mt-4 mb-6 md:mt-8 md:mb-8'><p>Nein, das FESTIVAL OF LIGHTS ist f\u00fcr alle Besucher*innen kostenfrei!<\/p>\n<\/div>              <\/div>\n            <\/div>\n          <\/div>\n                  <div class=\"w-full overflow-hidden aniMe tab \" aria-hidden=\"false\">\n            <button class=\"block w-full max-w-screen-md py-5 pr-8 mx-auto font-bold text-left transition duration-300 ease-in-out cursor-pointer tab_title md:pr-14 md:pl-5 text-copy focus:outline-none\" id=\"tab-9\">\n              Wo bekomme ich mehr Informationen her?              <svg  width=\"19\" height=\"12\" viewBox=\"0 0 19 12\" fill=\"none\" xmlns=\"http:\/\/www.w3.org\/2000\/svg\">\n                <path class=\"stroke-text-default\" d=\"M17.1875 1.59375L9.59375 9.1875L2 1.59375\" stroke=\"black\" stroke-width=\"3\"\/>\n              <\/svg>\n            <\/button>\n            <div class=\"overflow-hidden tab-content  max-w-screen-md mx-auto md:px-14\">\n              <div class=\"wrap \">\n\n                <div class='text-element align-left text-copy mt-4 mb-6 md:mt-8 md:mb-8'><p>Alle aktuellen Informationen zum Festival finden Sie auf unserer t\u00e4glich aktualisierten <a href=\"https:\/\/festival-of-lights.de\/de\/programm-2025\/\">Programmseite <\/a>\u2013 dort k\u00f6nnen auch Push-Notifications f\u00fcr Live-Updates aktiviert werden.<\/p>\n<p data-start=\"74\" data-end=\"467\">\u00dcber das diesj\u00e4hrige Festival of Lights informiert zus\u00e4tzlich unser digitales FOL Magazin (<a href=\"https:\/\/festival-of-lights.de\/de\/e-paper-2025\/\">E-Paper<\/a>). Weitere Neuigkeiten gibt es auf unseren Social-Media-Kan\u00e4len, z. B. auf <a href=\"https:\/\/www.facebook.com\/FestivalOfLights\" target=\"_blank\" rel=\"noopener\">Facebook<\/a> und <a href=\"https:\/\/www.instagram.com\/berlinfestivaloflights\" target=\"_blank\" rel=\"noopener\">Instagram<\/a>.<\/p>\n<\/div>              <\/div>\n            <\/div>\n          <\/div>\n                  <div class=\"w-full overflow-hidden aniMe tab \" aria-hidden=\"false\">\n            <button class=\"block w-full max-w-screen-md py-5 pr-8 mx-auto font-bold text-left transition duration-300 ease-in-out cursor-pointer tab_title md:pr-14 md:pl-5 text-copy focus:outline-none\" id=\"tab-10\">\n              Was genau macht das Festival of Lights nachhaltig?              <svg  width=\"19\" height=\"12\" viewBox=\"0 0 19 12\" fill=\"none\" xmlns=\"http:\/\/www.w3.org\/2000\/svg\">\n                <path class=\"stroke-text-default\" d=\"M17.1875 1.59375L9.59375 9.1875L2 1.59375\" stroke=\"black\" stroke-width=\"3\"\/>\n              <\/svg>\n            <\/button>\n            <div class=\"overflow-hidden tab-content  max-w-screen-md mx-auto md:px-14\">\n              <div class=\"wrap \">\n\n                <div class='text-element align-left text-copy mt-4 mb-6 md:mt-8 md:mb-8'><p>Nachhaltigkeit ist das Leitmotiv in der gesamten Leistungskette des FESTIVAL OF LIGHTS. Das Konzept basiert auf den drei S\u00e4ulen \u201e\u00f6kologisch, \u00f6konomisch und sozial\u201c.<\/p>\n<p><strong>Aspekt \u00d6konomie:<\/strong> Die Strahlkraft des FESTIVALS OF LIGHTS geht weit \u00fcber die Grenzen der Hauptstadt hinaus. Es ist es ein wichtiger Faktor f\u00fcr die Berliner Tourismusbranche und die Wirtschaft insgesamt.<\/p>\n<p><strong>Aspekt Soziales:<\/strong> Das FESTIVAL OF LIGHTS ist seit der Gr\u00fcndung in jedem Jahr kostenlos. Es geh\u00f6rt zur Grundidee, dass es ein Geschenk an Berlin, die Berliner*innen und G\u00e4ste aus aller Welt ist. Den Veranstaltern ist sehr wichtig, dass viele Menschen Freude haben, unabh\u00e4ngig von ihren finanziellen M\u00f6glichkeiten. Au\u00dferdem setzt das FESTIVAL OF LIGHTS barrierefrei und setzt auf Diversit\u00e4t.<\/p>\n<p><strong>Aspekt \u00d6kologie:<\/strong> Neben dem sehr geringen Stromverbrauch aus 100 % erneuerbaren Energien setzt das Festival weitere nachhaltige Ma\u00dfnahmen um. Die komplette Produktion ist so nachhaltig wie m\u00f6glich. Dazu tragen beispielsweise geb\u00fcndelte Transporte, wieder verwendbares Material und minimierte Fahrtwege durch Zeitschaltuhren und Fernsteuerungen bei. Dar\u00fcber hinaus verzichtet die Veranstaltung zunehmend auf Drucksachen und setzt verst\u00e4rkt auf die eigene App eine neue Programm-Website und ein E-Magazin. Bei den Festivalrouten wird mehr denn je darauf geachtet, dass sie bequem zu Fu\u00df oder mit dem Fahrrad erkundet werden k\u00f6nnen oder mit \u00f6ffentlichen Verkehrsmitteln gut erreichbar sind.<\/p>\n<\/div>              <\/div>\n            <\/div>\n          <\/div>\n                  <div class=\"w-full overflow-hidden aniMe tab \" aria-hidden=\"false\">\n            <button class=\"block w-full max-w-screen-md py-5 pr-8 mx-auto font-bold text-left transition duration-300 ease-in-out cursor-pointer tab_title md:pr-14 md:pl-5 text-copy focus:outline-none\" id=\"tab-11\">\n              Wen spreche ich an, wenn ich weitere Fragen habe?              <svg  width=\"19\" height=\"12\" viewBox=\"0 0 19 12\" fill=\"none\" xmlns=\"http:\/\/www.w3.org\/2000\/svg\">\n                <path class=\"stroke-text-default\" d=\"M17.1875 1.59375L9.59375 9.1875L2 1.59375\" stroke=\"black\" stroke-width=\"3\"\/>\n              <\/svg>\n            <\/button>\n            <div class=\"overflow-hidden tab-content  max-w-screen-md mx-auto md:px-14\">\n              <div class=\"wrap \">\n\n                <div class='text-element align-left text-copy mt-4 mb-6 md:mt-8 md:mb-8'><p>Bitte kontaktieren Sie uns unter: <a href=\"mailto:info@festival-of-lights.de\">info@festival-of-lights.de<\/a><\/p>\n<\/div>              <\/div>\n            <\/div>\n          <\/div>\n                  <div class=\"w-full overflow-hidden aniMe tab \" aria-hidden=\"false\">\n            <button class=\"block w-full max-w-screen-md py-5 pr-8 mx-auto font-bold text-left transition duration-300 ease-in-out cursor-pointer tab_title md:pr-14 md:pl-5 text-copy focus:outline-none\" id=\"tab-12\">\n              Ist die Veranstaltung barrierefrei?              <svg  width=\"19\" height=\"12\" viewBox=\"0 0 19 12\" fill=\"none\" xmlns=\"http:\/\/www.w3.org\/2000\/svg\">\n                <path class=\"stroke-text-default\" d=\"M17.1875 1.59375L9.59375 9.1875L2 1.59375\" stroke=\"black\" stroke-width=\"3\"\/>\n              <\/svg>\n            <\/button>\n            <div class=\"overflow-hidden tab-content  max-w-screen-md mx-auto md:px-14\">\n              <div class=\"wrap \">\n\n                <div class='text-element align-left text-copy mt-4 mb-6 md:mt-8 md:mb-8'><p>Da die Illuminationen von au\u00dfen betrachtet werden, ist das FESTIVAL OF LIGHTS auch f\u00fcr Rollstuhlfahrer*innen geeignet. Au\u00dferdem bieten einige LightSeeing Partner*innen barrierefreie Touren an.<\/p>\n<\/div>              <\/div>\n            <\/div>\n          <\/div>\n           \n        <\/div>\n          \n    <\/div>\n  <\/div>\n<\/section>\n\n<section class=\"bg-bg-darkBlue text-text-default relative z-10\">\n  <div class=\"px-xs py-md accordion dark:!bg-transparent dark:!text-white\">\n    <div class=\"max-w-screen-xl mx-auto align-left \">\n              <div class=\"max-w-screen-md mx-auto accordion__text md:pl-5 aniMe\">\n          <h3 class='grayscale-overlay relative headline-element align-left !mb-0'>\n    \n    <span class='relative align-left !mb-0'>\n    <span class='absolute top-0 left-0 z-0 -translate-x-1\/2 -translate-y-1\/2 light w-[300px] h-[300px]'>\n    <svg class='w-full h-full ' xmlns='http:\/\/www.w3.org\/2000\/svg' width='542' height='542' viewBox='0 0 542 542' fill='none'>\n      <g filter='url(#filter0_f_569_1018)'>\n        <circle cx='271' cy='271' r='121' fill='#9AE8FF' fill-opacity='0.5'\/>\n      <\/g>\n      <defs>\n        <filter id='filter0_f_569_1018' x='0' y='0' width='542' height='542' filterUnits='userSpaceOnUse' color-interpolation-filters='sRGB'>\n          <feFlood flood-opacity='0' result='BackgroundImageFix'\/>\n          <feBlend mode='normal' in='SourceGraphic' in2='BackgroundImageFix' result='shape'\/>\n          <feGaussianBlur stdDeviation='75' result='effect1_foregroundBlur_569_1018'\/>\n        <\/filter>\n      <\/defs>\n    <\/svg>\n  <\/span>\n    Artwork\/Programm<\/span>\n    <\/h3><div class='text-element align-left text-copy mt-4 md:mt-8'><\/div>        <\/div>\n              <div class=\"accordion_container pt-10\">\n                  <div class=\"w-full overflow-hidden aniMe tab \" aria-hidden=\"false\">\n            <button class=\"block w-full max-w-screen-md py-5 pr-8 mx-auto font-bold text-left transition duration-300 ease-in-out cursor-pointer tab_title md:pr-14 md:pl-5 text-copy focus:outline-none\" id=\"tab-1\">\n              Wie lautet das Motto zum diesj\u00e4hrigen 21. Festival of Lights?              <svg  width=\"19\" height=\"12\" viewBox=\"0 0 19 12\" fill=\"none\" xmlns=\"http:\/\/www.w3.org\/2000\/svg\">\n                <path class=\"stroke-text-default\" d=\"M17.1875 1.59375L9.59375 9.1875L2 1.59375\" stroke=\"black\" stroke-width=\"3\"\/>\n              <\/svg>\n            <\/button>\n            <div class=\"overflow-hidden tab-content  max-w-screen-md mx-auto md:px-14\">\n              <div class=\"wrap \">\n\n                <div class='text-element align-left text-copy mt-4 mb-6 md:mt-8 md:mb-8'><p>Das 21. BERLIN FESTIVAL OF LIGHTS steht unter dem Motto \u201eLet\u2019s Shine Together\u201c.<\/p>\n<p>In diesem Jahr steht alles im Zeichen von Zusammenhalt, Gemeinschaft und Verbundenheit. Durch die Vielfalt der Lichtkunst erz\u00e4hlen wir Geschichten, die Verbindungen st\u00e4rken und die einzigartige Sch\u00f6nheit Berlins in ein neues Licht tauchen. In ein Licht, das f\u00fcr Zusammenhalt stehen soll.<\/p>\n<\/div>              <\/div>\n            <\/div>\n          <\/div>\n                  <div class=\"w-full overflow-hidden aniMe tab \" aria-hidden=\"false\">\n            <button class=\"block w-full max-w-screen-md py-5 pr-8 mx-auto font-bold text-left transition duration-300 ease-in-out cursor-pointer tab_title md:pr-14 md:pl-5 text-copy focus:outline-none\" id=\"tab-2\">\n              Was bedeutet Vielfalt f\u00fcr das Festival of Lights?              <svg  width=\"19\" height=\"12\" viewBox=\"0 0 19 12\" fill=\"none\" xmlns=\"http:\/\/www.w3.org\/2000\/svg\">\n                <path class=\"stroke-text-default\" d=\"M17.1875 1.59375L9.59375 9.1875L2 1.59375\" stroke=\"black\" stroke-width=\"3\"\/>\n              <\/svg>\n            <\/button>\n            <div class=\"overflow-hidden tab-content  max-w-screen-md mx-auto md:px-14\">\n              <div class=\"wrap \">\n\n                <div class='text-element align-left text-copy mt-4 mb-6 md:mt-8 md:mb-8'><p>Wir inszenieren Vielfalt k\u00fcnstlerisch mit Licht in ganz Berlin. Unsere K\u00fcnstler*innen kommen aus der ganzen Welt und zeigen uns ihre einzigartige Lichtkunst, um uns in bunte Welten mitzunehmen. Aber auch abseits der Kunst, wollen wir die fantastische Berliner Vielfalt aufzeigen und legen besonderen Fokus auf Werte, wie Einzigartigkeit, W\u00fcrde, Respekt und Akzeptanz. Denn nur so k\u00f6nnen wir zusammen in einer vielf\u00e4ltigen Gesellschaft leben. Unterschiede machen unser aller Leben bunter \u2013 und besser.<\/p>\n<p>Wir wollen mit Lichtkunst zeigen, wie facettenreich und sch\u00f6n das Leben in einer vielf\u00e4ltigen Gesellschaft ist. Und wie aus ganz unterschiedlichen Arten der Lebensgestaltung eine kreative Vielfalt entsteht, die immer wieder Neues und Spannendes hervorbringt. Daf\u00fcr kooperieren wir auch mit Organisationen, die diese Vielfalt unterst\u00fctzen und wertsch\u00e4tzen.<\/p>\n<p>Wir m\u00f6chten Sichtbarkeit schaffen und unterst\u00fctzen ausdr\u00fccklich PoC, Menschen mit Flucht- und Migrationsgeschichte, die LGBTQIA+ Community und Menschen mit Behinderung.<\/p>\n<\/div>              <\/div>\n            <\/div>\n          <\/div>\n                  <div class=\"w-full overflow-hidden aniMe tab \" aria-hidden=\"false\">\n            <button class=\"block w-full max-w-screen-md py-5 pr-8 mx-auto font-bold text-left transition duration-300 ease-in-out cursor-pointer tab_title md:pr-14 md:pl-5 text-copy focus:outline-none\" id=\"tab-3\">\n              Wo lagen im letzten Jahr die k\u00fcnstlerischen Schwerpunkte?              <svg  width=\"19\" height=\"12\" viewBox=\"0 0 19 12\" fill=\"none\" xmlns=\"http:\/\/www.w3.org\/2000\/svg\">\n                <path class=\"stroke-text-default\" d=\"M17.1875 1.59375L9.59375 9.1875L2 1.59375\" stroke=\"black\" stroke-width=\"3\"\/>\n              <\/svg>\n            <\/button>\n            <div class=\"overflow-hidden tab-content  max-w-screen-md mx-auto md:px-14\">\n              <div class=\"wrap \">\n\n                <div class='text-element align-left text-copy mt-4 mb-6 md:mt-8 md:mb-8'><p>Das Brandenburger Tor stand 2024 u.a. unter dem Motto &#8222;United We Shine&#8220;. Die Preistr\u00e4ger des FESTIVAL OF LIGHTS Awards waren: MP-Studio aus Bulgarien, SKGPLUS aus China, Magic Innovations aus den <span data-huuid=\"5155879690650621403\">Vereinigte Arabische Emirate<\/span>, VAMOS Animation und Vanessa Cardui aus Deutschland.<\/p>\n<p><a href=\"https:\/\/youtu.be\/AEoSV-C8z2U?si=e4GIg2n2bEC5O4Ou#\" target=\"_blank\" rel=\"noopener\">Hier<\/a>\u00a0geht\u2019s zu den Videos aus dem vergangenen Jahr.<\/p>\n<\/div>              <\/div>\n            <\/div>\n          <\/div>\n           \n        <\/div>\n          \n    <\/div>\n  <\/div>\n<\/section>\n\n<section class=\"bg-bg-darkBlue text-text-default relative z-10\">\n  <div class=\"px-xs py-md accordion dark:!bg-transparent dark:!text-white\">\n    <div class=\"max-w-screen-xl mx-auto align-left \">\n              <div class=\"max-w-screen-md mx-auto accordion__text md:pl-5 aniMe\">\n          <h3 class='grayscale-overlay relative headline-element align-left !mb-0'>\n    \n    <span class='relative align-left !mb-0'>\n    <span class='absolute top-0 left-0 z-0 -translate-x-1\/2 -translate-y-1\/2 light w-[300px] h-[300px]'>\n    <svg class='w-full h-full ' xmlns='http:\/\/www.w3.org\/2000\/svg' width='542' height='542' viewBox='0 0 542 542' fill='none'>\n      <g filter='url(#filter0_f_569_1018)'>\n        <circle cx='271' cy='271' r='121' fill='#9AE8FF' fill-opacity='0.5'\/>\n      <\/g>\n      <defs>\n        <filter id='filter0_f_569_1018' x='0' y='0' width='542' height='542' filterUnits='userSpaceOnUse' color-interpolation-filters='sRGB'>\n          <feFlood flood-opacity='0' result='BackgroundImageFix'\/>\n          <feBlend mode='normal' in='SourceGraphic' in2='BackgroundImageFix' result='shape'\/>\n          <feGaussianBlur stdDeviation='75' result='effect1_foregroundBlur_569_1018'\/>\n        <\/filter>\n      <\/defs>\n    <\/svg>\n  <\/span>\n    Besucher*inneninfo<\/span>\n    <\/h3><div class='text-element align-left text-copy mt-4 md:mt-8'><\/div>        <\/div>\n              <div class=\"accordion_container pt-10\">\n                  <div class=\"w-full overflow-hidden aniMe tab \" aria-hidden=\"false\">\n            <button class=\"block w-full max-w-screen-md py-5 pr-8 mx-auto font-bold text-left transition duration-300 ease-in-out cursor-pointer tab_title md:pr-14 md:pl-5 text-copy focus:outline-none\" id=\"tab-1\">\n              Gibt es F\u00fchrungen?              <svg  width=\"19\" height=\"12\" viewBox=\"0 0 19 12\" fill=\"none\" xmlns=\"http:\/\/www.w3.org\/2000\/svg\">\n                <path class=\"stroke-text-default\" d=\"M17.1875 1.59375L9.59375 9.1875L2 1.59375\" stroke=\"black\" stroke-width=\"3\"\/>\n              <\/svg>\n            <\/button>\n            <div class=\"overflow-hidden tab-content  max-w-screen-md mx-auto md:px-14\">\n              <div class=\"wrap \">\n\n                <div class='text-element align-left text-copy mt-4 mb-6 md:mt-8 md:mb-8'><p>Ja, sehr vielf\u00e4ltige. Auf der <a href=\"https:\/\/festival-of-lights.de\/de\/lightseeing\/#\/\">LightSeeing Seite<\/a> erhalten Sie einen \u00dcberblick \u00fcber die verschiedenen Tour-Varianten.<\/p>\n<\/div>              <\/div>\n            <\/div>\n          <\/div>\n                  <div class=\"w-full overflow-hidden aniMe tab \" aria-hidden=\"false\">\n            <button class=\"block w-full max-w-screen-md py-5 pr-8 mx-auto font-bold text-left transition duration-300 ease-in-out cursor-pointer tab_title md:pr-14 md:pl-5 text-copy focus:outline-none\" id=\"tab-2\">\n              Wie kann ich LightSeeing Touren buchen?              <svg  width=\"19\" height=\"12\" viewBox=\"0 0 19 12\" fill=\"none\" xmlns=\"http:\/\/www.w3.org\/2000\/svg\">\n                <path class=\"stroke-text-default\" d=\"M17.1875 1.59375L9.59375 9.1875L2 1.59375\" stroke=\"black\" stroke-width=\"3\"\/>\n              <\/svg>\n            <\/button>\n            <div class=\"overflow-hidden tab-content  max-w-screen-md mx-auto md:px-14\">\n              <div class=\"wrap \">\n\n                <div class='text-element align-left text-copy mt-4 mb-6 md:mt-8 md:mb-8'><p>Alle LightSeeing Touren werden von Lizenzpartner*innen angeboten, buchen k\u00f6nnen Sie diese direkt auf unserer <a href=\"https:\/\/festival-of-lights.de\/de\/lightseeing\/#\/\">LightSeeing Seite<\/a> oder bei <a href=\"https:\/\/www.visitberlin.de\/de\">visitBerlin<\/a>.<\/p>\n<\/div>              <\/div>\n            <\/div>\n          <\/div>\n                  <div class=\"w-full overflow-hidden aniMe tab \" aria-hidden=\"false\">\n            <button class=\"block w-full max-w-screen-md py-5 pr-8 mx-auto font-bold text-left transition duration-300 ease-in-out cursor-pointer tab_title md:pr-14 md:pl-5 text-copy focus:outline-none\" id=\"tab-3\">\n              Teilnahmebedingungen f\u00fcr Festival of Lights-Gewinnspiele              <svg  width=\"19\" height=\"12\" viewBox=\"0 0 19 12\" fill=\"none\" xmlns=\"http:\/\/www.w3.org\/2000\/svg\">\n                <path class=\"stroke-text-default\" d=\"M17.1875 1.59375L9.59375 9.1875L2 1.59375\" stroke=\"black\" stroke-width=\"3\"\/>\n              <\/svg>\n            <\/button>\n            <div class=\"overflow-hidden tab-content  max-w-screen-md mx-auto md:px-14\">\n              <div class=\"wrap \">\n\n                <div class='text-element align-left text-copy mt-4 mb-6 md:mt-8 md:mb-8'><p><strong>1. Gegenstand der Teilnahmebedingungen und Veranstalter<\/strong><\/p>\n<p>Diese Teilnahmebedingungen regeln die Bedingungen f\u00fcr eine Teilnahme an dem Gewinnspiel sowie gegebenenfalls erforderliche Rechte\u00fcbertragungen. Die Beschreibung und der Ablauf des jeweiligen Gewinnspiels erfolgen im Rahmen der jeweiligen Gewinnspielaktion auf der Facebook-Seite von Festival of Lights, der Instagram Seite von berlinfestivaloflights und der Instagram Seite von festivaloflights_international.<br \/>\nVeranstalter des Gewinnspiels ist FESTIVAL OF LIGHTS \u00ae, Zander &amp; Partner Event-Marketing GmbH, Savignyplatz 6, 10623 Berlin.<\/p>\n<p>Mit Teilnahme an dem jeweiligen Gewinnspiel werden diese Teilnahmebedingungen angenommen.<\/p>\n<p>Das Gewinnspiel steht in keiner Verbindung zu Facebook und Instagram, es wird weder von Facebook und Instagram gesponsert, unterst\u00fctzt noch organisiert.<\/p>\n<p><strong>2. Teilnahme<\/strong><\/p>\n<p>Teilnahmeberechtigt am Gewinnspiel sind alle, die das 18. Lebensjahr vollendet und ihren Wohnsitz in Deutschland haben. Die Teilnahme mit gef\u00e4lschten Identit\u00e4ten oder mit Identit\u00e4ten von Dritten ist nicht erlaubt.<\/p>\n<p>Teilnahmeberechtigte k\u00f6nnen an dem Gewinnspiel teilnehmen, indem sie die Bedingungen des Gewinnspiel-Posting erf\u00fcllen und diesen Beitrag jedenfalls bis zur Auswahl der Gewinner*innen belassen.<\/p>\n<p>Die Teilnahme ist bis drei Tage nach der Ver\u00f6ffentlichung des Post m\u00f6glich.<\/p>\n<p><strong>3. Gewinne und Gewinnbenachrichtigung<\/strong><\/p>\n<p>Der Gewinn wird unter allen teilnahmeberechtigten Teilnehmer*innen verlost.<\/p>\n<p>Die Gewinner*innen werden innerhalb einer Woche nach Teilnahmeschluss unter allen teilnahmeberechtigten Teilnehmer*innen per Zufallsprinzip ermittelt. Die Gewinner*innen werden per Facebook-Kommentar-Funktion, Instagram-Nachrichtenfunktion oder in einem gesonderten Posting benachrichtigt und aufgefordert, eine E-Mail an eine dort angegebene E-Mail-Adresse zu senden, in der die pers\u00f6nlichen Daten ordnungs- und wahrheitsgem\u00e4\u00df vollst\u00e4ndig \u00fcbermittelt werden. Diese Angaben dienen der \u00dcbersendung des Gewinns.<\/p>\n<p>Geht von einer Gewinner*in innerhalb der angegebenen Frist keine E-Mail bei uns ein, erlischt der Gewinnanspruch. Wir sind in diesem Fall berechtigt, eine Ersatzauslosung durchzuf\u00fchren.<br \/>\nJe Teilnehmer*in ist nur ein Gewinn m\u00f6glich.<\/p>\n<p>Der Gewinn ist weder \u00fcbertragbar, noch kann der Gewinn getauscht oder in bar ausgezahlt werden.<\/p>\n<p>Sofern Umst\u00e4nde eintreten, die wir nicht zu vertreten haben, akzeptiert der\/die jeweilige Gewinner*in einen angemessenen Ersatzgewinn. Solche nicht zu vertretenden Umst\u00e4nde sind insbesondere solche, die bei den Sponsor*innen der Gewinne liegen.<\/p>\n<p>Die Gewinne werden dem\/der Gewinner*in per Post an die angegebene Anschrift gesendet. Mit \u00dcbergabe des Gewinns an eine Transportperson geht die Gefahr auf den\/die Gewinner*in \u00fcber. F\u00fcr Liefersch\u00e4den sind wir nicht verantwortlich.<\/p>\n<p><strong>4. Nutzungsrechtseinr\u00e4umung<\/strong><\/p>\n<ol>\n<li>Der\/die Teilnehmer*in garantiert, Inhaber*in der erforderlichen Rechte an den hochgeladenen bzw. verlinkten Fotos zu sein, so dies zu den Bedingungen des Gewinnspiels geh\u00f6rt. Ist der\/die Teilnehmer*in nicht alleiniger Urheber*in oder Rechteinhaber*in, erkl\u00e4rt er\/sie ausdr\u00fccklich, \u00fcber die f\u00fcr die Teilnahme am Gewinnspiel erforderlichen Rechte zu verf\u00fcgen.<\/li>\n<li>Der\/die Teilnehmer*in r\u00e4umt uns an dem von ihm\/ihr verwendeten Foto nachfolgende einfache, zeitlich und r\u00e4umlich unbegrenzte aber nicht exklusive Nutzungsrechte ein:<\/li>\n<li>Wir werden bei der Verwendung des Bildes in geeigneter Weise den\/die Urheber*in kenntlich machen, soweit dies unter Ber\u00fccksichtigung der konkreten Verwendungsform tunlich ist.<\/li>\n<li>Mit der Annahme des Gewinns willigt der\/die Gewinner*in ein, dass wir seinen Namen zu Werbezwecken verwenden d\u00fcrfen.\n<ul>\n<li>das Recht zur Speicherung des Fotos auf einem Server;<\/li>\n<li>das Recht, das Foto der \u00d6ffentlichkeit ganz oder teilweise \u00fcber Facebook und unseren Websites (insbesondere www.festival-of-lights.de) zug\u00e4nglich zu machen;<\/li>\n<li>das Recht, das Foto zur Bewerbung unserer Produkte zu nutzen;<\/li>\n<li>das Recht zur Bearbeitung des Fotos, wobei das Bild nicht verfremdet werden darf.<\/li>\n<\/ul>\n<\/li>\n<li>Wir werden bei der Verwendung des Bildes in geeigneter Weise den\/die Urheber*in kenntlich machen, soweit dies unter Ber\u00fccksichtigung der konkreten Verwendungsform tunlich ist.<\/li>\n<li>Mit der Annahme des Gewinns willigt der\/die Gewinner*in ein, dass wir seinen\/ihren Namen zu Werbezwecken verwenden d\u00fcrfen.<\/li>\n<\/ol>\n<p><strong>5. Haftung und Freistellung<\/strong><\/p>\n<ol>\n<li>Sofern der\/die Teilnehmer*in Fotos hochl\u00e4dt, garantiert der\/die Teilnehmer*in, dass er\/sie keine Inhalte \u00fcbersenden wird, deren Bereitstellung, Ver\u00f6ffentlichung oder Nutzung gegen geltendes Recht oder Rechte Dritter verst\u00f6\u00dft.<\/li>\n<li>Der\/die Teilnehmer*in stellt uns von Anspr\u00fcchen Dritter gleich welcher Art frei, die aus der Rechtswidrigkeit von Fotos resultieren, die der\/die Teilnehmer*in verwendet hat. Die Freistellungsverpflichtung umfasst auch die Verpflichtung, den Veranstalter von Rechtsverteidigungskosten (z.B. Gerichts- und Anwaltskosten) vollst\u00e4ndig freizustellen.<\/li>\n<li>Mit der Teilnahme am Gewinnspiel stellt der\/die Teilnehmer*in Facebook von jeder Haftung frei.<\/li>\n<\/ol>\n<p><strong>6. Ausschluss<\/strong><\/p>\n<ol>\n<li>Ein Versto\u00df gegen diese Teilnahmebedingungen berechtigt uns, den jeweilige\/n Teilnehmer*in von der Teilnahme auszuschlie\u00dfen. Dies gilt insbesondere, wenn der\/die Teilnehmer*in falsche Angaben macht oder verwendete Fotos oder andere Inhalte (z.B. Kommentare) geltendes Recht oder Rechte Dritter verletzen. Gleiches gilt bei Kommentaren, die als gewaltverherrlichend, anst\u00f6\u00dfig, bel\u00e4stigend oder herabw\u00fcrdigend angesehen werden k\u00f6nnen oder in sonstiger Weise gegen das gesellschaftliche Anstandsgef\u00fchl versto\u00dfen.<\/li>\n<li>Handelt es sich bei dem\/der ausgeschlossenen Teilnehmer* um einen bereits ausgeloste\/n Gewinner*in, kann der Gewinn nachtr\u00e4glich aberkannt werden.<\/li>\n<\/ol>\n<p><strong>7. Vorzeitige Beendigung sowie \u00c4nderungen<\/strong><\/p>\n<p>Wir behalten uns das Recht vor, das Gewinnspiel jederzeit, auch ohne Einhaltung von Fristen, ganz oder teilweise vorzeitig zu beenden oder in seinem Verlauf abzu\u00e4ndern, wenn es aus technischen (z.B. Computervirus, Manipulation von oder Fehler in Software\/Hardware) oder rechtlichen Gr\u00fcnden (z.B. Untersagung durch Facebook) nicht m\u00f6glich ist, eine ordnungsgem\u00e4\u00dfe Durchf\u00fchrung des Gewinnspiels zu garantieren.<\/p>\n<p><strong>8. Datenschutz<\/strong><\/p>\n<p>Wir sind verantwortlich f\u00fcr die Erhebung, Verarbeitung und Nutzung von personenbezogenen Daten der Teilnehmer*innen, sofern wir diese selbst verarbeiten. Wir werden die Angaben zur Person des\/der Teilnehmer*in sowie seine\/ihre sonstigen personenbezogenen Daten nur im Rahmen der gesetzlichen Bestimmungen des Datenschutzrechtes verwenden. Wir werden die Informationen nur insoweit speichern, verarbeiten und nutzen, soweit dies f\u00fcr die Durchf\u00fchrung des Gewinnspiels erforderlich ist bzw. eine Einwilligung des\/der Teilnehmer*in vorliegt. Dies umfasst auch eine Verwendung zur Aus\u00fcbung der einger\u00e4umten Nutzungsrechte. Die Daten werden ausschlie\u00dflich zur Durchf\u00fchrung des Gewinnspiels verwendet und anschlie\u00dfend gel\u00f6scht.<\/p>\n<p>Der\/die Teilnehmer*in kann jederzeit Auskunft \u00fcber die zu seiner\/ihrer Person gespeicherten Daten verlangen. Im \u00dcbrigen gilt unsere Datenschutzerkl\u00e4rung entsprechend, die unter https:\/\/festival-of-lights.de\/de\/datenschutz\/ abrufbar ist.<\/p>\n<p><strong>9. Schlussbestimmungen<\/strong><\/p>\n<ol>\n<li>Sollten die Teilnahmebedingungen unwirksame Regelungen enthalten, bleibt die Wirksamkeit der Bedingungen im \u00dcbrigen unber\u00fchrt.<\/li>\n<li>Es gilt deutsches Recht. Ein Rechtsweg zur \u00dcberpr\u00fcfung der Auslosung ist ausgeschlossen.<\/li>\n<\/ol>\n<\/div>              <\/div>\n            <\/div>\n          <\/div>\n           \n        <\/div>\n          \n    <\/div>\n  <\/div>\n<\/section>\n\n<section class=\"bg-bg-darkBlue text-text-default relative z-10\">\n  <div class=\"px-xs py-md accordion dark:!bg-transparent dark:!text-white\">\n    <div class=\"max-w-screen-xl mx-auto align-left \">\n              <div class=\"max-w-screen-md mx-auto accordion__text md:pl-5 aniMe\">\n          <h3 class='grayscale-overlay relative headline-element align-left !mb-0'>\n    \n    <span class='relative align-left !mb-0'>\n    <span class='absolute top-0 left-0 z-0 -translate-x-1\/2 -translate-y-1\/2 light w-[300px] h-[300px]'>\n    <svg class='w-full h-full ' xmlns='http:\/\/www.w3.org\/2000\/svg' width='542' height='542' viewBox='0 0 542 542' fill='none'>\n      <g filter='url(#filter0_f_569_1018)'>\n        <circle cx='271' cy='271' r='121' fill='#9AE8FF' fill-opacity='0.5'\/>\n      <\/g>\n      <defs>\n        <filter id='filter0_f_569_1018' x='0' y='0' width='542' height='542' filterUnits='userSpaceOnUse' color-interpolation-filters='sRGB'>\n          <feFlood flood-opacity='0' result='BackgroundImageFix'\/>\n          <feBlend mode='normal' in='SourceGraphic' in2='BackgroundImageFix' result='shape'\/>\n          <feGaussianBlur stdDeviation='75' result='effect1_foregroundBlur_569_1018'\/>\n        <\/filter>\n      <\/defs>\n    <\/svg>\n  <\/span>\n    K\u00fcnstler*innen- und Fotograf*inneninfo<\/span>\n    <\/h3><div class='text-element align-left text-copy mt-4 md:mt-8'><\/div>        <\/div>\n              <div class=\"accordion_container pt-10\">\n                  <div class=\"w-full overflow-hidden aniMe tab \" aria-hidden=\"false\">\n            <button class=\"block w-full max-w-screen-md py-5 pr-8 mx-auto font-bold text-left transition duration-300 ease-in-out cursor-pointer tab_title md:pr-14 md:pl-5 text-copy focus:outline-none\" id=\"tab-1\">\n              Darf man als Fotograf*in oder Videoproduzent*in die Motive der Inszenierungen des Festival of Lights nutzen?              <svg  width=\"19\" height=\"12\" viewBox=\"0 0 19 12\" fill=\"none\" xmlns=\"http:\/\/www.w3.org\/2000\/svg\">\n                <path class=\"stroke-text-default\" d=\"M17.1875 1.59375L9.59375 9.1875L2 1.59375\" stroke=\"black\" stroke-width=\"3\"\/>\n              <\/svg>\n            <\/button>\n            <div class=\"overflow-hidden tab-content  max-w-screen-md mx-auto md:px-14\">\n              <div class=\"wrap \">\n\n                <div class='text-element align-left text-copy mt-4 mb-6 md:mt-8 md:mb-8'><p>Das FESTIVAL OF LIGHTS ist eine tempor\u00e4re Kunstaktion, f\u00fcr die die Regeln des Urheberrechts gelten. Hobbyfotografen*innen ist es f\u00fcr die nicht-kommerzielle Nutzung gestattet, Fotos von Motiven des FESTIVAL OF LIGHTS auch auf Social Media Plattformen zu verwenden, ohne dass eine Lizenzierung durch den Veranstalter notwendig ist. F\u00fcr alle anderen Lizenzfragen bitten wir Sie, sich mit uns in Verbindung zu setzen.<\/p>\n<\/div>              <\/div>\n            <\/div>\n          <\/div>\n                  <div class=\"w-full overflow-hidden aniMe tab \" aria-hidden=\"false\">\n            <button class=\"block w-full max-w-screen-md py-5 pr-8 mx-auto font-bold text-left transition duration-300 ease-in-out cursor-pointer tab_title md:pr-14 md:pl-5 text-copy focus:outline-none\" id=\"tab-2\">\n              Wie kann ich als K\u00fcnstler*in am Festival of Lights teilnehmen?              <svg  width=\"19\" height=\"12\" viewBox=\"0 0 19 12\" fill=\"none\" xmlns=\"http:\/\/www.w3.org\/2000\/svg\">\n                <path class=\"stroke-text-default\" d=\"M17.1875 1.59375L9.59375 9.1875L2 1.59375\" stroke=\"black\" stroke-width=\"3\"\/>\n              <\/svg>\n            <\/button>\n            <div class=\"overflow-hidden tab-content  max-w-screen-md mx-auto md:px-14\">\n              <div class=\"wrap \">\n\n                <div class='text-element align-left text-copy mt-4 mb-6 md:mt-8 md:mb-8'><p>Es gibt zahlreiche M\u00f6glichkeiten, sich am und im Festival kreativ und k\u00fcnstlerisch zu beteiligen. Wir freuen uns immer \u00fcber neue Ideen! Informationen und Details zur Teilnahme am FESTIVAL OF LIGHTS: <a href=\"mailto:call@festival-of-lights.de\">call@festival-of-lights.de<\/a><\/p>\n<\/div>              <\/div>\n            <\/div>\n          <\/div>\n           \n        <\/div>\n          \n    <\/div>\n  <\/div>\n<\/section>\n\n<section class=\"bg-bg-darkBlue text-text-default relative z-10\">\n  <div class=\"px-xs py-md accordion dark:!bg-transparent dark:!text-white\">\n    <div class=\"max-w-screen-xl mx-auto align-left \">\n              <div class=\"max-w-screen-md mx-auto accordion__text md:pl-5 aniMe\">\n          <h3 class='grayscale-overlay relative headline-element align-left !mb-0'>\n    \n    <span class='relative align-left !mb-0'>\n    <span class='absolute top-0 left-0 z-0 -translate-x-1\/2 -translate-y-1\/2 light w-[300px] h-[300px]'>\n    <svg class='w-full h-full ' xmlns='http:\/\/www.w3.org\/2000\/svg' width='542' height='542' viewBox='0 0 542 542' fill='none'>\n      <g filter='url(#filter0_f_569_1018)'>\n        <circle cx='271' cy='271' r='121' fill='#9AE8FF' fill-opacity='0.5'\/>\n      <\/g>\n      <defs>\n        <filter id='filter0_f_569_1018' x='0' y='0' width='542' height='542' filterUnits='userSpaceOnUse' color-interpolation-filters='sRGB'>\n          <feFlood flood-opacity='0' result='BackgroundImageFix'\/>\n          <feBlend mode='normal' in='SourceGraphic' in2='BackgroundImageFix' result='shape'\/>\n          <feGaussianBlur stdDeviation='75' result='effect1_foregroundBlur_569_1018'\/>\n        <\/filter>\n      <\/defs>\n    <\/svg>\n  <\/span>\n    Fotos<\/span>\n    <\/h3><div class='text-element align-left text-copy mt-4 md:mt-8'><p>Das Festival of Lights erstellt durch Lichtkunst-Installationen urheberrechtlich gesch\u00fctzte Werke der bildenden Kunst.<\/p>\n<p>Die Urheberrechte an diesen Lichtkunst-Installationen liegen ausschlie\u00dflich beim Festival of Lights.<\/p>\n<\/div>        <\/div>\n              <div class=\"accordion_container pt-10\">\n                  <div class=\"w-full overflow-hidden aniMe tab \" aria-hidden=\"false\">\n            <button class=\"block w-full max-w-screen-md py-5 pr-8 mx-auto font-bold text-left transition duration-300 ease-in-out cursor-pointer tab_title md:pr-14 md:pl-5 text-copy focus:outline-none\" id=\"tab-1\">\n              PRESSEFREIHEIT              <svg  width=\"19\" height=\"12\" viewBox=\"0 0 19 12\" fill=\"none\" xmlns=\"http:\/\/www.w3.org\/2000\/svg\">\n                <path class=\"stroke-text-default\" d=\"M17.1875 1.59375L9.59375 9.1875L2 1.59375\" stroke=\"black\" stroke-width=\"3\"\/>\n              <\/svg>\n            <\/button>\n            <div class=\"overflow-hidden tab-content  max-w-screen-md mx-auto md:px-14\">\n              <div class=\"wrap \">\n\n                <div class='text-element align-left text-copy mt-4 mb-6 md:mt-8 md:mb-8'><p>Dadurch wird die Pressefreiheit in keiner Weise eingeschr\u00e4nkt, denn jegliche aktuelle Berichterstattung und eigene mediale Bilddokumentation \u00fcber das Festival of Lights ist selbstverst\u00e4ndlich zul\u00e4ssig &#8211; lizenzfrei und kostenlos.<\/p>\n<\/div>              <\/div>\n            <\/div>\n          <\/div>\n                  <div class=\"w-full overflow-hidden aniMe tab \" aria-hidden=\"false\">\n            <button class=\"block w-full max-w-screen-md py-5 pr-8 mx-auto font-bold text-left transition duration-300 ease-in-out cursor-pointer tab_title md:pr-14 md:pl-5 text-copy focus:outline-none\" id=\"tab-2\">\n              KOMMERZIELLE VERWERTUNG              <svg  width=\"19\" height=\"12\" viewBox=\"0 0 19 12\" fill=\"none\" xmlns=\"http:\/\/www.w3.org\/2000\/svg\">\n                <path class=\"stroke-text-default\" d=\"M17.1875 1.59375L9.59375 9.1875L2 1.59375\" stroke=\"black\" stroke-width=\"3\"\/>\n              <\/svg>\n            <\/button>\n            <div class=\"overflow-hidden tab-content  max-w-screen-md mx-auto md:px-14\">\n              <div class=\"wrap \">\n\n                <div class='text-element align-left text-copy mt-4 mb-6 md:mt-8 md:mb-8'><p>Eine kommerzielle Verwertung, z.B. durch die Vermarktung in Bilddatenbanken und die Lizenzierung der hergestellten Fotografien, verletzt die Urheberrechte des Festival of Lights. Denn dabei handelt es sich nicht um eine aktuelle Berichterstattung, sondern um die Erzielung von Lizenzgeb\u00fchren, welche auf die dem Festival of Lights zustehenden Urheberrechte gest\u00fctzt wird.\u00a0Hierbei k\u00f6nnen sich Fotografierende auch nicht auf die Panoramafreiheit berufen.<\/p>\n<p>Eine kommerzielle Verwertung ist ausschlie\u00dflich mit der Zustimmung des Festival of Lights zul\u00e4ssig.<\/p>\n<\/div>              <\/div>\n            <\/div>\n          <\/div>\n                  <div class=\"w-full overflow-hidden aniMe tab \" aria-hidden=\"false\">\n            <button class=\"block w-full max-w-screen-md py-5 pr-8 mx-auto font-bold text-left transition duration-300 ease-in-out cursor-pointer tab_title md:pr-14 md:pl-5 text-copy focus:outline-none\" id=\"tab-3\">\n              HOBBY-FOTOGRAFEN              <svg  width=\"19\" height=\"12\" viewBox=\"0 0 19 12\" fill=\"none\" xmlns=\"http:\/\/www.w3.org\/2000\/svg\">\n                <path class=\"stroke-text-default\" d=\"M17.1875 1.59375L9.59375 9.1875L2 1.59375\" stroke=\"black\" stroke-width=\"3\"\/>\n              <\/svg>\n            <\/button>\n            <div class=\"overflow-hidden tab-content  max-w-screen-md mx-auto md:px-14\">\n              <div class=\"wrap \">\n\n                <div class='text-element align-left text-copy mt-4 mb-6 md:mt-8 md:mb-8'><p>Das Festival of Lights l\u00e4dt die Besucherinnen und Besucher ein, ihr Erlebnis des Festival of Lights in Fotografien und Videos festzuhalten und diese im privaten Rahmen sowie auch in sozialen Medien \u00f6ffentlich zug\u00e4nglich zu machen. Dies schlie\u00dft auch Hobby-Fotografen ein, welche ihre Fotografien nicht zu eigenen kommerziellen Zwecken in sozialen Medien \u00f6ffentlich zug\u00e4nglich machen. Solchen privaten Aufnahmen sind lizenz- und kostenfrei.<\/p>\n<\/div>              <\/div>\n            <\/div>\n          <\/div>\n           \n        <\/div>\n          \n    <\/div>\n  <\/div>\n<\/section>\n\n<section class=\"module-spacer bg-bg-darkBlue pt-10 md:pt-14 xl:pt-20\">\n<\/section>","protected":false},"excerpt":{"rendered":"","protected":false},"author":1,"featured_media":0,"parent":0,"menu_order":0,"comment_status":"closed","ping_status":"closed","template":"","meta":{"_acf_changed":false,"footnotes":""},"class_list":["post-33535","page","type-page","status-publish","hentry"],"acf":[],"yoast_head":"<!-- This site is optimized with the Yoast SEO plugin v25.6 - https:\/\/yoast.com\/wordpress\/plugins\/seo\/ -->\n<title>FAQ - Festival of Lights<\/title>\n<meta name=\"robots\" content=\"index, follow, max-snippet:-1, max-image-preview:large, max-video-preview:-1\" \/>\n<link rel=\"canonical\" href=\"https:\/\/festival-of-lights.de\/de\/faq\/\" \/>\n<meta property=\"og:locale\" content=\"de_DE\" \/>\n<meta property=\"og:type\" content=\"article\" \/>\n<meta property=\"og:title\" content=\"FAQ - Festival of Lights\" \/>\n<meta property=\"og:url\" content=\"https:\/\/festival-of-lights.de\/de\/faq\/\" \/>\n<meta property=\"og:site_name\" content=\"Festival of Lights\" \/>\n<meta property=\"article:publisher\" content=\"https:\/\/www.facebook.com\/FestivalOfLights\" \/>\n<meta property=\"article:modified_time\" content=\"2025-10-10T10:59:21+00:00\" \/>\n<meta name=\"twitter:card\" content=\"summary_large_image\" \/>\n<script type=\"application\/ld+json\" class=\"yoast-schema-graph\">{\"@context\":\"https:\/\/schema.org\",\"@graph\":[{\"@type\":\"WebPage\",\"@id\":\"https:\/\/festival-of-lights.de\/de\/faq\/\",\"url\":\"https:\/\/festival-of-lights.de\/de\/faq\/\",\"name\":\"FAQ - Festival of Lights\",\"isPartOf\":{\"@id\":\"https:\/\/festival-of-lights.de\/de\/#website\"},\"datePublished\":\"2023-07-25T15:57:06+00:00\",\"dateModified\":\"2025-10-10T10:59:21+00:00\",\"breadcrumb\":{\"@id\":\"https:\/\/festival-of-lights.de\/de\/faq\/#breadcrumb\"},\"inLanguage\":\"de\",\"potentialAction\":[{\"@type\":\"ReadAction\",\"target\":[\"https:\/\/festival-of-lights.de\/de\/faq\/\"]}]},{\"@type\":\"BreadcrumbList\",\"@id\":\"https:\/\/festival-of-lights.de\/de\/faq\/#breadcrumb\",\"itemListElement\":[{\"@type\":\"ListItem\",\"position\":1,\"name\":\"Startseite\",\"item\":\"https:\/\/festival-of-lights.de\/de\/\"},{\"@type\":\"ListItem\",\"position\":2,\"name\":\"FAQ\"}]},{\"@type\":\"WebSite\",\"@id\":\"https:\/\/festival-of-lights.de\/de\/#website\",\"url\":\"https:\/\/festival-of-lights.de\/de\/\",\"name\":\"Festival of Lights Berlin\",\"description\":\"\",\"publisher\":{\"@id\":\"https:\/\/festival-of-lights.de\/de\/#organization\"},\"potentialAction\":[{\"@type\":\"SearchAction\",\"target\":{\"@type\":\"EntryPoint\",\"urlTemplate\":\"https:\/\/festival-of-lights.de\/de\/?s={search_term_string}\"},\"query-input\":{\"@type\":\"PropertyValueSpecification\",\"valueRequired\":true,\"valueName\":\"search_term_string\"}}],\"inLanguage\":\"de\"},{\"@type\":\"Organization\",\"@id\":\"https:\/\/festival-of-lights.de\/de\/#organization\",\"name\":\"Festival of Lights\",\"url\":\"https:\/\/festival-of-lights.de\/de\/\",\"logo\":{\"@type\":\"ImageObject\",\"inLanguage\":\"de\",\"@id\":\"https:\/\/festival-of-lights.de\/de\/#\/schema\/logo\/image\/\",\"url\":\"https:\/\/festival-of-lights.de\/wp-content\/uploads\/2023\/08\/cropped-logo.png\",\"contentUrl\":\"https:\/\/festival-of-lights.de\/wp-content\/uploads\/2023\/08\/cropped-logo.png\",\"width\":230,\"height\":230,\"caption\":\"Festival of Lights\"},\"image\":{\"@id\":\"https:\/\/festival-of-lights.de\/de\/#\/schema\/logo\/image\/\"},\"sameAs\":[\"https:\/\/www.facebook.com\/FestivalOfLights\",\"https:\/\/www.tiktok.com\/@berlinfestivaloflights\",\"https:\/\/www.instagram.com\/berlinfestivaloflights\"]}]}<\/script>\n<!-- \/ Yoast SEO plugin. -->","yoast_head_json":{"title":"FAQ - Festival of Lights","robots":{"index":"index","follow":"follow","max-snippet":"max-snippet:-1","max-image-preview":"max-image-preview:large","max-video-preview":"max-video-preview:-1"},"canonical":"https:\/\/festival-of-lights.de\/de\/faq\/","og_locale":"de_DE","og_type":"article","og_title":"FAQ - Festival of Lights","og_url":"https:\/\/festival-of-lights.de\/de\/faq\/","og_site_name":"Festival of Lights","article_publisher":"https:\/\/www.facebook.com\/FestivalOfLights","article_modified_time":"2025-10-10T10:59:21+00:00","twitter_card":"summary_large_image","schema":{"@context":"https:\/\/schema.org","@graph":[{"@type":"WebPage","@id":"https:\/\/festival-of-lights.de\/de\/faq\/","url":"https:\/\/festival-of-lights.de\/de\/faq\/","name":"FAQ - Festival of Lights","isPartOf":{"@id":"https:\/\/festival-of-lights.de\/de\/#website"},"datePublished":"2023-07-25T15:57:06+00:00","dateModified":"2025-10-10T10:59:21+00:00","breadcrumb":{"@id":"https:\/\/festival-of-lights.de\/de\/faq\/#breadcrumb"},"inLanguage":"de","potentialAction":[{"@type":"ReadAction","target":["https:\/\/festival-of-lights.de\/de\/faq\/"]}]},{"@type":"BreadcrumbList","@id":"https:\/\/festival-of-lights.de\/de\/faq\/#breadcrumb","itemListElement":[{"@type":"ListItem","position":1,"name":"Startseite","item":"https:\/\/festival-of-lights.de\/de\/"},{"@type":"ListItem","position":2,"name":"FAQ"}]},{"@type":"WebSite","@id":"https:\/\/festival-of-lights.de\/de\/#website","url":"https:\/\/festival-of-lights.de\/de\/","name":"Festival of Lights Berlin","description":"","publisher":{"@id":"https:\/\/festival-of-lights.de\/de\/#organization"},"potentialAction":[{"@type":"SearchAction","target":{"@type":"EntryPoint","urlTemplate":"https:\/\/festival-of-lights.de\/de\/?s={search_term_string}"},"query-input":{"@type":"PropertyValueSpecification","valueRequired":true,"valueName":"search_term_string"}}],"inLanguage":"de"},{"@type":"Organization","@id":"https:\/\/festival-of-lights.de\/de\/#organization","name":"Festival of Lights","url":"https:\/\/festival-of-lights.de\/de\/","logo":{"@type":"ImageObject","inLanguage":"de","@id":"https:\/\/festival-of-lights.de\/de\/#\/schema\/logo\/image\/","url":"https:\/\/festival-of-lights.de\/wp-content\/uploads\/2023\/08\/cropped-logo.png","contentUrl":"https:\/\/festival-of-lights.de\/wp-content\/uploads\/2023\/08\/cropped-logo.png","width":230,"height":230,"caption":"Festival of Lights"},"image":{"@id":"https:\/\/festival-of-lights.de\/de\/#\/schema\/logo\/image\/"},"sameAs":["https:\/\/www.facebook.com\/FestivalOfLights","https:\/\/www.tiktok.com\/@berlinfestivaloflights","https:\/\/www.instagram.com\/berlinfestivaloflights"]}]}},"_links":{"self":[{"href":"https:\/\/festival-of-lights.de\/de\/wp-json\/wp\/v2\/pages\/33535","targetHints":{"allow":["GET"]}}],"collection":[{"href":"https:\/\/festival-of-lights.de\/de\/wp-json\/wp\/v2\/pages"}],"about":[{"href":"https:\/\/festival-of-lights.de\/de\/wp-json\/wp\/v2\/types\/page"}],"author":[{"embeddable":true,"href":"https:\/\/festival-of-lights.de\/de\/wp-json\/wp\/v2\/users\/1"}],"replies":[{"embeddable":true,"href":"https:\/\/festival-of-lights.de\/de\/wp-json\/wp\/v2\/comments?post=33535"}],"version-history":[{"count":51,"href":"https:\/\/festival-of-lights.de\/de\/wp-json\/wp\/v2\/pages\/33535\/revisions"}],"predecessor-version":[{"id":59061,"href":"https:\/\/festival-of-lights.de\/de\/wp-json\/wp\/v2\/pages\/33535\/revisions\/59061"}],"wp:attachment":[{"href":"https:\/\/festival-of-lights.de\/de\/wp-json\/wp\/v2\/media?parent=33535"}],"curies":[{"name":"wp","href":"https:\/\/api.w.org\/{rel}","templated":true}]}}