{"id":33614,"date":"2023-07-25T18:40:12","date_gmt":"2023-07-25T16:40:12","guid":{"rendered":"http:\/\/festival-of-lights.de\/?page_id=33614"},"modified":"2025-12-01T11:44:26","modified_gmt":"2025-12-01T09:44:26","slug":"postdamer-platz","status":"publish","type":"page","link":"https:\/\/festival-of-lights.de\/de\/galerie-festival-of-lights\/postdamer-platz\/","title":{"rendered":"Postdamer Platz"},"content":{"rendered":"<section class=\"module-spacer bg-bg-darkBlue pt-10 md:pt-14 xl:pt-20\">\n<\/section>\n\n<section class=\"basic-content-module bg-bg-darkBlue text-text-default\">\n  <div class=\"px-xs py-md lg:py-2xl aniMe text-intro dark:!bg-transparent dark:!text-white text-left\">\n            <div class=\"mx-auto max-w-content basic-content-module__headline\"><h2 class='grayscale-overlay relative headline-element align-left text-h3 font-bold md:text-h1 lg:text-[128px] mb-4 md:mb-4 z-0 basic-content-module__headline-big'>\n    \n    <span class='relative align-left text-h3 font-bold md:text-h1 lg:text-[128px] mb-4 md:mb-4 z-0 basic-content-module__headline-big'>\n    <span class='absolute top-0 left-0 z-0 -translate-x-1\/2 -translate-y-1\/2 light w-[300px] h-[300px]'>\n    <svg class='w-full h-full ' xmlns='http:\/\/www.w3.org\/2000\/svg' width='542' height='542' viewBox='0 0 542 542' fill='none'>\n      <g filter='url(#filter0_f_569_1018)'>\n        <circle cx='271' cy='271' r='121' fill='#9AE8FF' fill-opacity='0.5'\/>\n      <\/g>\n      <defs>\n        <filter id='filter0_f_569_1018' x='0' y='0' width='542' height='542' filterUnits='userSpaceOnUse' color-interpolation-filters='sRGB'>\n          <feFlood flood-opacity='0' result='BackgroundImageFix'\/>\n          <feBlend mode='normal' in='SourceGraphic' in2='BackgroundImageFix' result='shape'\/>\n          <feGaussianBlur stdDeviation='75' result='effect1_foregroundBlur_569_1018'\/>\n        <\/filter>\n      <\/defs>\n    <\/svg>\n  <\/span>\n    Postdamer Platz<\/span>\n    <\/h2><\/div>\n                <div class=\"relative z-10 mx-auto max-w-content\">\n            <div class='text-element align- text-copy'><p>Ausgew\u00e4hlte Fotos und Videos der vergangenen Jahre:<\/p>\n<\/div>        <\/div>\n          <\/div>\n<\/section>\n\n<section class=\"bg-bg-darkBlue\">\n  <div class=\"gallery-wall-simple-section dark:!bg-transparent dark:!text-white\">\n    <div class=\"gallery-wall-simple relative mx-auto grid gallery-grid-cols-3 gap-1 md:gap-3 lg:gap-5 \">\n     \n      <div data-src=\"https:\/\/festival-of-lights.de\/wp-content\/uploads\/2025\/12\/0779_FOL2025_FH_klein.jpg\" data-sub-html=\".image-description\" class=\"gallery-image grayscale-mask relative aspect-video cursor-pointer \">\n        <img decoding=\"async\" loading=\"lazy\" src=\"https:\/\/festival-of-lights.de\/wp-content\/uploads\/2025\/12\/0779_FOL2025_FH_klein-768x420.jpg\" class=\"object-cover object-center w-full h-full image grayscale-overlay\" alt=\"\">            <\/div>\n           \n      <div data-src=\"https:\/\/festival-of-lights.de\/wp-content\/uploads\/2025\/12\/0039_FOL2025_FH1_klein.jpg\" data-sub-html=\".image-description\" class=\"gallery-image grayscale-mask relative aspect-video cursor-pointer \">\n        <img decoding=\"async\" loading=\"lazy\" src=\"https:\/\/festival-of-lights.de\/wp-content\/uploads\/2025\/12\/0039_FOL2025_FH1_klein-768x512.jpg\" class=\"object-cover object-center w-full h-full image grayscale-overlay\" alt=\"\">            <\/div>\n           \n      <div data-src=\"https:\/\/festival-of-lights.de\/wp-content\/uploads\/2025\/12\/0071_FOL2025_FH_klein.jpg\" data-sub-html=\".image-description\" class=\"gallery-image grayscale-mask relative aspect-video cursor-pointer \">\n        <img decoding=\"async\" loading=\"lazy\" src=\"https:\/\/festival-of-lights.de\/wp-content\/uploads\/2025\/12\/0071_FOL2025_FH_klein-768x512.jpg\" class=\"object-cover object-center w-full h-full image grayscale-overlay\" alt=\"\">            <\/div>\n           \n      <div data-src=\"https:\/\/festival-of-lights.de\/wp-content\/uploads\/2025\/12\/0605_FOL2025_FH-low-res.jpg\" data-sub-html=\".image-description\" class=\"gallery-image grayscale-mask relative aspect-video cursor-pointer \">\n        <img decoding=\"async\" loading=\"lazy\" src=\"https:\/\/festival-of-lights.de\/wp-content\/uploads\/2025\/12\/0605_FOL2025_FH-low-res-768x512.jpg\" class=\"object-cover object-center w-full h-full image grayscale-overlay\" alt=\"\">            <\/div>\n           \n      <div data-src=\"https:\/\/festival-of-lights.de\/wp-content\/uploads\/2025\/12\/0626_FOL2025_FH_klein.jpg\" data-sub-html=\".image-description\" class=\"gallery-image grayscale-mask relative aspect-video cursor-pointer \">\n        <img decoding=\"async\" loading=\"lazy\" src=\"https:\/\/festival-of-lights.de\/wp-content\/uploads\/2025\/12\/0626_FOL2025_FH_klein.jpg\" class=\"object-cover object-center w-full h-full image grayscale-overlay\" alt=\"\">            <\/div>\n           \n      <div data-src=\"https:\/\/festival-of-lights.de\/wp-content\/uploads\/2025\/12\/0646_FOL2025_FH_klein.jpg\" data-sub-html=\".image-description\" class=\"gallery-image grayscale-mask relative aspect-video cursor-pointer \">\n        <img decoding=\"async\" loading=\"lazy\" src=\"https:\/\/festival-of-lights.de\/wp-content\/uploads\/2025\/12\/0646_FOL2025_FH_klein-768x505.jpg\" class=\"object-cover object-center w-full h-full image grayscale-overlay\" alt=\"\">            <\/div>\n           \n      <div data-src=\"https:\/\/festival-of-lights.de\/wp-content\/uploads\/2025\/12\/0600_FOL2025_FH-low-res.jpg\" data-sub-html=\".image-description\" class=\"gallery-image grayscale-mask relative aspect-video cursor-pointer \">\n        <img decoding=\"async\" loading=\"lazy\" src=\"https:\/\/festival-of-lights.de\/wp-content\/uploads\/2025\/12\/0600_FOL2025_FH-low-res-768x512.jpg\" class=\"object-cover object-center w-full h-full image grayscale-overlay\" alt=\"\">            <\/div>\n           \n      <div data-src=\"https:\/\/festival-of-lights.de\/wp-content\/uploads\/2025\/12\/0068_FOL2025_FH_klein.jpg\" data-sub-html=\".image-description\" class=\"gallery-image grayscale-mask relative aspect-video cursor-pointer \">\n        <img decoding=\"async\" loading=\"lazy\" src=\"https:\/\/festival-of-lights.de\/wp-content\/uploads\/2025\/12\/0068_FOL2025_FH_klein-768x512.jpg\" class=\"object-cover object-center w-full h-full image grayscale-overlay\" alt=\"\">            <\/div>\n           \n      <div data-src=\"https:\/\/festival-of-lights.de\/wp-content\/uploads\/2024\/10\/1008_FoL2024_FH-scaled.jpg\" data-sub-html=\".image-description\" class=\"gallery-image grayscale-mask relative aspect-video cursor-pointer \">\n        <img decoding=\"async\" loading=\"lazy\" src=\"https:\/\/festival-of-lights.de\/wp-content\/uploads\/2024\/10\/1008_FoL2024_FH-768x512.jpg\" class=\"object-cover object-center w-full h-full image grayscale-overlay\" alt=\"\">            <\/div>\n           \n      <div data-src=\"https:\/\/festival-of-lights.de\/wp-content\/uploads\/2024\/10\/41-scaled.jpg\" data-sub-html=\".image-description\" class=\"gallery-image grayscale-mask relative aspect-video cursor-pointer \">\n        <img decoding=\"async\" loading=\"lazy\" src=\"https:\/\/festival-of-lights.de\/wp-content\/uploads\/2024\/10\/41-768x512.jpg\" class=\"object-cover object-center w-full h-full image grayscale-overlay\" alt=\"\">            <\/div>\n           \n      <div data-src=\"https:\/\/festival-of-lights.de\/wp-content\/uploads\/2024\/10\/40-scaled.jpg\" data-sub-html=\".image-description\" class=\"gallery-image grayscale-mask relative aspect-video cursor-pointer \">\n        <img decoding=\"async\" loading=\"lazy\" src=\"https:\/\/festival-of-lights.de\/wp-content\/uploads\/2024\/10\/40-768x512.jpg\" class=\"object-cover object-center w-full h-full image grayscale-overlay\" alt=\"\">            <\/div>\n           \n      <div data-src=\"https:\/\/festival-of-lights.de\/wp-content\/uploads\/2024\/10\/43-scaled.jpg\" data-sub-html=\".image-description\" class=\"gallery-image grayscale-mask relative aspect-video cursor-pointer \">\n        <img decoding=\"async\" loading=\"lazy\" src=\"https:\/\/festival-of-lights.de\/wp-content\/uploads\/2024\/10\/43-768x512.jpg\" class=\"object-cover object-center w-full h-full image grayscale-overlay\" alt=\"\">            <\/div>\n           \n      <div data-src=\"https:\/\/festival-of-lights.de\/wp-content\/uploads\/2024\/10\/44-scaled.jpg\" data-sub-html=\".image-description\" class=\"gallery-image grayscale-mask relative aspect-video cursor-pointer \">\n        <img decoding=\"async\" loading=\"lazy\" src=\"https:\/\/festival-of-lights.de\/wp-content\/uploads\/2024\/10\/44-768x512.jpg\" class=\"object-cover object-center w-full h-full image grayscale-overlay\" alt=\"\">            <\/div>\n           \n      <div data-src=\"https:\/\/festival-of-lights.de\/wp-content\/uploads\/2023\/10\/23.-Forum-Tower-Piano-Haus-scaled.jpg\" data-sub-html=\".image-description\" class=\"gallery-image grayscale-mask relative aspect-video cursor-pointer \">\n        <img decoding=\"async\" loading=\"lazy\" src=\"https:\/\/festival-of-lights.de\/wp-content\/uploads\/2023\/10\/23.-Forum-Tower-Piano-Haus-768x512.jpg\" class=\"object-cover object-center w-full h-full image grayscale-overlay\" alt=\"\">            <\/div>\n           \n      <div data-src=\"https:\/\/festival-of-lights.de\/wp-content\/uploads\/2023\/10\/22.-Kolhoff-Tower-scaled.jpg\" data-sub-html=\".image-description\" class=\"gallery-image grayscale-mask relative aspect-video cursor-pointer \">\n        <img decoding=\"async\" loading=\"lazy\" src=\"https:\/\/festival-of-lights.de\/wp-content\/uploads\/2023\/10\/22.-Kolhoff-Tower-768x512.jpg\" class=\"object-cover object-center w-full h-full image grayscale-overlay\" alt=\"\">            <\/div>\n           \n      <div data-src=\"https:\/\/festival-of-lights.de\/wp-content\/uploads\/2023\/10\/2476_FoL23_FH-scaled.jpg\" data-sub-html=\".image-description\" class=\"gallery-image grayscale-mask relative aspect-video cursor-pointer \">\n        <img decoding=\"async\" loading=\"lazy\" src=\"https:\/\/festival-of-lights.de\/wp-content\/uploads\/2023\/10\/2476_FoL23_FH-768x512.jpg\" class=\"object-cover object-center w-full h-full image grayscale-overlay\" alt=\"\">            <\/div>\n           \n      <div data-src=\"https:\/\/festival-of-lights.de\/wp-content\/uploads\/2023\/10\/24.-Potsdamer-Platz-\u2013-Bodenprojektion-scaled.jpg\" data-sub-html=\".image-description\" class=\"gallery-image grayscale-mask relative aspect-video cursor-pointer \">\n        <img decoding=\"async\" loading=\"lazy\" src=\"https:\/\/festival-of-lights.de\/wp-content\/uploads\/2023\/10\/24.-Potsdamer-Platz-\u2013-Bodenprojektion-768x512.jpg\" class=\"object-cover object-center w-full h-full image grayscale-overlay\" alt=\"\">            <\/div>\n           \n      <div data-src=\"https:\/\/festival-of-lights.de\/wp-content\/uploads\/2023\/10\/25.-Alte-Potsdamer-Strasse-\u2013-Strassenzug-scaled.jpg\" data-sub-html=\".image-description\" class=\"gallery-image grayscale-mask relative aspect-video cursor-pointer \">\n        <img decoding=\"async\" loading=\"lazy\" src=\"https:\/\/festival-of-lights.de\/wp-content\/uploads\/2023\/10\/25.-Alte-Potsdamer-Strasse-\u2013-Strassenzug-768x512.jpg\" class=\"object-cover object-center w-full h-full image grayscale-overlay\" alt=\"\">            <\/div>\n           \n      <div data-src=\"https:\/\/festival-of-lights.de\/wp-content\/uploads\/2023\/08\/The_Playce_FoL2022_FH-57-1024x683-1.jpg\" data-sub-html=\".image-description\" class=\"gallery-image grayscale-mask relative aspect-video cursor-pointer \">\n        <img decoding=\"async\" loading=\"lazy\" src=\"https:\/\/festival-of-lights.de\/wp-content\/uploads\/2023\/08\/The_Playce_FoL2022_FH-57-1024x683-1-768x512.jpg\" class=\"object-cover object-center w-full h-full image grayscale-overlay\" alt=\"\">            <\/div>\n           \n      <div data-src=\"https:\/\/festival-of-lights.de\/wp-content\/uploads\/2023\/08\/Lightbattle_FoL2022_FH-11-1-1024x683-1.jpg\" data-sub-html=\".image-description\" class=\"gallery-image grayscale-mask relative aspect-video cursor-pointer \">\n        <img decoding=\"async\" loading=\"lazy\" src=\"https:\/\/festival-of-lights.de\/wp-content\/uploads\/2023\/08\/Lightbattle_FoL2022_FH-11-1-1024x683-1-768x512.jpg\" class=\"object-cover object-center w-full h-full image grayscale-overlay\" alt=\"\">            <\/div>\n           \n      <div data-src=\"https:\/\/festival-of-lights.de\/wp-content\/uploads\/2023\/08\/Piano-See_FoL2022_FH-25-1-1024x683-1.jpg\" data-sub-html=\".image-description\" class=\"gallery-image grayscale-mask relative aspect-video cursor-pointer \">\n        <img decoding=\"async\" loading=\"lazy\" src=\"https:\/\/festival-of-lights.de\/wp-content\/uploads\/2023\/08\/Piano-See_FoL2022_FH-25-1-1024x683-1-768x512.jpg\" class=\"object-cover object-center w-full h-full image grayscale-overlay\" alt=\"\">            <\/div>\n           \n      <div data-src=\"https:\/\/festival-of-lights.de\/wp-content\/uploads\/2023\/08\/Marlene_Dietrich_Platz_FoL2022_FH-4-1024x683-1.jpg\" data-sub-html=\".image-description\" class=\"gallery-image grayscale-mask relative aspect-video cursor-pointer \">\n        <img decoding=\"async\" loading=\"lazy\" src=\"https:\/\/festival-of-lights.de\/wp-content\/uploads\/2023\/08\/Marlene_Dietrich_Platz_FoL2022_FH-4-1024x683-1-768x512.jpg\" class=\"object-cover object-center w-full h-full image grayscale-overlay\" alt=\"\">            <\/div>\n           \n      <div data-src=\"https:\/\/festival-of-lights.de\/wp-content\/uploads\/2023\/08\/Haus_Huth_Durchgang_FoL2022_FH-7-1-1024x683-1.jpg\" data-sub-html=\".image-description\" class=\"gallery-image grayscale-mask relative aspect-video cursor-pointer \">\n        <img decoding=\"async\" loading=\"lazy\" src=\"https:\/\/festival-of-lights.de\/wp-content\/uploads\/2023\/08\/Haus_Huth_Durchgang_FoL2022_FH-7-1-1024x683-1-768x512.jpg\" class=\"object-cover object-center w-full h-full image grayscale-overlay\" alt=\"\">            <\/div>\n           \n      <div data-src=\"https:\/\/festival-of-lights.de\/wp-content\/uploads\/2023\/08\/Panorama-pp.png\" data-sub-html=\".image-description\" class=\"gallery-image grayscale-mask relative aspect-video cursor-pointer \">\n        <img decoding=\"async\" loading=\"lazy\" src=\"https:\/\/festival-of-lights.de\/wp-content\/uploads\/2023\/08\/Panorama-pp-768x291.png\" class=\"object-cover object-center w-full h-full image grayscale-overlay\" alt=\"\">            <\/div>\n           \n      <div data-src=\"https:\/\/festival-of-lights.de\/wp-content\/uploads\/2023\/08\/PPplatz.png\" data-sub-html=\".image-description\" class=\"gallery-image grayscale-mask relative aspect-video cursor-pointer \">\n        <img decoding=\"async\" loading=\"lazy\" src=\"https:\/\/festival-of-lights.de\/wp-content\/uploads\/2023\/08\/PPplatz-768x291.png\" class=\"object-cover object-center w-full h-full image grayscale-overlay\" alt=\"\">            <\/div>\n           \n      <div data-src=\"https:\/\/festival-of-lights.de\/wp-content\/uploads\/2023\/08\/Panorama-ritzp5.png\" data-sub-html=\".image-description\" class=\"gallery-image grayscale-mask relative aspect-video cursor-pointer \">\n        <img decoding=\"async\" loading=\"lazy\" src=\"https:\/\/festival-of-lights.de\/wp-content\/uploads\/2023\/08\/Panorama-ritzp5-768x291.png\" class=\"object-cover object-center w-full h-full image grayscale-overlay\" alt=\"\">            <\/div>\n           \n      <div data-src=\"https:\/\/festival-of-lights.de\/wp-content\/uploads\/2023\/08\/00255-FOL21_FU-1024x682-1.jpg\" data-sub-html=\".image-description\" class=\"gallery-image grayscale-mask relative aspect-video cursor-pointer \">\n        <img decoding=\"async\" loading=\"lazy\" src=\"https:\/\/festival-of-lights.de\/wp-content\/uploads\/2023\/08\/00255-FOL21_FU-1024x682-1-768x512.jpg\" class=\"object-cover object-center w-full h-full image grayscale-overlay\" alt=\"\">            <\/div>\n           \n      <div data-src=\"https:\/\/festival-of-lights.de\/wp-content\/uploads\/2023\/10\/32.-Piano-See-scaled.jpg\" data-sub-html=\".image-description\" class=\"gallery-image grayscale-mask relative aspect-video cursor-pointer \">\n        <img decoding=\"async\" loading=\"lazy\" src=\"https:\/\/festival-of-lights.de\/wp-content\/uploads\/2023\/10\/32.-Piano-See-768x512.jpg\" class=\"object-cover object-center w-full h-full image grayscale-overlay\" alt=\"\">            <\/div>\n           \n      <div data-src=\"https:\/\/festival-of-lights.de\/wp-content\/uploads\/2023\/08\/00258-FOL21_FU-1-1024x681-1.jpg\" data-sub-html=\".image-description\" class=\"gallery-image grayscale-mask relative aspect-video cursor-pointer \">\n        <img decoding=\"async\" loading=\"lazy\" src=\"https:\/\/festival-of-lights.de\/wp-content\/uploads\/2023\/08\/00258-FOL21_FU-1-1024x681-1-768x511.jpg\" class=\"object-cover object-center w-full h-full image grayscale-overlay\" alt=\"\">            <\/div>\n           \n      <div data-src=\"https:\/\/festival-of-lights.de\/wp-content\/uploads\/2023\/08\/00256-FOL21_FU-1024x682-1.jpg\" data-sub-html=\".image-description\" class=\"gallery-image grayscale-mask relative aspect-video cursor-pointer \">\n        <img decoding=\"async\" loading=\"lazy\" src=\"https:\/\/festival-of-lights.de\/wp-content\/uploads\/2023\/08\/00256-FOL21_FU-1024x682-1-768x512.jpg\" class=\"object-cover object-center w-full h-full image grayscale-overlay\" alt=\"\">            <\/div>\n           \n      <div data-src=\"https:\/\/festival-of-lights.de\/wp-content\/uploads\/2023\/08\/00889-FOL21_FU-1024x681-1.jpg\" data-sub-html=\".image-description\" class=\"gallery-image grayscale-mask relative aspect-video cursor-pointer \">\n        <img decoding=\"async\" loading=\"lazy\" src=\"https:\/\/festival-of-lights.de\/wp-content\/uploads\/2023\/08\/00889-FOL21_FU-1024x681-1-768x511.jpg\" class=\"object-cover object-center w-full h-full image grayscale-overlay\" alt=\"\">            <\/div>\n           \n      <div data-src=\"https:\/\/festival-of-lights.de\/wp-content\/uploads\/2023\/08\/Potsdamer-Platz-Panorama-2020-1-1024x469-1.jpg\" data-sub-html=\".image-description\" class=\"gallery-image grayscale-mask relative aspect-video cursor-pointer \">\n        <img decoding=\"async\" loading=\"lazy\" src=\"https:\/\/festival-of-lights.de\/wp-content\/uploads\/2023\/08\/Potsdamer-Platz-Panorama-2020-1-1024x469-1-768x352.jpg\" class=\"object-cover object-center w-full h-full image grayscale-overlay\" alt=\"\">            <\/div>\n           \n      <div data-src=\"https:\/\/festival-of-lights.de\/wp-content\/uploads\/2023\/08\/0673_FoL2020_FH-1024x683-1.jpg\" data-sub-html=\".image-description\" class=\"gallery-image grayscale-mask relative aspect-video cursor-pointer \">\n        <img decoding=\"async\" loading=\"lazy\" src=\"https:\/\/festival-of-lights.de\/wp-content\/uploads\/2023\/08\/0673_FoL2020_FH-1024x683-1-768x512.jpg\" class=\"object-cover object-center w-full h-full image grayscale-overlay\" alt=\"\">            <\/div>\n           \n      <div data-src=\"https:\/\/festival-of-lights.de\/wp-content\/uploads\/2023\/08\/Forum-Kollhoff-Tower-2020-FH-1-1024x705-1.jpg\" data-sub-html=\".image-description\" class=\"gallery-image grayscale-mask relative aspect-video cursor-pointer \">\n        <img decoding=\"async\" loading=\"lazy\" src=\"https:\/\/festival-of-lights.de\/wp-content\/uploads\/2023\/08\/Forum-Kollhoff-Tower-2020-FH-1-1024x705-1-768x529.jpg\" class=\"object-cover object-center w-full h-full image grayscale-overlay\" alt=\"\">            <\/div>\n           \n      <div data-src=\"https:\/\/festival-of-lights.de\/wp-content\/uploads\/2023\/08\/2015_Marlene-Dietrich-Platz_AngelsofFreedom_FH-2-e1575535353662-1024x576-1.jpg\" data-sub-html=\".image-description\" class=\"gallery-image grayscale-mask relative aspect-video cursor-pointer \">\n        <img decoding=\"async\" loading=\"lazy\" src=\"https:\/\/festival-of-lights.de\/wp-content\/uploads\/2023\/08\/2015_Marlene-Dietrich-Platz_AngelsofFreedom_FH-2-e1575535353662-1024x576-1-768x432.jpg\" class=\"object-cover object-center w-full h-full image grayscale-overlay\" alt=\"\">            <\/div>\n           \n      <div data-src=\"https:\/\/festival-of-lights.de\/wp-content\/uploads\/2023\/08\/0277_FoL2020_FH-1024x683-1.jpg\" data-sub-html=\".image-description\" class=\"gallery-image grayscale-mask relative aspect-video cursor-pointer \">\n        <img decoding=\"async\" loading=\"lazy\" src=\"https:\/\/festival-of-lights.de\/wp-content\/uploads\/2023\/08\/0277_FoL2020_FH-1024x683-1-768x512.jpg\" class=\"object-cover object-center w-full h-full image grayscale-overlay\" alt=\"\">            <\/div>\n           \n      <div data-src=\"https:\/\/festival-of-lights.de\/wp-content\/uploads\/2023\/08\/Galerie_0257_FoL2020_FH-1024x683-1.jpg\" data-sub-html=\".image-description\" class=\"gallery-image grayscale-mask relative aspect-video cursor-pointer \">\n        <img decoding=\"async\" loading=\"lazy\" src=\"https:\/\/festival-of-lights.de\/wp-content\/uploads\/2023\/08\/Galerie_0257_FoL2020_FH-1024x683-1-768x512.jpg\" class=\"object-cover object-center w-full h-full image grayscale-overlay\" alt=\"\">            <\/div>\n           \n      <div data-src=\"https:\/\/festival-of-lights.de\/wp-content\/uploads\/2023\/08\/1535_FoL19_FH-e1575536148242-1024x767-1.jpg\" data-sub-html=\".image-description\" class=\"gallery-image grayscale-mask relative aspect-video cursor-pointer \">\n        <img decoding=\"async\" loading=\"lazy\" src=\"https:\/\/festival-of-lights.de\/wp-content\/uploads\/2023\/08\/1535_FoL19_FH-e1575536148242-1024x767-1-768x575.jpg\" class=\"object-cover object-center w-full h-full image grayscale-overlay\" alt=\"\">            <\/div>\n           \n      <div data-src=\"https:\/\/festival-of-lights.de\/wp-content\/uploads\/2023\/08\/0726_FoL2016_FH-e1575535656995-1024x577-1.jpg\" data-sub-html=\".image-description\" class=\"gallery-image grayscale-mask relative aspect-video cursor-pointer \">\n        <img decoding=\"async\" loading=\"lazy\" src=\"https:\/\/festival-of-lights.de\/wp-content\/uploads\/2023\/08\/0726_FoL2016_FH-e1575535656995-1024x577-1-768x433.jpg\" class=\"object-cover object-center w-full h-full image grayscale-overlay\" alt=\"\">            <\/div>\n           \n      <div data-src=\"https:\/\/festival-of-lights.de\/wp-content\/uploads\/2023\/08\/1498_FoL19_FH-e1575536084327-1024x770-1.jpg\" data-sub-html=\".image-description\" class=\"gallery-image grayscale-mask relative aspect-video cursor-pointer \">\n        <img decoding=\"async\" loading=\"lazy\" src=\"https:\/\/festival-of-lights.de\/wp-content\/uploads\/2023\/08\/1498_FoL19_FH-e1575536084327-1024x770-1-768x578.jpg\" class=\"object-cover object-center w-full h-full image grayscale-overlay\" alt=\"\">            <\/div>\n           \n      <div data-src=\"https:\/\/festival-of-lights.de\/wp-content\/uploads\/2023\/08\/00220-FOL19_FU-1-1-e1575477622934-1024x577-1.jpg\" data-sub-html=\".image-description\" class=\"gallery-image grayscale-mask relative aspect-video cursor-pointer \">\n        <img decoding=\"async\" loading=\"lazy\" src=\"https:\/\/festival-of-lights.de\/wp-content\/uploads\/2023\/08\/00220-FOL19_FU-1-1-e1575477622934-1024x577-1-768x433.jpg\" class=\"object-cover object-center w-full h-full image grayscale-overlay\" alt=\"\">            <\/div>\n           \n      <div data-src=\"https:\/\/festival-of-lights.de\/wp-content\/uploads\/2023\/08\/1438_FoL19_FH-e1575477908475-1024x767-1.jpg\" data-sub-html=\".image-description\" class=\"gallery-image grayscale-mask relative aspect-video cursor-pointer \">\n        <img decoding=\"async\" loading=\"lazy\" src=\"https:\/\/festival-of-lights.de\/wp-content\/uploads\/2023\/08\/1438_FoL19_FH-e1575477908475-1024x767-1-768x575.jpg\" class=\"object-cover object-center w-full h-full image grayscale-overlay\" alt=\"\">            <\/div>\n           \n      <div data-src=\"https:\/\/festival-of-lights.de\/wp-content\/uploads\/2023\/08\/2018_PotsdamerPlatz_Panorama_270_FH-e1575478426602-1024x768-1.jpg\" data-sub-html=\".image-description\" class=\"gallery-image grayscale-mask relative aspect-video cursor-pointer \">\n        <img decoding=\"async\" loading=\"lazy\" src=\"https:\/\/festival-of-lights.de\/wp-content\/uploads\/2023\/08\/2018_PotsdamerPlatz_Panorama_270_FH-e1575478426602-1024x768-1-768x576.jpg\" class=\"object-cover object-center w-full h-full image grayscale-overlay\" alt=\"\">            <\/div>\n           \n      <div data-src=\"https:\/\/festival-of-lights.de\/wp-content\/uploads\/2023\/08\/2018_PotsdamerPlatz_Panorama_292_FH-e1575478459187-1024x768-1.jpg\" data-sub-html=\".image-description\" class=\"gallery-image grayscale-mask relative aspect-video cursor-pointer \">\n        <img decoding=\"async\" loading=\"lazy\" src=\"https:\/\/festival-of-lights.de\/wp-content\/uploads\/2023\/08\/2018_PotsdamerPlatz_Panorama_292_FH-e1575478459187-1024x768-1-768x576.jpg\" class=\"object-cover object-center w-full h-full image grayscale-overlay\" alt=\"\">            <\/div>\n           \n      <div data-src=\"https:\/\/festival-of-lights.de\/wp-content\/uploads\/2023\/10\/31.-Marlene-Dietrich-Platz-scaled.jpg\" data-sub-html=\".image-description\" class=\"gallery-image grayscale-mask relative aspect-video cursor-pointer \">\n        <img decoding=\"async\" loading=\"lazy\" src=\"https:\/\/festival-of-lights.de\/wp-content\/uploads\/2023\/10\/31.-Marlene-Dietrich-Platz-768x512.jpg\" class=\"object-cover object-center w-full h-full image grayscale-overlay\" alt=\"\">            <\/div>\n           \n      <div data-src=\"https:\/\/festival-of-lights.de\/wp-content\/uploads\/2025\/09\/HausHuth.png\" data-sub-html=\".image-description\" class=\"gallery-image grayscale-mask relative aspect-video cursor-pointer \">\n        <img decoding=\"async\" loading=\"lazy\" src=\"https:\/\/festival-of-lights.de\/wp-content\/uploads\/2025\/09\/HausHuth-768x1257.png\" class=\"object-cover object-center w-full h-full image grayscale-overlay\" alt=\"\">            <\/div>\n           \n      <div data-src=\"https:\/\/festival-of-lights.de\/wp-content\/uploads\/2025\/07\/HausHuth.png\" data-sub-html=\".image-description\" class=\"gallery-image grayscale-mask relative aspect-video cursor-pointer \">\n        <img decoding=\"async\" loading=\"lazy\" src=\"https:\/\/festival-of-lights.de\/wp-content\/uploads\/2025\/07\/HausHuth.png\" class=\"object-cover object-center w-full h-full image grayscale-overlay\" alt=\"\">            <\/div>\n           \n      <div data-src=\"https:\/\/festival-of-lights.de\/wp-content\/uploads\/2023\/10\/27.-Haus-Huth-\u2013-Tunnel-scaled.jpg\" data-sub-html=\".image-description\" class=\"gallery-image grayscale-mask relative aspect-video cursor-pointer \">\n        <img decoding=\"async\" loading=\"lazy\" src=\"https:\/\/festival-of-lights.de\/wp-content\/uploads\/2023\/10\/27.-Haus-Huth-\u2013-Tunnel-768x512.jpg\" class=\"object-cover object-center w-full h-full image grayscale-overlay\" alt=\"\">            <\/div>\n           \n      <div data-src=\"https:\/\/festival-of-lights.de\/wp-content\/uploads\/2023\/08\/0682_FoL2020_FH-1024x698-1.jpg\" data-sub-html=\".image-description\" class=\"gallery-image grayscale-mask relative aspect-video cursor-pointer \">\n        <img decoding=\"async\" loading=\"lazy\" src=\"https:\/\/festival-of-lights.de\/wp-content\/uploads\/2023\/08\/0682_FoL2020_FH-1024x698-1-768x524.jpg\" class=\"object-cover object-center w-full h-full image grayscale-overlay\" alt=\"\">            <\/div>\n           \n      <div data-src=\"https:\/\/festival-of-lights.de\/wp-content\/uploads\/2023\/08\/2015_HouseofCards_FH-14-e1575535502995-1024x577-1.jpg\" data-sub-html=\".image-description\" class=\"gallery-image grayscale-mask relative aspect-video cursor-pointer \">\n        <img decoding=\"async\" loading=\"lazy\" src=\"https:\/\/festival-of-lights.de\/wp-content\/uploads\/2023\/08\/2015_HouseofCards_FH-14-e1575535502995-1024x577-1-768x433.jpg\" class=\"object-cover object-center w-full h-full image grayscale-overlay\" alt=\"\">            <\/div>\n           \n      <div data-src=\"https:\/\/festival-of-lights.de\/wp-content\/uploads\/2023\/08\/Pinguinarmee_7_FH-e1575534830636-1024x574-1.jpg\" data-sub-html=\".image-description\" class=\"gallery-image grayscale-mask relative aspect-video cursor-pointer \">\n        <img decoding=\"async\" loading=\"lazy\" src=\"https:\/\/festival-of-lights.de\/wp-content\/uploads\/2023\/08\/Pinguinarmee_7_FH-e1575534830636-1024x574-1-768x431.jpg\" class=\"object-cover object-center w-full h-full image grayscale-overlay\" alt=\"\">            <\/div>\n           \n      <div data-src=\"https:\/\/festival-of-lights.de\/wp-content\/uploads\/2023\/08\/Pinguinarmee_4_FH-e1575534790269-1024x575-1.jpg\" data-sub-html=\".image-description\" class=\"gallery-image grayscale-mask relative aspect-video cursor-pointer \">\n        <img decoding=\"async\" loading=\"lazy\" src=\"https:\/\/festival-of-lights.de\/wp-content\/uploads\/2023\/08\/Pinguinarmee_4_FH-e1575534790269-1024x575-1-768x431.jpg\" class=\"object-cover object-center w-full h-full image grayscale-overlay\" alt=\"\">            <\/div>\n              <\/div>\n  <\/div>\n<\/section>\n\n<section class=\"module-spacer bg-bg-darkBlue pt-10 md:pt-14 xl:pt-20\">\n<\/section>\n\n<section class=\"video-module py-md bg-bg-darkBlue \">\n  <div class=\"mx-auto max-w-grid wrap px-xs dark:!bg-transparent dark:!text-white\">\n          <div class=\"relative hp-player aspect-video grayscale-mask aniMe \">\n        <iframe class=\"z-[1050] grayscale-overlay lazyVideo\" data-src=\"\/\/www.youtube-nocookie.com\/embed\/XqDUtfEM3lY?rel=0&#038;controls=1&#038;showinfo=0\" frameborder=\"0\" allowfullscreen allowtransparency>\n        <\/iframe>\n      <\/div>\n      <\/div>\n<\/section>\n\n<section class=\"basic-content-module bg-bg-darkBlue text-text-default\">\n  <div class=\"px-xs py-md lg:py-2xl aniMe text-intro dark:!bg-transparent dark:!text-white text-left\">\n            <div class=\"mx-auto max-w-content basic-content-module__headline\"><h2 class='grayscale-overlay relative headline-element align-left text-h3 font-bold md:text-h3 mb-4 md:mb-sm z-0'>\n    \n    <span class='relative align-left text-h3 font-bold md:text-h3 mb-4 md:mb-sm z-0'>\n    <span class='absolute top-0 left-0 z-0 -translate-x-1\/2 -translate-y-1\/2 light w-[300px] h-[300px]'>\n    <svg class='w-full h-full ' xmlns='http:\/\/www.w3.org\/2000\/svg' width='542' height='542' viewBox='0 0 542 542' fill='none'>\n      <g filter='url(#filter0_f_569_1018)'>\n        <circle cx='271' cy='271' r='121' fill='#9AE8FF' fill-opacity='0.5'\/>\n      <\/g>\n      <defs>\n        <filter id='filter0_f_569_1018' x='0' y='0' width='542' height='542' filterUnits='userSpaceOnUse' color-interpolation-filters='sRGB'>\n          <feFlood flood-opacity='0' result='BackgroundImageFix'\/>\n          <feBlend mode='normal' in='SourceGraphic' in2='BackgroundImageFix' result='shape'\/>\n          <feGaussianBlur stdDeviation='75' result='effect1_foregroundBlur_569_1018'\/>\n        <\/filter>\n      <\/defs>\n    <\/svg>\n  <\/span>\n    2023<\/span>\n    <\/h2><\/div>\n                <div class=\"relative z-10 mx-auto max-w-content\">\n            <div class='text-element align- text-copy'><p>Anl\u00e4sslich des 25-j\u00e4hrigen Jubil\u00e4ums pr\u00e4sentierte der Potsdamer Platz eine \u00e4u\u00dferst beeindruckende Projektionsinszenierung an seinem imposanten Eingang. Durch Geb\u00e4ude- und Bodenprojektionen verwandelte sich der Platz in ein strahlendes Kunstwerk. Die Besucher konnten in eine faszinierende Welt aus Farben, Ornamenten und Blumen eintauchen und den Potsdamer Platz in einem besonderen Glanz erleben.<\/p>\n<\/div>        <\/div>\n          <\/div>\n<\/section>\n\n<section class=\"text-image bg-bg-darkBlue text-text-default\">\n    <div class=\"dark:!text-white dark:!bg-transparent\">\n        <div class=\"container mx-auto max-w-screen-xl px-xs py-md text-image\">\n            <div class=\"mx-auto items-center grid text-copy md:grid-cols-2 gap-x-10 align-left\">\n                                    <div class=\"relative aniMe \"> \n                        <div class=\"relative hp-player aspect-video grayscale-mask\">\n                            <iframe class=\"z-[1050] grayscale-overlay lazyVideo\" data-src=\"\/\/www.youtube-nocookie.com\/embed\/D1jctL1zB4U?rel=0&#038;controls=0&#038;showinfo=0\" frameborder=\"0\" allowfullscreen allowtransparency>\n                            <\/iframe>\n                        <\/div>\n                    <\/div>\n                                    <div class=\"text-image__col1 py-4 lg:py-10 aniMe flex flex-col right\">\n                    <h3 class='grayscale-overlay relative headline-element align-left mb-4 md:mb-8'>\n    \n    <span class='relative align-left mb-4 md:mb-8'>\n    <span class='absolute top-0 left-0 z-0 -translate-x-1\/2 -translate-y-1\/2 light w-[300px] h-[300px]'>\n    <svg class='w-full h-full ' xmlns='http:\/\/www.w3.org\/2000\/svg' width='542' height='542' viewBox='0 0 542 542' fill='none'>\n      <g filter='url(#filter0_f_569_1018)'>\n        <circle cx='271' cy='271' r='121' fill='#9AE8FF' fill-opacity='0.5'\/>\n      <\/g>\n      <defs>\n        <filter id='filter0_f_569_1018' x='0' y='0' width='542' height='542' filterUnits='userSpaceOnUse' color-interpolation-filters='sRGB'>\n          <feFlood flood-opacity='0' result='BackgroundImageFix'\/>\n          <feBlend mode='normal' in='SourceGraphic' in2='BackgroundImageFix' result='shape'\/>\n          <feGaussianBlur stdDeviation='75' result='effect1_foregroundBlur_569_1018'\/>\n        <\/filter>\n      <\/defs>\n    <\/svg>\n  <\/span>\n    2022<\/span>\n    <\/h3><div class='text-element align-left '><p>Der Potsdamer Platz ist das urbane Herzst\u00fcck der dynamischen Berliner Gemeinschaft, ein Ort voller positiver Energie, der sich harmonisch in globale und lokale kulturelle Entwicklungen einf\u00fcgt. Das Festival pr\u00e4sentierte insgesamt 11 Lichtkunstinszenierungen zum Thema &#8218;Urban Nature&#8216;, darunter f\u00fcnf Meter hohe PEONIES mit zarten, farbenfrohen Lichtspielen, kunstvolle FLORAISONS in Form von Mohnblumen und B\u00e4ume, die im Stil des indischen Sommers beleuchtet wurden.<\/p>\n<\/div>                <\/div>\n            <\/div>\n        <\/div>\n    <\/div>\n<\/section>\n\n<section class=\"text-image bg-bg-darkBlue text-text-default\">\n    <div class=\"dark:!text-white dark:!bg-transparent\">\n        <div class=\"container mx-auto max-w-screen-xl px-xs py-md text-image\">\n            <div class=\"mx-auto items-center grid text-copy md:grid-cols-2 gap-x-10 align-left\">\n                                    <div class=\"relative aniMe order-1 mt-4 md:mt-8\"> \n                        <div class=\"relative hp-player aspect-video grayscale-mask\">\n                            <iframe class=\"z-[1050] grayscale-overlay lazyVideo\" data-src=\"\/\/www.youtube-nocookie.com\/embed\/koq0F0uBhGY?rel=0&#038;controls=0&#038;showinfo=0\" frameborder=\"0\" allowfullscreen allowtransparency>\n                            <\/iframe>\n                        <\/div>\n                    <\/div>\n                                    <div class=\"text-image__col1 py-4 lg:py-10 aniMe flex flex-col left\">\n                    <h3 class='grayscale-overlay relative headline-element align-left mb-4 md:mb-8'>\n    \n    <span class='relative align-left mb-4 md:mb-8'>\n    <span class='absolute top-0 left-0 z-0 -translate-x-1\/2 -translate-y-1\/2 light w-[300px] h-[300px]'>\n    <svg class='w-full h-full ' xmlns='http:\/\/www.w3.org\/2000\/svg' width='542' height='542' viewBox='0 0 542 542' fill='none'>\n      <g filter='url(#filter0_f_569_1018)'>\n        <circle cx='271' cy='271' r='121' fill='#9AE8FF' fill-opacity='0.5'\/>\n      <\/g>\n      <defs>\n        <filter id='filter0_f_569_1018' x='0' y='0' width='542' height='542' filterUnits='userSpaceOnUse' color-interpolation-filters='sRGB'>\n          <feFlood flood-opacity='0' result='BackgroundImageFix'\/>\n          <feBlend mode='normal' in='SourceGraphic' in2='BackgroundImageFix' result='shape'\/>\n          <feGaussianBlur stdDeviation='75' result='effect1_foregroundBlur_569_1018'\/>\n        <\/filter>\n      <\/defs>\n    <\/svg>\n  <\/span>\n    2021<\/span>\n    <\/h3><div class='text-element align-left '><p>&#8222;Creating Tomorrow&#8220; war das \u00fcbergreifende Motto aller Installationen am Potsdamer Platz, das in gro\u00dfen Buchstaben \u00fcber dem Platz prangte. Die Installationen erstreckten sich vom Hauptplatz \u00fcber die Alte Potsdamer Stra\u00dfe, den Marlene-Dietrich-Platz und den Pianosee.<\/p>\n<\/div>                <\/div>\n            <\/div>\n        <\/div>\n    <\/div>\n<\/section>\n\n<section class=\"text-image bg-bg-darkBlue text-text-default\">\n    <div class=\"dark:!text-white dark:!bg-transparent\">\n        <div class=\"container mx-auto max-w-screen-xl px-xs py-md text-image\">\n            <div class=\"mx-auto items-center grid text-copy md:grid-cols-2 gap-x-10 align-left\">\n                                    <div class=\"relative aniMe \"> \n                        <div class=\"relative hp-player aspect-video grayscale-mask\">\n                            <iframe class=\"z-[1050] grayscale-overlay lazyVideo\" data-src=\"\/\/www.youtube-nocookie.com\/embed\/PYt8Q6KmC1Y?rel=0&#038;controls=0&#038;showinfo=0\" frameborder=\"0\" allowfullscreen allowtransparency>\n                            <\/iframe>\n                        <\/div>\n                    <\/div>\n                                    <div class=\"text-image__col1 py-4 lg:py-10 aniMe flex flex-col right\">\n                    <div class='text-element align-left '><p>W\u00e4hrend des Er\u00f6ffnungswochenendes im Jahr 2021 war der Lichtgigant DUNDU ein weiterer herausragender Gast. DUNDU steht w\u00f6rtlich f\u00fcr &#8222;Du und Du&#8220; und verk\u00f6rpert somit ein starkes Statement in Zeiten, in denen Zusammengeh\u00f6rigkeit von gro\u00dfer Bedeutung ist. Dieser imposante Lichtgigant versetzt Menschen auf der ganzen Welt in Staunen und dient als m\u00e4chtige Leinwand, auf die die Besucher ihre Fantasien, Tr\u00e4ume und W\u00fcnsche projizieren k\u00f6nnen.<\/p>\n<\/div>                <\/div>\n            <\/div>\n        <\/div>\n    <\/div>\n<\/section>\n\n<section class=\"text-image bg-bg-darkBlue text-text-default\">\n    <div class=\"dark:!text-white dark:!bg-transparent\">\n        <div class=\"container mx-auto max-w-screen-xl px-xs py-md text-image\">\n            <div class=\"mx-auto items-center grid text-copy md:grid-cols-2 gap-x-10 align-left\">\n                                    <div class=\"relative aniMe order-1 mt-4 md:mt-8\"> \n                        <div class=\"relative hp-player aspect-video grayscale-mask\">\n                            <iframe class=\"z-[1050] grayscale-overlay lazyVideo\" data-src=\"\/\/www.youtube-nocookie.com\/embed\/LxUW2fhGdFQ?rel=0&#038;controls=0&#038;showinfo=0\" frameborder=\"0\" allowfullscreen allowtransparency>\n                            <\/iframe>\n                        <\/div>\n                    <\/div>\n                                    <div class=\"text-image__col1 py-4 lg:py-10 aniMe flex flex-col left\">\n                    <h3 class='grayscale-overlay relative headline-element align-left mb-4 md:mb-8'>\n    \n    <span class='relative align-left mb-4 md:mb-8'>\n    <span class='absolute top-0 left-0 z-0 -translate-x-1\/2 -translate-y-1\/2 light w-[300px] h-[300px]'>\n    <svg class='w-full h-full ' xmlns='http:\/\/www.w3.org\/2000\/svg' width='542' height='542' viewBox='0 0 542 542' fill='none'>\n      <g filter='url(#filter0_f_569_1018)'>\n        <circle cx='271' cy='271' r='121' fill='#9AE8FF' fill-opacity='0.5'\/>\n      <\/g>\n      <defs>\n        <filter id='filter0_f_569_1018' x='0' y='0' width='542' height='542' filterUnits='userSpaceOnUse' color-interpolation-filters='sRGB'>\n          <feFlood flood-opacity='0' result='BackgroundImageFix'\/>\n          <feBlend mode='normal' in='SourceGraphic' in2='BackgroundImageFix' result='shape'\/>\n          <feGaussianBlur stdDeviation='75' result='effect1_foregroundBlur_569_1018'\/>\n        <\/filter>\n      <\/defs>\n    <\/svg>\n  <\/span>\n    2020<\/span>\n    <\/h3><div class='text-element align-left '><p>Der Potsdamer Platz verwandelte sich erneut in ein beeindruckendes Gesamtkunstwerk. Die Highlights umfassten \u00fcberdimensionale Lichtskulpturen mit den Namen L.O.V.E. und UNITY, sowie beeindruckende Gro\u00dfprojektionen auf den Kollhoff- und Forumsturm. In der Alten Potsdamer Stra\u00dfe schm\u00fcckten 140 Lichtbl\u00fcten die Baumkronen, w\u00e4hrend leuchtende Schw\u00e4ne ein Ballett auf dem Piano-See auff\u00fchrten.<\/p>\n<\/div>                <\/div>\n            <\/div>\n        <\/div>\n    <\/div>\n<\/section>\n\n<section class=\"text-image bg-bg-darkBlue text-text-default\">\n    <div class=\"dark:!text-white dark:!bg-transparent\">\n        <div class=\"container mx-auto max-w-screen-xl px-xs py-md text-image\">\n            <div class=\"mx-auto items-center grid text-copy md:grid-cols-2 gap-x-10 align-left\">\n                                    <div class=\"relative aniMe \"> \n                        <div class=\"relative hp-player aspect-video grayscale-mask\">\n                            <iframe class=\"z-[1050] grayscale-overlay lazyVideo\" data-src=\"\/\/www.youtube-nocookie.com\/embed\/5MdhPf_w_Kw?rel=0&#038;controls=0&#038;showinfo=0\" frameborder=\"0\" allowfullscreen allowtransparency>\n                            <\/iframe>\n                        <\/div>\n                    <\/div>\n                                    <div class=\"text-image__col1 py-4 lg:py-10 aniMe flex flex-col right\">\n                    <h3 class='grayscale-overlay relative headline-element align-left mb-4 md:mb-8'>\n    \n    <span class='relative align-left mb-4 md:mb-8'>\n    <span class='absolute top-0 left-0 z-0 -translate-x-1\/2 -translate-y-1\/2 light w-[300px] h-[300px]'>\n    <svg class='w-full h-full ' xmlns='http:\/\/www.w3.org\/2000\/svg' width='542' height='542' viewBox='0 0 542 542' fill='none'>\n      <g filter='url(#filter0_f_569_1018)'>\n        <circle cx='271' cy='271' r='121' fill='#9AE8FF' fill-opacity='0.5'\/>\n      <\/g>\n      <defs>\n        <filter id='filter0_f_569_1018' x='0' y='0' width='542' height='542' filterUnits='userSpaceOnUse' color-interpolation-filters='sRGB'>\n          <feFlood flood-opacity='0' result='BackgroundImageFix'\/>\n          <feBlend mode='normal' in='SourceGraphic' in2='BackgroundImageFix' result='shape'\/>\n          <feGaussianBlur stdDeviation='75' result='effect1_foregroundBlur_569_1018'\/>\n        <\/filter>\n      <\/defs>\n    <\/svg>\n  <\/span>\n    2018<\/span>\n    <\/h3><div class='text-element align-left '><p>Eine einzigartige Panorama-Inszenierung mit der weltweit einzigen &#8222;World Championship of Projection Mapping&#8220; auf dem Kollhoff-Turm war einer der Festival-H\u00f6hepunkte 2018. Der Potsdamer Platz wurde zu seinem 20-j\u00e4hrigen Jubil\u00e4um mit k\u00fcnstlerischen Gro\u00dfprojektionen illuminiert.<\/p>\n<\/div>                <\/div>\n            <\/div>\n        <\/div>\n    <\/div>\n<\/section>\n\n<section class=\"basic-content-module bg-bg-darkBlue text-text-default\">\n  <div class=\"px-xs py-md lg:py-2xl aniMe text-intro dark:!bg-transparent dark:!text-white text-left\">\n            <div class=\"mx-auto max-w-content basic-content-module__headline\"><h2 class='grayscale-overlay relative headline-element align-left text-h3 font-bold md:text-h2 mb-4 md:mb-sm z-0'>\n    \n    <span class='relative align-left text-h3 font-bold md:text-h2 mb-4 md:mb-sm z-0'>\n    <span class='absolute top-0 left-0 z-0 -translate-x-1\/2 -translate-y-1\/2 light w-[300px] h-[300px]'>\n    <svg class='w-full h-full ' xmlns='http:\/\/www.w3.org\/2000\/svg' width='542' height='542' viewBox='0 0 542 542' fill='none'>\n      <g filter='url(#filter0_f_569_1018)'>\n        <circle cx='271' cy='271' r='121' fill='#9AE8FF' fill-opacity='0.5'\/>\n      <\/g>\n      <defs>\n        <filter id='filter0_f_569_1018' x='0' y='0' width='542' height='542' filterUnits='userSpaceOnUse' color-interpolation-filters='sRGB'>\n          <feFlood flood-opacity='0' result='BackgroundImageFix'\/>\n          <feBlend mode='normal' in='SourceGraphic' in2='BackgroundImageFix' result='shape'\/>\n          <feGaussianBlur stdDeviation='75' result='effect1_foregroundBlur_569_1018'\/>\n        <\/filter>\n      <\/defs>\n    <\/svg>\n  <\/span>\n    The Ritz Carlton, Berlin &#038; P5<\/span>\n    <\/h2><\/div>\n          <\/div>\n<\/section>\n\n<section class=\"bg-bg-darkBlue\">\n  <div class=\"gallery-wall-simple-section dark:!bg-transparent dark:!text-white\">\n    <div class=\"gallery-wall-simple relative mx-auto grid gallery-grid-cols-4 gap-1 md:gap-3 lg:gap-5 \">\n     \n      <div data-src=\"https:\/\/festival-of-lights.de\/wp-content\/uploads\/2023\/10\/20.-P5-und-21.-Ritz-Carlton-scaled.jpg\" data-sub-html=\".image-description\" class=\"gallery-image grayscale-mask relative aspect-video cursor-pointer \">\n        <img decoding=\"async\" loading=\"lazy\" src=\"https:\/\/festival-of-lights.de\/wp-content\/uploads\/2023\/10\/20.-P5-und-21.-Ritz-Carlton-768x512.jpg\" class=\"object-cover object-center w-full h-full image grayscale-overlay\" alt=\"\">            <\/div>\n           \n      <div data-src=\"https:\/\/festival-of-lights.de\/wp-content\/uploads\/2023\/08\/2018_PotsdamerPlatz_OttoSchade_26_FH-e1575535697179-1024x770-1.jpg\" data-sub-html=\".image-description\" class=\"gallery-image grayscale-mask relative aspect-video cursor-pointer \">\n        <img decoding=\"async\" loading=\"lazy\" src=\"https:\/\/festival-of-lights.de\/wp-content\/uploads\/2023\/08\/2018_PotsdamerPlatz_OttoSchade_26_FH-e1575535697179-1024x770-1-768x578.jpg\" class=\"object-cover object-center w-full h-full image grayscale-overlay\" alt=\"\">            <\/div>\n           \n      <div data-src=\"https:\/\/festival-of-lights.de\/wp-content\/uploads\/2023\/08\/2018_FoL19_FH-e1575535740585-1024x769-1.jpg\" data-sub-html=\".image-description\" class=\"gallery-image grayscale-mask relative aspect-video cursor-pointer \">\n        <img decoding=\"async\" loading=\"lazy\" src=\"https:\/\/festival-of-lights.de\/wp-content\/uploads\/2023\/08\/2018_FoL19_FH-e1575535740585-1024x769-1-768x577.jpg\" class=\"object-cover object-center w-full h-full image grayscale-overlay\" alt=\"\">            <\/div>\n           \n      <div data-src=\"https:\/\/festival-of-lights.de\/wp-content\/uploads\/2023\/08\/00373-FOL20_FU-1024x681-1.jpg\" data-sub-html=\".image-description\" class=\"gallery-image grayscale-mask relative aspect-video cursor-pointer \">\n        <img decoding=\"async\" loading=\"lazy\" src=\"https:\/\/festival-of-lights.de\/wp-content\/uploads\/2023\/08\/00373-FOL20_FU-1024x681-1-768x511.jpg\" class=\"object-cover object-center w-full h-full image grayscale-overlay\" alt=\"\">            <\/div>\n           \n      <div data-src=\"https:\/\/festival-of-lights.de\/wp-content\/uploads\/2023\/08\/0659_FoL2020_FH-1024x683-1.jpg\" data-sub-html=\".image-description\" class=\"gallery-image grayscale-mask relative aspect-video cursor-pointer \">\n        <img decoding=\"async\" loading=\"lazy\" src=\"https:\/\/festival-of-lights.de\/wp-content\/uploads\/2023\/08\/0659_FoL2020_FH-1024x683-1-768x512.jpg\" class=\"object-cover object-center w-full h-full image grayscale-overlay\" alt=\"\">            <\/div>\n              <\/div>\n  <\/div>\n<\/section>\n\n<section class=\"bg-bg-darkBlue text-text-default\">\n  <div class=\"px-xs text-paragraph py-md text-copy dark:!bg-transparent\">\n          <div class=\"mx-auto max-w-screen-md\">\n        <div class='text-element align-left aniMe'><p style=\"text-align: left;\">Fotocredit: Frank Herrmann, Florian Ullbrich, Nelofee, Christian Kruppa<\/p>\n<p>&nbsp;<\/p>\n<\/div>        \n            <\/div> <!-- end max-w-screen container -->\n    <\/div>\n<\/section>\n\n<section class=\"module-spacer bg-bg-darkBlue pt-10 md:pt-14 xl:pt-20\">\n<\/section>","protected":false},"excerpt":{"rendered":"","protected":false},"author":1,"featured_media":0,"parent":33606,"menu_order":0,"comment_status":"closed","ping_status":"closed","template":"","meta":{"_acf_changed":false,"footnotes":""},"class_list":["post-33614","page","type-page","status-publish","hentry"],"acf":[],"yoast_head":"<!-- This site is optimized with the Yoast SEO plugin v25.6 - https:\/\/yoast.com\/wordpress\/plugins\/seo\/ -->\n<title>Postdamer Platz - Festival of Lights<\/title>\n<meta name=\"robots\" content=\"index, follow, max-snippet:-1, max-image-preview:large, max-video-preview:-1\" \/>\n<link rel=\"canonical\" href=\"https:\/\/festival-of-lights.de\/de\/galerie-festival-of-lights\/postdamer-platz\/\" \/>\n<meta property=\"og:locale\" content=\"de_DE\" \/>\n<meta property=\"og:type\" content=\"article\" \/>\n<meta property=\"og:title\" content=\"Postdamer Platz - Festival of Lights\" \/>\n<meta property=\"og:url\" content=\"https:\/\/festival-of-lights.de\/de\/galerie-festival-of-lights\/postdamer-platz\/\" \/>\n<meta property=\"og:site_name\" content=\"Festival of Lights\" \/>\n<meta property=\"article:publisher\" content=\"https:\/\/www.facebook.com\/FestivalOfLights\" \/>\n<meta property=\"article:modified_time\" content=\"2025-12-01T09:44:26+00:00\" \/>\n<meta name=\"twitter:card\" content=\"summary_large_image\" \/>\n<script type=\"application\/ld+json\" class=\"yoast-schema-graph\">{\"@context\":\"https:\/\/schema.org\",\"@graph\":[{\"@type\":\"WebPage\",\"@id\":\"https:\/\/festival-of-lights.de\/de\/galerie-festival-of-lights\/postdamer-platz\/\",\"url\":\"https:\/\/festival-of-lights.de\/de\/galerie-festival-of-lights\/postdamer-platz\/\",\"name\":\"Postdamer Platz - Festival of Lights\",\"isPartOf\":{\"@id\":\"https:\/\/festival-of-lights.de\/de\/#website\"},\"datePublished\":\"2023-07-25T16:40:12+00:00\",\"dateModified\":\"2025-12-01T09:44:26+00:00\",\"breadcrumb\":{\"@id\":\"https:\/\/festival-of-lights.de\/de\/galerie-festival-of-lights\/postdamer-platz\/#breadcrumb\"},\"inLanguage\":\"de\",\"potentialAction\":[{\"@type\":\"ReadAction\",\"target\":[\"https:\/\/festival-of-lights.de\/de\/galerie-festival-of-lights\/postdamer-platz\/\"]}]},{\"@type\":\"BreadcrumbList\",\"@id\":\"https:\/\/festival-of-lights.de\/de\/galerie-festival-of-lights\/postdamer-platz\/#breadcrumb\",\"itemListElement\":[{\"@type\":\"ListItem\",\"position\":1,\"name\":\"Startseite\",\"item\":\"https:\/\/festival-of-lights.de\/de\/\"},{\"@type\":\"ListItem\",\"position\":2,\"name\":\"Galerie\",\"item\":\"https:\/\/festival-of-lights.de\/de\/galerie-festival-of-lights\/\"},{\"@type\":\"ListItem\",\"position\":3,\"name\":\"Postdamer Platz\"}]},{\"@type\":\"WebSite\",\"@id\":\"https:\/\/festival-of-lights.de\/de\/#website\",\"url\":\"https:\/\/festival-of-lights.de\/de\/\",\"name\":\"Festival of Lights Berlin\",\"description\":\"\",\"publisher\":{\"@id\":\"https:\/\/festival-of-lights.de\/de\/#organization\"},\"potentialAction\":[{\"@type\":\"SearchAction\",\"target\":{\"@type\":\"EntryPoint\",\"urlTemplate\":\"https:\/\/festival-of-lights.de\/de\/?s={search_term_string}\"},\"query-input\":{\"@type\":\"PropertyValueSpecification\",\"valueRequired\":true,\"valueName\":\"search_term_string\"}}],\"inLanguage\":\"de\"},{\"@type\":\"Organization\",\"@id\":\"https:\/\/festival-of-lights.de\/de\/#organization\",\"name\":\"Festival of Lights\",\"url\":\"https:\/\/festival-of-lights.de\/de\/\",\"logo\":{\"@type\":\"ImageObject\",\"inLanguage\":\"de\",\"@id\":\"https:\/\/festival-of-lights.de\/de\/#\/schema\/logo\/image\/\",\"url\":\"https:\/\/festival-of-lights.de\/wp-content\/uploads\/2023\/08\/cropped-logo.png\",\"contentUrl\":\"https:\/\/festival-of-lights.de\/wp-content\/uploads\/2023\/08\/cropped-logo.png\",\"width\":230,\"height\":230,\"caption\":\"Festival of Lights\"},\"image\":{\"@id\":\"https:\/\/festival-of-lights.de\/de\/#\/schema\/logo\/image\/\"},\"sameAs\":[\"https:\/\/www.facebook.com\/FestivalOfLights\",\"https:\/\/www.tiktok.com\/@berlinfestivaloflights\",\"https:\/\/www.instagram.com\/berlinfestivaloflights\"]}]}<\/script>\n<!-- \/ Yoast SEO plugin. -->","yoast_head_json":{"title":"Postdamer Platz - Festival of Lights","robots":{"index":"index","follow":"follow","max-snippet":"max-snippet:-1","max-image-preview":"max-image-preview:large","max-video-preview":"max-video-preview:-1"},"canonical":"https:\/\/festival-of-lights.de\/de\/galerie-festival-of-lights\/postdamer-platz\/","og_locale":"de_DE","og_type":"article","og_title":"Postdamer Platz - Festival of Lights","og_url":"https:\/\/festival-of-lights.de\/de\/galerie-festival-of-lights\/postdamer-platz\/","og_site_name":"Festival of Lights","article_publisher":"https:\/\/www.facebook.com\/FestivalOfLights","article_modified_time":"2025-12-01T09:44:26+00:00","twitter_card":"summary_large_image","schema":{"@context":"https:\/\/schema.org","@graph":[{"@type":"WebPage","@id":"https:\/\/festival-of-lights.de\/de\/galerie-festival-of-lights\/postdamer-platz\/","url":"https:\/\/festival-of-lights.de\/de\/galerie-festival-of-lights\/postdamer-platz\/","name":"Postdamer Platz - Festival of Lights","isPartOf":{"@id":"https:\/\/festival-of-lights.de\/de\/#website"},"datePublished":"2023-07-25T16:40:12+00:00","dateModified":"2025-12-01T09:44:26+00:00","breadcrumb":{"@id":"https:\/\/festival-of-lights.de\/de\/galerie-festival-of-lights\/postdamer-platz\/#breadcrumb"},"inLanguage":"de","potentialAction":[{"@type":"ReadAction","target":["https:\/\/festival-of-lights.de\/de\/galerie-festival-of-lights\/postdamer-platz\/"]}]},{"@type":"BreadcrumbList","@id":"https:\/\/festival-of-lights.de\/de\/galerie-festival-of-lights\/postdamer-platz\/#breadcrumb","itemListElement":[{"@type":"ListItem","position":1,"name":"Startseite","item":"https:\/\/festival-of-lights.de\/de\/"},{"@type":"ListItem","position":2,"name":"Galerie","item":"https:\/\/festival-of-lights.de\/de\/galerie-festival-of-lights\/"},{"@type":"ListItem","position":3,"name":"Postdamer Platz"}]},{"@type":"WebSite","@id":"https:\/\/festival-of-lights.de\/de\/#website","url":"https:\/\/festival-of-lights.de\/de\/","name":"Festival of Lights Berlin","description":"","publisher":{"@id":"https:\/\/festival-of-lights.de\/de\/#organization"},"potentialAction":[{"@type":"SearchAction","target":{"@type":"EntryPoint","urlTemplate":"https:\/\/festival-of-lights.de\/de\/?s={search_term_string}"},"query-input":{"@type":"PropertyValueSpecification","valueRequired":true,"valueName":"search_term_string"}}],"inLanguage":"de"},{"@type":"Organization","@id":"https:\/\/festival-of-lights.de\/de\/#organization","name":"Festival of Lights","url":"https:\/\/festival-of-lights.de\/de\/","logo":{"@type":"ImageObject","inLanguage":"de","@id":"https:\/\/festival-of-lights.de\/de\/#\/schema\/logo\/image\/","url":"https:\/\/festival-of-lights.de\/wp-content\/uploads\/2023\/08\/cropped-logo.png","contentUrl":"https:\/\/festival-of-lights.de\/wp-content\/uploads\/2023\/08\/cropped-logo.png","width":230,"height":230,"caption":"Festival of Lights"},"image":{"@id":"https:\/\/festival-of-lights.de\/de\/#\/schema\/logo\/image\/"},"sameAs":["https:\/\/www.facebook.com\/FestivalOfLights","https:\/\/www.tiktok.com\/@berlinfestivaloflights","https:\/\/www.instagram.com\/berlinfestivaloflights"]}]}},"_links":{"self":[{"href":"https:\/\/festival-of-lights.de\/de\/wp-json\/wp\/v2\/pages\/33614","targetHints":{"allow":["GET"]}}],"collection":[{"href":"https:\/\/festival-of-lights.de\/de\/wp-json\/wp\/v2\/pages"}],"about":[{"href":"https:\/\/festival-of-lights.de\/de\/wp-json\/wp\/v2\/types\/page"}],"author":[{"embeddable":true,"href":"https:\/\/festival-of-lights.de\/de\/wp-json\/wp\/v2\/users\/1"}],"replies":[{"embeddable":true,"href":"https:\/\/festival-of-lights.de\/de\/wp-json\/wp\/v2\/comments?post=33614"}],"version-history":[{"count":38,"href":"https:\/\/festival-of-lights.de\/de\/wp-json\/wp\/v2\/pages\/33614\/revisions"}],"predecessor-version":[{"id":60117,"href":"https:\/\/festival-of-lights.de\/de\/wp-json\/wp\/v2\/pages\/33614\/revisions\/60117"}],"up":[{"embeddable":true,"href":"https:\/\/festival-of-lights.de\/de\/wp-json\/wp\/v2\/pages\/33606"}],"wp:attachment":[{"href":"https:\/\/festival-of-lights.de\/de\/wp-json\/wp\/v2\/media?parent=33614"}],"curies":[{"name":"wp","href":"https:\/\/api.w.org\/{rel}","templated":true}]}}