{"id":33627,"date":"2023-07-25T18:43:56","date_gmt":"2023-07-25T16:43:56","guid":{"rendered":"http:\/\/festival-of-lights.de\/?page_id=33627"},"modified":"2025-12-01T12:34:52","modified_gmt":"2025-12-01T10:34:52","slug":"neuer-marstall-und-nikolaiviertel","status":"publish","type":"page","link":"https:\/\/festival-of-lights.de\/de\/galerie-festival-of-lights\/neuer-marstall-und-nikolaiviertel\/","title":{"rendered":"Neuer Marstall und Nikolaiviertel"},"content":{"rendered":"<section class=\"module-spacer bg-bg-darkBlue pt-10 md:pt-14 xl:pt-20\">\n<\/section>\n\n<section class=\"basic-content-module bg-bg-darkBlue text-text-default\">\n  <div class=\"px-xs py-md lg:py-2xl aniMe text-intro dark:!bg-transparent dark:!text-white text-left\">\n            <div class=\"mx-auto max-w-content basic-content-module__headline\"><h2 class='grayscale-overlay relative headline-element align-left text-h3 font-bold md:text-h1 lg:text-[128px] mb-4 md:mb-4 z-0 basic-content-module__headline-big'>\n    \n    <span class='relative align-left text-h3 font-bold md:text-h1 lg:text-[128px] mb-4 md:mb-4 z-0 basic-content-module__headline-big'>\n    <span class='absolute top-0 left-0 z-0 -translate-x-1\/2 -translate-y-1\/2 light w-[300px] h-[300px]'>\n    <svg class='w-full h-full ' xmlns='http:\/\/www.w3.org\/2000\/svg' width='542' height='542' viewBox='0 0 542 542' fill='none'>\n      <g filter='url(#filter0_f_569_1018)'>\n        <circle cx='271' cy='271' r='121' fill='#9AE8FF' fill-opacity='0.5'\/>\n      <\/g>\n      <defs>\n        <filter id='filter0_f_569_1018' x='0' y='0' width='542' height='542' filterUnits='userSpaceOnUse' color-interpolation-filters='sRGB'>\n          <feFlood flood-opacity='0' result='BackgroundImageFix'\/>\n          <feBlend mode='normal' in='SourceGraphic' in2='BackgroundImageFix' result='shape'\/>\n          <feGaussianBlur stdDeviation='75' result='effect1_foregroundBlur_569_1018'\/>\n        <\/filter>\n      <\/defs>\n    <\/svg>\n  <\/span>\n    Neuer Marstall und Nikolaiviertel<\/span>\n    <\/h2><\/div>\n                <div class=\"relative z-10 mx-auto max-w-content\">\n            <div class='text-element align- text-copy'><p>Ausgew\u00e4hlte Fotos und Videos der vergangenen Jahre:<\/p>\n<\/div>        <\/div>\n          <\/div>\n<\/section>\n\n<section class=\"basic-content-module bg-bg-darkBlue text-text-default\">\n  <div class=\"px-xs py-md lg:py-2xl aniMe text-intro dark:!bg-transparent dark:!text-white text-left\">\n            <div class=\"mx-auto max-w-content basic-content-module__headline\"><h2 class='grayscale-overlay relative headline-element align-left text-h3 font-bold md:text-h2 mb-4 md:mb-sm z-0'>\n    \n    <span class='relative align-left text-h3 font-bold md:text-h2 mb-4 md:mb-sm z-0'>\n    <span class='absolute top-0 left-0 z-0 -translate-x-1\/2 -translate-y-1\/2 light w-[300px] h-[300px]'>\n    <svg class='w-full h-full ' xmlns='http:\/\/www.w3.org\/2000\/svg' width='542' height='542' viewBox='0 0 542 542' fill='none'>\n      <g filter='url(#filter0_f_569_1018)'>\n        <circle cx='271' cy='271' r='121' fill='#9AE8FF' fill-opacity='0.5'\/>\n      <\/g>\n      <defs>\n        <filter id='filter0_f_569_1018' x='0' y='0' width='542' height='542' filterUnits='userSpaceOnUse' color-interpolation-filters='sRGB'>\n          <feFlood flood-opacity='0' result='BackgroundImageFix'\/>\n          <feBlend mode='normal' in='SourceGraphic' in2='BackgroundImageFix' result='shape'\/>\n          <feGaussianBlur stdDeviation='75' result='effect1_foregroundBlur_569_1018'\/>\n        <\/filter>\n      <\/defs>\n    <\/svg>\n  <\/span>\n    Nikolaiviertel<\/span>\n    <\/h2><\/div>\n          <\/div>\n<\/section>\n\n<section class=\"bg-bg-darkBlue\">\n  <div class=\"gallery-wall-simple-section dark:!bg-transparent dark:!text-white\">\n    <div class=\"gallery-wall-simple relative mx-auto grid gallery-grid-cols-3 gap-1 md:gap-3 lg:gap-5 \">\n     \n      <div data-src=\"https:\/\/festival-of-lights.de\/wp-content\/uploads\/2025\/12\/1837_FOL2025_FH_klein.jpg\" data-sub-html=\".image-description\" class=\"gallery-image grayscale-mask relative aspect-video cursor-pointer \">\n        <img decoding=\"async\" loading=\"lazy\" src=\"https:\/\/festival-of-lights.de\/wp-content\/uploads\/2025\/12\/1837_FOL2025_FH_klein-768x512.jpg\" class=\"object-cover object-center w-full h-full image grayscale-overlay\" alt=\"\">            <\/div>\n           \n      <div data-src=\"https:\/\/festival-of-lights.de\/wp-content\/uploads\/2025\/12\/1919_FOL2025_FH_klein.jpg\" data-sub-html=\".image-description\" class=\"gallery-image grayscale-mask relative aspect-video cursor-pointer \">\n        <img decoding=\"async\" loading=\"lazy\" src=\"https:\/\/festival-of-lights.de\/wp-content\/uploads\/2025\/12\/1919_FOL2025_FH_klein-768x512.jpg\" class=\"object-cover object-center w-full h-full image grayscale-overlay\" alt=\"\">            <\/div>\n           \n      <div data-src=\"https:\/\/festival-of-lights.de\/wp-content\/uploads\/2025\/12\/1822_FOL2025_FH_klein.jpg\" data-sub-html=\".image-description\" class=\"gallery-image grayscale-mask relative aspect-video cursor-pointer \">\n        <img decoding=\"async\" loading=\"lazy\" src=\"https:\/\/festival-of-lights.de\/wp-content\/uploads\/2025\/12\/1822_FOL2025_FH_klein.jpg\" class=\"object-cover object-center w-full h-full image grayscale-overlay\" alt=\"\">            <\/div>\n           \n      <div data-src=\"https:\/\/festival-of-lights.de\/wp-content\/uploads\/2025\/12\/1935_FOL2025_FH_klein.jpg\" data-sub-html=\".image-description\" class=\"gallery-image grayscale-mask relative aspect-video cursor-pointer \">\n        <img decoding=\"async\" loading=\"lazy\" src=\"https:\/\/festival-of-lights.de\/wp-content\/uploads\/2025\/12\/1935_FOL2025_FH_klein-768x512.jpg\" class=\"object-cover object-center w-full h-full image grayscale-overlay\" alt=\"\">            <\/div>\n           \n      <div data-src=\"https:\/\/festival-of-lights.de\/wp-content\/uploads\/2024\/10\/0924_FoL2024_FH-scaled-e1728562331470.jpg\" data-sub-html=\".image-description\" class=\"gallery-image grayscale-mask relative aspect-video cursor-pointer \">\n        <img decoding=\"async\" loading=\"lazy\" src=\"https:\/\/festival-of-lights.de\/wp-content\/uploads\/2024\/10\/0924_FoL2024_FH-scaled-e1728562331470-768x934.jpg\" class=\"object-cover object-center w-full h-full image grayscale-overlay\" alt=\"\">            <\/div>\n           \n      <div data-src=\"https:\/\/festival-of-lights.de\/wp-content\/uploads\/2024\/10\/35-scaled.jpg\" data-sub-html=\".image-description\" class=\"gallery-image grayscale-mask relative aspect-video cursor-pointer \">\n        <img decoding=\"async\" loading=\"lazy\" src=\"https:\/\/festival-of-lights.de\/wp-content\/uploads\/2024\/10\/35-768x512.jpg\" class=\"object-cover object-center w-full h-full image grayscale-overlay\" alt=\"\">            <\/div>\n           \n      <div data-src=\"https:\/\/festival-of-lights.de\/wp-content\/uploads\/2024\/10\/34-scaled.jpg\" data-sub-html=\".image-description\" class=\"gallery-image grayscale-mask relative aspect-video cursor-pointer \">\n        <img decoding=\"async\" loading=\"lazy\" src=\"https:\/\/festival-of-lights.de\/wp-content\/uploads\/2024\/10\/34-768x512.jpg\" class=\"object-cover object-center w-full h-full image grayscale-overlay\" alt=\"\">            <\/div>\n           \n      <div data-src=\"https:\/\/festival-of-lights.de\/wp-content\/uploads\/2024\/10\/0878_FoL2024_FH-scaled.jpg\" data-sub-html=\".image-description\" class=\"gallery-image grayscale-mask relative aspect-video cursor-pointer \">\n        <img decoding=\"async\" loading=\"lazy\" src=\"https:\/\/festival-of-lights.de\/wp-content\/uploads\/2024\/10\/0878_FoL2024_FH-768x512.jpg\" class=\"object-cover object-center w-full h-full image grayscale-overlay\" alt=\"\">            <\/div>\n           \n      <div data-src=\"https:\/\/festival-of-lights.de\/wp-content\/uploads\/2024\/10\/IMG-20241008-WA0005.jpg\" data-sub-html=\".image-description\" class=\"gallery-image grayscale-mask relative aspect-video cursor-pointer \">\n        <img decoding=\"async\" loading=\"lazy\" src=\"https:\/\/festival-of-lights.de\/wp-content\/uploads\/2024\/10\/IMG-20241008-WA0005-768x1024.jpg\" class=\"object-cover object-center w-full h-full image grayscale-overlay\" alt=\"\">            <\/div>\n           \n      <div data-src=\"https:\/\/festival-of-lights.de\/wp-content\/uploads\/2024\/10\/IMG-20241004-WA0021.jpg\" data-sub-html=\".image-description\" class=\"gallery-image grayscale-mask relative aspect-video cursor-pointer \">\n        <img decoding=\"async\" loading=\"lazy\" src=\"https:\/\/festival-of-lights.de\/wp-content\/uploads\/2024\/10\/IMG-20241004-WA0021-768x576.jpg\" class=\"object-cover object-center w-full h-full image grayscale-overlay\" alt=\"\">            <\/div>\n           \n      <div data-src=\"https:\/\/festival-of-lights.de\/wp-content\/uploads\/2023\/10\/09.-Nikolaiviertel-\u2013-Propststrasse-scaled.jpg\" data-sub-html=\".image-description\" class=\"gallery-image grayscale-mask relative aspect-video cursor-pointer \">\n        <img decoding=\"async\" loading=\"lazy\" src=\"https:\/\/festival-of-lights.de\/wp-content\/uploads\/2023\/10\/09.-Nikolaiviertel-\u2013-Propststrasse-768x512.jpg\" class=\"object-cover object-center w-full h-full image grayscale-overlay\" alt=\"\">            <\/div>\n           \n      <div data-src=\"https:\/\/festival-of-lights.de\/wp-content\/uploads\/2023\/10\/10.-Nikolaiviertel-\u2013-Fischer-und-Lustig-Biergarten-scaled.jpg\" data-sub-html=\".image-description\" class=\"gallery-image grayscale-mask relative aspect-video cursor-pointer image-overlay\">\n        <img decoding=\"async\" loading=\"lazy\" src=\"https:\/\/festival-of-lights.de\/wp-content\/uploads\/2023\/10\/10.-Nikolaiviertel-\u2013-Fischer-und-Lustig-Biergarten-768x512.jpg\" class=\"object-cover object-center w-full h-full image grayscale-overlay\" alt=\"\">              <div class=\"hidden z-20 text-lg text-white transition-all duration-500 image-description font-primary lg:absolute lg:top-auto lg:h-max lg:bottom-2\">\n          <div class=\"lightGallery-captions text-left pl-2\">Nikolaiviertel. Kunstinstallation \u201eAngels of Freedom\u201c, OGE Design Group<\/div>\n        <\/div>\n            <\/div>\n           \n      <div data-src=\"https:\/\/festival-of-lights.de\/wp-content\/uploads\/2023\/10\/JuleAmeliePhotography_FestivalofLights10102023-4635-scaled.jpg\" data-sub-html=\".image-description\" class=\"gallery-image grayscale-mask relative aspect-video cursor-pointer \">\n        <img decoding=\"async\" loading=\"lazy\" src=\"https:\/\/festival-of-lights.de\/wp-content\/uploads\/2023\/10\/JuleAmeliePhotography_FestivalofLights10102023-4635-768x512.jpg\" class=\"object-cover object-center w-full h-full image grayscale-overlay\" alt=\"\">            <\/div>\n           \n      <div data-src=\"https:\/\/festival-of-lights.de\/wp-content\/uploads\/2023\/10\/JuleAmeliePhotography_FestivalofLights10102023-4685-scaled.jpg\" data-sub-html=\".image-description\" class=\"gallery-image grayscale-mask relative aspect-video cursor-pointer \">\n        <img decoding=\"async\" loading=\"lazy\" src=\"https:\/\/festival-of-lights.de\/wp-content\/uploads\/2023\/10\/JuleAmeliePhotography_FestivalofLights10102023-4685-768x1151.jpg\" class=\"object-cover object-center w-full h-full image grayscale-overlay\" alt=\"\">            <\/div>\n           \n      <div data-src=\"https:\/\/festival-of-lights.de\/wp-content\/uploads\/2023\/10\/07.-Nikolaiviertel-Propststrasse-Nikolaikirchplatz-scaled.jpg\" data-sub-html=\".image-description\" class=\"gallery-image grayscale-mask relative aspect-video cursor-pointer image-overlay\">\n        <img decoding=\"async\" loading=\"lazy\" src=\"https:\/\/festival-of-lights.de\/wp-content\/uploads\/2023\/10\/07.-Nikolaiviertel-Propststrasse-Nikolaikirchplatz-768x512.jpg\" class=\"object-cover object-center w-full h-full image grayscale-overlay\" alt=\"\">              <div class=\"hidden z-20 text-lg text-white transition-all duration-500 image-description font-primary lg:absolute lg:top-auto lg:h-max lg:bottom-2\">\n          <div class=\"lightGallery-captions text-left pl-2\">Interaktive Installation \u201eSwings in the Clouds\u201c, Scuderia Nikolaiviertel (Propststra\u00dfe-Nikolaikirchplatz), <\/div>\n        <\/div>\n            <\/div>\n           \n      <div data-src=\"https:\/\/festival-of-lights.de\/wp-content\/uploads\/2023\/08\/Rathausstrasse_FoL2022_ARI-2-1-1024x683-1.jpg\" data-sub-html=\".image-description\" class=\"gallery-image grayscale-mask relative aspect-video cursor-pointer \">\n        <img decoding=\"async\" loading=\"lazy\" src=\"https:\/\/festival-of-lights.de\/wp-content\/uploads\/2023\/08\/Rathausstrasse_FoL2022_ARI-2-1-1024x683-1-768x512.jpg\" class=\"object-cover object-center w-full h-full image grayscale-overlay\" alt=\"\">            <\/div>\n           \n      <div data-src=\"https:\/\/festival-of-lights.de\/wp-content\/uploads\/2023\/08\/Nikolaikirchplatz_FoL2022_FH-26-2-1024x683-1.jpg\" data-sub-html=\".image-description\" class=\"gallery-image grayscale-mask relative aspect-video cursor-pointer \">\n        <img decoding=\"async\" loading=\"lazy\" src=\"https:\/\/festival-of-lights.de\/wp-content\/uploads\/2023\/08\/Nikolaikirchplatz_FoL2022_FH-26-2-1024x683-1-768x512.jpg\" class=\"object-cover object-center w-full h-full image grayscale-overlay\" alt=\"\">            <\/div>\n           \n      <div data-src=\"https:\/\/festival-of-lights.de\/wp-content\/uploads\/2023\/08\/FischerLustig_FoL2022_FH-6-1024x683-1.jpg\" data-sub-html=\".image-description\" class=\"gallery-image grayscale-mask relative aspect-video cursor-pointer \">\n        <img decoding=\"async\" loading=\"lazy\" src=\"https:\/\/festival-of-lights.de\/wp-content\/uploads\/2023\/08\/FischerLustig_FoL2022_FH-6-1024x683-1-768x512.jpg\" class=\"object-cover object-center w-full h-full image grayscale-overlay\" alt=\"\">            <\/div>\n           \n      <div data-src=\"https:\/\/festival-of-lights.de\/wp-content\/uploads\/2023\/08\/FischerLustig_FoL2022_FH-11-1-1024x683-1.jpg\" data-sub-html=\".image-description\" class=\"gallery-image grayscale-mask relative aspect-video cursor-pointer \">\n        <img decoding=\"async\" loading=\"lazy\" src=\"https:\/\/festival-of-lights.de\/wp-content\/uploads\/2023\/08\/FischerLustig_FoL2022_FH-11-1-1024x683-1-768x512.jpg\" class=\"object-cover object-center w-full h-full image grayscale-overlay\" alt=\"\">            <\/div>\n           \n      <div data-src=\"https:\/\/festival-of-lights.de\/wp-content\/uploads\/2023\/08\/Probststrasse_FoL2022_FH-9-1024x683-1.jpg\" data-sub-html=\".image-description\" class=\"gallery-image grayscale-mask relative aspect-video cursor-pointer \">\n        <img decoding=\"async\" loading=\"lazy\" src=\"https:\/\/festival-of-lights.de\/wp-content\/uploads\/2023\/08\/Probststrasse_FoL2022_FH-9-1024x683-1-768x512.jpg\" class=\"object-cover object-center w-full h-full image grayscale-overlay\" alt=\"\">            <\/div>\n           \n      <div data-src=\"https:\/\/festival-of-lights.de\/wp-content\/uploads\/2023\/08\/00995-FOL21_FU-1024x681-1.jpg\" data-sub-html=\".image-description\" class=\"gallery-image grayscale-mask relative aspect-video cursor-pointer \">\n        <img decoding=\"async\" loading=\"lazy\" src=\"https:\/\/festival-of-lights.de\/wp-content\/uploads\/2023\/08\/00995-FOL21_FU-1024x681-1-768x511.jpg\" class=\"object-cover object-center w-full h-full image grayscale-overlay\" alt=\"\">            <\/div>\n           \n      <div data-src=\"https:\/\/festival-of-lights.de\/wp-content\/uploads\/2023\/08\/00988-FOL21_FU-1024x681-1.jpg\" data-sub-html=\".image-description\" class=\"gallery-image grayscale-mask relative aspect-video cursor-pointer \">\n        <img decoding=\"async\" loading=\"lazy\" src=\"https:\/\/festival-of-lights.de\/wp-content\/uploads\/2023\/08\/00988-FOL21_FU-1024x681-1-768x511.jpg\" class=\"object-cover object-center w-full h-full image grayscale-overlay\" alt=\"\">            <\/div>\n           \n      <div data-src=\"https:\/\/festival-of-lights.de\/wp-content\/uploads\/2023\/08\/00997-FOL21_FU-1024x682-1.jpg\" data-sub-html=\".image-description\" class=\"gallery-image grayscale-mask relative aspect-video cursor-pointer \">\n        <img decoding=\"async\" loading=\"lazy\" src=\"https:\/\/festival-of-lights.de\/wp-content\/uploads\/2023\/08\/00997-FOL21_FU-1024x682-1-768x512.jpg\" class=\"object-cover object-center w-full h-full image grayscale-overlay\" alt=\"\">            <\/div>\n           \n      <div data-src=\"https:\/\/festival-of-lights.de\/wp-content\/uploads\/2023\/08\/01017-FOL21_FU-1024x681-1.jpg\" data-sub-html=\".image-description\" class=\"gallery-image grayscale-mask relative aspect-video cursor-pointer \">\n        <img decoding=\"async\" loading=\"lazy\" src=\"https:\/\/festival-of-lights.de\/wp-content\/uploads\/2023\/08\/01017-FOL21_FU-1024x681-1-768x511.jpg\" class=\"object-cover object-center w-full h-full image grayscale-overlay\" alt=\"\">            <\/div>\n           \n      <div data-src=\"https:\/\/festival-of-lights.de\/wp-content\/uploads\/2023\/08\/01003-FOL21_FU-1024x681-1.jpg\" data-sub-html=\".image-description\" class=\"gallery-image grayscale-mask relative aspect-video cursor-pointer \">\n        <img decoding=\"async\" loading=\"lazy\" src=\"https:\/\/festival-of-lights.de\/wp-content\/uploads\/2023\/08\/01003-FOL21_FU-1024x681-1-768x511.jpg\" class=\"object-cover object-center w-full h-full image grayscale-overlay\" alt=\"\">            <\/div>\n           \n      <div data-src=\"https:\/\/festival-of-lights.de\/wp-content\/uploads\/2023\/08\/01025-FOL21_FU-1024x682-1.jpg\" data-sub-html=\".image-description\" class=\"gallery-image grayscale-mask relative aspect-video cursor-pointer \">\n        <img decoding=\"async\" loading=\"lazy\" src=\"https:\/\/festival-of-lights.de\/wp-content\/uploads\/2023\/08\/01025-FOL21_FU-1024x682-1-768x512.jpg\" class=\"object-cover object-center w-full h-full image grayscale-overlay\" alt=\"\">            <\/div>\n           \n      <div data-src=\"https:\/\/festival-of-lights.de\/wp-content\/uploads\/2024\/10\/JuleAmeliePhotography_FestivalofLights2024_1-6672-scaled.jpg\" data-sub-html=\".image-description\" class=\"gallery-image grayscale-mask relative aspect-video cursor-pointer \">\n        <img decoding=\"async\" loading=\"lazy\" src=\"https:\/\/festival-of-lights.de\/wp-content\/uploads\/2024\/10\/JuleAmeliePhotography_FestivalofLights2024_1-6672-768x1151.jpg\" class=\"object-cover object-center w-full h-full image grayscale-overlay\" alt=\"\">            <\/div>\n           \n      <div data-src=\"https:\/\/festival-of-lights.de\/wp-content\/uploads\/2023\/08\/Knoblauchhaus-2020-FH-1024x934-1.jpg\" data-sub-html=\".image-description\" class=\"gallery-image grayscale-mask relative aspect-video cursor-pointer \">\n        <img decoding=\"async\" loading=\"lazy\" src=\"https:\/\/festival-of-lights.de\/wp-content\/uploads\/2023\/08\/Knoblauchhaus-2020-FH-1024x934-1-768x701.jpg\" class=\"object-cover object-center w-full h-full image grayscale-overlay\" alt=\"\">            <\/div>\n           \n      <div data-src=\"https:\/\/festival-of-lights.de\/wp-content\/uploads\/2023\/08\/Galerie_Tree-of-Life-1024x683-1.jpg\" data-sub-html=\".image-description\" class=\"gallery-image grayscale-mask relative aspect-video cursor-pointer \">\n        <img decoding=\"async\" loading=\"lazy\" src=\"https:\/\/festival-of-lights.de\/wp-content\/uploads\/2023\/08\/Galerie_Tree-of-Life-1024x683-1-768x512.jpg\" class=\"object-cover object-center w-full h-full image grayscale-overlay\" alt=\"\">            <\/div>\n           \n      <div data-src=\"https:\/\/festival-of-lights.de\/wp-content\/uploads\/2023\/08\/Galerie_Reinhardshof-1024x683-1.jpg\" data-sub-html=\".image-description\" class=\"gallery-image grayscale-mask relative aspect-video cursor-pointer \">\n        <img decoding=\"async\" loading=\"lazy\" src=\"https:\/\/festival-of-lights.de\/wp-content\/uploads\/2023\/08\/Galerie_Reinhardshof-1024x683-1-768x512.jpg\" class=\"object-cover object-center w-full h-full image grayscale-overlay\" alt=\"\">            <\/div>\n           \n      <div data-src=\"https:\/\/festival-of-lights.de\/wp-content\/uploads\/2023\/08\/Galerie_Knoblauchhaus-1024x683-1.jpg\" data-sub-html=\".image-description\" class=\"gallery-image grayscale-mask relative aspect-video cursor-pointer \">\n        <img decoding=\"async\" loading=\"lazy\" src=\"https:\/\/festival-of-lights.de\/wp-content\/uploads\/2023\/08\/Galerie_Knoblauchhaus-1024x683-1-768x512.jpg\" class=\"object-cover object-center w-full h-full image grayscale-overlay\" alt=\"\">            <\/div>\n           \n      <div data-src=\"https:\/\/festival-of-lights.de\/wp-content\/uploads\/2023\/08\/Galerie_Wisps-in-dem-Baeumen-1024x683-1.jpg\" data-sub-html=\".image-description\" class=\"gallery-image grayscale-mask relative aspect-video cursor-pointer \">\n        <img decoding=\"async\" loading=\"lazy\" src=\"https:\/\/festival-of-lights.de\/wp-content\/uploads\/2023\/08\/Galerie_Wisps-in-dem-Baeumen-1024x683-1-768x512.jpg\" class=\"object-cover object-center w-full h-full image grayscale-overlay\" alt=\"\">            <\/div>\n           \n      <div data-src=\"https:\/\/festival-of-lights.de\/wp-content\/uploads\/2023\/08\/00368-FOL19_FU-scaled-e1575550452182-1024x768-1.jpg\" data-sub-html=\".image-description\" class=\"gallery-image grayscale-mask relative aspect-video cursor-pointer \">\n        <img decoding=\"async\" loading=\"lazy\" src=\"https:\/\/festival-of-lights.de\/wp-content\/uploads\/2023\/08\/00368-FOL19_FU-scaled-e1575550452182-1024x768-1-768x576.jpg\" class=\"object-cover object-center w-full h-full image grayscale-overlay\" alt=\"\">            <\/div>\n           \n      <div data-src=\"https:\/\/festival-of-lights.de\/wp-content\/uploads\/2023\/08\/00370-FOL19_FU-1-1-scaled-e1575550414972-1024x769-1.jpg\" data-sub-html=\".image-description\" class=\"gallery-image grayscale-mask relative aspect-video cursor-pointer \">\n        <img decoding=\"async\" loading=\"lazy\" src=\"https:\/\/festival-of-lights.de\/wp-content\/uploads\/2023\/08\/00370-FOL19_FU-1-1-scaled-e1575550414972-1024x769-1-768x577.jpg\" class=\"object-cover object-center w-full h-full image grayscale-overlay\" alt=\"\">            <\/div>\n           \n      <div data-src=\"https:\/\/festival-of-lights.de\/wp-content\/uploads\/2023\/08\/00366-FOL19_FU-1-2-scaled-e1575550340253-1024x769-1.jpg\" data-sub-html=\".image-description\" class=\"gallery-image grayscale-mask relative aspect-video cursor-pointer \">\n        <img decoding=\"async\" loading=\"lazy\" src=\"https:\/\/festival-of-lights.de\/wp-content\/uploads\/2023\/08\/00366-FOL19_FU-1-2-scaled-e1575550340253-1024x769-1-768x577.jpg\" class=\"object-cover object-center w-full h-full image grayscale-overlay\" alt=\"\">            <\/div>\n           \n      <div data-src=\"https:\/\/festival-of-lights.de\/wp-content\/uploads\/2023\/08\/00367-FOL19_FU-1-1-scaled-e1575550304625-1024x768-1.jpg\" data-sub-html=\".image-description\" class=\"gallery-image grayscale-mask relative aspect-video cursor-pointer \">\n        <img decoding=\"async\" loading=\"lazy\" src=\"https:\/\/festival-of-lights.de\/wp-content\/uploads\/2023\/08\/00367-FOL19_FU-1-1-scaled-e1575550304625-1024x768-1-768x576.jpg\" class=\"object-cover object-center w-full h-full image grayscale-overlay\" alt=\"\">            <\/div>\n           \n      <div data-src=\"https:\/\/festival-of-lights.de\/wp-content\/uploads\/2023\/08\/00861-FOL19_FU-1-1-scaled-e1575550271770-1024x768-1.jpg\" data-sub-html=\".image-description\" class=\"gallery-image grayscale-mask relative aspect-video cursor-pointer \">\n        <img decoding=\"async\" loading=\"lazy\" src=\"https:\/\/festival-of-lights.de\/wp-content\/uploads\/2023\/08\/00861-FOL19_FU-1-1-scaled-e1575550271770-1024x768-1-768x576.jpg\" class=\"object-cover object-center w-full h-full image grayscale-overlay\" alt=\"\">            <\/div>\n           \n      <div data-src=\"https:\/\/festival-of-lights.de\/wp-content\/uploads\/2023\/08\/00374-FOL19_FU-1-1-scaled-e1575550219301-1024x767-1.jpg\" data-sub-html=\".image-description\" class=\"gallery-image grayscale-mask relative aspect-video cursor-pointer \">\n        <img decoding=\"async\" loading=\"lazy\" src=\"https:\/\/festival-of-lights.de\/wp-content\/uploads\/2023\/08\/00374-FOL19_FU-1-1-scaled-e1575550219301-1024x767-1-768x575.jpg\" class=\"object-cover object-center w-full h-full image grayscale-overlay\" alt=\"\">            <\/div>\n           \n      <div data-src=\"https:\/\/festival-of-lights.de\/wp-content\/uploads\/2023\/08\/00365-FOL19_FU-1-1-scaled-e1575550174146-1024x769-1.jpg\" data-sub-html=\".image-description\" class=\"gallery-image grayscale-mask relative aspect-video cursor-pointer \">\n        <img decoding=\"async\" loading=\"lazy\" src=\"https:\/\/festival-of-lights.de\/wp-content\/uploads\/2023\/08\/00365-FOL19_FU-1-1-scaled-e1575550174146-1024x769-1-768x577.jpg\" class=\"object-cover object-center w-full h-full image grayscale-overlay\" alt=\"\">            <\/div>\n           \n      <div data-src=\"https:\/\/festival-of-lights.de\/wp-content\/uploads\/2023\/08\/00363-FOL19_FU-scaled-e1575550142565-1024x767-1.jpg\" data-sub-html=\".image-description\" class=\"gallery-image grayscale-mask relative aspect-video cursor-pointer \">\n        <img decoding=\"async\" loading=\"lazy\" src=\"https:\/\/festival-of-lights.de\/wp-content\/uploads\/2023\/08\/00363-FOL19_FU-scaled-e1575550142565-1024x767-1-768x575.jpg\" class=\"object-cover object-center w-full h-full image grayscale-overlay\" alt=\"\">            <\/div>\n           \n      <div data-src=\"https:\/\/festival-of-lights.de\/wp-content\/uploads\/2023\/08\/00360-FOL19_FU-scaled-e1575550106429-1024x768-1.jpg\" data-sub-html=\".image-description\" class=\"gallery-image grayscale-mask relative aspect-video cursor-pointer \">\n        <img decoding=\"async\" loading=\"lazy\" src=\"https:\/\/festival-of-lights.de\/wp-content\/uploads\/2023\/08\/00360-FOL19_FU-scaled-e1575550106429-1024x768-1-768x576.jpg\" class=\"object-cover object-center w-full h-full image grayscale-overlay\" alt=\"\">            <\/div>\n           \n      <div data-src=\"https:\/\/festival-of-lights.de\/wp-content\/uploads\/2023\/08\/0410_FH_FoLBerlin2018-1-scaled-e1575546931670-1024x767-1.jpg\" data-sub-html=\".image-description\" class=\"gallery-image grayscale-mask relative aspect-video cursor-pointer \">\n        <img decoding=\"async\" loading=\"lazy\" src=\"https:\/\/festival-of-lights.de\/wp-content\/uploads\/2023\/08\/0410_FH_FoLBerlin2018-1-scaled-e1575546931670-1024x767-1-768x575.jpg\" class=\"object-cover object-center w-full h-full image grayscale-overlay\" alt=\"\">            <\/div>\n           \n      <div data-src=\"https:\/\/festival-of-lights.de\/wp-content\/uploads\/2023\/08\/0413_FH_FoLBerlin2018-scaled-e1575547008822-1024x768-1.jpg\" data-sub-html=\".image-description\" class=\"gallery-image grayscale-mask relative aspect-video cursor-pointer \">\n        <img decoding=\"async\" loading=\"lazy\" src=\"https:\/\/festival-of-lights.de\/wp-content\/uploads\/2023\/08\/0413_FH_FoLBerlin2018-scaled-e1575547008822-1024x768-1-768x576.jpg\" class=\"object-cover object-center w-full h-full image grayscale-overlay\" alt=\"\">            <\/div>\n           \n      <div data-src=\"https:\/\/festival-of-lights.de\/wp-content\/uploads\/2023\/08\/0412_FH_FoLBerlin2018-e1575546972194-1024x767-1.jpg\" data-sub-html=\".image-description\" class=\"gallery-image grayscale-mask relative aspect-video cursor-pointer \">\n        <img decoding=\"async\" loading=\"lazy\" src=\"https:\/\/festival-of-lights.de\/wp-content\/uploads\/2023\/08\/0412_FH_FoLBerlin2018-e1575546972194-1024x767-1-768x575.jpg\" class=\"object-cover object-center w-full h-full image grayscale-overlay\" alt=\"\">            <\/div>\n           \n      <div data-src=\"https:\/\/festival-of-lights.de\/wp-content\/uploads\/2023\/08\/1178_FH_FoLBerlin2018-1-scaled-e1575547181248-1024x767-1.jpg\" data-sub-html=\".image-description\" class=\"gallery-image grayscale-mask relative aspect-video cursor-pointer \">\n        <img decoding=\"async\" loading=\"lazy\" src=\"https:\/\/festival-of-lights.de\/wp-content\/uploads\/2023\/08\/1178_FH_FoLBerlin2018-1-scaled-e1575547181248-1024x767-1-768x575.jpg\" class=\"object-cover object-center w-full h-full image grayscale-overlay\" alt=\"\">            <\/div>\n           \n      <div data-src=\"https:\/\/festival-of-lights.de\/wp-content\/uploads\/2023\/08\/0422_FH_FoLBerlin2018-e1575547113475-1024x768-1.jpg\" data-sub-html=\".image-description\" class=\"gallery-image grayscale-mask relative aspect-video cursor-pointer \">\n        <img decoding=\"async\" loading=\"lazy\" src=\"https:\/\/festival-of-lights.de\/wp-content\/uploads\/2023\/08\/0422_FH_FoLBerlin2018-e1575547113475-1024x768-1-768x576.jpg\" class=\"object-cover object-center w-full h-full image grayscale-overlay\" alt=\"\">            <\/div>\n           \n      <div data-src=\"https:\/\/festival-of-lights.de\/wp-content\/uploads\/2023\/08\/0415_FH_FoLBerlin2018-1024x683-1.jpg\" data-sub-html=\".image-description\" class=\"gallery-image grayscale-mask relative aspect-video cursor-pointer \">\n        <img decoding=\"async\" loading=\"lazy\" src=\"https:\/\/festival-of-lights.de\/wp-content\/uploads\/2023\/08\/0415_FH_FoLBerlin2018-1024x683-1-768x512.jpg\" class=\"object-cover object-center w-full h-full image grayscale-overlay\" alt=\"\">            <\/div>\n           \n      <div data-src=\"https:\/\/festival-of-lights.de\/wp-content\/uploads\/2023\/08\/0416_FH_FoLBerlin2018-1-scaled-e1575547042579-1024x768-1.jpg\" data-sub-html=\".image-description\" class=\"gallery-image grayscale-mask relative aspect-video cursor-pointer \">\n        <img decoding=\"async\" loading=\"lazy\" src=\"https:\/\/festival-of-lights.de\/wp-content\/uploads\/2023\/08\/0416_FH_FoLBerlin2018-1-scaled-e1575547042579-1024x768-1-768x576.jpg\" class=\"object-cover object-center w-full h-full image grayscale-overlay\" alt=\"\">            <\/div>\n           \n      <div data-src=\"https:\/\/festival-of-lights.de\/wp-content\/uploads\/2023\/08\/0424_FH_FoLBerlin2018-e1575547148617-1024x768-1.jpg\" data-sub-html=\".image-description\" class=\"gallery-image grayscale-mask relative aspect-video cursor-pointer \">\n        <img decoding=\"async\" loading=\"lazy\" src=\"https:\/\/festival-of-lights.de\/wp-content\/uploads\/2023\/08\/0424_FH_FoLBerlin2018-e1575547148617-1024x768-1-768x576.jpg\" class=\"object-cover object-center w-full h-full image grayscale-overlay\" alt=\"\">            <\/div>\n           \n      <div data-src=\"https:\/\/festival-of-lights.de\/wp-content\/uploads\/2023\/08\/0426_FH_FoLBerlin2018-scaled-e1575547245517-1024x767-1.jpg\" data-sub-html=\".image-description\" class=\"gallery-image grayscale-mask relative aspect-video cursor-pointer \">\n        <img decoding=\"async\" loading=\"lazy\" src=\"https:\/\/festival-of-lights.de\/wp-content\/uploads\/2023\/08\/0426_FH_FoLBerlin2018-scaled-e1575547245517-1024x767-1-768x575.jpg\" class=\"object-cover object-center w-full h-full image grayscale-overlay\" alt=\"\">            <\/div>\n           \n      <div data-src=\"https:\/\/festival-of-lights.de\/wp-content\/uploads\/2023\/08\/1182_FH_FoLBerlin2018-scaled-e1575547212538-1024x767-1.jpg\" data-sub-html=\".image-description\" class=\"gallery-image grayscale-mask relative aspect-video cursor-pointer \">\n        <img decoding=\"async\" loading=\"lazy\" src=\"https:\/\/festival-of-lights.de\/wp-content\/uploads\/2023\/08\/1182_FH_FoLBerlin2018-scaled-e1575547212538-1024x767-1-768x575.jpg\" class=\"object-cover object-center w-full h-full image grayscale-overlay\" alt=\"\">            <\/div>\n              <\/div>\n  <\/div>\n<\/section>\n\n<section class=\"module-spacer bg-bg-darkBlue pt-10 md:pt-14 xl:pt-20\">\n<\/section>\n\n<section class=\"video-module py-md bg-bg-darkBlue \">\n  <div class=\"mx-auto max-w-grid wrap px-xs dark:!bg-transparent dark:!text-white\">\n          <div class=\"relative hp-player aspect-video grayscale-mask aniMe \">\n        <iframe class=\"z-[1050] grayscale-overlay lazyVideo\" data-src=\"\/\/www.youtube-nocookie.com\/embed\/IRDiRaYtMKo?rel=0&#038;controls=1&#038;showinfo=0\" frameborder=\"0\" allowfullscreen allowtransparency>\n        <\/iframe>\n      <\/div>\n      <\/div>\n<\/section>\n\n<section class=\"basic-content-module bg-bg-darkBlue text-text-default\">\n  <div class=\"px-xs py-md lg:py-2xl aniMe text-intro dark:!bg-transparent dark:!text-white text-left\">\n            <div class=\"mx-auto max-w-content basic-content-module__headline\"><h2 class='grayscale-overlay relative headline-element align-left text-h3 font-bold md:text-h3 mb-4 md:mb-sm z-0'>\n    \n    <span class='relative align-left text-h3 font-bold md:text-h3 mb-4 md:mb-sm z-0'>\n    <span class='absolute top-0 left-0 z-0 -translate-x-1\/2 -translate-y-1\/2 light w-[300px] h-[300px]'>\n    <svg class='w-full h-full ' xmlns='http:\/\/www.w3.org\/2000\/svg' width='542' height='542' viewBox='0 0 542 542' fill='none'>\n      <g filter='url(#filter0_f_569_1018)'>\n        <circle cx='271' cy='271' r='121' fill='#9AE8FF' fill-opacity='0.5'\/>\n      <\/g>\n      <defs>\n        <filter id='filter0_f_569_1018' x='0' y='0' width='542' height='542' filterUnits='userSpaceOnUse' color-interpolation-filters='sRGB'>\n          <feFlood flood-opacity='0' result='BackgroundImageFix'\/>\n          <feBlend mode='normal' in='SourceGraphic' in2='BackgroundImageFix' result='shape'\/>\n          <feGaussianBlur stdDeviation='75' result='effect1_foregroundBlur_569_1018'\/>\n        <\/filter>\n      <\/defs>\n    <\/svg>\n  <\/span>\n    2023<\/span>\n    <\/h2><\/div>\n                <div class=\"relative z-10 mx-auto max-w-content\">\n            <div class='text-element align- text-copy'><p>Ein Ort voller Geheimnisse. Die dunklen Gassen einer alten Zauberstadt. Das Nikolaiviertel pr\u00e4sentierte sich 2023 als magischer Ort mit leuchtenden Farben in den B\u00e4umen, Engels-Fl\u00fcgeln und &#8222;Swings in the Clouds&#8220;.<\/p>\n<\/div>        <\/div>\n          <\/div>\n<\/section>\n\n<section class=\"text-image bg-bg-darkBlue text-text-default\">\n    <div class=\"dark:!text-white dark:!bg-transparent\">\n        <div class=\"container mx-auto max-w-screen-xl px-xs py-md text-image\">\n            <div class=\"mx-auto items-center grid text-copy md:grid-cols-2 gap-x-10 align-left\">\n                                    <div class=\"relative aniMe \"> \n                        <div class=\"relative hp-player aspect-video grayscale-mask\">\n                            <iframe class=\"z-[1050] grayscale-overlay lazyVideo\" data-src=\"\/\/www.youtube-nocookie.com\/embed\/_gsxXPwZqko?rel=0&#038;controls=0&#038;showinfo=0\" frameborder=\"0\" allowfullscreen allowtransparency>\n                            <\/iframe>\n                        <\/div>\n                    <\/div>\n                                    <div class=\"text-image__col1 py-4 lg:py-10 aniMe flex flex-col right\">\n                    <h3 class='grayscale-overlay relative headline-element align-left mb-4 md:mb-8'>\n    \n    <span class='relative align-left mb-4 md:mb-8'>\n    <span class='absolute top-0 left-0 z-0 -translate-x-1\/2 -translate-y-1\/2 light w-[300px] h-[300px]'>\n    <svg class='w-full h-full ' xmlns='http:\/\/www.w3.org\/2000\/svg' width='542' height='542' viewBox='0 0 542 542' fill='none'>\n      <g filter='url(#filter0_f_569_1018)'>\n        <circle cx='271' cy='271' r='121' fill='#9AE8FF' fill-opacity='0.5'\/>\n      <\/g>\n      <defs>\n        <filter id='filter0_f_569_1018' x='0' y='0' width='542' height='542' filterUnits='userSpaceOnUse' color-interpolation-filters='sRGB'>\n          <feFlood flood-opacity='0' result='BackgroundImageFix'\/>\n          <feBlend mode='normal' in='SourceGraphic' in2='BackgroundImageFix' result='shape'\/>\n          <feGaussianBlur stdDeviation='75' result='effect1_foregroundBlur_569_1018'\/>\n        <\/filter>\n      <\/defs>\n    <\/svg>\n  <\/span>\n    2022<\/span>\n    <\/h3><div class='text-element align-left '><p>Das historische Nikolaiviertel hat sich in den letzten Festivaljahren als Publikumsmagnet erwiesen. Und das zu Recht: Denn die vielen, sch\u00f6nen Motive und Fotospots mitten in Berlin und die einladenden Gassen des Nikolaiviertels ergeben ein unschlagbares \u201eMatch\u201c. Hervorgehoben wurde die Einzigartigkeit des Nikolaiviertels mit den kleinen romantischen Gassen voller interessanter L\u00e4den, Caf\u00e9s und Restaurants, denn dieser historische Ort ist \u201eeinfach zauberhaft\u201c. Erm\u00f6glicht wurden die Inszenierungen durch unseren treuen Festivalpartner WBM, die Wohnungsbaugesellschaft Berlin-Mitte.<\/p>\n<\/div>                <\/div>\n            <\/div>\n        <\/div>\n    <\/div>\n<\/section>\n\n<section class=\"text-image bg-bg-darkBlue text-text-default\">\n    <div class=\"dark:!text-white dark:!bg-transparent\">\n        <div class=\"container mx-auto max-w-screen-xl px-xs py-md text-image\">\n            <div class=\"mx-auto items-center grid text-copy md:grid-cols-2 gap-x-10 align-left\">\n                                    <div class=\"relative aniMe order-1 mt-4 md:mt-8\"> \n                        <div class=\"relative hp-player aspect-video grayscale-mask\">\n                            <iframe class=\"z-[1050] grayscale-overlay lazyVideo\" data-src=\"\/\/www.youtube-nocookie.com\/embed\/qmr7PCoMBjo?rel=0&#038;controls=0&#038;showinfo=0\" frameborder=\"0\" allowfullscreen allowtransparency>\n                            <\/iframe>\n                        <\/div>\n                    <\/div>\n                                    <div class=\"text-image__col1 py-4 lg:py-10 aniMe flex flex-col left\">\n                    <h3 class='grayscale-overlay relative headline-element align-left mb-4 md:mb-8'>\n    \n    <span class='relative align-left mb-4 md:mb-8'>\n    <span class='absolute top-0 left-0 z-0 -translate-x-1\/2 -translate-y-1\/2 light w-[300px] h-[300px]'>\n    <svg class='w-full h-full ' xmlns='http:\/\/www.w3.org\/2000\/svg' width='542' height='542' viewBox='0 0 542 542' fill='none'>\n      <g filter='url(#filter0_f_569_1018)'>\n        <circle cx='271' cy='271' r='121' fill='#9AE8FF' fill-opacity='0.5'\/>\n      <\/g>\n      <defs>\n        <filter id='filter0_f_569_1018' x='0' y='0' width='542' height='542' filterUnits='userSpaceOnUse' color-interpolation-filters='sRGB'>\n          <feFlood flood-opacity='0' result='BackgroundImageFix'\/>\n          <feBlend mode='normal' in='SourceGraphic' in2='BackgroundImageFix' result='shape'\/>\n          <feGaussianBlur stdDeviation='75' result='effect1_foregroundBlur_569_1018'\/>\n        <\/filter>\n      <\/defs>\n    <\/svg>\n  <\/span>\n    2021<\/span>\n    <\/h3><div class='text-element align-left '><p>Eine feste Gr\u00f6\u00dfe in jedem Festival ist das \u00e4lteste Stadtviertel Berlins, das Nikolaiviertel. Es wurde anl\u00e4sslich der 750-Jahr-Feier der Stadt wiederaufgebaut und macht es zu einer echten Berliner Sehensw\u00fcrdigkeit. W\u00e4hrend des Festival of Lights l\u00e4dt es Besucher*innen zu einem Spaziergang durch die historische Umgebung und vorbei an stimmungsvoll beleuchteten Pl\u00e4tzen und Fassaden ein.<\/p>\n<\/div>                <\/div>\n            <\/div>\n        <\/div>\n    <\/div>\n<\/section>\n\n<section class=\"basic-content-module bg-bg-darkBlue text-text-default\">\n  <div class=\"px-xs py-md lg:py-2xl aniMe text-intro dark:!bg-transparent dark:!text-white text-left\">\n            <div class=\"mx-auto max-w-content basic-content-module__headline\"><h2 class='grayscale-overlay relative headline-element align-left text-h3 font-bold md:text-h2 mb-4 md:mb-sm z-0'>\n    \n    <span class='relative align-left text-h3 font-bold md:text-h2 mb-4 md:mb-sm z-0'>\n    <span class='absolute top-0 left-0 z-0 -translate-x-1\/2 -translate-y-1\/2 light w-[300px] h-[300px]'>\n    <svg class='w-full h-full ' xmlns='http:\/\/www.w3.org\/2000\/svg' width='542' height='542' viewBox='0 0 542 542' fill='none'>\n      <g filter='url(#filter0_f_569_1018)'>\n        <circle cx='271' cy='271' r='121' fill='#9AE8FF' fill-opacity='0.5'\/>\n      <\/g>\n      <defs>\n        <filter id='filter0_f_569_1018' x='0' y='0' width='542' height='542' filterUnits='userSpaceOnUse' color-interpolation-filters='sRGB'>\n          <feFlood flood-opacity='0' result='BackgroundImageFix'\/>\n          <feBlend mode='normal' in='SourceGraphic' in2='BackgroundImageFix' result='shape'\/>\n          <feGaussianBlur stdDeviation='75' result='effect1_foregroundBlur_569_1018'\/>\n        <\/filter>\n      <\/defs>\n    <\/svg>\n  <\/span>\n    Neuer Marstall<\/span>\n    <\/h2><\/div>\n          <\/div>\n<\/section>\n\n<section class=\"bg-bg-darkBlue\">\n  <div class=\"gallery-wall-simple-section dark:!bg-transparent dark:!text-white\">\n    <div class=\"gallery-wall-simple relative mx-auto grid gallery-grid-cols-3 gap-1 md:gap-3 lg:gap-5 \">\n     \n      <div data-src=\"https:\/\/festival-of-lights.de\/wp-content\/uploads\/2023\/08\/Neuer-Marstall-1-1024x682-1.jpg\" data-sub-html=\".image-description\" class=\"gallery-image grayscale-mask relative aspect-video cursor-pointer \">\n        <img decoding=\"async\" loading=\"lazy\" src=\"https:\/\/festival-of-lights.de\/wp-content\/uploads\/2023\/08\/Neuer-Marstall-1-1024x682-1-768x512.jpg\" class=\"object-cover object-center w-full h-full image grayscale-overlay\" alt=\"\">            <\/div>\n           \n      <div data-src=\"https:\/\/festival-of-lights.de\/wp-content\/uploads\/2023\/08\/Galerie_0532_FoL2020_FH-3-1024x683-1.jpg\" data-sub-html=\".image-description\" class=\"gallery-image grayscale-mask relative aspect-video cursor-pointer \">\n        <img decoding=\"async\" loading=\"lazy\" src=\"https:\/\/festival-of-lights.de\/wp-content\/uploads\/2023\/08\/Galerie_0532_FoL2020_FH-3-1024x683-1-768x512.jpg\" class=\"object-cover object-center w-full h-full image grayscale-overlay\" alt=\"\">            <\/div>\n           \n      <div data-src=\"https:\/\/festival-of-lights.de\/wp-content\/uploads\/2023\/08\/Galerie_0531_FoL2020_FH-3-1024x683-1.jpg\" data-sub-html=\".image-description\" class=\"gallery-image grayscale-mask relative aspect-video cursor-pointer \">\n        <img decoding=\"async\" loading=\"lazy\" src=\"https:\/\/festival-of-lights.de\/wp-content\/uploads\/2023\/08\/Galerie_0531_FoL2020_FH-3-1024x683-1-768x512.jpg\" class=\"object-cover object-center w-full h-full image grayscale-overlay\" alt=\"\">            <\/div>\n           \n      <div data-src=\"https:\/\/festival-of-lights.de\/wp-content\/uploads\/2023\/08\/Galerie_0530_FoL2020_FH-1-1024x683-1.jpg\" data-sub-html=\".image-description\" class=\"gallery-image grayscale-mask relative aspect-video cursor-pointer \">\n        <img decoding=\"async\" loading=\"lazy\" src=\"https:\/\/festival-of-lights.de\/wp-content\/uploads\/2023\/08\/Galerie_0530_FoL2020_FH-1-1024x683-1-768x512.jpg\" class=\"object-cover object-center w-full h-full image grayscale-overlay\" alt=\"\">            <\/div>\n           \n      <div data-src=\"https:\/\/festival-of-lights.de\/wp-content\/uploads\/2023\/08\/0851_FoL19_FH-scaled-e1575545401587-1024x769-1.jpg\" data-sub-html=\".image-description\" class=\"gallery-image grayscale-mask relative aspect-video cursor-pointer \">\n        <img decoding=\"async\" loading=\"lazy\" src=\"https:\/\/festival-of-lights.de\/wp-content\/uploads\/2023\/08\/0851_FoL19_FH-scaled-e1575545401587-1024x769-1-768x577.jpg\" class=\"object-cover object-center w-full h-full image grayscale-overlay\" alt=\"\">            <\/div>\n           \n      <div data-src=\"https:\/\/festival-of-lights.de\/wp-content\/uploads\/2023\/08\/0849_FoL19_FH-scaled-e1575545356763-1024x768-1.jpg\" data-sub-html=\".image-description\" class=\"gallery-image grayscale-mask relative aspect-video cursor-pointer \">\n        <img decoding=\"async\" loading=\"lazy\" src=\"https:\/\/festival-of-lights.de\/wp-content\/uploads\/2023\/08\/0849_FoL19_FH-scaled-e1575545356763-1024x768-1-768x576.jpg\" class=\"object-cover object-center w-full h-full image grayscale-overlay\" alt=\"\">            <\/div>\n           \n      <div data-src=\"https:\/\/festival-of-lights.de\/wp-content\/uploads\/2023\/08\/0839_FoL19_FH-scaled-e1575545083749-1024x766-1.jpg\" data-sub-html=\".image-description\" class=\"gallery-image grayscale-mask relative aspect-video cursor-pointer \">\n        <img decoding=\"async\" loading=\"lazy\" src=\"https:\/\/festival-of-lights.de\/wp-content\/uploads\/2023\/08\/0839_FoL19_FH-scaled-e1575545083749-1024x766-1-768x575.jpg\" class=\"object-cover object-center w-full h-full image grayscale-overlay\" alt=\"\">            <\/div>\n           \n      <div data-src=\"https:\/\/festival-of-lights.de\/wp-content\/uploads\/2023\/08\/0846_FoL19_FH-scaled-e1575545115477-1024x767-1.jpg\" data-sub-html=\".image-description\" class=\"gallery-image grayscale-mask relative aspect-video cursor-pointer \">\n        <img decoding=\"async\" loading=\"lazy\" src=\"https:\/\/festival-of-lights.de\/wp-content\/uploads\/2023\/08\/0846_FoL19_FH-scaled-e1575545115477-1024x767-1-768x575.jpg\" class=\"object-cover object-center w-full h-full image grayscale-overlay\" alt=\"\">            <\/div>\n           \n      <div data-src=\"https:\/\/festival-of-lights.de\/wp-content\/uploads\/2023\/08\/0827_FoL19_FH-scaled-e1575545026738-1024x768-1.jpg\" data-sub-html=\".image-description\" class=\"gallery-image grayscale-mask relative aspect-video cursor-pointer \">\n        <img decoding=\"async\" loading=\"lazy\" src=\"https:\/\/festival-of-lights.de\/wp-content\/uploads\/2023\/08\/0827_FoL19_FH-scaled-e1575545026738-1024x768-1-768x576.jpg\" class=\"object-cover object-center w-full h-full image grayscale-overlay\" alt=\"\">            <\/div>\n           \n      <div data-src=\"https:\/\/festival-of-lights.de\/wp-content\/uploads\/2023\/08\/0825_FoL19_FH-1-scaled-e1575544991543-1024x767-1.jpg\" data-sub-html=\".image-description\" class=\"gallery-image grayscale-mask relative aspect-video cursor-pointer \">\n        <img decoding=\"async\" loading=\"lazy\" src=\"https:\/\/festival-of-lights.de\/wp-content\/uploads\/2023\/08\/0825_FoL19_FH-1-scaled-e1575544991543-1024x767-1-768x575.jpg\" class=\"object-cover object-center w-full h-full image grayscale-overlay\" alt=\"\">            <\/div>\n           \n      <div data-src=\"https:\/\/festival-of-lights.de\/wp-content\/uploads\/2023\/08\/0824_FoL19_FH-scaled-e1575544916701-1024x770-1.jpg\" data-sub-html=\".image-description\" class=\"gallery-image grayscale-mask relative aspect-video cursor-pointer \">\n        <img decoding=\"async\" loading=\"lazy\" src=\"https:\/\/festival-of-lights.de\/wp-content\/uploads\/2023\/08\/0824_FoL19_FH-scaled-e1575544916701-1024x770-1-768x578.jpg\" class=\"object-cover object-center w-full h-full image grayscale-overlay\" alt=\"\">            <\/div>\n           \n      <div data-src=\"https:\/\/festival-of-lights.de\/wp-content\/uploads\/2023\/08\/0822_FoL19_FH-scaled-e1575544875447-1024x769-1.jpg\" data-sub-html=\".image-description\" class=\"gallery-image grayscale-mask relative aspect-video cursor-pointer \">\n        <img decoding=\"async\" loading=\"lazy\" src=\"https:\/\/festival-of-lights.de\/wp-content\/uploads\/2023\/08\/0822_FoL19_FH-scaled-e1575544875447-1024x769-1-768x577.jpg\" class=\"object-cover object-center w-full h-full image grayscale-overlay\" alt=\"\">            <\/div>\n           \n      <div data-src=\"https:\/\/festival-of-lights.de\/wp-content\/uploads\/2023\/08\/0820_FoL19_FH-scaled-e1575544793589-1024x767-1.jpg\" data-sub-html=\".image-description\" class=\"gallery-image grayscale-mask relative aspect-video cursor-pointer \">\n        <img decoding=\"async\" loading=\"lazy\" src=\"https:\/\/festival-of-lights.de\/wp-content\/uploads\/2023\/08\/0820_FoL19_FH-scaled-e1575544793589-1024x767-1-768x575.jpg\" class=\"object-cover object-center w-full h-full image grayscale-overlay\" alt=\"\">            <\/div>\n           \n      <div data-src=\"https:\/\/festival-of-lights.de\/wp-content\/uploads\/2023\/08\/0817_FoL19_FH-scaled-e1575544258647-1024x767-1.jpg\" data-sub-html=\".image-description\" class=\"gallery-image grayscale-mask relative aspect-video cursor-pointer \">\n        <img decoding=\"async\" loading=\"lazy\" src=\"https:\/\/festival-of-lights.de\/wp-content\/uploads\/2023\/08\/0817_FoL19_FH-scaled-e1575544258647-1024x767-1-768x575.jpg\" class=\"object-cover object-center w-full h-full image grayscale-overlay\" alt=\"\">            <\/div>\n           \n      <div data-src=\"https:\/\/festival-of-lights.de\/wp-content\/uploads\/2023\/08\/1622_FH_FoLBerlin2018-scaled-e1575543078738-1024x767-1.jpg\" data-sub-html=\".image-description\" class=\"gallery-image grayscale-mask relative aspect-video cursor-pointer \">\n        <img decoding=\"async\" loading=\"lazy\" src=\"https:\/\/festival-of-lights.de\/wp-content\/uploads\/2023\/08\/1622_FH_FoLBerlin2018-scaled-e1575543078738-1024x767-1-768x575.jpg\" class=\"object-cover object-center w-full h-full image grayscale-overlay\" alt=\"\">            <\/div>\n           \n      <div data-src=\"https:\/\/festival-of-lights.de\/wp-content\/uploads\/2023\/08\/1615_FH_FoLBerlin2018-scaled-e1575543045646-1024x768-1.jpg\" data-sub-html=\".image-description\" class=\"gallery-image grayscale-mask relative aspect-video cursor-pointer \">\n        <img decoding=\"async\" loading=\"lazy\" src=\"https:\/\/festival-of-lights.de\/wp-content\/uploads\/2023\/08\/1615_FH_FoLBerlin2018-scaled-e1575543045646-1024x768-1-768x576.jpg\" class=\"object-cover object-center w-full h-full image grayscale-overlay\" alt=\"\">            <\/div>\n           \n      <div data-src=\"https:\/\/festival-of-lights.de\/wp-content\/uploads\/2023\/08\/1616_FH_FoLBerlin2018-scaled-e1575542983334-1024x769-1.jpg\" data-sub-html=\".image-description\" class=\"gallery-image grayscale-mask relative aspect-video cursor-pointer \">\n        <img decoding=\"async\" loading=\"lazy\" src=\"https:\/\/festival-of-lights.de\/wp-content\/uploads\/2023\/08\/1616_FH_FoLBerlin2018-scaled-e1575542983334-1024x769-1-768x577.jpg\" class=\"object-cover object-center w-full h-full image grayscale-overlay\" alt=\"\">            <\/div>\n           \n      <div data-src=\"https:\/\/festival-of-lights.de\/wp-content\/uploads\/2023\/08\/1608_FH_FoLBerlin2018-1-scaled-e1575542926302-1024x767-1.jpg\" data-sub-html=\".image-description\" class=\"gallery-image grayscale-mask relative aspect-video cursor-pointer \">\n        <img decoding=\"async\" loading=\"lazy\" src=\"https:\/\/festival-of-lights.de\/wp-content\/uploads\/2023\/08\/1608_FH_FoLBerlin2018-1-scaled-e1575542926302-1024x767-1-768x575.jpg\" class=\"object-cover object-center w-full h-full image grayscale-overlay\" alt=\"\">            <\/div>\n           \n      <div data-src=\"https:\/\/festival-of-lights.de\/wp-content\/uploads\/2023\/08\/1624_FH_FoLBerlin2018-scaled-e1575542887556-1024x767-1.jpg\" data-sub-html=\".image-description\" class=\"gallery-image grayscale-mask relative aspect-video cursor-pointer \">\n        <img decoding=\"async\" loading=\"lazy\" src=\"https:\/\/festival-of-lights.de\/wp-content\/uploads\/2023\/08\/1624_FH_FoLBerlin2018-scaled-e1575542887556-1024x767-1-768x575.jpg\" class=\"object-cover object-center w-full h-full image grayscale-overlay\" alt=\"\">            <\/div>\n           \n      <div data-src=\"https:\/\/festival-of-lights.de\/wp-content\/uploads\/2023\/08\/1658_FH_FoLBerlin2018-scaled-e1575542819785-1024x767-1.jpg\" data-sub-html=\".image-description\" class=\"gallery-image grayscale-mask relative aspect-video cursor-pointer \">\n        <img decoding=\"async\" loading=\"lazy\" src=\"https:\/\/festival-of-lights.de\/wp-content\/uploads\/2023\/08\/1658_FH_FoLBerlin2018-scaled-e1575542819785-1024x767-1-768x575.jpg\" class=\"object-cover object-center w-full h-full image grayscale-overlay\" alt=\"\">            <\/div>\n           \n      <div data-src=\"https:\/\/festival-of-lights.de\/wp-content\/uploads\/2023\/08\/1660_FH_FoLBerlin2018-scaled-e1575542853218-1024x770-1.jpg\" data-sub-html=\".image-description\" class=\"gallery-image grayscale-mask relative aspect-video cursor-pointer \">\n        <img decoding=\"async\" loading=\"lazy\" src=\"https:\/\/festival-of-lights.de\/wp-content\/uploads\/2023\/08\/1660_FH_FoLBerlin2018-scaled-e1575542853218-1024x770-1-768x578.jpg\" class=\"object-cover object-center w-full h-full image grayscale-overlay\" alt=\"\">            <\/div>\n           \n      <div data-src=\"https:\/\/festival-of-lights.de\/wp-content\/uploads\/2023\/08\/1662_FH_FoLBerlin2018-scaled-e1575542758231-1024x769-1.jpg\" data-sub-html=\".image-description\" class=\"gallery-image grayscale-mask relative aspect-video cursor-pointer \">\n        <img decoding=\"async\" loading=\"lazy\" src=\"https:\/\/festival-of-lights.de\/wp-content\/uploads\/2023\/08\/1662_FH_FoLBerlin2018-scaled-e1575542758231-1024x769-1-768x577.jpg\" class=\"object-cover object-center w-full h-full image grayscale-overlay\" alt=\"\">            <\/div>\n           \n      <div data-src=\"https:\/\/festival-of-lights.de\/wp-content\/uploads\/2023\/08\/1659_FH_FoLBerlin2018-scaled-e1575542789274-1024x769-1.jpg\" data-sub-html=\".image-description\" class=\"gallery-image grayscale-mask relative aspect-video cursor-pointer \">\n        <img decoding=\"async\" loading=\"lazy\" src=\"https:\/\/festival-of-lights.de\/wp-content\/uploads\/2023\/08\/1659_FH_FoLBerlin2018-scaled-e1575542789274-1024x769-1-768x577.jpg\" class=\"object-cover object-center w-full h-full image grayscale-overlay\" alt=\"\">            <\/div>\n           \n      <div data-src=\"https:\/\/festival-of-lights.de\/wp-content\/uploads\/2023\/08\/1642_FH_FoLBerlin2018-scaled-e1575542721825-1024x770-1.jpg\" data-sub-html=\".image-description\" class=\"gallery-image grayscale-mask relative aspect-video cursor-pointer \">\n        <img decoding=\"async\" loading=\"lazy\" src=\"https:\/\/festival-of-lights.de\/wp-content\/uploads\/2023\/08\/1642_FH_FoLBerlin2018-scaled-e1575542721825-1024x770-1-768x578.jpg\" class=\"object-cover object-center w-full h-full image grayscale-overlay\" alt=\"\">            <\/div>\n           \n      <div data-src=\"https:\/\/festival-of-lights.de\/wp-content\/uploads\/2023\/08\/0406_FH_FoLBerlin2018-scaled-e1575542689949-1024x767-1.jpg\" data-sub-html=\".image-description\" class=\"gallery-image grayscale-mask relative aspect-video cursor-pointer \">\n        <img decoding=\"async\" loading=\"lazy\" src=\"https:\/\/festival-of-lights.de\/wp-content\/uploads\/2023\/08\/0406_FH_FoLBerlin2018-scaled-e1575542689949-1024x767-1-768x575.jpg\" class=\"object-cover object-center w-full h-full image grayscale-overlay\" alt=\"\">            <\/div>\n           \n      <div data-src=\"https:\/\/festival-of-lights.de\/wp-content\/uploads\/2023\/08\/0401_FH_FoLBerlin2018-scaled-e1575542653792-1024x767-1.jpg\" data-sub-html=\".image-description\" class=\"gallery-image grayscale-mask relative aspect-video cursor-pointer \">\n        <img decoding=\"async\" loading=\"lazy\" src=\"https:\/\/festival-of-lights.de\/wp-content\/uploads\/2023\/08\/0401_FH_FoLBerlin2018-scaled-e1575542653792-1024x767-1-768x575.jpg\" class=\"object-cover object-center w-full h-full image grayscale-overlay\" alt=\"\">            <\/div>\n           \n      <div data-src=\"https:\/\/festival-of-lights.de\/wp-content\/uploads\/2023\/08\/0398_FH_FoLBerlin2018-scaled-e1575542605142-1024x770-1.jpg\" data-sub-html=\".image-description\" class=\"gallery-image grayscale-mask relative aspect-video cursor-pointer \">\n        <img decoding=\"async\" loading=\"lazy\" src=\"https:\/\/festival-of-lights.de\/wp-content\/uploads\/2023\/08\/0398_FH_FoLBerlin2018-scaled-e1575542605142-1024x770-1-768x578.jpg\" class=\"object-cover object-center w-full h-full image grayscale-overlay\" alt=\"\">            <\/div>\n           \n      <div data-src=\"https:\/\/festival-of-lights.de\/wp-content\/uploads\/2023\/08\/0390_FH_FoLBerlin2018-scaled-e1575542570816-1024x767-1.jpg\" data-sub-html=\".image-description\" class=\"gallery-image grayscale-mask relative aspect-video cursor-pointer \">\n        <img decoding=\"async\" loading=\"lazy\" src=\"https:\/\/festival-of-lights.de\/wp-content\/uploads\/2023\/08\/0390_FH_FoLBerlin2018-scaled-e1575542570816-1024x767-1-768x575.jpg\" class=\"object-cover object-center w-full h-full image grayscale-overlay\" alt=\"\">            <\/div>\n           \n      <div data-src=\"https:\/\/festival-of-lights.de\/wp-content\/uploads\/2023\/08\/0365_FH_FoLBerlin2018-scaled-e1575542518847-1024x769-1.jpg\" data-sub-html=\".image-description\" class=\"gallery-image grayscale-mask relative aspect-video cursor-pointer \">\n        <img decoding=\"async\" loading=\"lazy\" src=\"https:\/\/festival-of-lights.de\/wp-content\/uploads\/2023\/08\/0365_FH_FoLBerlin2018-scaled-e1575542518847-1024x769-1-768x577.jpg\" class=\"object-cover object-center w-full h-full image grayscale-overlay\" alt=\"\">            <\/div>\n              <\/div>\n  <\/div>\n<\/section>\n\n<section class=\"basic-content-module bg-bg-darkBlue text-text-default\">\n  <div class=\"px-xs py-md lg:py-2xl aniMe text-intro dark:!bg-transparent dark:!text-white text-left\">\n            <div class=\"mx-auto max-w-content basic-content-module__headline\"><h2 class='grayscale-overlay relative headline-element align-left text-h3 font-bold md:text-h2 mb-4 md:mb-sm z-0'>\n    \n    <span class='relative align-left text-h3 font-bold md:text-h2 mb-4 md:mb-sm z-0'>\n    <span class='absolute top-0 left-0 z-0 -translate-x-1\/2 -translate-y-1\/2 light w-[300px] h-[300px]'>\n    <svg class='w-full h-full ' xmlns='http:\/\/www.w3.org\/2000\/svg' width='542' height='542' viewBox='0 0 542 542' fill='none'>\n      <g filter='url(#filter0_f_569_1018)'>\n        <circle cx='271' cy='271' r='121' fill='#9AE8FF' fill-opacity='0.5'\/>\n      <\/g>\n      <defs>\n        <filter id='filter0_f_569_1018' x='0' y='0' width='542' height='542' filterUnits='userSpaceOnUse' color-interpolation-filters='sRGB'>\n          <feFlood flood-opacity='0' result='BackgroundImageFix'\/>\n          <feBlend mode='normal' in='SourceGraphic' in2='BackgroundImageFix' result='shape'\/>\n          <feGaussianBlur stdDeviation='75' result='effect1_foregroundBlur_569_1018'\/>\n        <\/filter>\n      <\/defs>\n    <\/svg>\n  <\/span>\n    Nikolaikirche<\/span>\n    <\/h2><\/div>\n          <\/div>\n<\/section>\n\n<section class=\"bg-bg-darkBlue\">\n  <div class=\"gallery-wall-simple-section dark:!bg-transparent dark:!text-white\">\n    <div class=\"gallery-wall-simple relative mx-auto grid gallery-grid-cols-3 gap-1 md:gap-3 lg:gap-5 \">\n     \n      <div data-src=\"https:\/\/festival-of-lights.de\/wp-content\/uploads\/2023\/08\/1095_FH_FoL2017-scaled-e1575627959563-1024x768-1.jpg\" data-sub-html=\".image-description\" class=\"gallery-image grayscale-mask relative aspect-video cursor-pointer \">\n        <img decoding=\"async\" loading=\"lazy\" src=\"https:\/\/festival-of-lights.de\/wp-content\/uploads\/2023\/08\/1095_FH_FoL2017-scaled-e1575627959563-1024x768-1-768x576.jpg\" class=\"object-cover object-center w-full h-full image grayscale-overlay\" alt=\"\">            <\/div>\n           \n      <div data-src=\"https:\/\/festival-of-lights.de\/wp-content\/uploads\/2023\/08\/1089_FH_FoL2017-scaled-e1575627674938-1024x769-1.jpg\" data-sub-html=\".image-description\" class=\"gallery-image grayscale-mask relative aspect-video cursor-pointer \">\n        <img decoding=\"async\" loading=\"lazy\" src=\"https:\/\/festival-of-lights.de\/wp-content\/uploads\/2023\/08\/1089_FH_FoL2017-scaled-e1575627674938-1024x769-1-768x577.jpg\" class=\"object-cover object-center w-full h-full image grayscale-overlay\" alt=\"\">            <\/div>\n           \n      <div data-src=\"https:\/\/festival-of-lights.de\/wp-content\/uploads\/2023\/08\/1104_FH_FoL2017-scaled-e1575627609882-1024x768-1.jpg\" data-sub-html=\".image-description\" class=\"gallery-image grayscale-mask relative aspect-video cursor-pointer \">\n        <img decoding=\"async\" loading=\"lazy\" src=\"https:\/\/festival-of-lights.de\/wp-content\/uploads\/2023\/08\/1104_FH_FoL2017-scaled-e1575627609882-1024x768-1-768x576.jpg\" class=\"object-cover object-center w-full h-full image grayscale-overlay\" alt=\"\">            <\/div>\n           \n      <div data-src=\"https:\/\/festival-of-lights.de\/wp-content\/uploads\/2023\/08\/1062_FH_FoL2017-scaled-e1575627556643-1024x767-1.jpg\" data-sub-html=\".image-description\" class=\"gallery-image grayscale-mask relative aspect-video cursor-pointer \">\n        <img decoding=\"async\" loading=\"lazy\" src=\"https:\/\/festival-of-lights.de\/wp-content\/uploads\/2023\/08\/1062_FH_FoL2017-scaled-e1575627556643-1024x767-1-768x575.jpg\" class=\"object-cover object-center w-full h-full image grayscale-overlay\" alt=\"\">            <\/div>\n           \n      <div data-src=\"https:\/\/festival-of-lights.de\/wp-content\/uploads\/2023\/08\/0698_FoL2016_FH-scaled-e1575627476949-1024x768-1.jpg\" data-sub-html=\".image-description\" class=\"gallery-image grayscale-mask relative aspect-video cursor-pointer \">\n        <img decoding=\"async\" loading=\"lazy\" src=\"https:\/\/festival-of-lights.de\/wp-content\/uploads\/2023\/08\/0698_FoL2016_FH-scaled-e1575627476949-1024x768-1-768x576.jpg\" class=\"object-cover object-center w-full h-full image grayscale-overlay\" alt=\"\">            <\/div>\n           \n      <div data-src=\"https:\/\/festival-of-lights.de\/wp-content\/uploads\/2023\/08\/0708_FoL2016_FH-scaled-e1575627430692-1024x767-1.jpg\" data-sub-html=\".image-description\" class=\"gallery-image grayscale-mask relative aspect-video cursor-pointer \">\n        <img decoding=\"async\" loading=\"lazy\" src=\"https:\/\/festival-of-lights.de\/wp-content\/uploads\/2023\/08\/0708_FoL2016_FH-scaled-e1575627430692-1024x767-1-768x575.jpg\" class=\"object-cover object-center w-full h-full image grayscale-overlay\" alt=\"\">            <\/div>\n           \n      <div data-src=\"https:\/\/festival-of-lights.de\/wp-content\/uploads\/2023\/08\/0709_FoL2016_FH-scaled-e1575627315576-1024x767-1.jpg\" data-sub-html=\".image-description\" class=\"gallery-image grayscale-mask relative aspect-video cursor-pointer \">\n        <img decoding=\"async\" loading=\"lazy\" src=\"https:\/\/festival-of-lights.de\/wp-content\/uploads\/2023\/08\/0709_FoL2016_FH-scaled-e1575627315576-1024x767-1-768x575.jpg\" class=\"object-cover object-center w-full h-full image grayscale-overlay\" alt=\"\">            <\/div>\n           \n      <div data-src=\"https:\/\/festival-of-lights.de\/wp-content\/uploads\/2023\/08\/0199_FoL2016_FH-scaled-e1575627268571-1024x767-1.jpg\" data-sub-html=\".image-description\" class=\"gallery-image grayscale-mask relative aspect-video cursor-pointer \">\n        <img decoding=\"async\" loading=\"lazy\" src=\"https:\/\/festival-of-lights.de\/wp-content\/uploads\/2023\/08\/0199_FoL2016_FH-scaled-e1575627268571-1024x767-1-768x575.jpg\" class=\"object-cover object-center w-full h-full image grayscale-overlay\" alt=\"\">            <\/div>\n           \n      <div data-src=\"https:\/\/festival-of-lights.de\/wp-content\/uploads\/2023\/08\/0037_FoL2016_FH-scaled-e1575627223570-1024x766-1.jpg\" data-sub-html=\".image-description\" class=\"gallery-image grayscale-mask relative aspect-video cursor-pointer \">\n        <img decoding=\"async\" loading=\"lazy\" src=\"https:\/\/festival-of-lights.de\/wp-content\/uploads\/2023\/08\/0037_FoL2016_FH-scaled-e1575627223570-1024x766-1-768x575.jpg\" class=\"object-cover object-center w-full h-full image grayscale-overlay\" alt=\"\">            <\/div>\n           \n      <div data-src=\"https:\/\/festival-of-lights.de\/wp-content\/uploads\/2023\/08\/0033_FoL2016_FH-scaled-e1575627128167-1024x768-1.jpg\" data-sub-html=\".image-description\" class=\"gallery-image grayscale-mask relative aspect-video cursor-pointer \">\n        <img decoding=\"async\" loading=\"lazy\" src=\"https:\/\/festival-of-lights.de\/wp-content\/uploads\/2023\/08\/0033_FoL2016_FH-scaled-e1575627128167-1024x768-1-768x576.jpg\" class=\"object-cover object-center w-full h-full image grayscale-overlay\" alt=\"\">            <\/div>\n              <\/div>\n  <\/div>\n<\/section>\n\n<section class=\"module-spacer bg-bg-darkBlue pt-10 md:pt-14 xl:pt-20\">\n<\/section>\n\n<section class=\"basic-content-module bg-bg-darkBlue text-text-default\">\n  <div class=\"px-xs py-md lg:py-2xl aniMe text-intro dark:!bg-transparent dark:!text-white text-left\">\n            <div class=\"relative z-10 mx-auto max-w-content\">\n            <div class='text-element align- text-copy'><p>Fotocredit: Frank Herrmann, Jule Amelie Erpinder<\/p>\n<\/div>        <\/div>\n          <\/div>\n<\/section>","protected":false},"excerpt":{"rendered":"","protected":false},"author":1,"featured_media":0,"parent":33606,"menu_order":0,"comment_status":"closed","ping_status":"closed","template":"","meta":{"_acf_changed":false,"footnotes":""},"class_list":["post-33627","page","type-page","status-publish","hentry"],"acf":[],"yoast_head":"<!-- This site is optimized with the Yoast SEO plugin v25.6 - https:\/\/yoast.com\/wordpress\/plugins\/seo\/ -->\n<title>Neuer Marstall und Nikolaiviertel - Festival of Lights<\/title>\n<meta name=\"robots\" content=\"index, follow, max-snippet:-1, max-image-preview:large, max-video-preview:-1\" \/>\n<link rel=\"canonical\" href=\"https:\/\/festival-of-lights.de\/de\/galerie-festival-of-lights\/neuer-marstall-und-nikolaiviertel\/\" \/>\n<meta property=\"og:locale\" content=\"de_DE\" \/>\n<meta property=\"og:type\" content=\"article\" \/>\n<meta property=\"og:title\" content=\"Neuer Marstall und Nikolaiviertel - Festival of Lights\" \/>\n<meta property=\"og:url\" content=\"https:\/\/festival-of-lights.de\/de\/galerie-festival-of-lights\/neuer-marstall-und-nikolaiviertel\/\" \/>\n<meta property=\"og:site_name\" content=\"Festival of Lights\" \/>\n<meta property=\"article:publisher\" content=\"https:\/\/www.facebook.com\/FestivalOfLights\" \/>\n<meta property=\"article:modified_time\" content=\"2025-12-01T10:34:52+00:00\" \/>\n<meta name=\"twitter:card\" content=\"summary_large_image\" \/>\n<script type=\"application\/ld+json\" class=\"yoast-schema-graph\">{\"@context\":\"https:\/\/schema.org\",\"@graph\":[{\"@type\":\"WebPage\",\"@id\":\"https:\/\/festival-of-lights.de\/de\/galerie-festival-of-lights\/neuer-marstall-und-nikolaiviertel\/\",\"url\":\"https:\/\/festival-of-lights.de\/de\/galerie-festival-of-lights\/neuer-marstall-und-nikolaiviertel\/\",\"name\":\"Neuer Marstall und Nikolaiviertel - Festival of Lights\",\"isPartOf\":{\"@id\":\"https:\/\/festival-of-lights.de\/de\/#website\"},\"datePublished\":\"2023-07-25T16:43:56+00:00\",\"dateModified\":\"2025-12-01T10:34:52+00:00\",\"breadcrumb\":{\"@id\":\"https:\/\/festival-of-lights.de\/de\/galerie-festival-of-lights\/neuer-marstall-und-nikolaiviertel\/#breadcrumb\"},\"inLanguage\":\"de\",\"potentialAction\":[{\"@type\":\"ReadAction\",\"target\":[\"https:\/\/festival-of-lights.de\/de\/galerie-festival-of-lights\/neuer-marstall-und-nikolaiviertel\/\"]}]},{\"@type\":\"BreadcrumbList\",\"@id\":\"https:\/\/festival-of-lights.de\/de\/galerie-festival-of-lights\/neuer-marstall-und-nikolaiviertel\/#breadcrumb\",\"itemListElement\":[{\"@type\":\"ListItem\",\"position\":1,\"name\":\"Startseite\",\"item\":\"https:\/\/festival-of-lights.de\/de\/\"},{\"@type\":\"ListItem\",\"position\":2,\"name\":\"Galerie\",\"item\":\"https:\/\/festival-of-lights.de\/de\/galerie-festival-of-lights\/\"},{\"@type\":\"ListItem\",\"position\":3,\"name\":\"Neuer Marstall und Nikolaiviertel\"}]},{\"@type\":\"WebSite\",\"@id\":\"https:\/\/festival-of-lights.de\/de\/#website\",\"url\":\"https:\/\/festival-of-lights.de\/de\/\",\"name\":\"Festival of Lights Berlin\",\"description\":\"\",\"publisher\":{\"@id\":\"https:\/\/festival-of-lights.de\/de\/#organization\"},\"potentialAction\":[{\"@type\":\"SearchAction\",\"target\":{\"@type\":\"EntryPoint\",\"urlTemplate\":\"https:\/\/festival-of-lights.de\/de\/?s={search_term_string}\"},\"query-input\":{\"@type\":\"PropertyValueSpecification\",\"valueRequired\":true,\"valueName\":\"search_term_string\"}}],\"inLanguage\":\"de\"},{\"@type\":\"Organization\",\"@id\":\"https:\/\/festival-of-lights.de\/de\/#organization\",\"name\":\"Festival of Lights\",\"url\":\"https:\/\/festival-of-lights.de\/de\/\",\"logo\":{\"@type\":\"ImageObject\",\"inLanguage\":\"de\",\"@id\":\"https:\/\/festival-of-lights.de\/de\/#\/schema\/logo\/image\/\",\"url\":\"https:\/\/festival-of-lights.de\/wp-content\/uploads\/2023\/08\/cropped-logo.png\",\"contentUrl\":\"https:\/\/festival-of-lights.de\/wp-content\/uploads\/2023\/08\/cropped-logo.png\",\"width\":230,\"height\":230,\"caption\":\"Festival of Lights\"},\"image\":{\"@id\":\"https:\/\/festival-of-lights.de\/de\/#\/schema\/logo\/image\/\"},\"sameAs\":[\"https:\/\/www.facebook.com\/FestivalOfLights\",\"https:\/\/www.tiktok.com\/@berlinfestivaloflights\",\"https:\/\/www.instagram.com\/berlinfestivaloflights\"]}]}<\/script>\n<!-- \/ Yoast SEO plugin. -->","yoast_head_json":{"title":"Neuer Marstall und Nikolaiviertel - Festival of Lights","robots":{"index":"index","follow":"follow","max-snippet":"max-snippet:-1","max-image-preview":"max-image-preview:large","max-video-preview":"max-video-preview:-1"},"canonical":"https:\/\/festival-of-lights.de\/de\/galerie-festival-of-lights\/neuer-marstall-und-nikolaiviertel\/","og_locale":"de_DE","og_type":"article","og_title":"Neuer Marstall und Nikolaiviertel - Festival of Lights","og_url":"https:\/\/festival-of-lights.de\/de\/galerie-festival-of-lights\/neuer-marstall-und-nikolaiviertel\/","og_site_name":"Festival of Lights","article_publisher":"https:\/\/www.facebook.com\/FestivalOfLights","article_modified_time":"2025-12-01T10:34:52+00:00","twitter_card":"summary_large_image","schema":{"@context":"https:\/\/schema.org","@graph":[{"@type":"WebPage","@id":"https:\/\/festival-of-lights.de\/de\/galerie-festival-of-lights\/neuer-marstall-und-nikolaiviertel\/","url":"https:\/\/festival-of-lights.de\/de\/galerie-festival-of-lights\/neuer-marstall-und-nikolaiviertel\/","name":"Neuer Marstall und Nikolaiviertel - Festival of Lights","isPartOf":{"@id":"https:\/\/festival-of-lights.de\/de\/#website"},"datePublished":"2023-07-25T16:43:56+00:00","dateModified":"2025-12-01T10:34:52+00:00","breadcrumb":{"@id":"https:\/\/festival-of-lights.de\/de\/galerie-festival-of-lights\/neuer-marstall-und-nikolaiviertel\/#breadcrumb"},"inLanguage":"de","potentialAction":[{"@type":"ReadAction","target":["https:\/\/festival-of-lights.de\/de\/galerie-festival-of-lights\/neuer-marstall-und-nikolaiviertel\/"]}]},{"@type":"BreadcrumbList","@id":"https:\/\/festival-of-lights.de\/de\/galerie-festival-of-lights\/neuer-marstall-und-nikolaiviertel\/#breadcrumb","itemListElement":[{"@type":"ListItem","position":1,"name":"Startseite","item":"https:\/\/festival-of-lights.de\/de\/"},{"@type":"ListItem","position":2,"name":"Galerie","item":"https:\/\/festival-of-lights.de\/de\/galerie-festival-of-lights\/"},{"@type":"ListItem","position":3,"name":"Neuer Marstall und Nikolaiviertel"}]},{"@type":"WebSite","@id":"https:\/\/festival-of-lights.de\/de\/#website","url":"https:\/\/festival-of-lights.de\/de\/","name":"Festival of Lights Berlin","description":"","publisher":{"@id":"https:\/\/festival-of-lights.de\/de\/#organization"},"potentialAction":[{"@type":"SearchAction","target":{"@type":"EntryPoint","urlTemplate":"https:\/\/festival-of-lights.de\/de\/?s={search_term_string}"},"query-input":{"@type":"PropertyValueSpecification","valueRequired":true,"valueName":"search_term_string"}}],"inLanguage":"de"},{"@type":"Organization","@id":"https:\/\/festival-of-lights.de\/de\/#organization","name":"Festival of Lights","url":"https:\/\/festival-of-lights.de\/de\/","logo":{"@type":"ImageObject","inLanguage":"de","@id":"https:\/\/festival-of-lights.de\/de\/#\/schema\/logo\/image\/","url":"https:\/\/festival-of-lights.de\/wp-content\/uploads\/2023\/08\/cropped-logo.png","contentUrl":"https:\/\/festival-of-lights.de\/wp-content\/uploads\/2023\/08\/cropped-logo.png","width":230,"height":230,"caption":"Festival of Lights"},"image":{"@id":"https:\/\/festival-of-lights.de\/de\/#\/schema\/logo\/image\/"},"sameAs":["https:\/\/www.facebook.com\/FestivalOfLights","https:\/\/www.tiktok.com\/@berlinfestivaloflights","https:\/\/www.instagram.com\/berlinfestivaloflights"]}]}},"_links":{"self":[{"href":"https:\/\/festival-of-lights.de\/de\/wp-json\/wp\/v2\/pages\/33627","targetHints":{"allow":["GET"]}}],"collection":[{"href":"https:\/\/festival-of-lights.de\/de\/wp-json\/wp\/v2\/pages"}],"about":[{"href":"https:\/\/festival-of-lights.de\/de\/wp-json\/wp\/v2\/types\/page"}],"author":[{"embeddable":true,"href":"https:\/\/festival-of-lights.de\/de\/wp-json\/wp\/v2\/users\/1"}],"replies":[{"embeddable":true,"href":"https:\/\/festival-of-lights.de\/de\/wp-json\/wp\/v2\/comments?post=33627"}],"version-history":[{"count":33,"href":"https:\/\/festival-of-lights.de\/de\/wp-json\/wp\/v2\/pages\/33627\/revisions"}],"predecessor-version":[{"id":60165,"href":"https:\/\/festival-of-lights.de\/de\/wp-json\/wp\/v2\/pages\/33627\/revisions\/60165"}],"up":[{"embeddable":true,"href":"https:\/\/festival-of-lights.de\/de\/wp-json\/wp\/v2\/pages\/33606"}],"wp:attachment":[{"href":"https:\/\/festival-of-lights.de\/de\/wp-json\/wp\/v2\/media?parent=33627"}],"curies":[{"name":"wp","href":"https:\/\/api.w.org\/{rel}","templated":true}]}}