{"id":33690,"date":"2023-07-25T19:25:43","date_gmt":"2023-07-25T17:25:43","guid":{"rendered":"http:\/\/festival-of-lights.de\/?page_id=33690"},"modified":"2023-08-24T17:24:34","modified_gmt":"2023-08-24T15:24:34","slug":"future-vision-award","status":"publish","type":"page","link":"https:\/\/festival-of-lights.de\/de\/fol-award\/future-vision-award\/","title":{"rendered":"Future Vision Award"},"content":{"rendered":"<section class=\"module-spacer bg-bg-darkBlue pt-10 md:pt-14 xl:pt-20\">\n<\/section>\n\n<section class=\"basic-content-module bg-bg-darkBlue text-text-default\">\n  <div class=\"px-xs py-md lg:py-2xl aniMe text-intro dark:!bg-transparent dark:!text-white text-left\">\n            <div class=\"mx-auto max-w-content basic-content-module__headline\"><h2 class='grayscale-overlay relative headline-element align-left text-h3 font-bold md:text-h1 lg:text-[128px] mb-4 md:mb-4 z-0 basic-content-module__headline-big'>\n    \n    <span class='relative align-left text-h3 font-bold md:text-h1 lg:text-[128px] mb-4 md:mb-4 z-0 basic-content-module__headline-big'>\n    <span class='absolute top-0 left-0 z-0 -translate-x-1\/2 -translate-y-1\/2 light w-[300px] h-[300px]'>\n    <svg class='w-full h-full ' xmlns='http:\/\/www.w3.org\/2000\/svg' width='542' height='542' viewBox='0 0 542 542' fill='none'>\n      <g filter='url(#filter0_f_569_1018)'>\n        <circle cx='271' cy='271' r='121' fill='#9AE8FF' fill-opacity='0.5'\/>\n      <\/g>\n      <defs>\n        <filter id='filter0_f_569_1018' x='0' y='0' width='542' height='542' filterUnits='userSpaceOnUse' color-interpolation-filters='sRGB'>\n          <feFlood flood-opacity='0' result='BackgroundImageFix'\/>\n          <feBlend mode='normal' in='SourceGraphic' in2='BackgroundImageFix' result='shape'\/>\n          <feGaussianBlur stdDeviation='75' result='effect1_foregroundBlur_569_1018'\/>\n        <\/filter>\n      <\/defs>\n    <\/svg>\n  <\/span>\n    Future Vision Award 2021<\/span>\n    <\/h2><\/div>\n          <\/div>\n<\/section>\n\n<section class=\"basic-content-module bg-bg-darkBlue text-text-default\">\n  <div class=\"px-xs py-md lg:py-2xl aniMe text-intro dark:!bg-transparent dark:!text-white text-left\">\n            <div class=\"mx-auto max-w-content basic-content-module__headline\"><h2 class='grayscale-overlay relative headline-element align-left text-h3 font-bold md:text-h3 mb-4 md:mb-sm z-0'>\n    \n    <span class='relative align-left text-h3 font-bold md:text-h3 mb-4 md:mb-sm z-0'>\n    <span class='absolute top-0 left-0 z-0 -translate-x-1\/2 -translate-y-1\/2 light w-[300px] h-[300px]'>\n    <svg class='w-full h-full ' xmlns='http:\/\/www.w3.org\/2000\/svg' width='542' height='542' viewBox='0 0 542 542' fill='none'>\n      <g filter='url(#filter0_f_569_1018)'>\n        <circle cx='271' cy='271' r='121' fill='#9AE8FF' fill-opacity='0.5'\/>\n      <\/g>\n      <defs>\n        <filter id='filter0_f_569_1018' x='0' y='0' width='542' height='542' filterUnits='userSpaceOnUse' color-interpolation-filters='sRGB'>\n          <feFlood flood-opacity='0' result='BackgroundImageFix'\/>\n          <feBlend mode='normal' in='SourceGraphic' in2='BackgroundImageFix' result='shape'\/>\n          <feGaussianBlur stdDeviation='75' result='effect1_foregroundBlur_569_1018'\/>\n        <\/filter>\n      <\/defs>\n    <\/svg>\n  <\/span>\n    Festival of Lights Future Vision Award Die besten Videomapping K\u00fcnstler*innen inszenieren ihre Botschaften in spektakul\u00e4ren Shows<\/span>\n    <\/h2><\/div>\n                <div class=\"relative z-10 mx-auto max-w-content\">\n            <div class='text-element align- text-copy'><p>&nbsp;<\/p>\n<p>Traditionell lobt das Festival of Lights gemeinsam mit seinem Presenting Partner einen Wettbewerb aus, in dem die besten Videok\u00fcnstler*innen pr\u00e4miert werden. In diesem Jahr ist es der Future Vision Award.<\/p>\n<\/div>        <\/div>\n          <\/div>\n<\/section>\n\n<section class=\"image-module bg-bg-darkBlue\">\n  <div class=\"image-module__container image-module__container-full mx-auto\">\n    <div class=\"image-module__image grayscale-mask relative aniMe image-module__image-contain\"> <img loading=\"lazy\" decoding=\"async\" width=\"1920\" height=\"1080\" src=\"https:\/\/festival-of-lights.de\/wp-content\/uploads\/2023\/08\/Konzeptskizze-Momap.png\" class=\"z-0 grayscale-overlay w-full\" alt=\"\" srcset=\"https:\/\/festival-of-lights.de\/wp-content\/uploads\/2023\/08\/Konzeptskizze-Momap.png 1920w, https:\/\/festival-of-lights.de\/wp-content\/uploads\/2023\/08\/Konzeptskizze-Momap-300x169.png 300w, https:\/\/festival-of-lights.de\/wp-content\/uploads\/2023\/08\/Konzeptskizze-Momap-1024x576.png 1024w, https:\/\/festival-of-lights.de\/wp-content\/uploads\/2023\/08\/Konzeptskizze-Momap-768x432.png 768w, https:\/\/festival-of-lights.de\/wp-content\/uploads\/2023\/08\/Konzeptskizze-Momap-1536x864.png 1536w, https:\/\/festival-of-lights.de\/wp-content\/uploads\/2023\/08\/Konzeptskizze-Momap-1900x1069.png 1900w, https:\/\/festival-of-lights.de\/wp-content\/uploads\/2023\/08\/Konzeptskizze-Momap-1240x698.png 1240w\" sizes=\"auto, (max-width: 1920px) 100vw, 1920px\" \/><\/div> \n      <\/div>\n<\/section>\n\n<section class=\"basic-content-module bg-bg-darkBlue text-text-default\">\n  <div class=\"px-xs py-md lg:py-2xl aniMe text-intro dark:!bg-transparent dark:!text-white text-left\">\n            <div class=\"mx-auto max-w-content basic-content-module__headline\"><h2 class='grayscale-overlay relative headline-element align-left text-h3 font-bold md:text-h3 mb-4 md:mb-sm z-0'>\n    \n    <span class='relative align-left text-h3 font-bold md:text-h3 mb-4 md:mb-sm z-0'>\n    <span class='absolute top-0 left-0 z-0 -translate-x-1\/2 -translate-y-1\/2 light w-[300px] h-[300px]'>\n    <svg class='w-full h-full ' xmlns='http:\/\/www.w3.org\/2000\/svg' width='542' height='542' viewBox='0 0 542 542' fill='none'>\n      <g filter='url(#filter0_f_569_1018)'>\n        <circle cx='271' cy='271' r='121' fill='#9AE8FF' fill-opacity='0.5'\/>\n      <\/g>\n      <defs>\n        <filter id='filter0_f_569_1018' x='0' y='0' width='542' height='542' filterUnits='userSpaceOnUse' color-interpolation-filters='sRGB'>\n          <feFlood flood-opacity='0' result='BackgroundImageFix'\/>\n          <feBlend mode='normal' in='SourceGraphic' in2='BackgroundImageFix' result='shape'\/>\n          <feGaussianBlur stdDeviation='75' result='effect1_foregroundBlur_569_1018'\/>\n        <\/filter>\n      <\/defs>\n    <\/svg>\n  <\/span>\n    Schloss Charlottenburg<\/span>\n    <\/h2><\/div>\n                <div class=\"relative z-10 mx-auto max-w-content\">\n            <div class='text-element align- text-copy'><p><em>The light of tomorrow<\/em> ist eine Projektion des spanischen Kreativstudios <strong>momap<\/strong>, eine k\u00fcnstlerische Botschaft zum notwendigen Wandel im Umgang mit Energie. Die Zeitreise beginnt bei der Entstehung der Holzkohle, erz\u00e4hlt von der Nutzung weiterer fossile Brennstoffe in einer Steampunk- und Artdeco-Umgebung, zeigt Feuer spuckende Maschinen und gelangt am Ende zur Realit\u00e4t \u2013 einem klar denkenden, transparenten Kopf. Das K\u00fcnstlerkollektiv <strong>RE:SORB<\/strong> ist mehrfach preisgekr\u00f6nt und ein Garant f\u00fcr qualitativ hochwertige Arbeiten. In ihrem Mapping Transformation geht es in Zeiten von Transformation und Digitalisierung darum, einen Weg f\u00fcr ein neues Morgen zu gestalten. Dabei sollte man neben all der Technik und den alternativen M\u00f6glichkeiten die Natur nicht aus den Augen verlieren. Im Videomapping des polnischen Kreativteams <strong>Clockwork<\/strong> wird das barocke Schloss Charlottenburg zun\u00e4chst von Diskokugeln erleuchtet, Skulpturen tanzen im Takt. Dann transformiert die Fassade in eine Glasstruktur, Wale schwimmen in einer kosmischen Umgebung, Luftblasen verwandeln sich in Kugeln mit Kindern \u2026. eine mystische Szenerie.<\/p>\n<\/div>        <\/div>\n          <\/div>\n<\/section>\n\n<section class=\"image-module bg-bg-darkBlue\">\n  <div class=\"image-module__container image-module__container-full mx-auto\">\n    <div class=\"image-module__image grayscale-mask relative aniMe image-module__image-contain\"> <img loading=\"lazy\" decoding=\"async\" width=\"1920\" height=\"1280\" src=\"https:\/\/festival-of-lights.de\/wp-content\/uploads\/2023\/08\/Visualisierung-Fernsehturm-2021_green.jpg\" class=\"z-0 grayscale-overlay w-full\" alt=\"\" srcset=\"https:\/\/festival-of-lights.de\/wp-content\/uploads\/2023\/08\/Visualisierung-Fernsehturm-2021_green.jpg 1920w, https:\/\/festival-of-lights.de\/wp-content\/uploads\/2023\/08\/Visualisierung-Fernsehturm-2021_green-300x200.jpg 300w, https:\/\/festival-of-lights.de\/wp-content\/uploads\/2023\/08\/Visualisierung-Fernsehturm-2021_green-1024x683.jpg 1024w, https:\/\/festival-of-lights.de\/wp-content\/uploads\/2023\/08\/Visualisierung-Fernsehturm-2021_green-768x512.jpg 768w, https:\/\/festival-of-lights.de\/wp-content\/uploads\/2023\/08\/Visualisierung-Fernsehturm-2021_green-1536x1024.jpg 1536w, https:\/\/festival-of-lights.de\/wp-content\/uploads\/2023\/08\/Visualisierung-Fernsehturm-2021_green-1900x1267.jpg 1900w, https:\/\/festival-of-lights.de\/wp-content\/uploads\/2023\/08\/Visualisierung-Fernsehturm-2021_green-1240x827.jpg 1240w\" sizes=\"auto, (max-width: 1920px) 100vw, 1920px\" \/><\/div> \n      <\/div>\n<\/section>\n\n<section class=\"basic-content-module bg-bg-darkBlue text-text-default\">\n  <div class=\"px-xs py-md lg:py-2xl aniMe text-intro dark:!bg-transparent dark:!text-white text-left\">\n            <div class=\"mx-auto max-w-content basic-content-module__headline\"><h2 class='grayscale-overlay relative headline-element align-left text-h3 font-bold md:text-h3 mb-4 md:mb-sm z-0'>\n    \n    <span class='relative align-left text-h3 font-bold md:text-h3 mb-4 md:mb-sm z-0'>\n    <span class='absolute top-0 left-0 z-0 -translate-x-1\/2 -translate-y-1\/2 light w-[300px] h-[300px]'>\n    <svg class='w-full h-full ' xmlns='http:\/\/www.w3.org\/2000\/svg' width='542' height='542' viewBox='0 0 542 542' fill='none'>\n      <g filter='url(#filter0_f_569_1018)'>\n        <circle cx='271' cy='271' r='121' fill='#9AE8FF' fill-opacity='0.5'\/>\n      <\/g>\n      <defs>\n        <filter id='filter0_f_569_1018' x='0' y='0' width='542' height='542' filterUnits='userSpaceOnUse' color-interpolation-filters='sRGB'>\n          <feFlood flood-opacity='0' result='BackgroundImageFix'\/>\n          <feBlend mode='normal' in='SourceGraphic' in2='BackgroundImageFix' result='shape'\/>\n          <feGaussianBlur stdDeviation='75' result='effect1_foregroundBlur_569_1018'\/>\n        <\/filter>\n      <\/defs>\n    <\/svg>\n  <\/span>\n    Berliner Fernsehturm<\/span>\n    <\/h2><\/div>\n                <div class=\"relative z-10 mx-auto max-w-content\">\n            <div class='text-element align- text-copy'><p>F\u00fcr die Inszenierung <em>con:trust<\/em> setzen sich das Berliner Design-Team <strong>Studio Eigengrau<\/strong> und <strong>Soundselektor<\/strong> mit der Ambivalenz zwischen Mensch, Umwelt &amp; Technik, sowie dem Gebrauch von fossilen und erneuerbaren Energien auseinander. Die technologischen Errungenschaften unserer Zivilisation stehen oft im Gegensatz zu den Erkenntnissen der Wissenschaft. <em>con:trust<\/em> zeigt, dass die Welt wie wir sie kennen nicht nur schwarz und wei\u00df ist, sondern aus Facetten und Nuancen besteht. Der in Chicago ans\u00e4ssige US-Amerikaner <strong>George Berlin<\/strong> sagt \u00fcber seine Inszenierung <em>Evolve Love:<\/em> \u201eEs ist eine Geschichte \u00fcber die Natur, die von der Technologie und dem modernen Leben \u00fcberw\u00e4ltigt und fast absorbiert wird. Doch letztlich \u00fcberwindet sie diese nicht nur, sie verschmilzt mit der Technologie, um die Zukunft auf neue Weise zu gestalten.\u201c <strong>Les Ateliers Nomand<\/strong> aus Rum\u00e4nien hat die symbolhaften und in ihrer Schlichtheit au\u00dfergew\u00f6hnlichen Meisterwerke des Bildhauers Constantin Br\u00e2ncu\u0219i farbenfroh und lebendig neu interpretiert. Darunter bekannte Skulpturen wie \u201eVogel im Weltraum\u201c, \u201eEndlose S\u00e4ule\u201c und \u201eTisch der Stille\u201c. Die modernen Bestandteile betten sich harmonisch in Naturelemente ein, in Bewegung und Rhythmus. Sie l\u00f6sen die Probleme von heute und morgen durch vereinfachte Algorithmen. <em>Br\u00e2ncu\u0219i in Space<\/em> ist eine fantastische Reise durch ein Universum, das stark und gleichzeitig schutzbed\u00fcrftig ist.<\/p>\n<\/div>        <\/div>\n          <\/div>\n<\/section>\n\n<section class=\"image-module bg-bg-darkBlue\">\n  <div class=\"image-module__container image-module__container-full mx-auto\">\n    <div class=\"image-module__image grayscale-mask relative aniMe image-module__image-contain\"> <img loading=\"lazy\" decoding=\"async\" width=\"1920\" height=\"1280\" src=\"https:\/\/festival-of-lights.de\/wp-content\/uploads\/2023\/08\/Hotel-de-Rome.jpg\" class=\"z-0 grayscale-overlay w-full\" alt=\"\" srcset=\"https:\/\/festival-of-lights.de\/wp-content\/uploads\/2023\/08\/Hotel-de-Rome.jpg 1920w, https:\/\/festival-of-lights.de\/wp-content\/uploads\/2023\/08\/Hotel-de-Rome-300x200.jpg 300w, https:\/\/festival-of-lights.de\/wp-content\/uploads\/2023\/08\/Hotel-de-Rome-1024x683.jpg 1024w, https:\/\/festival-of-lights.de\/wp-content\/uploads\/2023\/08\/Hotel-de-Rome-768x512.jpg 768w, https:\/\/festival-of-lights.de\/wp-content\/uploads\/2023\/08\/Hotel-de-Rome-1536x1024.jpg 1536w, https:\/\/festival-of-lights.de\/wp-content\/uploads\/2023\/08\/Hotel-de-Rome-1900x1267.jpg 1900w, https:\/\/festival-of-lights.de\/wp-content\/uploads\/2023\/08\/Hotel-de-Rome-1240x827.jpg 1240w\" sizes=\"auto, (max-width: 1920px) 100vw, 1920px\" \/><\/div> \n      <\/div>\n<\/section>\n\n<section class=\"basic-content-module bg-bg-darkBlue text-text-default\">\n  <div class=\"px-xs py-md lg:py-2xl aniMe text-intro dark:!bg-transparent dark:!text-white text-left\">\n            <div class=\"mx-auto max-w-content basic-content-module__headline\"><h2 class='grayscale-overlay relative headline-element align-left text-h3 font-bold md:text-h3 mb-4 md:mb-sm z-0'>\n    \n    <span class='relative align-left text-h3 font-bold md:text-h3 mb-4 md:mb-sm z-0'>\n    <span class='absolute top-0 left-0 z-0 -translate-x-1\/2 -translate-y-1\/2 light w-[300px] h-[300px]'>\n    <svg class='w-full h-full ' xmlns='http:\/\/www.w3.org\/2000\/svg' width='542' height='542' viewBox='0 0 542 542' fill='none'>\n      <g filter='url(#filter0_f_569_1018)'>\n        <circle cx='271' cy='271' r='121' fill='#9AE8FF' fill-opacity='0.5'\/>\n      <\/g>\n      <defs>\n        <filter id='filter0_f_569_1018' x='0' y='0' width='542' height='542' filterUnits='userSpaceOnUse' color-interpolation-filters='sRGB'>\n          <feFlood flood-opacity='0' result='BackgroundImageFix'\/>\n          <feBlend mode='normal' in='SourceGraphic' in2='BackgroundImageFix' result='shape'\/>\n          <feGaussianBlur stdDeviation='75' result='effect1_foregroundBlur_569_1018'\/>\n        <\/filter>\n      <\/defs>\n    <\/svg>\n  <\/span>\n    Hotel de Rome<\/span>\n    <\/h2><\/div>\n                <div class=\"relative z-10 mx-auto max-w-content\">\n            <div class='text-element align- text-copy'><p>Die Kunstschaffenden hinter <strong>The Projection Studio<\/strong> aus England sind Ross Ashton und Karen Monid, im Festival vertreten mit dem Beitrag <em>Psyche<\/em>. Eigentliche Protagonisten sind blaue Schmetterlinge, die die einzelnen Szenen miteinander verbinden, \u00dcberg\u00e4nge gestalten und so die Verbundenheit der Welt zum Ausdruck bringen. Diese einzelnen Szenen zeigen unterschiedlichste Bilder einer Welt, wie Menschen sie sich w\u00fcnschen: Ein regenbogenfarbener Wasserfall im Wald, eine kleine Insel in einem sauberen Meer oder einen Sonnenaufgang in der W\u00fcste.<\/p>\n<\/div>        <\/div>\n          <\/div>\n<\/section>\n\n<section class=\"module-spacer bg-bg-darkBlue pt-10 md:pt-14 xl:pt-20\">\n<\/section>","protected":false},"excerpt":{"rendered":"","protected":false},"author":1,"featured_media":0,"parent":33684,"menu_order":0,"comment_status":"closed","ping_status":"closed","template":"","meta":{"_acf_changed":false,"footnotes":""},"class_list":["post-33690","page","type-page","status-publish","hentry"],"acf":[],"yoast_head":"<!-- This site is optimized with the Yoast SEO plugin v25.6 - https:\/\/yoast.com\/wordpress\/plugins\/seo\/ -->\n<title>Future Vision Award - Festival of Lights<\/title>\n<meta name=\"robots\" content=\"index, follow, max-snippet:-1, max-image-preview:large, max-video-preview:-1\" \/>\n<link rel=\"canonical\" href=\"https:\/\/festival-of-lights.de\/de\/fol-award\/future-vision-award\/\" \/>\n<meta property=\"og:locale\" content=\"de_DE\" \/>\n<meta property=\"og:type\" content=\"article\" \/>\n<meta property=\"og:title\" content=\"Future Vision Award - Festival of Lights\" \/>\n<meta property=\"og:url\" content=\"https:\/\/festival-of-lights.de\/de\/fol-award\/future-vision-award\/\" \/>\n<meta property=\"og:site_name\" content=\"Festival of Lights\" \/>\n<meta property=\"article:publisher\" content=\"https:\/\/www.facebook.com\/FestivalOfLights\" \/>\n<meta property=\"article:modified_time\" content=\"2023-08-24T15:24:34+00:00\" \/>\n<meta name=\"twitter:card\" content=\"summary_large_image\" \/>\n<script type=\"application\/ld+json\" class=\"yoast-schema-graph\">{\"@context\":\"https:\/\/schema.org\",\"@graph\":[{\"@type\":\"WebPage\",\"@id\":\"https:\/\/festival-of-lights.de\/de\/fol-award\/future-vision-award\/\",\"url\":\"https:\/\/festival-of-lights.de\/de\/fol-award\/future-vision-award\/\",\"name\":\"Future Vision Award - Festival of Lights\",\"isPartOf\":{\"@id\":\"https:\/\/festival-of-lights.de\/de\/#website\"},\"datePublished\":\"2023-07-25T17:25:43+00:00\",\"dateModified\":\"2023-08-24T15:24:34+00:00\",\"breadcrumb\":{\"@id\":\"https:\/\/festival-of-lights.de\/de\/fol-award\/future-vision-award\/#breadcrumb\"},\"inLanguage\":\"de\",\"potentialAction\":[{\"@type\":\"ReadAction\",\"target\":[\"https:\/\/festival-of-lights.de\/de\/fol-award\/future-vision-award\/\"]}]},{\"@type\":\"BreadcrumbList\",\"@id\":\"https:\/\/festival-of-lights.de\/de\/fol-award\/future-vision-award\/#breadcrumb\",\"itemListElement\":[{\"@type\":\"ListItem\",\"position\":1,\"name\":\"Startseite\",\"item\":\"https:\/\/festival-of-lights.de\/de\/\"},{\"@type\":\"ListItem\",\"position\":2,\"name\":\"FOL-Award\",\"item\":\"https:\/\/festival-of-lights.de\/de\/fol-award\/\"},{\"@type\":\"ListItem\",\"position\":3,\"name\":\"Future Vision Award\"}]},{\"@type\":\"WebSite\",\"@id\":\"https:\/\/festival-of-lights.de\/de\/#website\",\"url\":\"https:\/\/festival-of-lights.de\/de\/\",\"name\":\"Festival of Lights Berlin\",\"description\":\"\",\"publisher\":{\"@id\":\"https:\/\/festival-of-lights.de\/de\/#organization\"},\"potentialAction\":[{\"@type\":\"SearchAction\",\"target\":{\"@type\":\"EntryPoint\",\"urlTemplate\":\"https:\/\/festival-of-lights.de\/de\/?s={search_term_string}\"},\"query-input\":{\"@type\":\"PropertyValueSpecification\",\"valueRequired\":true,\"valueName\":\"search_term_string\"}}],\"inLanguage\":\"de\"},{\"@type\":\"Organization\",\"@id\":\"https:\/\/festival-of-lights.de\/de\/#organization\",\"name\":\"Festival of Lights\",\"url\":\"https:\/\/festival-of-lights.de\/de\/\",\"logo\":{\"@type\":\"ImageObject\",\"inLanguage\":\"de\",\"@id\":\"https:\/\/festival-of-lights.de\/de\/#\/schema\/logo\/image\/\",\"url\":\"https:\/\/festival-of-lights.de\/wp-content\/uploads\/2023\/08\/cropped-logo.png\",\"contentUrl\":\"https:\/\/festival-of-lights.de\/wp-content\/uploads\/2023\/08\/cropped-logo.png\",\"width\":230,\"height\":230,\"caption\":\"Festival of Lights\"},\"image\":{\"@id\":\"https:\/\/festival-of-lights.de\/de\/#\/schema\/logo\/image\/\"},\"sameAs\":[\"https:\/\/www.facebook.com\/FestivalOfLights\",\"https:\/\/www.tiktok.com\/@berlinfestivaloflights\",\"https:\/\/www.instagram.com\/berlinfestivaloflights\"]}]}<\/script>\n<!-- \/ Yoast SEO plugin. -->","yoast_head_json":{"title":"Future Vision Award - Festival of Lights","robots":{"index":"index","follow":"follow","max-snippet":"max-snippet:-1","max-image-preview":"max-image-preview:large","max-video-preview":"max-video-preview:-1"},"canonical":"https:\/\/festival-of-lights.de\/de\/fol-award\/future-vision-award\/","og_locale":"de_DE","og_type":"article","og_title":"Future Vision Award - Festival of Lights","og_url":"https:\/\/festival-of-lights.de\/de\/fol-award\/future-vision-award\/","og_site_name":"Festival of Lights","article_publisher":"https:\/\/www.facebook.com\/FestivalOfLights","article_modified_time":"2023-08-24T15:24:34+00:00","twitter_card":"summary_large_image","schema":{"@context":"https:\/\/schema.org","@graph":[{"@type":"WebPage","@id":"https:\/\/festival-of-lights.de\/de\/fol-award\/future-vision-award\/","url":"https:\/\/festival-of-lights.de\/de\/fol-award\/future-vision-award\/","name":"Future Vision Award - Festival of Lights","isPartOf":{"@id":"https:\/\/festival-of-lights.de\/de\/#website"},"datePublished":"2023-07-25T17:25:43+00:00","dateModified":"2023-08-24T15:24:34+00:00","breadcrumb":{"@id":"https:\/\/festival-of-lights.de\/de\/fol-award\/future-vision-award\/#breadcrumb"},"inLanguage":"de","potentialAction":[{"@type":"ReadAction","target":["https:\/\/festival-of-lights.de\/de\/fol-award\/future-vision-award\/"]}]},{"@type":"BreadcrumbList","@id":"https:\/\/festival-of-lights.de\/de\/fol-award\/future-vision-award\/#breadcrumb","itemListElement":[{"@type":"ListItem","position":1,"name":"Startseite","item":"https:\/\/festival-of-lights.de\/de\/"},{"@type":"ListItem","position":2,"name":"FOL-Award","item":"https:\/\/festival-of-lights.de\/de\/fol-award\/"},{"@type":"ListItem","position":3,"name":"Future Vision Award"}]},{"@type":"WebSite","@id":"https:\/\/festival-of-lights.de\/de\/#website","url":"https:\/\/festival-of-lights.de\/de\/","name":"Festival of Lights Berlin","description":"","publisher":{"@id":"https:\/\/festival-of-lights.de\/de\/#organization"},"potentialAction":[{"@type":"SearchAction","target":{"@type":"EntryPoint","urlTemplate":"https:\/\/festival-of-lights.de\/de\/?s={search_term_string}"},"query-input":{"@type":"PropertyValueSpecification","valueRequired":true,"valueName":"search_term_string"}}],"inLanguage":"de"},{"@type":"Organization","@id":"https:\/\/festival-of-lights.de\/de\/#organization","name":"Festival of Lights","url":"https:\/\/festival-of-lights.de\/de\/","logo":{"@type":"ImageObject","inLanguage":"de","@id":"https:\/\/festival-of-lights.de\/de\/#\/schema\/logo\/image\/","url":"https:\/\/festival-of-lights.de\/wp-content\/uploads\/2023\/08\/cropped-logo.png","contentUrl":"https:\/\/festival-of-lights.de\/wp-content\/uploads\/2023\/08\/cropped-logo.png","width":230,"height":230,"caption":"Festival of Lights"},"image":{"@id":"https:\/\/festival-of-lights.de\/de\/#\/schema\/logo\/image\/"},"sameAs":["https:\/\/www.facebook.com\/FestivalOfLights","https:\/\/www.tiktok.com\/@berlinfestivaloflights","https:\/\/www.instagram.com\/berlinfestivaloflights"]}]}},"_links":{"self":[{"href":"https:\/\/festival-of-lights.de\/de\/wp-json\/wp\/v2\/pages\/33690","targetHints":{"allow":["GET"]}}],"collection":[{"href":"https:\/\/festival-of-lights.de\/de\/wp-json\/wp\/v2\/pages"}],"about":[{"href":"https:\/\/festival-of-lights.de\/de\/wp-json\/wp\/v2\/types\/page"}],"author":[{"embeddable":true,"href":"https:\/\/festival-of-lights.de\/de\/wp-json\/wp\/v2\/users\/1"}],"replies":[{"embeddable":true,"href":"https:\/\/festival-of-lights.de\/de\/wp-json\/wp\/v2\/comments?post=33690"}],"version-history":[{"count":15,"href":"https:\/\/festival-of-lights.de\/de\/wp-json\/wp\/v2\/pages\/33690\/revisions"}],"predecessor-version":[{"id":38500,"href":"https:\/\/festival-of-lights.de\/de\/wp-json\/wp\/v2\/pages\/33690\/revisions\/38500"}],"up":[{"embeddable":true,"href":"https:\/\/festival-of-lights.de\/de\/wp-json\/wp\/v2\/pages\/33684"}],"wp:attachment":[{"href":"https:\/\/festival-of-lights.de\/de\/wp-json\/wp\/v2\/media?parent=33690"}],"curies":[{"name":"wp","href":"https:\/\/api.w.org\/{rel}","templated":true}]}}