{"id":33696,"date":"2023-07-25T19:26:39","date_gmt":"2023-07-25T17:26:39","guid":{"rendered":"http:\/\/festival-of-lights.de\/?page_id=33696"},"modified":"2023-08-24T19:23:40","modified_gmt":"2023-08-24T17:23:40","slug":"singapur-2019","status":"publish","type":"page","link":"https:\/\/festival-of-lights.de\/de\/fol-award\/singapur-2019\/","title":{"rendered":"Singapur 2019"},"content":{"rendered":"<section class=\"module-spacer bg-bg-darkBlue pt-10 md:pt-14 xl:pt-20\">\n<\/section>\n\n<section class=\"basic-content-module bg-bg-darkBlue text-text-default\">\n  <div class=\"px-xs py-md lg:py-2xl aniMe text-intro dark:!bg-transparent dark:!text-white text-left\">\n            <div class=\"mx-auto max-w-content basic-content-module__headline\"><h2 class='grayscale-overlay relative headline-element align-left text-h3 font-bold md:text-h1 lg:text-[128px] mb-4 md:mb-4 z-0 basic-content-module__headline-big'>\n    \n    <span class='relative align-left text-h3 font-bold md:text-h1 lg:text-[128px] mb-4 md:mb-4 z-0 basic-content-module__headline-big'>\n    <span class='absolute top-0 left-0 z-0 -translate-x-1\/2 -translate-y-1\/2 light w-[300px] h-[300px]'>\n    <svg class='w-full h-full ' xmlns='http:\/\/www.w3.org\/2000\/svg' width='542' height='542' viewBox='0 0 542 542' fill='none'>\n      <g filter='url(#filter0_f_569_1018)'>\n        <circle cx='271' cy='271' r='121' fill='#9AE8FF' fill-opacity='0.5'\/>\n      <\/g>\n      <defs>\n        <filter id='filter0_f_569_1018' x='0' y='0' width='542' height='542' filterUnits='userSpaceOnUse' color-interpolation-filters='sRGB'>\n          <feFlood flood-opacity='0' result='BackgroundImageFix'\/>\n          <feBlend mode='normal' in='SourceGraphic' in2='BackgroundImageFix' result='shape'\/>\n          <feGaussianBlur stdDeviation='75' result='effect1_foregroundBlur_569_1018'\/>\n        <\/filter>\n      <\/defs>\n    <\/svg>\n  <\/span>\n    Botschaft der Republik Singapur 2019<\/span>\n    <\/h2><\/div>\n          <\/div>\n<\/section>\n\n<section class=\"bg-bg-darkBlue text-text-default\">\n  <div class=\"px-xs text-paragraph py-md text-copy dark:!bg-transparent\">\n          <div class=\"grid gap-5 mx-auto max-w-screen-lg md:gap-10 md:grid-cols-2\">\n        <div class='text-element align-left aniMe'><p><strong>Vielfalt der Kulturen \u2013 Kunstmotive zum Thema Kaleidoskop auf der Botschaft von Singapur<\/strong><\/p>\n<p>Zum dritten Mal rief die Botschaft der Republik Singapur zum internationalen Wettbewerb auf. Kaleidoskop war das diesj\u00e4hrige Motto. Das Kaleidoskop ist ein optisches Ger\u00e4t mit Spiegeln im Inneren, das sch\u00f6ne Bilder erzeugt. Aber es ist auch die passende Metapher f\u00fcr die kulturelle Vielfalt der beiden Metropolen Singapur und Berlin.<\/p>\n<\/div><div class='text-element align-left aniMe'><p>Zehn Finalisten zeigten ihre Ideen und ihr Verst\u00e4ndnis von der Kraft, die sich aus der Sch\u00f6nheit und der Energie eines Austauschs der Kulturen ergibt auf der modernen Fassade der Botschaft. Sie kamen aus China, Singapur, Berlin, Pakistan, Frankreich, Amerika und Mexiko. Die Festival-Besucher konnten unter den leuchtenden Kunstwerken ihren pers\u00f6nlichen Favoriten online bestimmen.<\/p>\n<p>Hier sind die Werke aller Finalisten:<\/p>\n<\/div>        \n            <\/div> <!-- end max-w-screen container -->\n    <\/div>\n<\/section>\n\n<section class=\"teaser-small-section bg-bg-darkBlue text-text-default\">\n    <div class=\"dark:!bg-transparent dark:!text-white\">\n        <div class=\"container mx-auto px-xs py-md\">\n            <div class=\"grid gap-4 gap-y-16 md:grid-cols-2 lg:grid-cols-3\">\n                <div class=\"teaser-small-single\">\n                        <div class=\"overflow-hidden relative mb-6 teaser-small-single-image aspect-4\/3 grayscale-mask aniMe\"> <img loading=\"lazy\" decoding=\"async\" width=\"1000\" height=\"750\" src=\"https:\/\/festival-of-lights.de\/wp-content\/uploads\/2023\/08\/00185-FOL19_FU-1-1-scaled-e1575975334700-1.jpg\" class=\"h-full w-full object-cover z-0 transform scale-105 transition duration-300 grayscale-overlay\" alt=\"\" srcset=\"https:\/\/festival-of-lights.de\/wp-content\/uploads\/2023\/08\/00185-FOL19_FU-1-1-scaled-e1575975334700-1.jpg 1000w, https:\/\/festival-of-lights.de\/wp-content\/uploads\/2023\/08\/00185-FOL19_FU-1-1-scaled-e1575975334700-1-300x225.jpg 300w, https:\/\/festival-of-lights.de\/wp-content\/uploads\/2023\/08\/00185-FOL19_FU-1-1-scaled-e1575975334700-1-768x576.jpg 768w\" sizes=\"auto, (max-width: 1000px) 100vw, 1000px\" \/>                <\/div> \n            <\/a>         <div class=\"content aniMe\">\n            <p class=\"pb-6 w-full font-bold text-h4\">1. Platz: Noor Alvi (Pakistan)<\/p>\n                    <\/div>\n    <\/div>\n    <div class=\"teaser-small-single\">\n                        <div class=\"overflow-hidden relative mb-6 teaser-small-single-image aspect-4\/3 grayscale-mask aniMe\"> <img loading=\"lazy\" decoding=\"async\" width=\"1024\" height=\"769\" src=\"https:\/\/festival-of-lights.de\/wp-content\/uploads\/2023\/08\/00179-FOL19_FU-1-1-scaled-e1575975627599-1024x769-1.jpg\" class=\"h-full w-full object-cover z-0 transform scale-105 transition duration-300 grayscale-overlay\" alt=\"\" srcset=\"https:\/\/festival-of-lights.de\/wp-content\/uploads\/2023\/08\/00179-FOL19_FU-1-1-scaled-e1575975627599-1024x769-1.jpg 1024w, https:\/\/festival-of-lights.de\/wp-content\/uploads\/2023\/08\/00179-FOL19_FU-1-1-scaled-e1575975627599-1024x769-1-300x225.jpg 300w, https:\/\/festival-of-lights.de\/wp-content\/uploads\/2023\/08\/00179-FOL19_FU-1-1-scaled-e1575975627599-1024x769-1-768x577.jpg 768w\" sizes=\"auto, (max-width: 1024px) 100vw, 1024px\" \/>                <\/div> \n            <\/a>         <div class=\"content aniMe\">\n            <p class=\"pb-6 w-full font-bold text-h4\">2. Platz: Yocondo Ratio (Mexiko)<\/p>\n                    <\/div>\n    <\/div>\n    <div class=\"teaser-small-single\">\n                        <div class=\"overflow-hidden relative mb-6 teaser-small-single-image aspect-4\/3 grayscale-mask aniMe\"> <img loading=\"lazy\" decoding=\"async\" width=\"1000\" height=\"750\" src=\"https:\/\/festival-of-lights.de\/wp-content\/uploads\/2023\/08\/00175-FOL19_FU-1-1-scaled-e1575975719229-1.jpg\" class=\"h-full w-full object-cover z-0 transform scale-105 transition duration-300 grayscale-overlay\" alt=\"\" srcset=\"https:\/\/festival-of-lights.de\/wp-content\/uploads\/2023\/08\/00175-FOL19_FU-1-1-scaled-e1575975719229-1.jpg 1000w, https:\/\/festival-of-lights.de\/wp-content\/uploads\/2023\/08\/00175-FOL19_FU-1-1-scaled-e1575975719229-1-300x225.jpg 300w, https:\/\/festival-of-lights.de\/wp-content\/uploads\/2023\/08\/00175-FOL19_FU-1-1-scaled-e1575975719229-1-768x576.jpg 768w\" sizes=\"auto, (max-width: 1000px) 100vw, 1000px\" \/>                <\/div> \n            <\/a>         <div class=\"content aniMe\">\n            <p class=\"pb-6 w-full font-bold text-h4\">3. Platz: Sarah Brophy (USA)<\/p>\n                    <\/div>\n    <\/div>\n    <div class=\"teaser-small-single\">\n                        <div class=\"overflow-hidden relative mb-6 teaser-small-single-image aspect-4\/3 grayscale-mask aniMe\"> <img loading=\"lazy\" decoding=\"async\" width=\"1000\" height=\"749\" src=\"https:\/\/festival-of-lights.de\/wp-content\/uploads\/2023\/08\/00183-FOL19_FU-1-1-scaled-e1575975400700-1.jpg\" class=\"h-full w-full object-cover z-0 transform scale-105 transition duration-300 grayscale-overlay\" alt=\"\" srcset=\"https:\/\/festival-of-lights.de\/wp-content\/uploads\/2023\/08\/00183-FOL19_FU-1-1-scaled-e1575975400700-1.jpg 1000w, https:\/\/festival-of-lights.de\/wp-content\/uploads\/2023\/08\/00183-FOL19_FU-1-1-scaled-e1575975400700-1-300x225.jpg 300w, https:\/\/festival-of-lights.de\/wp-content\/uploads\/2023\/08\/00183-FOL19_FU-1-1-scaled-e1575975400700-1-768x575.jpg 768w\" sizes=\"auto, (max-width: 1000px) 100vw, 1000px\" \/>                <\/div> \n            <\/a>         <div class=\"content aniMe\">\n            <p class=\"pb-6 w-full font-bold text-h4\">Ernest Seah (Singapur)<\/p>\n                    <\/div>\n    <\/div>\n    <div class=\"teaser-small-single\">\n                        <div class=\"overflow-hidden relative mb-6 teaser-small-single-image aspect-4\/3 grayscale-mask aniMe\"> <img loading=\"lazy\" decoding=\"async\" width=\"1000\" height=\"749\" src=\"https:\/\/festival-of-lights.de\/wp-content\/uploads\/2023\/08\/1068_FoL19_FH-scaled-e1575975536111-1.jpg\" class=\"h-full w-full object-cover z-0 transform scale-105 transition duration-300 grayscale-overlay\" alt=\"\" srcset=\"https:\/\/festival-of-lights.de\/wp-content\/uploads\/2023\/08\/1068_FoL19_FH-scaled-e1575975536111-1.jpg 1000w, https:\/\/festival-of-lights.de\/wp-content\/uploads\/2023\/08\/1068_FoL19_FH-scaled-e1575975536111-1-300x225.jpg 300w, https:\/\/festival-of-lights.de\/wp-content\/uploads\/2023\/08\/1068_FoL19_FH-scaled-e1575975536111-1-768x575.jpg 768w\" sizes=\"auto, (max-width: 1000px) 100vw, 1000px\" \/>                <\/div> \n            <\/a>         <div class=\"content aniMe\">\n            <p class=\"pb-6 w-full font-bold text-h4\">Lee Tatham (Deutschland)<\/p>\n                    <\/div>\n    <\/div>\n    <div class=\"teaser-small-single\">\n                        <div class=\"overflow-hidden relative mb-6 teaser-small-single-image aspect-4\/3 grayscale-mask aniMe\"> <img loading=\"lazy\" decoding=\"async\" width=\"1024\" height=\"770\" src=\"https:\/\/festival-of-lights.de\/wp-content\/uploads\/2023\/08\/1070_FoL19_FH-1-scaled-e1575975445286-1024x770-1.jpg\" class=\"h-full w-full object-cover z-0 transform scale-105 transition duration-300 grayscale-overlay\" alt=\"\" srcset=\"https:\/\/festival-of-lights.de\/wp-content\/uploads\/2023\/08\/1070_FoL19_FH-1-scaled-e1575975445286-1024x770-1.jpg 1024w, https:\/\/festival-of-lights.de\/wp-content\/uploads\/2023\/08\/1070_FoL19_FH-1-scaled-e1575975445286-1024x770-1-300x226.jpg 300w, https:\/\/festival-of-lights.de\/wp-content\/uploads\/2023\/08\/1070_FoL19_FH-1-scaled-e1575975445286-1024x770-1-768x578.jpg 768w\" sizes=\"auto, (max-width: 1024px) 100vw, 1024px\" \/>                <\/div> \n            <\/a>         <div class=\"content aniMe\">\n            <p class=\"pb-6 w-full font-bold text-h4\">Typru (Frankreich)<\/p>\n                    <\/div>\n    <\/div>\n    <div class=\"teaser-small-single\">\n                        <div class=\"overflow-hidden relative mb-6 teaser-small-single-image aspect-4\/3 grayscale-mask aniMe\"> <img loading=\"lazy\" decoding=\"async\" width=\"1000\" height=\"751\" src=\"https:\/\/festival-of-lights.de\/wp-content\/uploads\/2023\/08\/00182-FOL19_FU-1-1-scaled-e1575975577666-1.jpg\" class=\"h-full w-full object-cover z-0 transform scale-105 transition duration-300 grayscale-overlay\" alt=\"\" srcset=\"https:\/\/festival-of-lights.de\/wp-content\/uploads\/2023\/08\/00182-FOL19_FU-1-1-scaled-e1575975577666-1.jpg 1000w, https:\/\/festival-of-lights.de\/wp-content\/uploads\/2023\/08\/00182-FOL19_FU-1-1-scaled-e1575975577666-1-300x225.jpg 300w, https:\/\/festival-of-lights.de\/wp-content\/uploads\/2023\/08\/00182-FOL19_FU-1-1-scaled-e1575975577666-1-768x577.jpg 768w\" sizes=\"auto, (max-width: 1000px) 100vw, 1000px\" \/>                <\/div> \n            <\/a>         <div class=\"content aniMe\">\n            <p class=\"pb-6 w-full font-bold text-h4\">Anius (Shanghai)<\/p>\n                    <\/div>\n    <\/div>\n    <div class=\"teaser-small-single\">\n                        <div class=\"overflow-hidden relative mb-6 teaser-small-single-image aspect-4\/3 grayscale-mask aniMe\"> <img loading=\"lazy\" decoding=\"async\" width=\"1000\" height=\"749\" src=\"https:\/\/festival-of-lights.de\/wp-content\/uploads\/2023\/08\/00178-FOL19_FU-1-1-scaled-e1575975953315-1.jpg\" class=\"h-full w-full object-cover z-0 transform scale-105 transition duration-300 grayscale-overlay\" alt=\"\" srcset=\"https:\/\/festival-of-lights.de\/wp-content\/uploads\/2023\/08\/00178-FOL19_FU-1-1-scaled-e1575975953315-1.jpg 1000w, https:\/\/festival-of-lights.de\/wp-content\/uploads\/2023\/08\/00178-FOL19_FU-1-1-scaled-e1575975953315-1-300x225.jpg 300w, https:\/\/festival-of-lights.de\/wp-content\/uploads\/2023\/08\/00178-FOL19_FU-1-1-scaled-e1575975953315-1-768x575.jpg 768w\" sizes=\"auto, (max-width: 1000px) 100vw, 1000px\" \/>                <\/div> \n            <\/a>         <div class=\"content aniMe\">\n            <p class=\"pb-6 w-full font-bold text-h4\">Thomas Schmidt (Deutschland)<\/p>\n                    <\/div>\n    <\/div>\n    <div class=\"teaser-small-single\">\n                        <div class=\"overflow-hidden relative mb-6 teaser-small-single-image aspect-4\/3 grayscale-mask aniMe\"> <img loading=\"lazy\" decoding=\"async\" width=\"1000\" height=\"751\" src=\"https:\/\/festival-of-lights.de\/wp-content\/uploads\/2023\/08\/00177-FOL19_FU-1-1-scaled-e1575975893822-1.jpg\" class=\"h-full w-full object-cover z-0 transform scale-105 transition duration-300 grayscale-overlay\" alt=\"\" srcset=\"https:\/\/festival-of-lights.de\/wp-content\/uploads\/2023\/08\/00177-FOL19_FU-1-1-scaled-e1575975893822-1.jpg 1000w, https:\/\/festival-of-lights.de\/wp-content\/uploads\/2023\/08\/00177-FOL19_FU-1-1-scaled-e1575975893822-1-300x225.jpg 300w, https:\/\/festival-of-lights.de\/wp-content\/uploads\/2023\/08\/00177-FOL19_FU-1-1-scaled-e1575975893822-1-768x577.jpg 768w\" sizes=\"auto, (max-width: 1000px) 100vw, 1000px\" \/>                <\/div> \n            <\/a>         <div class=\"content aniMe\">\n            <p class=\"pb-6 w-full font-bold text-h4\">Soh Ee Shaun (Singapur)<\/p>\n                    <\/div>\n    <\/div>\n    <div class=\"teaser-small-single\">\n                        <div class=\"overflow-hidden relative mb-6 teaser-small-single-image aspect-4\/3 grayscale-mask aniMe\"> <img loading=\"lazy\" decoding=\"async\" width=\"1000\" height=\"751\" src=\"https:\/\/festival-of-lights.de\/wp-content\/uploads\/2023\/08\/00176-FOL19_FU-1-1-scaled-e1575975806959-1.jpg\" class=\"h-full w-full object-cover z-0 transform scale-105 transition duration-300 grayscale-overlay\" alt=\"\" srcset=\"https:\/\/festival-of-lights.de\/wp-content\/uploads\/2023\/08\/00176-FOL19_FU-1-1-scaled-e1575975806959-1.jpg 1000w, https:\/\/festival-of-lights.de\/wp-content\/uploads\/2023\/08\/00176-FOL19_FU-1-1-scaled-e1575975806959-1-300x225.jpg 300w, https:\/\/festival-of-lights.de\/wp-content\/uploads\/2023\/08\/00176-FOL19_FU-1-1-scaled-e1575975806959-1-768x577.jpg 768w\" sizes=\"auto, (max-width: 1000px) 100vw, 1000px\" \/>                <\/div> \n            <\/a>         <div class=\"content aniMe\">\n            <p class=\"pb-6 w-full font-bold text-h4\">Sascha G\u00fcnay (Deutschland)<\/p>\n                    <\/div>\n    <\/div>\n            <\/div>\n        <\/div>\n    <\/div>\n<\/section>\n\n<section class=\"module-spacer bg-bg-darkBlue pt-5 md:pt-7 xl:pt-10\">\n<\/section>","protected":false},"excerpt":{"rendered":"","protected":false},"author":1,"featured_media":0,"parent":33684,"menu_order":0,"comment_status":"closed","ping_status":"closed","template":"","meta":{"_acf_changed":false,"footnotes":""},"class_list":["post-33696","page","type-page","status-publish","hentry"],"acf":[],"yoast_head":"<!-- This site is optimized with the Yoast SEO plugin v25.6 - https:\/\/yoast.com\/wordpress\/plugins\/seo\/ -->\n<title>Singapur 2019 - Festival of Lights<\/title>\n<meta name=\"robots\" content=\"index, follow, max-snippet:-1, max-image-preview:large, max-video-preview:-1\" \/>\n<link rel=\"canonical\" href=\"https:\/\/festival-of-lights.de\/de\/fol-award\/singapur-2019\/\" \/>\n<meta property=\"og:locale\" content=\"de_DE\" \/>\n<meta property=\"og:type\" content=\"article\" \/>\n<meta property=\"og:title\" content=\"Singapur 2019 - Festival of Lights\" \/>\n<meta property=\"og:url\" content=\"https:\/\/festival-of-lights.de\/de\/fol-award\/singapur-2019\/\" \/>\n<meta property=\"og:site_name\" content=\"Festival of Lights\" \/>\n<meta property=\"article:publisher\" content=\"https:\/\/www.facebook.com\/FestivalOfLights\" \/>\n<meta property=\"article:modified_time\" content=\"2023-08-24T17:23:40+00:00\" \/>\n<meta name=\"twitter:card\" content=\"summary_large_image\" \/>\n<script type=\"application\/ld+json\" class=\"yoast-schema-graph\">{\"@context\":\"https:\/\/schema.org\",\"@graph\":[{\"@type\":\"WebPage\",\"@id\":\"https:\/\/festival-of-lights.de\/de\/fol-award\/singapur-2019\/\",\"url\":\"https:\/\/festival-of-lights.de\/de\/fol-award\/singapur-2019\/\",\"name\":\"Singapur 2019 - Festival of Lights\",\"isPartOf\":{\"@id\":\"https:\/\/festival-of-lights.de\/de\/#website\"},\"datePublished\":\"2023-07-25T17:26:39+00:00\",\"dateModified\":\"2023-08-24T17:23:40+00:00\",\"breadcrumb\":{\"@id\":\"https:\/\/festival-of-lights.de\/de\/fol-award\/singapur-2019\/#breadcrumb\"},\"inLanguage\":\"de\",\"potentialAction\":[{\"@type\":\"ReadAction\",\"target\":[\"https:\/\/festival-of-lights.de\/de\/fol-award\/singapur-2019\/\"]}]},{\"@type\":\"BreadcrumbList\",\"@id\":\"https:\/\/festival-of-lights.de\/de\/fol-award\/singapur-2019\/#breadcrumb\",\"itemListElement\":[{\"@type\":\"ListItem\",\"position\":1,\"name\":\"Startseite\",\"item\":\"https:\/\/festival-of-lights.de\/de\/\"},{\"@type\":\"ListItem\",\"position\":2,\"name\":\"FOL-Award\",\"item\":\"https:\/\/festival-of-lights.de\/de\/fol-award\/\"},{\"@type\":\"ListItem\",\"position\":3,\"name\":\"Singapur 2019\"}]},{\"@type\":\"WebSite\",\"@id\":\"https:\/\/festival-of-lights.de\/de\/#website\",\"url\":\"https:\/\/festival-of-lights.de\/de\/\",\"name\":\"Festival of Lights Berlin\",\"description\":\"\",\"publisher\":{\"@id\":\"https:\/\/festival-of-lights.de\/de\/#organization\"},\"potentialAction\":[{\"@type\":\"SearchAction\",\"target\":{\"@type\":\"EntryPoint\",\"urlTemplate\":\"https:\/\/festival-of-lights.de\/de\/?s={search_term_string}\"},\"query-input\":{\"@type\":\"PropertyValueSpecification\",\"valueRequired\":true,\"valueName\":\"search_term_string\"}}],\"inLanguage\":\"de\"},{\"@type\":\"Organization\",\"@id\":\"https:\/\/festival-of-lights.de\/de\/#organization\",\"name\":\"Festival of Lights\",\"url\":\"https:\/\/festival-of-lights.de\/de\/\",\"logo\":{\"@type\":\"ImageObject\",\"inLanguage\":\"de\",\"@id\":\"https:\/\/festival-of-lights.de\/de\/#\/schema\/logo\/image\/\",\"url\":\"https:\/\/festival-of-lights.de\/wp-content\/uploads\/2023\/08\/cropped-logo.png\",\"contentUrl\":\"https:\/\/festival-of-lights.de\/wp-content\/uploads\/2023\/08\/cropped-logo.png\",\"width\":230,\"height\":230,\"caption\":\"Festival of Lights\"},\"image\":{\"@id\":\"https:\/\/festival-of-lights.de\/de\/#\/schema\/logo\/image\/\"},\"sameAs\":[\"https:\/\/www.facebook.com\/FestivalOfLights\",\"https:\/\/www.tiktok.com\/@berlinfestivaloflights\",\"https:\/\/www.instagram.com\/berlinfestivaloflights\"]}]}<\/script>\n<!-- \/ Yoast SEO plugin. -->","yoast_head_json":{"title":"Singapur 2019 - Festival of Lights","robots":{"index":"index","follow":"follow","max-snippet":"max-snippet:-1","max-image-preview":"max-image-preview:large","max-video-preview":"max-video-preview:-1"},"canonical":"https:\/\/festival-of-lights.de\/de\/fol-award\/singapur-2019\/","og_locale":"de_DE","og_type":"article","og_title":"Singapur 2019 - Festival of Lights","og_url":"https:\/\/festival-of-lights.de\/de\/fol-award\/singapur-2019\/","og_site_name":"Festival of Lights","article_publisher":"https:\/\/www.facebook.com\/FestivalOfLights","article_modified_time":"2023-08-24T17:23:40+00:00","twitter_card":"summary_large_image","schema":{"@context":"https:\/\/schema.org","@graph":[{"@type":"WebPage","@id":"https:\/\/festival-of-lights.de\/de\/fol-award\/singapur-2019\/","url":"https:\/\/festival-of-lights.de\/de\/fol-award\/singapur-2019\/","name":"Singapur 2019 - Festival of Lights","isPartOf":{"@id":"https:\/\/festival-of-lights.de\/de\/#website"},"datePublished":"2023-07-25T17:26:39+00:00","dateModified":"2023-08-24T17:23:40+00:00","breadcrumb":{"@id":"https:\/\/festival-of-lights.de\/de\/fol-award\/singapur-2019\/#breadcrumb"},"inLanguage":"de","potentialAction":[{"@type":"ReadAction","target":["https:\/\/festival-of-lights.de\/de\/fol-award\/singapur-2019\/"]}]},{"@type":"BreadcrumbList","@id":"https:\/\/festival-of-lights.de\/de\/fol-award\/singapur-2019\/#breadcrumb","itemListElement":[{"@type":"ListItem","position":1,"name":"Startseite","item":"https:\/\/festival-of-lights.de\/de\/"},{"@type":"ListItem","position":2,"name":"FOL-Award","item":"https:\/\/festival-of-lights.de\/de\/fol-award\/"},{"@type":"ListItem","position":3,"name":"Singapur 2019"}]},{"@type":"WebSite","@id":"https:\/\/festival-of-lights.de\/de\/#website","url":"https:\/\/festival-of-lights.de\/de\/","name":"Festival of Lights Berlin","description":"","publisher":{"@id":"https:\/\/festival-of-lights.de\/de\/#organization"},"potentialAction":[{"@type":"SearchAction","target":{"@type":"EntryPoint","urlTemplate":"https:\/\/festival-of-lights.de\/de\/?s={search_term_string}"},"query-input":{"@type":"PropertyValueSpecification","valueRequired":true,"valueName":"search_term_string"}}],"inLanguage":"de"},{"@type":"Organization","@id":"https:\/\/festival-of-lights.de\/de\/#organization","name":"Festival of Lights","url":"https:\/\/festival-of-lights.de\/de\/","logo":{"@type":"ImageObject","inLanguage":"de","@id":"https:\/\/festival-of-lights.de\/de\/#\/schema\/logo\/image\/","url":"https:\/\/festival-of-lights.de\/wp-content\/uploads\/2023\/08\/cropped-logo.png","contentUrl":"https:\/\/festival-of-lights.de\/wp-content\/uploads\/2023\/08\/cropped-logo.png","width":230,"height":230,"caption":"Festival of Lights"},"image":{"@id":"https:\/\/festival-of-lights.de\/de\/#\/schema\/logo\/image\/"},"sameAs":["https:\/\/www.facebook.com\/FestivalOfLights","https:\/\/www.tiktok.com\/@berlinfestivaloflights","https:\/\/www.instagram.com\/berlinfestivaloflights"]}]}},"_links":{"self":[{"href":"https:\/\/festival-of-lights.de\/de\/wp-json\/wp\/v2\/pages\/33696","targetHints":{"allow":["GET"]}}],"collection":[{"href":"https:\/\/festival-of-lights.de\/de\/wp-json\/wp\/v2\/pages"}],"about":[{"href":"https:\/\/festival-of-lights.de\/de\/wp-json\/wp\/v2\/types\/page"}],"author":[{"embeddable":true,"href":"https:\/\/festival-of-lights.de\/de\/wp-json\/wp\/v2\/users\/1"}],"replies":[{"embeddable":true,"href":"https:\/\/festival-of-lights.de\/de\/wp-json\/wp\/v2\/comments?post=33696"}],"version-history":[{"count":26,"href":"https:\/\/festival-of-lights.de\/de\/wp-json\/wp\/v2\/pages\/33696\/revisions"}],"predecessor-version":[{"id":38705,"href":"https:\/\/festival-of-lights.de\/de\/wp-json\/wp\/v2\/pages\/33696\/revisions\/38705"}],"up":[{"embeddable":true,"href":"https:\/\/festival-of-lights.de\/de\/wp-json\/wp\/v2\/pages\/33684"}],"wp:attachment":[{"href":"https:\/\/festival-of-lights.de\/de\/wp-json\/wp\/v2\/media?parent=33696"}],"curies":[{"name":"wp","href":"https:\/\/api.w.org\/{rel}","templated":true}]}}