{"id":33784,"date":"2023-07-25T20:20:17","date_gmt":"2023-07-25T18:20:17","guid":{"rendered":"http:\/\/festival-of-lights.de\/?page_id=33784"},"modified":"2026-01-21T17:09:04","modified_gmt":"2026-01-21T15:09:04","slug":"keyfacts","status":"publish","type":"page","link":"https:\/\/festival-of-lights.de\/de\/keyfacts\/","title":{"rendered":"Keyfacts"},"content":{"rendered":"<section class=\"module-spacer bg-bg-darkBlue pt-10 md:pt-14 xl:pt-20\">\n<\/section>\n\n<section class=\"basic-content-module bg-bg-darkBlue text-text-default\">\n  <div class=\"px-xs py-md lg:py-2xl aniMe text-intro dark:!bg-transparent dark:!text-white text-left\">\n            <div class=\"mx-auto max-w-content basic-content-module__headline\"><h2 class='grayscale-overlay relative headline-element align-left text-h3 font-bold md:text-h1 lg:text-[128px] mb-4 md:mb-4 z-0 basic-content-module__headline-big'>\n    \n    <span class='relative align-left text-h3 font-bold md:text-h1 lg:text-[128px] mb-4 md:mb-4 z-0 basic-content-module__headline-big'>\n    <span class='absolute top-0 left-0 z-0 -translate-x-1\/2 -translate-y-1\/2 light w-[300px] h-[300px]'>\n    <svg class='w-full h-full ' xmlns='http:\/\/www.w3.org\/2000\/svg' width='542' height='542' viewBox='0 0 542 542' fill='none'>\n      <g filter='url(#filter0_f_569_1018)'>\n        <circle cx='271' cy='271' r='121' fill='#9AE8FF' fill-opacity='0.5'\/>\n      <\/g>\n      <defs>\n        <filter id='filter0_f_569_1018' x='0' y='0' width='542' height='542' filterUnits='userSpaceOnUse' color-interpolation-filters='sRGB'>\n          <feFlood flood-opacity='0' result='BackgroundImageFix'\/>\n          <feBlend mode='normal' in='SourceGraphic' in2='BackgroundImageFix' result='shape'\/>\n          <feGaussianBlur stdDeviation='75' result='effect1_foregroundBlur_569_1018'\/>\n        <\/filter>\n      <\/defs>\n    <\/svg>\n  <\/span>\n    Keyfacts<\/span>\n    <\/h2><\/div>\n          <\/div>\n<\/section>\n\n\n<section class=\"bg-bg-darkBlue text-text-default\">\n  <div class=\"px-xs text-paragraph py-md text-copy dark:!bg-transparent dark:!text-white\">\n      <div class=\"grid w-full mx-auto xl:max-w-screen-xl gap-x-5 gap-y-8 lg:gap-y-16 lg:gap-x-10 md:grid-cols-2 xl:grid-cols-3\">   \n                                    <div class=\"counter-box aniMe\">\n                    <span class=\"font-bold text-h3 counter-year\">\n                        2005                    <\/span>\n                    <div class='text-element align-left pt-[18px]'>Geburtsjahr in Berlin<\/div>                <\/div>\n                            <div class=\"counter-box aniMe\">\n                    <span class=\"font-bold text-h3 counter-number\">\n                        3000000                    <\/span>\n                    <div class='text-element align-left pt-[18px]'>Besucher*innen in 2025*<\/div>                <\/div>\n                            <div class=\"counter-box aniMe\">\n                    <span class=\"font-bold text-h3 counter-number\">\n                        4363343                    <\/span>\n                    <div class='text-element align-left pt-[18px]'>Homepage Aufrufe 2025**<\/div>                <\/div>\n                            <div class=\"counter-box aniMe\">\n                    <span class=\"font-bold text-h3 counter-number\">\n                        11856660                    <\/span>\n                    <div class='text-element align-left pt-[18px]'>FOL-Meta-Platforms Impressions***<\/div>                <\/div>\n                            <div class=\"counter-box aniMe\">\n                    <span class=\"font-bold text-h3 counter-number\">\n                        4163235                    <\/span>\n                    <div class='text-element align-left pt-[18px]'>FOL-Meta-Platforms Reichweite***<\/div>                <\/div>\n                            <div class=\"counter-box aniMe\">\n                    <span class=\"font-bold text-h3 counter-number\">\n                        666                    <\/span>\n                    <div class='text-element align-left pt-[18px]'>Meldungen \/ Stunde auf Facebook  &#8211; Alle 6 Sekunden eine FOL-Meldung *<\/div>                <\/div>\n                            <div class=\"counter-box aniMe\">\n                    <span class=\"font-bold text-h3 counter-number\">\n                        177226000                    <\/span>\n                    <div class='text-element align-left pt-[18px]'>Radio-Reichweite 2025***<\/div>                <\/div>\n                            <div class=\"counter-box aniMe\">\n                    <span class=\"font-bold text-h3 counter-number\">\n                        866570578                    <\/span>\n                    <div class='text-element align-left pt-[18px]'>Onlinereichweite 2025***<\/div>                <\/div>\n                            <div class=\"counter-box aniMe\">\n                    <span class=\"font-bold text-h3 counter-number\">\n                        1129042202                    <\/span>\n                    <div class='text-element align-left pt-[18px]'>Gesamtreichweite weltweit 2025***<\/div>                <\/div>\n                          <\/div> \n    <\/div>\n<\/section>\n\n\n\n<section class=\"bg-bg-darkBlue text-text-default\">\n  <div class=\"px-xs text-paragraph py-md text-copy dark:!bg-transparent\">\n          <div class=\"grid gap-5 mx-auto max-w-screen-xl md:gap-10 md:grid-cols-3\">\n        <div class='text-element align-left aniMe'><p><span style=\"font-size: 14px;\">*im Festivalzeitraum<br \/>\n**im Zeitraum 01.09.-31.10.25<\/span><br \/>\n<span style=\"font-size: 14px;\">***w\u00e4hrend der Festival-Kampagne 2025<\/p>\n<p><\/span><\/p>\n<\/div><div class='text-element align-left aniMe'><\/div><div class='text-element align-left aniMe'><\/div>        \n            <\/div> <!-- end max-w-screen container -->\n    <\/div>\n<\/section>\n\n<section class=\"image-module bg-bg-darkBlue\">\n  <div class=\"image-module__container image-module__container-full mx-auto\">\n    <div class=\"image-module__image grayscale-mask relative aniMe image-module__image-contain\"> <img loading=\"lazy\" decoding=\"async\" width=\"1536\" height=\"748\" src=\"https:\/\/festival-of-lights.de\/wp-content\/uploads\/2026\/01\/HipHop.jpg\" class=\"z-0 grayscale-overlay w-full\" alt=\"\" srcset=\"https:\/\/festival-of-lights.de\/wp-content\/uploads\/2026\/01\/HipHop.jpg 1536w, https:\/\/festival-of-lights.de\/wp-content\/uploads\/2026\/01\/HipHop-300x146.jpg 300w, https:\/\/festival-of-lights.de\/wp-content\/uploads\/2026\/01\/HipHop-1024x499.jpg 1024w, https:\/\/festival-of-lights.de\/wp-content\/uploads\/2026\/01\/HipHop-768x374.jpg 768w, https:\/\/festival-of-lights.de\/wp-content\/uploads\/2026\/01\/HipHop-1240x604.jpg 1240w\" sizes=\"auto, (max-width: 1536px) 100vw, 1536px\" \/><\/div> \n      <\/div>\n<\/section>\n\n<section class=\"module-spacer bg-bg-darkBlue pt-7 md:pt-10 xl:pt-14\">\n<\/section>\n\n<section class=\"bg-bg-darkBlue text-text-default\">\n  <div class=\"px-xs text-paragraph py-md text-copy dark:!bg-transparent\">\n          <div class=\"mx-auto max-w-screen-md\">\n        <div class='text-element align-left aniMe'><table>\n<tbody>\n<tr>\n<td><strong>Zeitraum:<\/strong><\/td>\n<td>10 N\u00e4chte im Herbst in Berlin | Kernzeit: 19:00-23:00 Uhr<\/td>\n<\/tr>\n<tr>\n<td><strong>Besucher:<\/strong><\/td>\n<td>j\u00e4hrlich rund 3 Mio in 10 N\u00e4chten, verteilt auf ganz Berlin<\/td>\n<\/tr>\n<tr>\n<td><strong>Leitbild:<\/strong><\/td>\n<td>Das FESTIVAL OF LIGHTS steht f\u00fcr k\u00fcnstlerisch hochwertige Inszenierungen von Wahrzeichen, Geb\u00e4uden und Pl\u00e4tzen mittels Licht-, Projektions- und Videokunst.<\/td>\n<\/tr>\n<tr>\n<td><strong>Eigenschaften:<\/strong><\/td>\n<td>k\u00fcnstlerisch, kulturell, kreativ, innovativ, multimedial, nachhaltig<\/td>\n<\/tr>\n<tr>\n<td><strong>Besondere<br \/>\n<\/strong><strong>Merkmale:<\/strong><\/td>\n<td>faszinierend, spektakul\u00e4r, extravagant, begeisternd, emotional, einzigartig<\/td>\n<\/tr>\n<tr>\n<td><strong>Rahmenprogramm:<\/strong><\/td>\n<td>vielf\u00e4ltige Events und Touren<\/td>\n<\/tr>\n<tr>\n<td><strong>Eintritt:<\/strong><\/td>\n<td>kostenlos f\u00fcr Besucherinnen und Besucher<\/td>\n<\/tr>\n<tr>\n<td><strong>Festival Kommunikation:<\/strong><\/td>\n<td>Online | Viral | Print | Live | Homepage | Social Media | Zeitung | Magazin | Programmheft | Newsletter | DOOH | Projektionen | Merchandising | Branding | Trailer in TV &amp; Radio | Marken-Lounges | Internationale PR und Kommunikationsarbeit<\/td>\n<\/tr>\n<tr>\n<td><strong>Veranstalter:<\/strong><\/td>\n<td>Festival of Lights International Productions GmbH<\/td>\n<\/tr>\n<tr>\n<td><strong>Produzent:<\/strong><\/td>\n<td>Zander &amp; Partner Event-Marketing GmbH<\/td>\n<\/tr>\n<tr>\n<td><strong>K\u00fcnstlerische<br \/>\nLeitung &amp; Direktorin:<\/strong><\/td>\n<td>Birgit Zander<\/td>\n<\/tr>\n<\/tbody>\n<\/table>\n<\/div>        \n            <\/div> <!-- end max-w-screen container -->\n    <\/div>\n<\/section>\n\n<section class=\"module-spacer bg-bg-darkBlue pt-7 md:pt-10 xl:pt-14\">\n<\/section>\n\n<section class=\"image-module bg-bg-default\">\n  <div class=\"image-module__container image-module__container-full mx-auto\">\n    <div class=\"image-module__image grayscale-mask relative aniMe image-module__image-contain\"> <img loading=\"lazy\" decoding=\"async\" width=\"1536\" height=\"410\" src=\"https:\/\/festival-of-lights.de\/wp-content\/uploads\/2023\/07\/955_FH_FoL2017-2-1-1536x410-1.jpg\" class=\"z-0 grayscale-overlay w-full\" alt=\"\" srcset=\"https:\/\/festival-of-lights.de\/wp-content\/uploads\/2023\/07\/955_FH_FoL2017-2-1-1536x410-1.jpg 1536w, https:\/\/festival-of-lights.de\/wp-content\/uploads\/2023\/07\/955_FH_FoL2017-2-1-1536x410-1-300x80.jpg 300w, https:\/\/festival-of-lights.de\/wp-content\/uploads\/2023\/07\/955_FH_FoL2017-2-1-1536x410-1-1024x273.jpg 1024w, https:\/\/festival-of-lights.de\/wp-content\/uploads\/2023\/07\/955_FH_FoL2017-2-1-1536x410-1-768x205.jpg 768w, https:\/\/festival-of-lights.de\/wp-content\/uploads\/2023\/07\/955_FH_FoL2017-2-1-1536x410-1-1240x331.jpg 1240w\" sizes=\"auto, (max-width: 1536px) 100vw, 1536px\" \/><\/div> \n      <\/div>\n<\/section>\n\n<section class=\"module-spacer bg-bg-darkBlue pt-7 md:pt-10 xl:pt-14\">\n<\/section>\n\n<section class=\"text-image bg-bg-darkBlue text-text-default\">\n    <div class=\"dark:!text-white dark:!bg-transparent\">\n        <div class=\"container mx-auto max-w-screen-xl px-xs py-md text-image\">\n            <div class=\"mx-auto items-center grid text-copy md:grid-cols-2 gap-x-10 align-left\">\n                                    <div class=\"text-image__image aniMe grayscale-mask relative mb-0 order-2 md:order-[unset] mt-4 md:mt-8\"> \n                        <img loading=\"lazy\" decoding=\"async\" width=\"500\" height=\"333\" src=\"https:\/\/festival-of-lights.de\/wp-content\/uploads\/2023\/07\/2014_Opening_Zuschauer_18_Nelofee-1.jpg\" class=\"z-10 grayscale-overlay\" alt=\"Potsdamer Platz- Festival of Lights\" srcset=\"https:\/\/festival-of-lights.de\/wp-content\/uploads\/2023\/07\/2014_Opening_Zuschauer_18_Nelofee-1.jpg 500w, https:\/\/festival-of-lights.de\/wp-content\/uploads\/2023\/07\/2014_Opening_Zuschauer_18_Nelofee-1-300x200.jpg 300w\" sizes=\"auto, (max-width: 500px) 100vw, 500px\" \/>                    <\/div>                 <div class=\"text-image__col1 py-4 lg:py-10 aniMe flex flex-col right\">\n                    <h3 class='grayscale-overlay relative headline-element align-left mb-4 md:mb-8'>\n    \n    <span class='relative align-left mb-4 md:mb-8'>\n    <span class='absolute top-0 left-0 z-0 -translate-x-1\/2 -translate-y-1\/2 light w-[300px] h-[300px]'>\n    <svg class='w-full h-full ' xmlns='http:\/\/www.w3.org\/2000\/svg' width='542' height='542' viewBox='0 0 542 542' fill='none'>\n      <g filter='url(#filter0_f_569_1018)'>\n        <circle cx='271' cy='271' r='121' fill='#9AE8FF' fill-opacity='0.5'\/>\n      <\/g>\n      <defs>\n        <filter id='filter0_f_569_1018' x='0' y='0' width='542' height='542' filterUnits='userSpaceOnUse' color-interpolation-filters='sRGB'>\n          <feFlood flood-opacity='0' result='BackgroundImageFix'\/>\n          <feBlend mode='normal' in='SourceGraphic' in2='BackgroundImageFix' result='shape'\/>\n          <feGaussianBlur stdDeviation='75' result='effect1_foregroundBlur_569_1018'\/>\n        <\/filter>\n      <\/defs>\n    <\/svg>\n  <\/span>\n    Events im Rahmen des FESTIVAL OF LIGHTS<\/span>\n    <\/h3><div class='text-element align-left '><p>Zus\u00e4tzlich zum Illuminationsprogramm finden unterschiedliche Events und Formate statt, z. B.:<\/p>\n<ul>\n<li>International Festival of Lights Award<\/li>\n<li>World Championship of Projection Mapping<\/li>\n<li>Grand-Opening<\/li>\n<li>Premierenfeier<\/li>\n<li>Musikevents \/ Konzerte<\/li>\n<li>Nacht der offenen T\u00fcren, LightSeeing<\/li>\n<li>Show Cases an einzelnen Abenden<\/li>\n<\/ul>\n<\/div>                <\/div>\n            <\/div>\n        <\/div>\n    <\/div>\n<\/section>\n\n<section class=\"text-image bg-bg-darkBlue text-text-default\">\n    <div class=\"dark:!text-white dark:!bg-transparent\">\n        <div class=\"container mx-auto max-w-screen-xl px-xs py-md text-image\">\n            <div class=\"mx-auto items-center grid text-copy md:grid-cols-2 gap-x-10 align-left\">\n                                    <div class=\"text-image__image aniMe grayscale-mask relative mb-0 order-1 mt-4 md:mt-8\"> \n                                            <\/div>                 <div class=\"text-image__col1 py-4 lg:py-10 aniMe flex flex-col left\">\n                    <h3 class='grayscale-overlay relative headline-element align-left mb-4 md:mb-8'>\n    \n    <span class='relative align-left mb-4 md:mb-8'>\n    <span class='absolute top-0 left-0 z-0 -translate-x-1\/2 -translate-y-1\/2 light w-[300px] h-[300px]'>\n    <svg class='w-full h-full ' xmlns='http:\/\/www.w3.org\/2000\/svg' width='542' height='542' viewBox='0 0 542 542' fill='none'>\n      <g filter='url(#filter0_f_569_1018)'>\n        <circle cx='271' cy='271' r='121' fill='#9AE8FF' fill-opacity='0.5'\/>\n      <\/g>\n      <defs>\n        <filter id='filter0_f_569_1018' x='0' y='0' width='542' height='542' filterUnits='userSpaceOnUse' color-interpolation-filters='sRGB'>\n          <feFlood flood-opacity='0' result='BackgroundImageFix'\/>\n          <feBlend mode='normal' in='SourceGraphic' in2='BackgroundImageFix' result='shape'\/>\n          <feGaussianBlur stdDeviation='75' result='effect1_foregroundBlur_569_1018'\/>\n        <\/filter>\n      <\/defs>\n    <\/svg>\n  <\/span>\n    Teil des offiziellen Festivalprogramms werden<\/span>\n    <\/h3><div class='text-element align-left '><p>So k\u00f6nnen Sie sich am FESTIVAL OF LIGHTS beteiligen:<\/p>\n<ul>\n<li>Titelsponsor<\/li>\n<li>Presenter<\/li>\n<li>Haupt Partner, z. B. mit Patenschaft f\u00fcr eine Geb\u00e4udeillumination (Wahrzeichen, Denkmal)<\/li>\n<li>Official Partner mit einer ma\u00dfgeschneiderten Installation auf eigenem Geb\u00e4ude<\/li>\n<li>Event Partner<\/li>\n<li>Hotel Partner<\/li>\n<li>Medien Partner<\/li>\n<li>Lizenznehmer, z. B. f\u00fcr LightSeeing<br \/>\nIndividuelle Kooperation<\/li>\n<\/ul>\n<\/div>                <\/div>\n            <\/div>\n        <\/div>\n    <\/div>\n<\/section>\n\n<section class=\"text-image bg-bg-darkBlue text-text-default\">\n    <div class=\"dark:!text-white dark:!bg-transparent\">\n        <div class=\"container mx-auto max-w-screen-xl px-xs py-md text-image\">\n            <div class=\"mx-auto items-center grid text-copy md:grid-cols-2 gap-x-10 align-left\">\n                                    <div class=\"text-image__image aniMe grayscale-mask relative mb-0 order-2 md:order-[unset] mt-4 md:mt-8\"> \n                        <img loading=\"lazy\" decoding=\"async\" width=\"798\" height=\"497\" src=\"https:\/\/festival-of-lights.de\/wp-content\/uploads\/2023\/08\/Spotlight-Torbogen1.jpg\" class=\"z-10 grayscale-overlay\" alt=\"\" srcset=\"https:\/\/festival-of-lights.de\/wp-content\/uploads\/2023\/08\/Spotlight-Torbogen1.jpg 798w, https:\/\/festival-of-lights.de\/wp-content\/uploads\/2023\/08\/Spotlight-Torbogen1-300x187.jpg 300w, https:\/\/festival-of-lights.de\/wp-content\/uploads\/2023\/08\/Spotlight-Torbogen1-768x478.jpg 768w\" sizes=\"auto, (max-width: 798px) 100vw, 798px\" \/>                    <\/div>                 <div class=\"text-image__col1 py-4 lg:py-10 aniMe flex flex-col right\">\n                    <h3 class='grayscale-overlay relative headline-element align-left mb-4 md:mb-8'>\n    \n    <span class='relative align-left mb-4 md:mb-8'>\n    <span class='absolute top-0 left-0 z-0 -translate-x-1\/2 -translate-y-1\/2 light w-[300px] h-[300px]'>\n    <svg class='w-full h-full ' xmlns='http:\/\/www.w3.org\/2000\/svg' width='542' height='542' viewBox='0 0 542 542' fill='none'>\n      <g filter='url(#filter0_f_569_1018)'>\n        <circle cx='271' cy='271' r='121' fill='#9AE8FF' fill-opacity='0.5'\/>\n      <\/g>\n      <defs>\n        <filter id='filter0_f_569_1018' x='0' y='0' width='542' height='542' filterUnits='userSpaceOnUse' color-interpolation-filters='sRGB'>\n          <feFlood flood-opacity='0' result='BackgroundImageFix'\/>\n          <feBlend mode='normal' in='SourceGraphic' in2='BackgroundImageFix' result='shape'\/>\n          <feGaussianBlur stdDeviation='75' result='effect1_foregroundBlur_569_1018'\/>\n        <\/filter>\n      <\/defs>\n    <\/svg>\n  <\/span>\n    Kontakt<\/span>\n    <\/h3><div class='text-element align-left '><p>Die Stadt wird zur leuchtenden B\u00fchne und ausgew\u00e4hlte Wahrzeichen, Geb\u00e4ude, Stra\u00dfen oder Pl\u00e4tze zu Stars. Nationale und internationale K\u00fcnstler, Designer und Kreativ-Teams erz\u00e4hlen gemeinsam mit uns Geschichten, transportieren Botschaften und lenken den Fokus auf Besonderes und Einmaliges. Das FESTIVAL OF LIGHTS ist eine international agierende Marketing- und Kommunikationsplattform \u2013 f\u00fcr unsere Partner, Sponsoren und G\u00e4ste aus aller Welt.<\/p>\n<p>Umfangreiche Partnereinbindung ist m\u00f6glich. Dazu erstellen wir individuelle und ma\u00dfgeschneiderte Konzepte, die wir en detail erl\u00e4utern.<\/p>\n<\/div>                <\/div>\n            <\/div>\n        <\/div>\n    <\/div>\n<\/section>\n\n<section class=\"basic-content-module bg-bg-darkBlue text-text-default\">\n  <div class=\"px-xs py-md lg:py-2xl aniMe text-intro dark:!bg-transparent dark:!text-white text-left\">\n            <div class=\"relative z-10 mx-auto max-w-content\">\n            <div class='text-element align- text-copy'><p>Wir haben das Know-How und die Technik f\u00fcr einzigartige Kunstwerke in Licht, 3D Video-Mappings, Projektionen und vielf\u00e4ltige Installationen, um mit Ihnen gemeinsam Wahrzeichen, Denkm\u00e4ler oder Ihr eigenes Firmengeb\u00e4ude zum Funkeln zu bringen. Sie erhalten von uns ein Rundumsorglospaket.<\/p>\n<p>Erfahren Sie mehr \u00fcber die M\u00f6glichkeiten, werden Sie Teil des FESTIVAL OF LIGHTS! Schreiben Sie uns: partner@festival-of-lights.de.<\/p>\n<p>Ihre Ansprechpartnerin ist Birgit Zander.<\/p>\n<\/div>        <\/div>\n          <\/div>\n<\/section>","protected":false},"excerpt":{"rendered":"","protected":false},"author":1,"featured_media":0,"parent":0,"menu_order":0,"comment_status":"closed","ping_status":"closed","template":"","meta":{"_acf_changed":false,"footnotes":""},"class_list":["post-33784","page","type-page","status-publish","hentry"],"acf":[],"yoast_head":"<!-- This site is optimized with the Yoast SEO plugin v25.6 - https:\/\/yoast.com\/wordpress\/plugins\/seo\/ -->\n<title>Keyfacts Festival of Lights<\/title>\n<meta name=\"description\" content=\"Entdecke die Keyfacts des Festival of Lights: im Jahr 2023 mit \u00fcber 3,1 Millionen Besuchern und einer Online-Reichweite von 1,26 Milliarden.\" \/>\n<meta name=\"robots\" content=\"index, follow, max-snippet:-1, max-image-preview:large, max-video-preview:-1\" \/>\n<link rel=\"canonical\" href=\"https:\/\/festival-of-lights.de\/de\/keyfacts\/\" \/>\n<meta property=\"og:locale\" content=\"de_DE\" \/>\n<meta property=\"og:type\" content=\"article\" \/>\n<meta property=\"og:title\" content=\"Keyfacts Festival of Lights\" \/>\n<meta property=\"og:description\" content=\"Entdecke die Keyfacts des Festival of Lights: im Jahr 2023 mit \u00fcber 3,1 Millionen Besuchern und einer Online-Reichweite von 1,26 Milliarden.\" \/>\n<meta property=\"og:url\" content=\"https:\/\/festival-of-lights.de\/de\/keyfacts\/\" \/>\n<meta property=\"og:site_name\" content=\"Festival of Lights\" \/>\n<meta property=\"article:publisher\" content=\"https:\/\/www.facebook.com\/FestivalOfLights\" \/>\n<meta property=\"article:modified_time\" content=\"2026-01-21T15:09:04+00:00\" \/>\n<meta name=\"twitter:card\" content=\"summary_large_image\" \/>\n<script type=\"application\/ld+json\" class=\"yoast-schema-graph\">{\"@context\":\"https:\/\/schema.org\",\"@graph\":[{\"@type\":\"WebPage\",\"@id\":\"https:\/\/festival-of-lights.de\/de\/keyfacts\/\",\"url\":\"https:\/\/festival-of-lights.de\/de\/keyfacts\/\",\"name\":\"Keyfacts Festival of Lights\",\"isPartOf\":{\"@id\":\"https:\/\/festival-of-lights.de\/de\/#website\"},\"datePublished\":\"2023-07-25T18:20:17+00:00\",\"dateModified\":\"2026-01-21T15:09:04+00:00\",\"description\":\"Entdecke die Keyfacts des Festival of Lights: im Jahr 2023 mit \u00fcber 3,1 Millionen Besuchern und einer Online-Reichweite von 1,26 Milliarden.\",\"breadcrumb\":{\"@id\":\"https:\/\/festival-of-lights.de\/de\/keyfacts\/#breadcrumb\"},\"inLanguage\":\"de\",\"potentialAction\":[{\"@type\":\"ReadAction\",\"target\":[\"https:\/\/festival-of-lights.de\/de\/keyfacts\/\"]}]},{\"@type\":\"BreadcrumbList\",\"@id\":\"https:\/\/festival-of-lights.de\/de\/keyfacts\/#breadcrumb\",\"itemListElement\":[{\"@type\":\"ListItem\",\"position\":1,\"name\":\"Startseite\",\"item\":\"https:\/\/festival-of-lights.de\/de\/\"},{\"@type\":\"ListItem\",\"position\":2,\"name\":\"Keyfacts\"}]},{\"@type\":\"WebSite\",\"@id\":\"https:\/\/festival-of-lights.de\/de\/#website\",\"url\":\"https:\/\/festival-of-lights.de\/de\/\",\"name\":\"Festival of Lights Berlin\",\"description\":\"\",\"publisher\":{\"@id\":\"https:\/\/festival-of-lights.de\/de\/#organization\"},\"potentialAction\":[{\"@type\":\"SearchAction\",\"target\":{\"@type\":\"EntryPoint\",\"urlTemplate\":\"https:\/\/festival-of-lights.de\/de\/?s={search_term_string}\"},\"query-input\":{\"@type\":\"PropertyValueSpecification\",\"valueRequired\":true,\"valueName\":\"search_term_string\"}}],\"inLanguage\":\"de\"},{\"@type\":\"Organization\",\"@id\":\"https:\/\/festival-of-lights.de\/de\/#organization\",\"name\":\"Festival of Lights\",\"url\":\"https:\/\/festival-of-lights.de\/de\/\",\"logo\":{\"@type\":\"ImageObject\",\"inLanguage\":\"de\",\"@id\":\"https:\/\/festival-of-lights.de\/de\/#\/schema\/logo\/image\/\",\"url\":\"https:\/\/festival-of-lights.de\/wp-content\/uploads\/2023\/08\/cropped-logo.png\",\"contentUrl\":\"https:\/\/festival-of-lights.de\/wp-content\/uploads\/2023\/08\/cropped-logo.png\",\"width\":230,\"height\":230,\"caption\":\"Festival of Lights\"},\"image\":{\"@id\":\"https:\/\/festival-of-lights.de\/de\/#\/schema\/logo\/image\/\"},\"sameAs\":[\"https:\/\/www.facebook.com\/FestivalOfLights\",\"https:\/\/www.tiktok.com\/@berlinfestivaloflights\",\"https:\/\/www.instagram.com\/berlinfestivaloflights\"]}]}<\/script>\n<!-- \/ Yoast SEO plugin. -->","yoast_head_json":{"title":"Keyfacts Festival of Lights","description":"Entdecke die Keyfacts des Festival of Lights: im Jahr 2023 mit \u00fcber 3,1 Millionen Besuchern und einer Online-Reichweite von 1,26 Milliarden.","robots":{"index":"index","follow":"follow","max-snippet":"max-snippet:-1","max-image-preview":"max-image-preview:large","max-video-preview":"max-video-preview:-1"},"canonical":"https:\/\/festival-of-lights.de\/de\/keyfacts\/","og_locale":"de_DE","og_type":"article","og_title":"Keyfacts Festival of Lights","og_description":"Entdecke die Keyfacts des Festival of Lights: im Jahr 2023 mit \u00fcber 3,1 Millionen Besuchern und einer Online-Reichweite von 1,26 Milliarden.","og_url":"https:\/\/festival-of-lights.de\/de\/keyfacts\/","og_site_name":"Festival of Lights","article_publisher":"https:\/\/www.facebook.com\/FestivalOfLights","article_modified_time":"2026-01-21T15:09:04+00:00","twitter_card":"summary_large_image","schema":{"@context":"https:\/\/schema.org","@graph":[{"@type":"WebPage","@id":"https:\/\/festival-of-lights.de\/de\/keyfacts\/","url":"https:\/\/festival-of-lights.de\/de\/keyfacts\/","name":"Keyfacts Festival of Lights","isPartOf":{"@id":"https:\/\/festival-of-lights.de\/de\/#website"},"datePublished":"2023-07-25T18:20:17+00:00","dateModified":"2026-01-21T15:09:04+00:00","description":"Entdecke die Keyfacts des Festival of Lights: im Jahr 2023 mit \u00fcber 3,1 Millionen Besuchern und einer Online-Reichweite von 1,26 Milliarden.","breadcrumb":{"@id":"https:\/\/festival-of-lights.de\/de\/keyfacts\/#breadcrumb"},"inLanguage":"de","potentialAction":[{"@type":"ReadAction","target":["https:\/\/festival-of-lights.de\/de\/keyfacts\/"]}]},{"@type":"BreadcrumbList","@id":"https:\/\/festival-of-lights.de\/de\/keyfacts\/#breadcrumb","itemListElement":[{"@type":"ListItem","position":1,"name":"Startseite","item":"https:\/\/festival-of-lights.de\/de\/"},{"@type":"ListItem","position":2,"name":"Keyfacts"}]},{"@type":"WebSite","@id":"https:\/\/festival-of-lights.de\/de\/#website","url":"https:\/\/festival-of-lights.de\/de\/","name":"Festival of Lights Berlin","description":"","publisher":{"@id":"https:\/\/festival-of-lights.de\/de\/#organization"},"potentialAction":[{"@type":"SearchAction","target":{"@type":"EntryPoint","urlTemplate":"https:\/\/festival-of-lights.de\/de\/?s={search_term_string}"},"query-input":{"@type":"PropertyValueSpecification","valueRequired":true,"valueName":"search_term_string"}}],"inLanguage":"de"},{"@type":"Organization","@id":"https:\/\/festival-of-lights.de\/de\/#organization","name":"Festival of Lights","url":"https:\/\/festival-of-lights.de\/de\/","logo":{"@type":"ImageObject","inLanguage":"de","@id":"https:\/\/festival-of-lights.de\/de\/#\/schema\/logo\/image\/","url":"https:\/\/festival-of-lights.de\/wp-content\/uploads\/2023\/08\/cropped-logo.png","contentUrl":"https:\/\/festival-of-lights.de\/wp-content\/uploads\/2023\/08\/cropped-logo.png","width":230,"height":230,"caption":"Festival of Lights"},"image":{"@id":"https:\/\/festival-of-lights.de\/de\/#\/schema\/logo\/image\/"},"sameAs":["https:\/\/www.facebook.com\/FestivalOfLights","https:\/\/www.tiktok.com\/@berlinfestivaloflights","https:\/\/www.instagram.com\/berlinfestivaloflights"]}]}},"_links":{"self":[{"href":"https:\/\/festival-of-lights.de\/de\/wp-json\/wp\/v2\/pages\/33784","targetHints":{"allow":["GET"]}}],"collection":[{"href":"https:\/\/festival-of-lights.de\/de\/wp-json\/wp\/v2\/pages"}],"about":[{"href":"https:\/\/festival-of-lights.de\/de\/wp-json\/wp\/v2\/types\/page"}],"author":[{"embeddable":true,"href":"https:\/\/festival-of-lights.de\/de\/wp-json\/wp\/v2\/users\/1"}],"replies":[{"embeddable":true,"href":"https:\/\/festival-of-lights.de\/de\/wp-json\/wp\/v2\/comments?post=33784"}],"version-history":[{"count":89,"href":"https:\/\/festival-of-lights.de\/de\/wp-json\/wp\/v2\/pages\/33784\/revisions"}],"predecessor-version":[{"id":60320,"href":"https:\/\/festival-of-lights.de\/de\/wp-json\/wp\/v2\/pages\/33784\/revisions\/60320"}],"wp:attachment":[{"href":"https:\/\/festival-of-lights.de\/de\/wp-json\/wp\/v2\/media?parent=33784"}],"curies":[{"name":"wp","href":"https:\/\/api.w.org\/{rel}","templated":true}]}}