{"id":35141,"date":"2023-08-04T12:19:33","date_gmt":"2023-08-04T10:19:33","guid":{"rendered":"http:\/\/festival-of-lights.de\/?page_id=35141"},"modified":"2023-08-04T13:51:56","modified_gmt":"2023-08-04T11:51:56","slug":"sonderaward-demokratie-auf-dem-schloss-bellevue","status":"publish","type":"page","link":"https:\/\/festival-of-lights.de\/de\/sonderaward-demokratie-auf-dem-schloss-bellevue\/","title":{"rendered":"Sonderaward Demokratie auf dem Schloss Bellevue"},"content":{"rendered":"<section class=\"module-spacer bg-bg-darkBlue pt-10 md:pt-14 xl:pt-20\">\n<\/section>\n\n<section class=\"basic-content-module bg-bg-darkBlue text-text-default\">\n  <div class=\"px-xs py-md lg:py-2xl aniMe text-intro dark:!bg-transparent dark:!text-white text-left\">\n            <div class=\"mx-auto max-w-content\"><div class='text-element align- text-copy lg:text-h3 font-bold mb-4 md:mb-0'>Schloss Bellevue<\/div><\/div>\n                <div class=\"mx-auto max-w-content basic-content-module__headline\"><h2 class='grayscale-overlay relative headline-element align-left text-h3 font-bold md:text-h1 lg:text-[128px] mb-4 md:mb-4 z-0 basic-content-module__headline-big'>\n    \n    <span class='relative align-left text-h3 font-bold md:text-h1 lg:text-[128px] mb-4 md:mb-4 z-0 basic-content-module__headline-big'>\n    <span class='absolute top-0 left-0 z-0 -translate-x-1\/2 -translate-y-1\/2 light w-[300px] h-[300px]'>\n    <svg class='w-full h-full ' xmlns='http:\/\/www.w3.org\/2000\/svg' width='542' height='542' viewBox='0 0 542 542' fill='none'>\n      <g filter='url(#filter0_f_569_1018)'>\n        <circle cx='271' cy='271' r='121' fill='#9AE8FF' fill-opacity='0.5'\/>\n      <\/g>\n      <defs>\n        <filter id='filter0_f_569_1018' x='0' y='0' width='542' height='542' filterUnits='userSpaceOnUse' color-interpolation-filters='sRGB'>\n          <feFlood flood-opacity='0' result='BackgroundImageFix'\/>\n          <feBlend mode='normal' in='SourceGraphic' in2='BackgroundImageFix' result='shape'\/>\n          <feGaussianBlur stdDeviation='75' result='effect1_foregroundBlur_569_1018'\/>\n        <\/filter>\n      <\/defs>\n    <\/svg>\n  <\/span>\n    Sonder-Award &#8222;Demokratie&#8220; <\/span>\n    <\/h2><\/div>\n          <\/div>\n<\/section>\n\n<section class=\"bg-bg-darkBlue text-text-default\">\n  <div class=\"px-xs text-paragraph py-md text-copy dark:!bg-transparent\">\n          <div class=\"grid gap-5 mx-auto max-w-screen-lg md:gap-10 md:grid-cols-2\">\n        <div class='text-element align-left aniMe'><p>Der Berliner Amtssitz des Bundespr\u00e4sidenten war in diesem Jahr beim Festival of Lights vertreten. Zum ersten Mal wurden Video-Mappings auf die Frontfassade von Schloss Bellevue projiziert. Der Bundespr\u00e4sident hat einen mit 2000 Euro dotierten Sonder-Award zum Thema Demokratie ausgelobt.<\/p>\n<p>Video-Mapping-K\u00fcnstlerinnen und -K\u00fcnstler aus aller Welt wurden aufgerufen, ihre Ideen und Visionen zur Demokratie in Bild und Ton umzusetzen.<\/p>\n<\/div><div class='text-element align-left aniMe'><p>Welche Ideen die Bewerber hatten und wie sie diese umgesetzt haben war eine \u00dcberraschung f\u00fcr die Besucher des Festivals. Die Projektion wurde am 6. Oktober 2017 um 21.00 Uhr von Bundespr\u00e4sident Steinmeier er\u00f6ffnet. Anschlie\u00dfend waren die Video-Mappings bis zum 8. Oktober 2017 jeden Abend zu sehen.<\/p>\n<p>Auch beim Sonder-Award des Bundespr\u00e4sidenten konnten Sie f\u00fcr Ihren pers\u00f6nlichen Favoriten voten. Herzlichen Gl\u00fcckwunsch an die Gewinnerin: TINA ZIMMERMANN<\/p>\n<\/div>        \n            <\/div> <!-- end max-w-screen container -->\n    <\/div>\n<\/section>\n\n<section class=\"module-spacer bg-bg-darkBlue pt-10 md:pt-14 xl:pt-20\">\n<\/section>\n\n<section class=\"teaser-tiles bg-bg-darkBlue overflow-hidden  \">\n    <div class=\" wrap grid  md:grid-cols-2\">\n            <div class=\"relative tile aniMe\">\n            <div class=\"relative image-wrap grayscale-mask h-full xl:max-h-[600px] aspect-video xl:aspect-4\/3 2xl:aspect-video\">\n                <img loading=\"lazy\" decoding=\"async\" width=\"621\" height=\"406\" src=\"https:\/\/festival-of-lights.de\/wp-content\/uploads\/2023\/08\/Neba-Studio.jpg\" class=\"object-cover h-full w-full z-0 grayscale-overlay\" alt=\"\" srcset=\"https:\/\/festival-of-lights.de\/wp-content\/uploads\/2023\/08\/Neba-Studio.jpg 621w, https:\/\/festival-of-lights.de\/wp-content\/uploads\/2023\/08\/Neba-Studio-300x196.jpg 300w\" sizes=\"auto, (max-width: 621px) 100vw, 621px\" \/>            <\/div>\n                        <div class=\"absolute right-0 left-0 mx-auto content top-md\">\n                <p class='grayscale-overlay relative headline-element align-left tiles-headline text-h4 md:text-h4 px-0 lg:px-0 text-center text-white'>\n    \n    <span class='relative align-left tiles-headline text-h4 md:text-h4 px-0 lg:px-0 text-center text-white'>\n    <span class='absolute top-0 left-0 z-0 -translate-x-1\/2 -translate-y-1\/2 light w-[300px] h-[300px]'>\n    <svg class='w-full h-full ' xmlns='http:\/\/www.w3.org\/2000\/svg' width='542' height='542' viewBox='0 0 542 542' fill='none'>\n      <g filter='url(#filter0_f_569_1018)'>\n        <circle cx='271' cy='271' r='121' fill='#9AE8FF' fill-opacity='0.5'\/>\n      <\/g>\n      <defs>\n        <filter id='filter0_f_569_1018' x='0' y='0' width='542' height='542' filterUnits='userSpaceOnUse' color-interpolation-filters='sRGB'>\n          <feFlood flood-opacity='0' result='BackgroundImageFix'\/>\n          <feBlend mode='normal' in='SourceGraphic' in2='BackgroundImageFix' result='shape'\/>\n          <feGaussianBlur stdDeviation='75' result='effect1_foregroundBlur_569_1018'\/>\n        <\/filter>\n      <\/defs>\n    <\/svg>\n  <\/span>\n    Neba Studio<\/span>\n    <\/p>            <\/div>\n                        <div class=\"flex absolute right-0 left-0 z-10 justify-center mx-auto button-wrap bottom-md\">\n                        <a target=\"_blank\" href=\"https:\/\/www.youtube.com\/watch?v=-8AKAkrOY7k\" class=\"flex items-center gap-xs btn-primary\">\n            <svg xmlns=\"http:\/\/www.w3.org\/2000\/svg\" width=\"23\" height=\"16\" viewBox=\"0 0 23 16\" fill=\"none\">\n                <path class=\"transition duration-300 ease-in-out\" d=\"M21.8863 8.70711C22.2769 8.31658 22.2769 7.68342 21.8863 7.29289L15.5224 0.928932C15.1318 0.538408 14.4987 0.538408 14.1082 0.928932C13.7176 1.31946 13.7176 1.95262 14.1082 2.34315L19.765 8L14.1082 13.6569C13.7176 14.0474 13.7176 14.6805 14.1082 15.0711C14.4987 15.4616 15.1318 15.4616 15.5224 15.0711L21.8863 8.70711ZM0 9H21.1792V7H0V9Z\" fill=\"black\"\/>\n            <\/svg>\n            Mehr erfahren        <\/a>\n                    <\/div>\n                    <\/div>\n                <div class=\"relative tile aniMe\">\n            <div class=\"relative image-wrap grayscale-mask h-full xl:max-h-[600px] aspect-video xl:aspect-4\/3 2xl:aspect-video\">\n                <img loading=\"lazy\" decoding=\"async\" width=\"567\" height=\"406\" src=\"https:\/\/festival-of-lights.de\/wp-content\/uploads\/2023\/08\/DizArt-Studio.jpg\" class=\"object-cover h-full w-full z-0 grayscale-overlay\" alt=\"\" srcset=\"https:\/\/festival-of-lights.de\/wp-content\/uploads\/2023\/08\/DizArt-Studio.jpg 567w, https:\/\/festival-of-lights.de\/wp-content\/uploads\/2023\/08\/DizArt-Studio-300x215.jpg 300w\" sizes=\"auto, (max-width: 567px) 100vw, 567px\" \/>            <\/div>\n                        <div class=\"absolute right-0 left-0 mx-auto content top-md\">\n                <p class='grayscale-overlay relative headline-element align-left tiles-headline text-h4 md:text-h4 px-0 lg:px-0 text-center text-white'>\n    \n    <span class='relative align-left tiles-headline text-h4 md:text-h4 px-0 lg:px-0 text-center text-white'>\n    <span class='absolute top-0 left-0 z-0 -translate-x-1\/2 -translate-y-1\/2 light w-[300px] h-[300px]'>\n    <svg class='w-full h-full ' xmlns='http:\/\/www.w3.org\/2000\/svg' width='542' height='542' viewBox='0 0 542 542' fill='none'>\n      <g filter='url(#filter0_f_569_1018)'>\n        <circle cx='271' cy='271' r='121' fill='#9AE8FF' fill-opacity='0.5'\/>\n      <\/g>\n      <defs>\n        <filter id='filter0_f_569_1018' x='0' y='0' width='542' height='542' filterUnits='userSpaceOnUse' color-interpolation-filters='sRGB'>\n          <feFlood flood-opacity='0' result='BackgroundImageFix'\/>\n          <feBlend mode='normal' in='SourceGraphic' in2='BackgroundImageFix' result='shape'\/>\n          <feGaussianBlur stdDeviation='75' result='effect1_foregroundBlur_569_1018'\/>\n        <\/filter>\n      <\/defs>\n    <\/svg>\n  <\/span>\n    DizArt Studio<\/span>\n    <\/p>            <\/div>\n                        <div class=\"flex absolute right-0 left-0 z-10 justify-center mx-auto button-wrap bottom-md\">\n                        <a target=\"_blank\" href=\"https:\/\/www.youtube.com\/watch?v=mmmQHygFmXY\" class=\"flex items-center gap-xs btn-primary\">\n            <svg xmlns=\"http:\/\/www.w3.org\/2000\/svg\" width=\"23\" height=\"16\" viewBox=\"0 0 23 16\" fill=\"none\">\n                <path class=\"transition duration-300 ease-in-out\" d=\"M21.8863 8.70711C22.2769 8.31658 22.2769 7.68342 21.8863 7.29289L15.5224 0.928932C15.1318 0.538408 14.4987 0.538408 14.1082 0.928932C13.7176 1.31946 13.7176 1.95262 14.1082 2.34315L19.765 8L14.1082 13.6569C13.7176 14.0474 13.7176 14.6805 14.1082 15.0711C14.4987 15.4616 15.1318 15.4616 15.5224 15.0711L21.8863 8.70711ZM0 9H21.1792V7H0V9Z\" fill=\"black\"\/>\n            <\/svg>\n            Mehr erfahren        <\/a>\n                    <\/div>\n                    <\/div>\n                <div class=\"relative tile aniMe\">\n            <div class=\"relative image-wrap grayscale-mask h-full xl:max-h-[600px] aspect-video xl:aspect-4\/3 2xl:aspect-video\">\n                <img loading=\"lazy\" decoding=\"async\" width=\"566\" height=\"410\" src=\"https:\/\/festival-of-lights.de\/wp-content\/uploads\/2023\/08\/Kedr-Visuals.jpg\" class=\"object-cover h-full w-full z-0 grayscale-overlay\" alt=\"\" srcset=\"https:\/\/festival-of-lights.de\/wp-content\/uploads\/2023\/08\/Kedr-Visuals.jpg 566w, https:\/\/festival-of-lights.de\/wp-content\/uploads\/2023\/08\/Kedr-Visuals-300x217.jpg 300w\" sizes=\"auto, (max-width: 566px) 100vw, 566px\" \/>            <\/div>\n                        <div class=\"absolute right-0 left-0 mx-auto content top-md\">\n                <p class='grayscale-overlay relative headline-element align-left tiles-headline text-h4 md:text-h4 px-0 lg:px-0 text-center text-white'>\n    \n    <span class='relative align-left tiles-headline text-h4 md:text-h4 px-0 lg:px-0 text-center text-white'>\n    <span class='absolute top-0 left-0 z-0 -translate-x-1\/2 -translate-y-1\/2 light w-[300px] h-[300px]'>\n    <svg class='w-full h-full ' xmlns='http:\/\/www.w3.org\/2000\/svg' width='542' height='542' viewBox='0 0 542 542' fill='none'>\n      <g filter='url(#filter0_f_569_1018)'>\n        <circle cx='271' cy='271' r='121' fill='#9AE8FF' fill-opacity='0.5'\/>\n      <\/g>\n      <defs>\n        <filter id='filter0_f_569_1018' x='0' y='0' width='542' height='542' filterUnits='userSpaceOnUse' color-interpolation-filters='sRGB'>\n          <feFlood flood-opacity='0' result='BackgroundImageFix'\/>\n          <feBlend mode='normal' in='SourceGraphic' in2='BackgroundImageFix' result='shape'\/>\n          <feGaussianBlur stdDeviation='75' result='effect1_foregroundBlur_569_1018'\/>\n        <\/filter>\n      <\/defs>\n    <\/svg>\n  <\/span>\n    Kedr Visuals<\/span>\n    <\/p>            <\/div>\n                        <div class=\"flex absolute right-0 left-0 z-10 justify-center mx-auto button-wrap bottom-md\">\n                        <a target=\"_blank\" href=\"https:\/\/www.youtube.com\/watch?v=abiSMANHgRs\" class=\"flex items-center gap-xs btn-primary\">\n            <svg xmlns=\"http:\/\/www.w3.org\/2000\/svg\" width=\"23\" height=\"16\" viewBox=\"0 0 23 16\" fill=\"none\">\n                <path class=\"transition duration-300 ease-in-out\" d=\"M21.8863 8.70711C22.2769 8.31658 22.2769 7.68342 21.8863 7.29289L15.5224 0.928932C15.1318 0.538408 14.4987 0.538408 14.1082 0.928932C13.7176 1.31946 13.7176 1.95262 14.1082 2.34315L19.765 8L14.1082 13.6569C13.7176 14.0474 13.7176 14.6805 14.1082 15.0711C14.4987 15.4616 15.1318 15.4616 15.5224 15.0711L21.8863 8.70711ZM0 9H21.1792V7H0V9Z\" fill=\"black\"\/>\n            <\/svg>\n            Mehr erfahren        <\/a>\n                    <\/div>\n                    <\/div>\n            <\/div>\n<\/section>\n\n<section class=\"teaser-tiles bg-bg-darkBlue overflow-hidden  \">\n    <div class=\" wrap grid  md:grid-cols-2\">\n            <div class=\"relative tile aniMe\">\n            <div class=\"relative image-wrap grayscale-mask h-full xl:max-h-[600px] aspect-video xl:aspect-4\/3 2xl:aspect-video\">\n                <img loading=\"lazy\" decoding=\"async\" width=\"558\" height=\"414\" src=\"https:\/\/festival-of-lights.de\/wp-content\/uploads\/2023\/08\/Zoey-Vero.jpg\" class=\"object-cover h-full w-full z-0 grayscale-overlay\" alt=\"\" srcset=\"https:\/\/festival-of-lights.de\/wp-content\/uploads\/2023\/08\/Zoey-Vero.jpg 558w, https:\/\/festival-of-lights.de\/wp-content\/uploads\/2023\/08\/Zoey-Vero-300x223.jpg 300w\" sizes=\"auto, (max-width: 558px) 100vw, 558px\" \/>            <\/div>\n                        <div class=\"absolute right-0 left-0 mx-auto content top-md\">\n                <p class='grayscale-overlay relative headline-element align-left tiles-headline text-h4 md:text-h4 px-0 lg:px-0 text-center text-white'>\n    \n    <span class='relative align-left tiles-headline text-h4 md:text-h4 px-0 lg:px-0 text-center text-white'>\n    <span class='absolute top-0 left-0 z-0 -translate-x-1\/2 -translate-y-1\/2 light w-[300px] h-[300px]'>\n    <svg class='w-full h-full ' xmlns='http:\/\/www.w3.org\/2000\/svg' width='542' height='542' viewBox='0 0 542 542' fill='none'>\n      <g filter='url(#filter0_f_569_1018)'>\n        <circle cx='271' cy='271' r='121' fill='#9AE8FF' fill-opacity='0.5'\/>\n      <\/g>\n      <defs>\n        <filter id='filter0_f_569_1018' x='0' y='0' width='542' height='542' filterUnits='userSpaceOnUse' color-interpolation-filters='sRGB'>\n          <feFlood flood-opacity='0' result='BackgroundImageFix'\/>\n          <feBlend mode='normal' in='SourceGraphic' in2='BackgroundImageFix' result='shape'\/>\n          <feGaussianBlur stdDeviation='75' result='effect1_foregroundBlur_569_1018'\/>\n        <\/filter>\n      <\/defs>\n    <\/svg>\n  <\/span>\n    Zoey Vero<\/span>\n    <\/p>            <\/div>\n                        <div class=\"flex absolute right-0 left-0 z-10 justify-center mx-auto button-wrap bottom-md\">\n                        <a target=\"_blank\" href=\"https:\/\/www.youtube.com\/watch?v=zugq4GCWeoQ\" class=\"flex items-center gap-xs btn-primary\">\n            <svg xmlns=\"http:\/\/www.w3.org\/2000\/svg\" width=\"23\" height=\"16\" viewBox=\"0 0 23 16\" fill=\"none\">\n                <path class=\"transition duration-300 ease-in-out\" d=\"M21.8863 8.70711C22.2769 8.31658 22.2769 7.68342 21.8863 7.29289L15.5224 0.928932C15.1318 0.538408 14.4987 0.538408 14.1082 0.928932C13.7176 1.31946 13.7176 1.95262 14.1082 2.34315L19.765 8L14.1082 13.6569C13.7176 14.0474 13.7176 14.6805 14.1082 15.0711C14.4987 15.4616 15.1318 15.4616 15.5224 15.0711L21.8863 8.70711ZM0 9H21.1792V7H0V9Z\" fill=\"black\"\/>\n            <\/svg>\n            Mehr erfahren        <\/a>\n                    <\/div>\n                    <\/div>\n                <div class=\"relative tile aniMe\">\n            <div class=\"relative image-wrap grayscale-mask h-full xl:max-h-[600px] aspect-video xl:aspect-4\/3 2xl:aspect-video\">\n                <img loading=\"lazy\" decoding=\"async\" width=\"515\" height=\"409\" src=\"https:\/\/festival-of-lights.de\/wp-content\/uploads\/2023\/08\/ArtZebs-Gallery.jpg\" class=\"object-cover h-full w-full z-0 grayscale-overlay\" alt=\"\" srcset=\"https:\/\/festival-of-lights.de\/wp-content\/uploads\/2023\/08\/ArtZebs-Gallery.jpg 515w, https:\/\/festival-of-lights.de\/wp-content\/uploads\/2023\/08\/ArtZebs-Gallery-300x238.jpg 300w\" sizes=\"auto, (max-width: 515px) 100vw, 515px\" \/>            <\/div>\n                        <div class=\"absolute right-0 left-0 mx-auto content top-md\">\n                <p class='grayscale-overlay relative headline-element align-left tiles-headline text-h4 md:text-h4 px-0 lg:px-0 text-center text-white'>\n    \n    <span class='relative align-left tiles-headline text-h4 md:text-h4 px-0 lg:px-0 text-center text-white'>\n    <span class='absolute top-0 left-0 z-0 -translate-x-1\/2 -translate-y-1\/2 light w-[300px] h-[300px]'>\n    <svg class='w-full h-full ' xmlns='http:\/\/www.w3.org\/2000\/svg' width='542' height='542' viewBox='0 0 542 542' fill='none'>\n      <g filter='url(#filter0_f_569_1018)'>\n        <circle cx='271' cy='271' r='121' fill='#9AE8FF' fill-opacity='0.5'\/>\n      <\/g>\n      <defs>\n        <filter id='filter0_f_569_1018' x='0' y='0' width='542' height='542' filterUnits='userSpaceOnUse' color-interpolation-filters='sRGB'>\n          <feFlood flood-opacity='0' result='BackgroundImageFix'\/>\n          <feBlend mode='normal' in='SourceGraphic' in2='BackgroundImageFix' result='shape'\/>\n          <feGaussianBlur stdDeviation='75' result='effect1_foregroundBlur_569_1018'\/>\n        <\/filter>\n      <\/defs>\n    <\/svg>\n  <\/span>\n    ArtZebs Gallery<\/span>\n    <\/p>            <\/div>\n                        <div class=\"flex absolute right-0 left-0 z-10 justify-center mx-auto button-wrap bottom-md\">\n                        <a target=\"_blank\" href=\"https:\/\/www.youtube.com\/watch?v=P8ib2uCbt10\" class=\"flex items-center gap-xs btn-primary\">\n            <svg xmlns=\"http:\/\/www.w3.org\/2000\/svg\" width=\"23\" height=\"16\" viewBox=\"0 0 23 16\" fill=\"none\">\n                <path class=\"transition duration-300 ease-in-out\" d=\"M21.8863 8.70711C22.2769 8.31658 22.2769 7.68342 21.8863 7.29289L15.5224 0.928932C15.1318 0.538408 14.4987 0.538408 14.1082 0.928932C13.7176 1.31946 13.7176 1.95262 14.1082 2.34315L19.765 8L14.1082 13.6569C13.7176 14.0474 13.7176 14.6805 14.1082 15.0711C14.4987 15.4616 15.1318 15.4616 15.5224 15.0711L21.8863 8.70711ZM0 9H21.1792V7H0V9Z\" fill=\"black\"\/>\n            <\/svg>\n            Mehr erfahren        <\/a>\n                    <\/div>\n                    <\/div>\n                <div class=\"relative tile aniMe\">\n            <div class=\"relative image-wrap grayscale-mask h-full xl:max-h-[600px] aspect-video xl:aspect-4\/3 2xl:aspect-video\">\n                <img loading=\"lazy\" decoding=\"async\" width=\"555\" height=\"431\" src=\"https:\/\/festival-of-lights.de\/wp-content\/uploads\/2023\/08\/Tina-Zimmermann-Demokratie.jpg\" class=\"object-cover h-full w-full z-0 grayscale-overlay\" alt=\"\" srcset=\"https:\/\/festival-of-lights.de\/wp-content\/uploads\/2023\/08\/Tina-Zimmermann-Demokratie.jpg 555w, https:\/\/festival-of-lights.de\/wp-content\/uploads\/2023\/08\/Tina-Zimmermann-Demokratie-300x233.jpg 300w\" sizes=\"auto, (max-width: 555px) 100vw, 555px\" \/>            <\/div>\n                        <div class=\"absolute right-0 left-0 mx-auto content top-md\">\n                <p class='grayscale-overlay relative headline-element align-left tiles-headline text-h4 md:text-h4 px-0 lg:px-0 text-center text-white'>\n    \n    <span class='relative align-left tiles-headline text-h4 md:text-h4 px-0 lg:px-0 text-center text-white'>\n    <span class='absolute top-0 left-0 z-0 -translate-x-1\/2 -translate-y-1\/2 light w-[300px] h-[300px]'>\n    <svg class='w-full h-full ' xmlns='http:\/\/www.w3.org\/2000\/svg' width='542' height='542' viewBox='0 0 542 542' fill='none'>\n      <g filter='url(#filter0_f_569_1018)'>\n        <circle cx='271' cy='271' r='121' fill='#9AE8FF' fill-opacity='0.5'\/>\n      <\/g>\n      <defs>\n        <filter id='filter0_f_569_1018' x='0' y='0' width='542' height='542' filterUnits='userSpaceOnUse' color-interpolation-filters='sRGB'>\n          <feFlood flood-opacity='0' result='BackgroundImageFix'\/>\n          <feBlend mode='normal' in='SourceGraphic' in2='BackgroundImageFix' result='shape'\/>\n          <feGaussianBlur stdDeviation='75' result='effect1_foregroundBlur_569_1018'\/>\n        <\/filter>\n      <\/defs>\n    <\/svg>\n  <\/span>\n    Tina Zimmermann<\/span>\n    <\/p>            <\/div>\n                        <div class=\"flex absolute right-0 left-0 z-10 justify-center mx-auto button-wrap bottom-md\">\n                        <a target=\"_blank\" href=\"https:\/\/www.youtube.com\/watch?v=K8oULopsakI\" class=\"flex items-center gap-xs btn-primary\">\n            <svg xmlns=\"http:\/\/www.w3.org\/2000\/svg\" width=\"23\" height=\"16\" viewBox=\"0 0 23 16\" fill=\"none\">\n                <path class=\"transition duration-300 ease-in-out\" d=\"M21.8863 8.70711C22.2769 8.31658 22.2769 7.68342 21.8863 7.29289L15.5224 0.928932C15.1318 0.538408 14.4987 0.538408 14.1082 0.928932C13.7176 1.31946 13.7176 1.95262 14.1082 2.34315L19.765 8L14.1082 13.6569C13.7176 14.0474 13.7176 14.6805 14.1082 15.0711C14.4987 15.4616 15.1318 15.4616 15.5224 15.0711L21.8863 8.70711ZM0 9H21.1792V7H0V9Z\" fill=\"black\"\/>\n            <\/svg>\n            Mehr erfahren        <\/a>\n                    <\/div>\n                    <\/div>\n            <\/div>\n<\/section>\n\n<section class=\"basic-content-module bg-bg-darkBlue text-text-default\">\n  <div class=\"px-xs py-md lg:py-2xl aniMe text-intro dark:!bg-transparent dark:!text-white text-left\">\n            <div class=\"mx-auto max-w-content basic-content-module__headline\"><h2 class='grayscale-overlay relative headline-element align-left text-h3 font-bold md:text-h2 mb-4 md:mb-sm z-0'>\n    \n    <span class='relative align-left text-h3 font-bold md:text-h2 mb-4 md:mb-sm z-0'>\n    <span class='absolute top-0 left-0 z-0 -translate-x-1\/2 -translate-y-1\/2 light w-[300px] h-[300px]'>\n    <svg class='w-full h-full ' xmlns='http:\/\/www.w3.org\/2000\/svg' width='542' height='542' viewBox='0 0 542 542' fill='none'>\n      <g filter='url(#filter0_f_569_1018)'>\n        <circle cx='271' cy='271' r='121' fill='#9AE8FF' fill-opacity='0.5'\/>\n      <\/g>\n      <defs>\n        <filter id='filter0_f_569_1018' x='0' y='0' width='542' height='542' filterUnits='userSpaceOnUse' color-interpolation-filters='sRGB'>\n          <feFlood flood-opacity='0' result='BackgroundImageFix'\/>\n          <feBlend mode='normal' in='SourceGraphic' in2='BackgroundImageFix' result='shape'\/>\n          <feGaussianBlur stdDeviation='75' result='effect1_foregroundBlur_569_1018'\/>\n        <\/filter>\n      <\/defs>\n    <\/svg>\n  <\/span>\n    Er\u00f6ffnungsrede des Bundespr\u00e4sidenten Frank-Walter Steinmeier<\/span>\n    <\/h2><\/div>\n          <\/div>\n<\/section>\n\n<section class=\"video-module py-md bg-bg-darkBlue \">\n  <div class=\"mx-auto max-w-grid wrap px-xs dark:!bg-transparent dark:!text-white\">\n          <div class=\"relative hp-player aspect-video grayscale-mask aniMe \">\n        <iframe class=\"z-[1050] grayscale-overlay lazyVideo\" data-src=\"\/\/www.youtube-nocookie.com\/embed\/NfCkXuMKOK4?feature=shared?rel=0&#038;controls=1&#038;showinfo=0\" frameborder=\"0\" allowfullscreen allowtransparency>\n        <\/iframe>\n      <\/div>\n      <\/div>\n<\/section>\n\n<section class=\"module-spacer bg-bg-darkBlue pt-10 md:pt-14 xl:pt-20\">\n<\/section>","protected":false},"excerpt":{"rendered":"","protected":false},"author":1,"featured_media":0,"parent":0,"menu_order":0,"comment_status":"closed","ping_status":"closed","template":"","meta":{"_acf_changed":false,"footnotes":""},"class_list":["post-35141","page","type-page","status-publish","hentry"],"acf":[],"yoast_head":"<!-- This site is optimized with the Yoast SEO plugin v25.6 - https:\/\/yoast.com\/wordpress\/plugins\/seo\/ -->\n<title>Sonderaward Demokratie auf dem Schloss Bellevue - Festival of Lights<\/title>\n<meta name=\"robots\" content=\"index, follow, max-snippet:-1, max-image-preview:large, max-video-preview:-1\" \/>\n<link rel=\"canonical\" href=\"https:\/\/festival-of-lights.de\/de\/sonderaward-demokratie-auf-dem-schloss-bellevue\/\" \/>\n<meta property=\"og:locale\" content=\"de_DE\" \/>\n<meta property=\"og:type\" content=\"article\" \/>\n<meta property=\"og:title\" content=\"Sonderaward Demokratie auf dem Schloss Bellevue - Festival of Lights\" \/>\n<meta property=\"og:url\" content=\"https:\/\/festival-of-lights.de\/de\/sonderaward-demokratie-auf-dem-schloss-bellevue\/\" \/>\n<meta property=\"og:site_name\" content=\"Festival of Lights\" \/>\n<meta property=\"article:publisher\" content=\"https:\/\/www.facebook.com\/FestivalOfLights\" \/>\n<meta property=\"article:modified_time\" content=\"2023-08-04T11:51:56+00:00\" \/>\n<meta name=\"twitter:card\" content=\"summary_large_image\" \/>\n<script type=\"application\/ld+json\" class=\"yoast-schema-graph\">{\"@context\":\"https:\/\/schema.org\",\"@graph\":[{\"@type\":\"WebPage\",\"@id\":\"https:\/\/festival-of-lights.de\/de\/sonderaward-demokratie-auf-dem-schloss-bellevue\/\",\"url\":\"https:\/\/festival-of-lights.de\/de\/sonderaward-demokratie-auf-dem-schloss-bellevue\/\",\"name\":\"Sonderaward Demokratie auf dem Schloss Bellevue - Festival of Lights\",\"isPartOf\":{\"@id\":\"https:\/\/festival-of-lights.de\/de\/#website\"},\"datePublished\":\"2023-08-04T10:19:33+00:00\",\"dateModified\":\"2023-08-04T11:51:56+00:00\",\"breadcrumb\":{\"@id\":\"https:\/\/festival-of-lights.de\/de\/sonderaward-demokratie-auf-dem-schloss-bellevue\/#breadcrumb\"},\"inLanguage\":\"de\",\"potentialAction\":[{\"@type\":\"ReadAction\",\"target\":[\"https:\/\/festival-of-lights.de\/de\/sonderaward-demokratie-auf-dem-schloss-bellevue\/\"]}]},{\"@type\":\"BreadcrumbList\",\"@id\":\"https:\/\/festival-of-lights.de\/de\/sonderaward-demokratie-auf-dem-schloss-bellevue\/#breadcrumb\",\"itemListElement\":[{\"@type\":\"ListItem\",\"position\":1,\"name\":\"Startseite\",\"item\":\"https:\/\/festival-of-lights.de\/de\/\"},{\"@type\":\"ListItem\",\"position\":2,\"name\":\"Sonderaward Demokratie auf dem Schloss Bellevue\"}]},{\"@type\":\"WebSite\",\"@id\":\"https:\/\/festival-of-lights.de\/de\/#website\",\"url\":\"https:\/\/festival-of-lights.de\/de\/\",\"name\":\"Festival of Lights Berlin\",\"description\":\"\",\"publisher\":{\"@id\":\"https:\/\/festival-of-lights.de\/de\/#organization\"},\"potentialAction\":[{\"@type\":\"SearchAction\",\"target\":{\"@type\":\"EntryPoint\",\"urlTemplate\":\"https:\/\/festival-of-lights.de\/de\/?s={search_term_string}\"},\"query-input\":{\"@type\":\"PropertyValueSpecification\",\"valueRequired\":true,\"valueName\":\"search_term_string\"}}],\"inLanguage\":\"de\"},{\"@type\":\"Organization\",\"@id\":\"https:\/\/festival-of-lights.de\/de\/#organization\",\"name\":\"Festival of Lights\",\"url\":\"https:\/\/festival-of-lights.de\/de\/\",\"logo\":{\"@type\":\"ImageObject\",\"inLanguage\":\"de\",\"@id\":\"https:\/\/festival-of-lights.de\/de\/#\/schema\/logo\/image\/\",\"url\":\"https:\/\/festival-of-lights.de\/wp-content\/uploads\/2023\/08\/cropped-logo.png\",\"contentUrl\":\"https:\/\/festival-of-lights.de\/wp-content\/uploads\/2023\/08\/cropped-logo.png\",\"width\":230,\"height\":230,\"caption\":\"Festival of Lights\"},\"image\":{\"@id\":\"https:\/\/festival-of-lights.de\/de\/#\/schema\/logo\/image\/\"},\"sameAs\":[\"https:\/\/www.facebook.com\/FestivalOfLights\",\"https:\/\/www.tiktok.com\/@berlinfestivaloflights\",\"https:\/\/www.instagram.com\/berlinfestivaloflights\"]}]}<\/script>\n<!-- \/ Yoast SEO plugin. -->","yoast_head_json":{"title":"Sonderaward Demokratie auf dem Schloss Bellevue - Festival of Lights","robots":{"index":"index","follow":"follow","max-snippet":"max-snippet:-1","max-image-preview":"max-image-preview:large","max-video-preview":"max-video-preview:-1"},"canonical":"https:\/\/festival-of-lights.de\/de\/sonderaward-demokratie-auf-dem-schloss-bellevue\/","og_locale":"de_DE","og_type":"article","og_title":"Sonderaward Demokratie auf dem Schloss Bellevue - Festival of Lights","og_url":"https:\/\/festival-of-lights.de\/de\/sonderaward-demokratie-auf-dem-schloss-bellevue\/","og_site_name":"Festival of Lights","article_publisher":"https:\/\/www.facebook.com\/FestivalOfLights","article_modified_time":"2023-08-04T11:51:56+00:00","twitter_card":"summary_large_image","schema":{"@context":"https:\/\/schema.org","@graph":[{"@type":"WebPage","@id":"https:\/\/festival-of-lights.de\/de\/sonderaward-demokratie-auf-dem-schloss-bellevue\/","url":"https:\/\/festival-of-lights.de\/de\/sonderaward-demokratie-auf-dem-schloss-bellevue\/","name":"Sonderaward Demokratie auf dem Schloss Bellevue - Festival of Lights","isPartOf":{"@id":"https:\/\/festival-of-lights.de\/de\/#website"},"datePublished":"2023-08-04T10:19:33+00:00","dateModified":"2023-08-04T11:51:56+00:00","breadcrumb":{"@id":"https:\/\/festival-of-lights.de\/de\/sonderaward-demokratie-auf-dem-schloss-bellevue\/#breadcrumb"},"inLanguage":"de","potentialAction":[{"@type":"ReadAction","target":["https:\/\/festival-of-lights.de\/de\/sonderaward-demokratie-auf-dem-schloss-bellevue\/"]}]},{"@type":"BreadcrumbList","@id":"https:\/\/festival-of-lights.de\/de\/sonderaward-demokratie-auf-dem-schloss-bellevue\/#breadcrumb","itemListElement":[{"@type":"ListItem","position":1,"name":"Startseite","item":"https:\/\/festival-of-lights.de\/de\/"},{"@type":"ListItem","position":2,"name":"Sonderaward Demokratie auf dem Schloss Bellevue"}]},{"@type":"WebSite","@id":"https:\/\/festival-of-lights.de\/de\/#website","url":"https:\/\/festival-of-lights.de\/de\/","name":"Festival of Lights Berlin","description":"","publisher":{"@id":"https:\/\/festival-of-lights.de\/de\/#organization"},"potentialAction":[{"@type":"SearchAction","target":{"@type":"EntryPoint","urlTemplate":"https:\/\/festival-of-lights.de\/de\/?s={search_term_string}"},"query-input":{"@type":"PropertyValueSpecification","valueRequired":true,"valueName":"search_term_string"}}],"inLanguage":"de"},{"@type":"Organization","@id":"https:\/\/festival-of-lights.de\/de\/#organization","name":"Festival of Lights","url":"https:\/\/festival-of-lights.de\/de\/","logo":{"@type":"ImageObject","inLanguage":"de","@id":"https:\/\/festival-of-lights.de\/de\/#\/schema\/logo\/image\/","url":"https:\/\/festival-of-lights.de\/wp-content\/uploads\/2023\/08\/cropped-logo.png","contentUrl":"https:\/\/festival-of-lights.de\/wp-content\/uploads\/2023\/08\/cropped-logo.png","width":230,"height":230,"caption":"Festival of Lights"},"image":{"@id":"https:\/\/festival-of-lights.de\/de\/#\/schema\/logo\/image\/"},"sameAs":["https:\/\/www.facebook.com\/FestivalOfLights","https:\/\/www.tiktok.com\/@berlinfestivaloflights","https:\/\/www.instagram.com\/berlinfestivaloflights"]}]}},"_links":{"self":[{"href":"https:\/\/festival-of-lights.de\/de\/wp-json\/wp\/v2\/pages\/35141","targetHints":{"allow":["GET"]}}],"collection":[{"href":"https:\/\/festival-of-lights.de\/de\/wp-json\/wp\/v2\/pages"}],"about":[{"href":"https:\/\/festival-of-lights.de\/de\/wp-json\/wp\/v2\/types\/page"}],"author":[{"embeddable":true,"href":"https:\/\/festival-of-lights.de\/de\/wp-json\/wp\/v2\/users\/1"}],"replies":[{"embeddable":true,"href":"https:\/\/festival-of-lights.de\/de\/wp-json\/wp\/v2\/comments?post=35141"}],"version-history":[{"count":10,"href":"https:\/\/festival-of-lights.de\/de\/wp-json\/wp\/v2\/pages\/35141\/revisions"}],"predecessor-version":[{"id":35177,"href":"https:\/\/festival-of-lights.de\/de\/wp-json\/wp\/v2\/pages\/35141\/revisions\/35177"}],"wp:attachment":[{"href":"https:\/\/festival-of-lights.de\/de\/wp-json\/wp\/v2\/media?parent=35141"}],"curies":[{"name":"wp","href":"https:\/\/api.w.org\/{rel}","templated":true}]}}