{"id":41635,"date":"2023-09-18T12:24:06","date_gmt":"2023-09-18T10:24:06","guid":{"rendered":"https:\/\/festival-of-lights.de\/?page_id=41635"},"modified":"2025-10-16T15:01:17","modified_gmt":"2025-10-16T13:01:17","slug":"berliner-dom","status":"publish","type":"page","link":"https:\/\/festival-of-lights.de\/de\/programm-2025\/berliner-dom\/","title":{"rendered":"Berliner Dom"},"content":{"rendered":"<section class=\"module-spacer bg-bg-darkBlue pt-10 md:pt-14 xl:pt-20\">\n<\/section>\n\n<section class=\"bg-bg-darkBlue text-text-default\">\n  <div class=\"px-xs py-md text-headline dark:!bg-transparent\">\n    <div class=\"mx-auto max-w-screen-lg text-center aniMe\">\n      <h1 class='grayscale-overlay relative headline-element align-left text-h3 md:text-h2 xl:text-h1'>\n    \n    <span class='relative align-left text-h3 md:text-h2 xl:text-h1'>\n    <span class='absolute top-0 left-0 z-0 -translate-x-1\/2 -translate-y-1\/2 light w-[300px] h-[300px]'>\n    <svg class='w-full h-full ' xmlns='http:\/\/www.w3.org\/2000\/svg' width='542' height='542' viewBox='0 0 542 542' fill='none'>\n      <g filter='url(#filter0_f_569_1018)'>\n        <circle cx='271' cy='271' r='121' fill='#9AE8FF' fill-opacity='0.5'\/>\n      <\/g>\n      <defs>\n        <filter id='filter0_f_569_1018' x='0' y='0' width='542' height='542' filterUnits='userSpaceOnUse' color-interpolation-filters='sRGB'>\n          <feFlood flood-opacity='0' result='BackgroundImageFix'\/>\n          <feBlend mode='normal' in='SourceGraphic' in2='BackgroundImageFix' result='shape'\/>\n          <feGaussianBlur stdDeviation='75' result='effect1_foregroundBlur_569_1018'\/>\n        <\/filter>\n      <\/defs>\n    <\/svg>\n  <\/span>\n    12. Berliner Dom<\/span>\n    <\/h1>    <\/div>\n          <div class=\"flex flex-wrap gap-2 justify-center mx-auto mt-4 max-w-screen-lg lg:gap-4 lg:mt-6 aniMe\">\n                        <\/div>\n      <\/div>\n<\/section>\n\n<section class=\"text-image bg-bg-darkBlue text-text-default\">\n    <div class=\"dark:!text-white dark:!bg-transparent\">\n        <div class=\"container mx-auto max-w-screen-xl px-xs py-md text-image\">\n            <div class=\"mx-auto items-center grid text-copy md:grid-cols-2 gap-x-10 align-left\">\n                                    <div class=\"relative aniMe order-1 mt-4 md:mt-8\"> \n                        <div class=\"relative hp-player aspect-video grayscale-mask\">\n                            <iframe class=\"z-[1050] grayscale-overlay lazyVideo\" data-src=\"\/\/www.youtube-nocookie.com\/embed\/FGzqBpieRyM?rel=0&#038;controls=0&#038;showinfo=0\" frameborder=\"0\" allowfullscreen allowtransparency>\n                            <\/iframe>\n                        <\/div>\n                    <\/div>\n                                    <div class=\"text-image__col1 py-4 lg:py-10 aniMe flex flex-col left\">\n                    <h3 class='grayscale-overlay relative headline-element align-left mb-4 md:mb-8'>\n    \n    <span class='relative align-left mb-4 md:mb-8'>\n    <span class='absolute top-0 left-0 z-0 -translate-x-1\/2 -translate-y-1\/2 light w-[300px] h-[300px]'>\n    <svg class='w-full h-full ' xmlns='http:\/\/www.w3.org\/2000\/svg' width='542' height='542' viewBox='0 0 542 542' fill='none'>\n      <g filter='url(#filter0_f_569_1018)'>\n        <circle cx='271' cy='271' r='121' fill='#9AE8FF' fill-opacity='0.5'\/>\n      <\/g>\n      <defs>\n        <filter id='filter0_f_569_1018' x='0' y='0' width='542' height='542' filterUnits='userSpaceOnUse' color-interpolation-filters='sRGB'>\n          <feFlood flood-opacity='0' result='BackgroundImageFix'\/>\n          <feBlend mode='normal' in='SourceGraphic' in2='BackgroundImageFix' result='shape'\/>\n          <feGaussianBlur stdDeviation='75' result='effect1_foregroundBlur_569_1018'\/>\n        <\/filter>\n      <\/defs>\n    <\/svg>\n  <\/span>\n    FOL Award 2025 <br>Projektionsinszenierung<\/span>\n    <\/h3><div class='text-element align-left '><p><em><span style=\"color: #00ccff;\">Show Loop ca. 5 Minuten<\/span><\/em><\/p>\n<p>Als eines der bedeutendsten Wahrzeichen Berlins wird der Berliner Dom auch 2025 im Rahmen des Festival of Lights zur strahlenden B\u00fchne. Er dient in diesem Jahr erneut als gro\u00dfartige Kulisse f\u00fcr die Austragung des Festival of Lights Award 2025 unter dem Motto \u201eLet\u2019s Shine Together\u201c. Internationale K\u00fcnstler*innen pr\u00e4sentieren dazu ihre pers\u00f6nlichen Visionen in gro\u00dfformatiger Lichtkunst.<\/p>\n<p>Zu sehen sind unter anderem Motive von Archan Nair, Daniel Margraf, EPER DIGITAL STUDIO, Julia Specht, MP-STUDIO, OKO, Otto Schade, Sabine Hecher und Susan Gurnee.<\/p>\n<p>Die Architektur des Doms ist dabei weit mehr als eine Projektionsfl\u00e4che: Das kunstvolle Relief wird Teil der Inszenierung. So entstehen farbintensive, bewegende Kompositionen, die mit Tiefe, Form und Licht spielen. Abstrakte Formen und fantasievolle Animationen verdichten sich zu einer eindrucksvollen Lichtkomposition \u2013 eine lebendige Kathedrale der Kreativit\u00e4t und des gemeinsamen Ausdrucks.<\/p>\n<\/div>                <\/div>\n            <\/div>\n        <\/div>\n    <\/div>\n<\/section>\n\n<section class=\"teaser-small-section bg-bg-darkBlue text-text-default\">\n    <div class=\"dark:!bg-transparent dark:!text-white\">\n        <div class=\"container mx-auto px-xs py-md\">\n            <div class=\"grid gap-4 gap-y-16 md:grid-cols-2 lg:grid-cols-3\">\n                <div class=\"teaser-small-single\">\n                    <a href=\"https:\/\/festival-of-lights.de\/en\/programme-2025\/archan-nair\/\" target=\"\">\n                            <div class=\"overflow-hidden relative mb-6 teaser-small-single-image aspect-4\/3 grayscale-mask aniMe\"> <img loading=\"lazy\" decoding=\"async\" width=\"1920\" height=\"1080\" src=\"https:\/\/festival-of-lights.de\/wp-content\/uploads\/2025\/10\/Archan-Nair.jpg\" class=\"h-full w-full object-cover z-0 transform scale-105 transition duration-300 grayscale-overlay\" alt=\"\" srcset=\"https:\/\/festival-of-lights.de\/wp-content\/uploads\/2025\/10\/Archan-Nair.jpg 1920w, https:\/\/festival-of-lights.de\/wp-content\/uploads\/2025\/10\/Archan-Nair-300x169.jpg 300w, https:\/\/festival-of-lights.de\/wp-content\/uploads\/2025\/10\/Archan-Nair-1024x576.jpg 1024w, https:\/\/festival-of-lights.de\/wp-content\/uploads\/2025\/10\/Archan-Nair-768x432.jpg 768w, https:\/\/festival-of-lights.de\/wp-content\/uploads\/2025\/10\/Archan-Nair-1536x864.jpg 1536w, https:\/\/festival-of-lights.de\/wp-content\/uploads\/2025\/10\/Archan-Nair-1900x1069.jpg 1900w, https:\/\/festival-of-lights.de\/wp-content\/uploads\/2025\/10\/Archan-Nair-1240x698.jpg 1240w\" sizes=\"auto, (max-width: 1920px) 100vw, 1920px\" \/>                <\/div> \n            <\/a>         <div class=\"content aniMe\">\n            <p class=\"pb-6 w-full font-bold text-h4\">Archan Nair | Deutschland \/ Indien<\/p>\n                    <a target=\"\" href=\"https:\/\/festival-of-lights.de\/en\/programme-2025\/archan-nair\/\" class=\"flex items-center gap-xs btn-primary\">\n            <svg xmlns=\"http:\/\/www.w3.org\/2000\/svg\" width=\"23\" height=\"16\" viewBox=\"0 0 23 16\" fill=\"none\">\n                <path class=\"transition duration-300 ease-in-out\" d=\"M21.8863 8.70711C22.2769 8.31658 22.2769 7.68342 21.8863 7.29289L15.5224 0.928932C15.1318 0.538408 14.4987 0.538408 14.1082 0.928932C13.7176 1.31946 13.7176 1.95262 14.1082 2.34315L19.765 8L14.1082 13.6569C13.7176 14.0474 13.7176 14.6805 14.1082 15.0711C14.4987 15.4616 15.1318 15.4616 15.5224 15.0711L21.8863 8.70711ZM0 9H21.1792V7H0V9Z\" fill=\"black\"\/>\n            <\/svg>\n            Archan Nair        <\/a>\n                <\/div>\n    <\/div>\n    <div class=\"teaser-small-single\">\n                    <a href=\"https:\/\/festival-of-lights.de\/de\/programm-2025\/oko\/\" target=\"\">\n                            <div class=\"overflow-hidden relative mb-6 teaser-small-single-image aspect-4\/3 grayscale-mask aniMe\"> <img loading=\"lazy\" decoding=\"async\" width=\"1920\" height=\"1080\" src=\"https:\/\/festival-of-lights.de\/wp-content\/uploads\/2025\/10\/OKO.jpg\" class=\"h-full w-full object-cover z-0 transform scale-105 transition duration-300 grayscale-overlay\" alt=\"\" srcset=\"https:\/\/festival-of-lights.de\/wp-content\/uploads\/2025\/10\/OKO.jpg 1920w, https:\/\/festival-of-lights.de\/wp-content\/uploads\/2025\/10\/OKO-300x169.jpg 300w, https:\/\/festival-of-lights.de\/wp-content\/uploads\/2025\/10\/OKO-1024x576.jpg 1024w, https:\/\/festival-of-lights.de\/wp-content\/uploads\/2025\/10\/OKO-768x432.jpg 768w, https:\/\/festival-of-lights.de\/wp-content\/uploads\/2025\/10\/OKO-1536x864.jpg 1536w, https:\/\/festival-of-lights.de\/wp-content\/uploads\/2025\/10\/OKO-1900x1069.jpg 1900w, https:\/\/festival-of-lights.de\/wp-content\/uploads\/2025\/10\/OKO-1240x698.jpg 1240w\" sizes=\"auto, (max-width: 1920px) 100vw, 1920px\" \/>                <\/div> \n            <\/a>         <div class=\"content aniMe\">\n            <p class=\"pb-6 w-full font-bold text-h4\">OKO | Kroatien<\/p>\n                    <a target=\"\" href=\"https:\/\/festival-of-lights.de\/de\/programm-2025\/oko\/\" class=\"flex items-center gap-xs btn-primary\">\n            <svg xmlns=\"http:\/\/www.w3.org\/2000\/svg\" width=\"23\" height=\"16\" viewBox=\"0 0 23 16\" fill=\"none\">\n                <path class=\"transition duration-300 ease-in-out\" d=\"M21.8863 8.70711C22.2769 8.31658 22.2769 7.68342 21.8863 7.29289L15.5224 0.928932C15.1318 0.538408 14.4987 0.538408 14.1082 0.928932C13.7176 1.31946 13.7176 1.95262 14.1082 2.34315L19.765 8L14.1082 13.6569C13.7176 14.0474 13.7176 14.6805 14.1082 15.0711C14.4987 15.4616 15.1318 15.4616 15.5224 15.0711L21.8863 8.70711ZM0 9H21.1792V7H0V9Z\" fill=\"black\"\/>\n            <\/svg>\n            OKO        <\/a>\n                <\/div>\n    <\/div>\n    <div class=\"teaser-small-single\">\n                    <a href=\"https:\/\/festival-of-lights.de\/de\/programm-2025\/sabine-hecher\/\" target=\"\">\n                            <div class=\"overflow-hidden relative mb-6 teaser-small-single-image aspect-4\/3 grayscale-mask aniMe\"> <img loading=\"lazy\" decoding=\"async\" width=\"1920\" height=\"1080\" src=\"https:\/\/festival-of-lights.de\/wp-content\/uploads\/2025\/10\/Sabine-Hecher.jpg\" class=\"h-full w-full object-cover z-0 transform scale-105 transition duration-300 grayscale-overlay\" alt=\"\" srcset=\"https:\/\/festival-of-lights.de\/wp-content\/uploads\/2025\/10\/Sabine-Hecher.jpg 1920w, https:\/\/festival-of-lights.de\/wp-content\/uploads\/2025\/10\/Sabine-Hecher-300x169.jpg 300w, https:\/\/festival-of-lights.de\/wp-content\/uploads\/2025\/10\/Sabine-Hecher-1024x576.jpg 1024w, https:\/\/festival-of-lights.de\/wp-content\/uploads\/2025\/10\/Sabine-Hecher-768x432.jpg 768w, https:\/\/festival-of-lights.de\/wp-content\/uploads\/2025\/10\/Sabine-Hecher-1536x864.jpg 1536w, https:\/\/festival-of-lights.de\/wp-content\/uploads\/2025\/10\/Sabine-Hecher-1900x1069.jpg 1900w, https:\/\/festival-of-lights.de\/wp-content\/uploads\/2025\/10\/Sabine-Hecher-1240x698.jpg 1240w\" sizes=\"auto, (max-width: 1920px) 100vw, 1920px\" \/>                <\/div> \n            <\/a>         <div class=\"content aniMe\">\n            <p class=\"pb-6 w-full font-bold text-h4\">Sabine Hecher | Deutschland<\/p>\n                    <a target=\"\" href=\"https:\/\/festival-of-lights.de\/de\/programm-2025\/sabine-hecher\/\" class=\"flex items-center gap-xs btn-primary\">\n            <svg xmlns=\"http:\/\/www.w3.org\/2000\/svg\" width=\"23\" height=\"16\" viewBox=\"0 0 23 16\" fill=\"none\">\n                <path class=\"transition duration-300 ease-in-out\" d=\"M21.8863 8.70711C22.2769 8.31658 22.2769 7.68342 21.8863 7.29289L15.5224 0.928932C15.1318 0.538408 14.4987 0.538408 14.1082 0.928932C13.7176 1.31946 13.7176 1.95262 14.1082 2.34315L19.765 8L14.1082 13.6569C13.7176 14.0474 13.7176 14.6805 14.1082 15.0711C14.4987 15.4616 15.1318 15.4616 15.5224 15.0711L21.8863 8.70711ZM0 9H21.1792V7H0V9Z\" fill=\"black\"\/>\n            <\/svg>\n            Sabine Hecher        <\/a>\n                <\/div>\n    <\/div>\n    <div class=\"teaser-small-single\">\n                    <a href=\"https:\/\/festival-of-lights.de\/de\/programm-2025\/eper-digital-studio\/\" target=\"\">\n                            <div class=\"overflow-hidden relative mb-6 teaser-small-single-image aspect-4\/3 grayscale-mask aniMe\"> <img loading=\"lazy\" decoding=\"async\" width=\"1920\" height=\"1080\" src=\"https:\/\/festival-of-lights.de\/wp-content\/uploads\/2025\/10\/Eper.jpg\" class=\"h-full w-full object-cover z-0 transform scale-105 transition duration-300 grayscale-overlay\" alt=\"\" srcset=\"https:\/\/festival-of-lights.de\/wp-content\/uploads\/2025\/10\/Eper.jpg 1920w, https:\/\/festival-of-lights.de\/wp-content\/uploads\/2025\/10\/Eper-300x169.jpg 300w, https:\/\/festival-of-lights.de\/wp-content\/uploads\/2025\/10\/Eper-1024x576.jpg 1024w, https:\/\/festival-of-lights.de\/wp-content\/uploads\/2025\/10\/Eper-768x432.jpg 768w, https:\/\/festival-of-lights.de\/wp-content\/uploads\/2025\/10\/Eper-1536x864.jpg 1536w, https:\/\/festival-of-lights.de\/wp-content\/uploads\/2025\/10\/Eper-1900x1069.jpg 1900w, https:\/\/festival-of-lights.de\/wp-content\/uploads\/2025\/10\/Eper-1240x698.jpg 1240w\" sizes=\"auto, (max-width: 1920px) 100vw, 1920px\" \/>                <\/div> \n            <\/a>         <div class=\"content aniMe\">\n            <p class=\"pb-6 w-full font-bold text-h4\">EPER DIGITAL STUDIO | Ungarn<\/p>\n                    <a target=\"\" href=\"https:\/\/festival-of-lights.de\/de\/programm-2025\/eper-digital-studio\/\" class=\"flex items-center gap-xs btn-primary\">\n            <svg xmlns=\"http:\/\/www.w3.org\/2000\/svg\" width=\"23\" height=\"16\" viewBox=\"0 0 23 16\" fill=\"none\">\n                <path class=\"transition duration-300 ease-in-out\" d=\"M21.8863 8.70711C22.2769 8.31658 22.2769 7.68342 21.8863 7.29289L15.5224 0.928932C15.1318 0.538408 14.4987 0.538408 14.1082 0.928932C13.7176 1.31946 13.7176 1.95262 14.1082 2.34315L19.765 8L14.1082 13.6569C13.7176 14.0474 13.7176 14.6805 14.1082 15.0711C14.4987 15.4616 15.1318 15.4616 15.5224 15.0711L21.8863 8.70711ZM0 9H21.1792V7H0V9Z\" fill=\"black\"\/>\n            <\/svg>\n            EPER DIGITAL STUDIO        <\/a>\n                <\/div>\n    <\/div>\n    <div class=\"teaser-small-single\">\n                    <a href=\"https:\/\/festival-of-lights.de\/de\/programm-2025\/eper-digital-studio\/\" target=\"\">\n                            <div class=\"overflow-hidden relative mb-6 teaser-small-single-image aspect-4\/3 grayscale-mask aniMe\"> <img loading=\"lazy\" decoding=\"async\" width=\"1920\" height=\"1080\" src=\"https:\/\/festival-of-lights.de\/wp-content\/uploads\/2025\/10\/Eper-2.jpg\" class=\"h-full w-full object-cover z-0 transform scale-105 transition duration-300 grayscale-overlay\" alt=\"\" srcset=\"https:\/\/festival-of-lights.de\/wp-content\/uploads\/2025\/10\/Eper-2.jpg 1920w, https:\/\/festival-of-lights.de\/wp-content\/uploads\/2025\/10\/Eper-2-300x169.jpg 300w, https:\/\/festival-of-lights.de\/wp-content\/uploads\/2025\/10\/Eper-2-1024x576.jpg 1024w, https:\/\/festival-of-lights.de\/wp-content\/uploads\/2025\/10\/Eper-2-768x432.jpg 768w, https:\/\/festival-of-lights.de\/wp-content\/uploads\/2025\/10\/Eper-2-1536x864.jpg 1536w, https:\/\/festival-of-lights.de\/wp-content\/uploads\/2025\/10\/Eper-2-1900x1069.jpg 1900w, https:\/\/festival-of-lights.de\/wp-content\/uploads\/2025\/10\/Eper-2-1240x698.jpg 1240w\" sizes=\"auto, (max-width: 1920px) 100vw, 1920px\" \/>                <\/div> \n            <\/a>         <div class=\"content aniMe\">\n            <p class=\"pb-6 w-full font-bold text-h4\">EPER DIGITAL STUDIO | Ungarn<\/p>\n                    <a target=\"\" href=\"https:\/\/festival-of-lights.de\/de\/programm-2025\/eper-digital-studio\/\" class=\"flex items-center gap-xs btn-primary\">\n            <svg xmlns=\"http:\/\/www.w3.org\/2000\/svg\" width=\"23\" height=\"16\" viewBox=\"0 0 23 16\" fill=\"none\">\n                <path class=\"transition duration-300 ease-in-out\" d=\"M21.8863 8.70711C22.2769 8.31658 22.2769 7.68342 21.8863 7.29289L15.5224 0.928932C15.1318 0.538408 14.4987 0.538408 14.1082 0.928932C13.7176 1.31946 13.7176 1.95262 14.1082 2.34315L19.765 8L14.1082 13.6569C13.7176 14.0474 13.7176 14.6805 14.1082 15.0711C14.4987 15.4616 15.1318 15.4616 15.5224 15.0711L21.8863 8.70711ZM0 9H21.1792V7H0V9Z\" fill=\"black\"\/>\n            <\/svg>\n            EBER DIGITAL STUDIO        <\/a>\n                <\/div>\n    <\/div>\n    <div class=\"teaser-small-single\">\n                    <a href=\"https:\/\/festival-of-lights.de\/de\/programm-2025\/julia-specht\/\" target=\"\">\n                            <div class=\"overflow-hidden relative mb-6 teaser-small-single-image aspect-4\/3 grayscale-mask aniMe\"> <img loading=\"lazy\" decoding=\"async\" width=\"1920\" height=\"1080\" src=\"https:\/\/festival-of-lights.de\/wp-content\/uploads\/2025\/10\/Julia-Specht.jpg\" class=\"h-full w-full object-cover z-0 transform scale-105 transition duration-300 grayscale-overlay\" alt=\"\" srcset=\"https:\/\/festival-of-lights.de\/wp-content\/uploads\/2025\/10\/Julia-Specht.jpg 1920w, https:\/\/festival-of-lights.de\/wp-content\/uploads\/2025\/10\/Julia-Specht-300x169.jpg 300w, https:\/\/festival-of-lights.de\/wp-content\/uploads\/2025\/10\/Julia-Specht-1024x576.jpg 1024w, https:\/\/festival-of-lights.de\/wp-content\/uploads\/2025\/10\/Julia-Specht-768x432.jpg 768w, https:\/\/festival-of-lights.de\/wp-content\/uploads\/2025\/10\/Julia-Specht-1536x864.jpg 1536w, https:\/\/festival-of-lights.de\/wp-content\/uploads\/2025\/10\/Julia-Specht-1900x1069.jpg 1900w, https:\/\/festival-of-lights.de\/wp-content\/uploads\/2025\/10\/Julia-Specht-1240x698.jpg 1240w\" sizes=\"auto, (max-width: 1920px) 100vw, 1920px\" \/>                <\/div> \n            <\/a>         <div class=\"content aniMe\">\n            <p class=\"pb-6 w-full font-bold text-h4\">Julia Specht | Deutschland<\/p>\n                    <a target=\"\" href=\"https:\/\/festival-of-lights.de\/de\/programm-2025\/julia-specht\/\" class=\"flex items-center gap-xs btn-primary\">\n            <svg xmlns=\"http:\/\/www.w3.org\/2000\/svg\" width=\"23\" height=\"16\" viewBox=\"0 0 23 16\" fill=\"none\">\n                <path class=\"transition duration-300 ease-in-out\" d=\"M21.8863 8.70711C22.2769 8.31658 22.2769 7.68342 21.8863 7.29289L15.5224 0.928932C15.1318 0.538408 14.4987 0.538408 14.1082 0.928932C13.7176 1.31946 13.7176 1.95262 14.1082 2.34315L19.765 8L14.1082 13.6569C13.7176 14.0474 13.7176 14.6805 14.1082 15.0711C14.4987 15.4616 15.1318 15.4616 15.5224 15.0711L21.8863 8.70711ZM0 9H21.1792V7H0V9Z\" fill=\"black\"\/>\n            <\/svg>\n            Julia Specht        <\/a>\n                <\/div>\n    <\/div>\n    <div class=\"teaser-small-single\">\n                    <a href=\"https:\/\/festival-of-lights.de\/de\/programm-2025\/daniel-margraf\/\" target=\"\">\n                            <div class=\"overflow-hidden relative mb-6 teaser-small-single-image aspect-4\/3 grayscale-mask aniMe\"> <img loading=\"lazy\" decoding=\"async\" width=\"1920\" height=\"1080\" src=\"https:\/\/festival-of-lights.de\/wp-content\/uploads\/2025\/10\/Daniel-Margraf.jpg\" class=\"h-full w-full object-cover z-0 transform scale-105 transition duration-300 grayscale-overlay\" alt=\"\" srcset=\"https:\/\/festival-of-lights.de\/wp-content\/uploads\/2025\/10\/Daniel-Margraf.jpg 1920w, https:\/\/festival-of-lights.de\/wp-content\/uploads\/2025\/10\/Daniel-Margraf-300x169.jpg 300w, https:\/\/festival-of-lights.de\/wp-content\/uploads\/2025\/10\/Daniel-Margraf-1024x576.jpg 1024w, https:\/\/festival-of-lights.de\/wp-content\/uploads\/2025\/10\/Daniel-Margraf-768x432.jpg 768w, https:\/\/festival-of-lights.de\/wp-content\/uploads\/2025\/10\/Daniel-Margraf-1536x864.jpg 1536w, https:\/\/festival-of-lights.de\/wp-content\/uploads\/2025\/10\/Daniel-Margraf-1900x1069.jpg 1900w, https:\/\/festival-of-lights.de\/wp-content\/uploads\/2025\/10\/Daniel-Margraf-1240x698.jpg 1240w\" sizes=\"auto, (max-width: 1920px) 100vw, 1920px\" \/>                <\/div> \n            <\/a>         <div class=\"content aniMe\">\n            <p class=\"pb-6 w-full font-bold text-h4\">Daniel Margraf | Deutschland<\/p>\n                    <a target=\"\" href=\"https:\/\/festival-of-lights.de\/de\/programm-2025\/daniel-margraf\/\" class=\"flex items-center gap-xs btn-primary\">\n            <svg xmlns=\"http:\/\/www.w3.org\/2000\/svg\" width=\"23\" height=\"16\" viewBox=\"0 0 23 16\" fill=\"none\">\n                <path class=\"transition duration-300 ease-in-out\" d=\"M21.8863 8.70711C22.2769 8.31658 22.2769 7.68342 21.8863 7.29289L15.5224 0.928932C15.1318 0.538408 14.4987 0.538408 14.1082 0.928932C13.7176 1.31946 13.7176 1.95262 14.1082 2.34315L19.765 8L14.1082 13.6569C13.7176 14.0474 13.7176 14.6805 14.1082 15.0711C14.4987 15.4616 15.1318 15.4616 15.5224 15.0711L21.8863 8.70711ZM0 9H21.1792V7H0V9Z\" fill=\"black\"\/>\n            <\/svg>\n            Daniel Margraf        <\/a>\n                <\/div>\n    <\/div>\n    <div class=\"teaser-small-single\">\n                    <a href=\"https:\/\/festival-of-lights.de\/de\/programm-2025\/otto-schade\/\" target=\"\">\n                            <div class=\"overflow-hidden relative mb-6 teaser-small-single-image aspect-4\/3 grayscale-mask aniMe\"> <img loading=\"lazy\" decoding=\"async\" width=\"1920\" height=\"1080\" src=\"https:\/\/festival-of-lights.de\/wp-content\/uploads\/2025\/10\/Otto-Schade.jpg\" class=\"h-full w-full object-cover z-0 transform scale-105 transition duration-300 grayscale-overlay\" alt=\"\" srcset=\"https:\/\/festival-of-lights.de\/wp-content\/uploads\/2025\/10\/Otto-Schade.jpg 1920w, https:\/\/festival-of-lights.de\/wp-content\/uploads\/2025\/10\/Otto-Schade-300x169.jpg 300w, https:\/\/festival-of-lights.de\/wp-content\/uploads\/2025\/10\/Otto-Schade-1024x576.jpg 1024w, https:\/\/festival-of-lights.de\/wp-content\/uploads\/2025\/10\/Otto-Schade-768x432.jpg 768w, https:\/\/festival-of-lights.de\/wp-content\/uploads\/2025\/10\/Otto-Schade-1536x864.jpg 1536w, https:\/\/festival-of-lights.de\/wp-content\/uploads\/2025\/10\/Otto-Schade-1900x1069.jpg 1900w, https:\/\/festival-of-lights.de\/wp-content\/uploads\/2025\/10\/Otto-Schade-1240x698.jpg 1240w\" sizes=\"auto, (max-width: 1920px) 100vw, 1920px\" \/>                <\/div> \n            <\/a>         <div class=\"content aniMe\">\n            <p class=\"pb-6 w-full font-bold text-h4\">Otto Schade Ltd | Gro\u00dfbritannien<\/p>\n                    <a target=\"\" href=\"https:\/\/festival-of-lights.de\/de\/programm-2025\/otto-schade\/\" class=\"flex items-center gap-xs btn-primary\">\n            <svg xmlns=\"http:\/\/www.w3.org\/2000\/svg\" width=\"23\" height=\"16\" viewBox=\"0 0 23 16\" fill=\"none\">\n                <path class=\"transition duration-300 ease-in-out\" d=\"M21.8863 8.70711C22.2769 8.31658 22.2769 7.68342 21.8863 7.29289L15.5224 0.928932C15.1318 0.538408 14.4987 0.538408 14.1082 0.928932C13.7176 1.31946 13.7176 1.95262 14.1082 2.34315L19.765 8L14.1082 13.6569C13.7176 14.0474 13.7176 14.6805 14.1082 15.0711C14.4987 15.4616 15.1318 15.4616 15.5224 15.0711L21.8863 8.70711ZM0 9H21.1792V7H0V9Z\" fill=\"black\"\/>\n            <\/svg>\n            Otto Schade        <\/a>\n                <\/div>\n    <\/div>\n    <div class=\"teaser-small-single\">\n                    <a href=\"https:\/\/festival-of-lights.de\/de\/programm-2025\/susan-gurnee\/\" target=\"\">\n                            <div class=\"overflow-hidden relative mb-6 teaser-small-single-image aspect-4\/3 grayscale-mask aniMe\"> <img loading=\"lazy\" decoding=\"async\" width=\"1920\" height=\"1080\" src=\"https:\/\/festival-of-lights.de\/wp-content\/uploads\/2025\/10\/Susan-Gurnee.jpg\" class=\"h-full w-full object-cover z-0 transform scale-105 transition duration-300 grayscale-overlay\" alt=\"\" srcset=\"https:\/\/festival-of-lights.de\/wp-content\/uploads\/2025\/10\/Susan-Gurnee.jpg 1920w, https:\/\/festival-of-lights.de\/wp-content\/uploads\/2025\/10\/Susan-Gurnee-300x169.jpg 300w, https:\/\/festival-of-lights.de\/wp-content\/uploads\/2025\/10\/Susan-Gurnee-1024x576.jpg 1024w, https:\/\/festival-of-lights.de\/wp-content\/uploads\/2025\/10\/Susan-Gurnee-768x432.jpg 768w, https:\/\/festival-of-lights.de\/wp-content\/uploads\/2025\/10\/Susan-Gurnee-1536x864.jpg 1536w, https:\/\/festival-of-lights.de\/wp-content\/uploads\/2025\/10\/Susan-Gurnee-1900x1069.jpg 1900w, https:\/\/festival-of-lights.de\/wp-content\/uploads\/2025\/10\/Susan-Gurnee-1240x698.jpg 1240w\" sizes=\"auto, (max-width: 1920px) 100vw, 1920px\" \/>                <\/div> \n            <\/a>         <div class=\"content aniMe\">\n            <p class=\"pb-6 w-full font-bold text-h4\">Susan Gurnee | USA<\/p>\n                    <a target=\"\" href=\"https:\/\/festival-of-lights.de\/de\/programm-2025\/susan-gurnee\/\" class=\"flex items-center gap-xs btn-primary\">\n            <svg xmlns=\"http:\/\/www.w3.org\/2000\/svg\" width=\"23\" height=\"16\" viewBox=\"0 0 23 16\" fill=\"none\">\n                <path class=\"transition duration-300 ease-in-out\" d=\"M21.8863 8.70711C22.2769 8.31658 22.2769 7.68342 21.8863 7.29289L15.5224 0.928932C15.1318 0.538408 14.4987 0.538408 14.1082 0.928932C13.7176 1.31946 13.7176 1.95262 14.1082 2.34315L19.765 8L14.1082 13.6569C13.7176 14.0474 13.7176 14.6805 14.1082 15.0711C14.4987 15.4616 15.1318 15.4616 15.5224 15.0711L21.8863 8.70711ZM0 9H21.1792V7H0V9Z\" fill=\"black\"\/>\n            <\/svg>\n            Susan Gurnee        <\/a>\n                <\/div>\n    <\/div>\n    <div class=\"teaser-small-single\">\n                    <a href=\"https:\/\/festival-of-lights.de\/en\/programme-2025\/mp-studio\/\" target=\"\">\n                            <div class=\"overflow-hidden relative mb-6 teaser-small-single-image aspect-4\/3 grayscale-mask aniMe\"> <img loading=\"lazy\" decoding=\"async\" width=\"1920\" height=\"1080\" src=\"https:\/\/festival-of-lights.de\/wp-content\/uploads\/2025\/10\/MP-Studio.jpg\" class=\"h-full w-full object-cover z-0 transform scale-105 transition duration-300 grayscale-overlay\" alt=\"\" srcset=\"https:\/\/festival-of-lights.de\/wp-content\/uploads\/2025\/10\/MP-Studio.jpg 1920w, https:\/\/festival-of-lights.de\/wp-content\/uploads\/2025\/10\/MP-Studio-300x169.jpg 300w, https:\/\/festival-of-lights.de\/wp-content\/uploads\/2025\/10\/MP-Studio-1024x576.jpg 1024w, https:\/\/festival-of-lights.de\/wp-content\/uploads\/2025\/10\/MP-Studio-768x432.jpg 768w, https:\/\/festival-of-lights.de\/wp-content\/uploads\/2025\/10\/MP-Studio-1536x864.jpg 1536w, https:\/\/festival-of-lights.de\/wp-content\/uploads\/2025\/10\/MP-Studio-1900x1069.jpg 1900w, https:\/\/festival-of-lights.de\/wp-content\/uploads\/2025\/10\/MP-Studio-1240x698.jpg 1240w\" sizes=\"auto, (max-width: 1920px) 100vw, 1920px\" \/>                <\/div> \n            <\/a>         <div class=\"content aniMe\">\n            <p class=\"pb-6 w-full font-bold text-h4\">MP-STUDIO I Bulgarien<\/p>\n                    <a target=\"\" href=\"https:\/\/festival-of-lights.de\/en\/programme-2025\/mp-studio\/\" class=\"flex items-center gap-xs btn-primary\">\n            <svg xmlns=\"http:\/\/www.w3.org\/2000\/svg\" width=\"23\" height=\"16\" viewBox=\"0 0 23 16\" fill=\"none\">\n                <path class=\"transition duration-300 ease-in-out\" d=\"M21.8863 8.70711C22.2769 8.31658 22.2769 7.68342 21.8863 7.29289L15.5224 0.928932C15.1318 0.538408 14.4987 0.538408 14.1082 0.928932C13.7176 1.31946 13.7176 1.95262 14.1082 2.34315L19.765 8L14.1082 13.6569C13.7176 14.0474 13.7176 14.6805 14.1082 15.0711C14.4987 15.4616 15.1318 15.4616 15.5224 15.0711L21.8863 8.70711ZM0 9H21.1792V7H0V9Z\" fill=\"black\"\/>\n            <\/svg>\n            MP-STUDIO        <\/a>\n                <\/div>\n    <\/div>\n            <\/div>\n        <\/div>\n    <\/div>\n<\/section>\n\n<section class=\"module-spacer bg-bg-darkBlue pt-5 md:pt-7 xl:pt-10\">\n<\/section>\n\n\n<section class=\"bg-bg-darkBlue text-text-default\">\n    <div class=\"dark:!bg-transparent\">\n                    <div class=\"flex flex-col items-center justify-center mx-auto md:flex-row gap-y-12 md:gap-y-0 gap-x-12 lg:gap-x-16 xl:gap-x-20 max-w-content pb-md lg:pb-2xl\">\n                                                    <a target=\"\" href=\"https:\/\/maps.app.goo.gl\/RGLNkgKSrGjwhcYQ7\">\n                                        <div class=\"aniMe icon flex flex-col  items-center justify-center text-center h-full md:h-[90px]\"> \n                            <div class=\"w-full h-full\">\n                                <img loading=\"lazy\" decoding=\"async\" width=\"200\" height=\"200\" src=\"https:\/\/festival-of-lights.de\/wp-content\/uploads\/2023\/09\/icon_where.png\" class=\"z-10 grayscale-overlay object-contain w-full h-full\" alt=\"\" srcset=\"https:\/\/festival-of-lights.de\/wp-content\/uploads\/2023\/09\/icon_where.png 200w, https:\/\/festival-of-lights.de\/wp-content\/uploads\/2023\/09\/icon_where-150x150.png 150w\" sizes=\"auto, (max-width: 200px) 100vw, 200px\" \/> \n                            <\/div>\n                                                            <span class=\" text-xl font-bold icon-text-default icon mt-6  icon__btn \">Am Lustgarten, 10178 Berlin<\/span>\n                                                    <\/div>\n                                    <\/a>\n                                                                        <div class=\"aniMe icon flex flex-col  items-center justify-center text-center h-full md:h-[90px]\"> \n                            <div class=\"w-full h-full\">\n                                 \n                            <\/div>\n                                                    <\/div>\n                                            <\/div>\n        \n    <\/div>\n<\/section>\n\n<section class=\"bg-bg-darkBlue text-text-default\">\n  <div class=\"px-xs text-paragraph py-md text-copy dark:!bg-transparent\">\n          <div class=\"mx-auto max-w-screen-md\">\n        <div class='text-element align-left aniMe'><p><span style=\"font-size: medium;\"><strong>BITTE BEACHTEN<\/strong><\/span><\/p>\n<p><em>Sie k\u00f6nnen diese Installation gerne f\u00fcr den pers\u00f6nlichen Gebrauch fotografieren. Wir m\u00f6chten Sie jedoch darauf hinweisen, dass die kommerzielle Nutzung von Fotos und Filmen der Installation ohne unsere Genehmigung strengstens untersagt ist. Wir danken Ihnen.<\/em><\/p>\n<\/div>        \n            <\/div> <!-- end max-w-screen container -->\n    <\/div>\n<\/section>\n\n<section class=\"text-image bg-bg-darkBlue text-text-default\">\n    <div class=\"dark:!text-white dark:!bg-transparent\">\n        <div class=\"container mx-auto max-w-screen-xl px-xs py-md text-image\">\n            <div class=\"mx-auto items-center grid text-copy md:grid-cols-2 gap-x-10 align-left\">\n                                    <div class=\"text-image__image aniMe grayscale-mask relative mb-0 order-2 md:order-[unset] mt-4 md:mt-8\"> \n                                            <\/div>                 <div class=\"text-image__col1 py-4 lg:py-10 aniMe flex flex-col right\">\n                    <div class='text-element align-left '><\/div>        <a target=\"\" href=\"https:\/\/festival-of-lights.de\/de\/programm-2025\/\" class=\"flex items-center gap-xs btn-primary mt-10 z-[999999]\">\n            <svg xmlns=\"http:\/\/www.w3.org\/2000\/svg\" width=\"23\" height=\"16\" viewBox=\"0 0 23 16\" fill=\"none\">\n                <path class=\"transition duration-300 ease-in-out\" d=\"M21.8863 8.70711C22.2769 8.31658 22.2769 7.68342 21.8863 7.29289L15.5224 0.928932C15.1318 0.538408 14.4987 0.538408 14.1082 0.928932C13.7176 1.31946 13.7176 1.95262 14.1082 2.34315L19.765 8L14.1082 13.6569C13.7176 14.0474 13.7176 14.6805 14.1082 15.0711C14.4987 15.4616 15.1318 15.4616 15.5224 15.0711L21.8863 8.70711ZM0 9H21.1792V7H0V9Z\" fill=\"black\"\/>\n            <\/svg>\n            ZUR\u00dcCK ZUM PROGRAMM 2025        <\/a>\n                        <\/div>\n            <\/div>\n        <\/div>\n    <\/div>\n<\/section>\n\n<section class=\"module-spacer bg-bg-darkBlue pt-10 md:pt-14 xl:pt-20\">\n<\/section>","protected":false},"excerpt":{"rendered":"","protected":false},"author":2,"featured_media":0,"parent":54346,"menu_order":0,"comment_status":"closed","ping_status":"closed","template":"","meta":{"_acf_changed":false,"footnotes":""},"class_list":["post-41635","page","type-page","status-publish","hentry"],"acf":[],"yoast_head":"<!-- This site is optimized with the Yoast SEO plugin v25.6 - https:\/\/yoast.com\/wordpress\/plugins\/seo\/ -->\n<title>Berliner Dom - Festival of Lights<\/title>\n<meta name=\"robots\" content=\"index, follow, max-snippet:-1, max-image-preview:large, max-video-preview:-1\" \/>\n<link rel=\"canonical\" href=\"https:\/\/festival-of-lights.de\/de\/programm-2025\/berliner-dom\/\" \/>\n<meta property=\"og:locale\" content=\"de_DE\" \/>\n<meta property=\"og:type\" content=\"article\" \/>\n<meta property=\"og:title\" content=\"Berliner Dom - Festival of Lights\" \/>\n<meta property=\"og:url\" content=\"https:\/\/festival-of-lights.de\/de\/programm-2025\/berliner-dom\/\" \/>\n<meta property=\"og:site_name\" content=\"Festival of Lights\" \/>\n<meta property=\"article:publisher\" content=\"https:\/\/www.facebook.com\/FestivalOfLights\" \/>\n<meta property=\"article:modified_time\" content=\"2025-10-16T13:01:17+00:00\" \/>\n<meta name=\"twitter:card\" content=\"summary_large_image\" \/>\n<script type=\"application\/ld+json\" class=\"yoast-schema-graph\">{\"@context\":\"https:\/\/schema.org\",\"@graph\":[{\"@type\":\"WebPage\",\"@id\":\"https:\/\/festival-of-lights.de\/de\/programm-2025\/berliner-dom\/\",\"url\":\"https:\/\/festival-of-lights.de\/de\/programm-2025\/berliner-dom\/\",\"name\":\"Berliner Dom - Festival of Lights\",\"isPartOf\":{\"@id\":\"https:\/\/festival-of-lights.de\/de\/#website\"},\"datePublished\":\"2023-09-18T10:24:06+00:00\",\"dateModified\":\"2025-10-16T13:01:17+00:00\",\"breadcrumb\":{\"@id\":\"https:\/\/festival-of-lights.de\/de\/programm-2025\/berliner-dom\/#breadcrumb\"},\"inLanguage\":\"de\",\"potentialAction\":[{\"@type\":\"ReadAction\",\"target\":[\"https:\/\/festival-of-lights.de\/de\/programm-2025\/berliner-dom\/\"]}]},{\"@type\":\"BreadcrumbList\",\"@id\":\"https:\/\/festival-of-lights.de\/de\/programm-2025\/berliner-dom\/#breadcrumb\",\"itemListElement\":[{\"@type\":\"ListItem\",\"position\":1,\"name\":\"Startseite\",\"item\":\"https:\/\/festival-of-lights.de\/de\/\"},{\"@type\":\"ListItem\",\"position\":2,\"name\":\"Programm 2025\",\"item\":\"https:\/\/festival-of-lights.de\/de\/programm-2025\/\"},{\"@type\":\"ListItem\",\"position\":3,\"name\":\"Berliner Dom\"}]},{\"@type\":\"WebSite\",\"@id\":\"https:\/\/festival-of-lights.de\/de\/#website\",\"url\":\"https:\/\/festival-of-lights.de\/de\/\",\"name\":\"Festival of Lights Berlin\",\"description\":\"\",\"publisher\":{\"@id\":\"https:\/\/festival-of-lights.de\/de\/#organization\"},\"potentialAction\":[{\"@type\":\"SearchAction\",\"target\":{\"@type\":\"EntryPoint\",\"urlTemplate\":\"https:\/\/festival-of-lights.de\/de\/?s={search_term_string}\"},\"query-input\":{\"@type\":\"PropertyValueSpecification\",\"valueRequired\":true,\"valueName\":\"search_term_string\"}}],\"inLanguage\":\"de\"},{\"@type\":\"Organization\",\"@id\":\"https:\/\/festival-of-lights.de\/de\/#organization\",\"name\":\"Festival of Lights\",\"url\":\"https:\/\/festival-of-lights.de\/de\/\",\"logo\":{\"@type\":\"ImageObject\",\"inLanguage\":\"de\",\"@id\":\"https:\/\/festival-of-lights.de\/de\/#\/schema\/logo\/image\/\",\"url\":\"https:\/\/festival-of-lights.de\/wp-content\/uploads\/2023\/08\/cropped-logo.png\",\"contentUrl\":\"https:\/\/festival-of-lights.de\/wp-content\/uploads\/2023\/08\/cropped-logo.png\",\"width\":230,\"height\":230,\"caption\":\"Festival of Lights\"},\"image\":{\"@id\":\"https:\/\/festival-of-lights.de\/de\/#\/schema\/logo\/image\/\"},\"sameAs\":[\"https:\/\/www.facebook.com\/FestivalOfLights\",\"https:\/\/www.tiktok.com\/@berlinfestivaloflights\",\"https:\/\/www.instagram.com\/berlinfestivaloflights\"]}]}<\/script>\n<!-- \/ Yoast SEO plugin. -->","yoast_head_json":{"title":"Berliner Dom - Festival of Lights","robots":{"index":"index","follow":"follow","max-snippet":"max-snippet:-1","max-image-preview":"max-image-preview:large","max-video-preview":"max-video-preview:-1"},"canonical":"https:\/\/festival-of-lights.de\/de\/programm-2025\/berliner-dom\/","og_locale":"de_DE","og_type":"article","og_title":"Berliner Dom - Festival of Lights","og_url":"https:\/\/festival-of-lights.de\/de\/programm-2025\/berliner-dom\/","og_site_name":"Festival of Lights","article_publisher":"https:\/\/www.facebook.com\/FestivalOfLights","article_modified_time":"2025-10-16T13:01:17+00:00","twitter_card":"summary_large_image","schema":{"@context":"https:\/\/schema.org","@graph":[{"@type":"WebPage","@id":"https:\/\/festival-of-lights.de\/de\/programm-2025\/berliner-dom\/","url":"https:\/\/festival-of-lights.de\/de\/programm-2025\/berliner-dom\/","name":"Berliner Dom - Festival of Lights","isPartOf":{"@id":"https:\/\/festival-of-lights.de\/de\/#website"},"datePublished":"2023-09-18T10:24:06+00:00","dateModified":"2025-10-16T13:01:17+00:00","breadcrumb":{"@id":"https:\/\/festival-of-lights.de\/de\/programm-2025\/berliner-dom\/#breadcrumb"},"inLanguage":"de","potentialAction":[{"@type":"ReadAction","target":["https:\/\/festival-of-lights.de\/de\/programm-2025\/berliner-dom\/"]}]},{"@type":"BreadcrumbList","@id":"https:\/\/festival-of-lights.de\/de\/programm-2025\/berliner-dom\/#breadcrumb","itemListElement":[{"@type":"ListItem","position":1,"name":"Startseite","item":"https:\/\/festival-of-lights.de\/de\/"},{"@type":"ListItem","position":2,"name":"Programm 2025","item":"https:\/\/festival-of-lights.de\/de\/programm-2025\/"},{"@type":"ListItem","position":3,"name":"Berliner Dom"}]},{"@type":"WebSite","@id":"https:\/\/festival-of-lights.de\/de\/#website","url":"https:\/\/festival-of-lights.de\/de\/","name":"Festival of Lights Berlin","description":"","publisher":{"@id":"https:\/\/festival-of-lights.de\/de\/#organization"},"potentialAction":[{"@type":"SearchAction","target":{"@type":"EntryPoint","urlTemplate":"https:\/\/festival-of-lights.de\/de\/?s={search_term_string}"},"query-input":{"@type":"PropertyValueSpecification","valueRequired":true,"valueName":"search_term_string"}}],"inLanguage":"de"},{"@type":"Organization","@id":"https:\/\/festival-of-lights.de\/de\/#organization","name":"Festival of Lights","url":"https:\/\/festival-of-lights.de\/de\/","logo":{"@type":"ImageObject","inLanguage":"de","@id":"https:\/\/festival-of-lights.de\/de\/#\/schema\/logo\/image\/","url":"https:\/\/festival-of-lights.de\/wp-content\/uploads\/2023\/08\/cropped-logo.png","contentUrl":"https:\/\/festival-of-lights.de\/wp-content\/uploads\/2023\/08\/cropped-logo.png","width":230,"height":230,"caption":"Festival of Lights"},"image":{"@id":"https:\/\/festival-of-lights.de\/de\/#\/schema\/logo\/image\/"},"sameAs":["https:\/\/www.facebook.com\/FestivalOfLights","https:\/\/www.tiktok.com\/@berlinfestivaloflights","https:\/\/www.instagram.com\/berlinfestivaloflights"]}]}},"_links":{"self":[{"href":"https:\/\/festival-of-lights.de\/de\/wp-json\/wp\/v2\/pages\/41635","targetHints":{"allow":["GET"]}}],"collection":[{"href":"https:\/\/festival-of-lights.de\/de\/wp-json\/wp\/v2\/pages"}],"about":[{"href":"https:\/\/festival-of-lights.de\/de\/wp-json\/wp\/v2\/types\/page"}],"author":[{"embeddable":true,"href":"https:\/\/festival-of-lights.de\/de\/wp-json\/wp\/v2\/users\/2"}],"replies":[{"embeddable":true,"href":"https:\/\/festival-of-lights.de\/de\/wp-json\/wp\/v2\/comments?post=41635"}],"version-history":[{"count":99,"href":"https:\/\/festival-of-lights.de\/de\/wp-json\/wp\/v2\/pages\/41635\/revisions"}],"predecessor-version":[{"id":59472,"href":"https:\/\/festival-of-lights.de\/de\/wp-json\/wp\/v2\/pages\/41635\/revisions\/59472"}],"up":[{"embeddable":true,"href":"https:\/\/festival-of-lights.de\/de\/wp-json\/wp\/v2\/pages\/54346"}],"wp:attachment":[{"href":"https:\/\/festival-of-lights.de\/de\/wp-json\/wp\/v2\/media?parent=41635"}],"curies":[{"name":"wp","href":"https:\/\/api.w.org\/{rel}","templated":true}]}}