{"id":41662,"date":"2023-09-18T13:41:19","date_gmt":"2023-09-18T11:41:19","guid":{"rendered":"https:\/\/festival-of-lights.de\/?page_id=41662"},"modified":"2025-10-15T12:30:36","modified_gmt":"2025-10-15T10:30:36","slug":"schloss-charlottenburg","status":"publish","type":"page","link":"https:\/\/festival-of-lights.de\/de\/programm-2025\/schloss-charlottenburg\/","title":{"rendered":"Schloss Charlottenburg"},"content":{"rendered":"<section class=\"module-spacer bg-bg-darkBlue pt-10 md:pt-14 xl:pt-20\">\n<\/section>\n\n<section class=\"bg-bg-darkBlue text-text-default\">\n  <div class=\"px-xs py-md text-headline dark:!bg-transparent\">\n    <div class=\"mx-auto max-w-screen-lg text-center aniMe\">\n      <h1 class='grayscale-overlay relative headline-element align-left text-h3 md:text-h2 xl:text-h1'>\n    \n    <span class='relative align-left text-h3 md:text-h2 xl:text-h1'>\n    <span class='absolute top-0 left-0 z-0 -translate-x-1\/2 -translate-y-1\/2 light w-[300px] h-[300px]'>\n    <svg class='w-full h-full ' xmlns='http:\/\/www.w3.org\/2000\/svg' width='542' height='542' viewBox='0 0 542 542' fill='none'>\n      <g filter='url(#filter0_f_569_1018)'>\n        <circle cx='271' cy='271' r='121' fill='#9AE8FF' fill-opacity='0.5'\/>\n      <\/g>\n      <defs>\n        <filter id='filter0_f_569_1018' x='0' y='0' width='542' height='542' filterUnits='userSpaceOnUse' color-interpolation-filters='sRGB'>\n          <feFlood flood-opacity='0' result='BackgroundImageFix'\/>\n          <feBlend mode='normal' in='SourceGraphic' in2='BackgroundImageFix' result='shape'\/>\n          <feGaussianBlur stdDeviation='75' result='effect1_foregroundBlur_569_1018'\/>\n        <\/filter>\n      <\/defs>\n    <\/svg>\n  <\/span>\n    33. Schloss Charlottenburg<\/span>\n    <\/h1>    <\/div>\n          <div class=\"flex flex-wrap gap-2 justify-center mx-auto mt-4 max-w-screen-lg lg:gap-4 lg:mt-6 aniMe\">\n                        <\/div>\n      <\/div>\n<\/section>\n\n<section class=\"text-image bg-bg-darkBlue text-text-default\">\n    <div class=\"dark:!text-white dark:!bg-transparent\">\n        <div class=\"container mx-auto max-w-screen-xl px-xs py-md text-image\">\n            <div class=\"mx-auto items-center grid text-copy md:grid-cols-2 gap-x-10 align-left\">\n                                    <div class=\"relative aniMe order-1 mt-4 md:mt-8\"> \n                        <div class=\"relative hp-player aspect-video grayscale-mask\">\n                            <iframe class=\"z-[1050] grayscale-overlay lazyVideo\" data-src=\"\/\/www.youtube-nocookie.com\/embed\/qeVUQP61h5c?rel=0&#038;controls=0&#038;showinfo=0\" frameborder=\"0\" allowfullscreen allowtransparency>\n                            <\/iframe>\n                        <\/div>\n                    <\/div>\n                                    <div class=\"text-image__col1 py-4 lg:py-10 aniMe flex flex-col left\">\n                    <h3 class='grayscale-overlay relative headline-element align-left mb-4 md:mb-8'>\n    \n    <span class='relative align-left mb-4 md:mb-8'>\n    <span class='absolute top-0 left-0 z-0 -translate-x-1\/2 -translate-y-1\/2 light w-[300px] h-[300px]'>\n    <svg class='w-full h-full ' xmlns='http:\/\/www.w3.org\/2000\/svg' width='542' height='542' viewBox='0 0 542 542' fill='none'>\n      <g filter='url(#filter0_f_569_1018)'>\n        <circle cx='271' cy='271' r='121' fill='#9AE8FF' fill-opacity='0.5'\/>\n      <\/g>\n      <defs>\n        <filter id='filter0_f_569_1018' x='0' y='0' width='542' height='542' filterUnits='userSpaceOnUse' color-interpolation-filters='sRGB'>\n          <feFlood flood-opacity='0' result='BackgroundImageFix'\/>\n          <feBlend mode='normal' in='SourceGraphic' in2='BackgroundImageFix' result='shape'\/>\n          <feGaussianBlur stdDeviation='75' result='effect1_foregroundBlur_569_1018'\/>\n        <\/filter>\n      <\/defs>\n    <\/svg>\n  <\/span>\n    FOL Award 2025<br> 3D-Videomapping Show <\/span>\n    <\/h3><div class='text-element align-left '><p><em><span style=\"color: #00ccff;\">Show Loop ca. 10 Minuten<\/span><\/em><\/p>\n<p>Vor der prachtvollen Kulisse von Schloss Charlottenburg zeigen drei internationale Studios eindrucksvolle 3D-Videomappings: The Fox, The Folks (IDN), ANIONA VISION (ROU) und RE:SORB (DE).<\/p>\n<p>Unter dem Motto \u201eLet\u2019s Shine Together\u201c verwandelt sich das barocke Schloss in eine leuchtende B\u00fchne, auf der Geschichte und Gegenwart aufeinandertreffen. Die Projektionen lassen die historische Architektur mit faszinierenden Lichtkunstinszenierungen erstrahlen.<\/p>\n<p>Festival of Lights Award 2025: Das historische Schloss wird zur Leinwand f\u00fcr ein atemberaubendes Spiel aus Licht und Farbe. Die K\u00fcnstler*innen erschaffen eine lebendige Projektion, in der florale, abstrakte und emotionale Motive die Fassade zum Erbl\u00fchen bringen. Farben, Formen und Bewegung vereinen sich zu einer eindrucksvollen Lichtkomposition, die f\u00fcr Freiheit, Kreativit\u00e4t und die Kraft des k\u00fcnstlerischen Ausdrucks steht.<\/p>\n<p>Ein weiteres Highlight ist \u201eThe Tale of Balance\u201c von der lettischen K\u00fcnstlerin Pirate Pixie \u2013 ein modernes M\u00e4rchen, das eine Br\u00fccke zwischen zwei essenziellen Themen schl\u00e4gt: der Zerst\u00f6rung unserer Umwelt und der zunehmenden Belastung von psychischer Gesundheit und Wohlbefinden. Beides sind Konsequenzen eines verlorenen Bezugs zur Natur. Das M\u00e4rchen dient als Grundlage f\u00fcr eine poetische Klangkomposition mit gesprochenem Text. Eine audiovisuelle Erz\u00e4hlung, die aufr\u00fcttelt, verbindet und zum Nachdenken anregt.<\/p>\n<\/div>                <\/div>\n            <\/div>\n        <\/div>\n    <\/div>\n<\/section>\n\n\n<section class=\"bg-bg-darkBlue text-text-default\">\n    <div class=\"dark:!bg-transparent\">\n                    <div class=\"flex flex-col items-center justify-center mx-auto md:flex-row gap-y-12 md:gap-y-0 gap-x-12 lg:gap-x-16 xl:gap-x-20 max-w-content pb-md lg:pb-2xl\">\n                                                        <div class=\"aniMe icon flex flex-col  items-center justify-center text-center h-full md:h-[90px]\"> \n                            <div class=\"w-full h-full\">\n                                <img loading=\"lazy\" decoding=\"async\" width=\"1024\" height=\"1024\" src=\"https:\/\/festival-of-lights.de\/wp-content\/uploads\/2023\/09\/Logo-Loop1-1024x1024.png\" class=\"z-10 grayscale-overlay object-contain w-full h-full\" alt=\"\" srcset=\"https:\/\/festival-of-lights.de\/wp-content\/uploads\/2023\/09\/Logo-Loop1-1024x1024.png 1024w, https:\/\/festival-of-lights.de\/wp-content\/uploads\/2023\/09\/Logo-Loop1-300x300.png 300w, https:\/\/festival-of-lights.de\/wp-content\/uploads\/2023\/09\/Logo-Loop1-150x150.png 150w, https:\/\/festival-of-lights.de\/wp-content\/uploads\/2023\/09\/Logo-Loop1-768x768.png 768w, https:\/\/festival-of-lights.de\/wp-content\/uploads\/2023\/09\/Logo-Loop1.png 1080w\" sizes=\"auto, (max-width: 1024px) 100vw, 1024px\" \/> \n                            <\/div>\n                                                            <span class=\" text-xl font-bold icon-text-default icon mt-6   \">Das Festival of Lights bedankt sich herzlich beim Bezirksamt Charlottenburg-Wilmersdorf, das sich mit einer beeindruckenden Pr\u00e4sentation seiner aktuellen Recruiting-Kampagne auf der imposanten Schlossfassade beteiligt.<\/span>\n                                                    <\/div>\n                                            <\/div>\n        \n    <\/div>\n<\/section>\n\n<section class=\"teaser-small-section bg-bg-darkBlue text-text-default\">\n    <div class=\"dark:!bg-transparent dark:!text-white\">\n        <div class=\"container mx-auto px-xs py-md\">\n            <div class=\"grid gap-4 gap-y-16 md:grid-cols-2 lg:grid-cols-3\">\n                <div class=\"teaser-small-single\">\n                    <a href=\"https:\/\/festival-of-lights.de\/de\/programm-2025\/the-fox-the-folks\/\" target=\"\">\n                            <div class=\"overflow-hidden relative mb-6 teaser-small-single-image aspect-4\/3 grayscale-mask aniMe\"> <img loading=\"lazy\" decoding=\"async\" width=\"2560\" height=\"1707\" src=\"https:\/\/festival-of-lights.de\/wp-content\/uploads\/2025\/10\/1194_FOL2025_FH-scaled.jpg\" class=\"h-full w-full object-cover z-0 transform scale-105 transition duration-300 grayscale-overlay\" alt=\"\" srcset=\"https:\/\/festival-of-lights.de\/wp-content\/uploads\/2025\/10\/1194_FOL2025_FH-scaled.jpg 2560w, https:\/\/festival-of-lights.de\/wp-content\/uploads\/2025\/10\/1194_FOL2025_FH-300x200.jpg 300w, https:\/\/festival-of-lights.de\/wp-content\/uploads\/2025\/10\/1194_FOL2025_FH-1024x683.jpg 1024w, https:\/\/festival-of-lights.de\/wp-content\/uploads\/2025\/10\/1194_FOL2025_FH-768x512.jpg 768w, https:\/\/festival-of-lights.de\/wp-content\/uploads\/2025\/10\/1194_FOL2025_FH-1536x1024.jpg 1536w, https:\/\/festival-of-lights.de\/wp-content\/uploads\/2025\/10\/1194_FOL2025_FH-2048x1365.jpg 2048w, https:\/\/festival-of-lights.de\/wp-content\/uploads\/2025\/10\/1194_FOL2025_FH-1900x1267.jpg 1900w, https:\/\/festival-of-lights.de\/wp-content\/uploads\/2025\/10\/1194_FOL2025_FH-1240x827.jpg 1240w\" sizes=\"auto, (max-width: 2560px) 100vw, 2560px\" \/>                <\/div> \n            <\/a>         <div class=\"content aniMe\">\n            <p class=\"pb-6 w-full font-bold text-h4\">The Fox, The Folks | Indonesien<\/p>\n                        <p class=\"pb-6 w-full text-copy teaser-description\">Ein schlafender Wald, verh\u00fcllt in silbernem Mondlicht, h\u00fctet seine Geheimnisse in Stille. Aus der Nacht steigt eine strahlende Kugel herab, eine Glut der Inspiration, die ruhige Augen erweckt und schwaches Licht aus den Schatten lockt. Ein Schmetterling, geboren aus der Verwandlung, tr\u00e4gt dieses Leuchten zum Herzen aus Stein, wo eine gro\u00dfe Blume zu bl\u00fchen beginnt. Ihr Licht breitet sich wie Wellen im Wasser \u00fcber die W\u00e4nde aus und erweckt l\u00e4ngst vergessene Reben, Bl\u00fcten und strahlendes Leben. Die Fassade wird zu einem lebendigen Paradies, einem Chor aus Farben und Atem, in dem alle Dinge in Harmonie summen. Und wenn die Brillanz zu einer kosmischen Nacht verblasst, bleibt ihr Glanz bestehen, ein stilles Versprechen, dass Sch\u00f6nheit, einmal erweckt, niemals wirklich verblasst.<\/p>\n                    <a target=\"\" href=\"https:\/\/festival-of-lights.de\/de\/programm-2025\/the-fox-the-folks\/\" class=\"flex items-center gap-xs btn-primary\">\n            <svg xmlns=\"http:\/\/www.w3.org\/2000\/svg\" width=\"23\" height=\"16\" viewBox=\"0 0 23 16\" fill=\"none\">\n                <path class=\"transition duration-300 ease-in-out\" d=\"M21.8863 8.70711C22.2769 8.31658 22.2769 7.68342 21.8863 7.29289L15.5224 0.928932C15.1318 0.538408 14.4987 0.538408 14.1082 0.928932C13.7176 1.31946 13.7176 1.95262 14.1082 2.34315L19.765 8L14.1082 13.6569C13.7176 14.0474 13.7176 14.6805 14.1082 15.0711C14.4987 15.4616 15.1318 15.4616 15.5224 15.0711L21.8863 8.70711ZM0 9H21.1792V7H0V9Z\" fill=\"black\"\/>\n            <\/svg>\n            The Fox, The Folks         <\/a>\n                <\/div>\n    <\/div>\n    <div class=\"teaser-small-single\">\n                    <a href=\"https:\/\/festival-of-lights.de\/de\/programm-2025\/aniona-vision\/\" target=\"\">\n                            <div class=\"overflow-hidden relative mb-6 teaser-small-single-image aspect-4\/3 grayscale-mask aniMe\"> <img loading=\"lazy\" decoding=\"async\" width=\"2560\" height=\"1707\" src=\"https:\/\/festival-of-lights.de\/wp-content\/uploads\/2025\/10\/1212_FOL2025_FH-scaled.jpg\" class=\"h-full w-full object-cover z-0 transform scale-105 transition duration-300 grayscale-overlay\" alt=\"\" srcset=\"https:\/\/festival-of-lights.de\/wp-content\/uploads\/2025\/10\/1212_FOL2025_FH-scaled.jpg 2560w, https:\/\/festival-of-lights.de\/wp-content\/uploads\/2025\/10\/1212_FOL2025_FH-300x200.jpg 300w, https:\/\/festival-of-lights.de\/wp-content\/uploads\/2025\/10\/1212_FOL2025_FH-1024x683.jpg 1024w, https:\/\/festival-of-lights.de\/wp-content\/uploads\/2025\/10\/1212_FOL2025_FH-768x512.jpg 768w, https:\/\/festival-of-lights.de\/wp-content\/uploads\/2025\/10\/1212_FOL2025_FH-1536x1024.jpg 1536w, https:\/\/festival-of-lights.de\/wp-content\/uploads\/2025\/10\/1212_FOL2025_FH-2048x1365.jpg 2048w, https:\/\/festival-of-lights.de\/wp-content\/uploads\/2025\/10\/1212_FOL2025_FH-1900x1267.jpg 1900w, https:\/\/festival-of-lights.de\/wp-content\/uploads\/2025\/10\/1212_FOL2025_FH-1240x827.jpg 1240w\" sizes=\"auto, (max-width: 2560px) 100vw, 2560px\" \/>                <\/div> \n            <\/a>         <div class=\"content aniMe\">\n            <p class=\"pb-6 w-full font-bold text-h4\">ANIONA VISION| Rum\u00e4nien<\/p>\n                        <p class=\"pb-6 w-full text-copy teaser-description\">PLAY ist ein Werk \u00fcber die Wiederentdeckung von Farbe als emotionaler Zustand, Bewegung und Erinnerung. Inspiriert von der freien Bildsprache der Kindheit und der avantgardistischen \u00c4sthetik des fr\u00fchen 20. Jahrhunderts entfaltet sich die Animation als kontinuierlicher \u00dcbergang \u2013 vom Schatten eines vergessenen Geb\u00e4udes, eingefangen auf Vintage-Film, \u00fcber eine flie\u00dfende chromatische Choreografie bis hin zu einem Moment der Synthese, in dem jede Farbe zu einer emotionalen Hommage wird \u2013 einem Akt k\u00fcnstlerischer Erinnerung.<\/p>\n                    <a target=\"\" href=\"https:\/\/festival-of-lights.de\/de\/programm-2025\/aniona-vision\/\" class=\"flex items-center gap-xs btn-primary\">\n            <svg xmlns=\"http:\/\/www.w3.org\/2000\/svg\" width=\"23\" height=\"16\" viewBox=\"0 0 23 16\" fill=\"none\">\n                <path class=\"transition duration-300 ease-in-out\" d=\"M21.8863 8.70711C22.2769 8.31658 22.2769 7.68342 21.8863 7.29289L15.5224 0.928932C15.1318 0.538408 14.4987 0.538408 14.1082 0.928932C13.7176 1.31946 13.7176 1.95262 14.1082 2.34315L19.765 8L14.1082 13.6569C13.7176 14.0474 13.7176 14.6805 14.1082 15.0711C14.4987 15.4616 15.1318 15.4616 15.5224 15.0711L21.8863 8.70711ZM0 9H21.1792V7H0V9Z\" fill=\"black\"\/>\n            <\/svg>\n            ANIONA VISION        <\/a>\n                <\/div>\n    <\/div>\n    <div class=\"teaser-small-single\">\n                    <a href=\"https:\/\/festival-of-lights.de\/de\/programm-2025\/resorb\/\" target=\"\">\n                            <div class=\"overflow-hidden relative mb-6 teaser-small-single-image aspect-4\/3 grayscale-mask aniMe\"> <img loading=\"lazy\" decoding=\"async\" width=\"2560\" height=\"1707\" src=\"https:\/\/festival-of-lights.de\/wp-content\/uploads\/2025\/10\/1304_FOL2025_FH-scaled.jpg\" class=\"h-full w-full object-cover z-0 transform scale-105 transition duration-300 grayscale-overlay\" alt=\"\" srcset=\"https:\/\/festival-of-lights.de\/wp-content\/uploads\/2025\/10\/1304_FOL2025_FH-scaled.jpg 2560w, https:\/\/festival-of-lights.de\/wp-content\/uploads\/2025\/10\/1304_FOL2025_FH-300x200.jpg 300w, https:\/\/festival-of-lights.de\/wp-content\/uploads\/2025\/10\/1304_FOL2025_FH-1024x683.jpg 1024w, https:\/\/festival-of-lights.de\/wp-content\/uploads\/2025\/10\/1304_FOL2025_FH-768x512.jpg 768w, https:\/\/festival-of-lights.de\/wp-content\/uploads\/2025\/10\/1304_FOL2025_FH-1536x1024.jpg 1536w, https:\/\/festival-of-lights.de\/wp-content\/uploads\/2025\/10\/1304_FOL2025_FH-2048x1365.jpg 2048w, https:\/\/festival-of-lights.de\/wp-content\/uploads\/2025\/10\/1304_FOL2025_FH-1900x1267.jpg 1900w, https:\/\/festival-of-lights.de\/wp-content\/uploads\/2025\/10\/1304_FOL2025_FH-1240x827.jpg 1240w\" sizes=\"auto, (max-width: 2560px) 100vw, 2560px\" \/>                <\/div> \n            <\/a>         <div class=\"content aniMe\">\n            <p class=\"pb-6 w-full font-bold text-h4\">RE:SORB | Deutschland<\/p>\n                        <p class=\"pb-6 w-full text-copy teaser-description\">\u201eThe Cathedral of the Infinite Scroll\u201d ist ein gro\u00dfformatiges Projection-Mapping-Werk, das die Fassade in einen leuchtenden Altar aus Daten und Algorithmen verwandelt. Was als strahlende Kathedrale aus Likes, Feeds und Benachrichtigungen beginnt, entwickelt sich bald zu einer hypnotischen Schleife des unendlichen Scrollens, in der selbst eine menschliche Hand zu Pixeln zerf\u00e4llt, sobald sie die Oberfl\u00e4che ber\u00fchrt. Die Reiz\u00fcberflutung bricht in Dunkelheit zusammen und macht Platz f\u00fcr organische Wellen lebendigen Lichts, die in einem atem\u00e4hnlichen Rhythmus pulsieren. Das Werk reflektiert unsere Hingabe an Maschinen, das Verschwinden der menschlichen Pr\u00e4senz in der Aufmerksamkeits\u00f6konomie und die M\u00f6glichkeit einer Erneuerung jenseits des Algorithmus.<\/p>\n                    <a target=\"\" href=\"https:\/\/festival-of-lights.de\/de\/programm-2025\/resorb\/\" class=\"flex items-center gap-xs btn-primary\">\n            <svg xmlns=\"http:\/\/www.w3.org\/2000\/svg\" width=\"23\" height=\"16\" viewBox=\"0 0 23 16\" fill=\"none\">\n                <path class=\"transition duration-300 ease-in-out\" d=\"M21.8863 8.70711C22.2769 8.31658 22.2769 7.68342 21.8863 7.29289L15.5224 0.928932C15.1318 0.538408 14.4987 0.538408 14.1082 0.928932C13.7176 1.31946 13.7176 1.95262 14.1082 2.34315L19.765 8L14.1082 13.6569C13.7176 14.0474 13.7176 14.6805 14.1082 15.0711C14.4987 15.4616 15.1318 15.4616 15.5224 15.0711L21.8863 8.70711ZM0 9H21.1792V7H0V9Z\" fill=\"black\"\/>\n            <\/svg>\n            RE:SORB        <\/a>\n                <\/div>\n    <\/div>\n            <\/div>\n        <\/div>\n    <\/div>\n<\/section>\n\n<section class=\"module-spacer bg-bg-darkBlue pt-5 md:pt-7 xl:pt-10\">\n<\/section>\n\n\n<section class=\"bg-bg-darkBlue text-text-default\">\n    <div class=\"dark:!bg-transparent\">\n                    <div class=\"flex flex-col items-center justify-center mx-auto md:flex-row gap-y-12 md:gap-y-0 gap-x-12 lg:gap-x-16 xl:gap-x-20 max-w-content pb-md lg:pb-2xl\">\n                                                    <a target=\"\" href=\"https:\/\/maps.app.goo.gl\/LUCUbbGSvyCrHsfQA\">\n                                        <div class=\"aniMe icon flex flex-col  items-center justify-center text-center h-full md:h-[90px]\"> \n                            <div class=\"w-full h-full\">\n                                <img loading=\"lazy\" decoding=\"async\" width=\"200\" height=\"200\" src=\"https:\/\/festival-of-lights.de\/wp-content\/uploads\/2023\/09\/icon_where.png\" class=\"z-10 grayscale-overlay object-contain w-full h-full\" alt=\"\" srcset=\"https:\/\/festival-of-lights.de\/wp-content\/uploads\/2023\/09\/icon_where.png 200w, https:\/\/festival-of-lights.de\/wp-content\/uploads\/2023\/09\/icon_where-150x150.png 150w\" sizes=\"auto, (max-width: 200px) 100vw, 200px\" \/> \n                            <\/div>\n                                                            <span class=\" text-xl font-bold icon-text-default icon mt-6  icon__btn \">Spandauer Damm 10-22, 14059 Berlin<\/span>\n                                                    <\/div>\n                                    <\/a>\n                                                                        <div class=\"aniMe icon flex flex-col  items-center justify-center text-center h-full md:h-[90px]\"> \n                            <div class=\"w-full h-full\">\n                                 \n                            <\/div>\n                                                    <\/div>\n                                            <\/div>\n        \n    <\/div>\n<\/section>\n\n<section class=\"module-spacer bg-bg-darkBlue pt-5 md:pt-7 xl:pt-10\">\n<\/section>\n\n<section class=\"bg-bg-darkBlue text-text-default\">\n  <div class=\"px-xs text-paragraph py-md text-copy dark:!bg-transparent\">\n          <div class=\"mx-auto max-w-screen-md\">\n        <div class='text-element align-left aniMe'><p><span style=\"font-size: medium;\"><strong>BITTE BEACHTEN<\/strong><\/span><\/p>\n<p><em>Sie k\u00f6nnen diese Installation gerne f\u00fcr den pers\u00f6nlichen Gebrauch fotografieren. Wir m\u00f6chten Sie jedoch darauf hinweisen, dass die kommerzielle Nutzung von Fotos und Filmen der Installation ohne unsere Genehmigung strengstens untersagt ist. Wir danken Ihnen.<\/em><\/p>\n<\/div>        \n            <\/div> <!-- end max-w-screen container -->\n    <\/div>\n<\/section>\n\n<section class=\"text-image bg-bg-darkBlue text-text-default\">\n    <div class=\"dark:!text-white dark:!bg-transparent\">\n        <div class=\"container mx-auto max-w-screen-xl px-xs py-md text-image\">\n            <div class=\"mx-auto items-center grid text-copy md:grid-cols-2 gap-x-10 align-left\">\n                                    <div class=\"text-image__image aniMe grayscale-mask relative mb-0 order-2 md:order-[unset] mt-4 md:mt-8\"> \n                                            <\/div>                 <div class=\"text-image__col1 py-4 lg:py-10 aniMe flex flex-col right\">\n                    <div class='text-element align-left '><\/div>        <a target=\"\" href=\"https:\/\/festival-of-lights.de\/de\/programm-2025\/\" class=\"flex items-center gap-xs btn-primary mt-10 z-[999999]\">\n            <svg xmlns=\"http:\/\/www.w3.org\/2000\/svg\" width=\"23\" height=\"16\" viewBox=\"0 0 23 16\" fill=\"none\">\n                <path class=\"transition duration-300 ease-in-out\" d=\"M21.8863 8.70711C22.2769 8.31658 22.2769 7.68342 21.8863 7.29289L15.5224 0.928932C15.1318 0.538408 14.4987 0.538408 14.1082 0.928932C13.7176 1.31946 13.7176 1.95262 14.1082 2.34315L19.765 8L14.1082 13.6569C13.7176 14.0474 13.7176 14.6805 14.1082 15.0711C14.4987 15.4616 15.1318 15.4616 15.5224 15.0711L21.8863 8.70711ZM0 9H21.1792V7H0V9Z\" fill=\"black\"\/>\n            <\/svg>\n            ZUR\u00dcCK ZUM PROGRAMM 2025        <\/a>\n                        <\/div>\n            <\/div>\n        <\/div>\n    <\/div>\n<\/section>\n\n<section class=\"module-spacer bg-bg-darkBlue pt-10 md:pt-14 xl:pt-20\">\n<\/section>","protected":false},"excerpt":{"rendered":"","protected":false},"author":2,"featured_media":0,"parent":54346,"menu_order":0,"comment_status":"closed","ping_status":"closed","template":"","meta":{"_acf_changed":false,"footnotes":""},"class_list":["post-41662","page","type-page","status-publish","hentry"],"acf":[],"yoast_head":"<!-- This site is optimized with the Yoast SEO plugin v25.6 - https:\/\/yoast.com\/wordpress\/plugins\/seo\/ -->\n<title>Schloss Charlottenburg - Festival of Lights<\/title>\n<meta name=\"robots\" content=\"index, follow, max-snippet:-1, max-image-preview:large, max-video-preview:-1\" \/>\n<link rel=\"canonical\" href=\"https:\/\/festival-of-lights.de\/de\/programm-2025\/schloss-charlottenburg\/\" \/>\n<meta property=\"og:locale\" content=\"de_DE\" \/>\n<meta property=\"og:type\" content=\"article\" \/>\n<meta property=\"og:title\" content=\"Schloss Charlottenburg - Festival of Lights\" \/>\n<meta property=\"og:url\" content=\"https:\/\/festival-of-lights.de\/de\/programm-2025\/schloss-charlottenburg\/\" \/>\n<meta property=\"og:site_name\" content=\"Festival of Lights\" \/>\n<meta property=\"article:publisher\" content=\"https:\/\/www.facebook.com\/FestivalOfLights\" \/>\n<meta property=\"article:modified_time\" content=\"2025-10-15T10:30:36+00:00\" \/>\n<meta name=\"twitter:card\" content=\"summary_large_image\" \/>\n<script type=\"application\/ld+json\" class=\"yoast-schema-graph\">{\"@context\":\"https:\/\/schema.org\",\"@graph\":[{\"@type\":\"WebPage\",\"@id\":\"https:\/\/festival-of-lights.de\/de\/programm-2025\/schloss-charlottenburg\/\",\"url\":\"https:\/\/festival-of-lights.de\/de\/programm-2025\/schloss-charlottenburg\/\",\"name\":\"Schloss Charlottenburg - Festival of Lights\",\"isPartOf\":{\"@id\":\"https:\/\/festival-of-lights.de\/de\/#website\"},\"datePublished\":\"2023-09-18T11:41:19+00:00\",\"dateModified\":\"2025-10-15T10:30:36+00:00\",\"breadcrumb\":{\"@id\":\"https:\/\/festival-of-lights.de\/de\/programm-2025\/schloss-charlottenburg\/#breadcrumb\"},\"inLanguage\":\"de\",\"potentialAction\":[{\"@type\":\"ReadAction\",\"target\":[\"https:\/\/festival-of-lights.de\/de\/programm-2025\/schloss-charlottenburg\/\"]}]},{\"@type\":\"BreadcrumbList\",\"@id\":\"https:\/\/festival-of-lights.de\/de\/programm-2025\/schloss-charlottenburg\/#breadcrumb\",\"itemListElement\":[{\"@type\":\"ListItem\",\"position\":1,\"name\":\"Startseite\",\"item\":\"https:\/\/festival-of-lights.de\/de\/\"},{\"@type\":\"ListItem\",\"position\":2,\"name\":\"Programm 2025\",\"item\":\"https:\/\/festival-of-lights.de\/de\/programm-2025\/\"},{\"@type\":\"ListItem\",\"position\":3,\"name\":\"Schloss Charlottenburg\"}]},{\"@type\":\"WebSite\",\"@id\":\"https:\/\/festival-of-lights.de\/de\/#website\",\"url\":\"https:\/\/festival-of-lights.de\/de\/\",\"name\":\"Festival of Lights Berlin\",\"description\":\"\",\"publisher\":{\"@id\":\"https:\/\/festival-of-lights.de\/de\/#organization\"},\"potentialAction\":[{\"@type\":\"SearchAction\",\"target\":{\"@type\":\"EntryPoint\",\"urlTemplate\":\"https:\/\/festival-of-lights.de\/de\/?s={search_term_string}\"},\"query-input\":{\"@type\":\"PropertyValueSpecification\",\"valueRequired\":true,\"valueName\":\"search_term_string\"}}],\"inLanguage\":\"de\"},{\"@type\":\"Organization\",\"@id\":\"https:\/\/festival-of-lights.de\/de\/#organization\",\"name\":\"Festival of Lights\",\"url\":\"https:\/\/festival-of-lights.de\/de\/\",\"logo\":{\"@type\":\"ImageObject\",\"inLanguage\":\"de\",\"@id\":\"https:\/\/festival-of-lights.de\/de\/#\/schema\/logo\/image\/\",\"url\":\"https:\/\/festival-of-lights.de\/wp-content\/uploads\/2023\/08\/cropped-logo.png\",\"contentUrl\":\"https:\/\/festival-of-lights.de\/wp-content\/uploads\/2023\/08\/cropped-logo.png\",\"width\":230,\"height\":230,\"caption\":\"Festival of Lights\"},\"image\":{\"@id\":\"https:\/\/festival-of-lights.de\/de\/#\/schema\/logo\/image\/\"},\"sameAs\":[\"https:\/\/www.facebook.com\/FestivalOfLights\",\"https:\/\/www.tiktok.com\/@berlinfestivaloflights\",\"https:\/\/www.instagram.com\/berlinfestivaloflights\"]}]}<\/script>\n<!-- \/ Yoast SEO plugin. -->","yoast_head_json":{"title":"Schloss Charlottenburg - Festival of Lights","robots":{"index":"index","follow":"follow","max-snippet":"max-snippet:-1","max-image-preview":"max-image-preview:large","max-video-preview":"max-video-preview:-1"},"canonical":"https:\/\/festival-of-lights.de\/de\/programm-2025\/schloss-charlottenburg\/","og_locale":"de_DE","og_type":"article","og_title":"Schloss Charlottenburg - Festival of Lights","og_url":"https:\/\/festival-of-lights.de\/de\/programm-2025\/schloss-charlottenburg\/","og_site_name":"Festival of Lights","article_publisher":"https:\/\/www.facebook.com\/FestivalOfLights","article_modified_time":"2025-10-15T10:30:36+00:00","twitter_card":"summary_large_image","schema":{"@context":"https:\/\/schema.org","@graph":[{"@type":"WebPage","@id":"https:\/\/festival-of-lights.de\/de\/programm-2025\/schloss-charlottenburg\/","url":"https:\/\/festival-of-lights.de\/de\/programm-2025\/schloss-charlottenburg\/","name":"Schloss Charlottenburg - Festival of Lights","isPartOf":{"@id":"https:\/\/festival-of-lights.de\/de\/#website"},"datePublished":"2023-09-18T11:41:19+00:00","dateModified":"2025-10-15T10:30:36+00:00","breadcrumb":{"@id":"https:\/\/festival-of-lights.de\/de\/programm-2025\/schloss-charlottenburg\/#breadcrumb"},"inLanguage":"de","potentialAction":[{"@type":"ReadAction","target":["https:\/\/festival-of-lights.de\/de\/programm-2025\/schloss-charlottenburg\/"]}]},{"@type":"BreadcrumbList","@id":"https:\/\/festival-of-lights.de\/de\/programm-2025\/schloss-charlottenburg\/#breadcrumb","itemListElement":[{"@type":"ListItem","position":1,"name":"Startseite","item":"https:\/\/festival-of-lights.de\/de\/"},{"@type":"ListItem","position":2,"name":"Programm 2025","item":"https:\/\/festival-of-lights.de\/de\/programm-2025\/"},{"@type":"ListItem","position":3,"name":"Schloss Charlottenburg"}]},{"@type":"WebSite","@id":"https:\/\/festival-of-lights.de\/de\/#website","url":"https:\/\/festival-of-lights.de\/de\/","name":"Festival of Lights Berlin","description":"","publisher":{"@id":"https:\/\/festival-of-lights.de\/de\/#organization"},"potentialAction":[{"@type":"SearchAction","target":{"@type":"EntryPoint","urlTemplate":"https:\/\/festival-of-lights.de\/de\/?s={search_term_string}"},"query-input":{"@type":"PropertyValueSpecification","valueRequired":true,"valueName":"search_term_string"}}],"inLanguage":"de"},{"@type":"Organization","@id":"https:\/\/festival-of-lights.de\/de\/#organization","name":"Festival of Lights","url":"https:\/\/festival-of-lights.de\/de\/","logo":{"@type":"ImageObject","inLanguage":"de","@id":"https:\/\/festival-of-lights.de\/de\/#\/schema\/logo\/image\/","url":"https:\/\/festival-of-lights.de\/wp-content\/uploads\/2023\/08\/cropped-logo.png","contentUrl":"https:\/\/festival-of-lights.de\/wp-content\/uploads\/2023\/08\/cropped-logo.png","width":230,"height":230,"caption":"Festival of Lights"},"image":{"@id":"https:\/\/festival-of-lights.de\/de\/#\/schema\/logo\/image\/"},"sameAs":["https:\/\/www.facebook.com\/FestivalOfLights","https:\/\/www.tiktok.com\/@berlinfestivaloflights","https:\/\/www.instagram.com\/berlinfestivaloflights"]}]}},"_links":{"self":[{"href":"https:\/\/festival-of-lights.de\/de\/wp-json\/wp\/v2\/pages\/41662","targetHints":{"allow":["GET"]}}],"collection":[{"href":"https:\/\/festival-of-lights.de\/de\/wp-json\/wp\/v2\/pages"}],"about":[{"href":"https:\/\/festival-of-lights.de\/de\/wp-json\/wp\/v2\/types\/page"}],"author":[{"embeddable":true,"href":"https:\/\/festival-of-lights.de\/de\/wp-json\/wp\/v2\/users\/2"}],"replies":[{"embeddable":true,"href":"https:\/\/festival-of-lights.de\/de\/wp-json\/wp\/v2\/comments?post=41662"}],"version-history":[{"count":144,"href":"https:\/\/festival-of-lights.de\/de\/wp-json\/wp\/v2\/pages\/41662\/revisions"}],"predecessor-version":[{"id":59397,"href":"https:\/\/festival-of-lights.de\/de\/wp-json\/wp\/v2\/pages\/41662\/revisions\/59397"}],"up":[{"embeddable":true,"href":"https:\/\/festival-of-lights.de\/de\/wp-json\/wp\/v2\/pages\/54346"}],"wp:attachment":[{"href":"https:\/\/festival-of-lights.de\/de\/wp-json\/wp\/v2\/media?parent=41662"}],"curies":[{"name":"wp","href":"https:\/\/api.w.org\/{rel}","templated":true}]}}