{"id":41802,"date":"2023-09-19T13:34:54","date_gmt":"2023-09-19T11:34:54","guid":{"rendered":"https:\/\/festival-of-lights.de\/?page_id=41802"},"modified":"2025-10-07T19:55:38","modified_gmt":"2025-10-07T17:55:38","slug":"das-center-am-potsdamer-platz","status":"publish","type":"page","link":"https:\/\/festival-of-lights.de\/de\/programm-2025\/das-center-am-potsdamer-platz\/","title":{"rendered":"Das Center am Potsdamer Platz"},"content":{"rendered":"<section class=\"module-spacer bg-bg-darkBlue pt-10 md:pt-14 xl:pt-20\">\n<\/section>\n\n<section class=\"bg-bg-darkBlue text-text-default\">\n  <div class=\"px-xs py-md text-headline dark:!bg-transparent\">\n    <div class=\"mx-auto max-w-screen-lg text-center aniMe\">\n      <h1 class='grayscale-overlay relative headline-element align-left text-h3 md:text-h2 xl:text-h1'>\n    \n    <span class='relative align-left text-h3 md:text-h2 xl:text-h1'>\n    <span class='absolute top-0 left-0 z-0 -translate-x-1\/2 -translate-y-1\/2 light w-[300px] h-[300px]'>\n    <svg class='w-full h-full ' xmlns='http:\/\/www.w3.org\/2000\/svg' width='542' height='542' viewBox='0 0 542 542' fill='none'>\n      <g filter='url(#filter0_f_569_1018)'>\n        <circle cx='271' cy='271' r='121' fill='#9AE8FF' fill-opacity='0.5'\/>\n      <\/g>\n      <defs>\n        <filter id='filter0_f_569_1018' x='0' y='0' width='542' height='542' filterUnits='userSpaceOnUse' color-interpolation-filters='sRGB'>\n          <feFlood flood-opacity='0' result='BackgroundImageFix'\/>\n          <feBlend mode='normal' in='SourceGraphic' in2='BackgroundImageFix' result='shape'\/>\n          <feGaussianBlur stdDeviation='75' result='effect1_foregroundBlur_569_1018'\/>\n        <\/filter>\n      <\/defs>\n    <\/svg>\n  <\/span>\n    29. Das Center am Potsdamer Platz<\/span>\n    <\/h1>    <\/div>\n          <div class=\"flex flex-wrap gap-2 justify-center mx-auto mt-4 max-w-screen-lg lg:gap-4 lg:mt-6 aniMe\">\n                        <\/div>\n      <\/div>\n<\/section>\n\n<section class=\"text-image bg-bg-darkBlue text-text-default\">\n    <div class=\"dark:!text-white dark:!bg-transparent\">\n        <div class=\"container mx-auto max-w-screen-xl px-xs py-md text-image\">\n            <div class=\"mx-auto items-center grid text-copy md:grid-cols-2 gap-x-10 align-left\">\n                                    <div class=\"text-image__image aniMe grayscale-mask relative mb-0 order-1 mt-4 md:mt-8\"> \n                        <img loading=\"lazy\" decoding=\"async\" width=\"626\" height=\"1024\" src=\"https:\/\/festival-of-lights.de\/wp-content\/uploads\/2025\/10\/Programm-Kachel2-626x1024.png\" class=\"z-10 grayscale-overlay\" alt=\"\" srcset=\"https:\/\/festival-of-lights.de\/wp-content\/uploads\/2025\/10\/Programm-Kachel2-626x1024.png 626w, https:\/\/festival-of-lights.de\/wp-content\/uploads\/2025\/10\/Programm-Kachel2-183x300.png 183w, https:\/\/festival-of-lights.de\/wp-content\/uploads\/2025\/10\/Programm-Kachel2-768x1257.png 768w, https:\/\/festival-of-lights.de\/wp-content\/uploads\/2025\/10\/Programm-Kachel2-939x1536.png 939w, https:\/\/festival-of-lights.de\/wp-content\/uploads\/2025\/10\/Programm-Kachel2-758x1240.png 758w, https:\/\/festival-of-lights.de\/wp-content\/uploads\/2025\/10\/Programm-Kachel2.png 1100w\" sizes=\"auto, (max-width: 626px) 100vw, 626px\" \/>                    <\/div>                 <div class=\"text-image__col1 py-4 lg:py-10 aniMe flex flex-col left\">\n                    <h3 class='grayscale-overlay relative headline-element align-left mb-4 md:mb-8'>\n    \n    <span class='relative align-left mb-4 md:mb-8'>\n    <span class='absolute top-0 left-0 z-0 -translate-x-1\/2 -translate-y-1\/2 light w-[300px] h-[300px]'>\n    <svg class='w-full h-full ' xmlns='http:\/\/www.w3.org\/2000\/svg' width='542' height='542' viewBox='0 0 542 542' fill='none'>\n      <g filter='url(#filter0_f_569_1018)'>\n        <circle cx='271' cy='271' r='121' fill='#9AE8FF' fill-opacity='0.5'\/>\n      <\/g>\n      <defs>\n        <filter id='filter0_f_569_1018' x='0' y='0' width='542' height='542' filterUnits='userSpaceOnUse' color-interpolation-filters='sRGB'>\n          <feFlood flood-opacity='0' result='BackgroundImageFix'\/>\n          <feBlend mode='normal' in='SourceGraphic' in2='BackgroundImageFix' result='shape'\/>\n          <feGaussianBlur stdDeviation='75' result='effect1_foregroundBlur_569_1018'\/>\n        <\/filter>\n      <\/defs>\n    <\/svg>\n  <\/span>\n    Installations \u201eHowler\u201c, \u201eSnapper\u201c und \u201eBezerker&#8220;<\/span>\n    <\/h3><div class='text-element align-left '><p>Das Center am Potsdamer Platz (ehemals Sony Center) zeigt beim Festival of Lights drei leuchtende Fantasiefiguren des britischen K\u00fcnstlerduos Filthy Luker &amp; Pedro Estrellas. Luke Egan (Filthy Luker) und Pete Hamilton (Pedro Estrellas) gestalten seit \u00fcber 20 Jahren lebendige, oft humorvolle Street Art im urbanen Raum.<br \/>\nMit \u201eHowler\u201c, \u201eSnapper\u201c und \u201eBezerker\u201c bringen sie ihre verspielte Kunst nach Berlin und verwandeln das Center in ein magisches Spiel aus Licht, Form und Farbe.<\/p>\n<\/div>                <\/div>\n            <\/div>\n        <\/div>\n    <\/div>\n<\/section>\n\n<section class=\"bg-bg-darkBlue text-text-default\">\n  <div class=\"px-xs text-paragraph py-md text-copy dark:!bg-transparent\">\n          <div class=\"mx-auto max-w-screen-md\">\n        <div class='text-element align-left aniMe'><h3 style=\"text-align: center;\">Pr\u00e4sentiert von Das Center am Potsdamer Platz<\/h3>\n<\/div>        \n            <\/div> <!-- end max-w-screen container -->\n    <\/div>\n<\/section>\n\n<section class=\"module-spacer bg-bg-darkBlue pt-5 md:pt-7 xl:pt-10\">\n<\/section>\n\n\n<section class=\"bg-bg-darkBlue text-text-default\">\n    <div class=\"dark:!bg-transparent\">\n                    <div class=\"flex flex-col items-center justify-center mx-auto md:flex-row gap-y-12 md:gap-y-0 gap-x-12 lg:gap-x-16 xl:gap-x-20 max-w-content pb-md lg:pb-2xl\">\n                                                    <a target=\"\" href=\"https:\/\/maps.app.goo.gl\/DvpSozaxx1huqbXm9\">\n                                        <div class=\"aniMe icon flex flex-col  items-center justify-center text-center h-full md:h-[90px]\"> \n                            <div class=\"w-full h-full\">\n                                <img loading=\"lazy\" decoding=\"async\" width=\"70\" height=\"70\" src=\"https:\/\/festival-of-lights.de\/wp-content\/uploads\/2023\/09\/icon_where-pubikr09vig5jz37lx0v0wfv3p3o9xq937l5xa4egs.png\" class=\"z-10 grayscale-overlay object-contain w-full h-full\" alt=\"\" \/> \n                            <\/div>\n                                                            <span class=\" text-xl font-bold icon-text-default icon mt-6  icon__btn \">Potsdamer Str. 2, 10785 Berlin<\/span>\n                                                    <\/div>\n                                    <\/a>\n                                            <\/div>\n        \n    <\/div>\n<\/section>\n\n<section class=\"bg-bg-darkBlue text-text-default\">\n  <div class=\"px-xs text-paragraph py-md text-copy dark:!bg-transparent\">\n          <div class=\"mx-auto max-w-screen-md\">\n        <div class='text-element align-left aniMe'><p><font size=\"3\"><strong>BITTE BEACHTEN<\/strong><\/p>\n<p><em>Sie k\u00f6nnen diese Installation gerne f\u00fcr den pers\u00f6nlichen Gebrauch fotografieren. Wir m\u00f6chten Sie jedoch darauf hinweisen, dass die kommerzielle Nutzung von Fotos und Filmen der Installation ohne unsere Genehmigung strengstens untersagt ist. Wir danken Ihnen.<\/em><\/font><\/p>\n<\/div>        \n            <\/div> <!-- end max-w-screen container -->\n    <\/div>\n<\/section>\n\n<section class=\"text-image bg-bg-darkBlue text-text-default\">\n    <div class=\"dark:!text-white dark:!bg-transparent\">\n        <div class=\"container mx-auto max-w-screen-xl px-xs py-md text-image\">\n            <div class=\"mx-auto items-center grid text-copy md:grid-cols-2 gap-x-10 align-left\">\n                                    <div class=\"text-image__image aniMe grayscale-mask relative mb-0 order-2 md:order-[unset] mt-4 md:mt-8\"> \n                                            <\/div>                 <div class=\"text-image__col1 py-4 lg:py-10 aniMe flex flex-col right\">\n                    <div class='text-element align-left '><\/div>        <a target=\"\" href=\"https:\/\/festival-of-lights.de\/de\/programm-2025\/\" class=\"flex items-center gap-xs btn-primary mt-10 z-[999999]\">\n            <svg xmlns=\"http:\/\/www.w3.org\/2000\/svg\" width=\"23\" height=\"16\" viewBox=\"0 0 23 16\" fill=\"none\">\n                <path class=\"transition duration-300 ease-in-out\" d=\"M21.8863 8.70711C22.2769 8.31658 22.2769 7.68342 21.8863 7.29289L15.5224 0.928932C15.1318 0.538408 14.4987 0.538408 14.1082 0.928932C13.7176 1.31946 13.7176 1.95262 14.1082 2.34315L19.765 8L14.1082 13.6569C13.7176 14.0474 13.7176 14.6805 14.1082 15.0711C14.4987 15.4616 15.1318 15.4616 15.5224 15.0711L21.8863 8.70711ZM0 9H21.1792V7H0V9Z\" fill=\"black\"\/>\n            <\/svg>\n            ZUR\u00dcCK ZUM PROGRAMM 2025        <\/a>\n                        <\/div>\n            <\/div>\n        <\/div>\n    <\/div>\n<\/section>\n\n<section class=\"module-spacer bg-bg-darkBlue pt-10 md:pt-14 xl:pt-20\">\n<\/section>","protected":false},"excerpt":{"rendered":"","protected":false},"author":2,"featured_media":0,"parent":54346,"menu_order":0,"comment_status":"closed","ping_status":"closed","template":"","meta":{"_acf_changed":false,"footnotes":""},"class_list":["post-41802","page","type-page","status-publish","hentry"],"acf":[],"yoast_head":"<!-- This site is optimized with the Yoast SEO plugin v25.6 - https:\/\/yoast.com\/wordpress\/plugins\/seo\/ -->\n<title>Das Center am Potsdamer Platz - Festival of Lights<\/title>\n<meta name=\"robots\" content=\"index, follow, max-snippet:-1, max-image-preview:large, max-video-preview:-1\" \/>\n<link rel=\"canonical\" href=\"https:\/\/festival-of-lights.de\/de\/programm-2025\/das-center-am-potsdamer-platz\/\" \/>\n<meta property=\"og:locale\" content=\"de_DE\" \/>\n<meta property=\"og:type\" content=\"article\" \/>\n<meta property=\"og:title\" content=\"Das Center am Potsdamer Platz - Festival of Lights\" \/>\n<meta property=\"og:url\" content=\"https:\/\/festival-of-lights.de\/de\/programm-2025\/das-center-am-potsdamer-platz\/\" \/>\n<meta property=\"og:site_name\" content=\"Festival of Lights\" \/>\n<meta property=\"article:publisher\" content=\"https:\/\/www.facebook.com\/FestivalOfLights\" \/>\n<meta property=\"article:modified_time\" content=\"2025-10-07T17:55:38+00:00\" \/>\n<meta name=\"twitter:card\" content=\"summary_large_image\" \/>\n<script type=\"application\/ld+json\" class=\"yoast-schema-graph\">{\"@context\":\"https:\/\/schema.org\",\"@graph\":[{\"@type\":\"WebPage\",\"@id\":\"https:\/\/festival-of-lights.de\/de\/programm-2025\/das-center-am-potsdamer-platz\/\",\"url\":\"https:\/\/festival-of-lights.de\/de\/programm-2025\/das-center-am-potsdamer-platz\/\",\"name\":\"Das Center am Potsdamer Platz - Festival of Lights\",\"isPartOf\":{\"@id\":\"https:\/\/festival-of-lights.de\/de\/#website\"},\"datePublished\":\"2023-09-19T11:34:54+00:00\",\"dateModified\":\"2025-10-07T17:55:38+00:00\",\"breadcrumb\":{\"@id\":\"https:\/\/festival-of-lights.de\/de\/programm-2025\/das-center-am-potsdamer-platz\/#breadcrumb\"},\"inLanguage\":\"de\",\"potentialAction\":[{\"@type\":\"ReadAction\",\"target\":[\"https:\/\/festival-of-lights.de\/de\/programm-2025\/das-center-am-potsdamer-platz\/\"]}]},{\"@type\":\"BreadcrumbList\",\"@id\":\"https:\/\/festival-of-lights.de\/de\/programm-2025\/das-center-am-potsdamer-platz\/#breadcrumb\",\"itemListElement\":[{\"@type\":\"ListItem\",\"position\":1,\"name\":\"Startseite\",\"item\":\"https:\/\/festival-of-lights.de\/de\/\"},{\"@type\":\"ListItem\",\"position\":2,\"name\":\"Programm 2025\",\"item\":\"https:\/\/festival-of-lights.de\/de\/programm-2025\/\"},{\"@type\":\"ListItem\",\"position\":3,\"name\":\"Das Center am Potsdamer Platz\"}]},{\"@type\":\"WebSite\",\"@id\":\"https:\/\/festival-of-lights.de\/de\/#website\",\"url\":\"https:\/\/festival-of-lights.de\/de\/\",\"name\":\"Festival of Lights Berlin\",\"description\":\"\",\"publisher\":{\"@id\":\"https:\/\/festival-of-lights.de\/de\/#organization\"},\"potentialAction\":[{\"@type\":\"SearchAction\",\"target\":{\"@type\":\"EntryPoint\",\"urlTemplate\":\"https:\/\/festival-of-lights.de\/de\/?s={search_term_string}\"},\"query-input\":{\"@type\":\"PropertyValueSpecification\",\"valueRequired\":true,\"valueName\":\"search_term_string\"}}],\"inLanguage\":\"de\"},{\"@type\":\"Organization\",\"@id\":\"https:\/\/festival-of-lights.de\/de\/#organization\",\"name\":\"Festival of Lights\",\"url\":\"https:\/\/festival-of-lights.de\/de\/\",\"logo\":{\"@type\":\"ImageObject\",\"inLanguage\":\"de\",\"@id\":\"https:\/\/festival-of-lights.de\/de\/#\/schema\/logo\/image\/\",\"url\":\"https:\/\/festival-of-lights.de\/wp-content\/uploads\/2023\/08\/cropped-logo.png\",\"contentUrl\":\"https:\/\/festival-of-lights.de\/wp-content\/uploads\/2023\/08\/cropped-logo.png\",\"width\":230,\"height\":230,\"caption\":\"Festival of Lights\"},\"image\":{\"@id\":\"https:\/\/festival-of-lights.de\/de\/#\/schema\/logo\/image\/\"},\"sameAs\":[\"https:\/\/www.facebook.com\/FestivalOfLights\",\"https:\/\/www.tiktok.com\/@berlinfestivaloflights\",\"https:\/\/www.instagram.com\/berlinfestivaloflights\"]}]}<\/script>\n<!-- \/ Yoast SEO plugin. -->","yoast_head_json":{"title":"Das Center am Potsdamer Platz - Festival of Lights","robots":{"index":"index","follow":"follow","max-snippet":"max-snippet:-1","max-image-preview":"max-image-preview:large","max-video-preview":"max-video-preview:-1"},"canonical":"https:\/\/festival-of-lights.de\/de\/programm-2025\/das-center-am-potsdamer-platz\/","og_locale":"de_DE","og_type":"article","og_title":"Das Center am Potsdamer Platz - Festival of Lights","og_url":"https:\/\/festival-of-lights.de\/de\/programm-2025\/das-center-am-potsdamer-platz\/","og_site_name":"Festival of Lights","article_publisher":"https:\/\/www.facebook.com\/FestivalOfLights","article_modified_time":"2025-10-07T17:55:38+00:00","twitter_card":"summary_large_image","schema":{"@context":"https:\/\/schema.org","@graph":[{"@type":"WebPage","@id":"https:\/\/festival-of-lights.de\/de\/programm-2025\/das-center-am-potsdamer-platz\/","url":"https:\/\/festival-of-lights.de\/de\/programm-2025\/das-center-am-potsdamer-platz\/","name":"Das Center am Potsdamer Platz - Festival of Lights","isPartOf":{"@id":"https:\/\/festival-of-lights.de\/de\/#website"},"datePublished":"2023-09-19T11:34:54+00:00","dateModified":"2025-10-07T17:55:38+00:00","breadcrumb":{"@id":"https:\/\/festival-of-lights.de\/de\/programm-2025\/das-center-am-potsdamer-platz\/#breadcrumb"},"inLanguage":"de","potentialAction":[{"@type":"ReadAction","target":["https:\/\/festival-of-lights.de\/de\/programm-2025\/das-center-am-potsdamer-platz\/"]}]},{"@type":"BreadcrumbList","@id":"https:\/\/festival-of-lights.de\/de\/programm-2025\/das-center-am-potsdamer-platz\/#breadcrumb","itemListElement":[{"@type":"ListItem","position":1,"name":"Startseite","item":"https:\/\/festival-of-lights.de\/de\/"},{"@type":"ListItem","position":2,"name":"Programm 2025","item":"https:\/\/festival-of-lights.de\/de\/programm-2025\/"},{"@type":"ListItem","position":3,"name":"Das Center am Potsdamer Platz"}]},{"@type":"WebSite","@id":"https:\/\/festival-of-lights.de\/de\/#website","url":"https:\/\/festival-of-lights.de\/de\/","name":"Festival of Lights Berlin","description":"","publisher":{"@id":"https:\/\/festival-of-lights.de\/de\/#organization"},"potentialAction":[{"@type":"SearchAction","target":{"@type":"EntryPoint","urlTemplate":"https:\/\/festival-of-lights.de\/de\/?s={search_term_string}"},"query-input":{"@type":"PropertyValueSpecification","valueRequired":true,"valueName":"search_term_string"}}],"inLanguage":"de"},{"@type":"Organization","@id":"https:\/\/festival-of-lights.de\/de\/#organization","name":"Festival of Lights","url":"https:\/\/festival-of-lights.de\/de\/","logo":{"@type":"ImageObject","inLanguage":"de","@id":"https:\/\/festival-of-lights.de\/de\/#\/schema\/logo\/image\/","url":"https:\/\/festival-of-lights.de\/wp-content\/uploads\/2023\/08\/cropped-logo.png","contentUrl":"https:\/\/festival-of-lights.de\/wp-content\/uploads\/2023\/08\/cropped-logo.png","width":230,"height":230,"caption":"Festival of Lights"},"image":{"@id":"https:\/\/festival-of-lights.de\/de\/#\/schema\/logo\/image\/"},"sameAs":["https:\/\/www.facebook.com\/FestivalOfLights","https:\/\/www.tiktok.com\/@berlinfestivaloflights","https:\/\/www.instagram.com\/berlinfestivaloflights"]}]}},"_links":{"self":[{"href":"https:\/\/festival-of-lights.de\/de\/wp-json\/wp\/v2\/pages\/41802","targetHints":{"allow":["GET"]}}],"collection":[{"href":"https:\/\/festival-of-lights.de\/de\/wp-json\/wp\/v2\/pages"}],"about":[{"href":"https:\/\/festival-of-lights.de\/de\/wp-json\/wp\/v2\/types\/page"}],"author":[{"embeddable":true,"href":"https:\/\/festival-of-lights.de\/de\/wp-json\/wp\/v2\/users\/2"}],"replies":[{"embeddable":true,"href":"https:\/\/festival-of-lights.de\/de\/wp-json\/wp\/v2\/comments?post=41802"}],"version-history":[{"count":36,"href":"https:\/\/festival-of-lights.de\/de\/wp-json\/wp\/v2\/pages\/41802\/revisions"}],"predecessor-version":[{"id":58789,"href":"https:\/\/festival-of-lights.de\/de\/wp-json\/wp\/v2\/pages\/41802\/revisions\/58789"}],"up":[{"embeddable":true,"href":"https:\/\/festival-of-lights.de\/de\/wp-json\/wp\/v2\/pages\/54346"}],"wp:attachment":[{"href":"https:\/\/festival-of-lights.de\/de\/wp-json\/wp\/v2\/media?parent=41802"}],"curies":[{"name":"wp","href":"https:\/\/api.w.org\/{rel}","templated":true}]}}