{"id":45224,"date":"2023-10-05T09:46:55","date_gmt":"2023-10-05T07:46:55","guid":{"rendered":"https:\/\/festival-of-lights.de\/?page_id=45224"},"modified":"2025-10-13T17:50:55","modified_gmt":"2025-10-13T15:50:55","slug":"susan-gurnee","status":"publish","type":"page","link":"https:\/\/festival-of-lights.de\/de\/programm-2025\/susan-gurnee\/","title":{"rendered":"Susan Gurnee"},"content":{"rendered":"<section class=\"module-spacer bg-bg-darkBlue pt-10 md:pt-14 xl:pt-20\">\n<\/section>\n\n<section class=\"bg-bg-darkBlue text-text-default\">\n  <div class=\"px-xs py-md text-headline dark:!bg-transparent\">\n    <div class=\"mx-auto max-w-screen-lg text-center aniMe\">\n      <h1 class='grayscale-overlay relative headline-element align-left text-h3 md:text-h2 xl:text-h1'>\n    \n    <span class='relative align-left text-h3 md:text-h2 xl:text-h1'>\n    <span class='absolute top-0 left-0 z-0 -translate-x-1\/2 -translate-y-1\/2 light w-[300px] h-[300px]'>\n    <svg class='w-full h-full ' xmlns='http:\/\/www.w3.org\/2000\/svg' width='542' height='542' viewBox='0 0 542 542' fill='none'>\n      <g filter='url(#filter0_f_569_1018)'>\n        <circle cx='271' cy='271' r='121' fill='#9AE8FF' fill-opacity='0.5'\/>\n      <\/g>\n      <defs>\n        <filter id='filter0_f_569_1018' x='0' y='0' width='542' height='542' filterUnits='userSpaceOnUse' color-interpolation-filters='sRGB'>\n          <feFlood flood-opacity='0' result='BackgroundImageFix'\/>\n          <feBlend mode='normal' in='SourceGraphic' in2='BackgroundImageFix' result='shape'\/>\n          <feGaussianBlur stdDeviation='75' result='effect1_foregroundBlur_569_1018'\/>\n        <\/filter>\n      <\/defs>\n    <\/svg>\n  <\/span>\n    Susan Gurnee<\/span>\n    <\/h1>    <\/div>\n          <div class=\"flex flex-wrap gap-2 justify-center mx-auto mt-4 max-w-screen-lg lg:gap-4 lg:mt-6 aniMe\">\n                        <\/div>\n      <\/div>\n<\/section>\n\n<section class=\"text-image bg-bg-darkBlue text-text-default\">\n    <div class=\"dark:!text-white dark:!bg-transparent\">\n        <div class=\"container mx-auto max-w-screen-xl px-xs py-md text-image\">\n            <div class=\"mx-auto items-center grid text-copy md:grid-cols-2 gap-x-10 align-left\">\n                                    <div class=\"text-image__image aniMe grayscale-mask relative mb-0 order-1 mt-4 md:mt-8\"> \n                        <img loading=\"lazy\" decoding=\"async\" width=\"1024\" height=\"576\" src=\"https:\/\/festival-of-lights.de\/wp-content\/uploads\/2025\/10\/Susan-Gurnee-1024x576.jpg\" class=\"z-10 grayscale-overlay\" alt=\"\" srcset=\"https:\/\/festival-of-lights.de\/wp-content\/uploads\/2025\/10\/Susan-Gurnee-1024x576.jpg 1024w, https:\/\/festival-of-lights.de\/wp-content\/uploads\/2025\/10\/Susan-Gurnee-300x169.jpg 300w, https:\/\/festival-of-lights.de\/wp-content\/uploads\/2025\/10\/Susan-Gurnee-768x432.jpg 768w, https:\/\/festival-of-lights.de\/wp-content\/uploads\/2025\/10\/Susan-Gurnee-1536x864.jpg 1536w, https:\/\/festival-of-lights.de\/wp-content\/uploads\/2025\/10\/Susan-Gurnee-1900x1069.jpg 1900w, https:\/\/festival-of-lights.de\/wp-content\/uploads\/2025\/10\/Susan-Gurnee-1240x698.jpg 1240w, https:\/\/festival-of-lights.de\/wp-content\/uploads\/2025\/10\/Susan-Gurnee.jpg 1920w\" sizes=\"auto, (max-width: 1024px) 100vw, 1024px\" \/>                    <\/div>                 <div class=\"text-image__col1 py-4 lg:py-10 aniMe flex flex-col left\">\n                    <h3 class='grayscale-overlay relative headline-element align-left mb-4 md:mb-8'>\n    \n    <span class='relative align-left mb-4 md:mb-8'>\n    <span class='absolute top-0 left-0 z-0 -translate-x-1\/2 -translate-y-1\/2 light w-[300px] h-[300px]'>\n    <svg class='w-full h-full ' xmlns='http:\/\/www.w3.org\/2000\/svg' width='542' height='542' viewBox='0 0 542 542' fill='none'>\n      <g filter='url(#filter0_f_569_1018)'>\n        <circle cx='271' cy='271' r='121' fill='#9AE8FF' fill-opacity='0.5'\/>\n      <\/g>\n      <defs>\n        <filter id='filter0_f_569_1018' x='0' y='0' width='542' height='542' filterUnits='userSpaceOnUse' color-interpolation-filters='sRGB'>\n          <feFlood flood-opacity='0' result='BackgroundImageFix'\/>\n          <feBlend mode='normal' in='SourceGraphic' in2='BackgroundImageFix' result='shape'\/>\n          <feGaussianBlur stdDeviation='75' result='effect1_foregroundBlur_569_1018'\/>\n        <\/filter>\n      <\/defs>\n    <\/svg>\n  <\/span>\n    USA<\/span>\n    <\/h3><div class='text-element align-left '><p>Als B\u00fchnenbildnerin hat sie mehr als ein Jahrzehnt lang Kunstwerke f\u00fcr Spielfilme und das Fernsehen gestaltet. Die Larson Company in Tucson beauftragte Sue Gurnee, die zweieinhalb Jahre lang die 17.500 Quadratmeter Hintergrundbilder f\u00fcr die JungleWorld-Ausstellung im Bronx Zoo malte.<\/p>\n<p>Ihre Resonanzbilder h\u00e4ngen in privaten und \u00f6ffentlichen Sammlungen und in 13 Museen.<\/p>\n<p>Ken Johnson von der New York Times verglich ihre Arbeit mit Kandinsky und w\u00e4hlte ihre Serie &#8222;Fulgent Cadences&#8220; aus, um sie w\u00e4hrend der Art Week NYC zu rezensieren und vorzustellen. Susan ist Mitglied des National Arts Club in New York City.<\/p>\n<p>Ihre Kunstwerke wurden bereits w\u00e4hrend des Festival of Lights auf den Berliner Dom, das Brandenburger Tor, den Fernsehturm, die Oberbaumbr\u00fccke und das Bode-Museum projiziert. Wir sind stolz darauf, dass sie in diesem Jahr mit neuen Werken f\u00fcr das Brandenburger Tor, das Hotel de Rome, den Berliner Dom, den Fernsehturm, der Oberbaumbr\u00fccke und das Schloss Charlottenburg wieder mit dabei ist.<\/p>\n<\/div>        <a target=\"\" href=\"http:\/\/www.susangurnee.com\" class=\"flex items-center gap-xs btn-primary mt-10 z-[999999]\">\n            <svg xmlns=\"http:\/\/www.w3.org\/2000\/svg\" width=\"23\" height=\"16\" viewBox=\"0 0 23 16\" fill=\"none\">\n                <path class=\"transition duration-300 ease-in-out\" d=\"M21.8863 8.70711C22.2769 8.31658 22.2769 7.68342 21.8863 7.29289L15.5224 0.928932C15.1318 0.538408 14.4987 0.538408 14.1082 0.928932C13.7176 1.31946 13.7176 1.95262 14.1082 2.34315L19.765 8L14.1082 13.6569C13.7176 14.0474 13.7176 14.6805 14.1082 15.0711C14.4987 15.4616 15.1318 15.4616 15.5224 15.0711L21.8863 8.70711ZM0 9H21.1792V7H0V9Z\" fill=\"black\"\/>\n            <\/svg>\n            Zur Webseite        <\/a>\n                        <\/div>\n            <\/div>\n        <\/div>\n    <\/div>\n<\/section>\n\n<section class=\"module-spacer bg-bg-darkBlue pt-5 md:pt-7 xl:pt-10\">\n<\/section>\n\n\n<section class=\"bg-bg-darkBlue text-text-default\">\n    <div class=\"dark:!bg-transparent\">\n        \n    <\/div>\n<\/section>\n\n<section class=\"module-spacer bg-bg-darkBlue pt-5 md:pt-7 xl:pt-10\">\n<\/section>\n\n<section class=\"bg-bg-darkBlue text-text-default\">\n  <div class=\"px-xs text-paragraph py-md text-copy dark:!bg-transparent\">\n          <div class=\"mx-auto max-w-screen-md\">\n        <div class='text-element align-left aniMe'><p><span style=\"font-size: medium;\"><strong>BITTE BEACHTEN<\/strong><\/span><\/p>\n<p><em>Sie k\u00f6nnen diese Installation gerne f\u00fcr den pers\u00f6nlichen Gebrauch fotografieren. Wir m\u00f6chten Sie jedoch darauf hinweisen, dass die kommerzielle Nutzung von Fotos und Filmen der Installation ohne unsere Genehmigung strengstens untersagt ist. Wir danken Ihnen.<\/em><\/p>\n<\/div>        \n            <\/div> <!-- end max-w-screen container -->\n    <\/div>\n<\/section>\n\n<section class=\"module-spacer bg-bg-darkBlue pt-10 md:pt-14 xl:pt-20\">\n<\/section>","protected":false},"excerpt":{"rendered":"","protected":false},"author":2,"featured_media":0,"parent":54346,"menu_order":0,"comment_status":"closed","ping_status":"closed","template":"","meta":{"_acf_changed":false,"footnotes":""},"class_list":["post-45224","page","type-page","status-publish","hentry"],"acf":[],"yoast_head":"<!-- This site is optimized with the Yoast SEO plugin v25.6 - https:\/\/yoast.com\/wordpress\/plugins\/seo\/ -->\n<title>Susan Gurnee - Festival of Lights<\/title>\n<meta name=\"robots\" content=\"index, follow, max-snippet:-1, max-image-preview:large, max-video-preview:-1\" \/>\n<link rel=\"canonical\" href=\"https:\/\/festival-of-lights.de\/de\/programm-2025\/susan-gurnee\/\" \/>\n<meta property=\"og:locale\" content=\"de_DE\" \/>\n<meta property=\"og:type\" content=\"article\" \/>\n<meta property=\"og:title\" content=\"Susan Gurnee - Festival of Lights\" \/>\n<meta property=\"og:url\" content=\"https:\/\/festival-of-lights.de\/de\/programm-2025\/susan-gurnee\/\" \/>\n<meta property=\"og:site_name\" content=\"Festival of Lights\" \/>\n<meta property=\"article:publisher\" content=\"https:\/\/www.facebook.com\/FestivalOfLights\" \/>\n<meta property=\"article:modified_time\" content=\"2025-10-13T15:50:55+00:00\" \/>\n<meta name=\"twitter:card\" content=\"summary_large_image\" \/>\n<script type=\"application\/ld+json\" class=\"yoast-schema-graph\">{\"@context\":\"https:\/\/schema.org\",\"@graph\":[{\"@type\":\"WebPage\",\"@id\":\"https:\/\/festival-of-lights.de\/de\/programm-2025\/susan-gurnee\/\",\"url\":\"https:\/\/festival-of-lights.de\/de\/programm-2025\/susan-gurnee\/\",\"name\":\"Susan Gurnee - Festival of Lights\",\"isPartOf\":{\"@id\":\"https:\/\/festival-of-lights.de\/de\/#website\"},\"datePublished\":\"2023-10-05T07:46:55+00:00\",\"dateModified\":\"2025-10-13T15:50:55+00:00\",\"breadcrumb\":{\"@id\":\"https:\/\/festival-of-lights.de\/de\/programm-2025\/susan-gurnee\/#breadcrumb\"},\"inLanguage\":\"de\",\"potentialAction\":[{\"@type\":\"ReadAction\",\"target\":[\"https:\/\/festival-of-lights.de\/de\/programm-2025\/susan-gurnee\/\"]}]},{\"@type\":\"BreadcrumbList\",\"@id\":\"https:\/\/festival-of-lights.de\/de\/programm-2025\/susan-gurnee\/#breadcrumb\",\"itemListElement\":[{\"@type\":\"ListItem\",\"position\":1,\"name\":\"Startseite\",\"item\":\"https:\/\/festival-of-lights.de\/de\/\"},{\"@type\":\"ListItem\",\"position\":2,\"name\":\"Programm 2025\",\"item\":\"https:\/\/festival-of-lights.de\/de\/programm-2025\/\"},{\"@type\":\"ListItem\",\"position\":3,\"name\":\"Susan Gurnee\"}]},{\"@type\":\"WebSite\",\"@id\":\"https:\/\/festival-of-lights.de\/de\/#website\",\"url\":\"https:\/\/festival-of-lights.de\/de\/\",\"name\":\"Festival of Lights Berlin\",\"description\":\"\",\"publisher\":{\"@id\":\"https:\/\/festival-of-lights.de\/de\/#organization\"},\"potentialAction\":[{\"@type\":\"SearchAction\",\"target\":{\"@type\":\"EntryPoint\",\"urlTemplate\":\"https:\/\/festival-of-lights.de\/de\/?s={search_term_string}\"},\"query-input\":{\"@type\":\"PropertyValueSpecification\",\"valueRequired\":true,\"valueName\":\"search_term_string\"}}],\"inLanguage\":\"de\"},{\"@type\":\"Organization\",\"@id\":\"https:\/\/festival-of-lights.de\/de\/#organization\",\"name\":\"Festival of Lights\",\"url\":\"https:\/\/festival-of-lights.de\/de\/\",\"logo\":{\"@type\":\"ImageObject\",\"inLanguage\":\"de\",\"@id\":\"https:\/\/festival-of-lights.de\/de\/#\/schema\/logo\/image\/\",\"url\":\"https:\/\/festival-of-lights.de\/wp-content\/uploads\/2023\/08\/cropped-logo.png\",\"contentUrl\":\"https:\/\/festival-of-lights.de\/wp-content\/uploads\/2023\/08\/cropped-logo.png\",\"width\":230,\"height\":230,\"caption\":\"Festival of Lights\"},\"image\":{\"@id\":\"https:\/\/festival-of-lights.de\/de\/#\/schema\/logo\/image\/\"},\"sameAs\":[\"https:\/\/www.facebook.com\/FestivalOfLights\",\"https:\/\/www.tiktok.com\/@berlinfestivaloflights\",\"https:\/\/www.instagram.com\/berlinfestivaloflights\"]}]}<\/script>\n<!-- \/ Yoast SEO plugin. -->","yoast_head_json":{"title":"Susan Gurnee - Festival of Lights","robots":{"index":"index","follow":"follow","max-snippet":"max-snippet:-1","max-image-preview":"max-image-preview:large","max-video-preview":"max-video-preview:-1"},"canonical":"https:\/\/festival-of-lights.de\/de\/programm-2025\/susan-gurnee\/","og_locale":"de_DE","og_type":"article","og_title":"Susan Gurnee - Festival of Lights","og_url":"https:\/\/festival-of-lights.de\/de\/programm-2025\/susan-gurnee\/","og_site_name":"Festival of Lights","article_publisher":"https:\/\/www.facebook.com\/FestivalOfLights","article_modified_time":"2025-10-13T15:50:55+00:00","twitter_card":"summary_large_image","schema":{"@context":"https:\/\/schema.org","@graph":[{"@type":"WebPage","@id":"https:\/\/festival-of-lights.de\/de\/programm-2025\/susan-gurnee\/","url":"https:\/\/festival-of-lights.de\/de\/programm-2025\/susan-gurnee\/","name":"Susan Gurnee - Festival of Lights","isPartOf":{"@id":"https:\/\/festival-of-lights.de\/de\/#website"},"datePublished":"2023-10-05T07:46:55+00:00","dateModified":"2025-10-13T15:50:55+00:00","breadcrumb":{"@id":"https:\/\/festival-of-lights.de\/de\/programm-2025\/susan-gurnee\/#breadcrumb"},"inLanguage":"de","potentialAction":[{"@type":"ReadAction","target":["https:\/\/festival-of-lights.de\/de\/programm-2025\/susan-gurnee\/"]}]},{"@type":"BreadcrumbList","@id":"https:\/\/festival-of-lights.de\/de\/programm-2025\/susan-gurnee\/#breadcrumb","itemListElement":[{"@type":"ListItem","position":1,"name":"Startseite","item":"https:\/\/festival-of-lights.de\/de\/"},{"@type":"ListItem","position":2,"name":"Programm 2025","item":"https:\/\/festival-of-lights.de\/de\/programm-2025\/"},{"@type":"ListItem","position":3,"name":"Susan Gurnee"}]},{"@type":"WebSite","@id":"https:\/\/festival-of-lights.de\/de\/#website","url":"https:\/\/festival-of-lights.de\/de\/","name":"Festival of Lights Berlin","description":"","publisher":{"@id":"https:\/\/festival-of-lights.de\/de\/#organization"},"potentialAction":[{"@type":"SearchAction","target":{"@type":"EntryPoint","urlTemplate":"https:\/\/festival-of-lights.de\/de\/?s={search_term_string}"},"query-input":{"@type":"PropertyValueSpecification","valueRequired":true,"valueName":"search_term_string"}}],"inLanguage":"de"},{"@type":"Organization","@id":"https:\/\/festival-of-lights.de\/de\/#organization","name":"Festival of Lights","url":"https:\/\/festival-of-lights.de\/de\/","logo":{"@type":"ImageObject","inLanguage":"de","@id":"https:\/\/festival-of-lights.de\/de\/#\/schema\/logo\/image\/","url":"https:\/\/festival-of-lights.de\/wp-content\/uploads\/2023\/08\/cropped-logo.png","contentUrl":"https:\/\/festival-of-lights.de\/wp-content\/uploads\/2023\/08\/cropped-logo.png","width":230,"height":230,"caption":"Festival of Lights"},"image":{"@id":"https:\/\/festival-of-lights.de\/de\/#\/schema\/logo\/image\/"},"sameAs":["https:\/\/www.facebook.com\/FestivalOfLights","https:\/\/www.tiktok.com\/@berlinfestivaloflights","https:\/\/www.instagram.com\/berlinfestivaloflights"]}]}},"_links":{"self":[{"href":"https:\/\/festival-of-lights.de\/de\/wp-json\/wp\/v2\/pages\/45224","targetHints":{"allow":["GET"]}}],"collection":[{"href":"https:\/\/festival-of-lights.de\/de\/wp-json\/wp\/v2\/pages"}],"about":[{"href":"https:\/\/festival-of-lights.de\/de\/wp-json\/wp\/v2\/types\/page"}],"author":[{"embeddable":true,"href":"https:\/\/festival-of-lights.de\/de\/wp-json\/wp\/v2\/users\/2"}],"replies":[{"embeddable":true,"href":"https:\/\/festival-of-lights.de\/de\/wp-json\/wp\/v2\/comments?post=45224"}],"version-history":[{"count":23,"href":"https:\/\/festival-of-lights.de\/de\/wp-json\/wp\/v2\/pages\/45224\/revisions"}],"predecessor-version":[{"id":59305,"href":"https:\/\/festival-of-lights.de\/de\/wp-json\/wp\/v2\/pages\/45224\/revisions\/59305"}],"up":[{"embeddable":true,"href":"https:\/\/festival-of-lights.de\/de\/wp-json\/wp\/v2\/pages\/54346"}],"wp:attachment":[{"href":"https:\/\/festival-of-lights.de\/de\/wp-json\/wp\/v2\/media?parent=45224"}],"curies":[{"name":"wp","href":"https:\/\/api.w.org\/{rel}","templated":true}]}}