{"id":47835,"date":"2024-06-03T12:55:36","date_gmt":"2024-06-03T10:55:36","guid":{"rendered":"https:\/\/festival-of-lights.de\/?page_id=47835"},"modified":"2024-06-04T11:44:17","modified_gmt":"2024-06-04T09:44:17","slug":"ueber-die-organisatoren","status":"publish","type":"page","link":"https:\/\/festival-of-lights.de\/de\/ueber-die-organisatoren\/","title":{"rendered":"\u00dcber die Organisatoren"},"content":{"rendered":"<section class=\"module-spacer bg-bg-darkBlue pt-10 md:pt-14 xl:pt-20\">\n<\/section>\n\n<section class=\"basic-content-module bg-bg-darkBlue text-text-default\">\n  <div class=\"px-xs py-md lg:py-2xl aniMe text-intro dark:!bg-transparent dark:!text-white text-left\">\n            <div class=\"mx-auto max-w-content basic-content-module__headline\"><h2 class='grayscale-overlay relative headline-element align-left text-h3 font-bold md:text-h2 mb-4 md:mb-sm z-0'>\n    \n    <span class='relative align-left text-h3 font-bold md:text-h2 mb-4 md:mb-sm z-0'>\n    <span class='absolute top-0 left-0 z-0 -translate-x-1\/2 -translate-y-1\/2 light w-[300px] h-[300px]'>\n    <svg class='w-full h-full ' xmlns='http:\/\/www.w3.org\/2000\/svg' width='542' height='542' viewBox='0 0 542 542' fill='none'>\n      <g filter='url(#filter0_f_569_1018)'>\n        <circle cx='271' cy='271' r='121' fill='#9AE8FF' fill-opacity='0.5'\/>\n      <\/g>\n      <defs>\n        <filter id='filter0_f_569_1018' x='0' y='0' width='542' height='542' filterUnits='userSpaceOnUse' color-interpolation-filters='sRGB'>\n          <feFlood flood-opacity='0' result='BackgroundImageFix'\/>\n          <feBlend mode='normal' in='SourceGraphic' in2='BackgroundImageFix' result='shape'\/>\n          <feGaussianBlur stdDeviation='75' result='effect1_foregroundBlur_569_1018'\/>\n        <\/filter>\n      <\/defs>\n    <\/svg>\n  <\/span>\n    Zander &#038; Partner Event Marketing GmbH<\/span>\n    <\/h2><\/div>\n          <\/div>\n<\/section>\n\n<section class=\"text-image bg-bg-darkBlue text-text-default\">\n    <div class=\"dark:!text-white dark:!bg-transparent\">\n        <div class=\"container mx-auto max-w-screen-xl px-xs py-md text-image\">\n            <div class=\"mx-auto items-center grid text-copy md:grid-cols-2 gap-x-10 align-left\">\n                                    <div class=\"text-image__image aniMe grayscale-mask relative mb-0 order-2 md:order-[unset] mt-4 md:mt-8\"> \n                        <img loading=\"lazy\" decoding=\"async\" width=\"1024\" height=\"683\" src=\"https:\/\/festival-of-lights.de\/wp-content\/uploads\/2021\/07\/Birgit-Zander_privat-klein-M-.jpg\" class=\"z-10 grayscale-overlay\" alt=\"Birgit Zander\" srcset=\"https:\/\/festival-of-lights.de\/wp-content\/uploads\/2021\/07\/Birgit-Zander_privat-klein-M-.jpg 1024w, https:\/\/festival-of-lights.de\/wp-content\/uploads\/2021\/07\/Birgit-Zander_privat-klein-M--300x200.jpg 300w, https:\/\/festival-of-lights.de\/wp-content\/uploads\/2021\/07\/Birgit-Zander_privat-klein-M--768x512.jpg 768w\" sizes=\"auto, (max-width: 1024px) 100vw, 1024px\" \/>                    <\/div>                 <div class=\"text-image__col1 py-4 lg:py-10 aniMe flex flex-col right\">\n                    <h3 class='grayscale-overlay relative headline-element align-left mb-4 md:mb-8'>\n    \n    <span class='relative align-left mb-4 md:mb-8'>\n    <span class='absolute top-0 left-0 z-0 -translate-x-1\/2 -translate-y-1\/2 light w-[300px] h-[300px]'>\n    <svg class='w-full h-full ' xmlns='http:\/\/www.w3.org\/2000\/svg' width='542' height='542' viewBox='0 0 542 542' fill='none'>\n      <g filter='url(#filter0_f_569_1018)'>\n        <circle cx='271' cy='271' r='121' fill='#9AE8FF' fill-opacity='0.5'\/>\n      <\/g>\n      <defs>\n        <filter id='filter0_f_569_1018' x='0' y='0' width='542' height='542' filterUnits='userSpaceOnUse' color-interpolation-filters='sRGB'>\n          <feFlood flood-opacity='0' result='BackgroundImageFix'\/>\n          <feBlend mode='normal' in='SourceGraphic' in2='BackgroundImageFix' result='shape'\/>\n          <feGaussianBlur stdDeviation='75' result='effect1_foregroundBlur_569_1018'\/>\n        <\/filter>\n      <\/defs>\n    <\/svg>\n  <\/span>\n    Die Initiatorin des Festivals<\/span>\n    <\/h3><div class='text-element align-left '><p>Die urspr\u00fcngliche Idee war es, mit buntem Licht und sch\u00f6nen Geb\u00e4ude-Illuminationen die tristen Herbsttage zu versch\u00f6nern und einen zus\u00e4tzlichen Anreiz f\u00fcr Berlinbesucher*innen zu schaffen. Festival-Initiatorin Birgit Zander kann sich noch gut an die ersten Gespr\u00e4che mit dem ehemaligen Regierenden B\u00fcrgermeister von Berlin, Klaus Wowereit, erinnern. Er prophezeite damals schon: \u201eFestival of Lights, das wird ein ganz gro\u00dfer Renner.\u201c Und er hat recht behalten. Denn mittlerweile ist das Festival nicht nur ein echter Besuchermagnet in der deutschen Hauptstadt. Die Idee der k\u00fcnstlerischen Symbiose von Licht und Kunst geht seitdem um die Welt und ist geradezu eine Bewegung geworden. Sofia, New York, Amsterdam, Jerusalem \u2026. allj\u00e4hrlich zaubern die Events Millionen Menschen ein L\u00e4cheln in die Herzen. Denn sie sind immer etwas Einzigartiges und schauen stets mit Zuversicht nach vorn.<\/p>\n<p>\u201eLicht ist Leben, Licht ist Energie, Licht spricht alle Sprachen und es verbindet\u201c, so die Berlinerin Birgit Zander. Seit 2005 verantwortet sie mit ihrer Agentur Zander &amp; Partner die Ausrichtung des FESTIVAL OF LIGHTS.<\/p>\n<\/div>                <\/div>\n            <\/div>\n        <\/div>\n    <\/div>\n<\/section>\n\n<section class=\"text-image bg-bg-darkBlue text-text-default\">\n    <div class=\"dark:!text-white dark:!bg-transparent\">\n        <div class=\"container mx-auto max-w-screen-xl px-xs py-md text-image\">\n            <div class=\"mx-auto items-center grid text-copy md:grid-cols-2 gap-x-10 align-left\">\n                                    <div class=\"text-image__image aniMe grayscale-mask relative mb-0 order-2 md:order-[unset] mt-4 md:mt-8\"> \n                        <img loading=\"lazy\" decoding=\"async\" width=\"1024\" height=\"683\" src=\"https:\/\/festival-of-lights.de\/wp-content\/uploads\/2024\/06\/Team-FoL-2023-1024x683.jpg\" class=\"z-10 grayscale-overlay\" alt=\"\" srcset=\"https:\/\/festival-of-lights.de\/wp-content\/uploads\/2024\/06\/Team-FoL-2023-1024x683.jpg 1024w, https:\/\/festival-of-lights.de\/wp-content\/uploads\/2024\/06\/Team-FoL-2023-300x200.jpg 300w, https:\/\/festival-of-lights.de\/wp-content\/uploads\/2024\/06\/Team-FoL-2023-768x512.jpg 768w, https:\/\/festival-of-lights.de\/wp-content\/uploads\/2024\/06\/Team-FoL-2023-1536x1024.jpg 1536w, https:\/\/festival-of-lights.de\/wp-content\/uploads\/2024\/06\/Team-FoL-2023-2048x1365.jpg 2048w, https:\/\/festival-of-lights.de\/wp-content\/uploads\/2024\/06\/Team-FoL-2023-1900x1267.jpg 1900w, https:\/\/festival-of-lights.de\/wp-content\/uploads\/2024\/06\/Team-FoL-2023-1240x827.jpg 1240w\" sizes=\"auto, (max-width: 1024px) 100vw, 1024px\" \/>                    <\/div>                 <div class=\"text-image__col1 py-4 lg:py-10 aniMe flex flex-col right\">\n                    <h3 class='grayscale-overlay relative headline-element align-left mb-4 md:mb-8'>\n    \n    <span class='relative align-left mb-4 md:mb-8'>\n    <span class='absolute top-0 left-0 z-0 -translate-x-1\/2 -translate-y-1\/2 light w-[300px] h-[300px]'>\n    <svg class='w-full h-full ' xmlns='http:\/\/www.w3.org\/2000\/svg' width='542' height='542' viewBox='0 0 542 542' fill='none'>\n      <g filter='url(#filter0_f_569_1018)'>\n        <circle cx='271' cy='271' r='121' fill='#9AE8FF' fill-opacity='0.5'\/>\n      <\/g>\n      <defs>\n        <filter id='filter0_f_569_1018' x='0' y='0' width='542' height='542' filterUnits='userSpaceOnUse' color-interpolation-filters='sRGB'>\n          <feFlood flood-opacity='0' result='BackgroundImageFix'\/>\n          <feBlend mode='normal' in='SourceGraphic' in2='BackgroundImageFix' result='shape'\/>\n          <feGaussianBlur stdDeviation='75' result='effect1_foregroundBlur_569_1018'\/>\n        <\/filter>\n      <\/defs>\n    <\/svg>\n  <\/span>\n    Die Agentur<\/span>\n    <\/h3><div class='text-element align-left '><p>Zander &amp; Partner Event Marketing GmbH ist eine f\u00fchrende Agentur, die sich auf die Konzeption und Umsetzung von hochwertigen k\u00fcnstlerischen Installationen und kreativen Konzepten spezialisiert hat. Das Team arbeitet kontinuierlich an neuen Ideen und pr\u00e4sentiert regelm\u00e4\u00dfig Innovationen und neueste Technologien in der Lichtkunst. Ihre Expertise ist weltweit gefragt.<\/p>\n<p>Von Anfang an hat sich die Agentur der Aufwertung urbaner R\u00e4ume durch faszinierende Lichtkunst verschrieben und verwandelt Geb\u00e4ude und Wahrzeichen in spektakul\u00e4re Leinw\u00e4nde. Die Projekte von Zander &amp; Partner versch\u00f6nern nicht nur St\u00e4dte, sondern schaffen auch emotionale und unvergessliche Erlebnisse f\u00fcr das Publikum.<\/p>\n<\/div>                <\/div>\n            <\/div>\n        <\/div>\n    <\/div>\n<\/section>\n\n<section class=\"text-image bg-bg-darkBlue text-text-default\">\n    <div class=\"dark:!text-white dark:!bg-transparent\">\n        <div class=\"container mx-auto max-w-screen-xl px-xs py-md text-image\">\n            <div class=\"mx-auto items-center grid text-copy md:grid-cols-2 gap-x-10 align-left\">\n                                    <div class=\"relative aniMe order-1 mt-4 md:mt-8\"> \n                        <div class=\"relative hp-player aspect-video grayscale-mask\">\n                            <iframe class=\"z-[1050] grayscale-overlay lazyVideo\" data-src=\"\/\/www.youtube-nocookie.com\/embed\/tsKFi9JoCbw?rel=0&#038;controls=0&#038;showinfo=0\" frameborder=\"0\" allowfullscreen allowtransparency>\n                            <\/iframe>\n                        <\/div>\n                    <\/div>\n                                    <div class=\"text-image__col1 py-4 lg:py-10 aniMe flex flex-col left\">\n                    <h3 class='grayscale-overlay relative headline-element align-left mb-4 md:mb-8'>\n    \n    <span class='relative align-left mb-4 md:mb-8'>\n    <span class='absolute top-0 left-0 z-0 -translate-x-1\/2 -translate-y-1\/2 light w-[300px] h-[300px]'>\n    <svg class='w-full h-full ' xmlns='http:\/\/www.w3.org\/2000\/svg' width='542' height='542' viewBox='0 0 542 542' fill='none'>\n      <g filter='url(#filter0_f_569_1018)'>\n        <circle cx='271' cy='271' r='121' fill='#9AE8FF' fill-opacity='0.5'\/>\n      <\/g>\n      <defs>\n        <filter id='filter0_f_569_1018' x='0' y='0' width='542' height='542' filterUnits='userSpaceOnUse' color-interpolation-filters='sRGB'>\n          <feFlood flood-opacity='0' result='BackgroundImageFix'\/>\n          <feBlend mode='normal' in='SourceGraphic' in2='BackgroundImageFix' result='shape'\/>\n          <feGaussianBlur stdDeviation='75' result='effect1_foregroundBlur_569_1018'\/>\n        <\/filter>\n      <\/defs>\n    <\/svg>\n  <\/span>\n    Das Produktionsteam<\/span>\n    <\/h3><div class='text-element align-left '><p>Das gesamte Team ist engagiert, die Grenzen von Licht und Kunst zu erweitern und atemberaubende Installationen zu schaffen, die fesseln und inspirieren. Ihre Arbeiten wurden auf zahlreichen internationalen Festivals und Veranstaltungen gezeigt und festigten ihren Ruf als Pioniere auf dem Gebiet der Lichtkunst.<\/p>\n<p>Die Kombination aus k\u00fcnstlerischer Vision, technischer Expertise und innovativem Ansatz macht jedes Projekt von Zander &amp; Partner zu einem einzigartigen und unvergesslichen Erlebnis. Mit ihrem Engagement und ihrer Kreativit\u00e4t setzen sie immer wieder neue Ma\u00dfst\u00e4be in der Welt der Lichtfestivals und Events.<\/p>\n<\/div>                <\/div>\n            <\/div>\n        <\/div>\n    <\/div>\n<\/section>","protected":false},"excerpt":{"rendered":"","protected":false},"author":2,"featured_media":0,"parent":0,"menu_order":0,"comment_status":"closed","ping_status":"closed","template":"","meta":{"_acf_changed":false,"footnotes":""},"class_list":["post-47835","page","type-page","status-publish","hentry"],"acf":[],"yoast_head":"<!-- This site is optimized with the Yoast SEO plugin v25.6 - https:\/\/yoast.com\/wordpress\/plugins\/seo\/ -->\n<title>\u00dcber die Organisatoren<\/title>\n<meta name=\"description\" content=\"\u00dcber die Organisatoren: das Team hinter der Lichtshow. Entdecke, wie wir weltweit St\u00e4dte erleuchten.\" \/>\n<meta name=\"robots\" content=\"index, follow, max-snippet:-1, max-image-preview:large, max-video-preview:-1\" \/>\n<link rel=\"canonical\" href=\"https:\/\/festival-of-lights.de\/de\/ueber-die-organisatoren\/\" \/>\n<meta property=\"og:locale\" content=\"de_DE\" \/>\n<meta property=\"og:type\" content=\"article\" \/>\n<meta property=\"og:title\" content=\"\u00dcber die Organisatoren\" \/>\n<meta property=\"og:description\" content=\"\u00dcber die Organisatoren: das Team hinter der Lichtshow. Entdecke, wie wir weltweit St\u00e4dte erleuchten.\" \/>\n<meta property=\"og:url\" content=\"https:\/\/festival-of-lights.de\/de\/ueber-die-organisatoren\/\" \/>\n<meta property=\"og:site_name\" content=\"Festival of Lights\" \/>\n<meta property=\"article:publisher\" content=\"https:\/\/www.facebook.com\/FestivalOfLights\" \/>\n<meta property=\"article:modified_time\" content=\"2024-06-04T09:44:17+00:00\" \/>\n<meta name=\"twitter:card\" content=\"summary_large_image\" \/>\n<script type=\"application\/ld+json\" class=\"yoast-schema-graph\">{\"@context\":\"https:\/\/schema.org\",\"@graph\":[{\"@type\":\"WebPage\",\"@id\":\"https:\/\/festival-of-lights.de\/de\/ueber-die-organisatoren\/\",\"url\":\"https:\/\/festival-of-lights.de\/de\/ueber-die-organisatoren\/\",\"name\":\"\u00dcber die Organisatoren\",\"isPartOf\":{\"@id\":\"https:\/\/festival-of-lights.de\/de\/#website\"},\"datePublished\":\"2024-06-03T10:55:36+00:00\",\"dateModified\":\"2024-06-04T09:44:17+00:00\",\"description\":\"\u00dcber die Organisatoren: das Team hinter der Lichtshow. Entdecke, wie wir weltweit St\u00e4dte erleuchten.\",\"breadcrumb\":{\"@id\":\"https:\/\/festival-of-lights.de\/de\/ueber-die-organisatoren\/#breadcrumb\"},\"inLanguage\":\"de\",\"potentialAction\":[{\"@type\":\"ReadAction\",\"target\":[\"https:\/\/festival-of-lights.de\/de\/ueber-die-organisatoren\/\"]}]},{\"@type\":\"BreadcrumbList\",\"@id\":\"https:\/\/festival-of-lights.de\/de\/ueber-die-organisatoren\/#breadcrumb\",\"itemListElement\":[{\"@type\":\"ListItem\",\"position\":1,\"name\":\"Startseite\",\"item\":\"https:\/\/festival-of-lights.de\/de\/\"},{\"@type\":\"ListItem\",\"position\":2,\"name\":\"\u00dcber die Organisatoren\"}]},{\"@type\":\"WebSite\",\"@id\":\"https:\/\/festival-of-lights.de\/de\/#website\",\"url\":\"https:\/\/festival-of-lights.de\/de\/\",\"name\":\"Festival of Lights Berlin\",\"description\":\"\",\"publisher\":{\"@id\":\"https:\/\/festival-of-lights.de\/de\/#organization\"},\"potentialAction\":[{\"@type\":\"SearchAction\",\"target\":{\"@type\":\"EntryPoint\",\"urlTemplate\":\"https:\/\/festival-of-lights.de\/de\/?s={search_term_string}\"},\"query-input\":{\"@type\":\"PropertyValueSpecification\",\"valueRequired\":true,\"valueName\":\"search_term_string\"}}],\"inLanguage\":\"de\"},{\"@type\":\"Organization\",\"@id\":\"https:\/\/festival-of-lights.de\/de\/#organization\",\"name\":\"Festival of Lights\",\"url\":\"https:\/\/festival-of-lights.de\/de\/\",\"logo\":{\"@type\":\"ImageObject\",\"inLanguage\":\"de\",\"@id\":\"https:\/\/festival-of-lights.de\/de\/#\/schema\/logo\/image\/\",\"url\":\"https:\/\/festival-of-lights.de\/wp-content\/uploads\/2023\/08\/cropped-logo.png\",\"contentUrl\":\"https:\/\/festival-of-lights.de\/wp-content\/uploads\/2023\/08\/cropped-logo.png\",\"width\":230,\"height\":230,\"caption\":\"Festival of Lights\"},\"image\":{\"@id\":\"https:\/\/festival-of-lights.de\/de\/#\/schema\/logo\/image\/\"},\"sameAs\":[\"https:\/\/www.facebook.com\/FestivalOfLights\",\"https:\/\/www.tiktok.com\/@berlinfestivaloflights\",\"https:\/\/www.instagram.com\/berlinfestivaloflights\"]}]}<\/script>\n<!-- \/ Yoast SEO plugin. -->","yoast_head_json":{"title":"\u00dcber die Organisatoren","description":"\u00dcber die Organisatoren: das Team hinter der Lichtshow. Entdecke, wie wir weltweit St\u00e4dte erleuchten.","robots":{"index":"index","follow":"follow","max-snippet":"max-snippet:-1","max-image-preview":"max-image-preview:large","max-video-preview":"max-video-preview:-1"},"canonical":"https:\/\/festival-of-lights.de\/de\/ueber-die-organisatoren\/","og_locale":"de_DE","og_type":"article","og_title":"\u00dcber die Organisatoren","og_description":"\u00dcber die Organisatoren: das Team hinter der Lichtshow. Entdecke, wie wir weltweit St\u00e4dte erleuchten.","og_url":"https:\/\/festival-of-lights.de\/de\/ueber-die-organisatoren\/","og_site_name":"Festival of Lights","article_publisher":"https:\/\/www.facebook.com\/FestivalOfLights","article_modified_time":"2024-06-04T09:44:17+00:00","twitter_card":"summary_large_image","schema":{"@context":"https:\/\/schema.org","@graph":[{"@type":"WebPage","@id":"https:\/\/festival-of-lights.de\/de\/ueber-die-organisatoren\/","url":"https:\/\/festival-of-lights.de\/de\/ueber-die-organisatoren\/","name":"\u00dcber die Organisatoren","isPartOf":{"@id":"https:\/\/festival-of-lights.de\/de\/#website"},"datePublished":"2024-06-03T10:55:36+00:00","dateModified":"2024-06-04T09:44:17+00:00","description":"\u00dcber die Organisatoren: das Team hinter der Lichtshow. Entdecke, wie wir weltweit St\u00e4dte erleuchten.","breadcrumb":{"@id":"https:\/\/festival-of-lights.de\/de\/ueber-die-organisatoren\/#breadcrumb"},"inLanguage":"de","potentialAction":[{"@type":"ReadAction","target":["https:\/\/festival-of-lights.de\/de\/ueber-die-organisatoren\/"]}]},{"@type":"BreadcrumbList","@id":"https:\/\/festival-of-lights.de\/de\/ueber-die-organisatoren\/#breadcrumb","itemListElement":[{"@type":"ListItem","position":1,"name":"Startseite","item":"https:\/\/festival-of-lights.de\/de\/"},{"@type":"ListItem","position":2,"name":"\u00dcber die Organisatoren"}]},{"@type":"WebSite","@id":"https:\/\/festival-of-lights.de\/de\/#website","url":"https:\/\/festival-of-lights.de\/de\/","name":"Festival of Lights Berlin","description":"","publisher":{"@id":"https:\/\/festival-of-lights.de\/de\/#organization"},"potentialAction":[{"@type":"SearchAction","target":{"@type":"EntryPoint","urlTemplate":"https:\/\/festival-of-lights.de\/de\/?s={search_term_string}"},"query-input":{"@type":"PropertyValueSpecification","valueRequired":true,"valueName":"search_term_string"}}],"inLanguage":"de"},{"@type":"Organization","@id":"https:\/\/festival-of-lights.de\/de\/#organization","name":"Festival of Lights","url":"https:\/\/festival-of-lights.de\/de\/","logo":{"@type":"ImageObject","inLanguage":"de","@id":"https:\/\/festival-of-lights.de\/de\/#\/schema\/logo\/image\/","url":"https:\/\/festival-of-lights.de\/wp-content\/uploads\/2023\/08\/cropped-logo.png","contentUrl":"https:\/\/festival-of-lights.de\/wp-content\/uploads\/2023\/08\/cropped-logo.png","width":230,"height":230,"caption":"Festival of Lights"},"image":{"@id":"https:\/\/festival-of-lights.de\/de\/#\/schema\/logo\/image\/"},"sameAs":["https:\/\/www.facebook.com\/FestivalOfLights","https:\/\/www.tiktok.com\/@berlinfestivaloflights","https:\/\/www.instagram.com\/berlinfestivaloflights"]}]}},"_links":{"self":[{"href":"https:\/\/festival-of-lights.de\/de\/wp-json\/wp\/v2\/pages\/47835","targetHints":{"allow":["GET"]}}],"collection":[{"href":"https:\/\/festival-of-lights.de\/de\/wp-json\/wp\/v2\/pages"}],"about":[{"href":"https:\/\/festival-of-lights.de\/de\/wp-json\/wp\/v2\/types\/page"}],"author":[{"embeddable":true,"href":"https:\/\/festival-of-lights.de\/de\/wp-json\/wp\/v2\/users\/2"}],"replies":[{"embeddable":true,"href":"https:\/\/festival-of-lights.de\/de\/wp-json\/wp\/v2\/comments?post=47835"}],"version-history":[{"count":11,"href":"https:\/\/festival-of-lights.de\/de\/wp-json\/wp\/v2\/pages\/47835\/revisions"}],"predecessor-version":[{"id":47920,"href":"https:\/\/festival-of-lights.de\/de\/wp-json\/wp\/v2\/pages\/47835\/revisions\/47920"}],"wp:attachment":[{"href":"https:\/\/festival-of-lights.de\/de\/wp-json\/wp\/v2\/media?parent=47835"}],"curies":[{"name":"wp","href":"https:\/\/api.w.org\/{rel}","templated":true}]}}