{"id":48065,"date":"2024-07-08T16:15:39","date_gmt":"2024-07-08T14:15:39","guid":{"rendered":"https:\/\/festival-of-lights.de\/?page_id=48065"},"modified":"2025-06-23T17:54:30","modified_gmt":"2025-06-23T15:54:30","slug":"unsere-partnerinnen-2024","status":"publish","type":"page","link":"https:\/\/festival-of-lights.de\/de\/unsere-partnerinnen-2024\/","title":{"rendered":"Unsere Partner*innen 2024"},"content":{"rendered":"<section class=\"module-spacer bg-bg-darkBlue pt-10 md:pt-14 xl:pt-20\">\n<\/section>\n\n<section class=\"basic-content-module bg-bg-darkBlue text-text-default\">\n  <div class=\"px-xs py-md lg:py-2xl aniMe text-intro dark:!bg-transparent dark:!text-white text-left\">\n            <div class=\"mx-auto max-w-content\"><div class='text-element align- text-copy lg:text-h3 font-bold mb-4 md:mb-0'>Emotionale Markenbotschaften<\/div><\/div>\n                <div class=\"mx-auto max-w-content basic-content-module__headline\"><h2 class='grayscale-overlay relative headline-element align-left text-h3 font-bold md:text-h1 lg:text-[128px] mb-4 md:mb-4 z-0 basic-content-module__headline-big'>\n    \n    <span class='relative align-left text-h3 font-bold md:text-h1 lg:text-[128px] mb-4 md:mb-4 z-0 basic-content-module__headline-big'>\n    <span class='absolute top-0 left-0 z-0 -translate-x-1\/2 -translate-y-1\/2 light w-[300px] h-[300px]'>\n    <svg class='w-full h-full ' xmlns='http:\/\/www.w3.org\/2000\/svg' width='542' height='542' viewBox='0 0 542 542' fill='none'>\n      <g filter='url(#filter0_f_569_1018)'>\n        <circle cx='271' cy='271' r='121' fill='#9AE8FF' fill-opacity='0.5'\/>\n      <\/g>\n      <defs>\n        <filter id='filter0_f_569_1018' x='0' y='0' width='542' height='542' filterUnits='userSpaceOnUse' color-interpolation-filters='sRGB'>\n          <feFlood flood-opacity='0' result='BackgroundImageFix'\/>\n          <feBlend mode='normal' in='SourceGraphic' in2='BackgroundImageFix' result='shape'\/>\n          <feGaussianBlur stdDeviation='75' result='effect1_foregroundBlur_569_1018'\/>\n        <\/filter>\n      <\/defs>\n    <\/svg>\n  <\/span>\n    Unsere Partner*innen<\/span>\n    <\/h2><\/div>\n                <div class=\"relative z-10 mx-auto max-w-content\">\n            <div class='text-element align- text-copy'><p>Mit Lichtkunst wollen wir in diesem Jahr die Freiheit feiern &#8211; denn was g\u00e4be es 35 Jahre nach dem Mauerfall in Berlin Sch\u00f6neres zu feiern? Das schaffen wir nur gemeinsam mit unseren Partner*innen und Unterst\u00fctzer*innen. Sie sind Teil unserer Vision, zeigen Ihre Marke oder Botschaft als eindrucksvolle Lichtkunst-Installation auf Wahrzeichen, Denkm\u00e4lern oder dem eigenen Firmengeb\u00e4ude.<\/p>\n<p>Wir haben nicht nur die k\u00fcnstlerischen Inszenierungen, sondern auch die Sponsor*innen- und Partner*innen Auswahl in besonderer Weise kuratiert und sind stolz und dankbar, sie euch hier vorstellen zu d\u00fcrfen.<\/p>\n<p>&nbsp;<\/p>\n<p>M\u00f6chten auch Sie als Partner*in oder Sponsor*in Teil des offiziellen Festivalprogramms werden? Wir bieten daf\u00fcr ma\u00dfgeschneiderte Konzepte und unsere Rund-Um-Betreuung.<\/p>\n<p>Schreiben Sie uns, schicken Sie uns erste Ideen und Fragen:\u00a0<u><a href=\"mailto:partner@festival-of-lights.de\">partner@festival-of-lights.<\/a><\/u><u><a href=\"mailto:partner@festival-of-lights.de\">de<\/a><\/u><\/p>\n<p>Ihre Ansprechpartnerin ist Birgit Zander.<\/p>\n<\/div>        <\/div>\n          <\/div>\n<\/section>\n\n<section class=\"bg-bg-darkBlue text-text-default\">\n  <div class=\"px-xs py-md text-headline dark:!bg-transparent\">\n    <div class=\"mx-auto max-w-screen-lg text-center aniMe\">\n      <h3 class='grayscale-overlay relative headline-element align-left text-h3 md:text-h2 xl:text-h1'>\n    \n    <span class='relative align-left text-h3 md:text-h2 xl:text-h1'>\n    <span class='absolute top-0 left-0 z-0 -translate-x-1\/2 -translate-y-1\/2 light w-[300px] h-[300px]'>\n    <svg class='w-full h-full ' xmlns='http:\/\/www.w3.org\/2000\/svg' width='542' height='542' viewBox='0 0 542 542' fill='none'>\n      <g filter='url(#filter0_f_569_1018)'>\n        <circle cx='271' cy='271' r='121' fill='#9AE8FF' fill-opacity='0.5'\/>\n      <\/g>\n      <defs>\n        <filter id='filter0_f_569_1018' x='0' y='0' width='542' height='542' filterUnits='userSpaceOnUse' color-interpolation-filters='sRGB'>\n          <feFlood flood-opacity='0' result='BackgroundImageFix'\/>\n          <feBlend mode='normal' in='SourceGraphic' in2='BackgroundImageFix' result='shape'\/>\n          <feGaussianBlur stdDeviation='75' result='effect1_foregroundBlur_569_1018'\/>\n        <\/filter>\n      <\/defs>\n    <\/svg>\n  <\/span>\n    Offizielle Partner*innen 2024<\/span>\n    <\/h3>    <\/div>\n      <\/div>\n<\/section>\n\n<section class=\"text-image bg-bg-darkBlue text-text-default\">\n    <div class=\"dark:!text-white dark:!bg-transparent\">\n        <div class=\"container mx-auto max-w-screen-xl px-xs py-md text-image\">\n            <div class=\"mx-auto items-center grid text-copy md:grid-cols-2 gap-x-10 align-left\">\n                                    <div class=\"text-image__image aniMe grayscale-mask relative mb-0 order-2 md:order-[unset] mt-4 md:mt-8\"> \n                        <img loading=\"lazy\" decoding=\"async\" width=\"410\" height=\"276\" src=\"https:\/\/festival-of-lights.de\/wp-content\/uploads\/2024\/08\/Kachel-Partner-Seite-14.png\" class=\"z-10 grayscale-overlay\" alt=\"\" srcset=\"https:\/\/festival-of-lights.de\/wp-content\/uploads\/2024\/08\/Kachel-Partner-Seite-14.png 410w, https:\/\/festival-of-lights.de\/wp-content\/uploads\/2024\/08\/Kachel-Partner-Seite-14-300x202.png 300w\" sizes=\"auto, (max-width: 410px) 100vw, 410px\" \/>                    <\/div>                 <div class=\"text-image__col1 py-4 lg:py-10 aniMe flex flex-col right\">\n                    <h3 class='grayscale-overlay relative headline-element align-left mb-4 md:mb-8'>\n    \n    <span class='relative align-left mb-4 md:mb-8'>\n    <span class='absolute top-0 left-0 z-0 -translate-x-1\/2 -translate-y-1\/2 light w-[300px] h-[300px]'>\n    <svg class='w-full h-full ' xmlns='http:\/\/www.w3.org\/2000\/svg' width='542' height='542' viewBox='0 0 542 542' fill='none'>\n      <g filter='url(#filter0_f_569_1018)'>\n        <circle cx='271' cy='271' r='121' fill='#9AE8FF' fill-opacity='0.5'\/>\n      <\/g>\n      <defs>\n        <filter id='filter0_f_569_1018' x='0' y='0' width='542' height='542' filterUnits='userSpaceOnUse' color-interpolation-filters='sRGB'>\n          <feFlood flood-opacity='0' result='BackgroundImageFix'\/>\n          <feBlend mode='normal' in='SourceGraphic' in2='BackgroundImageFix' result='shape'\/>\n          <feGaussianBlur stdDeviation='75' result='effect1_foregroundBlur_569_1018'\/>\n        <\/filter>\n      <\/defs>\n    <\/svg>\n  <\/span>\n    LEGO GmbH<\/span>\n    <\/h3><div class='text-element align-left '><p>Die Mission der LEGO Gruppe ist es, die Baumeister*innen von morgen zu inspirieren und in ihrer Entwicklung zu f\u00f6rdern. Das LEGO System in Play, mit seinem Fundament aus LEGO\u00ae Steinen, erm\u00f6glicht es Kindern und Fans, alles zu bauen und nachzubauen, was sie sich vorstellen k\u00f6nnen. Die LEGO Gruppe wurde 1932 in Billund, D\u00e4nemark von Ole Kirk Kristiansen gegr\u00fcndet. Der Name leitet sich von den beiden d\u00e4nischen W\u00f6rtern LEg GOdt ab, was so viel wie \u201eSpiel gut\u201c bedeutet. Auch heute noch ist die LEGO Gruppe ein Familienunternehmen mit Hauptsitz in Billund.<\/p>\n<\/div>        <a target=\"_blank\" href=\"https:\/\/festival-of-lights.de\/de\/unsere-partnerinnen-2024\/lego\/\" class=\"flex items-center gap-xs btn-primary mt-10 z-[999999]\">\n            <svg xmlns=\"http:\/\/www.w3.org\/2000\/svg\" width=\"23\" height=\"16\" viewBox=\"0 0 23 16\" fill=\"none\">\n                <path class=\"transition duration-300 ease-in-out\" d=\"M21.8863 8.70711C22.2769 8.31658 22.2769 7.68342 21.8863 7.29289L15.5224 0.928932C15.1318 0.538408 14.4987 0.538408 14.1082 0.928932C13.7176 1.31946 13.7176 1.95262 14.1082 2.34315L19.765 8L14.1082 13.6569C13.7176 14.0474 13.7176 14.6805 14.1082 15.0711C14.4987 15.4616 15.1318 15.4616 15.5224 15.0711L21.8863 8.70711ZM0 9H21.1792V7H0V9Z\" fill=\"black\"\/>\n            <\/svg>\n            Weiterlesen        <\/a>\n                        <\/div>\n            <\/div>\n        <\/div>\n    <\/div>\n<\/section>\n\n<section class=\"text-image bg-bg-darkBlue text-text-default\">\n    <div class=\"dark:!text-white dark:!bg-transparent\">\n        <div class=\"container mx-auto max-w-screen-xl px-xs py-md text-image\">\n            <div class=\"mx-auto items-center grid text-copy md:grid-cols-2 gap-x-10 align-left\">\n                                    <div class=\"text-image__image aniMe grayscale-mask relative mb-0 order-2 md:order-[unset] mt-4 md:mt-8\"> \n                        <img loading=\"lazy\" decoding=\"async\" width=\"410\" height=\"276\" src=\"https:\/\/festival-of-lights.de\/wp-content\/uploads\/2023\/09\/Kachel-Partner-Seite-10.png\" class=\"z-10 grayscale-overlay\" alt=\"\" srcset=\"https:\/\/festival-of-lights.de\/wp-content\/uploads\/2023\/09\/Kachel-Partner-Seite-10.png 410w, https:\/\/festival-of-lights.de\/wp-content\/uploads\/2023\/09\/Kachel-Partner-Seite-10-300x202.png 300w\" sizes=\"auto, (max-width: 410px) 100vw, 410px\" \/>                    <\/div>                 <div class=\"text-image__col1 py-4 lg:py-10 aniMe flex flex-col right\">\n                    <h3 class='grayscale-overlay relative headline-element align-left mb-4 md:mb-8'>\n    \n    <span class='relative align-left mb-4 md:mb-8'>\n    <span class='absolute top-0 left-0 z-0 -translate-x-1\/2 -translate-y-1\/2 light w-[300px] h-[300px]'>\n    <svg class='w-full h-full ' xmlns='http:\/\/www.w3.org\/2000\/svg' width='542' height='542' viewBox='0 0 542 542' fill='none'>\n      <g filter='url(#filter0_f_569_1018)'>\n        <circle cx='271' cy='271' r='121' fill='#9AE8FF' fill-opacity='0.5'\/>\n      <\/g>\n      <defs>\n        <filter id='filter0_f_569_1018' x='0' y='0' width='542' height='542' filterUnits='userSpaceOnUse' color-interpolation-filters='sRGB'>\n          <feFlood flood-opacity='0' result='BackgroundImageFix'\/>\n          <feBlend mode='normal' in='SourceGraphic' in2='BackgroundImageFix' result='shape'\/>\n          <feGaussianBlur stdDeviation='75' result='effect1_foregroundBlur_569_1018'\/>\n        <\/filter>\n      <\/defs>\n    <\/svg>\n  <\/span>\n    Potsdamer Platz<\/span>\n    <\/h3><div class='text-element align-left '><p>Der Potsdamer Platz, einst ein symboltr\u00e4chtiger Ort der Berliner Geschichte, ist heute ein pulsierendes Zentrum der Kreativit\u00e4t und Innovation. Inmitten der Hauptstadt verbindet er historische Bedeutung mit zeitgen\u00f6ssischer Architektur und zieht Besucher:innen aus aller Welt an. Das Quartier erstreckt sich \u00fcber beeindruckende 4,3 Hektar und beherbergt 17 markante Geb\u00e4ude. Durch kontinuierliche Investitionen und nachhaltige Konzepte bleibt der Potsdamer Platz ein urbanes Zentrum, das die Rhythmen und Bed\u00fcrfnisse des modernen Lebens einf\u00e4ngt und neue Visionen verwirklicht.<\/p>\n<\/div>        <a target=\"_blank\" href=\"https:\/\/festival-of-lights.de\/unsere-partner\/potsdamer-platz\/\" class=\"flex items-center gap-xs btn-primary mt-10 z-[999999]\">\n            <svg xmlns=\"http:\/\/www.w3.org\/2000\/svg\" width=\"23\" height=\"16\" viewBox=\"0 0 23 16\" fill=\"none\">\n                <path class=\"transition duration-300 ease-in-out\" d=\"M21.8863 8.70711C22.2769 8.31658 22.2769 7.68342 21.8863 7.29289L15.5224 0.928932C15.1318 0.538408 14.4987 0.538408 14.1082 0.928932C13.7176 1.31946 13.7176 1.95262 14.1082 2.34315L19.765 8L14.1082 13.6569C13.7176 14.0474 13.7176 14.6805 14.1082 15.0711C14.4987 15.4616 15.1318 15.4616 15.5224 15.0711L21.8863 8.70711ZM0 9H21.1792V7H0V9Z\" fill=\"black\"\/>\n            <\/svg>\n            Weiterlesen        <\/a>\n                        <\/div>\n            <\/div>\n        <\/div>\n    <\/div>\n<\/section>\n\n<section class=\"text-image bg-bg-darkBlue text-text-default\">\n    <div class=\"dark:!text-white dark:!bg-transparent\">\n        <div class=\"container mx-auto max-w-screen-xl px-xs py-md text-image\">\n            <div class=\"mx-auto items-center grid text-copy md:grid-cols-2 gap-x-10 align-left\">\n                                    <div class=\"text-image__image aniMe grayscale-mask relative mb-0 order-2 md:order-[unset] mt-4 md:mt-8\"> \n                        <img loading=\"lazy\" decoding=\"async\" width=\"410\" height=\"276\" src=\"https:\/\/festival-of-lights.de\/wp-content\/uploads\/2024\/07\/Kachel-Partner-Seite-1.png\" class=\"z-10 grayscale-overlay\" alt=\"\" srcset=\"https:\/\/festival-of-lights.de\/wp-content\/uploads\/2024\/07\/Kachel-Partner-Seite-1.png 410w, https:\/\/festival-of-lights.de\/wp-content\/uploads\/2024\/07\/Kachel-Partner-Seite-1-300x202.png 300w\" sizes=\"auto, (max-width: 410px) 100vw, 410px\" \/>                    <\/div>                 <div class=\"text-image__col1 py-4 lg:py-10 aniMe flex flex-col right\">\n                    <h3 class='grayscale-overlay relative headline-element align-left mb-4 md:mb-8'>\n    \n    <span class='relative align-left mb-4 md:mb-8'>\n    <span class='absolute top-0 left-0 z-0 -translate-x-1\/2 -translate-y-1\/2 light w-[300px] h-[300px]'>\n    <svg class='w-full h-full ' xmlns='http:\/\/www.w3.org\/2000\/svg' width='542' height='542' viewBox='0 0 542 542' fill='none'>\n      <g filter='url(#filter0_f_569_1018)'>\n        <circle cx='271' cy='271' r='121' fill='#9AE8FF' fill-opacity='0.5'\/>\n      <\/g>\n      <defs>\n        <filter id='filter0_f_569_1018' x='0' y='0' width='542' height='542' filterUnits='userSpaceOnUse' color-interpolation-filters='sRGB'>\n          <feFlood flood-opacity='0' result='BackgroundImageFix'\/>\n          <feBlend mode='normal' in='SourceGraphic' in2='BackgroundImageFix' result='shape'\/>\n          <feGaussianBlur stdDeviation='75' result='effect1_foregroundBlur_569_1018'\/>\n        <\/filter>\n      <\/defs>\n    <\/svg>\n  <\/span>\n    Renault<\/span>\n    <\/h3><div class='text-element align-left '><div class=\"ewa-rteLine\">Seit 126 Jahren geh\u00f6rt Renault als franz\u00f6sischer\u00a0Hersteller zu\u00a0den\u00a0bekanntesten\u00a0und\u00a0innovativsten\u00a0Unternehmen der\u00a0Automobilgeschichte. Die Marke steht mit ihren Modellen f\u00fcr leidenschaftliches Design, Technologie und Modernit\u00e4t. Ganz in der Tradition des Unternehmensgr\u00fcnders revolutioniert Renault auch heute Mobilit\u00e4t immer wieder aufs Neue. Somit pr\u00e4gt das Unternehmen bereits seit 2011 als Pionier die Transformation zur Elektromobilit\u00e4t ma\u00dfgeblich.<\/div>\n<\/div>        <a target=\"_blank\" href=\"https:\/\/festival-of-lights.de\/de\/unsere-partnerinnen-2024\/renault\/\" class=\"flex items-center gap-xs btn-primary mt-10 z-[999999]\">\n            <svg xmlns=\"http:\/\/www.w3.org\/2000\/svg\" width=\"23\" height=\"16\" viewBox=\"0 0 23 16\" fill=\"none\">\n                <path class=\"transition duration-300 ease-in-out\" d=\"M21.8863 8.70711C22.2769 8.31658 22.2769 7.68342 21.8863 7.29289L15.5224 0.928932C15.1318 0.538408 14.4987 0.538408 14.1082 0.928932C13.7176 1.31946 13.7176 1.95262 14.1082 2.34315L19.765 8L14.1082 13.6569C13.7176 14.0474 13.7176 14.6805 14.1082 15.0711C14.4987 15.4616 15.1318 15.4616 15.5224 15.0711L21.8863 8.70711ZM0 9H21.1792V7H0V9Z\" fill=\"black\"\/>\n            <\/svg>\n            weiterlesen        <\/a>\n                        <\/div>\n            <\/div>\n        <\/div>\n    <\/div>\n<\/section>\n\n<section class=\"text-image bg-bg-darkBlue text-text-default\">\n    <div class=\"dark:!text-white dark:!bg-transparent\">\n        <div class=\"container mx-auto max-w-screen-xl px-xs py-md text-image\">\n            <div class=\"mx-auto items-center grid text-copy md:grid-cols-2 gap-x-10 align-left\">\n                                    <div class=\"text-image__image aniMe grayscale-mask relative mb-0 order-2 md:order-[unset] mt-4 md:mt-8\"> \n                        <img loading=\"lazy\" decoding=\"async\" width=\"1024\" height=\"307\" src=\"https:\/\/festival-of-lights.de\/wp-content\/uploads\/2023\/09\/05-1024x307.png\" class=\"z-10 grayscale-overlay\" alt=\"\" srcset=\"https:\/\/festival-of-lights.de\/wp-content\/uploads\/2023\/09\/05-1024x307.png 1024w, https:\/\/festival-of-lights.de\/wp-content\/uploads\/2023\/09\/05-300x90.png 300w, https:\/\/festival-of-lights.de\/wp-content\/uploads\/2023\/09\/05-768x231.png 768w, https:\/\/festival-of-lights.de\/wp-content\/uploads\/2023\/09\/05-1536x461.png 1536w, https:\/\/festival-of-lights.de\/wp-content\/uploads\/2023\/09\/05-2048x615.png 2048w, https:\/\/festival-of-lights.de\/wp-content\/uploads\/2023\/09\/05-1900x570.png 1900w, https:\/\/festival-of-lights.de\/wp-content\/uploads\/2023\/09\/05-1240x372.png 1240w\" sizes=\"auto, (max-width: 1024px) 100vw, 1024px\" \/>                    <\/div>                 <div class=\"text-image__col1 py-4 lg:py-10 aniMe flex flex-col right\">\n                    <h3 class='grayscale-overlay relative headline-element align-left mb-4 md:mb-8'>\n    \n    <span class='relative align-left mb-4 md:mb-8'>\n    <span class='absolute top-0 left-0 z-0 -translate-x-1\/2 -translate-y-1\/2 light w-[300px] h-[300px]'>\n    <svg class='w-full h-full ' xmlns='http:\/\/www.w3.org\/2000\/svg' width='542' height='542' viewBox='0 0 542 542' fill='none'>\n      <g filter='url(#filter0_f_569_1018)'>\n        <circle cx='271' cy='271' r='121' fill='#9AE8FF' fill-opacity='0.5'\/>\n      <\/g>\n      <defs>\n        <filter id='filter0_f_569_1018' x='0' y='0' width='542' height='542' filterUnits='userSpaceOnUse' color-interpolation-filters='sRGB'>\n          <feFlood flood-opacity='0' result='BackgroundImageFix'\/>\n          <feBlend mode='normal' in='SourceGraphic' in2='BackgroundImageFix' result='shape'\/>\n          <feGaussianBlur stdDeviation='75' result='effect1_foregroundBlur_569_1018'\/>\n        <\/filter>\n      <\/defs>\n    <\/svg>\n  <\/span>\n    Sparda-Bank Berlin<\/span>\n    <\/h3><div class='text-element align-left '><p>Wir \u2013 die Sparda-Bank Berlin \u2013 bringen den Osten zur\u00fcck auf die Karte. Der Osten ist Heimat, Himmelsrichtung, eine Region mit kulturellen Besonderheiten, eine Region im Aufwind. Der Osten ist unser zu Hause. Wir zeigen, dass man als Bank im Osten nicht nur alte Klischees thematisiert. Wir nutzen die Chance, uns als Bank f\u00fcr den Osten zu beweisen, und mit attraktivem Banking f\u00fcr, mit und von Menschen. Sparda-Bank Berlin \u2013 Deine Bank im Osten.<\/p>\n<\/div>        <a target=\"_blank\" href=\"https:\/\/festival-of-lights.de\/de\/unsere-partner\/sparda-bank\/\" class=\"flex items-center gap-xs btn-primary mt-10 z-[999999]\">\n            <svg xmlns=\"http:\/\/www.w3.org\/2000\/svg\" width=\"23\" height=\"16\" viewBox=\"0 0 23 16\" fill=\"none\">\n                <path class=\"transition duration-300 ease-in-out\" d=\"M21.8863 8.70711C22.2769 8.31658 22.2769 7.68342 21.8863 7.29289L15.5224 0.928932C15.1318 0.538408 14.4987 0.538408 14.1082 0.928932C13.7176 1.31946 13.7176 1.95262 14.1082 2.34315L19.765 8L14.1082 13.6569C13.7176 14.0474 13.7176 14.6805 14.1082 15.0711C14.4987 15.4616 15.1318 15.4616 15.5224 15.0711L21.8863 8.70711ZM0 9H21.1792V7H0V9Z\" fill=\"black\"\/>\n            <\/svg>\n            Weiterlesen        <\/a>\n                        <\/div>\n            <\/div>\n        <\/div>\n    <\/div>\n<\/section>\n\n<section class=\"text-image bg-bg-darkBlue text-text-default\">\n    <div class=\"dark:!text-white dark:!bg-transparent\">\n        <div class=\"container mx-auto max-w-screen-xl px-xs py-md text-image\">\n            <div class=\"mx-auto items-center grid text-copy md:grid-cols-2 gap-x-10 align-left\">\n                                    <div class=\"text-image__image aniMe grayscale-mask relative mb-0 order-2 md:order-[unset] mt-4 md:mt-8\"> \n                        <img loading=\"lazy\" decoding=\"async\" width=\"410\" height=\"276\" src=\"https:\/\/festival-of-lights.de\/wp-content\/uploads\/2024\/07\/Kachel-Partner-Seite-5.png\" class=\"z-10 grayscale-overlay\" alt=\"\" srcset=\"https:\/\/festival-of-lights.de\/wp-content\/uploads\/2024\/07\/Kachel-Partner-Seite-5.png 410w, https:\/\/festival-of-lights.de\/wp-content\/uploads\/2024\/07\/Kachel-Partner-Seite-5-300x202.png 300w\" sizes=\"auto, (max-width: 410px) 100vw, 410px\" \/>                    <\/div>                 <div class=\"text-image__col1 py-4 lg:py-10 aniMe flex flex-col right\">\n                    <h3 class='grayscale-overlay relative headline-element align-left mb-4 md:mb-8'>\n    \n    <span class='relative align-left mb-4 md:mb-8'>\n    <span class='absolute top-0 left-0 z-0 -translate-x-1\/2 -translate-y-1\/2 light w-[300px] h-[300px]'>\n    <svg class='w-full h-full ' xmlns='http:\/\/www.w3.org\/2000\/svg' width='542' height='542' viewBox='0 0 542 542' fill='none'>\n      <g filter='url(#filter0_f_569_1018)'>\n        <circle cx='271' cy='271' r='121' fill='#9AE8FF' fill-opacity='0.5'\/>\n      <\/g>\n      <defs>\n        <filter id='filter0_f_569_1018' x='0' y='0' width='542' height='542' filterUnits='userSpaceOnUse' color-interpolation-filters='sRGB'>\n          <feFlood flood-opacity='0' result='BackgroundImageFix'\/>\n          <feBlend mode='normal' in='SourceGraphic' in2='BackgroundImageFix' result='shape'\/>\n          <feGaussianBlur stdDeviation='75' result='effect1_foregroundBlur_569_1018'\/>\n        <\/filter>\n      <\/defs>\n    <\/svg>\n  <\/span>\n    Land Berlin<\/span>\n    <\/h3><div class='text-element align-left '><p>Entdecken Sie das Land Berlin als Arbeitgeber: Mit \u00fcber 140 T\u00e4tigkeitsfeldern verf\u00fcgt das Land Berlin \u00fcber eine gro\u00dfe Aufgabenvielfalt und bietet f\u00fcr gut qualifizierte und engagierte Nachwuchs- und Fachkr\u00e4fte in nahezu allen Berufsgruppen beste Karrierechancen. Bereit f\u00fcr den Gro\u00dfstadtdschungel? Jetzt bewerben: <a href=\"http:\/\/berlin.de\/karriere\">berlin.de\/karriere<\/a>.<\/p>\n<\/div>        <a target=\"_blank\" href=\"https:\/\/festival-of-lights.de\/de\/unsere-partnerinnen-2024\/land-berlin\/\" class=\"flex items-center gap-xs btn-primary mt-10 z-[999999]\">\n            <svg xmlns=\"http:\/\/www.w3.org\/2000\/svg\" width=\"23\" height=\"16\" viewBox=\"0 0 23 16\" fill=\"none\">\n                <path class=\"transition duration-300 ease-in-out\" d=\"M21.8863 8.70711C22.2769 8.31658 22.2769 7.68342 21.8863 7.29289L15.5224 0.928932C15.1318 0.538408 14.4987 0.538408 14.1082 0.928932C13.7176 1.31946 13.7176 1.95262 14.1082 2.34315L19.765 8L14.1082 13.6569C13.7176 14.0474 13.7176 14.6805 14.1082 15.0711C14.4987 15.4616 15.1318 15.4616 15.5224 15.0711L21.8863 8.70711ZM0 9H21.1792V7H0V9Z\" fill=\"black\"\/>\n            <\/svg>\n            Weiterlesen        <\/a>\n                        <\/div>\n            <\/div>\n        <\/div>\n    <\/div>\n<\/section>\n\n<section class=\"text-image bg-bg-darkBlue text-text-default\">\n    <div class=\"dark:!text-white dark:!bg-transparent\">\n        <div class=\"container mx-auto max-w-screen-xl px-xs py-md text-image\">\n            <div class=\"mx-auto items-center grid text-copy md:grid-cols-2 gap-x-10 align-left\">\n                                    <div class=\"text-image__image aniMe grayscale-mask relative mb-0 order-2 md:order-[unset] mt-4 md:mt-8\"> \n                        <img loading=\"lazy\" decoding=\"async\" width=\"410\" height=\"276\" src=\"https:\/\/festival-of-lights.de\/wp-content\/uploads\/2023\/08\/WBM.png\" class=\"z-10 grayscale-overlay\" alt=\"\" srcset=\"https:\/\/festival-of-lights.de\/wp-content\/uploads\/2023\/08\/WBM.png 410w, https:\/\/festival-of-lights.de\/wp-content\/uploads\/2023\/08\/WBM-300x202.png 300w\" sizes=\"auto, (max-width: 410px) 100vw, 410px\" \/>                    <\/div>                 <div class=\"text-image__col1 py-4 lg:py-10 aniMe flex flex-col right\">\n                    <h3 class='grayscale-overlay relative headline-element align-left mb-4 md:mb-8'>\n    \n    <span class='relative align-left mb-4 md:mb-8'>\n    <span class='absolute top-0 left-0 z-0 -translate-x-1\/2 -translate-y-1\/2 light w-[300px] h-[300px]'>\n    <svg class='w-full h-full ' xmlns='http:\/\/www.w3.org\/2000\/svg' width='542' height='542' viewBox='0 0 542 542' fill='none'>\n      <g filter='url(#filter0_f_569_1018)'>\n        <circle cx='271' cy='271' r='121' fill='#9AE8FF' fill-opacity='0.5'\/>\n      <\/g>\n      <defs>\n        <filter id='filter0_f_569_1018' x='0' y='0' width='542' height='542' filterUnits='userSpaceOnUse' color-interpolation-filters='sRGB'>\n          <feFlood flood-opacity='0' result='BackgroundImageFix'\/>\n          <feBlend mode='normal' in='SourceGraphic' in2='BackgroundImageFix' result='shape'\/>\n          <feGaussianBlur stdDeviation='75' result='effect1_foregroundBlur_569_1018'\/>\n        <\/filter>\n      <\/defs>\n    <\/svg>\n  <\/span>\n    WBM<\/span>\n    <\/h3><div class='text-element align-left '><div class=\"text-element align-left \">\n<p>Die WBM ist so vielf\u00e4ltig wie das Leben in der Metropole Berlin: In unseren 33.000 Mietwohnungen leben rund 70.000 Berliner*innen aus \u00fcber 100 Nationen. Wir vermieten und verwalten ca. 300.000 m\u00b2 Gewerbefl\u00e4chen \u2013 so viele wie keine andere landeseigene Wohnungsbaugesellschaft. Unsere immobilienwirtschaftliche Kompetenz bringen wir als Partnerin des Landes Berlin bei der Entwicklung komplexer Quartiere von \u00fcbergeordneter st\u00e4dtebaulicher Bedeutung wie dem Haus der Statistik oder dem Dragonerareal ein.<\/p>\n<\/div>\n<\/div>        <a target=\"_blank\" href=\"https:\/\/www.wbm.de\/\" class=\"flex items-center gap-xs btn-primary mt-10 z-[999999]\">\n            <svg xmlns=\"http:\/\/www.w3.org\/2000\/svg\" width=\"23\" height=\"16\" viewBox=\"0 0 23 16\" fill=\"none\">\n                <path class=\"transition duration-300 ease-in-out\" d=\"M21.8863 8.70711C22.2769 8.31658 22.2769 7.68342 21.8863 7.29289L15.5224 0.928932C15.1318 0.538408 14.4987 0.538408 14.1082 0.928932C13.7176 1.31946 13.7176 1.95262 14.1082 2.34315L19.765 8L14.1082 13.6569C13.7176 14.0474 13.7176 14.6805 14.1082 15.0711C14.4987 15.4616 15.1318 15.4616 15.5224 15.0711L21.8863 8.70711ZM0 9H21.1792V7H0V9Z\" fill=\"black\"\/>\n            <\/svg>\n            Zur Website        <\/a>\n                        <\/div>\n            <\/div>\n        <\/div>\n    <\/div>\n<\/section>\n\n<section class=\"text-image bg-bg-darkBlue text-text-default\">\n    <div class=\"dark:!text-white dark:!bg-transparent\">\n        <div class=\"container mx-auto max-w-screen-xl px-xs py-md text-image\">\n            <div class=\"mx-auto items-center grid text-copy md:grid-cols-2 gap-x-10 align-left\">\n                                    <div class=\"text-image__image aniMe grayscale-mask relative mb-0 order-2 md:order-[unset] mt-4 md:mt-8\"> \n                        <img loading=\"lazy\" decoding=\"async\" width=\"410\" height=\"276\" src=\"https:\/\/festival-of-lights.de\/wp-content\/uploads\/2023\/09\/Kachel-Partner-Seite-6.png\" class=\"z-10 grayscale-overlay\" alt=\"\" srcset=\"https:\/\/festival-of-lights.de\/wp-content\/uploads\/2023\/09\/Kachel-Partner-Seite-6.png 410w, https:\/\/festival-of-lights.de\/wp-content\/uploads\/2023\/09\/Kachel-Partner-Seite-6-300x202.png 300w\" sizes=\"auto, (max-width: 410px) 100vw, 410px\" \/>                    <\/div>                 <div class=\"text-image__col1 py-4 lg:py-10 aniMe flex flex-col right\">\n                    <h3 class='grayscale-overlay relative headline-element align-left mb-4 md:mb-8'>\n    \n    <span class='relative align-left mb-4 md:mb-8'>\n    <span class='absolute top-0 left-0 z-0 -translate-x-1\/2 -translate-y-1\/2 light w-[300px] h-[300px]'>\n    <svg class='w-full h-full ' xmlns='http:\/\/www.w3.org\/2000\/svg' width='542' height='542' viewBox='0 0 542 542' fill='none'>\n      <g filter='url(#filter0_f_569_1018)'>\n        <circle cx='271' cy='271' r='121' fill='#9AE8FF' fill-opacity='0.5'\/>\n      <\/g>\n      <defs>\n        <filter id='filter0_f_569_1018' x='0' y='0' width='542' height='542' filterUnits='userSpaceOnUse' color-interpolation-filters='sRGB'>\n          <feFlood flood-opacity='0' result='BackgroundImageFix'\/>\n          <feBlend mode='normal' in='SourceGraphic' in2='BackgroundImageFix' result='shape'\/>\n          <feGaussianBlur stdDeviation='75' result='effect1_foregroundBlur_569_1018'\/>\n        <\/filter>\n      <\/defs>\n    <\/svg>\n  <\/span>\n    Humboldt Forum<\/span>\n    <\/h3><div class='text-element align-left '><p>Das Humboldt Forum ist ein neues Stadtquartier in der historischen Mitte Berlins \u2013 ein Ort f\u00fcr Kunst, Kultur, Wissenschaft und Bildung. Ein Ort, der Unterschiede verbindet. Ein Ort mit besonderer Geschichte. An drei Seiten als barockes Schloss rekonstruiert, an der vierten Fassade modern, laden seit Juli 2021 im Innern vier Partner zu Ausstellungen, Veranstaltungen, k\u00fcnstlerischen und gastronomischen Erlebnissen ein.<\/p>\n<\/div>        <a target=\"_blank\" href=\"https:\/\/www.humboldtforum.org\/de\/\" class=\"flex items-center gap-xs btn-primary mt-10 z-[999999]\">\n            <svg xmlns=\"http:\/\/www.w3.org\/2000\/svg\" width=\"23\" height=\"16\" viewBox=\"0 0 23 16\" fill=\"none\">\n                <path class=\"transition duration-300 ease-in-out\" d=\"M21.8863 8.70711C22.2769 8.31658 22.2769 7.68342 21.8863 7.29289L15.5224 0.928932C15.1318 0.538408 14.4987 0.538408 14.1082 0.928932C13.7176 1.31946 13.7176 1.95262 14.1082 2.34315L19.765 8L14.1082 13.6569C13.7176 14.0474 13.7176 14.6805 14.1082 15.0711C14.4987 15.4616 15.1318 15.4616 15.5224 15.0711L21.8863 8.70711ZM0 9H21.1792V7H0V9Z\" fill=\"black\"\/>\n            <\/svg>\n            Zur Website        <\/a>\n                        <\/div>\n            <\/div>\n        <\/div>\n    <\/div>\n<\/section>\n\n<section class=\"text-image bg-bg-darkBlue text-text-default\">\n    <div class=\"dark:!text-white dark:!bg-transparent\">\n        <div class=\"container mx-auto max-w-screen-xl px-xs py-md text-image\">\n            <div class=\"mx-auto items-center grid text-copy md:grid-cols-2 gap-x-10 align-left\">\n                                    <div class=\"text-image__image aniMe grayscale-mask relative mb-0 order-2 md:order-[unset] mt-4 md:mt-8\"> \n                        <img loading=\"lazy\" decoding=\"async\" width=\"410\" height=\"276\" src=\"https:\/\/festival-of-lights.de\/wp-content\/uploads\/2024\/07\/Kachel-Partner-Seite-2.png\" class=\"z-10 grayscale-overlay\" alt=\"\" srcset=\"https:\/\/festival-of-lights.de\/wp-content\/uploads\/2024\/07\/Kachel-Partner-Seite-2.png 410w, https:\/\/festival-of-lights.de\/wp-content\/uploads\/2024\/07\/Kachel-Partner-Seite-2-300x202.png 300w\" sizes=\"auto, (max-width: 410px) 100vw, 410px\" \/>                    <\/div>                 <div class=\"text-image__col1 py-4 lg:py-10 aniMe flex flex-col right\">\n                    <h3 class='grayscale-overlay relative headline-element align-left mb-4 md:mb-8'>\n    \n    <span class='relative align-left mb-4 md:mb-8'>\n    <span class='absolute top-0 left-0 z-0 -translate-x-1\/2 -translate-y-1\/2 light w-[300px] h-[300px]'>\n    <svg class='w-full h-full ' xmlns='http:\/\/www.w3.org\/2000\/svg' width='542' height='542' viewBox='0 0 542 542' fill='none'>\n      <g filter='url(#filter0_f_569_1018)'>\n        <circle cx='271' cy='271' r='121' fill='#9AE8FF' fill-opacity='0.5'\/>\n      <\/g>\n      <defs>\n        <filter id='filter0_f_569_1018' x='0' y='0' width='542' height='542' filterUnits='userSpaceOnUse' color-interpolation-filters='sRGB'>\n          <feFlood flood-opacity='0' result='BackgroundImageFix'\/>\n          <feBlend mode='normal' in='SourceGraphic' in2='BackgroundImageFix' result='shape'\/>\n          <feGaussianBlur stdDeviation='75' result='effect1_foregroundBlur_569_1018'\/>\n        <\/filter>\n      <\/defs>\n    <\/svg>\n  <\/span>\n    Kleinanzeigen<\/span>\n    <\/h3><div class='text-element align-left '><p><span style=\"font-weight: 400;\">Kleinanzeigen ist Deutschlands f\u00fchrender Online-Kleinanzeigenmarkt. Mit durchschnittlich mehr als 50 Millionen Anzeigen in zahlreichen Kategorien und mehr als 35 Millionen monatlichen Nutzerinnen und Nutzern z\u00e4hlt Kleinanzeigen zu den reichweitenst\u00e4rksten Web-Angeboten hierzulande. Auf der Plattform wird \u00fcberwiegend secondhand gehandelt. Nutzerinnen und Nutzer leisten damit einen aktiven Beitrag f\u00fcr mehr Nachhaltigkeit.\u00a0<\/span><\/p>\n<\/div>        <a target=\"_blank\" href=\"https:\/\/festival-of-lights.de\/de\/unsere-partnerinnen-2024\/kleinanzeigen\/\" class=\"flex items-center gap-xs btn-primary mt-10 z-[999999]\">\n            <svg xmlns=\"http:\/\/www.w3.org\/2000\/svg\" width=\"23\" height=\"16\" viewBox=\"0 0 23 16\" fill=\"none\">\n                <path class=\"transition duration-300 ease-in-out\" d=\"M21.8863 8.70711C22.2769 8.31658 22.2769 7.68342 21.8863 7.29289L15.5224 0.928932C15.1318 0.538408 14.4987 0.538408 14.1082 0.928932C13.7176 1.31946 13.7176 1.95262 14.1082 2.34315L19.765 8L14.1082 13.6569C13.7176 14.0474 13.7176 14.6805 14.1082 15.0711C14.4987 15.4616 15.1318 15.4616 15.5224 15.0711L21.8863 8.70711ZM0 9H21.1792V7H0V9Z\" fill=\"black\"\/>\n            <\/svg>\n            Weiterlesen        <\/a>\n                        <\/div>\n            <\/div>\n        <\/div>\n    <\/div>\n<\/section>\n\n<section class=\"text-image bg-bg-darkBlue text-text-default\">\n    <div class=\"dark:!text-white dark:!bg-transparent\">\n        <div class=\"container mx-auto max-w-screen-xl px-xs py-md text-image\">\n            <div class=\"mx-auto items-center grid text-copy md:grid-cols-2 gap-x-10 align-left\">\n                                    <div class=\"text-image__image aniMe grayscale-mask relative mb-0 order-2 md:order-[unset] mt-4 md:mt-8\"> \n                        <img loading=\"lazy\" decoding=\"async\" width=\"410\" height=\"276\" src=\"https:\/\/festival-of-lights.de\/wp-content\/uploads\/2023\/09\/Kachel-Partner-Seite-1-2.png\" class=\"z-10 grayscale-overlay\" alt=\"\" srcset=\"https:\/\/festival-of-lights.de\/wp-content\/uploads\/2023\/09\/Kachel-Partner-Seite-1-2.png 410w, https:\/\/festival-of-lights.de\/wp-content\/uploads\/2023\/09\/Kachel-Partner-Seite-1-2-300x202.png 300w\" sizes=\"auto, (max-width: 410px) 100vw, 410px\" \/>                    <\/div>                 <div class=\"text-image__col1 py-4 lg:py-10 aniMe flex flex-col right\">\n                    <h3 class='grayscale-overlay relative headline-element align-left mb-4 md:mb-8'>\n    \n    <span class='relative align-left mb-4 md:mb-8'>\n    <span class='absolute top-0 left-0 z-0 -translate-x-1\/2 -translate-y-1\/2 light w-[300px] h-[300px]'>\n    <svg class='w-full h-full ' xmlns='http:\/\/www.w3.org\/2000\/svg' width='542' height='542' viewBox='0 0 542 542' fill='none'>\n      <g filter='url(#filter0_f_569_1018)'>\n        <circle cx='271' cy='271' r='121' fill='#9AE8FF' fill-opacity='0.5'\/>\n      <\/g>\n      <defs>\n        <filter id='filter0_f_569_1018' x='0' y='0' width='542' height='542' filterUnits='userSpaceOnUse' color-interpolation-filters='sRGB'>\n          <feFlood flood-opacity='0' result='BackgroundImageFix'\/>\n          <feBlend mode='normal' in='SourceGraphic' in2='BackgroundImageFix' result='shape'\/>\n          <feGaussianBlur stdDeviation='75' result='effect1_foregroundBlur_569_1018'\/>\n        <\/filter>\n      <\/defs>\n    <\/svg>\n  <\/span>\n    Wolt<\/span>\n    <\/h3><div class='text-element align-left '><p>Wolt ist ein Technologieunternehmen mit Hauptsitz in Helsinki, das es unglaublich einfach macht, die besten Restaurants, Lebensmittell\u00e4den und andere lokale Gesch\u00e4fte zu entdecken und sich diese liefern zu lassen. Wolt hat es sich zur Aufgabe gemacht, St\u00e4dte zu besseren Orten f\u00fcr Kund*innen, H\u00e4ndler*innen und Kurier*innen gleicherma\u00dfen zu machen.<\/p>\n<h3 class=\"grayscale-overlay relative headline-element align-left mb-4 md:mb-8\"><\/h3>\n<\/div>        <a target=\"\" href=\"https:\/\/festival-of-lights.de\/de\/unsere-partner\/wolt\/\" class=\"flex items-center gap-xs btn-primary mt-10 z-[999999]\">\n            <svg xmlns=\"http:\/\/www.w3.org\/2000\/svg\" width=\"23\" height=\"16\" viewBox=\"0 0 23 16\" fill=\"none\">\n                <path class=\"transition duration-300 ease-in-out\" d=\"M21.8863 8.70711C22.2769 8.31658 22.2769 7.68342 21.8863 7.29289L15.5224 0.928932C15.1318 0.538408 14.4987 0.538408 14.1082 0.928932C13.7176 1.31946 13.7176 1.95262 14.1082 2.34315L19.765 8L14.1082 13.6569C13.7176 14.0474 13.7176 14.6805 14.1082 15.0711C14.4987 15.4616 15.1318 15.4616 15.5224 15.0711L21.8863 8.70711ZM0 9H21.1792V7H0V9Z\" fill=\"black\"\/>\n            <\/svg>\n            Weiterlesen        <\/a>\n                        <\/div>\n            <\/div>\n        <\/div>\n    <\/div>\n<\/section>\n\n<section class=\"text-image bg-bg-darkBlue text-text-default\">\n    <div class=\"dark:!text-white dark:!bg-transparent\">\n        <div class=\"container mx-auto max-w-screen-xl px-xs py-md text-image\">\n            <div class=\"mx-auto items-center grid text-copy md:grid-cols-2 gap-x-10 align-left\">\n                                    <div class=\"text-image__image aniMe grayscale-mask relative mb-0 order-2 md:order-[unset] mt-4 md:mt-8\"> \n                        <img loading=\"lazy\" decoding=\"async\" width=\"410\" height=\"276\" src=\"https:\/\/festival-of-lights.de\/wp-content\/uploads\/2023\/09\/2.png\" class=\"z-10 grayscale-overlay\" alt=\"\" srcset=\"https:\/\/festival-of-lights.de\/wp-content\/uploads\/2023\/09\/2.png 410w, https:\/\/festival-of-lights.de\/wp-content\/uploads\/2023\/09\/2-300x202.png 300w\" sizes=\"auto, (max-width: 410px) 100vw, 410px\" \/>                    <\/div>                 <div class=\"text-image__col1 py-4 lg:py-10 aniMe flex flex-col right\">\n                    <h3 class='grayscale-overlay relative headline-element align-left mb-4 md:mb-8'>\n    \n    <span class='relative align-left mb-4 md:mb-8'>\n    <span class='absolute top-0 left-0 z-0 -translate-x-1\/2 -translate-y-1\/2 light w-[300px] h-[300px]'>\n    <svg class='w-full h-full ' xmlns='http:\/\/www.w3.org\/2000\/svg' width='542' height='542' viewBox='0 0 542 542' fill='none'>\n      <g filter='url(#filter0_f_569_1018)'>\n        <circle cx='271' cy='271' r='121' fill='#9AE8FF' fill-opacity='0.5'\/>\n      <\/g>\n      <defs>\n        <filter id='filter0_f_569_1018' x='0' y='0' width='542' height='542' filterUnits='userSpaceOnUse' color-interpolation-filters='sRGB'>\n          <feFlood flood-opacity='0' result='BackgroundImageFix'\/>\n          <feBlend mode='normal' in='SourceGraphic' in2='BackgroundImageFix' result='shape'\/>\n          <feGaussianBlur stdDeviation='75' result='effect1_foregroundBlur_569_1018'\/>\n        <\/filter>\n      <\/defs>\n    <\/svg>\n  <\/span>\n    KIDDINX<\/span>\n    <\/h3><div class='text-element align-left '><p>KIDDINX bietet Unterhaltung f\u00fcr Kinder\u2013und das seit \u00fcber 50 Jahren. Das Berliner Unternehmen produziert und vermarktet H\u00f6rspiele, Musik, Zeichentrickfilme, TV-Rechte, Apps, eBooks und Podcasts. KIDDINX steht f\u00fcr eigene Brands wie Benjamin Bl\u00fcmchen, Bibi Blocksberg, Bibi &amp; Tina oder Kira Kolumna und ist zudem Lizenzagentur f\u00fcr Pippi Langstrumpf, Die Schl\u00fcmpfe u.v.a. bekannte Kindermarken. Bei YouTube, Instagram, TikTok und Facebook erreicht KIDDINX \u00fcber 1,7 Mio. Follower.<\/p>\n<\/div>        <a target=\"_blank\" href=\"https:\/\/festival-of-lights.de\/de\/unsere-partner\/kiddinx\/\" class=\"flex items-center gap-xs btn-primary mt-10 z-[999999]\">\n            <svg xmlns=\"http:\/\/www.w3.org\/2000\/svg\" width=\"23\" height=\"16\" viewBox=\"0 0 23 16\" fill=\"none\">\n                <path class=\"transition duration-300 ease-in-out\" d=\"M21.8863 8.70711C22.2769 8.31658 22.2769 7.68342 21.8863 7.29289L15.5224 0.928932C15.1318 0.538408 14.4987 0.538408 14.1082 0.928932C13.7176 1.31946 13.7176 1.95262 14.1082 2.34315L19.765 8L14.1082 13.6569C13.7176 14.0474 13.7176 14.6805 14.1082 15.0711C14.4987 15.4616 15.1318 15.4616 15.5224 15.0711L21.8863 8.70711ZM0 9H21.1792V7H0V9Z\" fill=\"black\"\/>\n            <\/svg>\n            Weiterlesen        <\/a>\n                        <\/div>\n            <\/div>\n        <\/div>\n    <\/div>\n<\/section>\n\n<section class=\"text-image bg-bg-darkBlue text-text-default\">\n    <div class=\"dark:!text-white dark:!bg-transparent\">\n        <div class=\"container mx-auto max-w-screen-xl px-xs py-md text-image\">\n            <div class=\"mx-auto items-center grid text-copy md:grid-cols-2 gap-x-10 align-left\">\n                                    <div class=\"text-image__image aniMe grayscale-mask relative mb-0 order-2 md:order-[unset] mt-4 md:mt-8\"> \n                        <img loading=\"lazy\" decoding=\"async\" width=\"410\" height=\"276\" src=\"https:\/\/festival-of-lights.de\/wp-content\/uploads\/2024\/08\/Kachel-Partner-Seite-17.png\" class=\"z-10 grayscale-overlay\" alt=\"\" srcset=\"https:\/\/festival-of-lights.de\/wp-content\/uploads\/2024\/08\/Kachel-Partner-Seite-17.png 410w, https:\/\/festival-of-lights.de\/wp-content\/uploads\/2024\/08\/Kachel-Partner-Seite-17-300x202.png 300w\" sizes=\"auto, (max-width: 410px) 100vw, 410px\" \/>                    <\/div>                 <div class=\"text-image__col1 py-4 lg:py-10 aniMe flex flex-col right\">\n                    <h3 class='grayscale-overlay relative headline-element align-left mb-4 md:mb-8'>\n    \n    <span class='relative align-left mb-4 md:mb-8'>\n    <span class='absolute top-0 left-0 z-0 -translate-x-1\/2 -translate-y-1\/2 light w-[300px] h-[300px]'>\n    <svg class='w-full h-full ' xmlns='http:\/\/www.w3.org\/2000\/svg' width='542' height='542' viewBox='0 0 542 542' fill='none'>\n      <g filter='url(#filter0_f_569_1018)'>\n        <circle cx='271' cy='271' r='121' fill='#9AE8FF' fill-opacity='0.5'\/>\n      <\/g>\n      <defs>\n        <filter id='filter0_f_569_1018' x='0' y='0' width='542' height='542' filterUnits='userSpaceOnUse' color-interpolation-filters='sRGB'>\n          <feFlood flood-opacity='0' result='BackgroundImageFix'\/>\n          <feBlend mode='normal' in='SourceGraphic' in2='BackgroundImageFix' result='shape'\/>\n          <feGaussianBlur stdDeviation='75' result='effect1_foregroundBlur_569_1018'\/>\n        <\/filter>\n      <\/defs>\n    <\/svg>\n  <\/span>\n    CUPRA<\/span>\n    <\/h3><div class='text-element align-left '><p>Wir sind CUPRA. Wir existieren, um Neues, Unerwartetes zu tun und zu erm\u00f6glichen. Daf\u00fcr hinterfragen wir Kategorien, \u00fcberwinden scheinbare Grenzen. Von Barcelona aus. Seit 2018. Wir sehen den Status Quo nicht als Zustand. Sondern als Herausforderung. Dinge anders zu tun. Ins Licht zu r\u00fccken. Was Andere als unm\u00f6glich abgeschrieben haben. Um uns von der Masse abzuheben. Um herauszustechen. Au\u00dfergew\u00f6hnlich. Illuminiert. Wie Kunst. Bei dem Festival of Lights.<\/p>\n<\/div>        <a target=\"_blank\" href=\"https:\/\/festival-of-lights.de\/de\/unsere-partnerinnen-2024\/cupra\/\" class=\"flex items-center gap-xs btn-primary mt-10 z-[999999]\">\n            <svg xmlns=\"http:\/\/www.w3.org\/2000\/svg\" width=\"23\" height=\"16\" viewBox=\"0 0 23 16\" fill=\"none\">\n                <path class=\"transition duration-300 ease-in-out\" d=\"M21.8863 8.70711C22.2769 8.31658 22.2769 7.68342 21.8863 7.29289L15.5224 0.928932C15.1318 0.538408 14.4987 0.538408 14.1082 0.928932C13.7176 1.31946 13.7176 1.95262 14.1082 2.34315L19.765 8L14.1082 13.6569C13.7176 14.0474 13.7176 14.6805 14.1082 15.0711C14.4987 15.4616 15.1318 15.4616 15.5224 15.0711L21.8863 8.70711ZM0 9H21.1792V7H0V9Z\" fill=\"black\"\/>\n            <\/svg>\n            Weiterlesen        <\/a>\n                        <\/div>\n            <\/div>\n        <\/div>\n    <\/div>\n<\/section>\n\n<section class=\"text-image bg-bg-darkBlue text-text-default\">\n    <div class=\"dark:!text-white dark:!bg-transparent\">\n        <div class=\"container mx-auto max-w-screen-xl px-xs py-md text-image\">\n            <div class=\"mx-auto items-center grid text-copy md:grid-cols-2 gap-x-10 align-left\">\n                                    <div class=\"text-image__image aniMe grayscale-mask relative mb-0 order-2 md:order-[unset] mt-4 md:mt-8\"> \n                        <img loading=\"lazy\" decoding=\"async\" width=\"410\" height=\"276\" src=\"https:\/\/festival-of-lights.de\/wp-content\/uploads\/2024\/08\/Kachel-Partner-Seite-22.png\" class=\"z-10 grayscale-overlay\" alt=\"\" srcset=\"https:\/\/festival-of-lights.de\/wp-content\/uploads\/2024\/08\/Kachel-Partner-Seite-22.png 410w, https:\/\/festival-of-lights.de\/wp-content\/uploads\/2024\/08\/Kachel-Partner-Seite-22-300x202.png 300w\" sizes=\"auto, (max-width: 410px) 100vw, 410px\" \/>                    <\/div>                 <div class=\"text-image__col1 py-4 lg:py-10 aniMe flex flex-col right\">\n                    <h3 class='grayscale-overlay relative headline-element align-left mb-4 md:mb-8'>\n    \n    <span class='relative align-left mb-4 md:mb-8'>\n    <span class='absolute top-0 left-0 z-0 -translate-x-1\/2 -translate-y-1\/2 light w-[300px] h-[300px]'>\n    <svg class='w-full h-full ' xmlns='http:\/\/www.w3.org\/2000\/svg' width='542' height='542' viewBox='0 0 542 542' fill='none'>\n      <g filter='url(#filter0_f_569_1018)'>\n        <circle cx='271' cy='271' r='121' fill='#9AE8FF' fill-opacity='0.5'\/>\n      <\/g>\n      <defs>\n        <filter id='filter0_f_569_1018' x='0' y='0' width='542' height='542' filterUnits='userSpaceOnUse' color-interpolation-filters='sRGB'>\n          <feFlood flood-opacity='0' result='BackgroundImageFix'\/>\n          <feBlend mode='normal' in='SourceGraphic' in2='BackgroundImageFix' result='shape'\/>\n          <feGaussianBlur stdDeviation='75' result='effect1_foregroundBlur_569_1018'\/>\n        <\/filter>\n      <\/defs>\n    <\/svg>\n  <\/span>\n    Est\u00e9e Lauder Companies<\/span>\n    <\/h3><div class='text-element align-left '><p>Die Brustkrebs-Kampagne der Est\u00e9e Lauder Companies vereint weltweit Menschen und Organisationen, f\u00fcr eine Welt ohne Brustkrebs. 1992 von Evelyn H. Lauder gegr\u00fcndet, ist sie das gr\u00f6\u00dfte soziale Engagement des Unternehmens. Kampagne und Stiftung haben bisher \u00fcber 131 Mio. USD f\u00fcr Forschung, Bildung und medizinische Dienste bereitgestellt, davon 103 Mio. USD f\u00fcr die Breast Cancer Research Foundation\u00ae.<\/p>\n<\/div>        <a target=\"_blank\" href=\"https:\/\/festival-of-lights.de\/de\/unsere-partnerinnen-2024\/estee-lauder\/\" class=\"flex items-center gap-xs btn-primary mt-10 z-[999999]\">\n            <svg xmlns=\"http:\/\/www.w3.org\/2000\/svg\" width=\"23\" height=\"16\" viewBox=\"0 0 23 16\" fill=\"none\">\n                <path class=\"transition duration-300 ease-in-out\" d=\"M21.8863 8.70711C22.2769 8.31658 22.2769 7.68342 21.8863 7.29289L15.5224 0.928932C15.1318 0.538408 14.4987 0.538408 14.1082 0.928932C13.7176 1.31946 13.7176 1.95262 14.1082 2.34315L19.765 8L14.1082 13.6569C13.7176 14.0474 13.7176 14.6805 14.1082 15.0711C14.4987 15.4616 15.1318 15.4616 15.5224 15.0711L21.8863 8.70711ZM0 9H21.1792V7H0V9Z\" fill=\"black\"\/>\n            <\/svg>\n            Weiterlesen        <\/a>\n                        <\/div>\n            <\/div>\n        <\/div>\n    <\/div>\n<\/section>\n\n<section class=\"text-image bg-bg-darkBlue text-text-default\">\n    <div class=\"dark:!text-white dark:!bg-transparent\">\n        <div class=\"container mx-auto max-w-screen-xl px-xs py-md text-image\">\n            <div class=\"mx-auto items-center grid text-copy md:grid-cols-2 gap-x-10 align-left\">\n                                    <div class=\"text-image__image aniMe grayscale-mask relative mb-0 order-2 md:order-[unset] mt-4 md:mt-8\"> \n                        <img loading=\"lazy\" decoding=\"async\" width=\"410\" height=\"276\" src=\"https:\/\/festival-of-lights.de\/wp-content\/uploads\/2023\/09\/3.png\" class=\"z-10 grayscale-overlay\" alt=\"\" srcset=\"https:\/\/festival-of-lights.de\/wp-content\/uploads\/2023\/09\/3.png 410w, https:\/\/festival-of-lights.de\/wp-content\/uploads\/2023\/09\/3-300x202.png 300w\" sizes=\"auto, (max-width: 410px) 100vw, 410px\" \/>                    <\/div>                 <div class=\"text-image__col1 py-4 lg:py-10 aniMe flex flex-col right\">\n                    <h3 class='grayscale-overlay relative headline-element align-left mb-4 md:mb-8'>\n    \n    <span class='relative align-left mb-4 md:mb-8'>\n    <span class='absolute top-0 left-0 z-0 -translate-x-1\/2 -translate-y-1\/2 light w-[300px] h-[300px]'>\n    <svg class='w-full h-full ' xmlns='http:\/\/www.w3.org\/2000\/svg' width='542' height='542' viewBox='0 0 542 542' fill='none'>\n      <g filter='url(#filter0_f_569_1018)'>\n        <circle cx='271' cy='271' r='121' fill='#9AE8FF' fill-opacity='0.5'\/>\n      <\/g>\n      <defs>\n        <filter id='filter0_f_569_1018' x='0' y='0' width='542' height='542' filterUnits='userSpaceOnUse' color-interpolation-filters='sRGB'>\n          <feFlood flood-opacity='0' result='BackgroundImageFix'\/>\n          <feBlend mode='normal' in='SourceGraphic' in2='BackgroundImageFix' result='shape'\/>\n          <feGaussianBlur stdDeviation='75' result='effect1_foregroundBlur_569_1018'\/>\n        <\/filter>\n      <\/defs>\n    <\/svg>\n  <\/span>\n    SAP<\/span>\n    <\/h3><div class='text-element align-left '><p>Das 2016 gegr\u00fcndete SAP Labs Berlin hat sich zum Ziel gesetzt, Vorreiter und Vordenker im Bereich der Unternehmenssoftware zu sein und sich auf die Innovation von Teilen des Kerngesch\u00e4fts, die Erforschung von Trends und die Entwicklung neuer Technologien zu konzentrieren. Der Standort in Berlin bietet einen perfekten Treffpunkt f\u00fcr Innovatoren und Entscheidungstr\u00e4ger, w\u00e4hrend SAP Berlin an der Spitze der Softwaretrends und -technologien bleibt, um deren Wert f\u00fcr Wirtschaft und Gesellschaft zu definieren. Im Herzen der europ\u00e4ischen Innovationslandschaft gelegen, verbindet SAP in Berlin die Kraft eines globalen Unternehmens mit der St\u00e4rke eines einzigartigen lokalen \u00d6kosystems: SAP Berlin zieht Talente an, pr\u00e4gt das Image der SAP als Innovationsf\u00fchrer und f\u00f6rdert unsere Position als Marktf\u00fchrer f\u00fcr Unternehmenssoftware in Berlin.<\/p>\n<\/div>        <a target=\"_blank\" href=\"https:\/\/festival-of-lights.de\/de\/unsere-partner\/sap\/\" class=\"flex items-center gap-xs btn-primary mt-10 z-[999999]\">\n            <svg xmlns=\"http:\/\/www.w3.org\/2000\/svg\" width=\"23\" height=\"16\" viewBox=\"0 0 23 16\" fill=\"none\">\n                <path class=\"transition duration-300 ease-in-out\" d=\"M21.8863 8.70711C22.2769 8.31658 22.2769 7.68342 21.8863 7.29289L15.5224 0.928932C15.1318 0.538408 14.4987 0.538408 14.1082 0.928932C13.7176 1.31946 13.7176 1.95262 14.1082 2.34315L19.765 8L14.1082 13.6569C13.7176 14.0474 13.7176 14.6805 14.1082 15.0711C14.4987 15.4616 15.1318 15.4616 15.5224 15.0711L21.8863 8.70711ZM0 9H21.1792V7H0V9Z\" fill=\"black\"\/>\n            <\/svg>\n            Weiterlesen        <\/a>\n                        <\/div>\n            <\/div>\n        <\/div>\n    <\/div>\n<\/section>\n\n<section class=\"text-image bg-bg-darkBlue text-text-default\">\n    <div class=\"dark:!text-white dark:!bg-transparent\">\n        <div class=\"container mx-auto max-w-screen-xl px-xs py-md text-image\">\n            <div class=\"mx-auto items-center grid text-copy md:grid-cols-2 gap-x-10 align-left\">\n                                    <div class=\"text-image__image aniMe grayscale-mask relative mb-0 order-2 md:order-[unset] mt-4 md:mt-8\"> \n                        <img loading=\"lazy\" decoding=\"async\" width=\"410\" height=\"276\" src=\"https:\/\/festival-of-lights.de\/wp-content\/uploads\/2024\/07\/Kachel-Partner-Seite-3.png\" class=\"z-10 grayscale-overlay\" alt=\"\" srcset=\"https:\/\/festival-of-lights.de\/wp-content\/uploads\/2024\/07\/Kachel-Partner-Seite-3.png 410w, https:\/\/festival-of-lights.de\/wp-content\/uploads\/2024\/07\/Kachel-Partner-Seite-3-300x202.png 300w\" sizes=\"auto, (max-width: 410px) 100vw, 410px\" \/>                    <\/div>                 <div class=\"text-image__col1 py-4 lg:py-10 aniMe flex flex-col right\">\n                    <h3 class='grayscale-overlay relative headline-element align-left mb-4 md:mb-8'>\n    \n    <span class='relative align-left mb-4 md:mb-8'>\n    <span class='absolute top-0 left-0 z-0 -translate-x-1\/2 -translate-y-1\/2 light w-[300px] h-[300px]'>\n    <svg class='w-full h-full ' xmlns='http:\/\/www.w3.org\/2000\/svg' width='542' height='542' viewBox='0 0 542 542' fill='none'>\n      <g filter='url(#filter0_f_569_1018)'>\n        <circle cx='271' cy='271' r='121' fill='#9AE8FF' fill-opacity='0.5'\/>\n      <\/g>\n      <defs>\n        <filter id='filter0_f_569_1018' x='0' y='0' width='542' height='542' filterUnits='userSpaceOnUse' color-interpolation-filters='sRGB'>\n          <feFlood flood-opacity='0' result='BackgroundImageFix'\/>\n          <feBlend mode='normal' in='SourceGraphic' in2='BackgroundImageFix' result='shape'\/>\n          <feGaussianBlur stdDeviation='75' result='effect1_foregroundBlur_569_1018'\/>\n        <\/filter>\n      <\/defs>\n    <\/svg>\n  <\/span>\n    Handwerkskammer Berlin<\/span>\n    <\/h3><div class='text-element align-left '><p>Die Handwerkskammer Berlin ist als K\u00f6rperschaft \u00f6ffentlichen Rechts erste Ansprechpartnerin f\u00fcr mehr als 29.500 Handwerksbetriebe in Berlin. Zu den Kernaufgaben der Handwerkskammer z\u00e4hlen neben Aspekten der hoheitlichen Selbstverwaltung des Handwerks \u2013 wie etwa Ausbildung, Pr\u00fcfungswesen und F\u00fchren der Handwerks- und Lehrlingsrolle \u2013 auch berufliche Bildungsangebote, Nachwuchskr\u00e4ftef\u00f6rderung und vielf\u00e4ltige Beratungsangebote f\u00fcr Betriebsinhaber*innen, wie beispielsweise zu Themen der Betriebs\u00fcbergabe an nachfolgende Generationen.<\/p>\n<\/div>        <a target=\"_blank\" href=\"https:\/\/festival-of-lights.de\/de\/unsere-partnerinnen-2024\/handwerkskammer-berlin\/\" class=\"flex items-center gap-xs btn-primary mt-10 z-[999999]\">\n            <svg xmlns=\"http:\/\/www.w3.org\/2000\/svg\" width=\"23\" height=\"16\" viewBox=\"0 0 23 16\" fill=\"none\">\n                <path class=\"transition duration-300 ease-in-out\" d=\"M21.8863 8.70711C22.2769 8.31658 22.2769 7.68342 21.8863 7.29289L15.5224 0.928932C15.1318 0.538408 14.4987 0.538408 14.1082 0.928932C13.7176 1.31946 13.7176 1.95262 14.1082 2.34315L19.765 8L14.1082 13.6569C13.7176 14.0474 13.7176 14.6805 14.1082 15.0711C14.4987 15.4616 15.1318 15.4616 15.5224 15.0711L21.8863 8.70711ZM0 9H21.1792V7H0V9Z\" fill=\"black\"\/>\n            <\/svg>\n            Weiterlesen        <\/a>\n                        <\/div>\n            <\/div>\n        <\/div>\n    <\/div>\n<\/section>\n\n<section class=\"text-image bg-bg-darkBlue text-text-default\">\n    <div class=\"dark:!text-white dark:!bg-transparent\">\n        <div class=\"container mx-auto max-w-screen-xl px-xs py-md text-image\">\n            <div class=\"mx-auto items-center grid text-copy md:grid-cols-2 gap-x-10 align-left\">\n                                    <div class=\"text-image__image aniMe grayscale-mask relative mb-0 order-2 md:order-[unset] mt-4 md:mt-8\"> \n                        <img loading=\"lazy\" decoding=\"async\" width=\"410\" height=\"276\" src=\"https:\/\/festival-of-lights.de\/wp-content\/uploads\/2024\/07\/Kachel-Partner-Seite-7.png\" class=\"z-10 grayscale-overlay\" alt=\"\" srcset=\"https:\/\/festival-of-lights.de\/wp-content\/uploads\/2024\/07\/Kachel-Partner-Seite-7.png 410w, https:\/\/festival-of-lights.de\/wp-content\/uploads\/2024\/07\/Kachel-Partner-Seite-7-300x202.png 300w\" sizes=\"auto, (max-width: 410px) 100vw, 410px\" \/>                    <\/div>                 <div class=\"text-image__col1 py-4 lg:py-10 aniMe flex flex-col right\">\n                    <h3 class='grayscale-overlay relative headline-element align-left mb-4 md:mb-8'>\n    \n    <span class='relative align-left mb-4 md:mb-8'>\n    <span class='absolute top-0 left-0 z-0 -translate-x-1\/2 -translate-y-1\/2 light w-[300px] h-[300px]'>\n    <svg class='w-full h-full ' xmlns='http:\/\/www.w3.org\/2000\/svg' width='542' height='542' viewBox='0 0 542 542' fill='none'>\n      <g filter='url(#filter0_f_569_1018)'>\n        <circle cx='271' cy='271' r='121' fill='#9AE8FF' fill-opacity='0.5'\/>\n      <\/g>\n      <defs>\n        <filter id='filter0_f_569_1018' x='0' y='0' width='542' height='542' filterUnits='userSpaceOnUse' color-interpolation-filters='sRGB'>\n          <feFlood flood-opacity='0' result='BackgroundImageFix'\/>\n          <feBlend mode='normal' in='SourceGraphic' in2='BackgroundImageFix' result='shape'\/>\n          <feGaussianBlur stdDeviation='75' result='effect1_foregroundBlur_569_1018'\/>\n        <\/filter>\n      <\/defs>\n    <\/svg>\n  <\/span>\n    Caritasverband f\u00fcr das Erzbistum Berlin e.V.<\/span>\n    <\/h3><div class='text-element align-left '><p>Der Caritasverband f\u00fcr das Erzbistum Berlin e.V. ist ein Spitzenverband der Freien Wohlfahrtspflege und gemeinn\u00fctziger Anbieter von Hilfsangeboten in Berlin, Brandenburg und Vorpommern. Mit seinen Caritas-Gesellschaften, Fachverb\u00e4nden und korporativen Mitgliedern ist die Caritas Tr\u00e4ger von Beratungsstellen, Krankenh\u00e4usern, Hospizen, Kinder-, Jugendhilfe-, Behinderten-, und Senioreneinrichtungen, ambulanter Pflege sowie Angeboten der Wohnungslosenhilfe.<\/p>\n<\/div>        <a target=\"\" href=\"https:\/\/festival-of-lights.de\/de\/unsere-partnerinnen-2024\/caritas\/\" class=\"flex items-center gap-xs btn-primary mt-10 z-[999999]\">\n            <svg xmlns=\"http:\/\/www.w3.org\/2000\/svg\" width=\"23\" height=\"16\" viewBox=\"0 0 23 16\" fill=\"none\">\n                <path class=\"transition duration-300 ease-in-out\" d=\"M21.8863 8.70711C22.2769 8.31658 22.2769 7.68342 21.8863 7.29289L15.5224 0.928932C15.1318 0.538408 14.4987 0.538408 14.1082 0.928932C13.7176 1.31946 13.7176 1.95262 14.1082 2.34315L19.765 8L14.1082 13.6569C13.7176 14.0474 13.7176 14.6805 14.1082 15.0711C14.4987 15.4616 15.1318 15.4616 15.5224 15.0711L21.8863 8.70711ZM0 9H21.1792V7H0V9Z\" fill=\"black\"\/>\n            <\/svg>\n            Weiterlesen        <\/a>\n                        <\/div>\n            <\/div>\n        <\/div>\n    <\/div>\n<\/section>\n\n<section class=\"text-image bg-bg-darkBlue text-text-default\">\n    <div class=\"dark:!text-white dark:!bg-transparent\">\n        <div class=\"container mx-auto max-w-screen-xl px-xs py-md text-image\">\n            <div class=\"mx-auto items-center grid text-copy md:grid-cols-2 gap-x-10 align-left\">\n                                    <div class=\"text-image__image aniMe grayscale-mask relative mb-0 order-2 md:order-[unset] mt-4 md:mt-8\"> \n                        <img loading=\"lazy\" decoding=\"async\" width=\"410\" height=\"276\" src=\"https:\/\/festival-of-lights.de\/wp-content\/uploads\/2024\/08\/Kachel-Partner-Seite-16.png\" class=\"z-10 grayscale-overlay\" alt=\"\" srcset=\"https:\/\/festival-of-lights.de\/wp-content\/uploads\/2024\/08\/Kachel-Partner-Seite-16.png 410w, https:\/\/festival-of-lights.de\/wp-content\/uploads\/2024\/08\/Kachel-Partner-Seite-16-300x202.png 300w\" sizes=\"auto, (max-width: 410px) 100vw, 410px\" \/>                    <\/div>                 <div class=\"text-image__col1 py-4 lg:py-10 aniMe flex flex-col right\">\n                    <h3 class='grayscale-overlay relative headline-element align-left mb-4 md:mb-8'>\n    \n    <span class='relative align-left mb-4 md:mb-8'>\n    <span class='absolute top-0 left-0 z-0 -translate-x-1\/2 -translate-y-1\/2 light w-[300px] h-[300px]'>\n    <svg class='w-full h-full ' xmlns='http:\/\/www.w3.org\/2000\/svg' width='542' height='542' viewBox='0 0 542 542' fill='none'>\n      <g filter='url(#filter0_f_569_1018)'>\n        <circle cx='271' cy='271' r='121' fill='#9AE8FF' fill-opacity='0.5'\/>\n      <\/g>\n      <defs>\n        <filter id='filter0_f_569_1018' x='0' y='0' width='542' height='542' filterUnits='userSpaceOnUse' color-interpolation-filters='sRGB'>\n          <feFlood flood-opacity='0' result='BackgroundImageFix'\/>\n          <feBlend mode='normal' in='SourceGraphic' in2='BackgroundImageFix' result='shape'\/>\n          <feGaussianBlur stdDeviation='75' result='effect1_foregroundBlur_569_1018'\/>\n        <\/filter>\n      <\/defs>\n    <\/svg>\n  <\/span>\n    WWF<\/span>\n    <\/h3><div class='text-element align-left '><p><strong>Der WWF: Anwalt der Natur<\/strong><\/p>\n<p>Der WWF ist eine unabh\u00e4ngige Naturschutzorganisation mit mehr als 4 Mio F\u00f6rderinnen und F\u00f6rderern, der in einem globalen Netzwerk in \u00fcber 100 L\u00e4ndern aktiv ist. Sein Auftrag ist es, die Zerst\u00f6rung von Natur und Umwelt zu stoppen und eine Zukunft zu gestalten, in der Mensch und Natur in Einklang leben. Dazu ist es n\u00f6tig, die biologische Vielfalt der Welt zu erhalten, die nat\u00fcrlichen Ressourcen nachhaltig zu nutzen, verschwenderischen Konsum genauso wie die Umweltverschmutzung zu verringern und das Klima zu sch\u00fctzen.<\/p>\n<\/div>        <a target=\"_blank\" href=\"https:\/\/festival-of-lights.de\/de\/unsere-partnerinnen-2024\/wwf\/\" class=\"flex items-center gap-xs btn-primary mt-10 z-[999999]\">\n            <svg xmlns=\"http:\/\/www.w3.org\/2000\/svg\" width=\"23\" height=\"16\" viewBox=\"0 0 23 16\" fill=\"none\">\n                <path class=\"transition duration-300 ease-in-out\" d=\"M21.8863 8.70711C22.2769 8.31658 22.2769 7.68342 21.8863 7.29289L15.5224 0.928932C15.1318 0.538408 14.4987 0.538408 14.1082 0.928932C13.7176 1.31946 13.7176 1.95262 14.1082 2.34315L19.765 8L14.1082 13.6569C13.7176 14.0474 13.7176 14.6805 14.1082 15.0711C14.4987 15.4616 15.1318 15.4616 15.5224 15.0711L21.8863 8.70711ZM0 9H21.1792V7H0V9Z\" fill=\"black\"\/>\n            <\/svg>\n            Weiterlesen        <\/a>\n                        <\/div>\n            <\/div>\n        <\/div>\n    <\/div>\n<\/section>\n\n<section class=\"text-image bg-bg-darkBlue text-text-default\">\n    <div class=\"dark:!text-white dark:!bg-transparent\">\n        <div class=\"container mx-auto max-w-screen-xl px-xs py-md text-image\">\n            <div class=\"mx-auto items-center grid text-copy md:grid-cols-2 gap-x-10 align-left\">\n                                    <div class=\"text-image__image aniMe grayscale-mask relative mb-0 order-2 md:order-[unset] mt-4 md:mt-8\"> \n                        <img loading=\"lazy\" decoding=\"async\" width=\"410\" height=\"276\" src=\"https:\/\/festival-of-lights.de\/wp-content\/uploads\/2023\/09\/Kachel-Partner-Seite-1-1.png\" class=\"z-10 grayscale-overlay\" alt=\"\" srcset=\"https:\/\/festival-of-lights.de\/wp-content\/uploads\/2023\/09\/Kachel-Partner-Seite-1-1.png 410w, https:\/\/festival-of-lights.de\/wp-content\/uploads\/2023\/09\/Kachel-Partner-Seite-1-1-300x202.png 300w\" sizes=\"auto, (max-width: 410px) 100vw, 410px\" \/>                    <\/div>                 <div class=\"text-image__col1 py-4 lg:py-10 aniMe flex flex-col right\">\n                    <h3 class='grayscale-overlay relative headline-element align-left mb-4 md:mb-8'>\n    \n    <span class='relative align-left mb-4 md:mb-8'>\n    <span class='absolute top-0 left-0 z-0 -translate-x-1\/2 -translate-y-1\/2 light w-[300px] h-[300px]'>\n    <svg class='w-full h-full ' xmlns='http:\/\/www.w3.org\/2000\/svg' width='542' height='542' viewBox='0 0 542 542' fill='none'>\n      <g filter='url(#filter0_f_569_1018)'>\n        <circle cx='271' cy='271' r='121' fill='#9AE8FF' fill-opacity='0.5'\/>\n      <\/g>\n      <defs>\n        <filter id='filter0_f_569_1018' x='0' y='0' width='542' height='542' filterUnits='userSpaceOnUse' color-interpolation-filters='sRGB'>\n          <feFlood flood-opacity='0' result='BackgroundImageFix'\/>\n          <feBlend mode='normal' in='SourceGraphic' in2='BackgroundImageFix' result='shape'\/>\n          <feGaussianBlur stdDeviation='75' result='effect1_foregroundBlur_569_1018'\/>\n        <\/filter>\n      <\/defs>\n    <\/svg>\n  <\/span>\n    Zagreb Tourist Board<\/span>\n    <\/h3><div class='text-element align-left '><p>Nach der Weltpremiere beim Festival of Lights Zagreb 2024 freut sich das Zagreb Tourist Board, dass die Show \u201eWe Are All Connected\u201c in Zusammenarbeit mit dem WWF auch beim Festival of Lights Berlin an der Fassade des Schlosses Charlottenburg zu sehen sein wird.<\/p>\n<p>Diese Initiative des Zagreb Tourist Board soll auf die dringende Notwendigkeit des Naturschutzes und die Auswirkungen menschlicher Aktivit\u00e4ten auf die Umwelt hinweisen.<\/p>\n<p>Das Projekt wurde in Zusammenarbeit mit dem WWF Adria und dem Festival of Lights International entwickelt. Artwork von MP-STUDIO.<\/p>\n<\/div>        <a target=\"_blank\" href=\"https:\/\/www.infozagreb.hr\/de\/\" class=\"flex items-center gap-xs btn-primary mt-10 z-[999999]\">\n            <svg xmlns=\"http:\/\/www.w3.org\/2000\/svg\" width=\"23\" height=\"16\" viewBox=\"0 0 23 16\" fill=\"none\">\n                <path class=\"transition duration-300 ease-in-out\" d=\"M21.8863 8.70711C22.2769 8.31658 22.2769 7.68342 21.8863 7.29289L15.5224 0.928932C15.1318 0.538408 14.4987 0.538408 14.1082 0.928932C13.7176 1.31946 13.7176 1.95262 14.1082 2.34315L19.765 8L14.1082 13.6569C13.7176 14.0474 13.7176 14.6805 14.1082 15.0711C14.4987 15.4616 15.1318 15.4616 15.5224 15.0711L21.8863 8.70711ZM0 9H21.1792V7H0V9Z\" fill=\"black\"\/>\n            <\/svg>\n            Website        <\/a>\n                        <\/div>\n            <\/div>\n        <\/div>\n    <\/div>\n<\/section>\n\n<section class=\"text-image bg-bg-darkBlue text-text-default\">\n    <div class=\"dark:!text-white dark:!bg-transparent\">\n        <div class=\"container mx-auto max-w-screen-xl px-xs py-md text-image\">\n            <div class=\"mx-auto items-center grid text-copy md:grid-cols-2 gap-x-10 align-left\">\n                                    <div class=\"text-image__image aniMe grayscale-mask relative mb-0 order-2 md:order-[unset] mt-4 md:mt-8\"> \n                        <img loading=\"lazy\" decoding=\"async\" width=\"410\" height=\"276\" src=\"https:\/\/festival-of-lights.de\/wp-content\/uploads\/2024\/07\/Kachel-Partner-Seite-4.png\" class=\"z-10 grayscale-overlay\" alt=\"\" srcset=\"https:\/\/festival-of-lights.de\/wp-content\/uploads\/2024\/07\/Kachel-Partner-Seite-4.png 410w, https:\/\/festival-of-lights.de\/wp-content\/uploads\/2024\/07\/Kachel-Partner-Seite-4-300x202.png 300w\" sizes=\"auto, (max-width: 410px) 100vw, 410px\" \/>                    <\/div>                 <div class=\"text-image__col1 py-4 lg:py-10 aniMe flex flex-col right\">\n                    <h3 class='grayscale-overlay relative headline-element align-left mb-4 md:mb-8'>\n    \n    <span class='relative align-left mb-4 md:mb-8'>\n    <span class='absolute top-0 left-0 z-0 -translate-x-1\/2 -translate-y-1\/2 light w-[300px] h-[300px]'>\n    <svg class='w-full h-full ' xmlns='http:\/\/www.w3.org\/2000\/svg' width='542' height='542' viewBox='0 0 542 542' fill='none'>\n      <g filter='url(#filter0_f_569_1018)'>\n        <circle cx='271' cy='271' r='121' fill='#9AE8FF' fill-opacity='0.5'\/>\n      <\/g>\n      <defs>\n        <filter id='filter0_f_569_1018' x='0' y='0' width='542' height='542' filterUnits='userSpaceOnUse' color-interpolation-filters='sRGB'>\n          <feFlood flood-opacity='0' result='BackgroundImageFix'\/>\n          <feBlend mode='normal' in='SourceGraphic' in2='BackgroundImageFix' result='shape'\/>\n          <feGaussianBlur stdDeviation='75' result='effect1_foregroundBlur_569_1018'\/>\n        <\/filter>\n      <\/defs>\n    <\/svg>\n  <\/span>\n    VBB Verkehrsverbund Berlin-Brandenburg GmbH <\/span>\n    <\/h3><div class='text-element align-left '><p><strong>i2030 \u2013 Mehr Schiene f\u00fcr Berlin &amp; Brandenburg<\/strong><\/p>\n<p>Schneller, bequemer, verl\u00e4sslicher mit der Bahn unterwegs: Im \u201eProjekt i2030 \u2013 Mehr Schiene f\u00fcr Berlin und Brandenburg\u201c (www.i2030.de) planen Berlin und Brandenburg sowie die Deutsche Bahn und der VBB den Streckenausbau f\u00fcr den Regional- und S-Bahnverkehr in der Metropolregion. Acht Korridore und eine S-Bahn-Ma\u00dfnahmenpaket wurden definiert, damit die wachsende Zahl an Fahrg\u00e4sten neue und bessere Verbindungen erh\u00e4lt. Ein Gro\u00dfprojekt ist die Wiederbelebung der Siemensbahn.<\/p>\n<\/div>        <a target=\"_blank\" href=\"https:\/\/festival-of-lights.de\/de\/unsere-partnerinnen-2024\/vbb\/\" class=\"flex items-center gap-xs btn-primary mt-10 z-[999999]\">\n            <svg xmlns=\"http:\/\/www.w3.org\/2000\/svg\" width=\"23\" height=\"16\" viewBox=\"0 0 23 16\" fill=\"none\">\n                <path class=\"transition duration-300 ease-in-out\" d=\"M21.8863 8.70711C22.2769 8.31658 22.2769 7.68342 21.8863 7.29289L15.5224 0.928932C15.1318 0.538408 14.4987 0.538408 14.1082 0.928932C13.7176 1.31946 13.7176 1.95262 14.1082 2.34315L19.765 8L14.1082 13.6569C13.7176 14.0474 13.7176 14.6805 14.1082 15.0711C14.4987 15.4616 15.1318 15.4616 15.5224 15.0711L21.8863 8.70711ZM0 9H21.1792V7H0V9Z\" fill=\"black\"\/>\n            <\/svg>\n            weiterlesen        <\/a>\n                        <\/div>\n            <\/div>\n        <\/div>\n    <\/div>\n<\/section>\n\n<section class=\"text-image bg-bg-darkBlue text-text-default\">\n    <div class=\"dark:!text-white dark:!bg-transparent\">\n        <div class=\"container mx-auto max-w-screen-xl px-xs py-md text-image\">\n            <div class=\"mx-auto items-center grid text-copy md:grid-cols-2 gap-x-10 align-left\">\n                                    <div class=\"text-image__image aniMe grayscale-mask relative mb-0 order-2 md:order-[unset] mt-4 md:mt-8\"> \n                        <img loading=\"lazy\" decoding=\"async\" width=\"1024\" height=\"457\" src=\"https:\/\/festival-of-lights.de\/wp-content\/uploads\/2024\/08\/UI-Deu-LOGO-TXT_white-1024x457.png\" class=\"z-10 grayscale-overlay\" alt=\"\" srcset=\"https:\/\/festival-of-lights.de\/wp-content\/uploads\/2024\/08\/UI-Deu-LOGO-TXT_white-1024x457.png 1024w, https:\/\/festival-of-lights.de\/wp-content\/uploads\/2024\/08\/UI-Deu-LOGO-TXT_white-300x134.png 300w, https:\/\/festival-of-lights.de\/wp-content\/uploads\/2024\/08\/UI-Deu-LOGO-TXT_white-768x343.png 768w, https:\/\/festival-of-lights.de\/wp-content\/uploads\/2024\/08\/UI-Deu-LOGO-TXT_white-1536x686.png 1536w, https:\/\/festival-of-lights.de\/wp-content\/uploads\/2024\/08\/UI-Deu-LOGO-TXT_white-1240x554.png 1240w, https:\/\/festival-of-lights.de\/wp-content\/uploads\/2024\/08\/UI-Deu-LOGO-TXT_white.png 1690w\" sizes=\"auto, (max-width: 1024px) 100vw, 1024px\" \/>                    <\/div>                 <div class=\"text-image__col1 py-4 lg:py-10 aniMe flex flex-col right\">\n                    <h3 class='grayscale-overlay relative headline-element align-left mb-4 md:mb-8'>\n    \n    <span class='relative align-left mb-4 md:mb-8'>\n    <span class='absolute top-0 left-0 z-0 -translate-x-1\/2 -translate-y-1\/2 light w-[300px] h-[300px]'>\n    <svg class='w-full h-full ' xmlns='http:\/\/www.w3.org\/2000\/svg' width='542' height='542' viewBox='0 0 542 542' fill='none'>\n      <g filter='url(#filter0_f_569_1018)'>\n        <circle cx='271' cy='271' r='121' fill='#9AE8FF' fill-opacity='0.5'\/>\n      <\/g>\n      <defs>\n        <filter id='filter0_f_569_1018' x='0' y='0' width='542' height='542' filterUnits='userSpaceOnUse' color-interpolation-filters='sRGB'>\n          <feFlood flood-opacity='0' result='BackgroundImageFix'\/>\n          <feBlend mode='normal' in='SourceGraphic' in2='BackgroundImageFix' result='shape'\/>\n          <feGaussianBlur stdDeviation='75' result='effect1_foregroundBlur_569_1018'\/>\n        <\/filter>\n      <\/defs>\n    <\/svg>\n  <\/span>\n    Ukrainisches Institut in Deutschland<\/span>\n    <\/h3><div class='text-element align-left '><p>Das Ukrainische Institut in Deutschland f\u00f6rdert die ukrainische Kultur im Ausland und unterst\u00fctzt den interkulturellen Austausch sowie die Zusammenarbeit zwischen ukrainischen, deutschen und internationalen Kulturschaffenden. Als Auslandsrepr\u00e4sentanz des 2018 in Kyjiw gegr\u00fcndeten Ukrainischen Instituts engagiert es sich f\u00fcr das Verst\u00e4ndnis und die Vermittlung der ukrainischen Kultur und Geschichte.<\/p>\n<\/div>        <a target=\"_blank\" href=\"https:\/\/de.ui.org.ua\/\" class=\"flex items-center gap-xs btn-primary mt-10 z-[999999]\">\n            <svg xmlns=\"http:\/\/www.w3.org\/2000\/svg\" width=\"23\" height=\"16\" viewBox=\"0 0 23 16\" fill=\"none\">\n                <path class=\"transition duration-300 ease-in-out\" d=\"M21.8863 8.70711C22.2769 8.31658 22.2769 7.68342 21.8863 7.29289L15.5224 0.928932C15.1318 0.538408 14.4987 0.538408 14.1082 0.928932C13.7176 1.31946 13.7176 1.95262 14.1082 2.34315L19.765 8L14.1082 13.6569C13.7176 14.0474 13.7176 14.6805 14.1082 15.0711C14.4987 15.4616 15.1318 15.4616 15.5224 15.0711L21.8863 8.70711ZM0 9H21.1792V7H0V9Z\" fill=\"black\"\/>\n            <\/svg>\n            Zur Website        <\/a>\n                        <\/div>\n            <\/div>\n        <\/div>\n    <\/div>\n<\/section>\n\n<section class=\"text-image bg-bg-darkBlue text-text-default\">\n    <div class=\"dark:!text-white dark:!bg-transparent\">\n        <div class=\"container mx-auto max-w-screen-xl px-xs py-md text-image\">\n            <div class=\"mx-auto items-center grid text-copy md:grid-cols-2 gap-x-10 align-left\">\n                                    <div class=\"text-image__image aniMe grayscale-mask relative mb-0 order-2 md:order-[unset] mt-4 md:mt-8\"> \n                        <img loading=\"lazy\" decoding=\"async\" width=\"410\" height=\"276\" src=\"https:\/\/festival-of-lights.de\/wp-content\/uploads\/2024\/09\/Kachel-Partner-Seite-11.png\" class=\"z-10 grayscale-overlay\" alt=\"\" srcset=\"https:\/\/festival-of-lights.de\/wp-content\/uploads\/2024\/09\/Kachel-Partner-Seite-11.png 410w, https:\/\/festival-of-lights.de\/wp-content\/uploads\/2024\/09\/Kachel-Partner-Seite-11-300x202.png 300w\" sizes=\"auto, (max-width: 410px) 100vw, 410px\" \/>                    <\/div>                 <div class=\"text-image__col1 py-4 lg:py-10 aniMe flex flex-col right\">\n                    <h3 class='grayscale-overlay relative headline-element align-left mb-4 md:mb-8'>\n    \n    <span class='relative align-left mb-4 md:mb-8'>\n    <span class='absolute top-0 left-0 z-0 -translate-x-1\/2 -translate-y-1\/2 light w-[300px] h-[300px]'>\n    <svg class='w-full h-full ' xmlns='http:\/\/www.w3.org\/2000\/svg' width='542' height='542' viewBox='0 0 542 542' fill='none'>\n      <g filter='url(#filter0_f_569_1018)'>\n        <circle cx='271' cy='271' r='121' fill='#9AE8FF' fill-opacity='0.5'\/>\n      <\/g>\n      <defs>\n        <filter id='filter0_f_569_1018' x='0' y='0' width='542' height='542' filterUnits='userSpaceOnUse' color-interpolation-filters='sRGB'>\n          <feFlood flood-opacity='0' result='BackgroundImageFix'\/>\n          <feBlend mode='normal' in='SourceGraphic' in2='BackgroundImageFix' result='shape'\/>\n          <feGaussianBlur stdDeviation='75' result='effect1_foregroundBlur_569_1018'\/>\n        <\/filter>\n      <\/defs>\n    <\/svg>\n  <\/span>\n    Toscana Promozione Turistica<\/span>\n    <\/h3><div class='text-element align-left '><p>Toscana Promozione Turistica ist die Agentur der Region Toskana. Auf unserer Website <a href=\"http:\/\/visittuscany.com\">visittuscany.com<\/a> pr\u00e4sentieren wir Reiserouten, spannende Sehensw\u00fcrdigkeiten und geben Tipps f\u00fcr jede Art von Erlebnis in unserer Region. Kunstst\u00e4dte, mittelalterliche D\u00f6rfer, Zeugnisse der Renaissance, unber\u00fchrte Landschaften, Meisterwerke unserer Universalgenies, UNESCO-Welterbest\u00e4tten, lange Sandstr\u00e4nde und felsige Buchten, bezaubernde Inseln, Kurorte, Outdoor-Aktivit\u00e4ten wie Wander- und Fahrradrouten, exzellente Gastronomie und Weine &#8211; das ist die Toskana. Besonderes Augenmerk legen wir auf die Nachhaltigkeit im Tourismus und die enge Zusammenarbeit mit den Menschen, die diese Erlebnisse mit Begeisterung f\u00fcr unsere Besucher schaffen.<\/p>\n<\/div>        <a target=\"_blank\" href=\"https:\/\/www.visittuscany.com\/de\/\" class=\"flex items-center gap-xs btn-primary mt-10 z-[999999]\">\n            <svg xmlns=\"http:\/\/www.w3.org\/2000\/svg\" width=\"23\" height=\"16\" viewBox=\"0 0 23 16\" fill=\"none\">\n                <path class=\"transition duration-300 ease-in-out\" d=\"M21.8863 8.70711C22.2769 8.31658 22.2769 7.68342 21.8863 7.29289L15.5224 0.928932C15.1318 0.538408 14.4987 0.538408 14.1082 0.928932C13.7176 1.31946 13.7176 1.95262 14.1082 2.34315L19.765 8L14.1082 13.6569C13.7176 14.0474 13.7176 14.6805 14.1082 15.0711C14.4987 15.4616 15.1318 15.4616 15.5224 15.0711L21.8863 8.70711ZM0 9H21.1792V7H0V9Z\" fill=\"black\"\/>\n            <\/svg>\n            Zur Website        <\/a>\n                        <\/div>\n            <\/div>\n        <\/div>\n    <\/div>\n<\/section>\n\n<section class=\"text-image bg-bg-darkBlue text-text-default\">\n    <div class=\"dark:!text-white dark:!bg-transparent\">\n        <div class=\"container mx-auto max-w-screen-xl px-xs py-md text-image\">\n            <div class=\"mx-auto items-center grid text-copy md:grid-cols-2 gap-x-10 align-left\">\n                                    <div class=\"text-image__image aniMe grayscale-mask relative mb-0 order-2 md:order-[unset] mt-4 md:mt-8\"> \n                        <img loading=\"lazy\" decoding=\"async\" width=\"410\" height=\"276\" src=\"https:\/\/festival-of-lights.de\/wp-content\/uploads\/2024\/08\/Kachel-Partner-Seite-18.png\" class=\"z-10 grayscale-overlay\" alt=\"\" srcset=\"https:\/\/festival-of-lights.de\/wp-content\/uploads\/2024\/08\/Kachel-Partner-Seite-18.png 410w, https:\/\/festival-of-lights.de\/wp-content\/uploads\/2024\/08\/Kachel-Partner-Seite-18-300x202.png 300w\" sizes=\"auto, (max-width: 410px) 100vw, 410px\" \/>                    <\/div>                 <div class=\"text-image__col1 py-4 lg:py-10 aniMe flex flex-col right\">\n                    <h3 class='grayscale-overlay relative headline-element align-left mb-4 md:mb-8'>\n    \n    <span class='relative align-left mb-4 md:mb-8'>\n    <span class='absolute top-0 left-0 z-0 -translate-x-1\/2 -translate-y-1\/2 light w-[300px] h-[300px]'>\n    <svg class='w-full h-full ' xmlns='http:\/\/www.w3.org\/2000\/svg' width='542' height='542' viewBox='0 0 542 542' fill='none'>\n      <g filter='url(#filter0_f_569_1018)'>\n        <circle cx='271' cy='271' r='121' fill='#9AE8FF' fill-opacity='0.5'\/>\n      <\/g>\n      <defs>\n        <filter id='filter0_f_569_1018' x='0' y='0' width='542' height='542' filterUnits='userSpaceOnUse' color-interpolation-filters='sRGB'>\n          <feFlood flood-opacity='0' result='BackgroundImageFix'\/>\n          <feBlend mode='normal' in='SourceGraphic' in2='BackgroundImageFix' result='shape'\/>\n          <feGaussianBlur stdDeviation='75' result='effect1_foregroundBlur_569_1018'\/>\n        <\/filter>\n      <\/defs>\n    <\/svg>\n  <\/span>\n    Commerz Real<\/span>\n    <\/h3><div class='text-element align-left '><p>Die Commerz Real ist der Assetmanager f\u00fcr Sachwertinvestments der Commerzbank Gruppe und verf\u00fcgt \u00fcber 50 Jahre internationale Markterfahrung. \u00dcber 800 Mitarbeiter verwalten in der Zentrale in Wiesbaden sowie 17 weiteren Standorten und Niederlassungen im In- und Ausland Verm\u00f6genswerte von rund 34 Milliarden Euro. Umfassendes Know-how im Assetmanagement und eine breite Strukturierungsexpertise verkn\u00fcpft die Commerz Real zu ihrer charakteristischen Leistungspalette aus sachwertorientierten Fondsprodukten und individuellen Finanzierungsl\u00f6sungen. Zum Fondsspektrum geh\u00f6ren der offene Immobilienfonds <a href=\"https:\/\/hausinvest.de\/?utm_source=commerzreal&amp;utm_medium=organic&amp;utm_campaign=festival-of-lights\">hausInvest<\/a>, der offene Infrastrukturfonds <a href=\"https:\/\/klimavest.de\/?utm_source=commerzreal&amp;utm_medium=organic&amp;utm_campaign=festival-of-lights\">klimavest<\/a>, institutionelle Anlageprodukte sowie unternehmerische Beteiligungen der Marke CFB Invest mit Sachwertinvestitionen in den Schwerpunktsegmenten Immobilien und regenerative Energien. Als Leasingdienstleister des Commerzbank-Konzerns bietet die Commerz Real zudem bedarfsgerechte Mobilienleasingkonzepte.<\/p>\n<\/div>        <a target=\"_blank\" href=\"https:\/\/commerzreal.com\/\" class=\"flex items-center gap-xs btn-primary mt-10 z-[999999]\">\n            <svg xmlns=\"http:\/\/www.w3.org\/2000\/svg\" width=\"23\" height=\"16\" viewBox=\"0 0 23 16\" fill=\"none\">\n                <path class=\"transition duration-300 ease-in-out\" d=\"M21.8863 8.70711C22.2769 8.31658 22.2769 7.68342 21.8863 7.29289L15.5224 0.928932C15.1318 0.538408 14.4987 0.538408 14.1082 0.928932C13.7176 1.31946 13.7176 1.95262 14.1082 2.34315L19.765 8L14.1082 13.6569C13.7176 14.0474 13.7176 14.6805 14.1082 15.0711C14.4987 15.4616 15.1318 15.4616 15.5224 15.0711L21.8863 8.70711ZM0 9H21.1792V7H0V9Z\" fill=\"black\"\/>\n            <\/svg>\n            Zur Website        <\/a>\n                        <\/div>\n            <\/div>\n        <\/div>\n    <\/div>\n<\/section>\n\n<section class=\"text-image bg-bg-darkBlue text-text-default\">\n    <div class=\"dark:!text-white dark:!bg-transparent\">\n        <div class=\"container mx-auto max-w-screen-xl px-xs py-md text-image\">\n            <div class=\"mx-auto items-center grid text-copy md:grid-cols-2 gap-x-10 align-left\">\n                                    <div class=\"text-image__image aniMe grayscale-mask relative mb-0 order-2 md:order-[unset] mt-4 md:mt-8\"> \n                        <img loading=\"lazy\" decoding=\"async\" width=\"410\" height=\"276\" src=\"https:\/\/festival-of-lights.de\/wp-content\/uploads\/2023\/08\/visitberlin.png\" class=\"z-10 grayscale-overlay\" alt=\"\" srcset=\"https:\/\/festival-of-lights.de\/wp-content\/uploads\/2023\/08\/visitberlin.png 410w, https:\/\/festival-of-lights.de\/wp-content\/uploads\/2023\/08\/visitberlin-300x202.png 300w\" sizes=\"auto, (max-width: 410px) 100vw, 410px\" \/>                    <\/div>                 <div class=\"text-image__col1 py-4 lg:py-10 aniMe flex flex-col right\">\n                    <h3 class='grayscale-overlay relative headline-element align-left mb-4 md:mb-8'>\n    \n    <span class='relative align-left mb-4 md:mb-8'>\n    <span class='absolute top-0 left-0 z-0 -translate-x-1\/2 -translate-y-1\/2 light w-[300px] h-[300px]'>\n    <svg class='w-full h-full ' xmlns='http:\/\/www.w3.org\/2000\/svg' width='542' height='542' viewBox='0 0 542 542' fill='none'>\n      <g filter='url(#filter0_f_569_1018)'>\n        <circle cx='271' cy='271' r='121' fill='#9AE8FF' fill-opacity='0.5'\/>\n      <\/g>\n      <defs>\n        <filter id='filter0_f_569_1018' x='0' y='0' width='542' height='542' filterUnits='userSpaceOnUse' color-interpolation-filters='sRGB'>\n          <feFlood flood-opacity='0' result='BackgroundImageFix'\/>\n          <feBlend mode='normal' in='SourceGraphic' in2='BackgroundImageFix' result='shape'\/>\n          <feGaussianBlur stdDeviation='75' result='effect1_foregroundBlur_569_1018'\/>\n        <\/filter>\n      <\/defs>\n    <\/svg>\n  <\/span>\n    visitBerlin<\/span>\n    <\/h3><div class='text-element align-left '><p>visitBerlin ist erster Ansprechpartner, wenn es um Tourismus und Kongresse in Berlin geht. Wir verstehen uns als Partner, Akteur und Ideengeber der Berliner Tourismusbranche. Im Fokus unserer Arbeit steht die Entwicklung eines nachhaltigen und stadtvertr\u00e4glichen Tourismus. visitBerlin ist Herausgeber des offiziellen Touristentickets, der Berlin WelcomeCard. Mit dem visitBerlin Veranstaltungskalender erhalten Sie einen umfassenden \u00dcberblick \u00fcber die kulturellen Highlights in Berlin. Aktuelle Events in Berlin finden Sie auf visitBerlin.de\/kalender.<\/p>\n<\/div>        <a target=\"_blank\" href=\"https:\/\/festival-of-lights.de\/de\/unsere-partner\/visitberlin\/\" class=\"flex items-center gap-xs btn-primary mt-10 z-[999999]\">\n            <svg xmlns=\"http:\/\/www.w3.org\/2000\/svg\" width=\"23\" height=\"16\" viewBox=\"0 0 23 16\" fill=\"none\">\n                <path class=\"transition duration-300 ease-in-out\" d=\"M21.8863 8.70711C22.2769 8.31658 22.2769 7.68342 21.8863 7.29289L15.5224 0.928932C15.1318 0.538408 14.4987 0.538408 14.1082 0.928932C13.7176 1.31946 13.7176 1.95262 14.1082 2.34315L19.765 8L14.1082 13.6569C13.7176 14.0474 13.7176 14.6805 14.1082 15.0711C14.4987 15.4616 15.1318 15.4616 15.5224 15.0711L21.8863 8.70711ZM0 9H21.1792V7H0V9Z\" fill=\"black\"\/>\n            <\/svg>\n            Weiterlesen        <\/a>\n                        <\/div>\n            <\/div>\n        <\/div>\n    <\/div>\n<\/section>\n\n<section class=\"text-image bg-bg-darkBlue text-text-default\">\n    <div class=\"dark:!text-white dark:!bg-transparent\">\n        <div class=\"container mx-auto max-w-screen-xl px-xs py-md text-image\">\n            <div class=\"mx-auto items-center grid text-copy md:grid-cols-2 gap-x-10 align-left\">\n                                    <div class=\"text-image__image aniMe grayscale-mask relative mb-0 order-2 md:order-[unset] mt-4 md:mt-8\"> \n                        <img loading=\"lazy\" decoding=\"async\" width=\"410\" height=\"276\" src=\"https:\/\/festival-of-lights.de\/wp-content\/uploads\/2024\/10\/Kachel-Partner-Seite-23.png\" class=\"z-10 grayscale-overlay\" alt=\"\" srcset=\"https:\/\/festival-of-lights.de\/wp-content\/uploads\/2024\/10\/Kachel-Partner-Seite-23.png 410w, https:\/\/festival-of-lights.de\/wp-content\/uploads\/2024\/10\/Kachel-Partner-Seite-23-300x202.png 300w\" sizes=\"auto, (max-width: 410px) 100vw, 410px\" \/>                    <\/div>                 <div class=\"text-image__col1 py-4 lg:py-10 aniMe flex flex-col right\">\n                    <h3 class='grayscale-overlay relative headline-element align-left mb-4 md:mb-8'>\n    \n    <span class='relative align-left mb-4 md:mb-8'>\n    <span class='absolute top-0 left-0 z-0 -translate-x-1\/2 -translate-y-1\/2 light w-[300px] h-[300px]'>\n    <svg class='w-full h-full ' xmlns='http:\/\/www.w3.org\/2000\/svg' width='542' height='542' viewBox='0 0 542 542' fill='none'>\n      <g filter='url(#filter0_f_569_1018)'>\n        <circle cx='271' cy='271' r='121' fill='#9AE8FF' fill-opacity='0.5'\/>\n      <\/g>\n      <defs>\n        <filter id='filter0_f_569_1018' x='0' y='0' width='542' height='542' filterUnits='userSpaceOnUse' color-interpolation-filters='sRGB'>\n          <feFlood flood-opacity='0' result='BackgroundImageFix'\/>\n          <feBlend mode='normal' in='SourceGraphic' in2='BackgroundImageFix' result='shape'\/>\n          <feGaussianBlur stdDeviation='75' result='effect1_foregroundBlur_569_1018'\/>\n        <\/filter>\n      <\/defs>\n    <\/svg>\n  <\/span>\n    Das Center am Potsdamer Platz<\/span>\n    <\/h3><div class='text-element align-left '><p>Das Center am Potsdamer Platz, ehemals Sony Center am Potsdamer Platz, ist ein architektonisches Meisterwerk im Herzen Berlins, bekannt f\u00fcr sein futuristisches Dach. Das im Jahr 2000 erbaute Areal umfasst acht Geb\u00e4ude, darunter den Bahntower, 85.000 m\u00b2 B\u00fcrofl\u00e4che, 20.000 m\u00b2 f\u00fcr Einzelhandel und Freizeit sowie 67 Wohneinheiten. Die aktuell laufenden Modernisierungsma\u00dfnahmen zielen darauf ab, einen Office Campus zu schaffen, in dem die Lebenswelten aus New Work, Kultur, Gastronomie und Community verschmelzen.<\/p>\n<\/div>        <a target=\"_blank\" href=\"http:\/\/das-center.com\" class=\"flex items-center gap-xs btn-primary mt-10 z-[999999]\">\n            <svg xmlns=\"http:\/\/www.w3.org\/2000\/svg\" width=\"23\" height=\"16\" viewBox=\"0 0 23 16\" fill=\"none\">\n                <path class=\"transition duration-300 ease-in-out\" d=\"M21.8863 8.70711C22.2769 8.31658 22.2769 7.68342 21.8863 7.29289L15.5224 0.928932C15.1318 0.538408 14.4987 0.538408 14.1082 0.928932C13.7176 1.31946 13.7176 1.95262 14.1082 2.34315L19.765 8L14.1082 13.6569C13.7176 14.0474 13.7176 14.6805 14.1082 15.0711C14.4987 15.4616 15.1318 15.4616 15.5224 15.0711L21.8863 8.70711ZM0 9H21.1792V7H0V9Z\" fill=\"black\"\/>\n            <\/svg>\n            Zur Website        <\/a>\n                        <\/div>\n            <\/div>\n        <\/div>\n    <\/div>\n<\/section>\n\n<section class=\"text-image bg-bg-darkBlue text-text-default\">\n    <div class=\"dark:!text-white dark:!bg-transparent\">\n        <div class=\"container mx-auto max-w-screen-xl px-xs py-md text-image\">\n            <div class=\"mx-auto items-center grid text-copy md:grid-cols-2 gap-x-10 align-left\">\n                                    <div class=\"text-image__image aniMe grayscale-mask relative mb-0 order-2 md:order-[unset] mt-4 md:mt-8\"> \n                        <img loading=\"lazy\" decoding=\"async\" width=\"410\" height=\"276\" src=\"https:\/\/festival-of-lights.de\/wp-content\/uploads\/2024\/10\/Kachel-Partner-Seite.png\" class=\"z-10 grayscale-overlay\" alt=\"\" srcset=\"https:\/\/festival-of-lights.de\/wp-content\/uploads\/2024\/10\/Kachel-Partner-Seite.png 410w, https:\/\/festival-of-lights.de\/wp-content\/uploads\/2024\/10\/Kachel-Partner-Seite-300x202.png 300w\" sizes=\"auto, (max-width: 410px) 100vw, 410px\" \/>                    <\/div>                 <div class=\"text-image__col1 py-4 lg:py-10 aniMe flex flex-col right\">\n                    <h3 class='grayscale-overlay relative headline-element align-left mb-4 md:mb-8'>\n    \n    <span class='relative align-left mb-4 md:mb-8'>\n    <span class='absolute top-0 left-0 z-0 -translate-x-1\/2 -translate-y-1\/2 light w-[300px] h-[300px]'>\n    <svg class='w-full h-full ' xmlns='http:\/\/www.w3.org\/2000\/svg' width='542' height='542' viewBox='0 0 542 542' fill='none'>\n      <g filter='url(#filter0_f_569_1018)'>\n        <circle cx='271' cy='271' r='121' fill='#9AE8FF' fill-opacity='0.5'\/>\n      <\/g>\n      <defs>\n        <filter id='filter0_f_569_1018' x='0' y='0' width='542' height='542' filterUnits='userSpaceOnUse' color-interpolation-filters='sRGB'>\n          <feFlood flood-opacity='0' result='BackgroundImageFix'\/>\n          <feBlend mode='normal' in='SourceGraphic' in2='BackgroundImageFix' result='shape'\/>\n          <feGaussianBlur stdDeviation='75' result='effect1_foregroundBlur_569_1018'\/>\n        <\/filter>\n      <\/defs>\n    <\/svg>\n  <\/span>\n    Berlin University Alliance<\/span>\n    <\/h3><div class='text-element align-left '><p>Die Berlin University Alliance ist der Verbund der Freien Universit\u00e4t Berlin, der Humboldt-Universit\u00e4t zu Berlin, der Technischen Universit\u00e4t Berlin und der Charit\u00e9 \u2013 Universit\u00e4tsmedizin Berlin. Gemeinsam und \u00fcber Disziplinen und Forschungseinrichtungen hinweg gestalten wir Berlin als OFFENES WISSENSLABOR zu einem Ort f\u00fcr herausragende Forschung. Dabei sind wir als erster und einziger Exzellenzverbund in Deutschland von der Deutschen Forschungsgemeinschaft DFG im Rahmen der Exzellenzstrategie des Bundes gef\u00f6rdert.<\/p>\n<\/div>        <a target=\"_blank\" href=\"https:\/\/www.berlin-university-alliance.de\/wissenslabor\/index.html\" class=\"flex items-center gap-xs btn-primary mt-10 z-[999999]\">\n            <svg xmlns=\"http:\/\/www.w3.org\/2000\/svg\" width=\"23\" height=\"16\" viewBox=\"0 0 23 16\" fill=\"none\">\n                <path class=\"transition duration-300 ease-in-out\" d=\"M21.8863 8.70711C22.2769 8.31658 22.2769 7.68342 21.8863 7.29289L15.5224 0.928932C15.1318 0.538408 14.4987 0.538408 14.1082 0.928932C13.7176 1.31946 13.7176 1.95262 14.1082 2.34315L19.765 8L14.1082 13.6569C13.7176 14.0474 13.7176 14.6805 14.1082 15.0711C14.4987 15.4616 15.1318 15.4616 15.5224 15.0711L21.8863 8.70711ZM0 9H21.1792V7H0V9Z\" fill=\"black\"\/>\n            <\/svg>\n            Zur Website        <\/a>\n                        <\/div>\n            <\/div>\n        <\/div>\n    <\/div>\n<\/section>\n\n<section class=\"text-image bg-bg-darkBlue text-text-default\">\n    <div class=\"dark:!text-white dark:!bg-transparent\">\n        <div class=\"container mx-auto max-w-screen-xl px-xs py-md text-image\">\n            <div class=\"mx-auto items-center grid text-copy md:grid-cols-2 gap-x-10 align-left\">\n                                    <div class=\"text-image__image aniMe grayscale-mask relative mb-0 order-2 md:order-[unset] mt-4 md:mt-8\"> \n                        <img loading=\"lazy\" decoding=\"async\" width=\"625\" height=\"625\" src=\"https:\/\/festival-of-lights.de\/wp-content\/uploads\/2024\/08\/illuseum-1.png\" class=\"z-10 grayscale-overlay\" alt=\"\" srcset=\"https:\/\/festival-of-lights.de\/wp-content\/uploads\/2024\/08\/illuseum-1.png 625w, https:\/\/festival-of-lights.de\/wp-content\/uploads\/2024\/08\/illuseum-1-300x300.png 300w, https:\/\/festival-of-lights.de\/wp-content\/uploads\/2024\/08\/illuseum-1-150x150.png 150w\" sizes=\"auto, (max-width: 625px) 100vw, 625px\" \/>                    <\/div>                 <div class=\"text-image__col1 py-4 lg:py-10 aniMe flex flex-col right\">\n                    <h3 class='grayscale-overlay relative headline-element align-left mb-4 md:mb-8'>\n    \n    <span class='relative align-left mb-4 md:mb-8'>\n    <span class='absolute top-0 left-0 z-0 -translate-x-1\/2 -translate-y-1\/2 light w-[300px] h-[300px]'>\n    <svg class='w-full h-full ' xmlns='http:\/\/www.w3.org\/2000\/svg' width='542' height='542' viewBox='0 0 542 542' fill='none'>\n      <g filter='url(#filter0_f_569_1018)'>\n        <circle cx='271' cy='271' r='121' fill='#9AE8FF' fill-opacity='0.5'\/>\n      <\/g>\n      <defs>\n        <filter id='filter0_f_569_1018' x='0' y='0' width='542' height='542' filterUnits='userSpaceOnUse' color-interpolation-filters='sRGB'>\n          <feFlood flood-opacity='0' result='BackgroundImageFix'\/>\n          <feBlend mode='normal' in='SourceGraphic' in2='BackgroundImageFix' result='shape'\/>\n          <feGaussianBlur stdDeviation='75' result='effect1_foregroundBlur_569_1018'\/>\n        <\/filter>\n      <\/defs>\n    <\/svg>\n  <\/span>\n    Illuseum Berlin<\/span>\n    <\/h3><div class='text-element align-left '><p>Im Illuseum feiern wir Kreativit\u00e4t, Gemeinschaft und Nachhaltigkeit. Wir m\u00f6chten inklusiv sein und eine Vielzahl von Kulturen, K\u00fcnstlern sowie gesellschaftspolitischen Ansichten und Praktiken zusammenbringen. Wir haben es uns zur Aufgabe gemacht, unterhaltsame Illusionen mit anregender zeitgen\u00f6ssischer Kunst zu verbinden.<\/p>\n<\/div>        <a target=\"_blank\" href=\"https:\/\/festival-of-lights.de\/de\/unsere-partnerinnen-2024\/illuseum-berlin\/\" class=\"flex items-center gap-xs btn-primary mt-10 z-[999999]\">\n            <svg xmlns=\"http:\/\/www.w3.org\/2000\/svg\" width=\"23\" height=\"16\" viewBox=\"0 0 23 16\" fill=\"none\">\n                <path class=\"transition duration-300 ease-in-out\" d=\"M21.8863 8.70711C22.2769 8.31658 22.2769 7.68342 21.8863 7.29289L15.5224 0.928932C15.1318 0.538408 14.4987 0.538408 14.1082 0.928932C13.7176 1.31946 13.7176 1.95262 14.1082 2.34315L19.765 8L14.1082 13.6569C13.7176 14.0474 13.7176 14.6805 14.1082 15.0711C14.4987 15.4616 15.1318 15.4616 15.5224 15.0711L21.8863 8.70711ZM0 9H21.1792V7H0V9Z\" fill=\"black\"\/>\n            <\/svg>\n            Weiterlesen        <\/a>\n                        <\/div>\n            <\/div>\n        <\/div>\n    <\/div>\n<\/section>\n\n<section class=\"text-image bg-bg-darkBlue text-text-default\">\n    <div class=\"dark:!text-white dark:!bg-transparent\">\n        <div class=\"container mx-auto max-w-screen-xl px-xs py-md text-image\">\n            <div class=\"mx-auto items-center grid text-copy md:grid-cols-2 gap-x-10 align-left\">\n                                    <div class=\"text-image__image aniMe grayscale-mask relative mb-0 order-2 md:order-[unset] mt-4 md:mt-8\"> \n                        <img loading=\"lazy\" decoding=\"async\" width=\"410\" height=\"276\" src=\"https:\/\/festival-of-lights.de\/wp-content\/uploads\/2023\/08\/sankt-hedwig.png\" class=\"z-10 grayscale-overlay\" alt=\"\" srcset=\"https:\/\/festival-of-lights.de\/wp-content\/uploads\/2023\/08\/sankt-hedwig.png 410w, https:\/\/festival-of-lights.de\/wp-content\/uploads\/2023\/08\/sankt-hedwig-300x202.png 300w\" sizes=\"auto, (max-width: 410px) 100vw, 410px\" \/>                    <\/div>                 <div class=\"text-image__col1 py-4 lg:py-10 aniMe flex flex-col right\">\n                    <h3 class='grayscale-overlay relative headline-element align-left mb-4 md:mb-8'>\n    \n    <span class='relative align-left mb-4 md:mb-8'>\n    <span class='absolute top-0 left-0 z-0 -translate-x-1\/2 -translate-y-1\/2 light w-[300px] h-[300px]'>\n    <svg class='w-full h-full ' xmlns='http:\/\/www.w3.org\/2000\/svg' width='542' height='542' viewBox='0 0 542 542' fill='none'>\n      <g filter='url(#filter0_f_569_1018)'>\n        <circle cx='271' cy='271' r='121' fill='#9AE8FF' fill-opacity='0.5'\/>\n      <\/g>\n      <defs>\n        <filter id='filter0_f_569_1018' x='0' y='0' width='542' height='542' filterUnits='userSpaceOnUse' color-interpolation-filters='sRGB'>\n          <feFlood flood-opacity='0' result='BackgroundImageFix'\/>\n          <feBlend mode='normal' in='SourceGraphic' in2='BackgroundImageFix' result='shape'\/>\n          <feGaussianBlur stdDeviation='75' result='effect1_foregroundBlur_569_1018'\/>\n        <\/filter>\n      <\/defs>\n    <\/svg>\n  <\/span>\n    St. Hedwig Kathedrale<\/span>\n    <\/h3><div class='text-element align-left '><p><span data-sheets-root=\"1\">Am 24. November 2024 wird die Sankt Hedwigs-Kathedrale wieder er\u00f6ffnet. Himmel und Erde ber\u00fchren sich im neu gestalteten Innenraum unter der beeindruckenden Kuppel. Die Bischofskirche des Erzbistums Berlin ist die erste katholische Kirche Berlins nach der Reformation. Das benachbarte Bernhard-Lichtenberg-Haus wird erst Ende 2025 wieder zug\u00e4nglich sein.<\/span><\/p>\n<\/div>        <a target=\"_blank\" href=\"https:\/\/www.hedwigs-kathedrale.de\/\" class=\"flex items-center gap-xs btn-primary mt-10 z-[999999]\">\n            <svg xmlns=\"http:\/\/www.w3.org\/2000\/svg\" width=\"23\" height=\"16\" viewBox=\"0 0 23 16\" fill=\"none\">\n                <path class=\"transition duration-300 ease-in-out\" d=\"M21.8863 8.70711C22.2769 8.31658 22.2769 7.68342 21.8863 7.29289L15.5224 0.928932C15.1318 0.538408 14.4987 0.538408 14.1082 0.928932C13.7176 1.31946 13.7176 1.95262 14.1082 2.34315L19.765 8L14.1082 13.6569C13.7176 14.0474 13.7176 14.6805 14.1082 15.0711C14.4987 15.4616 15.1318 15.4616 15.5224 15.0711L21.8863 8.70711ZM0 9H21.1792V7H0V9Z\" fill=\"black\"\/>\n            <\/svg>\n            Zur Website        <\/a>\n                        <\/div>\n            <\/div>\n        <\/div>\n    <\/div>\n<\/section>\n\n<section class=\"text-image bg-bg-darkBlue text-text-default\">\n    <div class=\"dark:!text-white dark:!bg-transparent\">\n        <div class=\"container mx-auto max-w-screen-xl px-xs py-md text-image\">\n            <div class=\"mx-auto items-center grid text-copy md:grid-cols-2 gap-x-10 align-left\">\n                                    <div class=\"text-image__image aniMe grayscale-mask relative mb-0 order-2 md:order-[unset] mt-4 md:mt-8\"> \n                        <img loading=\"lazy\" decoding=\"async\" width=\"410\" height=\"276\" src=\"https:\/\/festival-of-lights.de\/wp-content\/uploads\/2023\/08\/fischer-lustig.png\" class=\"z-10 grayscale-overlay\" alt=\"\" srcset=\"https:\/\/festival-of-lights.de\/wp-content\/uploads\/2023\/08\/fischer-lustig.png 410w, https:\/\/festival-of-lights.de\/wp-content\/uploads\/2023\/08\/fischer-lustig-300x202.png 300w\" sizes=\"auto, (max-width: 410px) 100vw, 410px\" \/>                    <\/div>                 <div class=\"text-image__col1 py-4 lg:py-10 aniMe flex flex-col right\">\n                    <h3 class='grayscale-overlay relative headline-element align-left mb-4 md:mb-8'>\n    \n    <span class='relative align-left mb-4 md:mb-8'>\n    <span class='absolute top-0 left-0 z-0 -translate-x-1\/2 -translate-y-1\/2 light w-[300px] h-[300px]'>\n    <svg class='w-full h-full ' xmlns='http:\/\/www.w3.org\/2000\/svg' width='542' height='542' viewBox='0 0 542 542' fill='none'>\n      <g filter='url(#filter0_f_569_1018)'>\n        <circle cx='271' cy='271' r='121' fill='#9AE8FF' fill-opacity='0.5'\/>\n      <\/g>\n      <defs>\n        <filter id='filter0_f_569_1018' x='0' y='0' width='542' height='542' filterUnits='userSpaceOnUse' color-interpolation-filters='sRGB'>\n          <feFlood flood-opacity='0' result='BackgroundImageFix'\/>\n          <feBlend mode='normal' in='SourceGraphic' in2='BackgroundImageFix' result='shape'\/>\n          <feGaussianBlur stdDeviation='75' result='effect1_foregroundBlur_569_1018'\/>\n        <\/filter>\n      <\/defs>\n    <\/svg>\n  <\/span>\n    Fischer &#038; Lustig<\/span>\n    <\/h3><div class='text-element align-left '><p>Das Fischer &#038; Lustig \u2013 die Restaurant-Neuer\u00f6ffnung im Nikolaiviertel Regionale Fischk\u00fcche mit unaufgeregtem freundlichem Service. Hier gibt es Fisch auf den Tisch. Heimatk\u00fcche traditionell &#8211; aber quergedacht. Geangelt und geerntet wird ausschlie\u00dflich regional &#8211; gekocht und serviert wird mit viel Erfahrung, Liebe und Wertsch\u00e4tzung. F\u00fcr alle Fisch-Feinschmecker, und solche die es bisher nicht schafften einer zu werden.<\/p>\n<\/div>        <a target=\"_blank\" href=\"https:\/\/fischerundlustig.de\/\" class=\"flex items-center gap-xs btn-primary mt-10 z-[999999]\">\n            <svg xmlns=\"http:\/\/www.w3.org\/2000\/svg\" width=\"23\" height=\"16\" viewBox=\"0 0 23 16\" fill=\"none\">\n                <path class=\"transition duration-300 ease-in-out\" d=\"M21.8863 8.70711C22.2769 8.31658 22.2769 7.68342 21.8863 7.29289L15.5224 0.928932C15.1318 0.538408 14.4987 0.538408 14.1082 0.928932C13.7176 1.31946 13.7176 1.95262 14.1082 2.34315L19.765 8L14.1082 13.6569C13.7176 14.0474 13.7176 14.6805 14.1082 15.0711C14.4987 15.4616 15.1318 15.4616 15.5224 15.0711L21.8863 8.70711ZM0 9H21.1792V7H0V9Z\" fill=\"black\"\/>\n            <\/svg>\n            Zur Website        <\/a>\n                        <\/div>\n            <\/div>\n        <\/div>\n    <\/div>\n<\/section>\n\n<section class=\"text-image bg-bg-darkBlue text-text-default\">\n    <div class=\"dark:!text-white dark:!bg-transparent\">\n        <div class=\"container mx-auto max-w-screen-xl px-xs py-md text-image\">\n            <div class=\"mx-auto items-center grid text-copy md:grid-cols-2 gap-x-10 align-left\">\n                                    <div class=\"text-image__image aniMe grayscale-mask relative mb-0 order-2 md:order-[unset] mt-4 md:mt-8\"> \n                        <img loading=\"lazy\" decoding=\"async\" width=\"410\" height=\"276\" src=\"https:\/\/festival-of-lights.de\/wp-content\/uploads\/2023\/08\/help.png\" class=\"z-10 grayscale-overlay\" alt=\"\" srcset=\"https:\/\/festival-of-lights.de\/wp-content\/uploads\/2023\/08\/help.png 410w, https:\/\/festival-of-lights.de\/wp-content\/uploads\/2023\/08\/help-300x202.png 300w\" sizes=\"auto, (max-width: 410px) 100vw, 410px\" \/>                    <\/div>                 <div class=\"text-image__col1 py-4 lg:py-10 aniMe flex flex-col right\">\n                    <h3 class='grayscale-overlay relative headline-element align-left mb-4 md:mb-8'>\n    \n    <span class='relative align-left mb-4 md:mb-8'>\n    <span class='absolute top-0 left-0 z-0 -translate-x-1\/2 -translate-y-1\/2 light w-[300px] h-[300px]'>\n    <svg class='w-full h-full ' xmlns='http:\/\/www.w3.org\/2000\/svg' width='542' height='542' viewBox='0 0 542 542' fill='none'>\n      <g filter='url(#filter0_f_569_1018)'>\n        <circle cx='271' cy='271' r='121' fill='#9AE8FF' fill-opacity='0.5'\/>\n      <\/g>\n      <defs>\n        <filter id='filter0_f_569_1018' x='0' y='0' width='542' height='542' filterUnits='userSpaceOnUse' color-interpolation-filters='sRGB'>\n          <feFlood flood-opacity='0' result='BackgroundImageFix'\/>\n          <feBlend mode='normal' in='SourceGraphic' in2='BackgroundImageFix' result='shape'\/>\n          <feGaussianBlur stdDeviation='75' result='effect1_foregroundBlur_569_1018'\/>\n        <\/filter>\n      <\/defs>\n    <\/svg>\n  <\/span>\n    Help \u2013 Hilfe zur Selbsthilfe <\/span>\n    <\/h3><div class='text-element align-left '><p>Help \u2013 Hilfe zur Selbsthilfe ist eine internationale Hilfsorganisation mit Sitz in Bonn. Seit \u00fcber 40 Jahren setzt sich Help f\u00fcr Menschen ein, die infolge von Katastrophen, Krisen, Krieg oder Verfolgung in Not geraten sind. Nach dem Prinzip der \u201eHilfe zur Selbsthilfe\u201c begegnet Help den Betroffenen auf Augenh\u00f6he und versetzt sie in die Lage, ihre Lebenssituation eigenst\u00e4ndig zu verbessern und sich auf zuk\u00fcnftige Krisen vorzubereiten. Aktuell ist die Organisation in \u00fcber 20 L\u00e4ndern aktiv, darunter die Ukraine, Syrien, Deutschland, Afghanistan, Demokratische Republik Kongo, Kosovo, Jemen und im Gazastreifen.<\/p>\n<p>F\u00fcr den effektiven und transparenten Umgang mit Spendengeldern ist Help mit dem Spendenzertifikat des Deutschen Spendenrates sowie dem Spendensiegel des Deutschen Zentralinstituts f\u00fcr soziale Fragen ausgezeichnet worden.<\/p>\n<\/div>        <a target=\"_blank\" href=\"https:\/\/festival-of-lights.de\/de\/unsere-partner\/help-e-v\/\" class=\"flex items-center gap-xs btn-primary mt-10 z-[999999]\">\n            <svg xmlns=\"http:\/\/www.w3.org\/2000\/svg\" width=\"23\" height=\"16\" viewBox=\"0 0 23 16\" fill=\"none\">\n                <path class=\"transition duration-300 ease-in-out\" d=\"M21.8863 8.70711C22.2769 8.31658 22.2769 7.68342 21.8863 7.29289L15.5224 0.928932C15.1318 0.538408 14.4987 0.538408 14.1082 0.928932C13.7176 1.31946 13.7176 1.95262 14.1082 2.34315L19.765 8L14.1082 13.6569C13.7176 14.0474 13.7176 14.6805 14.1082 15.0711C14.4987 15.4616 15.1318 15.4616 15.5224 15.0711L21.8863 8.70711ZM0 9H21.1792V7H0V9Z\" fill=\"black\"\/>\n            <\/svg>\n            Weiterlesen        <\/a>\n                        <\/div>\n            <\/div>\n        <\/div>\n    <\/div>\n<\/section>\n\n<section class=\"text-image bg-bg-darkBlue text-text-default\">\n    <div class=\"dark:!text-white dark:!bg-transparent\">\n        <div class=\"container mx-auto max-w-screen-xl px-xs py-md text-image\">\n            <div class=\"mx-auto items-center grid text-copy md:grid-cols-2 gap-x-10 align-left\">\n                                    <div class=\"text-image__image aniMe grayscale-mask relative mb-0 order-2 md:order-[unset] mt-4 md:mt-8\"> \n                        <img loading=\"lazy\" decoding=\"async\" width=\"1024\" height=\"804\" src=\"https:\/\/festival-of-lights.de\/wp-content\/uploads\/2023\/09\/ErlebnisEuropa_Logo_size2_cmyk-1024x804.jpg\" class=\"z-10 grayscale-overlay\" alt=\"\" srcset=\"https:\/\/festival-of-lights.de\/wp-content\/uploads\/2023\/09\/ErlebnisEuropa_Logo_size2_cmyk-1024x804.jpg 1024w, https:\/\/festival-of-lights.de\/wp-content\/uploads\/2023\/09\/ErlebnisEuropa_Logo_size2_cmyk-300x236.jpg 300w, https:\/\/festival-of-lights.de\/wp-content\/uploads\/2023\/09\/ErlebnisEuropa_Logo_size2_cmyk-768x603.jpg 768w, https:\/\/festival-of-lights.de\/wp-content\/uploads\/2023\/09\/ErlebnisEuropa_Logo_size2_cmyk-1536x1206.jpg 1536w, https:\/\/festival-of-lights.de\/wp-content\/uploads\/2023\/09\/ErlebnisEuropa_Logo_size2_cmyk-1240x974.jpg 1240w, https:\/\/festival-of-lights.de\/wp-content\/uploads\/2023\/09\/ErlebnisEuropa_Logo_size2_cmyk.jpg 1654w\" sizes=\"auto, (max-width: 1024px) 100vw, 1024px\" \/>                    <\/div>                 <div class=\"text-image__col1 py-4 lg:py-10 aniMe flex flex-col right\">\n                    <h3 class='grayscale-overlay relative headline-element align-left mb-4 md:mb-8'>\n    \n    <span class='relative align-left mb-4 md:mb-8'>\n    <span class='absolute top-0 left-0 z-0 -translate-x-1\/2 -translate-y-1\/2 light w-[300px] h-[300px]'>\n    <svg class='w-full h-full ' xmlns='http:\/\/www.w3.org\/2000\/svg' width='542' height='542' viewBox='0 0 542 542' fill='none'>\n      <g filter='url(#filter0_f_569_1018)'>\n        <circle cx='271' cy='271' r='121' fill='#9AE8FF' fill-opacity='0.5'\/>\n      <\/g>\n      <defs>\n        <filter id='filter0_f_569_1018' x='0' y='0' width='542' height='542' filterUnits='userSpaceOnUse' color-interpolation-filters='sRGB'>\n          <feFlood flood-opacity='0' result='BackgroundImageFix'\/>\n          <feBlend mode='normal' in='SourceGraphic' in2='BackgroundImageFix' result='shape'\/>\n          <feGaussianBlur stdDeviation='75' result='effect1_foregroundBlur_569_1018'\/>\n        <\/filter>\n      <\/defs>\n    <\/svg>\n  <\/span>\n    Europ\u00e4isches Haus<\/span>\n    <\/h3><div class='text-element align-left '><p>Europa im Herzen Berlins. Die kostenlose Multimedia-Ausstellung ERLEBNIS EUROPA ist das Aush\u00e4ngeschild des Europ\u00e4ischen Hauses und informiert in einem einfachen, umfassenden und immersiven Format \u00fcber die EU und betont die Bedeutung des demokratischen Engagements. Ein besonderes Highlight der Ausstellung ist das 360\u00b0-Kino, in dem Besucherinnen und Besucher in die Welt der Europaabgeordneten eintauchen und im Rundumblick am Plenargeschehen in Stra\u00dfburg teilhaben.<\/p>\n<\/div>        <a target=\"_blank\" href=\"https:\/\/festival-of-lights.de\/de\/unsere-partner\/europaisches-haus\/\" class=\"flex items-center gap-xs btn-primary mt-10 z-[999999]\">\n            <svg xmlns=\"http:\/\/www.w3.org\/2000\/svg\" width=\"23\" height=\"16\" viewBox=\"0 0 23 16\" fill=\"none\">\n                <path class=\"transition duration-300 ease-in-out\" d=\"M21.8863 8.70711C22.2769 8.31658 22.2769 7.68342 21.8863 7.29289L15.5224 0.928932C15.1318 0.538408 14.4987 0.538408 14.1082 0.928932C13.7176 1.31946 13.7176 1.95262 14.1082 2.34315L19.765 8L14.1082 13.6569C13.7176 14.0474 13.7176 14.6805 14.1082 15.0711C14.4987 15.4616 15.1318 15.4616 15.5224 15.0711L21.8863 8.70711ZM0 9H21.1792V7H0V9Z\" fill=\"black\"\/>\n            <\/svg>\n            Weiterlesen        <\/a>\n                        <\/div>\n            <\/div>\n        <\/div>\n    <\/div>\n<\/section>\n\n<section class=\"text-image bg-bg-darkBlue text-text-default\">\n    <div class=\"dark:!text-white dark:!bg-transparent\">\n        <div class=\"container mx-auto max-w-screen-xl px-xs py-md text-image\">\n            <div class=\"mx-auto items-center grid text-copy md:grid-cols-2 gap-x-10 align-left\">\n                                    <div class=\"text-image__image aniMe grayscale-mask relative mb-0 order-2 md:order-[unset] mt-4 md:mt-8\"> \n                        <img loading=\"lazy\" decoding=\"async\" width=\"410\" height=\"276\" src=\"https:\/\/festival-of-lights.de\/wp-content\/uploads\/2023\/09\/Kachel-Partner-Seite2.png\" class=\"z-10 grayscale-overlay\" alt=\"\" srcset=\"https:\/\/festival-of-lights.de\/wp-content\/uploads\/2023\/09\/Kachel-Partner-Seite2.png 410w, https:\/\/festival-of-lights.de\/wp-content\/uploads\/2023\/09\/Kachel-Partner-Seite2-300x202.png 300w\" sizes=\"auto, (max-width: 410px) 100vw, 410px\" \/>                    <\/div>                 <div class=\"text-image__col1 py-4 lg:py-10 aniMe flex flex-col right\">\n                    <h3 class='grayscale-overlay relative headline-element align-left mb-4 md:mb-8'>\n    \n    <span class='relative align-left mb-4 md:mb-8'>\n    <span class='absolute top-0 left-0 z-0 -translate-x-1\/2 -translate-y-1\/2 light w-[300px] h-[300px]'>\n    <svg class='w-full h-full ' xmlns='http:\/\/www.w3.org\/2000\/svg' width='542' height='542' viewBox='0 0 542 542' fill='none'>\n      <g filter='url(#filter0_f_569_1018)'>\n        <circle cx='271' cy='271' r='121' fill='#9AE8FF' fill-opacity='0.5'\/>\n      <\/g>\n      <defs>\n        <filter id='filter0_f_569_1018' x='0' y='0' width='542' height='542' filterUnits='userSpaceOnUse' color-interpolation-filters='sRGB'>\n          <feFlood flood-opacity='0' result='BackgroundImageFix'\/>\n          <feBlend mode='normal' in='SourceGraphic' in2='BackgroundImageFix' result='shape'\/>\n          <feGaussianBlur stdDeviation='75' result='effect1_foregroundBlur_569_1018'\/>\n        <\/filter>\n      <\/defs>\n    <\/svg>\n  <\/span>\n    Berliner Fernsehturm<\/span>\n    <\/h3><div class='text-element align-left '><p>Der Berliner Fernsehturm ist mit seinen 368 Metern das h\u00f6chste Geb\u00e4ude Deutschlands und das zweith\u00f6chste \u00f6ffentlich zug\u00e4ngliche Europas. Mit \u00fcber 1,2 Millionen Besucherinnen und Besuchern j\u00e4hrlich z\u00e4hlt der Fernsehturm auf dem Alexanderplatz zu den beliebtesten Attraktionen Berlins. Eine einzigartige Besonderheit ist das rotierende Restaurant \u201eSphere\u201c, das sich in 207 Metern H\u00f6he ein- bzw. zweimal pro Stunde um volle 360 Grad dreht. Die darunter gelegene \u201eSphere Bar\u201c kann ebenfalls \u00fcber zwei Hochgeschwindigkeitsaufz\u00fcge (6 Meter pro Sekunde) erreicht werden. Der Fernsehturm ist an 363 Tagen im Jahr und aktuell von 9-23 Uhr ge\u00f6ffnet.<\/p>\n<\/div>        <a target=\"_blank\" href=\"https:\/\/tv-turm.de\/\" class=\"flex items-center gap-xs btn-primary mt-10 z-[999999]\">\n            <svg xmlns=\"http:\/\/www.w3.org\/2000\/svg\" width=\"23\" height=\"16\" viewBox=\"0 0 23 16\" fill=\"none\">\n                <path class=\"transition duration-300 ease-in-out\" d=\"M21.8863 8.70711C22.2769 8.31658 22.2769 7.68342 21.8863 7.29289L15.5224 0.928932C15.1318 0.538408 14.4987 0.538408 14.1082 0.928932C13.7176 1.31946 13.7176 1.95262 14.1082 2.34315L19.765 8L14.1082 13.6569C13.7176 14.0474 13.7176 14.6805 14.1082 15.0711C14.4987 15.4616 15.1318 15.4616 15.5224 15.0711L21.8863 8.70711ZM0 9H21.1792V7H0V9Z\" fill=\"black\"\/>\n            <\/svg>\n            Zur Website        <\/a>\n                        <\/div>\n            <\/div>\n        <\/div>\n    <\/div>\n<\/section>\n\n<section class=\"text-image bg-bg-darkBlue text-text-default\">\n    <div class=\"dark:!text-white dark:!bg-transparent\">\n        <div class=\"container mx-auto max-w-screen-xl px-xs py-md text-image\">\n            <div class=\"mx-auto items-center grid text-copy md:grid-cols-2 gap-x-10 align-left\">\n                                    <div class=\"text-image__image aniMe grayscale-mask relative mb-0 order-2 md:order-[unset] mt-4 md:mt-8\"> \n                        <img loading=\"lazy\" decoding=\"async\" width=\"410\" height=\"276\" src=\"https:\/\/festival-of-lights.de\/wp-content\/uploads\/2023\/09\/Kachel-Partner-Seite-9.png\" class=\"z-10 grayscale-overlay\" alt=\"\" srcset=\"https:\/\/festival-of-lights.de\/wp-content\/uploads\/2023\/09\/Kachel-Partner-Seite-9.png 410w, https:\/\/festival-of-lights.de\/wp-content\/uploads\/2023\/09\/Kachel-Partner-Seite-9-300x202.png 300w\" sizes=\"auto, (max-width: 410px) 100vw, 410px\" \/>                    <\/div>                 <div class=\"text-image__col1 py-4 lg:py-10 aniMe flex flex-col right\">\n                    <h3 class='grayscale-overlay relative headline-element align-left mb-4 md:mb-8'>\n    \n    <span class='relative align-left mb-4 md:mb-8'>\n    <span class='absolute top-0 left-0 z-0 -translate-x-1\/2 -translate-y-1\/2 light w-[300px] h-[300px]'>\n    <svg class='w-full h-full ' xmlns='http:\/\/www.w3.org\/2000\/svg' width='542' height='542' viewBox='0 0 542 542' fill='none'>\n      <g filter='url(#filter0_f_569_1018)'>\n        <circle cx='271' cy='271' r='121' fill='#9AE8FF' fill-opacity='0.5'\/>\n      <\/g>\n      <defs>\n        <filter id='filter0_f_569_1018' x='0' y='0' width='542' height='542' filterUnits='userSpaceOnUse' color-interpolation-filters='sRGB'>\n          <feFlood flood-opacity='0' result='BackgroundImageFix'\/>\n          <feBlend mode='normal' in='SourceGraphic' in2='BackgroundImageFix' result='shape'\/>\n          <feGaussianBlur stdDeviation='75' result='effect1_foregroundBlur_569_1018'\/>\n        <\/filter>\n      <\/defs>\n    <\/svg>\n  <\/span>\n    Bj\u00f6rn Schulz Stiftung<\/span>\n    <\/h3><div class='text-element align-left '><p>Seit 1996 begleitet und entlastet die Bj\u00f6rn Schulz Stiftung Familien mit lebensverk\u00fcrzend erkrankten Kindern ab dem Zeitpunkt der Diagnosestellung. Zu unserem umfassenden Netzwerk der Hilfe geh\u00f6ren der Sonnenhof, ein Hospiz f\u00fcr Kinder, Jugendliche und junge Erwachsene in Berlin Pankow, verschiedene ambulante Dienste sowie das Nachsorge- und Erholungshaus Irmengard-Hof am Chiemsee.<br \/>\nEin Gro\u00dfteil unserer Angebote finanziert sich \u00fcber Spenden.<\/p>\n<\/div>        <a target=\"_blank\" href=\"http:\/\/www.bjoern-schulz-stiftung.de\/\" class=\"flex items-center gap-xs btn-primary mt-10 z-[999999]\">\n            <svg xmlns=\"http:\/\/www.w3.org\/2000\/svg\" width=\"23\" height=\"16\" viewBox=\"0 0 23 16\" fill=\"none\">\n                <path class=\"transition duration-300 ease-in-out\" d=\"M21.8863 8.70711C22.2769 8.31658 22.2769 7.68342 21.8863 7.29289L15.5224 0.928932C15.1318 0.538408 14.4987 0.538408 14.1082 0.928932C13.7176 1.31946 13.7176 1.95262 14.1082 2.34315L19.765 8L14.1082 13.6569C13.7176 14.0474 13.7176 14.6805 14.1082 15.0711C14.4987 15.4616 15.1318 15.4616 15.5224 15.0711L21.8863 8.70711ZM0 9H21.1792V7H0V9Z\" fill=\"black\"\/>\n            <\/svg>\n            Zur Website        <\/a>\n                        <\/div>\n            <\/div>\n        <\/div>\n    <\/div>\n<\/section>\n\n<section class=\"module-spacer bg-bg-darkBlue pt-10 md:pt-14 xl:pt-20\">\n<\/section>\n\n<section class=\"module-spacer bg-bg-darkBlue pt-10 md:pt-14 xl:pt-20\">\n<\/section>\n\n<section class=\"basic-content-module bg-bg-darkBlue text-text-default\">\n  <div class=\"px-xs py-md lg:py-2xl aniMe text-intro dark:!bg-transparent dark:!text-white text-left\">\n            <div class=\"mx-auto max-w-content basic-content-module__headline\"><h2 class='grayscale-overlay relative headline-element align-left text-h3 font-bold md:text-h2 mb-4 md:mb-sm z-0'>\n    \n    <span class='relative align-left text-h3 font-bold md:text-h2 mb-4 md:mb-sm z-0'>\n    <span class='absolute top-0 left-0 z-0 -translate-x-1\/2 -translate-y-1\/2 light w-[300px] h-[300px]'>\n    <svg class='w-full h-full ' xmlns='http:\/\/www.w3.org\/2000\/svg' width='542' height='542' viewBox='0 0 542 542' fill='none'>\n      <g filter='url(#filter0_f_569_1018)'>\n        <circle cx='271' cy='271' r='121' fill='#9AE8FF' fill-opacity='0.5'\/>\n      <\/g>\n      <defs>\n        <filter id='filter0_f_569_1018' x='0' y='0' width='542' height='542' filterUnits='userSpaceOnUse' color-interpolation-filters='sRGB'>\n          <feFlood flood-opacity='0' result='BackgroundImageFix'\/>\n          <feBlend mode='normal' in='SourceGraphic' in2='BackgroundImageFix' result='shape'\/>\n          <feGaussianBlur stdDeviation='75' result='effect1_foregroundBlur_569_1018'\/>\n        <\/filter>\n      <\/defs>\n    <\/svg>\n  <\/span>\n    Medien- und Kooperationspartner*innen<\/span>\n    <\/h2><\/div>\n          <\/div>\n<\/section>\n\n<section class=\"text-image bg-bg-darkBlue text-text-default\">\n    <div class=\"dark:!text-white dark:!bg-transparent\">\n        <div class=\"container mx-auto max-w-screen-xl px-xs py-md text-image\">\n            <div class=\"mx-auto items-center grid text-copy md:grid-cols-2 gap-x-10 align-left\">\n                                    <div class=\"text-image__image aniMe grayscale-mask relative mb-0 order-2 md:order-[unset] mt-4 md:mt-8\"> \n                        <img loading=\"lazy\" decoding=\"async\" width=\"410\" height=\"276\" src=\"https:\/\/festival-of-lights.de\/wp-content\/uploads\/2024\/09\/Kachel-Partner-Seite-9.png\" class=\"z-10 grayscale-overlay\" alt=\"\" srcset=\"https:\/\/festival-of-lights.de\/wp-content\/uploads\/2024\/09\/Kachel-Partner-Seite-9.png 410w, https:\/\/festival-of-lights.de\/wp-content\/uploads\/2024\/09\/Kachel-Partner-Seite-9-300x202.png 300w\" sizes=\"auto, (max-width: 410px) 100vw, 410px\" \/>                    <\/div>                 <div class=\"text-image__col1 py-4 lg:py-10 aniMe flex flex-col right\">\n                    <h3 class='grayscale-overlay relative headline-element align-left mb-4 md:mb-8'>\n    \n    <span class='relative align-left mb-4 md:mb-8'>\n    <span class='absolute top-0 left-0 z-0 -translate-x-1\/2 -translate-y-1\/2 light w-[300px] h-[300px]'>\n    <svg class='w-full h-full ' xmlns='http:\/\/www.w3.org\/2000\/svg' width='542' height='542' viewBox='0 0 542 542' fill='none'>\n      <g filter='url(#filter0_f_569_1018)'>\n        <circle cx='271' cy='271' r='121' fill='#9AE8FF' fill-opacity='0.5'\/>\n      <\/g>\n      <defs>\n        <filter id='filter0_f_569_1018' x='0' y='0' width='542' height='542' filterUnits='userSpaceOnUse' color-interpolation-filters='sRGB'>\n          <feFlood flood-opacity='0' result='BackgroundImageFix'\/>\n          <feBlend mode='normal' in='SourceGraphic' in2='BackgroundImageFix' result='shape'\/>\n          <feGaussianBlur stdDeviation='75' result='effect1_foregroundBlur_569_1018'\/>\n        <\/filter>\n      <\/defs>\n    <\/svg>\n  <\/span>\n    104.6 RTL<\/span>\n    <\/h3><div class='text-element align-left '><div class=\"text-element align-left \">\n<p>104.6 RTL ist Berlins und Brandenburgs Hitradio und einer der meistgeh\u00f6rten Sender bei uns in der Region. Bei 104.6 RTL h\u00f6rst du die besten Hits von heute, die RTL Greatest Hits und entdeckst neue Musik. Au\u00dferdem gewinnst du bei 104.6 RTL spektakul\u00e4re Preise, z. B. Bargeld, Reisen zu den sch\u00f6nsten Hotspots der Welt, brandneue Autos oder Tickets f\u00fcr Konzerte der gr\u00f6\u00dften Stars der Welt. Und jeden Morgen von 5 bis 10 Uhr: Arno und die die Morgencrew, Berlins und Brandenburgs lustigste Morgensendung. In dieser Show erf\u00e4hrst du alles, was du f\u00fcr einen Start in den Tag brauchst. \u00dcbrigens: 104.6 RTL ist mehrfach ausgezeichnet mit dem Deutschen Radiopreis, u. a. in der Kategorie \u201eDeutschlands beste Morgensendung\u201c.<\/p>\n<\/div>\n<\/div>        <a target=\"_blank\" href=\"https:\/\/www.104.6rtl.com\/\" class=\"flex items-center gap-xs btn-primary mt-10 z-[999999]\">\n            <svg xmlns=\"http:\/\/www.w3.org\/2000\/svg\" width=\"23\" height=\"16\" viewBox=\"0 0 23 16\" fill=\"none\">\n                <path class=\"transition duration-300 ease-in-out\" d=\"M21.8863 8.70711C22.2769 8.31658 22.2769 7.68342 21.8863 7.29289L15.5224 0.928932C15.1318 0.538408 14.4987 0.538408 14.1082 0.928932C13.7176 1.31946 13.7176 1.95262 14.1082 2.34315L19.765 8L14.1082 13.6569C13.7176 14.0474 13.7176 14.6805 14.1082 15.0711C14.4987 15.4616 15.1318 15.4616 15.5224 15.0711L21.8863 8.70711ZM0 9H21.1792V7H0V9Z\" fill=\"black\"\/>\n            <\/svg>\n            Zur Website        <\/a>\n                        <\/div>\n            <\/div>\n        <\/div>\n    <\/div>\n<\/section>\n\n<section class=\"text-image bg-bg-darkBlue text-text-default\">\n    <div class=\"dark:!text-white dark:!bg-transparent\">\n        <div class=\"container mx-auto max-w-screen-xl px-xs py-md text-image\">\n            <div class=\"mx-auto items-center grid text-copy md:grid-cols-2 gap-x-10 align-left\">\n                                    <div class=\"text-image__image aniMe grayscale-mask relative mb-0 order-2 md:order-[unset] mt-4 md:mt-8\"> \n                        <img loading=\"lazy\" decoding=\"async\" width=\"410\" height=\"276\" src=\"https:\/\/festival-of-lights.de\/wp-content\/uploads\/2023\/08\/deutsche-funkturm.png\" class=\"z-10 grayscale-overlay\" alt=\"\" srcset=\"https:\/\/festival-of-lights.de\/wp-content\/uploads\/2023\/08\/deutsche-funkturm.png 410w, https:\/\/festival-of-lights.de\/wp-content\/uploads\/2023\/08\/deutsche-funkturm-300x202.png 300w\" sizes=\"auto, (max-width: 410px) 100vw, 410px\" \/>                    <\/div>                 <div class=\"text-image__col1 py-4 lg:py-10 aniMe flex flex-col right\">\n                    <h3 class='grayscale-overlay relative headline-element align-left mb-4 md:mb-8'>\n    \n    <span class='relative align-left mb-4 md:mb-8'>\n    <span class='absolute top-0 left-0 z-0 -translate-x-1\/2 -translate-y-1\/2 light w-[300px] h-[300px]'>\n    <svg class='w-full h-full ' xmlns='http:\/\/www.w3.org\/2000\/svg' width='542' height='542' viewBox='0 0 542 542' fill='none'>\n      <g filter='url(#filter0_f_569_1018)'>\n        <circle cx='271' cy='271' r='121' fill='#9AE8FF' fill-opacity='0.5'\/>\n      <\/g>\n      <defs>\n        <filter id='filter0_f_569_1018' x='0' y='0' width='542' height='542' filterUnits='userSpaceOnUse' color-interpolation-filters='sRGB'>\n          <feFlood flood-opacity='0' result='BackgroundImageFix'\/>\n          <feBlend mode='normal' in='SourceGraphic' in2='BackgroundImageFix' result='shape'\/>\n          <feGaussianBlur stdDeviation='75' result='effect1_foregroundBlur_569_1018'\/>\n        <\/filter>\n      <\/defs>\n    <\/svg>\n  <\/span>\n    DFMG Deutsche Funkturm GmbH<\/span>\n    <\/h3><div class='text-element align-left '><p>Die Deutsche Funkturm stellt ma\u00dfgeblich den Ausbau der Infrastrukturen f\u00fcr die deutschen Mobilfunkanbieter, Rundfunksender, Betreiber von Richtfunkstrecken sowie f\u00fcr die Funknetze von Beh\u00f6rden und weiteren Institutionen sicher. Das Unternehmen wurde 2002 gegr\u00fcndet, ist ein Teil der Deutschen Telekom Gruppe und betreibt ein Portfolio von rund 32.800 Funkstandorten. Die Deutsche Funkturm ist deutschlandweit vertreten, der Firmensitz ist M\u00fcnster.<\/p>\n<\/div>        <a target=\"_blank\" href=\"https:\/\/www.dfmg.de\/de\/\" class=\"flex items-center gap-xs btn-primary mt-10 z-[999999]\">\n            <svg xmlns=\"http:\/\/www.w3.org\/2000\/svg\" width=\"23\" height=\"16\" viewBox=\"0 0 23 16\" fill=\"none\">\n                <path class=\"transition duration-300 ease-in-out\" d=\"M21.8863 8.70711C22.2769 8.31658 22.2769 7.68342 21.8863 7.29289L15.5224 0.928932C15.1318 0.538408 14.4987 0.538408 14.1082 0.928932C13.7176 1.31946 13.7176 1.95262 14.1082 2.34315L19.765 8L14.1082 13.6569C13.7176 14.0474 13.7176 14.6805 14.1082 15.0711C14.4987 15.4616 15.1318 15.4616 15.5224 15.0711L21.8863 8.70711ZM0 9H21.1792V7H0V9Z\" fill=\"black\"\/>\n            <\/svg>\n            Zur Website        <\/a>\n                        <\/div>\n            <\/div>\n        <\/div>\n    <\/div>\n<\/section>\n\n<section class=\"text-image bg-bg-darkBlue text-text-default\">\n    <div class=\"dark:!text-white dark:!bg-transparent\">\n        <div class=\"container mx-auto max-w-screen-xl px-xs py-md text-image\">\n            <div class=\"mx-auto items-center grid text-copy md:grid-cols-2 gap-x-10 align-left\">\n                                    <div class=\"text-image__image aniMe grayscale-mask relative mb-0 order-2 md:order-[unset] mt-4 md:mt-8\"> \n                        <img loading=\"lazy\" decoding=\"async\" width=\"410\" height=\"276\" src=\"https:\/\/festival-of-lights.de\/wp-content\/uploads\/2023\/09\/Kachel-Partner-Seite-11.png\" class=\"z-10 grayscale-overlay\" alt=\"\" srcset=\"https:\/\/festival-of-lights.de\/wp-content\/uploads\/2023\/09\/Kachel-Partner-Seite-11.png 410w, https:\/\/festival-of-lights.de\/wp-content\/uploads\/2023\/09\/Kachel-Partner-Seite-11-300x202.png 300w\" sizes=\"auto, (max-width: 410px) 100vw, 410px\" \/>                    <\/div>                 <div class=\"text-image__col1 py-4 lg:py-10 aniMe flex flex-col right\">\n                    <h3 class='grayscale-overlay relative headline-element align-left mb-4 md:mb-8'>\n    \n    <span class='relative align-left mb-4 md:mb-8'>\n    <span class='absolute top-0 left-0 z-0 -translate-x-1\/2 -translate-y-1\/2 light w-[300px] h-[300px]'>\n    <svg class='w-full h-full ' xmlns='http:\/\/www.w3.org\/2000\/svg' width='542' height='542' viewBox='0 0 542 542' fill='none'>\n      <g filter='url(#filter0_f_569_1018)'>\n        <circle cx='271' cy='271' r='121' fill='#9AE8FF' fill-opacity='0.5'\/>\n      <\/g>\n      <defs>\n        <filter id='filter0_f_569_1018' x='0' y='0' width='542' height='542' filterUnits='userSpaceOnUse' color-interpolation-filters='sRGB'>\n          <feFlood flood-opacity='0' result='BackgroundImageFix'\/>\n          <feBlend mode='normal' in='SourceGraphic' in2='BackgroundImageFix' result='shape'\/>\n          <feGaussianBlur stdDeviation='75' result='effect1_foregroundBlur_569_1018'\/>\n        <\/filter>\n      <\/defs>\n    <\/svg>\n  <\/span>\n    Staatsoper Unter den Linden<\/span>\n    <\/h3><div class='text-element align-left '><p>Die Staatsoper Unter den Linden kann auf eine fast 280-j\u00e4hrige wechselvolle Geschichte zur\u00fcckblicken. Das prachtvolle Opernhaus im Herzen Berlins verf\u00fcgt nach seiner 2017 abgeschlossenen Sanierung \u00fcber eine deutlich verbesserte Akustik und modernste B\u00fchnentechnik. Dort erleben die Besucher:innen ein breites Opern- und Konzertrepertoire mit hochkar\u00e4tigen Dirigent:innen und international renommierten S\u00e4nger:innen und Solist:innen. Auf der B\u00fchne spannt sich der Bogen von Barockoper in historisch informierter Auff\u00fchrungspraxis \u00fcber zentrale Werke der klassischen, romantischen und modernen Opernliteratur hin zu Urauff\u00fchrungen sowie spannende St\u00fcckentwicklungen, die alternative und experimentelle Formen des Musiktheaters erforschen. Die einzigartige k\u00fcnstlerische Tradition der Staatsoper wurde gepr\u00e4gt von Pers\u00f6nlichkeiten wie Felix Mendelssohn Bartholdy, Richard Strauss, Erich Kleiber, Otto Klemperer und Otmar Suitner. Die seit \u00fcber 450 Jahren bestehende Staatskapelle Berlin ist dem Haus seit seiner ersten Stunde verbunden. \u00dcber mehr als drei Jahrzehnte, von 1992 bis 2023, pr\u00e4gte Daniel Barenboim als Generalmusikdirektor das exzellente musikalische Niveau. 2024 wird ihm an dieser Stelle Christian Thielemann nachfolgen.<\/p>\n<\/div>        <a target=\"_blank\" href=\"https:\/\/www.staatsoper-berlin.de\/de\/\" class=\"flex items-center gap-xs btn-primary mt-10 z-[999999]\">\n            <svg xmlns=\"http:\/\/www.w3.org\/2000\/svg\" width=\"23\" height=\"16\" viewBox=\"0 0 23 16\" fill=\"none\">\n                <path class=\"transition duration-300 ease-in-out\" d=\"M21.8863 8.70711C22.2769 8.31658 22.2769 7.68342 21.8863 7.29289L15.5224 0.928932C15.1318 0.538408 14.4987 0.538408 14.1082 0.928932C13.7176 1.31946 13.7176 1.95262 14.1082 2.34315L19.765 8L14.1082 13.6569C13.7176 14.0474 13.7176 14.6805 14.1082 15.0711C14.4987 15.4616 15.1318 15.4616 15.5224 15.0711L21.8863 8.70711ZM0 9H21.1792V7H0V9Z\" fill=\"black\"\/>\n            <\/svg>\n            Zur Website        <\/a>\n                        <\/div>\n            <\/div>\n        <\/div>\n    <\/div>\n<\/section>\n\n<section class=\"text-image bg-bg-darkBlue text-text-default\">\n    <div class=\"dark:!text-white dark:!bg-transparent\">\n        <div class=\"container mx-auto max-w-screen-xl px-xs py-md text-image\">\n            <div class=\"mx-auto items-center grid text-copy md:grid-cols-2 gap-x-10 align-left\">\n                                    <div class=\"text-image__image aniMe grayscale-mask relative mb-0 order-2 md:order-[unset] mt-4 md:mt-8\"> \n                        <img loading=\"lazy\" decoding=\"async\" width=\"410\" height=\"276\" src=\"https:\/\/festival-of-lights.de\/wp-content\/uploads\/2023\/08\/friends-of-berlin.png\" class=\"z-10 grayscale-overlay\" alt=\"\" srcset=\"https:\/\/festival-of-lights.de\/wp-content\/uploads\/2023\/08\/friends-of-berlin.png 410w, https:\/\/festival-of-lights.de\/wp-content\/uploads\/2023\/08\/friends-of-berlin-300x202.png 300w\" sizes=\"auto, (max-width: 410px) 100vw, 410px\" \/>                    <\/div>                 <div class=\"text-image__col1 py-4 lg:py-10 aniMe flex flex-col right\">\n                    <h3 class='grayscale-overlay relative headline-element align-left mb-4 md:mb-8'>\n    \n    <span class='relative align-left mb-4 md:mb-8'>\n    <span class='absolute top-0 left-0 z-0 -translate-x-1\/2 -translate-y-1\/2 light w-[300px] h-[300px]'>\n    <svg class='w-full h-full ' xmlns='http:\/\/www.w3.org\/2000\/svg' width='542' height='542' viewBox='0 0 542 542' fill='none'>\n      <g filter='url(#filter0_f_569_1018)'>\n        <circle cx='271' cy='271' r='121' fill='#9AE8FF' fill-opacity='0.5'\/>\n      <\/g>\n      <defs>\n        <filter id='filter0_f_569_1018' x='0' y='0' width='542' height='542' filterUnits='userSpaceOnUse' color-interpolation-filters='sRGB'>\n          <feFlood flood-opacity='0' result='BackgroundImageFix'\/>\n          <feBlend mode='normal' in='SourceGraphic' in2='BackgroundImageFix' result='shape'\/>\n          <feGaussianBlur stdDeviation='75' result='effect1_foregroundBlur_569_1018'\/>\n        <\/filter>\n      <\/defs>\n    <\/svg>\n  <\/span>\n    Friends of Berlin e.V.<\/span>\n    <\/h3><div class='text-element align-left '><p>Friends of Berlin verbindet Berliner und Berlin-Freunde, K\u00fcnstler und Kunstf\u00f6rderer aus aller Welt. Gemeinsam schaffen sie eine Plattform, um innovative Ideen und Formate nach Berlin zu holen, die begeistern und zu einem Berlin-Besuch einladen. Der Fokus liegt auf Kunst und interkulturellem Austausch, auf F\u00f6rderung von K\u00fcnstlern und internationalen Kunstprojekten.<\/p>\n<\/div>        <a target=\"_blank\" href=\"http:\/\/friends-of-berlin.de\/\" class=\"flex items-center gap-xs btn-primary mt-10 z-[999999]\">\n            <svg xmlns=\"http:\/\/www.w3.org\/2000\/svg\" width=\"23\" height=\"16\" viewBox=\"0 0 23 16\" fill=\"none\">\n                <path class=\"transition duration-300 ease-in-out\" d=\"M21.8863 8.70711C22.2769 8.31658 22.2769 7.68342 21.8863 7.29289L15.5224 0.928932C15.1318 0.538408 14.4987 0.538408 14.1082 0.928932C13.7176 1.31946 13.7176 1.95262 14.1082 2.34315L19.765 8L14.1082 13.6569C13.7176 14.0474 13.7176 14.6805 14.1082 15.0711C14.4987 15.4616 15.1318 15.4616 15.5224 15.0711L21.8863 8.70711ZM0 9H21.1792V7H0V9Z\" fill=\"black\"\/>\n            <\/svg>\n            Zur Website        <\/a>\n                        <\/div>\n            <\/div>\n        <\/div>\n    <\/div>\n<\/section>\n\n<section class=\"module-spacer bg-bg-darkBlue pt-10 md:pt-14 xl:pt-20\">\n<\/section>\n\n<section class=\"module-spacer bg-bg-darkBlue pt-10 md:pt-14 xl:pt-20\">\n<\/section>\n\n<section class=\"basic-content-module bg-bg-darkBlue text-text-default\">\n  <div class=\"px-xs py-md lg:py-2xl aniMe text-intro dark:!bg-transparent dark:!text-white text-left\">\n            <div class=\"mx-auto max-w-content basic-content-module__headline\"><h2 class='grayscale-overlay relative headline-element align-left text-h3 font-bold md:text-h2 mb-4 md:mb-sm z-0'>\n    \n    <span class='relative align-left text-h3 font-bold md:text-h2 mb-4 md:mb-sm z-0'>\n    <span class='absolute top-0 left-0 z-0 -translate-x-1\/2 -translate-y-1\/2 light w-[300px] h-[300px]'>\n    <svg class='w-full h-full ' xmlns='http:\/\/www.w3.org\/2000\/svg' width='542' height='542' viewBox='0 0 542 542' fill='none'>\n      <g filter='url(#filter0_f_569_1018)'>\n        <circle cx='271' cy='271' r='121' fill='#9AE8FF' fill-opacity='0.5'\/>\n      <\/g>\n      <defs>\n        <filter id='filter0_f_569_1018' x='0' y='0' width='542' height='542' filterUnits='userSpaceOnUse' color-interpolation-filters='sRGB'>\n          <feFlood flood-opacity='0' result='BackgroundImageFix'\/>\n          <feBlend mode='normal' in='SourceGraphic' in2='BackgroundImageFix' result='shape'\/>\n          <feGaussianBlur stdDeviation='75' result='effect1_foregroundBlur_569_1018'\/>\n        <\/filter>\n      <\/defs>\n    <\/svg>\n  <\/span>\n    Hotelpartner*innen<\/span>\n    <\/h2><\/div>\n          <\/div>\n<\/section>\n\n<section class=\"text-image bg-bg-darkBlue text-text-default\">\n    <div class=\"dark:!text-white dark:!bg-transparent\">\n        <div class=\"container mx-auto max-w-screen-xl px-xs py-md text-image\">\n            <div class=\"mx-auto items-center grid text-copy md:grid-cols-2 gap-x-10 align-left\">\n                                    <div class=\"text-image__image aniMe grayscale-mask relative mb-0 order-2 md:order-[unset] mt-4 md:mt-8\"> \n                        <img loading=\"lazy\" decoding=\"async\" width=\"410\" height=\"276\" src=\"https:\/\/festival-of-lights.de\/wp-content\/uploads\/2023\/09\/Kachel-Partner-Seite-8.png\" class=\"z-10 grayscale-overlay\" alt=\"\" srcset=\"https:\/\/festival-of-lights.de\/wp-content\/uploads\/2023\/09\/Kachel-Partner-Seite-8.png 410w, https:\/\/festival-of-lights.de\/wp-content\/uploads\/2023\/09\/Kachel-Partner-Seite-8-300x202.png 300w\" sizes=\"auto, (max-width: 410px) 100vw, 410px\" \/>                    <\/div>                 <div class=\"text-image__col1 py-4 lg:py-10 aniMe flex flex-col right\">\n                    <h3 class='grayscale-overlay relative headline-element align-left mb-4 md:mb-8'>\n    \n    <span class='relative align-left mb-4 md:mb-8'>\n    <span class='absolute top-0 left-0 z-0 -translate-x-1\/2 -translate-y-1\/2 light w-[300px] h-[300px]'>\n    <svg class='w-full h-full ' xmlns='http:\/\/www.w3.org\/2000\/svg' width='542' height='542' viewBox='0 0 542 542' fill='none'>\n      <g filter='url(#filter0_f_569_1018)'>\n        <circle cx='271' cy='271' r='121' fill='#9AE8FF' fill-opacity='0.5'\/>\n      <\/g>\n      <defs>\n        <filter id='filter0_f_569_1018' x='0' y='0' width='542' height='542' filterUnits='userSpaceOnUse' color-interpolation-filters='sRGB'>\n          <feFlood flood-opacity='0' result='BackgroundImageFix'\/>\n          <feBlend mode='normal' in='SourceGraphic' in2='BackgroundImageFix' result='shape'\/>\n          <feGaussianBlur stdDeviation='75' result='effect1_foregroundBlur_569_1018'\/>\n        <\/filter>\n      <\/defs>\n    <\/svg>\n  <\/span>\n    ARCOTEL John F<\/span>\n    <\/h3><div class='text-element align-left '><p>Im Herzen Berlins, nur 5 Gehminuten von der Museumsinsel und dem historischen Boulevard Unter den Linden entfernt, empf\u00e4ngt Sie das ausgefallene ARCOTEL John F.<\/p>\n<p>Tauchen Sie ein in den Berliner Kosmos und erleben Sie das FESTIVAL OF LIGHTS hautnah. Alle Highlights des Festivals lassen sich sehr gut zu Fu\u00df und mit den \u00f6ffentlichen Verkehrsmitteln erreichen. Nach dem Flanieren k\u00f6nnen Sie den Tag ganz entspannt bei einem Getr\u00e4nk in unserer TOWN BAR ausklingen lassen. Ein Treffpunkt, der an das goldene Amerika l\u00e4ngst vergangener Zeiten erinnert.<\/p>\n<p>&nbsp;<\/p>\n<p><b>Werderscher Markt 11, 10117 Berlin<br \/>\nTelefon:\u00a0<\/b><strong>+49 (0) 30 4050460<\/strong><\/p>\n<\/div>        <a target=\"_blank\" href=\"https:\/\/johnf.arcotel.link\/festival-of-lights\" class=\"flex items-center gap-xs btn-primary mt-10 z-[999999]\">\n            <svg xmlns=\"http:\/\/www.w3.org\/2000\/svg\" width=\"23\" height=\"16\" viewBox=\"0 0 23 16\" fill=\"none\">\n                <path class=\"transition duration-300 ease-in-out\" d=\"M21.8863 8.70711C22.2769 8.31658 22.2769 7.68342 21.8863 7.29289L15.5224 0.928932C15.1318 0.538408 14.4987 0.538408 14.1082 0.928932C13.7176 1.31946 13.7176 1.95262 14.1082 2.34315L19.765 8L14.1082 13.6569C13.7176 14.0474 13.7176 14.6805 14.1082 15.0711C14.4987 15.4616 15.1318 15.4616 15.5224 15.0711L21.8863 8.70711ZM0 9H21.1792V7H0V9Z\" fill=\"black\"\/>\n            <\/svg>\n            Zur Website        <\/a>\n                        <\/div>\n            <\/div>\n        <\/div>\n    <\/div>\n<\/section>\n\n<section class=\"text-image bg-bg-darkBlue text-text-default\">\n    <div class=\"dark:!text-white dark:!bg-transparent\">\n        <div class=\"container mx-auto max-w-screen-xl px-xs py-md text-image\">\n            <div class=\"mx-auto items-center grid text-copy md:grid-cols-2 gap-x-10 align-left\">\n                                    <div class=\"text-image__image aniMe grayscale-mask relative mb-0 order-2 md:order-[unset] mt-4 md:mt-8\"> \n                        <img loading=\"lazy\" decoding=\"async\" width=\"410\" height=\"276\" src=\"https:\/\/festival-of-lights.de\/wp-content\/uploads\/2023\/08\/hotel-de-rome.png\" class=\"z-10 grayscale-overlay\" alt=\"\" srcset=\"https:\/\/festival-of-lights.de\/wp-content\/uploads\/2023\/08\/hotel-de-rome.png 410w, https:\/\/festival-of-lights.de\/wp-content\/uploads\/2023\/08\/hotel-de-rome-300x202.png 300w\" sizes=\"auto, (max-width: 410px) 100vw, 410px\" \/>                    <\/div>                 <div class=\"text-image__col1 py-4 lg:py-10 aniMe flex flex-col right\">\n                    <h3 class='grayscale-overlay relative headline-element align-left mb-4 md:mb-8'>\n    \n    <span class='relative align-left mb-4 md:mb-8'>\n    <span class='absolute top-0 left-0 z-0 -translate-x-1\/2 -translate-y-1\/2 light w-[300px] h-[300px]'>\n    <svg class='w-full h-full ' xmlns='http:\/\/www.w3.org\/2000\/svg' width='542' height='542' viewBox='0 0 542 542' fill='none'>\n      <g filter='url(#filter0_f_569_1018)'>\n        <circle cx='271' cy='271' r='121' fill='#9AE8FF' fill-opacity='0.5'\/>\n      <\/g>\n      <defs>\n        <filter id='filter0_f_569_1018' x='0' y='0' width='542' height='542' filterUnits='userSpaceOnUse' color-interpolation-filters='sRGB'>\n          <feFlood flood-opacity='0' result='BackgroundImageFix'\/>\n          <feBlend mode='normal' in='SourceGraphic' in2='BackgroundImageFix' result='shape'\/>\n          <feGaussianBlur stdDeviation='75' result='effect1_foregroundBlur_569_1018'\/>\n        <\/filter>\n      <\/defs>\n    <\/svg>\n  <\/span>\n    Hotel de Rome<\/span>\n    <\/h3><div class='text-element align-left '><p>Das Hotel de Rome befindet sich am historischen Bebelplatz und z\u00e4hlt zu den prestigetr\u00e4chtigsten Luxushotels Berlins. Einst Sitz der renommierten Dresdner Bank, treffen in dem Geb\u00e4ude aus dem 19.Jahrhundert heute Tradition und stilvolle Moderne aufeinander.<\/p>\n<p><strong>Behrenstra\u00dfe 37, 10117 Berlin<br \/>\nTelefon: +49 (0)30 4606090<\/strong><\/p>\n<\/div>        <a target=\"_blank\" href=\"https:\/\/www.roccofortehotels.com\/hotels-and-resorts\/hotel-de-rome\/\" class=\"flex items-center gap-xs btn-primary mt-10 z-[999999]\">\n            <svg xmlns=\"http:\/\/www.w3.org\/2000\/svg\" width=\"23\" height=\"16\" viewBox=\"0 0 23 16\" fill=\"none\">\n                <path class=\"transition duration-300 ease-in-out\" d=\"M21.8863 8.70711C22.2769 8.31658 22.2769 7.68342 21.8863 7.29289L15.5224 0.928932C15.1318 0.538408 14.4987 0.538408 14.1082 0.928932C13.7176 1.31946 13.7176 1.95262 14.1082 2.34315L19.765 8L14.1082 13.6569C13.7176 14.0474 13.7176 14.6805 14.1082 15.0711C14.4987 15.4616 15.1318 15.4616 15.5224 15.0711L21.8863 8.70711ZM0 9H21.1792V7H0V9Z\" fill=\"black\"\/>\n            <\/svg>\n            Zur Website        <\/a>\n                        <\/div>\n            <\/div>\n        <\/div>\n    <\/div>\n<\/section>\n\n<section class=\"text-image bg-bg-darkBlue text-text-default\">\n    <div class=\"dark:!text-white dark:!bg-transparent\">\n        <div class=\"container mx-auto max-w-screen-xl px-xs py-md text-image\">\n            <div class=\"mx-auto items-center grid text-copy md:grid-cols-2 gap-x-10 align-left\">\n                                    <div class=\"text-image__image aniMe grayscale-mask relative mb-0 order-2 md:order-[unset] mt-4 md:mt-8\"> \n                        <img loading=\"lazy\" decoding=\"async\" width=\"410\" height=\"276\" src=\"https:\/\/festival-of-lights.de\/wp-content\/uploads\/2023\/08\/Kachel-Partner-Seite-1.png\" class=\"z-10 grayscale-overlay\" alt=\"\" srcset=\"https:\/\/festival-of-lights.de\/wp-content\/uploads\/2023\/08\/Kachel-Partner-Seite-1.png 410w, https:\/\/festival-of-lights.de\/wp-content\/uploads\/2023\/08\/Kachel-Partner-Seite-1-300x202.png 300w\" sizes=\"auto, (max-width: 410px) 100vw, 410px\" \/>                    <\/div>                 <div class=\"text-image__col1 py-4 lg:py-10 aniMe flex flex-col right\">\n                    <h3 class='grayscale-overlay relative headline-element align-left mb-4 md:mb-8'>\n    \n    <span class='relative align-left mb-4 md:mb-8'>\n    <span class='absolute top-0 left-0 z-0 -translate-x-1\/2 -translate-y-1\/2 light w-[300px] h-[300px]'>\n    <svg class='w-full h-full ' xmlns='http:\/\/www.w3.org\/2000\/svg' width='542' height='542' viewBox='0 0 542 542' fill='none'>\n      <g filter='url(#filter0_f_569_1018)'>\n        <circle cx='271' cy='271' r='121' fill='#9AE8FF' fill-opacity='0.5'\/>\n      <\/g>\n      <defs>\n        <filter id='filter0_f_569_1018' x='0' y='0' width='542' height='542' filterUnits='userSpaceOnUse' color-interpolation-filters='sRGB'>\n          <feFlood flood-opacity='0' result='BackgroundImageFix'\/>\n          <feBlend mode='normal' in='SourceGraphic' in2='BackgroundImageFix' result='shape'\/>\n          <feGaussianBlur stdDeviation='75' result='effect1_foregroundBlur_569_1018'\/>\n        <\/filter>\n      <\/defs>\n    <\/svg>\n  <\/span>\n    The Ritz-Carlton, Berlin<\/span>\n    <\/h3><div class='text-element align-left '><p>Das The Ritz-Carlton, Berlin, gelegen im Herzen der Stadt, begr\u00fc\u00dft seine G\u00e4ste in einer einzigartigen Kulisse und herausragendem Service auf h\u00f6chstem Niveau. Mit ihrem exklusiven Design kombinieren die 303 Zimmer und Suiten stilvolle Art D\u00e9co Elemente mit moderner Note und evozieren den glamour\u00f6sen Esprit des Berlins der Goldenen Zwanziger. G\u00e4ste d\u00fcrfen sich auf vielseitige kulinarische Erlebnisse freuen: POTS serviert moderne deutsche K\u00fcche, und die elegante Lounge verw\u00f6hnt G\u00e4ste mit hochwertigen Teesorten und einem exklusiven Afternoon Tea. The Curtain Club geh\u00f6rt zu den beliebtesten Bars der Stadt und rundet das kulinarische Angebot ab.<\/p>\n<p><b>Potsdamer Platz 3, 10758 Berlin<br \/>\nTelefon:\u00a0<span class=\"hidden-xs\">+49 (0)30 33 777 7<\/span><\/b><\/p>\n<\/div>        <a target=\"_blank\" href=\"http:\/\/www.ritzcarlton.de\/berlin\" class=\"flex items-center gap-xs btn-primary mt-10 z-[999999]\">\n            <svg xmlns=\"http:\/\/www.w3.org\/2000\/svg\" width=\"23\" height=\"16\" viewBox=\"0 0 23 16\" fill=\"none\">\n                <path class=\"transition duration-300 ease-in-out\" d=\"M21.8863 8.70711C22.2769 8.31658 22.2769 7.68342 21.8863 7.29289L15.5224 0.928932C15.1318 0.538408 14.4987 0.538408 14.1082 0.928932C13.7176 1.31946 13.7176 1.95262 14.1082 2.34315L19.765 8L14.1082 13.6569C13.7176 14.0474 13.7176 14.6805 14.1082 15.0711C14.4987 15.4616 15.1318 15.4616 15.5224 15.0711L21.8863 8.70711ZM0 9H21.1792V7H0V9Z\" fill=\"black\"\/>\n            <\/svg>\n            Zur Website        <\/a>\n                        <\/div>\n            <\/div>\n        <\/div>\n    <\/div>\n<\/section>\n\n<section class=\"text-image bg-bg-darkBlue text-text-default\">\n    <div class=\"dark:!text-white dark:!bg-transparent\">\n        <div class=\"container mx-auto max-w-screen-xl px-xs py-md text-image\">\n            <div class=\"mx-auto items-center grid text-copy md:grid-cols-2 gap-x-10 align-left\">\n                                    <div class=\"text-image__image aniMe grayscale-mask relative mb-0 order-2 md:order-[unset] mt-4 md:mt-8\"> \n                        <img loading=\"lazy\" decoding=\"async\" width=\"410\" height=\"276\" src=\"https:\/\/festival-of-lights.de\/wp-content\/uploads\/2024\/09\/Marriott-Berlin-3.png\" class=\"z-10 grayscale-overlay\" alt=\"\" srcset=\"https:\/\/festival-of-lights.de\/wp-content\/uploads\/2024\/09\/Marriott-Berlin-3.png 410w, https:\/\/festival-of-lights.de\/wp-content\/uploads\/2024\/09\/Marriott-Berlin-3-300x202.png 300w\" sizes=\"auto, (max-width: 410px) 100vw, 410px\" \/>                    <\/div>                 <div class=\"text-image__col1 py-4 lg:py-10 aniMe flex flex-col right\">\n                    <h3 class='grayscale-overlay relative headline-element align-left mb-4 md:mb-8'>\n    \n    <span class='relative align-left mb-4 md:mb-8'>\n    <span class='absolute top-0 left-0 z-0 -translate-x-1\/2 -translate-y-1\/2 light w-[300px] h-[300px]'>\n    <svg class='w-full h-full ' xmlns='http:\/\/www.w3.org\/2000\/svg' width='542' height='542' viewBox='0 0 542 542' fill='none'>\n      <g filter='url(#filter0_f_569_1018)'>\n        <circle cx='271' cy='271' r='121' fill='#9AE8FF' fill-opacity='0.5'\/>\n      <\/g>\n      <defs>\n        <filter id='filter0_f_569_1018' x='0' y='0' width='542' height='542' filterUnits='userSpaceOnUse' color-interpolation-filters='sRGB'>\n          <feFlood flood-opacity='0' result='BackgroundImageFix'\/>\n          <feBlend mode='normal' in='SourceGraphic' in2='BackgroundImageFix' result='shape'\/>\n          <feGaussianBlur stdDeviation='75' result='effect1_foregroundBlur_569_1018'\/>\n        <\/filter>\n      <\/defs>\n    <\/svg>\n  <\/span>\n    Berlin Marriott Hotel<\/span>\n    <\/h3><div class='text-element align-left '><p>US-amerikanisches Understatement gepaart mit einer Top-Lage: Das macht das Berlin Marriott Hotel zur idealen Anlaufstelle f\u00fcr Berliner, Berlin-Besucher und Gesch\u00e4ftsreisende. 379 Zimmer und Suiten im modernen Look und mit einer Mindestgr\u00f6\u00dfe von 30 Quadratmetern bieten G\u00e4sten h\u00f6chsten Komfort. Das amerikanische Steakrestaurant Midtown Grill garantiert kulinarische Highlights  im Herzen der Stadt, unweit des Brandenburger Tors. Ob Tagung, Galadinner oder Berlinbesuch \u2013 das Berlin Marriott Hotel bietet den passenden Rahmen f\u00fcr jeden Anlass. In direkter Nachbarschaft zum quirligen Potsdamer Platz punktet es zugleich mit seinen ruhigen, stilvollen R\u00fcckzugsm\u00f6glichkeiten sowie seinem klaren, modernen Ambiente. Seit seiner Er\u00f6ffnung im Januar 2004 begeistert das elfst\u00f6ckige Berlin Marriott Hotel mit seiner vertikal gegliederten Fassade aus hellem Kalkstein Reisende aus aller Welt. Atemberaubender Blickfang ist das offene Atrium \u2013 es erstreckt sich \u00fcber die gesamte Hotelh\u00f6he von 38 Metern. <\/p>\n<p><b> Inge-Beisheim-Platz 1, 10785 Berlin<br \/>\nTelefon:\u00a0<span class=\"hidden-xs\">+49 (0)30 220000<\/span><\/b><\/p>\n<\/div>        <a target=\"\" href=\"https:\/\/www.marriott.com\/en-us\/hotels\/bermc-berlin-marriott-hotel\/overview\/?scid=f2ae0541-1279-4f24-b197-a979c79310b0\" class=\"flex items-center gap-xs btn-primary mt-10 z-[999999]\">\n            <svg xmlns=\"http:\/\/www.w3.org\/2000\/svg\" width=\"23\" height=\"16\" viewBox=\"0 0 23 16\" fill=\"none\">\n                <path class=\"transition duration-300 ease-in-out\" d=\"M21.8863 8.70711C22.2769 8.31658 22.2769 7.68342 21.8863 7.29289L15.5224 0.928932C15.1318 0.538408 14.4987 0.538408 14.1082 0.928932C13.7176 1.31946 13.7176 1.95262 14.1082 2.34315L19.765 8L14.1082 13.6569C13.7176 14.0474 13.7176 14.6805 14.1082 15.0711C14.4987 15.4616 15.1318 15.4616 15.5224 15.0711L21.8863 8.70711ZM0 9H21.1792V7H0V9Z\" fill=\"black\"\/>\n            <\/svg>\n            Zur Webseite        <\/a>\n                        <\/div>\n            <\/div>\n        <\/div>\n    <\/div>\n<\/section>\n\n<section class=\"text-image bg-bg-darkBlue text-text-default\">\n    <div class=\"dark:!text-white dark:!bg-transparent\">\n        <div class=\"container mx-auto max-w-screen-xl px-xs py-md text-image\">\n            <div class=\"mx-auto items-center grid text-copy md:grid-cols-2 gap-x-10 align-left\">\n                                    <div class=\"text-image__image aniMe grayscale-mask relative mb-0 order-2 md:order-[unset] mt-4 md:mt-8\"> \n                        <img loading=\"lazy\" decoding=\"async\" width=\"410\" height=\"276\" src=\"https:\/\/festival-of-lights.de\/wp-content\/uploads\/2023\/08\/Kachel-Partner-Seite-2.png\" class=\"z-10 grayscale-overlay\" alt=\"\" srcset=\"https:\/\/festival-of-lights.de\/wp-content\/uploads\/2023\/08\/Kachel-Partner-Seite-2.png 410w, https:\/\/festival-of-lights.de\/wp-content\/uploads\/2023\/08\/Kachel-Partner-Seite-2-300x202.png 300w\" sizes=\"auto, (max-width: 410px) 100vw, 410px\" \/>                    <\/div>                 <div class=\"text-image__col1 py-4 lg:py-10 aniMe flex flex-col right\">\n                    <h3 class='grayscale-overlay relative headline-element align-left mb-4 md:mb-8'>\n    \n    <span class='relative align-left mb-4 md:mb-8'>\n    <span class='absolute top-0 left-0 z-0 -translate-x-1\/2 -translate-y-1\/2 light w-[300px] h-[300px]'>\n    <svg class='w-full h-full ' xmlns='http:\/\/www.w3.org\/2000\/svg' width='542' height='542' viewBox='0 0 542 542' fill='none'>\n      <g filter='url(#filter0_f_569_1018)'>\n        <circle cx='271' cy='271' r='121' fill='#9AE8FF' fill-opacity='0.5'\/>\n      <\/g>\n      <defs>\n        <filter id='filter0_f_569_1018' x='0' y='0' width='542' height='542' filterUnits='userSpaceOnUse' color-interpolation-filters='sRGB'>\n          <feFlood flood-opacity='0' result='BackgroundImageFix'\/>\n          <feBlend mode='normal' in='SourceGraphic' in2='BackgroundImageFix' result='shape'\/>\n          <feGaussianBlur stdDeviation='75' result='effect1_foregroundBlur_569_1018'\/>\n        <\/filter>\n      <\/defs>\n    <\/svg>\n  <\/span>\n    Hotel Adlon Kempinski<\/span>\n    <\/h3><div class='text-element align-left '><p>DAS HOTEL ADLON KEMPINSKI \u2013 EINE LEBENDE LEGENDE IM HERZEN BERLINS: Inmitten Berlins, direkt am Brandenburger Tor, und nur wenige Schritte vom Regierungsviertel entfernt, befindet sich das legend\u00e4re Hotel Adlon Kempinski Berlin. Nur kurz nach der Wiederer\u00f6ffnung im Jahre 1997 war das Adlon Kempinski schnell als Berlins ber\u00fchmtestes Hotel bekannt und besticht durch seine einzigartige Geschichte, die herausragende Lage und einen un\u00fcbertroffenen Service.<\/p>\n<p><strong>Unter den Linden 77, 10117 Berlin<\/strong><br \/>\n<strong>Telefon: +49 (0)30 22610<\/strong><\/p>\n<\/div>        <a target=\"_blank\" href=\"https:\/\/www.kempinski.com\/de\/hotel-adlon\" class=\"flex items-center gap-xs btn-primary mt-10 z-[999999]\">\n            <svg xmlns=\"http:\/\/www.w3.org\/2000\/svg\" width=\"23\" height=\"16\" viewBox=\"0 0 23 16\" fill=\"none\">\n                <path class=\"transition duration-300 ease-in-out\" d=\"M21.8863 8.70711C22.2769 8.31658 22.2769 7.68342 21.8863 7.29289L15.5224 0.928932C15.1318 0.538408 14.4987 0.538408 14.1082 0.928932C13.7176 1.31946 13.7176 1.95262 14.1082 2.34315L19.765 8L14.1082 13.6569C13.7176 14.0474 13.7176 14.6805 14.1082 15.0711C14.4987 15.4616 15.1318 15.4616 15.5224 15.0711L21.8863 8.70711ZM0 9H21.1792V7H0V9Z\" fill=\"black\"\/>\n            <\/svg>\n            Zur Website        <\/a>\n                        <\/div>\n            <\/div>\n        <\/div>\n    <\/div>\n<\/section>\n\n<section class=\"text-image bg-bg-darkBlue text-text-default\">\n    <div class=\"dark:!text-white dark:!bg-transparent\">\n        <div class=\"container mx-auto max-w-screen-xl px-xs py-md text-image\">\n            <div class=\"mx-auto items-center grid text-copy md:grid-cols-2 gap-x-10 align-left\">\n                                    <div class=\"text-image__image aniMe grayscale-mask relative mb-0 order-2 md:order-[unset] mt-4 md:mt-8\"> \n                        <img loading=\"lazy\" decoding=\"async\" width=\"410\" height=\"276\" src=\"https:\/\/festival-of-lights.de\/wp-content\/uploads\/2023\/08\/Kachel-Partner-Seite-3.png\" class=\"z-10 grayscale-overlay\" alt=\"\" srcset=\"https:\/\/festival-of-lights.de\/wp-content\/uploads\/2023\/08\/Kachel-Partner-Seite-3.png 410w, https:\/\/festival-of-lights.de\/wp-content\/uploads\/2023\/08\/Kachel-Partner-Seite-3-300x202.png 300w\" sizes=\"auto, (max-width: 410px) 100vw, 410px\" \/>                    <\/div>                 <div class=\"text-image__col1 py-4 lg:py-10 aniMe flex flex-col right\">\n                    <h3 class='grayscale-overlay relative headline-element align-left mb-4 md:mb-8'>\n    \n    <span class='relative align-left mb-4 md:mb-8'>\n    <span class='absolute top-0 left-0 z-0 -translate-x-1\/2 -translate-y-1\/2 light w-[300px] h-[300px]'>\n    <svg class='w-full h-full ' xmlns='http:\/\/www.w3.org\/2000\/svg' width='542' height='542' viewBox='0 0 542 542' fill='none'>\n      <g filter='url(#filter0_f_569_1018)'>\n        <circle cx='271' cy='271' r='121' fill='#9AE8FF' fill-opacity='0.5'\/>\n      <\/g>\n      <defs>\n        <filter id='filter0_f_569_1018' x='0' y='0' width='542' height='542' filterUnits='userSpaceOnUse' color-interpolation-filters='sRGB'>\n          <feFlood flood-opacity='0' result='BackgroundImageFix'\/>\n          <feBlend mode='normal' in='SourceGraphic' in2='BackgroundImageFix' result='shape'\/>\n          <feGaussianBlur stdDeviation='75' result='effect1_foregroundBlur_569_1018'\/>\n        <\/filter>\n      <\/defs>\n    <\/svg>\n  <\/span>\n    Relexa Hotel Berlin<\/span>\n    <\/h3><div class='text-element align-left '><p>Erleben Sie Individualit\u00e4t und Leidenschaft im Herzen von Berlin!<\/p>\n<p>Das harmonische Ambiente der Hotelbereiche besitzt eine mediterrane Leichtigkeit, die die Hektik der Gro\u00dfstadt schnell vergessen l\u00e4sst. \u00dcberzeugen Sie sich selbst. Und genie\u00dfen Sie dazu den freundlichen und unkomplizierten Service, der immer da ist, wenn Sie ihn w\u00fcnschen.<\/p>\n<p><b>Anhalter Str. 8, 10963 Berlin<br \/>\nTelefon:\u00a0<\/b><strong>+49 (0) 30\u00a0<span class=\"LrzXr zdqRlf kno-fv\"><span aria-label=\"030 264830 anrufen\">264830<\/span><\/span><\/strong><\/p>\n<\/div>        <a target=\"_blank\" href=\"https:\/\/www.relexa-hotel-berlin.de\/\" class=\"flex items-center gap-xs btn-primary mt-10 z-[999999]\">\n            <svg xmlns=\"http:\/\/www.w3.org\/2000\/svg\" width=\"23\" height=\"16\" viewBox=\"0 0 23 16\" fill=\"none\">\n                <path class=\"transition duration-300 ease-in-out\" d=\"M21.8863 8.70711C22.2769 8.31658 22.2769 7.68342 21.8863 7.29289L15.5224 0.928932C15.1318 0.538408 14.4987 0.538408 14.1082 0.928932C13.7176 1.31946 13.7176 1.95262 14.1082 2.34315L19.765 8L14.1082 13.6569C13.7176 14.0474 13.7176 14.6805 14.1082 15.0711C14.4987 15.4616 15.1318 15.4616 15.5224 15.0711L21.8863 8.70711ZM0 9H21.1792V7H0V9Z\" fill=\"black\"\/>\n            <\/svg>\n            Zur Website        <\/a>\n                        <\/div>\n            <\/div>\n        <\/div>\n    <\/div>\n<\/section>\n\n<section class=\"text-image bg-bg-darkBlue text-text-default\">\n    <div class=\"dark:!text-white dark:!bg-transparent\">\n        <div class=\"container mx-auto max-w-screen-xl px-xs py-md text-image\">\n            <div class=\"mx-auto items-center grid text-copy md:grid-cols-2 gap-x-10 align-left\">\n                                    <div class=\"text-image__image aniMe grayscale-mask relative mb-0 order-2 md:order-[unset] mt-4 md:mt-8\"> \n                        <img loading=\"lazy\" decoding=\"async\" width=\"410\" height=\"276\" src=\"https:\/\/festival-of-lights.de\/wp-content\/uploads\/2024\/01\/LULU-Logo-11.png\" class=\"z-10 grayscale-overlay\" alt=\"\" srcset=\"https:\/\/festival-of-lights.de\/wp-content\/uploads\/2024\/01\/LULU-Logo-11.png 410w, https:\/\/festival-of-lights.de\/wp-content\/uploads\/2024\/01\/LULU-Logo-11-300x202.png 300w\" sizes=\"auto, (max-width: 410px) 100vw, 410px\" \/>                    <\/div>                 <div class=\"text-image__col1 py-4 lg:py-10 aniMe flex flex-col right\">\n                    <h3 class='grayscale-overlay relative headline-element align-left mb-4 md:mb-8'>\n    \n    <span class='relative align-left mb-4 md:mb-8'>\n    <span class='absolute top-0 left-0 z-0 -translate-x-1\/2 -translate-y-1\/2 light w-[300px] h-[300px]'>\n    <svg class='w-full h-full ' xmlns='http:\/\/www.w3.org\/2000\/svg' width='542' height='542' viewBox='0 0 542 542' fill='none'>\n      <g filter='url(#filter0_f_569_1018)'>\n        <circle cx='271' cy='271' r='121' fill='#9AE8FF' fill-opacity='0.5'\/>\n      <\/g>\n      <defs>\n        <filter id='filter0_f_569_1018' x='0' y='0' width='542' height='542' filterUnits='userSpaceOnUse' color-interpolation-filters='sRGB'>\n          <feFlood flood-opacity='0' result='BackgroundImageFix'\/>\n          <feBlend mode='normal' in='SourceGraphic' in2='BackgroundImageFix' result='shape'\/>\n          <feGaussianBlur stdDeviation='75' result='effect1_foregroundBlur_569_1018'\/>\n        <\/filter>\n      <\/defs>\n    <\/svg>\n  <\/span>\n    Lulu Guldsmeden Hotel Berlin<\/span>\n    <\/h3><div class='text-element align-left '><p>Lulu Guldsmeden ist unser umweltbewusstes 4-Sterne-Hotel zwischen Berlins Trendvierteln Tiergarten und dem aufstrebenden Sch\u00f6neberg.<br \/>\nLulu Guldsmeden bietet eine einzigartige Kombination aus zeitgen\u00f6ssischem Design, nordischer Eleganz und balinesischem Geist. Es ist der perfekte urbane Zufluchtsort f\u00fcr Familien, Alleinreisende, Paare und Nachbarn, die eine pers\u00f6nliche Erfahrung in einer wirklich gem\u00fctlichen Umgebung suchen.<br \/>\nDas Hotel bietet 81 gut ausgestattete Zimmer, darunter zauberhafte Suiten mit Himmelbetten und Schaukeln, die G\u00e4sten jeden Alters einen Hauch von Laune vermitteln.<\/p>\n<p><b>Potsdamer Stra\u00dfe 67, 10785 Berlin<br \/>\nTelefon:<\/b><strong>+49 (0) 3025558720<\/strong><\/p>\n<\/div>        <a target=\"_blank\" href=\"https:\/\/bookings.guldsmedenhotels.com\/ibe\/details.aspx?propertyid=17170&#038;rate=LIGHTS&#038;currid=47&#038;lang=en-gb&#038;nights=1&#038;adults=1&#038;childAges=\" class=\"flex items-center gap-xs btn-primary mt-10 z-[999999]\">\n            <svg xmlns=\"http:\/\/www.w3.org\/2000\/svg\" width=\"23\" height=\"16\" viewBox=\"0 0 23 16\" fill=\"none\">\n                <path class=\"transition duration-300 ease-in-out\" d=\"M21.8863 8.70711C22.2769 8.31658 22.2769 7.68342 21.8863 7.29289L15.5224 0.928932C15.1318 0.538408 14.4987 0.538408 14.1082 0.928932C13.7176 1.31946 13.7176 1.95262 14.1082 2.34315L19.765 8L14.1082 13.6569C13.7176 14.0474 13.7176 14.6805 14.1082 15.0711C14.4987 15.4616 15.1318 15.4616 15.5224 15.0711L21.8863 8.70711ZM0 9H21.1792V7H0V9Z\" fill=\"black\"\/>\n            <\/svg>\n            Zur Webseite        <\/a>\n                        <\/div>\n            <\/div>\n        <\/div>\n    <\/div>\n<\/section>\n\n<section class=\"module-spacer bg-bg-darkBlue pt-10 md:pt-14 xl:pt-20\">\n<\/section>\n\n<section class=\"bg-bg-darkBlue text-text-default\">\n  <div class=\"px-xs py-md text-headline dark:!bg-transparent\">\n    <div class=\"mx-auto max-w-screen-lg text-center aniMe\">\n      <h3 class='grayscale-overlay relative headline-element align-left text-h3 md:text-h2 xl:text-h1'>\n    \n    <span class='relative align-left text-h3 md:text-h2 xl:text-h1'>\n    <span class='absolute top-0 left-0 z-0 -translate-x-1\/2 -translate-y-1\/2 light w-[300px] h-[300px]'>\n    <svg class='w-full h-full ' xmlns='http:\/\/www.w3.org\/2000\/svg' width='542' height='542' viewBox='0 0 542 542' fill='none'>\n      <g filter='url(#filter0_f_569_1018)'>\n        <circle cx='271' cy='271' r='121' fill='#9AE8FF' fill-opacity='0.5'\/>\n      <\/g>\n      <defs>\n        <filter id='filter0_f_569_1018' x='0' y='0' width='542' height='542' filterUnits='userSpaceOnUse' color-interpolation-filters='sRGB'>\n          <feFlood flood-opacity='0' result='BackgroundImageFix'\/>\n          <feBlend mode='normal' in='SourceGraphic' in2='BackgroundImageFix' result='shape'\/>\n          <feGaussianBlur stdDeviation='75' result='effect1_foregroundBlur_569_1018'\/>\n        <\/filter>\n      <\/defs>\n    <\/svg>\n  <\/span>\n    Bisherige Partner*innen des FESTIVAL OF LIGHTS (seit 2005):<\/span>\n    <\/h3>    <\/div>\n      <\/div>\n<\/section>\n\n<section class=\"image-module bg-bg-darkBlue\">\n  <div class=\"image-module__container image-module__container-full mx-auto\">\n    <div class=\"image-module__image grayscale-mask relative aniMe image-module__image-contain\"> <\/div> \n      <\/div>\n<\/section>\n\n<section class=\"module-spacer bg-bg-darkBlue pt-7 md:pt-10 xl:pt-14\">\n<\/section>","protected":false},"excerpt":{"rendered":"","protected":false},"author":2,"featured_media":0,"parent":0,"menu_order":0,"comment_status":"closed","ping_status":"closed","template":"","meta":{"_acf_changed":false,"footnotes":""},"class_list":["post-48065","page","type-page","status-publish","hentry"],"acf":[],"yoast_head":"<!-- This site is optimized with the Yoast SEO plugin v25.6 - https:\/\/yoast.com\/wordpress\/plugins\/seo\/ -->\n<title>Unsere Partner*innen 2024 - Festival of Lights<\/title>\n<meta name=\"robots\" content=\"index, follow, max-snippet:-1, max-image-preview:large, max-video-preview:-1\" \/>\n<link rel=\"canonical\" href=\"https:\/\/festival-of-lights.de\/de\/unsere-partnerinnen-2024\/\" \/>\n<meta property=\"og:locale\" content=\"de_DE\" \/>\n<meta property=\"og:type\" content=\"article\" \/>\n<meta property=\"og:title\" content=\"Unsere Partner*innen 2024 - Festival of Lights\" \/>\n<meta property=\"og:url\" content=\"https:\/\/festival-of-lights.de\/de\/unsere-partnerinnen-2024\/\" \/>\n<meta property=\"og:site_name\" content=\"Festival of Lights\" \/>\n<meta property=\"article:publisher\" content=\"https:\/\/www.facebook.com\/FestivalOfLights\" \/>\n<meta property=\"article:modified_time\" content=\"2025-06-23T15:54:30+00:00\" \/>\n<meta name=\"twitter:card\" content=\"summary_large_image\" \/>\n<script type=\"application\/ld+json\" class=\"yoast-schema-graph\">{\"@context\":\"https:\/\/schema.org\",\"@graph\":[{\"@type\":\"WebPage\",\"@id\":\"https:\/\/festival-of-lights.de\/de\/unsere-partnerinnen-2024\/\",\"url\":\"https:\/\/festival-of-lights.de\/de\/unsere-partnerinnen-2024\/\",\"name\":\"Unsere Partner*innen 2024 - Festival of Lights\",\"isPartOf\":{\"@id\":\"https:\/\/festival-of-lights.de\/de\/#website\"},\"datePublished\":\"2024-07-08T14:15:39+00:00\",\"dateModified\":\"2025-06-23T15:54:30+00:00\",\"breadcrumb\":{\"@id\":\"https:\/\/festival-of-lights.de\/de\/unsere-partnerinnen-2024\/#breadcrumb\"},\"inLanguage\":\"de\",\"potentialAction\":[{\"@type\":\"ReadAction\",\"target\":[\"https:\/\/festival-of-lights.de\/de\/unsere-partnerinnen-2024\/\"]}]},{\"@type\":\"BreadcrumbList\",\"@id\":\"https:\/\/festival-of-lights.de\/de\/unsere-partnerinnen-2024\/#breadcrumb\",\"itemListElement\":[{\"@type\":\"ListItem\",\"position\":1,\"name\":\"Startseite\",\"item\":\"https:\/\/festival-of-lights.de\/de\/\"},{\"@type\":\"ListItem\",\"position\":2,\"name\":\"Unsere Partner*innen 2024\"}]},{\"@type\":\"WebSite\",\"@id\":\"https:\/\/festival-of-lights.de\/de\/#website\",\"url\":\"https:\/\/festival-of-lights.de\/de\/\",\"name\":\"Festival of Lights Berlin\",\"description\":\"\",\"publisher\":{\"@id\":\"https:\/\/festival-of-lights.de\/de\/#organization\"},\"potentialAction\":[{\"@type\":\"SearchAction\",\"target\":{\"@type\":\"EntryPoint\",\"urlTemplate\":\"https:\/\/festival-of-lights.de\/de\/?s={search_term_string}\"},\"query-input\":{\"@type\":\"PropertyValueSpecification\",\"valueRequired\":true,\"valueName\":\"search_term_string\"}}],\"inLanguage\":\"de\"},{\"@type\":\"Organization\",\"@id\":\"https:\/\/festival-of-lights.de\/de\/#organization\",\"name\":\"Festival of Lights\",\"url\":\"https:\/\/festival-of-lights.de\/de\/\",\"logo\":{\"@type\":\"ImageObject\",\"inLanguage\":\"de\",\"@id\":\"https:\/\/festival-of-lights.de\/de\/#\/schema\/logo\/image\/\",\"url\":\"https:\/\/festival-of-lights.de\/wp-content\/uploads\/2023\/08\/cropped-logo.png\",\"contentUrl\":\"https:\/\/festival-of-lights.de\/wp-content\/uploads\/2023\/08\/cropped-logo.png\",\"width\":230,\"height\":230,\"caption\":\"Festival of Lights\"},\"image\":{\"@id\":\"https:\/\/festival-of-lights.de\/de\/#\/schema\/logo\/image\/\"},\"sameAs\":[\"https:\/\/www.facebook.com\/FestivalOfLights\",\"https:\/\/www.tiktok.com\/@berlinfestivaloflights\",\"https:\/\/www.instagram.com\/berlinfestivaloflights\"]}]}<\/script>\n<!-- \/ Yoast SEO plugin. -->","yoast_head_json":{"title":"Unsere Partner*innen 2024 - Festival of Lights","robots":{"index":"index","follow":"follow","max-snippet":"max-snippet:-1","max-image-preview":"max-image-preview:large","max-video-preview":"max-video-preview:-1"},"canonical":"https:\/\/festival-of-lights.de\/de\/unsere-partnerinnen-2024\/","og_locale":"de_DE","og_type":"article","og_title":"Unsere Partner*innen 2024 - Festival of Lights","og_url":"https:\/\/festival-of-lights.de\/de\/unsere-partnerinnen-2024\/","og_site_name":"Festival of Lights","article_publisher":"https:\/\/www.facebook.com\/FestivalOfLights","article_modified_time":"2025-06-23T15:54:30+00:00","twitter_card":"summary_large_image","schema":{"@context":"https:\/\/schema.org","@graph":[{"@type":"WebPage","@id":"https:\/\/festival-of-lights.de\/de\/unsere-partnerinnen-2024\/","url":"https:\/\/festival-of-lights.de\/de\/unsere-partnerinnen-2024\/","name":"Unsere Partner*innen 2024 - Festival of Lights","isPartOf":{"@id":"https:\/\/festival-of-lights.de\/de\/#website"},"datePublished":"2024-07-08T14:15:39+00:00","dateModified":"2025-06-23T15:54:30+00:00","breadcrumb":{"@id":"https:\/\/festival-of-lights.de\/de\/unsere-partnerinnen-2024\/#breadcrumb"},"inLanguage":"de","potentialAction":[{"@type":"ReadAction","target":["https:\/\/festival-of-lights.de\/de\/unsere-partnerinnen-2024\/"]}]},{"@type":"BreadcrumbList","@id":"https:\/\/festival-of-lights.de\/de\/unsere-partnerinnen-2024\/#breadcrumb","itemListElement":[{"@type":"ListItem","position":1,"name":"Startseite","item":"https:\/\/festival-of-lights.de\/de\/"},{"@type":"ListItem","position":2,"name":"Unsere Partner*innen 2024"}]},{"@type":"WebSite","@id":"https:\/\/festival-of-lights.de\/de\/#website","url":"https:\/\/festival-of-lights.de\/de\/","name":"Festival of Lights Berlin","description":"","publisher":{"@id":"https:\/\/festival-of-lights.de\/de\/#organization"},"potentialAction":[{"@type":"SearchAction","target":{"@type":"EntryPoint","urlTemplate":"https:\/\/festival-of-lights.de\/de\/?s={search_term_string}"},"query-input":{"@type":"PropertyValueSpecification","valueRequired":true,"valueName":"search_term_string"}}],"inLanguage":"de"},{"@type":"Organization","@id":"https:\/\/festival-of-lights.de\/de\/#organization","name":"Festival of Lights","url":"https:\/\/festival-of-lights.de\/de\/","logo":{"@type":"ImageObject","inLanguage":"de","@id":"https:\/\/festival-of-lights.de\/de\/#\/schema\/logo\/image\/","url":"https:\/\/festival-of-lights.de\/wp-content\/uploads\/2023\/08\/cropped-logo.png","contentUrl":"https:\/\/festival-of-lights.de\/wp-content\/uploads\/2023\/08\/cropped-logo.png","width":230,"height":230,"caption":"Festival of Lights"},"image":{"@id":"https:\/\/festival-of-lights.de\/de\/#\/schema\/logo\/image\/"},"sameAs":["https:\/\/www.facebook.com\/FestivalOfLights","https:\/\/www.tiktok.com\/@berlinfestivaloflights","https:\/\/www.instagram.com\/berlinfestivaloflights"]}]}},"_links":{"self":[{"href":"https:\/\/festival-of-lights.de\/de\/wp-json\/wp\/v2\/pages\/48065","targetHints":{"allow":["GET"]}}],"collection":[{"href":"https:\/\/festival-of-lights.de\/de\/wp-json\/wp\/v2\/pages"}],"about":[{"href":"https:\/\/festival-of-lights.de\/de\/wp-json\/wp\/v2\/types\/page"}],"author":[{"embeddable":true,"href":"https:\/\/festival-of-lights.de\/de\/wp-json\/wp\/v2\/users\/2"}],"replies":[{"embeddable":true,"href":"https:\/\/festival-of-lights.de\/de\/wp-json\/wp\/v2\/comments?post=48065"}],"version-history":[{"count":158,"href":"https:\/\/festival-of-lights.de\/de\/wp-json\/wp\/v2\/pages\/48065\/revisions"}],"predecessor-version":[{"id":54792,"href":"https:\/\/festival-of-lights.de\/de\/wp-json\/wp\/v2\/pages\/48065\/revisions\/54792"}],"wp:attachment":[{"href":"https:\/\/festival-of-lights.de\/de\/wp-json\/wp\/v2\/media?parent=48065"}],"curies":[{"name":"wp","href":"https:\/\/api.w.org\/{rel}","templated":true}]}}