{"id":49506,"date":"2024-09-12T15:11:02","date_gmt":"2024-09-12T13:11:02","guid":{"rendered":"https:\/\/festival-of-lights.de\/?page_id=49506"},"modified":"2025-10-16T14:47:17","modified_gmt":"2025-10-16T12:47:17","slug":"berliner-fernsehturm","status":"publish","type":"page","link":"https:\/\/festival-of-lights.de\/de\/programm-2025\/berliner-fernsehturm\/","title":{"rendered":"2. Berliner Fernsehturm"},"content":{"rendered":"<section class=\"module-spacer bg-bg-darkBlue pt-10 md:pt-14 xl:pt-20\">\n<\/section>\n\n<section class=\"bg-bg-darkBlue text-text-default\">\n  <div class=\"px-xs py-md text-headline dark:!bg-transparent\">\n    <div class=\"mx-auto max-w-screen-lg text-center aniMe\">\n      <h1 class='grayscale-overlay relative headline-element align-left text-h3 md:text-h2 xl:text-h1'>\n    \n    <span class='relative align-left text-h3 md:text-h2 xl:text-h1'>\n    <span class='absolute top-0 left-0 z-0 -translate-x-1\/2 -translate-y-1\/2 light w-[300px] h-[300px]'>\n    <svg class='w-full h-full ' xmlns='http:\/\/www.w3.org\/2000\/svg' width='542' height='542' viewBox='0 0 542 542' fill='none'>\n      <g filter='url(#filter0_f_569_1018)'>\n        <circle cx='271' cy='271' r='121' fill='#9AE8FF' fill-opacity='0.5'\/>\n      <\/g>\n      <defs>\n        <filter id='filter0_f_569_1018' x='0' y='0' width='542' height='542' filterUnits='userSpaceOnUse' color-interpolation-filters='sRGB'>\n          <feFlood flood-opacity='0' result='BackgroundImageFix'\/>\n          <feBlend mode='normal' in='SourceGraphic' in2='BackgroundImageFix' result='shape'\/>\n          <feGaussianBlur stdDeviation='75' result='effect1_foregroundBlur_569_1018'\/>\n        <\/filter>\n      <\/defs>\n    <\/svg>\n  <\/span>\n    2. Berliner Fernsehturm<\/span>\n    <\/h1>    <\/div>\n          <div class=\"flex flex-wrap gap-2 justify-center mx-auto mt-4 max-w-screen-lg lg:gap-4 lg:mt-6 aniMe\">\n                        <\/div>\n      <\/div>\n<\/section>\n\n<section class=\"text-image bg-bg-darkBlue text-text-default\">\n    <div class=\"dark:!text-white dark:!bg-transparent\">\n        <div class=\"container mx-auto max-w-screen-xl px-xs py-md text-image\">\n            <div class=\"mx-auto items-center grid text-copy md:grid-cols-2 gap-x-10 align-left\">\n                                    <div class=\"relative aniMe order-1 mt-4 md:mt-8\"> \n                        <div class=\"relative hp-player aspect-video grayscale-mask\">\n                            <iframe class=\"z-[1050] grayscale-overlay lazyVideo\" data-src=\"\/\/www.youtube-nocookie.com\/embed\/ejW2wZJJFPs?rel=0&#038;controls=0&#038;showinfo=0\" frameborder=\"0\" allowfullscreen allowtransparency>\n                            <\/iframe>\n                        <\/div>\n                    <\/div>\n                                    <div class=\"text-image__col1 py-4 lg:py-10 aniMe flex flex-col left\">\n                    <h3 class='grayscale-overlay relative headline-element align-left mb-4 md:mb-8'>\n    \n    <span class='relative align-left mb-4 md:mb-8'>\n    <span class='absolute top-0 left-0 z-0 -translate-x-1\/2 -translate-y-1\/2 light w-[300px] h-[300px]'>\n    <svg class='w-full h-full ' xmlns='http:\/\/www.w3.org\/2000\/svg' width='542' height='542' viewBox='0 0 542 542' fill='none'>\n      <g filter='url(#filter0_f_569_1018)'>\n        <circle cx='271' cy='271' r='121' fill='#9AE8FF' fill-opacity='0.5'\/>\n      <\/g>\n      <defs>\n        <filter id='filter0_f_569_1018' x='0' y='0' width='542' height='542' filterUnits='userSpaceOnUse' color-interpolation-filters='sRGB'>\n          <feFlood flood-opacity='0' result='BackgroundImageFix'\/>\n          <feBlend mode='normal' in='SourceGraphic' in2='BackgroundImageFix' result='shape'\/>\n          <feGaussianBlur stdDeviation='75' result='effect1_foregroundBlur_569_1018'\/>\n        <\/filter>\n      <\/defs>\n    <\/svg>\n  <\/span>\n    FOL Award 2025<br>3D Videomapping Show<\/span>\n    <\/h3><div class='text-element align-left '><p><em><span style=\"color: #00ccff;\">Show Loop ca. 10 Minuten<\/span><\/em><\/p>\n<p>Im Rahmen des diesj\u00e4hrigen Festival of Lights Awards wird das h\u00f6chste Bauwerk Deutschlands, der Berliner Fernsehturm, wieder einmal zur spektakul\u00e4ren B\u00fchne f\u00fcr kreative Lichtkunst.<\/p>\n<p>Sechs herausragende K\u00fcnstlerstudios aus sechs L\u00e4ndern \u2013 Illuminos, Henry Hu, Sabine Burchard &amp; Kilian Feusi, Hotaru Visual Guerilla, Pirate Pixie und Vanessa Cardui \u2013 verwandeln den Fernsehturm in eine leuchtende Leinwand voller Farben, abstrakter Formen und kraftvoller Botschaften.<\/p>\n<p>Festival of Lights Award 2025:<br \/>\nUnter dem Thema \u201eShare your Light \u2013 Express yourself\u201c wird der Berliner Fernsehturm zur B\u00fchne f\u00fcr avantgardistische Kunstwerke. Die K\u00fcnstler*innen sind eingeladen, seine einzigartige Form zu nutzen, um hypnotische Illusionen und abstrakte und fantasievolle Animationen zu erschaffen, die ihn zu einer dynamischen Lichtskulptur \u2013 einem Leuchtturm der Kreativit\u00e4t \u2013 verwandeln.<\/p>\n<\/div>                <\/div>\n            <\/div>\n        <\/div>\n    <\/div>\n<\/section>\n\n<section class=\"bg-bg-darkBlue text-text-default\">\n  <div class=\"px-xs text-paragraph py-md text-copy dark:!bg-transparent\">\n          <div class=\"mx-auto max-w-screen-md\">\n        <div class='text-element align-left aniMe'><p style=\"text-align: center;\"><strong><span style=\"color: #00ccff;\">Musik zur Show:<\/span><\/strong><\/p>\n<!--[if lt IE 9]><script>document.createElement('audio');<\/script><![endif]-->\n<audio class=\"wp-audio-shortcode\" id=\"audio-49506-1\" preload=\"none\" style=\"width: 100%;\" controls=\"controls\"><source type=\"audio\/mpeg\" src=\"https:\/\/festival-of-lights.de\/wp-content\/uploads\/2025\/10\/07_TV_TOWER_PLAYBACK_03_Without_DAB_01.mp3?_=1\" \/><a href=\"https:\/\/festival-of-lights.de\/wp-content\/uploads\/2025\/10\/07_TV_TOWER_PLAYBACK_03_Without_DAB_01.mp3\">https:\/\/festival-of-lights.de\/wp-content\/uploads\/2025\/10\/07_TV_TOWER_PLAYBACK_03_Without_DAB_01.mp3<\/a><\/audio>\n<p>&nbsp;<\/p>\n<\/div>        \n            <\/div> <!-- end max-w-screen container -->\n    <\/div>\n<\/section>\n\n\n<section class=\"bg-bg-darkBlue text-text-default\">\n    <div class=\"dark:!bg-transparent\">\n                    <div class=\"flex flex-col items-center justify-center mx-auto md:flex-row gap-y-12 md:gap-y-0 gap-x-12 lg:gap-x-16 xl:gap-x-20 max-w-content pb-md lg:pb-2xl\">\n                                                        <div class=\"aniMe icon flex flex-col  items-center justify-center text-center h-full md:h-[90px]\"> \n                            <div class=\"w-full h-full\">\n                                <img loading=\"lazy\" decoding=\"async\" width=\"1024\" height=\"1024\" src=\"https:\/\/festival-of-lights.de\/wp-content\/uploads\/2023\/09\/Logo-Loop1-1024x1024.png\" class=\"z-10 grayscale-overlay object-contain w-full h-full\" alt=\"\" srcset=\"https:\/\/festival-of-lights.de\/wp-content\/uploads\/2023\/09\/Logo-Loop1-1024x1024.png 1024w, https:\/\/festival-of-lights.de\/wp-content\/uploads\/2023\/09\/Logo-Loop1-300x300.png 300w, https:\/\/festival-of-lights.de\/wp-content\/uploads\/2023\/09\/Logo-Loop1-150x150.png 150w, https:\/\/festival-of-lights.de\/wp-content\/uploads\/2023\/09\/Logo-Loop1-768x768.png 768w, https:\/\/festival-of-lights.de\/wp-content\/uploads\/2023\/09\/Logo-Loop1.png 1080w\" sizes=\"auto, (max-width: 1024px) 100vw, 1024px\" \/> \n                            <\/div>\n                                                            <span class=\" text-xl font-bold icon-text-default icon mt-6   \">Das Festival of Lights bedankt sich von Herzen bei Armani beauty, Universal Music und Digitalagentur Berlin.<\/span>\n                                                    <\/div>\n                                            <\/div>\n        \n    <\/div>\n<\/section>\n\n<section class=\"teaser-small-section bg-bg-darkBlue text-text-default\">\n    <div class=\"dark:!bg-transparent dark:!text-white\">\n        <div class=\"container mx-auto px-xs py-md\">\n            <div class=\"grid gap-4 gap-y-16 md:grid-cols-2 lg:grid-cols-3\">\n                <div class=\"teaser-small-single\">\n                    <a href=\"https:\/\/festival-of-lights.de\/de\/programm-2025\/illuminos\/\" target=\"\">\n                            <div class=\"overflow-hidden relative mb-6 teaser-small-single-image aspect-4\/3 grayscale-mask aniMe\"> <img loading=\"lazy\" decoding=\"async\" width=\"1800\" height=\"1200\" src=\"https:\/\/festival-of-lights.de\/wp-content\/uploads\/2025\/09\/Fernsehturm_Illuminos-02-OK-BZ-low-res-1.png\" class=\"h-full w-full object-cover z-0 transform scale-105 transition duration-300 grayscale-overlay\" alt=\"\" srcset=\"https:\/\/festival-of-lights.de\/wp-content\/uploads\/2025\/09\/Fernsehturm_Illuminos-02-OK-BZ-low-res-1.png 1800w, https:\/\/festival-of-lights.de\/wp-content\/uploads\/2025\/09\/Fernsehturm_Illuminos-02-OK-BZ-low-res-1-300x200.png 300w, https:\/\/festival-of-lights.de\/wp-content\/uploads\/2025\/09\/Fernsehturm_Illuminos-02-OK-BZ-low-res-1-1024x683.png 1024w, https:\/\/festival-of-lights.de\/wp-content\/uploads\/2025\/09\/Fernsehturm_Illuminos-02-OK-BZ-low-res-1-768x512.png 768w, https:\/\/festival-of-lights.de\/wp-content\/uploads\/2025\/09\/Fernsehturm_Illuminos-02-OK-BZ-low-res-1-1536x1024.png 1536w, https:\/\/festival-of-lights.de\/wp-content\/uploads\/2025\/09\/Fernsehturm_Illuminos-02-OK-BZ-low-res-1-1240x827.png 1240w\" sizes=\"auto, (max-width: 1800px) 100vw, 1800px\" \/>                <\/div> \n            <\/a>         <div class=\"content aniMe\">\n            <p class=\"pb-6 w-full font-bold text-h4\">Illuminos | Gro\u00dfbritannien<\/p>\n                        <p class=\"pb-6 w-full text-copy teaser-description\">Die Rapunzel-Sage wird f\u00fcr das Festival of Light neu inszeniert: Ein leuchtender M\u00e4rchenturm ragt in den Himmel, durch seine Fenster sieht man Rapunzels Silhouette. Ihr goldenes Haar flie\u00dft spiralf\u00f6rmig herab, belebt von spielenden Tieren und bl\u00fchenden Blumen. Doch dunkle Dornen steigen empor \u2013 die Zauberin greift ein. Ein Prinz k\u00e4mpft sich durch die Dornen, wird geblendet, doch Rapunzels Tr\u00e4nen bringen Heilung und verwandeln Dunkelheit in Licht. Der Turm schmilzt, die Liebe siegt. Illuminos verbinden in dieser Lichtinstallation Magie, M\u00e4rchen und germanische Mythen auf imposante Weise mit moderner Technik.<\/p>\n                    <a target=\"\" href=\"https:\/\/festival-of-lights.de\/de\/programm-2025\/illuminos\/\" class=\"flex items-center gap-xs btn-primary\">\n            <svg xmlns=\"http:\/\/www.w3.org\/2000\/svg\" width=\"23\" height=\"16\" viewBox=\"0 0 23 16\" fill=\"none\">\n                <path class=\"transition duration-300 ease-in-out\" d=\"M21.8863 8.70711C22.2769 8.31658 22.2769 7.68342 21.8863 7.29289L15.5224 0.928932C15.1318 0.538408 14.4987 0.538408 14.1082 0.928932C13.7176 1.31946 13.7176 1.95262 14.1082 2.34315L19.765 8L14.1082 13.6569C13.7176 14.0474 13.7176 14.6805 14.1082 15.0711C14.4987 15.4616 15.1318 15.4616 15.5224 15.0711L21.8863 8.70711ZM0 9H21.1792V7H0V9Z\" fill=\"black\"\/>\n            <\/svg>\n            Illuminos        <\/a>\n                <\/div>\n    <\/div>\n    <div class=\"teaser-small-single\">\n                    <a href=\"https:\/\/festival-of-lights.de\/de\/programm-2024\/henry-hu\/\" target=\"\">\n                            <div class=\"overflow-hidden relative mb-6 teaser-small-single-image aspect-4\/3 grayscale-mask aniMe\"> <img loading=\"lazy\" decoding=\"async\" width=\"1800\" height=\"1200\" src=\"https:\/\/festival-of-lights.de\/wp-content\/uploads\/2025\/09\/Fernsehturm_Henry-Hu-02-OK-BZ-low-res-1.png\" class=\"h-full w-full object-cover z-0 transform scale-105 transition duration-300 grayscale-overlay\" alt=\"\" srcset=\"https:\/\/festival-of-lights.de\/wp-content\/uploads\/2025\/09\/Fernsehturm_Henry-Hu-02-OK-BZ-low-res-1.png 1800w, https:\/\/festival-of-lights.de\/wp-content\/uploads\/2025\/09\/Fernsehturm_Henry-Hu-02-OK-BZ-low-res-1-300x200.png 300w, https:\/\/festival-of-lights.de\/wp-content\/uploads\/2025\/09\/Fernsehturm_Henry-Hu-02-OK-BZ-low-res-1-1024x683.png 1024w, https:\/\/festival-of-lights.de\/wp-content\/uploads\/2025\/09\/Fernsehturm_Henry-Hu-02-OK-BZ-low-res-1-768x512.png 768w, https:\/\/festival-of-lights.de\/wp-content\/uploads\/2025\/09\/Fernsehturm_Henry-Hu-02-OK-BZ-low-res-1-1536x1024.png 1536w, https:\/\/festival-of-lights.de\/wp-content\/uploads\/2025\/09\/Fernsehturm_Henry-Hu-02-OK-BZ-low-res-1-1240x827.png 1240w\" sizes=\"auto, (max-width: 1800px) 100vw, 1800px\" \/>                <\/div> \n            <\/a>         <div class=\"content aniMe\">\n            <p class=\"pb-6 w-full font-bold text-h4\">Henry Hu | Singapur<\/p>\n                        <p class=\"pb-6 w-full text-copy teaser-description\">Inner Garden ist eine zutiefst pers\u00f6nliche Lichtreise, die die Suche nach dem Selbst inmitten von Unausgeglichenheit, Ersch\u00f6pfung und Zweifel widerspiegelt. Wie ein Garten, der sich durch Risse dr\u00e4ngt, verwandelt jede Szene den Berliner Fernsehturm in eine vertikale Landschaft des Entstehens. Durch Ausdruck und Beharrlichkeit nimmt eine leuchtende Innenwelt Gestalt an \u2013 sie offenbart Heilung, Klarheit und ein wiederentdecktes Identit\u00e4tsgef\u00fchl.<\/p>\n                    <a target=\"\" href=\"https:\/\/festival-of-lights.de\/de\/programm-2024\/henry-hu\/\" class=\"flex items-center gap-xs btn-primary\">\n            <svg xmlns=\"http:\/\/www.w3.org\/2000\/svg\" width=\"23\" height=\"16\" viewBox=\"0 0 23 16\" fill=\"none\">\n                <path class=\"transition duration-300 ease-in-out\" d=\"M21.8863 8.70711C22.2769 8.31658 22.2769 7.68342 21.8863 7.29289L15.5224 0.928932C15.1318 0.538408 14.4987 0.538408 14.1082 0.928932C13.7176 1.31946 13.7176 1.95262 14.1082 2.34315L19.765 8L14.1082 13.6569C13.7176 14.0474 13.7176 14.6805 14.1082 15.0711C14.4987 15.4616 15.1318 15.4616 15.5224 15.0711L21.8863 8.70711ZM0 9H21.1792V7H0V9Z\" fill=\"black\"\/>\n            <\/svg>\n            Henry Hu        <\/a>\n                <\/div>\n    <\/div>\n    <div class=\"teaser-small-single\">\n                    <a href=\"https:\/\/festival-of-lights.de\/de\/programm-2025\/sabine-burchard-kilian-feusi\/\" target=\"\">\n                            <div class=\"overflow-hidden relative mb-6 teaser-small-single-image aspect-4\/3 grayscale-mask aniMe\"> <img loading=\"lazy\" decoding=\"async\" width=\"1800\" height=\"1200\" src=\"https:\/\/festival-of-lights.de\/wp-content\/uploads\/2025\/09\/Fernsehturm_Burchard-Kilian-02-OK-BZ-low-res-1.png\" class=\"h-full w-full object-cover z-0 transform scale-105 transition duration-300 grayscale-overlay\" alt=\"\" srcset=\"https:\/\/festival-of-lights.de\/wp-content\/uploads\/2025\/09\/Fernsehturm_Burchard-Kilian-02-OK-BZ-low-res-1.png 1800w, https:\/\/festival-of-lights.de\/wp-content\/uploads\/2025\/09\/Fernsehturm_Burchard-Kilian-02-OK-BZ-low-res-1-300x200.png 300w, https:\/\/festival-of-lights.de\/wp-content\/uploads\/2025\/09\/Fernsehturm_Burchard-Kilian-02-OK-BZ-low-res-1-1024x683.png 1024w, https:\/\/festival-of-lights.de\/wp-content\/uploads\/2025\/09\/Fernsehturm_Burchard-Kilian-02-OK-BZ-low-res-1-768x512.png 768w, https:\/\/festival-of-lights.de\/wp-content\/uploads\/2025\/09\/Fernsehturm_Burchard-Kilian-02-OK-BZ-low-res-1-1536x1024.png 1536w, https:\/\/festival-of-lights.de\/wp-content\/uploads\/2025\/09\/Fernsehturm_Burchard-Kilian-02-OK-BZ-low-res-1-1240x827.png 1240w\" sizes=\"auto, (max-width: 1800px) 100vw, 1800px\" \/>                <\/div> \n            <\/a>         <div class=\"content aniMe\">\n            <p class=\"pb-6 w-full font-bold text-h4\">Sabine Burchard &#038; Kilian Feusi | Schweiz<\/p>\n                        <p class=\"pb-6 w-full text-copy teaser-description\">\u201epen pleasures\u201c untersucht das universelle Bed\u00fcrfnis nach Ausdruck, von monumentalen Projektionen auf den Berliner Fernsehturm bis hin zu intimen, handgezeichneten Kreationen. Animierte 3D-Stifte interagieren mit fantasievollen Zeichenwelten und zeigen, wie selbst die einfachsten Formen eine starke Bedeutung haben k\u00f6nnen.<\/p>\n                    <a target=\"\" href=\"https:\/\/festival-of-lights.de\/de\/programm-2025\/sabine-burchard-kilian-feusi\/\" class=\"flex items-center gap-xs btn-primary\">\n            <svg xmlns=\"http:\/\/www.w3.org\/2000\/svg\" width=\"23\" height=\"16\" viewBox=\"0 0 23 16\" fill=\"none\">\n                <path class=\"transition duration-300 ease-in-out\" d=\"M21.8863 8.70711C22.2769 8.31658 22.2769 7.68342 21.8863 7.29289L15.5224 0.928932C15.1318 0.538408 14.4987 0.538408 14.1082 0.928932C13.7176 1.31946 13.7176 1.95262 14.1082 2.34315L19.765 8L14.1082 13.6569C13.7176 14.0474 13.7176 14.6805 14.1082 15.0711C14.4987 15.4616 15.1318 15.4616 15.5224 15.0711L21.8863 8.70711ZM0 9H21.1792V7H0V9Z\" fill=\"black\"\/>\n            <\/svg>\n            Sabine Burchard &#038; Kilian Feusi        <\/a>\n                <\/div>\n    <\/div>\n    <div class=\"teaser-small-single\">\n                    <a href=\"https:\/\/festival-of-lights.de\/de\/programm-2025\/hotaru-visual-guerilla\/\" target=\"\">\n                            <div class=\"overflow-hidden relative mb-6 teaser-small-single-image aspect-4\/3 grayscale-mask aniMe\"> <img loading=\"lazy\" decoding=\"async\" width=\"1800\" height=\"1200\" src=\"https:\/\/festival-of-lights.de\/wp-content\/uploads\/2025\/09\/Fernsehturm_Hotaru-Visual-Guerilla-OK-BZ-low-res-1.png\" class=\"h-full w-full object-cover z-0 transform scale-105 transition duration-300 grayscale-overlay\" alt=\"\" srcset=\"https:\/\/festival-of-lights.de\/wp-content\/uploads\/2025\/09\/Fernsehturm_Hotaru-Visual-Guerilla-OK-BZ-low-res-1.png 1800w, https:\/\/festival-of-lights.de\/wp-content\/uploads\/2025\/09\/Fernsehturm_Hotaru-Visual-Guerilla-OK-BZ-low-res-1-300x200.png 300w, https:\/\/festival-of-lights.de\/wp-content\/uploads\/2025\/09\/Fernsehturm_Hotaru-Visual-Guerilla-OK-BZ-low-res-1-1024x683.png 1024w, https:\/\/festival-of-lights.de\/wp-content\/uploads\/2025\/09\/Fernsehturm_Hotaru-Visual-Guerilla-OK-BZ-low-res-1-768x512.png 768w, https:\/\/festival-of-lights.de\/wp-content\/uploads\/2025\/09\/Fernsehturm_Hotaru-Visual-Guerilla-OK-BZ-low-res-1-1536x1024.png 1536w, https:\/\/festival-of-lights.de\/wp-content\/uploads\/2025\/09\/Fernsehturm_Hotaru-Visual-Guerilla-OK-BZ-low-res-1-1240x827.png 1240w\" sizes=\"auto, (max-width: 1800px) 100vw, 1800px\" \/>                <\/div> \n            <\/a>         <div class=\"content aniMe\">\n            <p class=\"pb-6 w-full font-bold text-h4\">Hotaru Visual Guerilla | Spanien<\/p>\n                        <p class=\"pb-6 w-full text-copy teaser-description\">Archiome versteht Architektur als ein lebendes System, das wie ein biologischer Organismus w\u00e4chst und sich anpasst. Dieses Kunstwerk setzt diese Idee in eine futuristische, immersive Erfahrung um, in der organische Formen und Technologie verschmelzen und sich entwickelnde Strukturen entstehen, die auf ihre Umgebung reagieren.\r\nInspiriert von der Anpassungs- und Ver\u00e4nderungsf\u00e4higkeit der Natur, erforscht Archiome die zuk\u00fcnftige M\u00f6glichkeit, dass die Grenzen zwischen Architektur und Natur verschwinden. Eine eigens f\u00fcr dieses Werk komponierte Klanglandschaft pr\u00e4gt dessen emotionale Stimmung und f\u00e4ngt den subtilen Rhythmus eines lebenden Organismus ein.\r\nDurch seine flie\u00dfenden Formen und immersiven Kl\u00e4nge l\u00e4dt Archiome die Betrachter dazu ein, Geb\u00e4ude als aktive, lebende Wesen zu betrachten, die sich st\u00e4ndig anpassen und mit denen interagieren, die sie bewohnen.<\/p>\n                    <a target=\"\" href=\"https:\/\/festival-of-lights.de\/de\/programm-2025\/hotaru-visual-guerilla\/\" class=\"flex items-center gap-xs btn-primary\">\n            <svg xmlns=\"http:\/\/www.w3.org\/2000\/svg\" width=\"23\" height=\"16\" viewBox=\"0 0 23 16\" fill=\"none\">\n                <path class=\"transition duration-300 ease-in-out\" d=\"M21.8863 8.70711C22.2769 8.31658 22.2769 7.68342 21.8863 7.29289L15.5224 0.928932C15.1318 0.538408 14.4987 0.538408 14.1082 0.928932C13.7176 1.31946 13.7176 1.95262 14.1082 2.34315L19.765 8L14.1082 13.6569C13.7176 14.0474 13.7176 14.6805 14.1082 15.0711C14.4987 15.4616 15.1318 15.4616 15.5224 15.0711L21.8863 8.70711ZM0 9H21.1792V7H0V9Z\" fill=\"black\"\/>\n            <\/svg>\n            Hotaru Visual Guerilla        <\/a>\n                <\/div>\n    <\/div>\n    <div class=\"teaser-small-single\">\n                    <a href=\"https:\/\/festival-of-lights.de\/de\/programm-2025\/pirate-pixie\/\" target=\"\">\n                            <div class=\"overflow-hidden relative mb-6 teaser-small-single-image aspect-4\/3 grayscale-mask aniMe\"> <img loading=\"lazy\" decoding=\"async\" width=\"1800\" height=\"1200\" src=\"https:\/\/festival-of-lights.de\/wp-content\/uploads\/2025\/09\/Fernsehturm_Pirate-Pixie-OK-BZ-low-res-1.png\" class=\"h-full w-full object-cover z-0 transform scale-105 transition duration-300 grayscale-overlay\" alt=\"\" srcset=\"https:\/\/festival-of-lights.de\/wp-content\/uploads\/2025\/09\/Fernsehturm_Pirate-Pixie-OK-BZ-low-res-1.png 1800w, https:\/\/festival-of-lights.de\/wp-content\/uploads\/2025\/09\/Fernsehturm_Pirate-Pixie-OK-BZ-low-res-1-300x200.png 300w, https:\/\/festival-of-lights.de\/wp-content\/uploads\/2025\/09\/Fernsehturm_Pirate-Pixie-OK-BZ-low-res-1-1024x683.png 1024w, https:\/\/festival-of-lights.de\/wp-content\/uploads\/2025\/09\/Fernsehturm_Pirate-Pixie-OK-BZ-low-res-1-768x512.png 768w, https:\/\/festival-of-lights.de\/wp-content\/uploads\/2025\/09\/Fernsehturm_Pirate-Pixie-OK-BZ-low-res-1-1536x1024.png 1536w, https:\/\/festival-of-lights.de\/wp-content\/uploads\/2025\/09\/Fernsehturm_Pirate-Pixie-OK-BZ-low-res-1-1240x827.png 1240w\" sizes=\"auto, (max-width: 1800px) 100vw, 1800px\" \/>                <\/div> \n            <\/a>         <div class=\"content aniMe\">\n            <p class=\"pb-6 w-full font-bold text-h4\">Pirate Pixie | Lettland<\/p>\n                        <p class=\"pb-6 w-full text-copy teaser-description\">Die Verbindung zwischen Mensch und Natur ist grundlegend f\u00fcr unser Wohlbefinden. Alte Kulturen und moderne Wissenschaft zeigen, dass Praktiken wie Earthing heilende Wirkungen haben. Der Kontakt mit der Erde gleicht Energien aus, beruhigt das Nervensystem und unterst\u00fctzt die Gesundheit. Quantenverschr\u00e4nkung macht deutlich, dass K\u00f6rper, Geist und Natur tief miteinander verbunden sind. Emotionen und Gedanken beeinflussen nachweislich das Immunsystem und die Zellregeneration. \r\nIn diesem M\u00e4rchen wird der Berliner Fernsehturm zu einem vertikalen magischen Organismus, der metaphorisch den menschlichen K\u00f6rper repr\u00e4sentiert. Er steht wie ein riesiges Totem, das krank ist, aber sp\u00e4ter zu heilen beginnt und sein Licht strahlt. Das Sounddesign nutzt Heilfrequenzen und Naturger\u00e4usche, um die Heilung des Totems zu \u201ebewirken\u201d.<\/p>\n                    <a target=\"\" href=\"https:\/\/festival-of-lights.de\/de\/programm-2025\/pirate-pixie\/\" class=\"flex items-center gap-xs btn-primary\">\n            <svg xmlns=\"http:\/\/www.w3.org\/2000\/svg\" width=\"23\" height=\"16\" viewBox=\"0 0 23 16\" fill=\"none\">\n                <path class=\"transition duration-300 ease-in-out\" d=\"M21.8863 8.70711C22.2769 8.31658 22.2769 7.68342 21.8863 7.29289L15.5224 0.928932C15.1318 0.538408 14.4987 0.538408 14.1082 0.928932C13.7176 1.31946 13.7176 1.95262 14.1082 2.34315L19.765 8L14.1082 13.6569C13.7176 14.0474 13.7176 14.6805 14.1082 15.0711C14.4987 15.4616 15.1318 15.4616 15.5224 15.0711L21.8863 8.70711ZM0 9H21.1792V7H0V9Z\" fill=\"black\"\/>\n            <\/svg>\n            Pirate Pixie        <\/a>\n                <\/div>\n    <\/div>\n    <div class=\"teaser-small-single\">\n                    <a href=\"https:\/\/festival-of-lights.de\/de\/programm-2025\/vanessa-cardui\/\" target=\"\">\n                            <div class=\"overflow-hidden relative mb-6 teaser-small-single-image aspect-4\/3 grayscale-mask aniMe\"> <img loading=\"lazy\" decoding=\"async\" width=\"1800\" height=\"1200\" src=\"https:\/\/festival-of-lights.de\/wp-content\/uploads\/2025\/09\/Fernsehturm_Vanessa-Cardui-02-OK-BZ-Lowres-2.png\" class=\"h-full w-full object-cover z-0 transform scale-105 transition duration-300 grayscale-overlay\" alt=\"\" srcset=\"https:\/\/festival-of-lights.de\/wp-content\/uploads\/2025\/09\/Fernsehturm_Vanessa-Cardui-02-OK-BZ-Lowres-2.png 1800w, https:\/\/festival-of-lights.de\/wp-content\/uploads\/2025\/09\/Fernsehturm_Vanessa-Cardui-02-OK-BZ-Lowres-2-300x200.png 300w, https:\/\/festival-of-lights.de\/wp-content\/uploads\/2025\/09\/Fernsehturm_Vanessa-Cardui-02-OK-BZ-Lowres-2-1024x683.png 1024w, https:\/\/festival-of-lights.de\/wp-content\/uploads\/2025\/09\/Fernsehturm_Vanessa-Cardui-02-OK-BZ-Lowres-2-768x512.png 768w, https:\/\/festival-of-lights.de\/wp-content\/uploads\/2025\/09\/Fernsehturm_Vanessa-Cardui-02-OK-BZ-Lowres-2-1536x1024.png 1536w, https:\/\/festival-of-lights.de\/wp-content\/uploads\/2025\/09\/Fernsehturm_Vanessa-Cardui-02-OK-BZ-Lowres-2-1240x827.png 1240w\" sizes=\"auto, (max-width: 1800px) 100vw, 1800px\" \/>                <\/div> \n            <\/a>         <div class=\"content aniMe\">\n            <p class=\"pb-6 w-full font-bold text-h4\">Vanessa Cardui | Deutschland<\/p>\n                        <p class=\"pb-6 w-full text-copy teaser-description\">\u201eWonderland\u201c verwandelt den Berliner Fernsehturm in eine bewegte Fantasiewelt. Ausgangspunkt ist ein Moment des Zufalls \u2013 ein Glas Pinselwasser kippt um und setzt eine surreale Kettenreaktion in Gang. Farben laufen aus, Linien verschwimmen, Zeichnungen beginnen ein Eigenleben zu f\u00fchren.\r\n\r\nIm Zentrum steht die K\u00fcnstlerin selbst: Sie durchbricht die Grenze zwischen Zeichnung und Wirklichkeit, taucht in ihre eigenen Bilder ein, begegnet ihnen, ringt mit ihnen \u2013 und l\u00e4sst sich von ihnen befl\u00fcgeln, befruchten und in ferne Welten entf\u00fchren. Aus einem kleinen Missgeschick entsteht eine Traumwelt, in der sich Kunst, Emotion und Imagination verschr\u00e4nken.\r\n\r\nDiese visuelle Reise \u2013 inszeniert in Stop-Motion-Technik \u2013 l\u00e4dt das Publikum zum Tr\u00e4umen und Innehalten ein. \u201eWonderland\u201c ist eine Hommage an die Kraft des kreativen Unfalls, an die Magie der Vorstellungskraft und an die F\u00e4higkeit von Bildern, ganze Welten entstehen zu lassen \u2013 direkt am ikonischen Wahrzeichen Berlins.<\/p>\n                    <a target=\"\" href=\"https:\/\/festival-of-lights.de\/de\/programm-2025\/vanessa-cardui\/\" class=\"flex items-center gap-xs btn-primary\">\n            <svg xmlns=\"http:\/\/www.w3.org\/2000\/svg\" width=\"23\" height=\"16\" viewBox=\"0 0 23 16\" fill=\"none\">\n                <path class=\"transition duration-300 ease-in-out\" d=\"M21.8863 8.70711C22.2769 8.31658 22.2769 7.68342 21.8863 7.29289L15.5224 0.928932C15.1318 0.538408 14.4987 0.538408 14.1082 0.928932C13.7176 1.31946 13.7176 1.95262 14.1082 2.34315L19.765 8L14.1082 13.6569C13.7176 14.0474 13.7176 14.6805 14.1082 15.0711C14.4987 15.4616 15.1318 15.4616 15.5224 15.0711L21.8863 8.70711ZM0 9H21.1792V7H0V9Z\" fill=\"black\"\/>\n            <\/svg>\n            Vanessa Cardui        <\/a>\n                <\/div>\n    <\/div>\n            <\/div>\n        <\/div>\n    <\/div>\n<\/section>\n\n<section class=\"module-spacer bg-bg-darkBlue pt-5 md:pt-7 xl:pt-10\">\n<\/section>\n\n\n<section class=\"bg-bg-darkBlue text-text-default\">\n    <div class=\"dark:!bg-transparent\">\n                    <div class=\"flex flex-col items-center justify-center mx-auto md:flex-row gap-y-12 md:gap-y-0 gap-x-12 lg:gap-x-16 xl:gap-x-20 max-w-content pb-md lg:pb-2xl\">\n                                                    <a target=\"_blank\" href=\"https:\/\/goo.gl\/maps\/dHqHCgCbzmhtKX1N7\">\n                                        <div class=\"aniMe icon flex flex-col  items-center justify-center text-center h-full md:h-[90px]\"> \n                            <div class=\"w-full h-full\">\n                                <img loading=\"lazy\" decoding=\"async\" width=\"200\" height=\"200\" src=\"https:\/\/festival-of-lights.de\/wp-content\/uploads\/2023\/09\/icon_where.png\" class=\"z-10 grayscale-overlay object-contain w-full h-full\" alt=\"\" srcset=\"https:\/\/festival-of-lights.de\/wp-content\/uploads\/2023\/09\/icon_where.png 200w, https:\/\/festival-of-lights.de\/wp-content\/uploads\/2023\/09\/icon_where-150x150.png 150w\" sizes=\"auto, (max-width: 200px) 100vw, 200px\" \/> \n                            <\/div>\n                                                            <span class=\" text-xl font-bold icon-text-default icon mt-6  icon__btn \">Berliner Fernsehturm, Panorama Stra\u00dfe 1A, 10178 Berlin<\/span>\n                                                    <\/div>\n                                    <\/a>\n                                            <\/div>\n        \n    <\/div>\n<\/section>\n\n<section class=\"bg-bg-darkBlue text-text-default\">\n  <div class=\"px-xs text-paragraph py-md text-copy dark:!bg-transparent\">\n          <div class=\"mx-auto max-w-screen-md\">\n        <div class='text-element align-left aniMe'><p><font size=\"3\"><strong>BITTE BEACHTEN<\/strong><\/p>\n<p><em>Sie k\u00f6nnen diese Installation gerne f\u00fcr den pers\u00f6nlichen Gebrauch fotografieren. Wir m\u00f6chten Sie jedoch darauf hinweisen, dass die kommerzielle Nutzung von Fotos und Filmen der Installation ohne unsere Genehmigung strengstens untersagt ist. Wir danken Ihnen.<\/em><\/font><\/p>\n<\/div>        \n            <\/div> <!-- end max-w-screen container -->\n    <\/div>\n<\/section>\n\n<section class=\"text-image bg-bg-darkBlue text-text-default\">\n    <div class=\"dark:!text-white dark:!bg-transparent\">\n        <div class=\"container mx-auto max-w-screen-xl px-xs py-md text-image\">\n            <div class=\"mx-auto items-center grid text-copy md:grid-cols-2 gap-x-10 align-left\">\n                                    <div class=\"text-image__image aniMe grayscale-mask relative mb-0 order-2 md:order-[unset] mt-4 md:mt-8\"> \n                                            <\/div>                 <div class=\"text-image__col1 py-4 lg:py-10 aniMe flex flex-col right\">\n                    <div class='text-element align-left '><\/div>        <a target=\"\" href=\"https:\/\/festival-of-lights.de\/de\/programm-2025\/\" class=\"flex items-center gap-xs btn-primary mt-10 z-[999999]\">\n            <svg xmlns=\"http:\/\/www.w3.org\/2000\/svg\" width=\"23\" height=\"16\" viewBox=\"0 0 23 16\" fill=\"none\">\n                <path class=\"transition duration-300 ease-in-out\" d=\"M21.8863 8.70711C22.2769 8.31658 22.2769 7.68342 21.8863 7.29289L15.5224 0.928932C15.1318 0.538408 14.4987 0.538408 14.1082 0.928932C13.7176 1.31946 13.7176 1.95262 14.1082 2.34315L19.765 8L14.1082 13.6569C13.7176 14.0474 13.7176 14.6805 14.1082 15.0711C14.4987 15.4616 15.1318 15.4616 15.5224 15.0711L21.8863 8.70711ZM0 9H21.1792V7H0V9Z\" fill=\"black\"\/>\n            <\/svg>\n            ZUR\u00dcCK ZUM PROGRAMM 2025        <\/a>\n                        <\/div>\n            <\/div>\n        <\/div>\n    <\/div>\n<\/section>","protected":false},"excerpt":{"rendered":"","protected":false},"author":2,"featured_media":0,"parent":54346,"menu_order":0,"comment_status":"closed","ping_status":"closed","template":"","meta":{"_acf_changed":false,"footnotes":""},"class_list":["post-49506","page","type-page","status-publish","hentry"],"acf":[],"yoast_head":"<!-- This site is optimized with the Yoast SEO plugin v25.6 - https:\/\/yoast.com\/wordpress\/plugins\/seo\/ -->\n<title>2. Berliner Fernsehturm - Festival of Lights<\/title>\n<meta name=\"robots\" content=\"index, follow, max-snippet:-1, max-image-preview:large, max-video-preview:-1\" \/>\n<link rel=\"canonical\" href=\"https:\/\/festival-of-lights.de\/de\/programm-2025\/berliner-fernsehturm\/\" \/>\n<meta property=\"og:locale\" content=\"de_DE\" \/>\n<meta property=\"og:type\" content=\"article\" \/>\n<meta property=\"og:title\" content=\"2. Berliner Fernsehturm - Festival of Lights\" \/>\n<meta property=\"og:url\" content=\"https:\/\/festival-of-lights.de\/de\/programm-2025\/berliner-fernsehturm\/\" \/>\n<meta property=\"og:site_name\" content=\"Festival of Lights\" \/>\n<meta property=\"article:publisher\" content=\"https:\/\/www.facebook.com\/FestivalOfLights\" \/>\n<meta property=\"article:modified_time\" content=\"2025-10-16T12:47:17+00:00\" \/>\n<meta name=\"twitter:card\" content=\"summary_large_image\" \/>\n<script type=\"application\/ld+json\" class=\"yoast-schema-graph\">{\"@context\":\"https:\/\/schema.org\",\"@graph\":[{\"@type\":\"WebPage\",\"@id\":\"https:\/\/festival-of-lights.de\/de\/programm-2025\/berliner-fernsehturm\/\",\"url\":\"https:\/\/festival-of-lights.de\/de\/programm-2025\/berliner-fernsehturm\/\",\"name\":\"2. Berliner Fernsehturm - Festival of Lights\",\"isPartOf\":{\"@id\":\"https:\/\/festival-of-lights.de\/de\/#website\"},\"datePublished\":\"2024-09-12T13:11:02+00:00\",\"dateModified\":\"2025-10-16T12:47:17+00:00\",\"breadcrumb\":{\"@id\":\"https:\/\/festival-of-lights.de\/de\/programm-2025\/berliner-fernsehturm\/#breadcrumb\"},\"inLanguage\":\"de\",\"potentialAction\":[{\"@type\":\"ReadAction\",\"target\":[\"https:\/\/festival-of-lights.de\/de\/programm-2025\/berliner-fernsehturm\/\"]}]},{\"@type\":\"BreadcrumbList\",\"@id\":\"https:\/\/festival-of-lights.de\/de\/programm-2025\/berliner-fernsehturm\/#breadcrumb\",\"itemListElement\":[{\"@type\":\"ListItem\",\"position\":1,\"name\":\"Startseite\",\"item\":\"https:\/\/festival-of-lights.de\/de\/\"},{\"@type\":\"ListItem\",\"position\":2,\"name\":\"Programm 2025\",\"item\":\"https:\/\/festival-of-lights.de\/de\/programm-2025\/\"},{\"@type\":\"ListItem\",\"position\":3,\"name\":\"2. Berliner Fernsehturm\"}]},{\"@type\":\"WebSite\",\"@id\":\"https:\/\/festival-of-lights.de\/de\/#website\",\"url\":\"https:\/\/festival-of-lights.de\/de\/\",\"name\":\"Festival of Lights Berlin\",\"description\":\"\",\"publisher\":{\"@id\":\"https:\/\/festival-of-lights.de\/de\/#organization\"},\"potentialAction\":[{\"@type\":\"SearchAction\",\"target\":{\"@type\":\"EntryPoint\",\"urlTemplate\":\"https:\/\/festival-of-lights.de\/de\/?s={search_term_string}\"},\"query-input\":{\"@type\":\"PropertyValueSpecification\",\"valueRequired\":true,\"valueName\":\"search_term_string\"}}],\"inLanguage\":\"de\"},{\"@type\":\"Organization\",\"@id\":\"https:\/\/festival-of-lights.de\/de\/#organization\",\"name\":\"Festival of Lights\",\"url\":\"https:\/\/festival-of-lights.de\/de\/\",\"logo\":{\"@type\":\"ImageObject\",\"inLanguage\":\"de\",\"@id\":\"https:\/\/festival-of-lights.de\/de\/#\/schema\/logo\/image\/\",\"url\":\"https:\/\/festival-of-lights.de\/wp-content\/uploads\/2023\/08\/cropped-logo.png\",\"contentUrl\":\"https:\/\/festival-of-lights.de\/wp-content\/uploads\/2023\/08\/cropped-logo.png\",\"width\":230,\"height\":230,\"caption\":\"Festival of Lights\"},\"image\":{\"@id\":\"https:\/\/festival-of-lights.de\/de\/#\/schema\/logo\/image\/\"},\"sameAs\":[\"https:\/\/www.facebook.com\/FestivalOfLights\",\"https:\/\/www.tiktok.com\/@berlinfestivaloflights\",\"https:\/\/www.instagram.com\/berlinfestivaloflights\"]}]}<\/script>\n<!-- \/ Yoast SEO plugin. -->","yoast_head_json":{"title":"2. Berliner Fernsehturm - Festival of Lights","robots":{"index":"index","follow":"follow","max-snippet":"max-snippet:-1","max-image-preview":"max-image-preview:large","max-video-preview":"max-video-preview:-1"},"canonical":"https:\/\/festival-of-lights.de\/de\/programm-2025\/berliner-fernsehturm\/","og_locale":"de_DE","og_type":"article","og_title":"2. Berliner Fernsehturm - Festival of Lights","og_url":"https:\/\/festival-of-lights.de\/de\/programm-2025\/berliner-fernsehturm\/","og_site_name":"Festival of Lights","article_publisher":"https:\/\/www.facebook.com\/FestivalOfLights","article_modified_time":"2025-10-16T12:47:17+00:00","twitter_card":"summary_large_image","schema":{"@context":"https:\/\/schema.org","@graph":[{"@type":"WebPage","@id":"https:\/\/festival-of-lights.de\/de\/programm-2025\/berliner-fernsehturm\/","url":"https:\/\/festival-of-lights.de\/de\/programm-2025\/berliner-fernsehturm\/","name":"2. Berliner Fernsehturm - Festival of Lights","isPartOf":{"@id":"https:\/\/festival-of-lights.de\/de\/#website"},"datePublished":"2024-09-12T13:11:02+00:00","dateModified":"2025-10-16T12:47:17+00:00","breadcrumb":{"@id":"https:\/\/festival-of-lights.de\/de\/programm-2025\/berliner-fernsehturm\/#breadcrumb"},"inLanguage":"de","potentialAction":[{"@type":"ReadAction","target":["https:\/\/festival-of-lights.de\/de\/programm-2025\/berliner-fernsehturm\/"]}]},{"@type":"BreadcrumbList","@id":"https:\/\/festival-of-lights.de\/de\/programm-2025\/berliner-fernsehturm\/#breadcrumb","itemListElement":[{"@type":"ListItem","position":1,"name":"Startseite","item":"https:\/\/festival-of-lights.de\/de\/"},{"@type":"ListItem","position":2,"name":"Programm 2025","item":"https:\/\/festival-of-lights.de\/de\/programm-2025\/"},{"@type":"ListItem","position":3,"name":"2. Berliner Fernsehturm"}]},{"@type":"WebSite","@id":"https:\/\/festival-of-lights.de\/de\/#website","url":"https:\/\/festival-of-lights.de\/de\/","name":"Festival of Lights Berlin","description":"","publisher":{"@id":"https:\/\/festival-of-lights.de\/de\/#organization"},"potentialAction":[{"@type":"SearchAction","target":{"@type":"EntryPoint","urlTemplate":"https:\/\/festival-of-lights.de\/de\/?s={search_term_string}"},"query-input":{"@type":"PropertyValueSpecification","valueRequired":true,"valueName":"search_term_string"}}],"inLanguage":"de"},{"@type":"Organization","@id":"https:\/\/festival-of-lights.de\/de\/#organization","name":"Festival of Lights","url":"https:\/\/festival-of-lights.de\/de\/","logo":{"@type":"ImageObject","inLanguage":"de","@id":"https:\/\/festival-of-lights.de\/de\/#\/schema\/logo\/image\/","url":"https:\/\/festival-of-lights.de\/wp-content\/uploads\/2023\/08\/cropped-logo.png","contentUrl":"https:\/\/festival-of-lights.de\/wp-content\/uploads\/2023\/08\/cropped-logo.png","width":230,"height":230,"caption":"Festival of Lights"},"image":{"@id":"https:\/\/festival-of-lights.de\/de\/#\/schema\/logo\/image\/"},"sameAs":["https:\/\/www.facebook.com\/FestivalOfLights","https:\/\/www.tiktok.com\/@berlinfestivaloflights","https:\/\/www.instagram.com\/berlinfestivaloflights"]}]}},"_links":{"self":[{"href":"https:\/\/festival-of-lights.de\/de\/wp-json\/wp\/v2\/pages\/49506","targetHints":{"allow":["GET"]}}],"collection":[{"href":"https:\/\/festival-of-lights.de\/de\/wp-json\/wp\/v2\/pages"}],"about":[{"href":"https:\/\/festival-of-lights.de\/de\/wp-json\/wp\/v2\/types\/page"}],"author":[{"embeddable":true,"href":"https:\/\/festival-of-lights.de\/de\/wp-json\/wp\/v2\/users\/2"}],"replies":[{"embeddable":true,"href":"https:\/\/festival-of-lights.de\/de\/wp-json\/wp\/v2\/comments?post=49506"}],"version-history":[{"count":83,"href":"https:\/\/festival-of-lights.de\/de\/wp-json\/wp\/v2\/pages\/49506\/revisions"}],"predecessor-version":[{"id":59451,"href":"https:\/\/festival-of-lights.de\/de\/wp-json\/wp\/v2\/pages\/49506\/revisions\/59451"}],"up":[{"embeddable":true,"href":"https:\/\/festival-of-lights.de\/de\/wp-json\/wp\/v2\/pages\/54346"}],"wp:attachment":[{"href":"https:\/\/festival-of-lights.de\/de\/wp-json\/wp\/v2\/media?parent=49506"}],"curies":[{"name":"wp","href":"https:\/\/api.w.org\/{rel}","templated":true}]}}