{"id":53329,"date":"2024-10-14T13:08:41","date_gmt":"2024-10-14T11:08:41","guid":{"rendered":"https:\/\/festival-of-lights.de\/?page_id=53329"},"modified":"2024-10-18T16:44:03","modified_gmt":"2024-10-18T14:44:03","slug":"festival-of-lights-award-2024","status":"publish","type":"page","link":"https:\/\/festival-of-lights.de\/de\/festival-of-lights-award-2024\/","title":{"rendered":"FOL Award 2024"},"content":{"rendered":"<section class=\"module-spacer bg-bg-darkBlue pt-10 md:pt-14 xl:pt-20\">\n<\/section>\n\n<section class=\"basic-content-module bg-bg-darkBlue text-text-default\">\n  <div class=\"px-xs py-md lg:py-2xl aniMe text-intro dark:!bg-transparent dark:!text-white text-left\">\n            <div class=\"mx-auto max-w-content basic-content-module__headline\"><h2 class='grayscale-overlay relative headline-element align-left text-h3 font-bold md:text-h1 lg:text-[128px] mb-4 md:mb-4 z-0 basic-content-module__headline-big'>\n    \n    <span class='relative align-left text-h3 font-bold md:text-h1 lg:text-[128px] mb-4 md:mb-4 z-0 basic-content-module__headline-big'>\n    <span class='absolute top-0 left-0 z-0 -translate-x-1\/2 -translate-y-1\/2 light w-[300px] h-[300px]'>\n    <svg class='w-full h-full ' xmlns='http:\/\/www.w3.org\/2000\/svg' width='542' height='542' viewBox='0 0 542 542' fill='none'>\n      <g filter='url(#filter0_f_569_1018)'>\n        <circle cx='271' cy='271' r='121' fill='#9AE8FF' fill-opacity='0.5'\/>\n      <\/g>\n      <defs>\n        <filter id='filter0_f_569_1018' x='0' y='0' width='542' height='542' filterUnits='userSpaceOnUse' color-interpolation-filters='sRGB'>\n          <feFlood flood-opacity='0' result='BackgroundImageFix'\/>\n          <feBlend mode='normal' in='SourceGraphic' in2='BackgroundImageFix' result='shape'\/>\n          <feGaussianBlur stdDeviation='75' result='effect1_foregroundBlur_569_1018'\/>\n        <\/filter>\n      <\/defs>\n    <\/svg>\n  <\/span>\n    Festival of Lights Award 2024<\/span>\n    <\/h2><\/div>\n                <div class=\"relative z-10 mx-auto max-w-content\">\n            <div class='text-element align- text-copy'><p>Das Festival of Lights setzte seine Tradition fort und pr\u00e4mierte auch 2024 die besten Videok\u00fcnstler*innen mit dem Festival of Lights Award 2024. 16 internationale K\u00fcnstler*innen pr\u00e4sentierten ihre beeindruckenden Visionen von Freiheit auf den sch\u00f6nsten Wahrzeichen Berlins.<\/p>\n<p>Zum Jubil\u00e4um entschieden die Besucher*innen \u00fcber den Publikumspreis.<\/p>\n<p>Wir gratulieren Magic Innovations ganz herzlich. Ihre Show &#8222;United in Light&#8220; am Brandenburger Tor hat die Herzen der Zuschauer erobert und das Publikumsvoting gewonnen.<\/p>\n<p>Der Festival of Lights Jurypreis geht in diesem Jahr an Vanessa Cardui und ihre Show &#8222;Building Insects&#8220; am Brandenburger Tor &#8211; Herzlichen Gl\u00fcckwunsch!<\/p>\n<\/div>        <\/div>\n                <div class=\"mx-auto max-w-content aniMe\">\n                    <a target=\"\" href=\"https:\/\/festival-of-lights.de\/de\/fol-award-2024-voting\/\" class=\"flex items-center gap-xs btn-primary\">\n            <svg xmlns=\"http:\/\/www.w3.org\/2000\/svg\" width=\"23\" height=\"16\" viewBox=\"0 0 23 16\" fill=\"none\">\n                <path class=\"transition duration-300 ease-in-out\" d=\"M21.8863 8.70711C22.2769 8.31658 22.2769 7.68342 21.8863 7.29289L15.5224 0.928932C15.1318 0.538408 14.4987 0.538408 14.1082 0.928932C13.7176 1.31946 13.7176 1.95262 14.1082 2.34315L19.765 8L14.1082 13.6569C13.7176 14.0474 13.7176 14.6805 14.1082 15.0711C14.4987 15.4616 15.1318 15.4616 15.5224 15.0711L21.8863 8.70711ZM0 9H21.1792V7H0V9Z\" fill=\"black\"\/>\n            <\/svg>\n            Alle Kunstwerke ansehen        <\/a>\n                <\/div> \n      <\/div>\n<\/section>\n\n<section class=\"image-sticky-module\">\n  <div class=\"image-sticky-module__container grayscale-mask\">\n    <div class=\"image-sticky-module__image min-h-[70vh] bg-fixed bg-no-repeat bg-cover bg-center grayscale-overlay\" style=\"background-image:url('https:\/\/festival-of-lights.de\/wp-content\/uploads\/2024\/10\/0330_FoL2024_FH-scaled.jpg');\" ><\/div> \n  <\/div>\n<\/section>\n\n<section class=\"basic-content-module bg-bg-darkBlue text-text-default\">\n  <div class=\"px-xs py-md lg:py-2xl aniMe text-intro dark:!bg-transparent dark:!text-white text-left\">\n            <div class=\"mx-auto max-w-content basic-content-module__headline\"><h2 class='grayscale-overlay relative headline-element align-left text-h3 font-bold md:text-h3 mb-4 md:mb-sm z-0'>\n    \n    <span class='relative align-left text-h3 font-bold md:text-h3 mb-4 md:mb-sm z-0'>\n    <span class='absolute top-0 left-0 z-0 -translate-x-1\/2 -translate-y-1\/2 light w-[300px] h-[300px]'>\n    <svg class='w-full h-full ' xmlns='http:\/\/www.w3.org\/2000\/svg' width='542' height='542' viewBox='0 0 542 542' fill='none'>\n      <g filter='url(#filter0_f_569_1018)'>\n        <circle cx='271' cy='271' r='121' fill='#9AE8FF' fill-opacity='0.5'\/>\n      <\/g>\n      <defs>\n        <filter id='filter0_f_569_1018' x='0' y='0' width='542' height='542' filterUnits='userSpaceOnUse' color-interpolation-filters='sRGB'>\n          <feFlood flood-opacity='0' result='BackgroundImageFix'\/>\n          <feBlend mode='normal' in='SourceGraphic' in2='BackgroundImageFix' result='shape'\/>\n          <feGaussianBlur stdDeviation='75' result='effect1_foregroundBlur_569_1018'\/>\n        <\/filter>\n      <\/defs>\n    <\/svg>\n  <\/span>\n    Berliner Fernsehturm<\/span>\n    <\/h2><\/div>\n                <div class=\"relative z-10 mx-auto max-w-content\">\n            <div class='text-element align- text-copy'><div class=\"flex-shrink-0 flex flex-col relative items-end\">\n<div>\n<div class=\"pt-0\">\n<div class=\"gizmo-bot-avatar flex h-8 w-8 items-center justify-center overflow-hidden rounded-full\">\n<div class=\"relative p-1 rounded-sm flex items-center justify-center bg-token-main-surface-primary text-token-text-primary h-8 w-8\"><\/div>\n<\/div>\n<\/div>\n<\/div>\n<\/div>\n<div class=\"group\/conversation-turn relative flex w-full min-w-0 flex-col agent-turn\">\n<div class=\"flex-col gap-1 md:gap-3\">\n<div class=\"flex max-w-full flex-col flex-grow\">\n<div class=\"min-h-8 text-message flex w-full flex-col items-end gap-2 whitespace-normal break-words [.text-message+&amp;]:mt-5\" dir=\"auto\" data-message-author-role=\"assistant\" data-message-id=\"97e89f9a-ddeb-4f5d-85cd-f877035ce5ab\" data-message-model-slug=\"gpt-4o\">\n<div class=\"flex w-full flex-col gap-1 empty:hidden first:pt-[3px]\">\n<div class=\"markdown prose w-full break-words dark:prose-invert light\">\n<p>Sechs au\u00dfergew\u00f6hnliche K\u00fcnstlerteams aus sechs L\u00e4ndern haben den Berliner Fernsehturm in eine leuchtende Leinwand verwandelt \u2013 unter dem Motto \u201eShare your Light \u2013 Express yourself\u201c.<\/p>\n<p><strong>Captain Energy (Niederlande)<\/strong> pr\u00e4sentiert <em>THE MERMAID<\/em>: Der Fernsehturm beginnt als kaltes Monument und verwandelt sich in eine magische Unterwasserwelt, in der eine Meerjungfrau das Licht der Freiheit erstrahlen l\u00e4sst. <strong>J\u00e9r\u00e9my Oury (Frankreich\/Mexiko)<\/strong> mit zeigt mit <em>POV, <\/em>wie das Geb\u00e4ude wird zur interaktiven Leinwand wird, auf der der kreative Prozess eines K\u00fcnstlers nachzuvollziehen ist. Jede Bewegung des Cursors enth\u00fcllt eine neue Dimension des Fernsehturms. <strong>Kurbas Production (Ukraine)<\/strong> reflektiert in <em>INVICTUS<\/em> das Streben nach Freiheit. Visuelle Ornamente erz\u00e4hlen von Individualit\u00e4t und dem unersch\u00fctterlichen Geist der Vorfahren. <strong>MOMAP Studio (Spanien)<\/strong> zeigt mit <em>THE FREEDOM OF LIFE<\/em> eine lebendige Verbindung zwischen Kunst und Natur. Leuchtende Schlangen und V\u00f6gel symbolisieren den untrennbaren Zusammenhang von Freiheit und den Kr\u00e4ften der Natur. <strong>Pani Pawlosky (Deutschland)<\/strong> pr\u00e4sentiert <em>REBEL BERLIN<\/em>: Ein kraftvolles, visuelles Werk, das den rebellischen Geist Berlins durch surrealistische Elemente und Techno-Kl\u00e4nge verk\u00f6rpert, und <strong>studio eigengrau (Deutschland)<\/strong> transportiert mit <em>MORE FREEDOM e<\/em>ine stille und doch kraftvolle Reflexion \u00fcber die Zerbrechlichkeit der Freiheit, die uns daran erinnert, sie t\u00e4glich neu zu entdecken und wertzusch\u00e4tzen.<\/p>\n<\/div>\n<\/div>\n<\/div>\n<\/div>\n<\/div>\n<\/div>\n<\/div>        <\/div>\n          <\/div>\n<\/section>\n\n<section class=\"image-sticky-module\">\n  <div class=\"image-sticky-module__container grayscale-mask\">\n    <div class=\"image-sticky-module__image min-h-[70vh] bg-fixed bg-no-repeat bg-cover bg-center grayscale-overlay\" style=\"background-image:url('https:\/\/festival-of-lights.de\/wp-content\/uploads\/2024\/10\/0421_FoL2024_FH-scaled.jpg');\" ><\/div> \n  <\/div>\n<\/section>\n\n<section class=\"basic-content-module bg-bg-darkBlue text-text-default\">\n  <div class=\"px-xs py-md lg:py-2xl aniMe text-intro dark:!bg-transparent dark:!text-white text-left\">\n            <div class=\"mx-auto max-w-content basic-content-module__headline\"><h2 class='grayscale-overlay relative headline-element align-left text-h3 font-bold md:text-h3 mb-4 md:mb-sm z-0'>\n    \n    <span class='relative align-left text-h3 font-bold md:text-h3 mb-4 md:mb-sm z-0'>\n    <span class='absolute top-0 left-0 z-0 -translate-x-1\/2 -translate-y-1\/2 light w-[300px] h-[300px]'>\n    <svg class='w-full h-full ' xmlns='http:\/\/www.w3.org\/2000\/svg' width='542' height='542' viewBox='0 0 542 542' fill='none'>\n      <g filter='url(#filter0_f_569_1018)'>\n        <circle cx='271' cy='271' r='121' fill='#9AE8FF' fill-opacity='0.5'\/>\n      <\/g>\n      <defs>\n        <filter id='filter0_f_569_1018' x='0' y='0' width='542' height='542' filterUnits='userSpaceOnUse' color-interpolation-filters='sRGB'>\n          <feFlood flood-opacity='0' result='BackgroundImageFix'\/>\n          <feBlend mode='normal' in='SourceGraphic' in2='BackgroundImageFix' result='shape'\/>\n          <feGaussianBlur stdDeviation='75' result='effect1_foregroundBlur_569_1018'\/>\n        <\/filter>\n      <\/defs>\n    <\/svg>\n  <\/span>\n    Hotel de Rome<\/span>\n    <\/h2><\/div>\n                <div class=\"relative z-10 mx-auto max-w-content\">\n            <div class='text-element align- text-copy'><p>Herausragende K\u00fcnstler*innen bringen unter dem Motto \u201eFreedom of Thoughts\u201c ihre Visionen von Freiheit auf die Fassaden des Hotel de Rome und schaffen einen inspirierenden Raum f\u00fcr kreatives Denken.<\/p>\n<p><strong>Ari Dykier<\/strong> feiert in <em>DER HIMMEL<\/em> die Freiheit und die M\u00f6glichkeiten, die sie er\u00f6ffnet. Mit surrealen Elementen erz\u00e4hlt er von Menschen, die gemeinsam mit Androiden ihre Tr\u00e4ume verwirklichen. Inspiriert von Wim Wenders&#8216; \u201eDer Himmel \u00fcber Berlin\u201c, zeigt die Show, wie uns die Freiheit befl\u00fcgelt. <strong>Hermes Mangialardo<\/strong> l\u00e4dt mit <em>LUMINOUS MINDSCAPES<\/em> zu einer Reise durch die Landschaften des menschlichen Geistes ein. Abstrakte Gedanken und Emotionen verschmelzen in einem visuell beeindruckenden Spiel zwischen Realit\u00e4t und Fantasie. Das indonesische K\u00fcnstlerteam <strong>The Fox, The Folks<\/strong> pr\u00e4sentiert <em>RADIANT<\/em>, eine Show, die an ein Computerspiel erinnert. Dunkelheit wird von einem Lichtstrahl durchbrochen, der die Betrachter*innen in farbenfrohe, lebendige Welten katapultiert.<\/p>\n<\/div>        <\/div>\n          <\/div>\n<\/section>\n\n<section class=\"image-sticky-module\">\n  <div class=\"image-sticky-module__container grayscale-mask\">\n    <div class=\"image-sticky-module__image min-h-[70vh] bg-fixed bg-no-repeat bg-cover bg-center grayscale-overlay\" style=\"background-image:url('https:\/\/festival-of-lights.de\/wp-content\/uploads\/2024\/10\/3023_FoL2024_FH-scaled.jpg');\" ><\/div> \n  <\/div>\n<\/section>\n\n<section class=\"basic-content-module bg-bg-darkBlue text-text-default\">\n  <div class=\"px-xs py-md lg:py-2xl aniMe text-intro dark:!bg-transparent dark:!text-white text-left\">\n            <div class=\"mx-auto max-w-content basic-content-module__headline\"><h2 class='grayscale-overlay relative headline-element align-left text-h3 font-bold md:text-h3 mb-4 md:mb-sm z-0'>\n    \n    <span class='relative align-left text-h3 font-bold md:text-h3 mb-4 md:mb-sm z-0'>\n    <span class='absolute top-0 left-0 z-0 -translate-x-1\/2 -translate-y-1\/2 light w-[300px] h-[300px]'>\n    <svg class='w-full h-full ' xmlns='http:\/\/www.w3.org\/2000\/svg' width='542' height='542' viewBox='0 0 542 542' fill='none'>\n      <g filter='url(#filter0_f_569_1018)'>\n        <circle cx='271' cy='271' r='121' fill='#9AE8FF' fill-opacity='0.5'\/>\n      <\/g>\n      <defs>\n        <filter id='filter0_f_569_1018' x='0' y='0' width='542' height='542' filterUnits='userSpaceOnUse' color-interpolation-filters='sRGB'>\n          <feFlood flood-opacity='0' result='BackgroundImageFix'\/>\n          <feBlend mode='normal' in='SourceGraphic' in2='BackgroundImageFix' result='shape'\/>\n          <feGaussianBlur stdDeviation='75' result='effect1_foregroundBlur_569_1018'\/>\n        <\/filter>\n      <\/defs>\n    <\/svg>\n  <\/span>\n    Brandenburger Tor<\/span>\n    <\/h2><\/div>\n                <div class=\"relative z-10 mx-auto max-w-content\">\n            <div class='text-element align- text-copy'><p>Auf dem Brandenburger Tor pr\u00e4sentierten f\u00fcnf K\u00fcnstlerteams aus vier L\u00e4ndern unter dem Motto \u201eUnited We Shine\u201c beeindruckende 3D-Videomapping-Shows.<\/p>\n<p><strong>SKGPLUS<\/strong> interpretiert das Motto durch den Kreis als Symbol f\u00fcr Harmonie. Farbenfrohe Kreise, die sich \u00fcberlappen, stehen f\u00fcr eine vielf\u00e4ltige, aber vereinte Gesellschaft. <strong>Vanessa Cardui<\/strong> bringt riesige Papierinsekten auf das Brandenburger Tor, um auf den R\u00fcckgang der Insektenpopulation aufmerksam zu machen. Ihre Arbeit thematisiert Umwelt, Nachhaltigkeit und Wandel. <strong>Magic Innovations<\/strong> zeigt eine magische Show, in der Sonnenblumen und goldene B\u00e4ume an den S\u00e4ulen des Tors wachsen \u2013 ein Symbol f\u00fcr die unendliche Energie, die durch Zusammenarbeit entsteht. <strong>VAMOS Animation<\/strong> feiert in <em>THE NATURAL ORDER<\/em> den Tanz als Ausdruck von Freiheit und kultureller Identit\u00e4t. Farbenfrohe Figuren tanzen und zeigen die verbindende Kraft der Bewegung. <strong>MP-STUDIO<\/strong> zeigt au\u00dfer Konkurrenz Highlights aus 20 Jahren Festivalgeschichte, die das Brandenburger Tor erneut in neuem Glanz erstrahlen lassen.<\/p>\n<\/div>        <\/div>\n          <\/div>\n<\/section>\n\n<section class=\"image-sticky-module\">\n  <div class=\"image-sticky-module__container grayscale-mask\">\n    <div class=\"image-sticky-module__image min-h-[70vh] bg-fixed bg-no-repeat bg-cover bg-center grayscale-overlay\" style=\"background-image:url('https:\/\/festival-of-lights.de\/wp-content\/uploads\/2024\/10\/1332_FoL2024_FH-scaled.jpg');\" ><\/div> \n  <\/div>\n<\/section>\n\n<section class=\"basic-content-module bg-bg-darkBlue text-text-default\">\n  <div class=\"px-xs py-md lg:py-2xl aniMe text-intro dark:!bg-transparent dark:!text-white text-left\">\n            <div class=\"mx-auto max-w-content basic-content-module__headline\"><h2 class='grayscale-overlay relative headline-element align-left text-h3 font-bold md:text-h3 mb-4 md:mb-sm z-0'>\n    \n    <span class='relative align-left text-h3 font-bold md:text-h3 mb-4 md:mb-sm z-0'>\n    <span class='absolute top-0 left-0 z-0 -translate-x-1\/2 -translate-y-1\/2 light w-[300px] h-[300px]'>\n    <svg class='w-full h-full ' xmlns='http:\/\/www.w3.org\/2000\/svg' width='542' height='542' viewBox='0 0 542 542' fill='none'>\n      <g filter='url(#filter0_f_569_1018)'>\n        <circle cx='271' cy='271' r='121' fill='#9AE8FF' fill-opacity='0.5'\/>\n      <\/g>\n      <defs>\n        <filter id='filter0_f_569_1018' x='0' y='0' width='542' height='542' filterUnits='userSpaceOnUse' color-interpolation-filters='sRGB'>\n          <feFlood flood-opacity='0' result='BackgroundImageFix'\/>\n          <feBlend mode='normal' in='SourceGraphic' in2='BackgroundImageFix' result='shape'\/>\n          <feGaussianBlur stdDeviation='75' result='effect1_foregroundBlur_569_1018'\/>\n        <\/filter>\n      <\/defs>\n    <\/svg>\n  <\/span>\n    Schloss Charlottenburg<\/span>\n    <\/h2><\/div>\n                <div class=\"relative z-10 mx-auto max-w-content\">\n            <div class='text-element align- text-copy'><p>Das Schloss Charlottenburg wird beim Festival of Lights zur beeindruckenden Kulisse f\u00fcr 3D-Videokunst unter dem Motto \u201eDreams of Tomorrow\u201c.<\/p>\n<p><strong>Illuminos<\/strong> pr\u00e4sentiert mit WITHOUT A CAGE eine dramatische und fesselnde Lichtperformance. Mystisch anmutende Vogelgestalten bewegen sich in dynamischen Wellen aus Blau und Violett, steigen auf und streben goldenen Funken entgegen. Wer wird den Kampf um das Licht gewinnen?\u00a0<strong>Segal AV<\/strong> entf\u00fchrt mit <em>WAVES OF FREEDOM<\/em> auf eine Reise durch Vergangenheit, Gegenwart und Zukunft. Lebendige Farben und afrikanische Masken symbolisieren kulturelle Vielfalt und Einheit, bevor der Aufstieg ins Universum eine neue \u00c4ra einleitet. <strong>RE:SORB <\/strong>l\u00e4sst das Schloss in opulentem Gold erstrahlen und verbindet historische Architektur mit futuristischer Lichtkunst, die Realit\u00e4t und Fantasie verschmelzen l\u00e4sst.<\/p>\n<\/div>        <\/div>\n          <\/div>\n<\/section>\n\n<section class=\"module-spacer bg-bg-darkBlue pt-10 md:pt-14 xl:pt-20\">\n<\/section>","protected":false},"excerpt":{"rendered":"","protected":false},"author":2,"featured_media":0,"parent":0,"menu_order":0,"comment_status":"closed","ping_status":"closed","template":"","meta":{"_acf_changed":false,"footnotes":""},"class_list":["post-53329","page","type-page","status-publish","hentry"],"acf":[],"yoast_head":"<!-- This site is optimized with the Yoast SEO plugin v25.6 - https:\/\/yoast.com\/wordpress\/plugins\/seo\/ -->\n<title>FOL Award 2024 - Festival of Lights<\/title>\n<meta name=\"robots\" content=\"index, follow, max-snippet:-1, max-image-preview:large, max-video-preview:-1\" \/>\n<link rel=\"canonical\" href=\"https:\/\/festival-of-lights.de\/de\/festival-of-lights-award-2024\/\" \/>\n<meta property=\"og:locale\" content=\"de_DE\" \/>\n<meta property=\"og:type\" content=\"article\" \/>\n<meta property=\"og:title\" content=\"FOL Award 2024 - Festival of Lights\" \/>\n<meta property=\"og:url\" content=\"https:\/\/festival-of-lights.de\/de\/festival-of-lights-award-2024\/\" \/>\n<meta property=\"og:site_name\" content=\"Festival of Lights\" \/>\n<meta property=\"article:publisher\" content=\"https:\/\/www.facebook.com\/FestivalOfLights\" \/>\n<meta property=\"article:modified_time\" content=\"2024-10-18T14:44:03+00:00\" \/>\n<meta name=\"twitter:card\" content=\"summary_large_image\" \/>\n<script type=\"application\/ld+json\" class=\"yoast-schema-graph\">{\"@context\":\"https:\/\/schema.org\",\"@graph\":[{\"@type\":\"WebPage\",\"@id\":\"https:\/\/festival-of-lights.de\/de\/festival-of-lights-award-2024\/\",\"url\":\"https:\/\/festival-of-lights.de\/de\/festival-of-lights-award-2024\/\",\"name\":\"FOL Award 2024 - Festival of Lights\",\"isPartOf\":{\"@id\":\"https:\/\/festival-of-lights.de\/de\/#website\"},\"datePublished\":\"2024-10-14T11:08:41+00:00\",\"dateModified\":\"2024-10-18T14:44:03+00:00\",\"breadcrumb\":{\"@id\":\"https:\/\/festival-of-lights.de\/de\/festival-of-lights-award-2024\/#breadcrumb\"},\"inLanguage\":\"de\",\"potentialAction\":[{\"@type\":\"ReadAction\",\"target\":[\"https:\/\/festival-of-lights.de\/de\/festival-of-lights-award-2024\/\"]}]},{\"@type\":\"BreadcrumbList\",\"@id\":\"https:\/\/festival-of-lights.de\/de\/festival-of-lights-award-2024\/#breadcrumb\",\"itemListElement\":[{\"@type\":\"ListItem\",\"position\":1,\"name\":\"Startseite\",\"item\":\"https:\/\/festival-of-lights.de\/de\/\"},{\"@type\":\"ListItem\",\"position\":2,\"name\":\"FOL Award 2024\"}]},{\"@type\":\"WebSite\",\"@id\":\"https:\/\/festival-of-lights.de\/de\/#website\",\"url\":\"https:\/\/festival-of-lights.de\/de\/\",\"name\":\"Festival of Lights Berlin\",\"description\":\"\",\"publisher\":{\"@id\":\"https:\/\/festival-of-lights.de\/de\/#organization\"},\"potentialAction\":[{\"@type\":\"SearchAction\",\"target\":{\"@type\":\"EntryPoint\",\"urlTemplate\":\"https:\/\/festival-of-lights.de\/de\/?s={search_term_string}\"},\"query-input\":{\"@type\":\"PropertyValueSpecification\",\"valueRequired\":true,\"valueName\":\"search_term_string\"}}],\"inLanguage\":\"de\"},{\"@type\":\"Organization\",\"@id\":\"https:\/\/festival-of-lights.de\/de\/#organization\",\"name\":\"Festival of Lights\",\"url\":\"https:\/\/festival-of-lights.de\/de\/\",\"logo\":{\"@type\":\"ImageObject\",\"inLanguage\":\"de\",\"@id\":\"https:\/\/festival-of-lights.de\/de\/#\/schema\/logo\/image\/\",\"url\":\"https:\/\/festival-of-lights.de\/wp-content\/uploads\/2023\/08\/cropped-logo.png\",\"contentUrl\":\"https:\/\/festival-of-lights.de\/wp-content\/uploads\/2023\/08\/cropped-logo.png\",\"width\":230,\"height\":230,\"caption\":\"Festival of Lights\"},\"image\":{\"@id\":\"https:\/\/festival-of-lights.de\/de\/#\/schema\/logo\/image\/\"},\"sameAs\":[\"https:\/\/www.facebook.com\/FestivalOfLights\",\"https:\/\/www.tiktok.com\/@berlinfestivaloflights\",\"https:\/\/www.instagram.com\/berlinfestivaloflights\"]}]}<\/script>\n<!-- \/ Yoast SEO plugin. -->","yoast_head_json":{"title":"FOL Award 2024 - Festival of Lights","robots":{"index":"index","follow":"follow","max-snippet":"max-snippet:-1","max-image-preview":"max-image-preview:large","max-video-preview":"max-video-preview:-1"},"canonical":"https:\/\/festival-of-lights.de\/de\/festival-of-lights-award-2024\/","og_locale":"de_DE","og_type":"article","og_title":"FOL Award 2024 - Festival of Lights","og_url":"https:\/\/festival-of-lights.de\/de\/festival-of-lights-award-2024\/","og_site_name":"Festival of Lights","article_publisher":"https:\/\/www.facebook.com\/FestivalOfLights","article_modified_time":"2024-10-18T14:44:03+00:00","twitter_card":"summary_large_image","schema":{"@context":"https:\/\/schema.org","@graph":[{"@type":"WebPage","@id":"https:\/\/festival-of-lights.de\/de\/festival-of-lights-award-2024\/","url":"https:\/\/festival-of-lights.de\/de\/festival-of-lights-award-2024\/","name":"FOL Award 2024 - Festival of Lights","isPartOf":{"@id":"https:\/\/festival-of-lights.de\/de\/#website"},"datePublished":"2024-10-14T11:08:41+00:00","dateModified":"2024-10-18T14:44:03+00:00","breadcrumb":{"@id":"https:\/\/festival-of-lights.de\/de\/festival-of-lights-award-2024\/#breadcrumb"},"inLanguage":"de","potentialAction":[{"@type":"ReadAction","target":["https:\/\/festival-of-lights.de\/de\/festival-of-lights-award-2024\/"]}]},{"@type":"BreadcrumbList","@id":"https:\/\/festival-of-lights.de\/de\/festival-of-lights-award-2024\/#breadcrumb","itemListElement":[{"@type":"ListItem","position":1,"name":"Startseite","item":"https:\/\/festival-of-lights.de\/de\/"},{"@type":"ListItem","position":2,"name":"FOL Award 2024"}]},{"@type":"WebSite","@id":"https:\/\/festival-of-lights.de\/de\/#website","url":"https:\/\/festival-of-lights.de\/de\/","name":"Festival of Lights Berlin","description":"","publisher":{"@id":"https:\/\/festival-of-lights.de\/de\/#organization"},"potentialAction":[{"@type":"SearchAction","target":{"@type":"EntryPoint","urlTemplate":"https:\/\/festival-of-lights.de\/de\/?s={search_term_string}"},"query-input":{"@type":"PropertyValueSpecification","valueRequired":true,"valueName":"search_term_string"}}],"inLanguage":"de"},{"@type":"Organization","@id":"https:\/\/festival-of-lights.de\/de\/#organization","name":"Festival of Lights","url":"https:\/\/festival-of-lights.de\/de\/","logo":{"@type":"ImageObject","inLanguage":"de","@id":"https:\/\/festival-of-lights.de\/de\/#\/schema\/logo\/image\/","url":"https:\/\/festival-of-lights.de\/wp-content\/uploads\/2023\/08\/cropped-logo.png","contentUrl":"https:\/\/festival-of-lights.de\/wp-content\/uploads\/2023\/08\/cropped-logo.png","width":230,"height":230,"caption":"Festival of Lights"},"image":{"@id":"https:\/\/festival-of-lights.de\/de\/#\/schema\/logo\/image\/"},"sameAs":["https:\/\/www.facebook.com\/FestivalOfLights","https:\/\/www.tiktok.com\/@berlinfestivaloflights","https:\/\/www.instagram.com\/berlinfestivaloflights"]}]}},"_links":{"self":[{"href":"https:\/\/festival-of-lights.de\/de\/wp-json\/wp\/v2\/pages\/53329","targetHints":{"allow":["GET"]}}],"collection":[{"href":"https:\/\/festival-of-lights.de\/de\/wp-json\/wp\/v2\/pages"}],"about":[{"href":"https:\/\/festival-of-lights.de\/de\/wp-json\/wp\/v2\/types\/page"}],"author":[{"embeddable":true,"href":"https:\/\/festival-of-lights.de\/de\/wp-json\/wp\/v2\/users\/2"}],"replies":[{"embeddable":true,"href":"https:\/\/festival-of-lights.de\/de\/wp-json\/wp\/v2\/comments?post=53329"}],"version-history":[{"count":11,"href":"https:\/\/festival-of-lights.de\/de\/wp-json\/wp\/v2\/pages\/53329\/revisions"}],"predecessor-version":[{"id":53597,"href":"https:\/\/festival-of-lights.de\/de\/wp-json\/wp\/v2\/pages\/53329\/revisions\/53597"}],"wp:attachment":[{"href":"https:\/\/festival-of-lights.de\/de\/wp-json\/wp\/v2\/media?parent=53329"}],"curies":[{"name":"wp","href":"https:\/\/api.w.org\/{rel}","templated":true}]}}