{"id":54346,"date":"2025-03-10T13:39:10","date_gmt":"2025-03-10T11:39:10","guid":{"rendered":"https:\/\/festival-of-lights.de\/?page_id=54346"},"modified":"2026-02-19T11:52:24","modified_gmt":"2026-02-19T09:52:24","slug":"programm-2025","status":"publish","type":"page","link":"https:\/\/festival-of-lights.de\/de\/programm-2025\/","title":{"rendered":"Programm 2025"},"content":{"rendered":"<section class=\"module-spacer bg-bg-darkBlue pt-10 md:pt-14 xl:pt-20\">\n<\/section>\n\n<section class=\"image-sticky-module\">\n  <div class=\"image-sticky-module__container grayscale-mask\">\n    <div class=\"image-sticky-module__image min-h-[70vh] bg-fixed bg-no-repeat bg-cover bg-center grayscale-overlay\" style=\"background-image:url('https:\/\/festival-of-lights.de\/wp-content\/uploads\/2025\/08\/key-visual-2025-6.png');\" ><\/div> \n  <\/div>\n<\/section>\n\n<section class=\"basic-content-module bg-bg-darkBlue text-text-default\">\n  <div class=\"px-xs py-md lg:py-2xl aniMe text-intro dark:!bg-transparent dark:!text-white text-left\">\n            <div class=\"mx-auto max-w-content\"><div class='text-element align- text-copy lg:text-h3 font-bold mb-4 md:mb-0'>2025<\/div><\/div>\n                <div class=\"mx-auto max-w-content basic-content-module__headline\"><h2 class='grayscale-overlay relative headline-element align-left text-h3 font-bold md:text-h1 lg:text-[128px] mb-4 md:mb-4 z-0 basic-content-module__headline-big'>\n    \n    <span class='relative align-left text-h3 font-bold md:text-h1 lg:text-[128px] mb-4 md:mb-4 z-0 basic-content-module__headline-big'>\n    <span class='absolute top-0 left-0 z-0 -translate-x-1\/2 -translate-y-1\/2 light w-[300px] h-[300px]'>\n    <svg class='w-full h-full ' xmlns='http:\/\/www.w3.org\/2000\/svg' width='542' height='542' viewBox='0 0 542 542' fill='none'>\n      <g filter='url(#filter0_f_569_1018)'>\n        <circle cx='271' cy='271' r='121' fill='#9AE8FF' fill-opacity='0.5'\/>\n      <\/g>\n      <defs>\n        <filter id='filter0_f_569_1018' x='0' y='0' width='542' height='542' filterUnits='userSpaceOnUse' color-interpolation-filters='sRGB'>\n          <feFlood flood-opacity='0' result='BackgroundImageFix'\/>\n          <feBlend mode='normal' in='SourceGraphic' in2='BackgroundImageFix' result='shape'\/>\n          <feGaussianBlur stdDeviation='75' result='effect1_foregroundBlur_569_1018'\/>\n        <\/filter>\n      <\/defs>\n    <\/svg>\n  <\/span>\n    Programm<\/span>\n    <\/h2><\/div>\n                <div class=\"relative z-10 mx-auto max-w-content\">\n            <div class='text-element align- text-copy'><p><strong>Das 21. BERLIN FESTIVAL OF LIGHTS stand unter dem Motto \u201eLet\u2019s Shine Together\u201c.<\/strong><\/p>\n<p>In diesem Jahr stand alles im Zeichen von Zusammenhalt, Gemeinschaft und Verbundenheit. Durch die Vielfalt der Lichtkunst wurden Geschichten erz\u00e4hlt, die Verbindungen st\u00e4rkten und die einzigartige Sch\u00f6nheit Berlins in ein neues Licht tauchten. In ein Licht, das f\u00fcr Zusammenhalt stehen sollte.<\/p>\n<p>Das <strong>21. Festival of Lights<\/strong> fand vom <strong>8. bis 15. Oktober<\/strong> 2025 statt, t\u00e4glich von 19:00 bis 23:00 Uhr.<\/p>\n<p><iframe loading=\"lazy\" src=\"https:\/\/www.youtube.com\/embed\/P8CbVJuD-pA\" width=\"640\" height=\"480\" frameborder=\"0\" allowfullscreen=\"allowfullscreen\"><br \/>\n<\/iframe><\/p>\n<\/div>        <\/div>\n          <\/div>\n<\/section>\n\n<section class=\"basic-content-module bg-bg-darkBlue text-text-default\">\n  <div class=\"px-xs py-md lg:py-2xl aniMe text-intro dark:!bg-transparent dark:!text-white text-left\">\n            <div class=\"mx-auto max-w-content basic-content-module__headline\"><h2 class='grayscale-overlay relative headline-element align-left text-h3 font-bold md:text-h3 mb-4 md:mb-sm z-0'>\n    \n    <span class='relative align-left text-h3 font-bold md:text-h3 mb-4 md:mb-sm z-0'>\n    <span class='absolute top-0 left-0 z-0 -translate-x-1\/2 -translate-y-1\/2 light w-[300px] h-[300px]'>\n    <svg class='w-full h-full ' xmlns='http:\/\/www.w3.org\/2000\/svg' width='542' height='542' viewBox='0 0 542 542' fill='none'>\n      <g filter='url(#filter0_f_569_1018)'>\n        <circle cx='271' cy='271' r='121' fill='#9AE8FF' fill-opacity='0.5'\/>\n      <\/g>\n      <defs>\n        <filter id='filter0_f_569_1018' x='0' y='0' width='542' height='542' filterUnits='userSpaceOnUse' color-interpolation-filters='sRGB'>\n          <feFlood flood-opacity='0' result='BackgroundImageFix'\/>\n          <feBlend mode='normal' in='SourceGraphic' in2='BackgroundImageFix' result='shape'\/>\n          <feGaussianBlur stdDeviation='75' result='effect1_foregroundBlur_569_1018'\/>\n        <\/filter>\n      <\/defs>\n    <\/svg>\n  <\/span>\n    Inszenierte Orte im 21. Festival of Lights:<\/span>\n    <\/h2><\/div>\n          <\/div>\n<\/section>\n\n<section class=\"bg-bg-darkBlue\">\n  <div class=\"cards-wall-section py-md dark:!bg-transparent dark:!text-white\">\n     \n\t\t\t\t<div class=\"cards-wall container max-w-screen-xl grid mx-auto md:grid-cols-2 lg:grid-cols-3 gap-3 lg:gap-5 px-sm\">\n\t\t\t\t\t\t\t\t\t<a href=\"https:\/\/festival-of-lights.de\/de\/programm-2025\/konzerthaus\/\" class=\"one-column relative cursor-pointer card-wrap aspect-[10\/16] aniMe\">\n\t\t\t\t\t\t<img decoding=\"async\" loading=\"lazy\" src=\"https:\/\/festival-of-lights.de\/wp-content\/uploads\/2025\/10\/Konzerthaus-neu.jpg\" class=\"object-cover object-center w-full h-full image \" alt=\"\">\t\t\t\t\t\t\t\t\t\t\t\t\t<div class=\"absolute inset-0 flex flex-col items-center justify-center invisible p-10 text-lg text-center text-white transition-all duration-500 ease-in-out delay-100 opacity-0 card-content font-primary bg-black\/0\" >\n\t\t\t\t\t\t\t\t <h2 class=\"text-h4 xl:text-h3\">1. Konzerthaus<\/h2> \t\t\t\t\t\t\t\t <p class=\"pt-md\">jeden Abend, au\u00dfer am 12.10. und 14.10.<br \/>\r\n<br>Fassadeninszenierung &#8222;die H\u00e4nde Berlins&#8220; <br \/>\r\n<br><br \/>\r\nGendarmenmarkt 2<br \/>\r\n10117 Berlin<\/p> \t\t\t\t\t\t\t\t\t\t\t\t\t\t\t<\/div>\n\t\t\t\t\t\t\t\t\t\t\t<\/a>\n\t\t\t\t\t\t\t\t\t\t<a href=\"https:\/\/festival-of-lights.de\/de\/programm-2025\/berliner-fernsehturm\/\" class=\"one-column relative cursor-pointer card-wrap aspect-[10\/16] aniMe\">\n\t\t\t\t\t\t<img decoding=\"async\" loading=\"lazy\" src=\"https:\/\/festival-of-lights.de\/wp-content\/uploads\/2025\/10\/Fernsehturm-neu.jpg\" class=\"object-cover object-center w-full h-full image \" alt=\"\">\t\t\t\t\t\t\t\t\t\t\t\t\t<div class=\"absolute inset-0 flex flex-col items-center justify-center invisible p-10 text-lg text-center text-white transition-all duration-500 ease-in-out delay-100 opacity-0 card-content font-primary bg-black\/0\" >\n\t\t\t\t\t\t\t\t <h2 class=\"text-h4 xl:text-h3\">2. Berliner Fernsehturm<\/h2> \t\t\t\t\t\t\t\t <p class=\"pt-md\">FOL Award 2025<br \/>\r\n3D-Videomapping Show <br \/>\r\n<br><br \/>\r\nPanorama\u00adstra\u00dfe 1A<br \/>\r\n10178 Berlin<\/p> \t\t\t\t\t\t\t\t\t\t\t\t\t\t\t<\/div>\n\t\t\t\t\t\t\t\t\t\t\t<\/a>\n\t\t\t\t\t\t\t\t\t\t<a href=\"https:\/\/festival-of-lights.de\/de\/programm-2025\/marienkirche-seite\/\" class=\"one-column relative cursor-pointer card-wrap aspect-[10\/16] aniMe\">\n\t\t\t\t\t\t<img decoding=\"async\" loading=\"lazy\" src=\"https:\/\/festival-of-lights.de\/wp-content\/uploads\/2025\/10\/03.jpg\" class=\"object-cover object-center w-full h-full image \" alt=\"\">\t\t\t\t\t\t\t\t\t\t\t\t\t<div class=\"absolute inset-0 flex flex-col items-center justify-center invisible p-10 text-lg text-center text-white transition-all duration-500 ease-in-out delay-100 opacity-0 card-content font-primary bg-black\/0\" >\n\t\t\t\t\t\t\t\t <h2 class=\"text-h4 xl:text-h3\">3. St. Marienkirche Seite<\/h2> \t\t\t\t\t\t\t\t <p class=\"pt-md\">K\u00fcnstlerische Architekturinszenierung<br \/>\r\n<br><br \/>\r\nKarl-Liebknecht-Stra\u00dfe 8<br \/>\r\n10178 Berlin<\/p> \t\t\t\t\t\t\t\t\t\t\t\t\t\t\t<\/div>\n\t\t\t\t\t\t\t\t\t\t\t<\/a>\n\t\t\t\t\t\t\t\t\t\t<a href=\"https:\/\/festival-of-lights.de\/de\/programm-2025\/marienkirche-seite-installation\/\" class=\"one-column relative cursor-pointer card-wrap aspect-[10\/16] aniMe\">\n\t\t\t\t\t\t<img decoding=\"async\" loading=\"lazy\" src=\"https:\/\/festival-of-lights.de\/wp-content\/uploads\/2024\/10\/0914_FoL2024_FH-scaled.jpg\" class=\"object-cover object-center w-full h-full image \" alt=\"\">\t\t\t\t\t\t\t\t\t\t\t\t\t<div class=\"absolute inset-0 flex flex-col items-center justify-center invisible p-10 text-lg text-center text-white transition-all duration-500 ease-in-out delay-100 opacity-0 card-content font-primary bg-black\/0\" >\n\t\t\t\t\t\t\t\t <h2 class=\"text-h4 xl:text-h3\">4. St. Marienkirche Seite (Installation)<\/h2> \t\t\t\t\t\t\t\t <p class=\"pt-md\">Installation &#8222;Unity&#8220;<br \/>\r\n<br><br \/>\r\nKarl-Liebknecht-Stra\u00dfe 8<br \/>\r\n10178 Berlin<\/p> \t\t\t\t\t\t\t\t\t\t\t\t\t\t\t<\/div>\n\t\t\t\t\t\t\t\t\t\t\t<\/a>\n\t\t\t\t\t\t\t\t\t\t<a href=\"https:\/\/festival-of-lights.de\/de\/programm-2025\/nikolaiviertel-rathausstrasse\/\" class=\"one-column relative cursor-pointer card-wrap aspect-[10\/16] aniMe\">\n\t\t\t\t\t\t<img decoding=\"async\" loading=\"lazy\" src=\"https:\/\/festival-of-lights.de\/wp-content\/uploads\/2025\/09\/nikolaiviertel1.jpg\" class=\"object-cover object-center w-full h-full image \" alt=\"\">\t\t\t\t\t\t\t\t\t\t\t\t\t<div class=\"absolute inset-0 flex flex-col items-center justify-center invisible p-10 text-lg text-center text-white transition-all duration-500 ease-in-out delay-100 opacity-0 card-content font-primary bg-black\/0\" >\n\t\t\t\t\t\t\t\t <h2 class=\"text-h4 xl:text-h3\">5. Nikolaiviertel &#8211; Rathausstra\u00dfe 17<\/h2> \t\t\t\t\t\t\t\t <p class=\"pt-md\">Videoinszenierung \u201eEinfach zauberhaft\u201c<br \/>\r\n<br><br \/>\r\nRathausstra\u00dfe 17<br \/>\r\n10178 Berlin<\/p> \t\t\t\t\t\t\t\t <p class=\"mt-auto\">Pr\u00e4sentiert von WBM<\/p> \t\t\t\t\t\t\t<\/div>\n\t\t\t\t\t\t\t\t\t\t\t<\/a>\n\t\t\t\t\t\t\t\t\t\t<a href=\"https:\/\/festival-of-lights.de\/de\/programm-2025\/nikolaiviertel-am-nussbaum\/\" class=\"one-column relative cursor-pointer card-wrap aspect-[10\/16] aniMe\">\n\t\t\t\t\t\t<img decoding=\"async\" loading=\"lazy\" src=\"https:\/\/festival-of-lights.de\/wp-content\/uploads\/2025\/09\/Am-Nussbaum1.jpg\" class=\"object-cover object-center w-full h-full image \" alt=\"\">\t\t\t\t\t\t\t\t\t\t\t\t\t<div class=\"absolute inset-0 flex flex-col items-center justify-center invisible p-10 text-lg text-center text-white transition-all duration-500 ease-in-out delay-100 opacity-0 card-content font-primary bg-black\/0\" >\n\t\t\t\t\t\t\t\t <h2 class=\"text-h4 xl:text-h3\">6. Nikolaiviertel &#8211; Am Nu\u00dfbaum<\/h2> \t\t\t\t\t\t\t\t <p class=\"pt-md\">Farbenfrohe Baumbeleuchtung<br \/>\r\n<br><br \/>\r\nam Nu\u00dfbaum<br \/>\r\n10178 Berlin<\/p> \t\t\t\t\t\t\t\t <p class=\"mt-auto\">Pr\u00e4sentiert von WBM<\/p> \t\t\t\t\t\t\t<\/div>\n\t\t\t\t\t\t\t\t\t\t\t<\/a>\n\t\t\t\t\t\t\t\t\t\t<a href=\"https:\/\/festival-of-lights.de\/de\/programm-2025\/nikolaiviertel-propststrasse-nikolaikirchplatz\/\" class=\"one-column relative cursor-pointer card-wrap aspect-[10\/16] aniMe\">\n\t\t\t\t\t\t<img decoding=\"async\" loading=\"lazy\" src=\"https:\/\/festival-of-lights.de\/wp-content\/uploads\/2025\/09\/Nikolaikirchplatz-Gruene-Flaeche1.jpg\" class=\"object-cover object-center w-full h-full image \" alt=\"\">\t\t\t\t\t\t\t\t\t\t\t\t\t<div class=\"absolute inset-0 flex flex-col items-center justify-center invisible p-10 text-lg text-center text-white transition-all duration-500 ease-in-out delay-100 opacity-0 card-content font-primary bg-black\/0\" >\n\t\t\t\t\t\t\t\t <h2 class=\"text-h4 xl:text-h3\">7. Nikolaiviertel &#8211; Propststra\u00dfe-Nikolaikirchplatz<\/h2> \t\t\t\t\t\t\t\t <p class=\"pt-md\">Installation &#8222;Luminary&#8220;<br \/>\r\n<br><br \/>\r\nPropststra\u00dfe (Gr\u00fcnfl\u00e4che neben der Kirche)<br \/>\r\n10178 Berlin<\/p> \t\t\t\t\t\t\t\t <p class=\"mt-auto\">Pr\u00e4sentiert von WBM<\/p> \t\t\t\t\t\t\t<\/div>\n\t\t\t\t\t\t\t\t\t\t\t<\/a>\n\t\t\t\t\t\t\t\t\t\t<a href=\"https:\/\/festival-of-lights.de\/de\/programme-2025\/nikolaiviertel-wappenbrunnen\/\" class=\"one-column relative cursor-pointer card-wrap aspect-[10\/16] aniMe\">\n\t\t\t\t\t\t<img decoding=\"async\" loading=\"lazy\" src=\"https:\/\/festival-of-lights.de\/wp-content\/uploads\/2025\/09\/Wappenbrunen2.jpg\" class=\"object-cover object-center w-full h-full image \" alt=\"\">\t\t\t\t\t\t\t\t\t\t\t\t\t<div class=\"absolute inset-0 flex flex-col items-center justify-center invisible p-10 text-lg text-center text-white transition-all duration-500 ease-in-out delay-100 opacity-0 card-content font-primary bg-black\/0\" >\n\t\t\t\t\t\t\t\t <h2 class=\"text-h4 xl:text-h3\">8. Nikolaiviertel &#8211; Wappenbrunnen &#038; Nikolaikirche<\/h2> \t\t\t\t\t\t\t\t <p class=\"pt-md\">Farbenfrohe Illumination<br \/>\r\n<br><br \/>\r\nNikolaikirchplatz<br \/>\r\n10178 Berlin<\/p> \t\t\t\t\t\t\t\t <p class=\"mt-auto\">Pr\u00e4sentiert von WBM<\/p> \t\t\t\t\t\t\t<\/div>\n\t\t\t\t\t\t\t\t\t\t\t<\/a>\n\t\t\t\t\t\t\t\t\t\t<a href=\"https:\/\/festival-of-lights.de\/de\/programm-2025\/nikolaiviertel-propststrasse\/\" class=\"one-column relative cursor-pointer card-wrap aspect-[10\/16] aniMe\">\n\t\t\t\t\t\t<img decoding=\"async\" loading=\"lazy\" src=\"https:\/\/festival-of-lights.de\/wp-content\/uploads\/2025\/09\/Propstrasse-Arkaden1.jpg\" class=\"object-cover object-center w-full h-full image \" alt=\"\">\t\t\t\t\t\t\t\t\t\t\t\t\t<div class=\"absolute inset-0 flex flex-col items-center justify-center invisible p-10 text-lg text-center text-white transition-all duration-500 ease-in-out delay-100 opacity-0 card-content font-primary bg-black\/0\" >\n\t\t\t\t\t\t\t\t <h2 class=\"text-h4 xl:text-h3\">9. Nikolaiviertel &#8211; Propststra\u00dfe<\/h2> \t\t\t\t\t\t\t\t <p class=\"pt-md\">Farbenfrohe Baumbeleuchtung<br \/>\r\n<br><br \/>\r\nPropststra\u00dfe<br \/>\r\n10178 Berlin<\/p> \t\t\t\t\t\t\t\t <p class=\"mt-auto\">Pr\u00e4sentiert von WBM<\/p> \t\t\t\t\t\t\t<\/div>\n\t\t\t\t\t\t\t\t\t\t\t<\/a>\n\t\t\t\t\t\t\t\t\t\t<a href=\"https:\/\/festival-of-lights.de\/de\/programm-2025\/nikolaiviertel-gerichtslaube\/\" class=\"one-column relative cursor-pointer card-wrap aspect-[10\/16] aniMe\">\n\t\t\t\t\t\t<img decoding=\"async\" loading=\"lazy\" src=\"https:\/\/festival-of-lights.de\/wp-content\/uploads\/2025\/10\/94.png\" class=\"object-cover object-center w-full h-full image \" alt=\"\">\t\t\t\t\t\t\t\t\t\t\t\t\t<div class=\"absolute inset-0 flex flex-col items-center justify-center invisible p-10 text-lg text-center text-white transition-all duration-500 ease-in-out delay-100 opacity-0 card-content font-primary bg-black\/0\" >\n\t\t\t\t\t\t\t\t <h2 class=\"text-h4 xl:text-h3\">10. Nikolaiviertel &#8211; Gerichtslaube<\/h2> \t\t\t\t\t\t\t\t <p class=\"pt-md\">Farbenfrohe Illumination<br \/>\r\n<br><br \/>\r\nPoststr. 28<br \/>\r\n10178 Berlin<\/p> \t\t\t\t\t\t\t\t <p class=\"mt-auto\">Pr\u00e4sentiert von WBM<\/p> \t\t\t\t\t\t\t<\/div>\n\t\t\t\t\t\t\t\t\t\t\t<\/a>\n\t\t\t\t\t\t\t\t\t\t<a href=\"https:\/\/festival-of-lights.de\/de\/programm-2025\/nikolaiviertel-fischer-und-lustig-biergarten\/\" class=\"one-column relative cursor-pointer card-wrap aspect-[10\/16] aniMe\">\n\t\t\t\t\t\t<img decoding=\"async\" loading=\"lazy\" src=\"https:\/\/festival-of-lights.de\/wp-content\/uploads\/2025\/10\/95.png\" class=\"object-cover object-center w-full h-full image \" alt=\"\">\t\t\t\t\t\t\t\t\t\t\t\t\t<div class=\"absolute inset-0 flex flex-col items-center justify-center invisible p-10 text-lg text-center text-white transition-all duration-500 ease-in-out delay-100 opacity-0 card-content font-primary bg-black\/0\" >\n\t\t\t\t\t\t\t\t <h2 class=\"text-h4 xl:text-h3\">11. Nikolaiviertel &#8211; Restaurant Fischer und Lustig<\/h2> \t\t\t\t\t\t\t\t <p class=\"pt-md\">Installation &#8222;Raupe&#8220;<br \/>\r\n<br><br \/>\r\nPoststr. 26<br \/>\r\n10178 Berlin<\/p> \t\t\t\t\t\t\t\t <p class=\"mt-auto\">Pr\u00e4sentiert von Fischer &#038; Lustig<\/p> \t\t\t\t\t\t\t<\/div>\n\t\t\t\t\t\t\t\t\t\t\t<\/a>\n\t\t\t\t\t\t\t\t\t\t<a href=\"https:\/\/festival-of-lights.de\/de\/programm-2025\/berliner-dom\/\" class=\"one-column relative cursor-pointer card-wrap aspect-[10\/16] aniMe\">\n\t\t\t\t\t\t<img decoding=\"async\" loading=\"lazy\" src=\"https:\/\/festival-of-lights.de\/wp-content\/uploads\/2025\/10\/Dom.png\" class=\"object-cover object-center w-full h-full image \" alt=\"\">\t\t\t\t\t\t\t\t\t\t\t\t\t<div class=\"absolute inset-0 flex flex-col items-center justify-center invisible p-10 text-lg text-center text-white transition-all duration-500 ease-in-out delay-100 opacity-0 card-content font-primary bg-black\/0\" >\n\t\t\t\t\t\t\t\t <h2 class=\"text-h4 xl:text-h3\">12. Berliner Dom<\/h2> \t\t\t\t\t\t\t\t <p class=\"pt-md\">FoL Award 2025<br \/>\r\nProjektionsinszenierung<br \/>\r\n<br><br \/>\r\nAm Lustgarten<br \/>\r\n10178 Berlin<\/p> \t\t\t\t\t\t\t\t\t\t\t\t\t\t\t<\/div>\n\t\t\t\t\t\t\t\t\t\t\t<\/a>\n\t\t\t\t\t\t\t\t\t\t<a href=\"https:\/\/festival-of-lights.de\/de\/programm-2025\/humboldt-universitaet\/\" class=\"one-column relative cursor-pointer card-wrap aspect-[10\/16] aniMe\">\n\t\t\t\t\t\t<img decoding=\"async\" loading=\"lazy\" src=\"https:\/\/festival-of-lights.de\/wp-content\/uploads\/2025\/10\/HU2.png\" class=\"object-cover object-center w-full h-full image \" alt=\"\">\t\t\t\t\t\t\t\t\t\t\t\t\t<div class=\"absolute inset-0 flex flex-col items-center justify-center invisible p-10 text-lg text-center text-white transition-all duration-500 ease-in-out delay-100 opacity-0 card-content font-primary bg-black\/0\" >\n\t\t\t\t\t\t\t\t <h2 class=\"text-h4 xl:text-h3\">13. Humboldt Universit\u00e4t<\/h2> \t\t\t\t\t\t\t\t <p class=\"pt-md\">Fassadeninszenierung<br \/>\r\n<br><br \/>\r\nUnter den Linden 6<br \/>\r\n10117 Berlin<\/p> \t\t\t\t\t\t\t\t <p class=\"mt-auto\">Pr\u00e4sentiert von Humboldt-Universit\u00e4t zu Berlin sowie Zagreb Tourist Board &#038; WWF<\/p> \t\t\t\t\t\t\t<\/div>\n\t\t\t\t\t\t\t\t\t\t\t<\/a>\n\t\t\t\t\t\t\t\t\t\t<a href=\"https:\/\/festival-of-lights.de\/de\/programm-2025\/staatsoper\/\" class=\"one-column relative cursor-pointer card-wrap aspect-[10\/16] aniMe\">\n\t\t\t\t\t\t<img decoding=\"async\" loading=\"lazy\" src=\"https:\/\/festival-of-lights.de\/wp-content\/uploads\/2025\/10\/Programm-Kachel1.png\" class=\"object-cover object-center w-full h-full image \" alt=\"\">\t\t\t\t\t\t\t\t\t\t\t\t\t<div class=\"absolute inset-0 flex flex-col items-center justify-center invisible p-10 text-lg text-center text-white transition-all duration-500 ease-in-out delay-100 opacity-0 card-content font-primary bg-black\/0\" >\n\t\t\t\t\t\t\t\t <h2 class=\"text-h4 xl:text-h3\">14. Staatsoper Unter den Linden<\/h2> \t\t\t\t\t\t\t\t <p class=\"pt-md\">Architekturinszenierung<br \/>\r\n<br><br \/>\r\nUnter den Linden 7<br \/>\r\n10117 Berlin<\/p> \t\t\t\t\t\t\t\t\t\t\t\t\t\t\t<\/div>\n\t\t\t\t\t\t\t\t\t\t\t<\/a>\n\t\t\t\t\t\t\t\t\t\t<a href=\"https:\/\/festival-of-lights.de\/de\/programm-2025\/hedwigs-kathedrale\/\" class=\"one-column relative cursor-pointer card-wrap aspect-[10\/16] aniMe\">\n\t\t\t\t\t\t<img decoding=\"async\" loading=\"lazy\" src=\"https:\/\/festival-of-lights.de\/wp-content\/uploads\/2025\/10\/St-Hed.png\" class=\"object-cover object-center w-full h-full image \" alt=\"\">\t\t\t\t\t\t\t\t\t\t\t\t\t<div class=\"absolute inset-0 flex flex-col items-center justify-center invisible p-10 text-lg text-center text-white transition-all duration-500 ease-in-out delay-100 opacity-0 card-content font-primary bg-black\/0\" >\n\t\t\t\t\t\t\t\t <h2 class=\"text-h4 xl:text-h3\">15. Sankt Hedwigs-Kathedrale<\/h2> \t\t\t\t\t\t\t\t <p class=\"pt-md\">Architekturinszenierung<br \/>\r\n<br><br \/>\r\nBebelplatz<br \/>\r\n10117 Berlin<\/p> \t\t\t\t\t\t\t\t <p class=\"mt-auto\">Pr\u00e4sentiert von Metropolitankapitel bei Sankt Hedwig<\/p> \t\t\t\t\t\t\t<\/div>\n\t\t\t\t\t\t\t\t\t\t\t<\/a>\n\t\t\t\t\t\t\t\t\t\t<a href=\"https:\/\/festival-of-lights.de\/de\/programm-2025\/hotel-de-rome-behren-palais\/\" class=\"one-column relative cursor-pointer card-wrap aspect-[10\/16] aniMe\">\n\t\t\t\t\t\t<img decoding=\"async\" loading=\"lazy\" src=\"https:\/\/festival-of-lights.de\/wp-content\/uploads\/2025\/10\/113.jpg\" class=\"object-cover object-center w-full h-full image \" alt=\"\">\t\t\t\t\t\t\t\t\t\t\t\t\t<div class=\"absolute inset-0 flex flex-col items-center justify-center invisible p-10 text-lg text-center text-white transition-all duration-500 ease-in-out delay-100 opacity-0 card-content font-primary bg-black\/0\" >\n\t\t\t\t\t\t\t\t <h2 class=\"text-h4 xl:text-h3\">16. Hotel de Rome &#038; Behren Palais<\/h2> \t\t\t\t\t\t\t\t <p class=\"pt-md\">FOL Award 2025<br \/>\r\n3D-Videomapping Show <br \/>\r\n<br><br \/>\r\nBehrenstrasse 37<br \/>\r\n10117 Berlin<\/p> \t\t\t\t\t\t\t\t\t\t\t\t\t\t\t<\/div>\n\t\t\t\t\t\t\t\t\t\t\t<\/a>\n\t\t\t\t\t\t\t\t\t\t<a href=\"https:\/\/festival-of-lights.de\/de\/programm-2024\/juristische-fakultaet-der-humboldt-universitaet\/\" class=\"one-column relative cursor-pointer card-wrap aspect-[10\/16] aniMe\">\n\t\t\t\t\t\t<img decoding=\"async\" loading=\"lazy\" src=\"https:\/\/festival-of-lights.de\/wp-content\/uploads\/2025\/10\/JU.png\" class=\"object-cover object-center w-full h-full image \" alt=\"\">\t\t\t\t\t\t\t\t\t\t\t\t\t<div class=\"absolute inset-0 flex flex-col items-center justify-center invisible p-10 text-lg text-center text-white transition-all duration-500 ease-in-out delay-100 opacity-0 card-content font-primary bg-black\/0\" >\n\t\t\t\t\t\t\t\t <h2 class=\"text-h4 xl:text-h3\">17. Juristische Fakult\u00e4t HU<\/h2> \t\t\t\t\t\t\t\t <p class=\"pt-md\">Architekturinszenierung<br \/>\r\n<br><br \/>\r\nBebelplatz 2<br \/>\r\n10117 Berlin<\/p> \t\t\t\t\t\t\t\t\t\t\t\t\t\t\t<\/div>\n\t\t\t\t\t\t\t\t\t\t\t<\/a>\n\t\t\t\t\t\t\t\t\t\t<a href=\"https:\/\/festival-of-lights.de\/de\/programm-2025\/rausch-schokoladenhaus\/\" class=\"one-column relative cursor-pointer card-wrap aspect-[10\/16] aniMe\">\n\t\t\t\t\t\t<img decoding=\"async\" loading=\"lazy\" src=\"https:\/\/festival-of-lights.de\/wp-content\/uploads\/2025\/10\/96.png\" class=\"object-cover object-center w-full h-full image \" alt=\"\">\t\t\t\t\t\t\t\t\t\t\t\t\t<div class=\"absolute inset-0 flex flex-col items-center justify-center invisible p-10 text-lg text-center text-white transition-all duration-500 ease-in-out delay-100 opacity-0 card-content font-primary bg-black\/0\" >\n\t\t\t\t\t\t\t\t <h2 class=\"text-h4 xl:text-h3\">18. Rausch Schokoladenhaus<\/h2> \t\t\t\t\t\t\t\t <p class=\"pt-md\">Fassadeninszenierung<br \/>\r\n<br><br \/>\r\nCharlottenstr. 60<br \/>\r\n10117 Berlin<\/p> \t\t\t\t\t\t\t\t <p class=\"mt-auto\">Pr\u00e4sentiert von Rausch<\/p> \t\t\t\t\t\t\t<\/div>\n\t\t\t\t\t\t\t\t\t\t\t<\/a>\n\t\t\t\t\t\t\t\t\t\t<a href=\"https:\/\/festival-of-lights.de\/de\/programm-2025\/brandenburger-tor\/\" class=\"one-column relative cursor-pointer card-wrap aspect-[10\/16] aniMe\">\n\t\t\t\t\t\t<img decoding=\"async\" loading=\"lazy\" src=\"https:\/\/festival-of-lights.de\/wp-content\/uploads\/2025\/10\/114.jpg\" class=\"object-cover object-center w-full h-full image \" alt=\"\">\t\t\t\t\t\t\t\t\t\t\t\t\t<div class=\"absolute inset-0 flex flex-col items-center justify-center invisible p-10 text-lg text-center text-white transition-all duration-500 ease-in-out delay-100 opacity-0 card-content font-primary bg-black\/0\" >\n\t\t\t\t\t\t\t\t <h2 class=\"text-h4 xl:text-h3\">19. Brandenburger Tor<\/h2> \t\t\t\t\t\t\t\t <p class=\"pt-md\">FOL Award 2025<br \/>\r\n3D-Videomapping Show <br \/>\r\n<br><br \/>\r\nPariser Platz<br \/>\r\n10117 Berlin<\/p> \t\t\t\t\t\t\t\t\t\t\t\t\t\t\t<\/div>\n\t\t\t\t\t\t\t\t\t\t\t<\/a>\n\t\t\t\t\t\t\t\t\t\t<a href=\"https:\/\/festival-of-lights.de\/de\/programm-2025\/p5\/\" class=\"one-column relative cursor-pointer card-wrap aspect-[10\/16] aniMe\">\n\t\t\t\t\t\t<img decoding=\"async\" loading=\"lazy\" src=\"https:\/\/festival-of-lights.de\/wp-content\/uploads\/2025\/10\/P5-Neu.png\" class=\"object-cover object-center w-full h-full image \" alt=\"\">\t\t\t\t\t\t\t\t\t\t\t\t\t<div class=\"absolute inset-0 flex flex-col items-center justify-center invisible p-10 text-lg text-center text-white transition-all duration-500 ease-in-out delay-100 opacity-0 card-content font-primary bg-black\/0\" >\n\t\t\t\t\t\t\t\t <h2 class=\"text-h4 xl:text-h3\">20. P5<\/h2> \t\t\t\t\t\t\t\t <p class=\"pt-md\">Fassadeninszenierung<br \/>\r\n<br><br \/>\r\nPotsdamer Str. 5<br \/>\r\n10785 Berlin<\/p> \t\t\t\t\t\t\t\t\t\t\t\t\t\t\t<\/div>\n\t\t\t\t\t\t\t\t\t\t\t<\/a>\n\t\t\t\t\t\t\t\t\t\t<a href=\"https:\/\/festival-of-lights.de\/de\/programm-2025\/ritz-carlton\/\" class=\"one-column relative cursor-pointer card-wrap aspect-[10\/16] aniMe\">\n\t\t\t\t\t\t<img decoding=\"async\" loading=\"lazy\" src=\"https:\/\/festival-of-lights.de\/wp-content\/uploads\/2025\/10\/Ritz-Carlton-Neu.png\" class=\"object-cover object-center w-full h-full image \" alt=\"\">\t\t\t\t\t\t\t\t\t\t\t\t\t<div class=\"absolute inset-0 flex flex-col items-center justify-center invisible p-10 text-lg text-center text-white transition-all duration-500 ease-in-out delay-100 opacity-0 card-content font-primary bg-black\/0\" >\n\t\t\t\t\t\t\t\t <h2 class=\"text-h4 xl:text-h3\">21. The Ritz Carlton, Berlin<\/h2> \t\t\t\t\t\t\t\t <p class=\"pt-md\">Fassadeninszenierung<br \/>\r\n<br><br \/>\r\nPotsdamer Platz 3<br \/>\r\n10785 Berlin<\/p> \t\t\t\t\t\t\t\t <p class=\"mt-auto\">Pr\u00e4sentiert von Immago Rent AG (Beisheim Gruppe)<\/p> \t\t\t\t\t\t\t<\/div>\n\t\t\t\t\t\t\t\t\t\t\t<\/a>\n\t\t\t\t\t\t\t\t\t\t<a href=\"https:\/\/festival-of-lights.de\/de\/programm-2025\/kollhoff-tower\/\" class=\"one-column relative cursor-pointer card-wrap aspect-[10\/16] aniMe\">\n\t\t\t\t\t\t<img decoding=\"async\" loading=\"lazy\" src=\"https:\/\/festival-of-lights.de\/wp-content\/uploads\/2025\/10\/Kollhoff.png\" class=\"object-cover object-center w-full h-full image \" alt=\"\">\t\t\t\t\t\t\t\t\t\t\t\t\t<div class=\"absolute inset-0 flex flex-col items-center justify-center invisible p-10 text-lg text-center text-white transition-all duration-500 ease-in-out delay-100 opacity-0 card-content font-primary bg-black\/0\" >\n\t\t\t\t\t\t\t\t <h2 class=\"text-h4 xl:text-h3\">22. Kollhoff-Tower<\/h2> \t\t\t\t\t\t\t\t <p class=\"pt-md\">Fassadeninszenierung<br \/>\r\n<br><br \/>\r\nPotsdamer Platz 1<br \/>\r\n10785 Berlin<\/p> \t\t\t\t\t\t\t\t <p class=\"mt-auto\">Pr\u00e4sentiert von Potsdamer Platz<\/p> \t\t\t\t\t\t\t<\/div>\n\t\t\t\t\t\t\t\t\t\t\t<\/a>\n\t\t\t\t\t\t\t\t\t\t<a href=\"https:\/\/festival-of-lights.de\/de\/programm-2025\/forum-tower\/\" class=\"one-column relative cursor-pointer card-wrap aspect-[10\/16] aniMe\">\n\t\t\t\t\t\t<img decoding=\"async\" loading=\"lazy\" src=\"https:\/\/festival-of-lights.de\/wp-content\/uploads\/2025\/10\/IMG_0993-scaled.jpg\" class=\"object-cover object-center w-full h-full image \" alt=\"\">\t\t\t\t\t\t\t\t\t\t\t\t\t<div class=\"absolute inset-0 flex flex-col items-center justify-center invisible p-10 text-lg text-center text-white transition-all duration-500 ease-in-out delay-100 opacity-0 card-content font-primary bg-black\/0\" >\n\t\t\t\t\t\t\t\t <h2 class=\"text-h4 xl:text-h3\">23. Forum Tower <\/h2> \t\t\t\t\t\t\t\t <p class=\"pt-md\">Fassadeninszenierung<br \/>\r\n<br><br \/>\r\nPotsdamer Platz 11<br \/>\r\n10785 Berlin<\/p> \t\t\t\t\t\t\t\t <p class=\"mt-auto\">Pr\u00e4sentiert von Potsdamer Platz<\/p> \t\t\t\t\t\t\t<\/div>\n\t\t\t\t\t\t\t\t\t\t\t<\/a>\n\t\t\t\t\t\t\t\t\t\t<a href=\"https:\/\/festival-of-lights.de\/de\/programm-2025\/potsdamer-platz-bodenprojektion\/\" class=\"one-column relative cursor-pointer card-wrap aspect-[10\/16] aniMe\">\n\t\t\t\t\t\t<img decoding=\"async\" loading=\"lazy\" src=\"https:\/\/festival-of-lights.de\/wp-content\/uploads\/2025\/10\/Potsdamer-Boden.png\" class=\"object-cover object-center w-full h-full image \" alt=\"\">\t\t\t\t\t\t\t\t\t\t\t\t\t<div class=\"absolute inset-0 flex flex-col items-center justify-center invisible p-10 text-lg text-center text-white transition-all duration-500 ease-in-out delay-100 opacity-0 card-content font-primary bg-black\/0\" >\n\t\t\t\t\t\t\t\t <h2 class=\"text-h4 xl:text-h3\">24. Potsdamer Platz<\/h2> \t\t\t\t\t\t\t\t <p class=\"pt-md\">Bodenprojektion<br \/>\r\n<br><br \/>\r\nPotsdamer Platz<br \/>\r\n10785 Berlin<\/p> \t\t\t\t\t\t\t\t <p class=\"mt-auto\">Pr\u00e4sentiert von Potsdamer Platz<\/p> \t\t\t\t\t\t\t<\/div>\n\t\t\t\t\t\t\t\t\t\t\t<\/a>\n\t\t\t\t\t\t\t\t\t\t<a href=\"https:\/\/festival-of-lights.de\/de\/programm-2025\/alte-potsdamer-strasse-strassenzug\/\" class=\"one-column relative cursor-pointer card-wrap aspect-[10\/16] aniMe\">\n\t\t\t\t\t\t<img decoding=\"async\" loading=\"lazy\" src=\"https:\/\/festival-of-lights.de\/wp-content\/uploads\/2025\/09\/alte-potsdamer.png\" class=\"object-cover object-center w-full h-full image \" alt=\"\">\t\t\t\t\t\t\t\t\t\t\t\t\t<div class=\"absolute inset-0 flex flex-col items-center justify-center invisible p-10 text-lg text-center text-white transition-all duration-500 ease-in-out delay-100 opacity-0 card-content font-primary bg-black\/0\" >\n\t\t\t\t\t\t\t\t <h2 class=\"text-h4 xl:text-h3\">25. Alte Potsdamer Stra\u00dfe<\/h2> \t\t\t\t\t\t\t\t <p class=\"pt-md\">Licht &#038; Sound Installation<br \/>\r\n<br><br \/>\r\nAlte Potsdamer Stra\u00dfe<br \/>\r\n10785 Berlin<\/p> \t\t\t\t\t\t\t\t <p class=\"mt-auto\">Pr\u00e4sentiert von Potsdamer Platz<\/p> \t\t\t\t\t\t\t<\/div>\n\t\t\t\t\t\t\t\t\t\t\t<\/a>\n\t\t\t\t\t\t\t\t\t\t<a href=\"https:\/\/festival-of-lights.de\/de\/programm-2025\/haus-huth-tunnel\/\" class=\"one-column relative cursor-pointer card-wrap aspect-[10\/16] aniMe\">\n\t\t\t\t\t\t<img decoding=\"async\" loading=\"lazy\" src=\"https:\/\/festival-of-lights.de\/wp-content\/uploads\/2025\/10\/Huth-Tunnel.png\" class=\"object-cover object-center w-full h-full image \" alt=\"\">\t\t\t\t\t\t\t\t\t\t\t\t\t<div class=\"absolute inset-0 flex flex-col items-center justify-center invisible p-10 text-lg text-center text-white transition-all duration-500 ease-in-out delay-100 opacity-0 card-content font-primary bg-black\/0\" >\n\t\t\t\t\t\t\t\t <h2 class=\"text-h4 xl:text-h3\">26. Haus Huth &#8211; Tunnel<\/h2> \t\t\t\t\t\t\t\t <p class=\"pt-md\">Schwarzlichttunnel<br \/>\r\n<br><br \/>\r\nLinkstra\u00dfe 2<br \/>\r\n10785 Berlin<\/p> \t\t\t\t\t\t\t\t <p class=\"mt-auto\">Pr\u00e4sentiert von Potsdamer Platz<\/p> \t\t\t\t\t\t\t<\/div>\n\t\t\t\t\t\t\t\t\t\t\t<\/a>\n\t\t\t\t\t\t\t\t\t\t<a href=\"https:\/\/festival-of-lights.de\/de\/programm-2025\/the-playce\/\" class=\"one-column relative cursor-pointer card-wrap aspect-[10\/16] aniMe\">\n\t\t\t\t\t\t<img decoding=\"async\" loading=\"lazy\" src=\"https:\/\/festival-of-lights.de\/wp-content\/uploads\/2025\/10\/The-Playce.png\" class=\"object-cover object-center w-full h-full image \" alt=\"\">\t\t\t\t\t\t\t\t\t\t\t\t\t<div class=\"absolute inset-0 flex flex-col items-center justify-center invisible p-10 text-lg text-center text-white transition-all duration-500 ease-in-out delay-100 opacity-0 card-content font-primary bg-black\/0\" >\n\t\t\t\t\t\t\t\t <h2 class=\"text-h4 xl:text-h3\">27. The Playce<\/h2> \t\t\t\t\t\t\t\t <p class=\"pt-md\">Installation &#8222;With Love from Berlin&#8220;<br \/>\r\n<br><br \/>\r\nAlte Potsdamer Stra\u00dfe 7<br \/>\r\n10785 Berlin<\/p> \t\t\t\t\t\t\t\t <p class=\"mt-auto\">Pr\u00e4sentiert von Potsdamer Platz<\/p> \t\t\t\t\t\t\t<\/div>\n\t\t\t\t\t\t\t\t\t\t\t<\/a>\n\t\t\t\t\t\t\t\t\t\t<a href=\"https:\/\/festival-of-lights.de\/de\/programm-2025\/piano-see\/\" class=\"one-column relative cursor-pointer card-wrap aspect-[10\/16] aniMe\">\n\t\t\t\t\t\t<img decoding=\"async\" loading=\"lazy\" src=\"https:\/\/festival-of-lights.de\/wp-content\/uploads\/2025\/10\/Piano-.png\" class=\"object-cover object-center w-full h-full image \" alt=\"\">\t\t\t\t\t\t\t\t\t\t\t\t\t<div class=\"absolute inset-0 flex flex-col items-center justify-center invisible p-10 text-lg text-center text-white transition-all duration-500 ease-in-out delay-100 opacity-0 card-content font-primary bg-black\/0\" >\n\t\t\t\t\t\t\t\t <h2 class=\"text-h4 xl:text-h3\">28. Piano-See<\/h2> \t\t\t\t\t\t\t\t <p class=\"pt-md\">3D-Wasserprojektion<br \/>\r\n<br><br \/>\r\nTheaterufer (Reichpietschufer)<br \/>\r\n10785 Berlin<\/p> \t\t\t\t\t\t\t\t <p class=\"mt-auto\">Pr\u00e4sentiert von Potsdamer Platz<\/p> \t\t\t\t\t\t\t<\/div>\n\t\t\t\t\t\t\t\t\t\t\t<\/a>\n\t\t\t\t\t\t\t\t\t\t<a href=\"https:\/\/festival-of-lights.de\/de\/programm-2025\/das-center-am-potsdamer-platz\/\" class=\"one-column relative cursor-pointer card-wrap aspect-[10\/16] aniMe\">\n\t\t\t\t\t\t<img decoding=\"async\" loading=\"lazy\" src=\"https:\/\/festival-of-lights.de\/wp-content\/uploads\/2025\/10\/Programm-Kachel2.png\" class=\"object-cover object-center w-full h-full image \" alt=\"\">\t\t\t\t\t\t\t\t\t\t\t\t\t<div class=\"absolute inset-0 flex flex-col items-center justify-center invisible p-10 text-lg text-center text-white transition-all duration-500 ease-in-out delay-100 opacity-0 card-content font-primary bg-black\/0\" >\n\t\t\t\t\t\t\t\t <h2 class=\"text-h4 xl:text-h3\">29. Das Center am Potsdamer Platz<\/h2> \t\t\t\t\t\t\t\t <p class=\"pt-md\">Installations &#8222;Bezerker&#8220;, &#8222;Howler&#8220; &#038; &#8222;Snapper&#8220;<br \/>\r\n<br><br \/>\r\nPotsdamer Str. 2<br \/>\r\n10785 Berlin<\/p> \t\t\t\t\t\t\t\t <p class=\"mt-auto\">Pr\u00e4sentiert von Das Center am Potsdamer Platz<\/p> \t\t\t\t\t\t\t<\/div>\n\t\t\t\t\t\t\t\t\t\t\t<\/a>\n\t\t\t\t\t\t\t\t\t\t<a href=\"https:\/\/festival-of-lights.de\/de\/programm-2025\/kadewe\/\" class=\"one-column relative cursor-pointer card-wrap aspect-[10\/16] aniMe\">\n\t\t\t\t\t\t<img decoding=\"async\" loading=\"lazy\" src=\"https:\/\/festival-of-lights.de\/wp-content\/uploads\/2025\/10\/97.png\" class=\"object-cover object-center w-full h-full image \" alt=\"\">\t\t\t\t\t\t\t\t\t\t\t\t\t<div class=\"absolute inset-0 flex flex-col items-center justify-center invisible p-10 text-lg text-center text-white transition-all duration-500 ease-in-out delay-100 opacity-0 card-content font-primary bg-black\/0\" >\n\t\t\t\t\t\t\t\t <h2 class=\"text-h4 xl:text-h3\">30. Kaufhaus des Westens (KaDeWe)<\/h2> \t\t\t\t\t\t\t\t <p class=\"pt-md\">3D-Videomapping<br \/>\r\n<br><br \/>\r\nTauentzienstra\u00dfe 21-24<br \/>\r\n10789 Berlin<\/p> \t\t\t\t\t\t\t\t <p class=\"mt-auto\">Pr\u00e4sentiert von Armani beauty<\/p> \t\t\t\t\t\t\t<\/div>\n\t\t\t\t\t\t\t\t\t\t\t<\/a>\n\t\t\t\t\t\t\t\t\t\t<a href=\"https:\/\/festival-of-lights.de\/de\/programm-2025\/handwerkskammer-berlin\/\" class=\"one-column relative cursor-pointer card-wrap aspect-[10\/16] aniMe\">\n\t\t\t\t\t\t<img decoding=\"async\" loading=\"lazy\" src=\"https:\/\/festival-of-lights.de\/wp-content\/uploads\/2025\/10\/HWK1.jpg\" class=\"object-cover object-center w-full h-full image \" alt=\"\">\t\t\t\t\t\t\t\t\t\t\t\t\t<div class=\"absolute inset-0 flex flex-col items-center justify-center invisible p-10 text-lg text-center text-white transition-all duration-500 ease-in-out delay-100 opacity-0 card-content font-primary bg-black\/0\" >\n\t\t\t\t\t\t\t\t <h2 class=\"text-h4 xl:text-h3\">31. Handwerkskammer Berlin<\/h2> \t\t\t\t\t\t\t\t <p class=\"pt-md\">Fassadeninszenierung<br \/>\r\n<br><br \/>\r\nMehringdamm 14<br \/>\r\n10961 Berlin<\/p> \t\t\t\t\t\t\t\t <p class=\"mt-auto\">Pr\u00e4sentiert von Handwerkskammer Berlin<\/p> \t\t\t\t\t\t\t<\/div>\n\t\t\t\t\t\t\t\t\t\t\t<\/a>\n\t\t\t\t\t\t\t\t\t\t<a href=\"https:\/\/festival-of-lights.de\/de\/programm-2025\/siegessaule\/\" class=\"one-column relative cursor-pointer card-wrap aspect-[10\/16] aniMe\">\n\t\t\t\t\t\t<img decoding=\"async\" loading=\"lazy\" src=\"https:\/\/festival-of-lights.de\/wp-content\/uploads\/2025\/10\/Siegessaeule.jpg\" class=\"object-cover object-center w-full h-full image \" alt=\"\">\t\t\t\t\t\t\t\t\t\t\t\t\t<div class=\"absolute inset-0 flex flex-col items-center justify-center invisible p-10 text-lg text-center text-white transition-all duration-500 ease-in-out delay-100 opacity-0 card-content font-primary bg-black\/0\" >\n\t\t\t\t\t\t\t\t <h2 class=\"text-h4 xl:text-h3\">32. Siegess\u00e4ule<\/h2> \t\t\t\t\t\t\t\t <p class=\"pt-md\">3D-Videomapping Show <br \/>\r\n<br><br \/>\r\nGro\u00dfer Stern<br \/>\r\n10557 Berlin<\/p> \t\t\t\t\t\t\t\t\t\t\t\t\t\t\t<\/div>\n\t\t\t\t\t\t\t\t\t\t\t<\/a>\n\t\t\t\t\t\t\t\t\t\t<a href=\"https:\/\/festival-of-lights.de\/de\/programm-2025\/schloss-charlottenburg\/\" class=\"one-column relative cursor-pointer card-wrap aspect-[10\/16] aniMe\">\n\t\t\t\t\t\t<img decoding=\"async\" loading=\"lazy\" src=\"https:\/\/festival-of-lights.de\/wp-content\/uploads\/2025\/10\/SC-neu.jpg\" class=\"object-cover object-center w-full h-full image \" alt=\"\">\t\t\t\t\t\t\t\t\t\t\t\t\t<div class=\"absolute inset-0 flex flex-col items-center justify-center invisible p-10 text-lg text-center text-white transition-all duration-500 ease-in-out delay-100 opacity-0 card-content font-primary bg-black\/0\" >\n\t\t\t\t\t\t\t\t <h2 class=\"text-h4 xl:text-h3\">33. Schloss Charlottenburg<\/h2> \t\t\t\t\t\t\t\t <p class=\"pt-md\">FOL Award 2025<br \/>\r\n3D-Videomapping Show <br \/>\r\n<br><br \/>\r\nSpandauer Damm 10-22<br \/>\r\n14059 Berlin<\/p> \t\t\t\t\t\t\t\t <p class=\"mt-auto\">Pr\u00e4sentiert von Bezirksamt Chartlottenburg Wilmersdorf<\/p> \t\t\t\t\t\t\t<\/div>\n\t\t\t\t\t\t\t\t\t\t\t<\/a>\n\t\t\t\t\t\t\t\t\t\t<a href=\"https:\/\/festival-of-lights.de\/de\/programm-2025\/oberbaumbruecke\/\" class=\"one-column relative cursor-pointer card-wrap aspect-[10\/16] aniMe\">\n\t\t\t\t\t\t<img decoding=\"async\" loading=\"lazy\" src=\"https:\/\/festival-of-lights.de\/wp-content\/uploads\/2025\/10\/Programm-Kachel4.png\" class=\"object-cover object-center w-full h-full image \" alt=\"\">\t\t\t\t\t\t\t\t\t\t\t\t\t<div class=\"absolute inset-0 flex flex-col items-center justify-center invisible p-10 text-lg text-center text-white transition-all duration-500 ease-in-out delay-100 opacity-0 card-content font-primary bg-black\/0\" >\n\t\t\t\t\t\t\t\t <h2 class=\"text-h4 xl:text-h3\">34. Oberbaumbr\u00fccke<\/h2> \t\t\t\t\t\t\t\t <p class=\"pt-md\">3D-Videomapping Show <br \/>\r\n<br><br \/>\r\nOberbaumbr\u00fccke<br \/>\r\n10243 Berlin<\/p> \t\t\t\t\t\t\t\t <p class=\"mt-auto\">Pr\u00e4sentiert von WICKED: TEIL 2<\/p> \t\t\t\t\t\t\t<\/div>\n\t\t\t\t\t\t\t\t\t\t\t<\/a>\n\t\t\t\t\t\t\t\t\t\t<a href=\"https:\/\/festival-of-lights.de\/de\/programm-2025\/thf-tower\/\" class=\"one-column relative cursor-pointer card-wrap aspect-[10\/16] aniMe\">\n\t\t\t\t\t\t<img decoding=\"async\" loading=\"lazy\" src=\"https:\/\/festival-of-lights.de\/wp-content\/uploads\/2025\/10\/98.png\" class=\"object-cover object-center w-full h-full image \" alt=\"\">\t\t\t\t\t\t\t\t\t\t\t\t\t<div class=\"absolute inset-0 flex flex-col items-center justify-center invisible p-10 text-lg text-center text-white transition-all duration-500 ease-in-out delay-100 opacity-0 card-content font-primary bg-black\/0\" >\n\t\t\t\t\t\t\t\t <h2 class=\"text-h4 xl:text-h3\">35. THF TOWER<\/h2> \t\t\t\t\t\t\t\t <p class=\"pt-md\">3D Videomapping<br \/>\r\n<br><br \/>\r\nTempelhofer Damm 45<br \/>\r\n12101 Berlin<\/p> \t\t\t\t\t\t\t\t <p class=\"mt-auto\">Pr\u00e4sentiert von THF\/Tempelhof Projekt GmbH<\/p> \t\t\t\t\t\t\t<\/div>\n\t\t\t\t\t\t\t\t\t\t\t<\/a>\n\t\t\t\t\t\t\t\t\t\t<a href=\"\" class=\"one-column relative cursor-pointer card-wrap aspect-[10\/16] aniMe\">\n\t\t\t\t\t\t<img decoding=\"async\" loading=\"lazy\" src=\"https:\/\/festival-of-lights.de\/wp-content\/uploads\/2025\/09\/Funkturm-1.png\" class=\"object-cover object-center w-full h-full image \" alt=\"\">\t\t\t\t\t\t\t\t\t\t\t\t\t<div class=\"absolute inset-0 flex flex-col items-center justify-center invisible p-10 text-lg text-center text-white transition-all duration-500 ease-in-out delay-100 opacity-0 card-content font-primary bg-black\/0\" >\n\t\t\t\t\t\t\t\t <h2 class=\"text-h4 xl:text-h3\">36. Funkturm<\/h2> \t\t\t\t\t\t\t\t <p class=\"pt-md\">Illumination<br \/>\r\n<br><br \/>\r\nMessedamm 22<br \/>\r\n14055 Berlin<\/p> \t\t\t\t\t\t\t\t <p class=\"mt-auto\">Pr\u00e4sentiert von Messe Berlin<\/p> \t\t\t\t\t\t\t<\/div>\n\t\t\t\t\t\t\t\t\t\t\t<\/a>\n\t\t\t\t\t\t\t\t\t\t<a href=\"https:\/\/festival-of-lights.de\/de\/programm-2025\/platz-der-vereinten-nationen\/\" class=\"one-column relative cursor-pointer card-wrap aspect-[10\/16] aniMe\">\n\t\t\t\t\t\t<img decoding=\"async\" loading=\"lazy\" src=\"https:\/\/festival-of-lights.de\/wp-content\/uploads\/2025\/10\/54-1.png\" class=\"object-cover object-center w-full h-full image \" alt=\"\">\t\t\t\t\t\t\t\t\t\t\t\t\t<div class=\"absolute inset-0 flex flex-col items-center justify-center invisible p-10 text-lg text-center text-white transition-all duration-500 ease-in-out delay-100 opacity-0 card-content font-primary bg-black\/0\" >\n\t\t\t\t\t\t\t\t <h2 class=\"text-h4 xl:text-h3\">37. Platz der Vereinten Nationen<\/h2> \t\t\t\t\t\t\t\t <p class=\"pt-md\">K\u00fcnstlerische Beleuchtung<br \/>\r\n<br><br \/>\r\nPlatz der Vereinten Nationen<br \/>\r\n10249 Berlin<\/p> \t\t\t\t\t\t\t\t <p class=\"mt-auto\">Pr\u00e4sentiert von WBM<\/p> \t\t\t\t\t\t\t<\/div>\n\t\t\t\t\t\t\t\t\t\t\t<\/a>\n\t\t\t\t\t\t\t\t\t\t<a href=\"https:\/\/festival-of-lights.de\/de\/programm-2025\/rathauspark-lichtenberg\/\" class=\"one-column relative cursor-pointer card-wrap aspect-[10\/16] aniMe\">\n\t\t\t\t\t\t<img decoding=\"async\" loading=\"lazy\" src=\"https:\/\/festival-of-lights.de\/wp-content\/uploads\/2025\/09\/42.png\" class=\"object-cover object-center w-full h-full image \" alt=\"\">\t\t\t\t\t\t\t\t\t\t\t\t\t<div class=\"absolute inset-0 flex flex-col items-center justify-center invisible p-10 text-lg text-center text-white transition-all duration-500 ease-in-out delay-100 opacity-0 card-content font-primary bg-black\/0\" >\n\t\t\t\t\t\t\t\t <h2 class=\"text-h4 xl:text-h3\">38. Park am Rathaus Lichtenberg<\/h2> \t\t\t\t\t\t\t\t <p class=\"pt-md\">K\u00fcnstlerische Beleuchtung<br \/>\r\n<br><br \/>\r\nM\u00f6llendorffstra\u00dfe 6<br \/>\r\n10367 Berlin<\/p> \t\t\t\t\t\t\t\t <p class=\"mt-auto\">Pr\u00e4sentiert von Bezirksamt Lichtenberg<\/p> \t\t\t\t\t\t\t<\/div>\n\t\t\t\t\t\t\t\t\t\t\t<\/a>\n\t\t\t\t\t\t\t\t\t<\/div>\n\t\t\t\t  <\/div>\n<\/section>\n\n<section class=\"basic-content-module bg-bg-darkBlue text-text-default\">\n  <div class=\"px-xs py-md lg:py-2xl aniMe text-intro dark:!bg-transparent dark:!text-white text-left\">\n            <div class=\"mx-auto max-w-content basic-content-module__headline\"><h2 class='grayscale-overlay relative headline-element align-left text-h3 font-bold md:text-h3 mb-4 md:mb-sm z-0'>\n    \n    <span class='relative align-left text-h3 font-bold md:text-h3 mb-4 md:mb-sm z-0'>\n    <span class='absolute top-0 left-0 z-0 -translate-x-1\/2 -translate-y-1\/2 light w-[300px] h-[300px]'>\n    <svg class='w-full h-full ' xmlns='http:\/\/www.w3.org\/2000\/svg' width='542' height='542' viewBox='0 0 542 542' fill='none'>\n      <g filter='url(#filter0_f_569_1018)'>\n        <circle cx='271' cy='271' r='121' fill='#9AE8FF' fill-opacity='0.5'\/>\n      <\/g>\n      <defs>\n        <filter id='filter0_f_569_1018' x='0' y='0' width='542' height='542' filterUnits='userSpaceOnUse' color-interpolation-filters='sRGB'>\n          <feFlood flood-opacity='0' result='BackgroundImageFix'\/>\n          <feBlend mode='normal' in='SourceGraphic' in2='BackgroundImageFix' result='shape'\/>\n          <feGaussianBlur stdDeviation='75' result='effect1_foregroundBlur_569_1018'\/>\n        <\/filter>\n      <\/defs>\n    <\/svg>\n  <\/span>\n    Au\u00dfenstandort:<\/span>\n    <\/h2><\/div>\n          <\/div>\n<\/section>\n\n<section class=\"bg-bg-darkBlue\">\n  <div class=\"cards-wall-section py-md dark:!bg-transparent dark:!text-white\">\n     \n\t\t\t\t<div class=\"cards-wall container max-w-screen-xl grid mx-auto md:grid-cols-2 lg:grid-cols-3 gap-3 lg:gap-5 px-sm\">\n\t\t\t\t\t\t\t\t\t<a href=\"https:\/\/hotel-brandenburger-dom.de\/aussenstandort-festival-of-lights\/\" class=\"one-column relative cursor-pointer card-wrap aspect-[10\/16] aniMe\">\n\t\t\t\t\t\t<img decoding=\"async\" loading=\"lazy\" src=\"https:\/\/festival-of-lights.de\/wp-content\/uploads\/2025\/09\/Programm-Kachel-15.png\" class=\"object-cover object-center w-full h-full image \" alt=\"\">\t\t\t\t\t\t\t\t\t\t\t\t\t<div class=\"absolute inset-0 flex flex-col items-center justify-center invisible p-10 text-lg text-center text-white transition-all duration-500 ease-in-out delay-100 opacity-0 card-content font-primary bg-black\/0\" >\n\t\t\t\t\t\t\t\t <h2 class=\"text-h4 xl:text-h3\">Dominsel Brandenburg<\/h2> \t\t\t\t\t\t\t\t <p class=\"pt-md\"><br><br \/>\r\nBurghof 2<br \/>\r\n14776 Brandenburg \/Havel<\/p> \t\t\t\t\t\t\t\t <p class=\"mt-auto\">Pr\u00e4sentiert vom Hotel Brandenburger Dom <\/p> \t\t\t\t\t\t\t<\/div>\n\t\t\t\t\t\t\t\t\t\t\t<\/a>\n\t\t\t\t\t\t\t\t\t<\/div>\n\t\t\t\t  <\/div>\n<\/section>\n\n<section class=\"bg-bg-darkBlue\">\n  <div class=\"cards-wall-section py-md dark:!bg-transparent dark:!text-white\">\n     \n\t\t\t\t<div class=\"cards-wall container max-w-screen-xl grid mx-auto md:grid-cols-2 lg:grid-cols-3 gap-3 lg:gap-5 px-sm\">\n\t\t\t\t\t\t\t\t\t<a href=\"https:\/\/visiting.europarl.europa.eu\/de\/visitor-offer\/other-locations\/europa-experience\/berlin\" class=\"one-column relative cursor-pointer card-wrap aspect-[10\/16] aniMe\">\n\t\t\t\t\t\t<img decoding=\"async\" loading=\"lazy\" src=\"https:\/\/festival-of-lights.de\/wp-content\/uploads\/2023\/10\/Erlebnis-Europa.png\" class=\"object-cover object-center w-full h-full image \" alt=\"\">\t\t\t\t\t\t\t\t\t\t\t\t\t<div class=\"absolute inset-0 flex flex-col items-center justify-center invisible p-10 text-lg text-center text-white transition-all duration-500 ease-in-out delay-100 opacity-0 card-content font-primary bg-black\/0\" >\n\t\t\t\t\t\t\t\t <h2 class=\"text-h4 xl:text-h3\">Ausstellung ERLEBNIS EUROPA im Europ\u00e4ischen Haus Berlin<\/h2> \t\t\t\t\t\t\t\t <p class=\"pt-md\">Installation<br \/>\r\n<br><br \/>\r\nUnter den Linden 78<br \/>\r\n10117 Berlin<\/p> \t\t\t\t\t\t\t\t <p class=\"mt-auto\">Pr\u00e4sentiert vom Europ\u00e4ischen Haus Berlin<\/p> \t\t\t\t\t\t\t<\/div>\n\t\t\t\t\t\t\t\t\t\t\t<\/a>\n\t\t\t\t\t\t\t\t\t\t<a href=\"https:\/\/festival-of-lights.de\/de\/inconcert\/\" class=\"one-column relative cursor-pointer card-wrap aspect-[10\/16] aniMe\">\n\t\t\t\t\t\t<img decoding=\"async\" loading=\"lazy\" src=\"https:\/\/festival-of-lights.de\/wp-content\/uploads\/2025\/10\/Konzerthighlight-1.png\" class=\"object-cover object-center w-full h-full image \" alt=\"\">\t\t\t\t\t\t\t\t\t\t\t\t\t<div class=\"absolute inset-0 flex flex-col items-center justify-center invisible p-10 text-lg text-center text-white transition-all duration-500 ease-in-out delay-100 opacity-0 card-content font-primary bg-black\/0\" >\n\t\t\t\t\t\t\t\t\t\t\t\t\t\t\t\t <p class=\"pt-md\"><br><br \/>\r\nBerliner Dom<br \/>\r\nAm Lustgarten<br \/>\r\n10178 Berlin<\/p> \t\t\t\t\t\t\t\t\t\t\t\t\t\t\t<\/div>\n\t\t\t\t\t\t\t\t\t\t\t<\/a>\n\t\t\t\t\t\t\t\t\t<\/div>\n\t\t\t\t  <\/div>\n<\/section>\n\n<section class=\"module-spacer bg-bg-cyan pt-10 md:pt-14 xl:pt-20\">\n<\/section>","protected":false},"excerpt":{"rendered":"","protected":false},"author":2,"featured_media":0,"parent":0,"menu_order":0,"comment_status":"closed","ping_status":"closed","template":"","meta":{"_acf_changed":false,"footnotes":""},"class_list":["post-54346","page","type-page","status-publish","hentry"],"acf":[],"yoast_head":"<!-- This site is optimized with the Yoast SEO plugin v25.6 - https:\/\/yoast.com\/wordpress\/plugins\/seo\/ -->\n<title>Programm 2025 - Festival of Lights<\/title>\n<meta name=\"description\" content=\"Programm 2025. Das 21. Festival of Lights findet vom 08.-15. Oktober 2025 jeweils zwischen 19:00-23:00 Uhr statt.\" \/>\n<meta name=\"robots\" content=\"index, follow, max-snippet:-1, max-image-preview:large, max-video-preview:-1\" \/>\n<link rel=\"canonical\" href=\"https:\/\/festival-of-lights.de\/de\/programm-2025\/\" \/>\n<meta property=\"og:locale\" content=\"de_DE\" \/>\n<meta property=\"og:type\" content=\"article\" \/>\n<meta property=\"og:title\" content=\"Programm 2025 - Festival of Lights\" \/>\n<meta property=\"og:description\" content=\"Programm 2025. Das 21. Festival of Lights findet vom 08.-15. Oktober 2025 jeweils zwischen 19:00-23:00 Uhr statt.\" \/>\n<meta property=\"og:url\" content=\"https:\/\/festival-of-lights.de\/de\/programm-2025\/\" \/>\n<meta property=\"og:site_name\" content=\"Festival of Lights\" \/>\n<meta property=\"article:publisher\" content=\"https:\/\/www.facebook.com\/FestivalOfLights\" \/>\n<meta property=\"article:modified_time\" content=\"2026-02-19T09:52:24+00:00\" \/>\n<meta name=\"twitter:card\" content=\"summary_large_image\" \/>\n<script type=\"application\/ld+json\" class=\"yoast-schema-graph\">{\"@context\":\"https:\/\/schema.org\",\"@graph\":[{\"@type\":\"WebPage\",\"@id\":\"https:\/\/festival-of-lights.de\/de\/programm-2025\/\",\"url\":\"https:\/\/festival-of-lights.de\/de\/programm-2025\/\",\"name\":\"Programm 2025 - Festival of Lights\",\"isPartOf\":{\"@id\":\"https:\/\/festival-of-lights.de\/de\/#website\"},\"datePublished\":\"2025-03-10T11:39:10+00:00\",\"dateModified\":\"2026-02-19T09:52:24+00:00\",\"description\":\"Programm 2025. Das 21. Festival of Lights findet vom 08.-15. Oktober 2025 jeweils zwischen 19:00-23:00 Uhr statt.\",\"breadcrumb\":{\"@id\":\"https:\/\/festival-of-lights.de\/de\/programm-2025\/#breadcrumb\"},\"inLanguage\":\"de\",\"potentialAction\":[{\"@type\":\"ReadAction\",\"target\":[\"https:\/\/festival-of-lights.de\/de\/programm-2025\/\"]}]},{\"@type\":\"BreadcrumbList\",\"@id\":\"https:\/\/festival-of-lights.de\/de\/programm-2025\/#breadcrumb\",\"itemListElement\":[{\"@type\":\"ListItem\",\"position\":1,\"name\":\"Startseite\",\"item\":\"https:\/\/festival-of-lights.de\/de\/\"},{\"@type\":\"ListItem\",\"position\":2,\"name\":\"Programm 2025\"}]},{\"@type\":\"WebSite\",\"@id\":\"https:\/\/festival-of-lights.de\/de\/#website\",\"url\":\"https:\/\/festival-of-lights.de\/de\/\",\"name\":\"Festival of Lights Berlin\",\"description\":\"\",\"publisher\":{\"@id\":\"https:\/\/festival-of-lights.de\/de\/#organization\"},\"potentialAction\":[{\"@type\":\"SearchAction\",\"target\":{\"@type\":\"EntryPoint\",\"urlTemplate\":\"https:\/\/festival-of-lights.de\/de\/?s={search_term_string}\"},\"query-input\":{\"@type\":\"PropertyValueSpecification\",\"valueRequired\":true,\"valueName\":\"search_term_string\"}}],\"inLanguage\":\"de\"},{\"@type\":\"Organization\",\"@id\":\"https:\/\/festival-of-lights.de\/de\/#organization\",\"name\":\"Festival of Lights\",\"url\":\"https:\/\/festival-of-lights.de\/de\/\",\"logo\":{\"@type\":\"ImageObject\",\"inLanguage\":\"de\",\"@id\":\"https:\/\/festival-of-lights.de\/de\/#\/schema\/logo\/image\/\",\"url\":\"https:\/\/festival-of-lights.de\/wp-content\/uploads\/2023\/08\/cropped-logo.png\",\"contentUrl\":\"https:\/\/festival-of-lights.de\/wp-content\/uploads\/2023\/08\/cropped-logo.png\",\"width\":230,\"height\":230,\"caption\":\"Festival of Lights\"},\"image\":{\"@id\":\"https:\/\/festival-of-lights.de\/de\/#\/schema\/logo\/image\/\"},\"sameAs\":[\"https:\/\/www.facebook.com\/FestivalOfLights\",\"https:\/\/www.tiktok.com\/@berlinfestivaloflights\",\"https:\/\/www.instagram.com\/berlinfestivaloflights\"]}]}<\/script>\n<!-- \/ Yoast SEO plugin. -->","yoast_head_json":{"title":"Programm 2025 - Festival of Lights","description":"Programm 2025. Das 21. Festival of Lights findet vom 08.-15. Oktober 2025 jeweils zwischen 19:00-23:00 Uhr statt.","robots":{"index":"index","follow":"follow","max-snippet":"max-snippet:-1","max-image-preview":"max-image-preview:large","max-video-preview":"max-video-preview:-1"},"canonical":"https:\/\/festival-of-lights.de\/de\/programm-2025\/","og_locale":"de_DE","og_type":"article","og_title":"Programm 2025 - Festival of Lights","og_description":"Programm 2025. Das 21. Festival of Lights findet vom 08.-15. Oktober 2025 jeweils zwischen 19:00-23:00 Uhr statt.","og_url":"https:\/\/festival-of-lights.de\/de\/programm-2025\/","og_site_name":"Festival of Lights","article_publisher":"https:\/\/www.facebook.com\/FestivalOfLights","article_modified_time":"2026-02-19T09:52:24+00:00","twitter_card":"summary_large_image","schema":{"@context":"https:\/\/schema.org","@graph":[{"@type":"WebPage","@id":"https:\/\/festival-of-lights.de\/de\/programm-2025\/","url":"https:\/\/festival-of-lights.de\/de\/programm-2025\/","name":"Programm 2025 - Festival of Lights","isPartOf":{"@id":"https:\/\/festival-of-lights.de\/de\/#website"},"datePublished":"2025-03-10T11:39:10+00:00","dateModified":"2026-02-19T09:52:24+00:00","description":"Programm 2025. Das 21. Festival of Lights findet vom 08.-15. Oktober 2025 jeweils zwischen 19:00-23:00 Uhr statt.","breadcrumb":{"@id":"https:\/\/festival-of-lights.de\/de\/programm-2025\/#breadcrumb"},"inLanguage":"de","potentialAction":[{"@type":"ReadAction","target":["https:\/\/festival-of-lights.de\/de\/programm-2025\/"]}]},{"@type":"BreadcrumbList","@id":"https:\/\/festival-of-lights.de\/de\/programm-2025\/#breadcrumb","itemListElement":[{"@type":"ListItem","position":1,"name":"Startseite","item":"https:\/\/festival-of-lights.de\/de\/"},{"@type":"ListItem","position":2,"name":"Programm 2025"}]},{"@type":"WebSite","@id":"https:\/\/festival-of-lights.de\/de\/#website","url":"https:\/\/festival-of-lights.de\/de\/","name":"Festival of Lights Berlin","description":"","publisher":{"@id":"https:\/\/festival-of-lights.de\/de\/#organization"},"potentialAction":[{"@type":"SearchAction","target":{"@type":"EntryPoint","urlTemplate":"https:\/\/festival-of-lights.de\/de\/?s={search_term_string}"},"query-input":{"@type":"PropertyValueSpecification","valueRequired":true,"valueName":"search_term_string"}}],"inLanguage":"de"},{"@type":"Organization","@id":"https:\/\/festival-of-lights.de\/de\/#organization","name":"Festival of Lights","url":"https:\/\/festival-of-lights.de\/de\/","logo":{"@type":"ImageObject","inLanguage":"de","@id":"https:\/\/festival-of-lights.de\/de\/#\/schema\/logo\/image\/","url":"https:\/\/festival-of-lights.de\/wp-content\/uploads\/2023\/08\/cropped-logo.png","contentUrl":"https:\/\/festival-of-lights.de\/wp-content\/uploads\/2023\/08\/cropped-logo.png","width":230,"height":230,"caption":"Festival of Lights"},"image":{"@id":"https:\/\/festival-of-lights.de\/de\/#\/schema\/logo\/image\/"},"sameAs":["https:\/\/www.facebook.com\/FestivalOfLights","https:\/\/www.tiktok.com\/@berlinfestivaloflights","https:\/\/www.instagram.com\/berlinfestivaloflights"]}]}},"_links":{"self":[{"href":"https:\/\/festival-of-lights.de\/de\/wp-json\/wp\/v2\/pages\/54346","targetHints":{"allow":["GET"]}}],"collection":[{"href":"https:\/\/festival-of-lights.de\/de\/wp-json\/wp\/v2\/pages"}],"about":[{"href":"https:\/\/festival-of-lights.de\/de\/wp-json\/wp\/v2\/types\/page"}],"author":[{"embeddable":true,"href":"https:\/\/festival-of-lights.de\/de\/wp-json\/wp\/v2\/users\/2"}],"replies":[{"embeddable":true,"href":"https:\/\/festival-of-lights.de\/de\/wp-json\/wp\/v2\/comments?post=54346"}],"version-history":[{"count":157,"href":"https:\/\/festival-of-lights.de\/de\/wp-json\/wp\/v2\/pages\/54346\/revisions"}],"predecessor-version":[{"id":60348,"href":"https:\/\/festival-of-lights.de\/de\/wp-json\/wp\/v2\/pages\/54346\/revisions\/60348"}],"wp:attachment":[{"href":"https:\/\/festival-of-lights.de\/de\/wp-json\/wp\/v2\/media?parent=54346"}],"curies":[{"name":"wp","href":"https:\/\/api.w.org\/{rel}","templated":true}]}}