{"id":56482,"date":"2025-09-11T16:41:25","date_gmt":"2025-09-11T14:41:25","guid":{"rendered":"https:\/\/festival-of-lights.de\/?page_id=56482"},"modified":"2025-10-13T17:58:46","modified_gmt":"2025-10-13T15:58:46","slug":"eper-digital-studio","status":"publish","type":"page","link":"https:\/\/festival-of-lights.de\/de\/programm-2025\/eper-digital-studio\/","title":{"rendered":"EPER DIGITAL STUDIO"},"content":{"rendered":"<section class=\"module-spacer bg-bg-darkBlue pt-10 md:pt-14 xl:pt-20\">\n<\/section>\n\n<section class=\"bg-bg-darkBlue text-text-default\">\n  <div class=\"px-xs py-md text-headline dark:!bg-transparent\">\n    <div class=\"mx-auto max-w-screen-lg text-center aniMe\">\n      <h1 class='grayscale-overlay relative headline-element align-left text-h3 md:text-h2 xl:text-h1'>\n    \n    <span class='relative align-left text-h3 md:text-h2 xl:text-h1'>\n    <span class='absolute top-0 left-0 z-0 -translate-x-1\/2 -translate-y-1\/2 light w-[300px] h-[300px]'>\n    <svg class='w-full h-full ' xmlns='http:\/\/www.w3.org\/2000\/svg' width='542' height='542' viewBox='0 0 542 542' fill='none'>\n      <g filter='url(#filter0_f_569_1018)'>\n        <circle cx='271' cy='271' r='121' fill='#9AE8FF' fill-opacity='0.5'\/>\n      <\/g>\n      <defs>\n        <filter id='filter0_f_569_1018' x='0' y='0' width='542' height='542' filterUnits='userSpaceOnUse' color-interpolation-filters='sRGB'>\n          <feFlood flood-opacity='0' result='BackgroundImageFix'\/>\n          <feBlend mode='normal' in='SourceGraphic' in2='BackgroundImageFix' result='shape'\/>\n          <feGaussianBlur stdDeviation='75' result='effect1_foregroundBlur_569_1018'\/>\n        <\/filter>\n      <\/defs>\n    <\/svg>\n  <\/span>\n    EPER DIGITAL STUDIO<\/span>\n    <\/h1>    <\/div>\n          <div class=\"flex flex-wrap gap-2 justify-center mx-auto mt-4 max-w-screen-lg lg:gap-4 lg:mt-6 aniMe\">\n                        <\/div>\n      <\/div>\n<\/section>\n\n<section class=\"text-image bg-bg-darkBlue text-text-default\">\n    <div class=\"dark:!text-white dark:!bg-transparent\">\n        <div class=\"container mx-auto max-w-screen-xl px-xs py-md text-image\">\n            <div class=\"mx-auto items-center grid text-copy md:grid-cols-2 gap-x-10 align-left\">\n                                    <div class=\"text-image__image aniMe grayscale-mask relative mb-0 order-1 mt-4 md:mt-8\"> \n                        <img loading=\"lazy\" decoding=\"async\" width=\"1024\" height=\"576\" src=\"https:\/\/festival-of-lights.de\/wp-content\/uploads\/2025\/10\/Eper-1024x576.jpg\" class=\"z-10 grayscale-overlay\" alt=\"\" srcset=\"https:\/\/festival-of-lights.de\/wp-content\/uploads\/2025\/10\/Eper-1024x576.jpg 1024w, https:\/\/festival-of-lights.de\/wp-content\/uploads\/2025\/10\/Eper-300x169.jpg 300w, https:\/\/festival-of-lights.de\/wp-content\/uploads\/2025\/10\/Eper-768x432.jpg 768w, https:\/\/festival-of-lights.de\/wp-content\/uploads\/2025\/10\/Eper-1536x864.jpg 1536w, https:\/\/festival-of-lights.de\/wp-content\/uploads\/2025\/10\/Eper-1900x1069.jpg 1900w, https:\/\/festival-of-lights.de\/wp-content\/uploads\/2025\/10\/Eper-1240x698.jpg 1240w, https:\/\/festival-of-lights.de\/wp-content\/uploads\/2025\/10\/Eper.jpg 1920w\" sizes=\"auto, (max-width: 1024px) 100vw, 1024px\" \/>                    <\/div>                 <div class=\"text-image__col1 py-4 lg:py-10 aniMe flex flex-col left\">\n                    <h3 class='grayscale-overlay relative headline-element align-left mb-4 md:mb-8'>\n    \n    <span class='relative align-left mb-4 md:mb-8'>\n    <span class='absolute top-0 left-0 z-0 -translate-x-1\/2 -translate-y-1\/2 light w-[300px] h-[300px]'>\n    <svg class='w-full h-full ' xmlns='http:\/\/www.w3.org\/2000\/svg' width='542' height='542' viewBox='0 0 542 542' fill='none'>\n      <g filter='url(#filter0_f_569_1018)'>\n        <circle cx='271' cy='271' r='121' fill='#9AE8FF' fill-opacity='0.5'\/>\n      <\/g>\n      <defs>\n        <filter id='filter0_f_569_1018' x='0' y='0' width='542' height='542' filterUnits='userSpaceOnUse' color-interpolation-filters='sRGB'>\n          <feFlood flood-opacity='0' result='BackgroundImageFix'\/>\n          <feBlend mode='normal' in='SourceGraphic' in2='BackgroundImageFix' result='shape'\/>\n          <feGaussianBlur stdDeviation='75' result='effect1_foregroundBlur_569_1018'\/>\n        <\/filter>\n      <\/defs>\n    <\/svg>\n  <\/span>\n    Ungarn<\/span>\n    <\/h3><div class='text-element align-left '><p>EPER ist ein multidisziplin\u00e4res Kreativzentrum, das sich darauf konzentriert, das Publikum im n\u00e4chsten Paradigma anzusprechen und mit ihm zu interagieren.<br \/>\nAngetrieben von der Verschmelzung von Kunst und Technologie, mit dem ultimativen Ziel, Werte f\u00fcr die n\u00e4chste Generation zu schaffen und einen Beitrag zur Gesellschaft zu leisten.<\/p>\n<p>Zoltan Varga ist ein ungarischer Digitalk\u00fcnstler. Im Jahr 2010 gr\u00fcndete er zusammen mit seinem Freund Csaba Szabo das digitale Studio EPER in London. Seit 2010 ist Zoltan Varga hauptberuflich als Unternehmer, K\u00fcnstler und Visual Specialist bei EPER t\u00e4tig.<\/p>\n<p>Im Laufe der Jahre wurden weltweit mehr als 100 Videos, Hunderte von Grafiken und Dutzende von Mappings erstellt. Er geh\u00f6rte zu den Besten in allen internationalen Wettbewerben, an denen er teilnahm, und erhielt zahlreiche Auszeichnungen. Sein Stil ist einzigartig und einpr\u00e4gsam, farbenfroh und lebendig. Einfach und doch komplex und auf Harmonie bedacht. Zolt\u00e1n Mappings zeichnen sich dadurch aus, dass er sein lebendiges geometrisches System auf die urspr\u00fcngliche Architektur aufbaut, die dadurch zu einem Werkzeug f\u00fcr die Komposition des K\u00fcnstlers wird.<\/p>\n<\/div>        <a target=\"\" href=\"https:\/\/www.instagram.com\/eper_digital\/\" class=\"flex items-center gap-xs btn-primary mt-10 z-[999999]\">\n            <svg xmlns=\"http:\/\/www.w3.org\/2000\/svg\" width=\"23\" height=\"16\" viewBox=\"0 0 23 16\" fill=\"none\">\n                <path class=\"transition duration-300 ease-in-out\" d=\"M21.8863 8.70711C22.2769 8.31658 22.2769 7.68342 21.8863 7.29289L15.5224 0.928932C15.1318 0.538408 14.4987 0.538408 14.1082 0.928932C13.7176 1.31946 13.7176 1.95262 14.1082 2.34315L19.765 8L14.1082 13.6569C13.7176 14.0474 13.7176 14.6805 14.1082 15.0711C14.4987 15.4616 15.1318 15.4616 15.5224 15.0711L21.8863 8.70711ZM0 9H21.1792V7H0V9Z\" fill=\"black\"\/>\n            <\/svg>\n            Instagram        <\/a>\n                        <\/div>\n            <\/div>\n        <\/div>\n    <\/div>\n<\/section>\n\n<section class=\"text-image bg-bg-darkBlue text-text-default\">\n    <div class=\"dark:!text-white dark:!bg-transparent\">\n        <div class=\"container mx-auto max-w-screen-xl px-xs py-md text-image\">\n            <div class=\"mx-auto items-center grid text-copy md:grid-cols-2 gap-x-10 align-left\">\n                                    <div class=\"text-image__image aniMe grayscale-mask relative mb-0 order-2 md:order-[unset] mt-4 md:mt-8\"> \n                        <img loading=\"lazy\" decoding=\"async\" width=\"1024\" height=\"576\" src=\"https:\/\/festival-of-lights.de\/wp-content\/uploads\/2025\/10\/Eper-2-1024x576.jpg\" class=\"z-10 grayscale-overlay\" alt=\"\" srcset=\"https:\/\/festival-of-lights.de\/wp-content\/uploads\/2025\/10\/Eper-2-1024x576.jpg 1024w, https:\/\/festival-of-lights.de\/wp-content\/uploads\/2025\/10\/Eper-2-300x169.jpg 300w, https:\/\/festival-of-lights.de\/wp-content\/uploads\/2025\/10\/Eper-2-768x432.jpg 768w, https:\/\/festival-of-lights.de\/wp-content\/uploads\/2025\/10\/Eper-2-1536x864.jpg 1536w, https:\/\/festival-of-lights.de\/wp-content\/uploads\/2025\/10\/Eper-2-1900x1069.jpg 1900w, https:\/\/festival-of-lights.de\/wp-content\/uploads\/2025\/10\/Eper-2-1240x698.jpg 1240w, https:\/\/festival-of-lights.de\/wp-content\/uploads\/2025\/10\/Eper-2.jpg 1920w\" sizes=\"auto, (max-width: 1024px) 100vw, 1024px\" \/>                    <\/div>                 <div class=\"text-image__col1 py-4 lg:py-10 aniMe flex flex-col right\">\n                    <h3 class='grayscale-overlay relative headline-element align-left mb-4 md:mb-8'>\n    \n    <span class='relative align-left mb-4 md:mb-8'>\n    <span class='absolute top-0 left-0 z-0 -translate-x-1\/2 -translate-y-1\/2 light w-[300px] h-[300px]'>\n    <svg class='w-full h-full ' xmlns='http:\/\/www.w3.org\/2000\/svg' width='542' height='542' viewBox='0 0 542 542' fill='none'>\n      <g filter='url(#filter0_f_569_1018)'>\n        <circle cx='271' cy='271' r='121' fill='#9AE8FF' fill-opacity='0.5'\/>\n      <\/g>\n      <defs>\n        <filter id='filter0_f_569_1018' x='0' y='0' width='542' height='542' filterUnits='userSpaceOnUse' color-interpolation-filters='sRGB'>\n          <feFlood flood-opacity='0' result='BackgroundImageFix'\/>\n          <feBlend mode='normal' in='SourceGraphic' in2='BackgroundImageFix' result='shape'\/>\n          <feGaussianBlur stdDeviation='75' result='effect1_foregroundBlur_569_1018'\/>\n        <\/filter>\n      <\/defs>\n    <\/svg>\n  <\/span>\n    Festival of Lights Award 2025<\/span>\n    <\/h3><div class='text-element align-left '><p>POETIC STRUCTURES VOL.3<\/p>\n<p>Unsere neue Kunstwerkserie basiert auf Einfachheit, Rhythmus und der pulsierenden, dynamischen, sich st\u00e4ndig ver\u00e4ndernden Harmonie primitiver geometrischer Formen und Prim\u00e4rfarben. In den Farben symbolisieren Schwarz und Wei\u00df die Dualit\u00e4t des Lebens. Wir verwenden die drei Grundfarben Gelb, Blau und Rot. Diese Farben sind die Prim\u00e4rfarben, sie k\u00f6nnen nicht gemischt werden, aber alle anderen Farben k\u00f6nnen aus ihnen erzeugt werden. Letztendlich bilden sie eine Einheit. Das Erscheinen einfacher geometrischer Formen wie Kreis und Kugel symbolisiert Perfektion, eine der grundlegendsten geometrischen Strukturen des Universums.<\/p>\n<p>Unsere Absicht ist es, einen illusorischen Raum zu schaffen, in dem Formen zu einem Spiel aus Farbe, Licht und Schatten werden. Die Arbeit basiert auf archetypischen Symbolen, die seit der Antike die Grundlage der Darstellung bilden, wie Kreis, Kreuz, Dreieck und Quadrat. Diese Symbole, die Raum und Zeit sowie die Existenz des Menschen dar\u00fcber hinaus ausdr\u00fccken, kommen in allen Kulturen vor. Die Inspiration kam von den europ\u00e4ischen Meistern des 20. Jahrhunderts und der innovativen Freiheit der Avantgarde und den Pionieren der Abstraktion wie Kandinsky, Miro, Picabia, Mondrian, Malevic und Theo van Doesburg.<\/p>\n<p>Das Ziel ist es, ein einzigartiges Werk zu schaffen, das eine neue Richtung aufzeigt und \u00fcber die Klischees hinausgeht. Das Ziel dieser Serie ist es, rhythmisch wechselnde Farben und Formen zu einer einzigen Komposition zu verschmelzen und das Publikum mit etwas so Auff\u00e4lligem in einen Sog zu ziehen, dass es den Blick nicht mehr abwenden kann. Musik ist ein integraler Bestandteil des Werks, und jedes Mal entsteht eine einzigartige musikalische Komposition, die eine harmonische Einheit mit der visuellen Welt bildet.<\/p>\n<\/div>                <\/div>\n            <\/div>\n        <\/div>\n    <\/div>\n<\/section>\n\n<section class=\"module-spacer bg-bg-darkBlue pt-5 md:pt-7 xl:pt-10\">\n<\/section>\n\n<section class=\"bg-bg-darkBlue text-text-default\">\n  <div class=\"px-xs py-md text-headline dark:!bg-transparent\">\n    <div class=\"mx-auto max-w-screen-lg text-center aniMe\">\n      <h5 class='grayscale-overlay relative headline-element align-left text-h3 md:text-h2 xl:text-h1'>\n    \n    <span class='relative align-left text-h3 md:text-h2 xl:text-h1'>\n    <span class='absolute top-0 left-0 z-0 -translate-x-1\/2 -translate-y-1\/2 light w-[300px] h-[300px]'>\n    <svg class='w-full h-full ' xmlns='http:\/\/www.w3.org\/2000\/svg' width='542' height='542' viewBox='0 0 542 542' fill='none'>\n      <g filter='url(#filter0_f_569_1018)'>\n        <circle cx='271' cy='271' r='121' fill='#9AE8FF' fill-opacity='0.5'\/>\n      <\/g>\n      <defs>\n        <filter id='filter0_f_569_1018' x='0' y='0' width='542' height='542' filterUnits='userSpaceOnUse' color-interpolation-filters='sRGB'>\n          <feFlood flood-opacity='0' result='BackgroundImageFix'\/>\n          <feBlend mode='normal' in='SourceGraphic' in2='BackgroundImageFix' result='shape'\/>\n          <feGaussianBlur stdDeviation='75' result='effect1_foregroundBlur_569_1018'\/>\n        <\/filter>\n      <\/defs>\n    <\/svg>\n  <\/span>\n    <\/span>\n    <\/h5>    <\/div>\n      <\/div>\n<\/section>\n\n<section class=\"teaser-small-section bg-bg-darkBlue text-text-default\">\n    <div class=\"dark:!bg-transparent dark:!text-white\">\n        <div class=\"container mx-auto px-xs py-md\">\n            <div class=\"grid gap-4 gap-y-16 md:grid-cols-2 lg:grid-cols-3\">\n                        <\/div>\n        <\/div>\n    <\/div>\n<\/section>\n\n\n<section class=\"bg-bg-darkBlue text-text-default\">\n    <div class=\"dark:!bg-transparent\">\n                    <div class=\"flex flex-col items-center justify-center mx-auto md:flex-row gap-y-12 md:gap-y-0 gap-x-12 lg:gap-x-16 xl:gap-x-20 max-w-content pb-md lg:pb-2xl\">\n                                                    <a target=\"\" href=\"https:\/\/maps.app.goo.gl\/PraQdUoiWgj9RPjj6\">\n                                        <div class=\"aniMe icon flex flex-col  items-center justify-center text-center h-full md:h-[90px]\"> \n                            <div class=\"w-full h-full\">\n                                <img loading=\"lazy\" decoding=\"async\" width=\"200\" height=\"200\" src=\"https:\/\/festival-of-lights.de\/wp-content\/uploads\/2023\/09\/icon_where.png\" class=\"z-10 grayscale-overlay object-contain w-full h-full\" alt=\"\" srcset=\"https:\/\/festival-of-lights.de\/wp-content\/uploads\/2023\/09\/icon_where.png 200w, https:\/\/festival-of-lights.de\/wp-content\/uploads\/2023\/09\/icon_where-150x150.png 150w\" sizes=\"auto, (max-width: 200px) 100vw, 200px\" \/> \n                            <\/div>\n                                                            <span class=\" text-xl font-bold icon-text-default icon mt-6  icon__btn \">Berliner Dom, Am Lustgarten, 10178 Berlin<\/span>\n                                                    <\/div>\n                                    <\/a>\n                                            <\/div>\n        \n    <\/div>\n<\/section>\n\n<section class=\"module-spacer bg-bg-darkBlue pt-5 md:pt-7 xl:pt-10\">\n<\/section>\n\n<section class=\"bg-bg-darkBlue text-text-default\">\n  <div class=\"px-xs text-paragraph py-md text-copy dark:!bg-transparent\">\n          <div class=\"mx-auto max-w-screen-md\">\n        <div class='text-element align-left aniMe'><\/div>        \n            <\/div> <!-- end max-w-screen container -->\n    <\/div>\n<\/section>\n\n<section class=\"bg-bg-darkBlue text-text-default\">\n  <div class=\"px-xs text-paragraph py-md text-copy dark:!bg-transparent\">\n          <div class=\"mx-auto max-w-screen-md\">\n        <div class='text-element align-left aniMe'><p><strong>BITTE BEACHTEN<\/strong><\/p>\n<p><em>Sie k\u00f6nnen diese Installation gerne f\u00fcr den pers\u00f6nlichen Gebrauch fotografieren. Wir m\u00f6chten Sie jedoch darauf hinweisen, dass die kommerzielle Nutzung von Fotos und Filmen der Installation ohne unsere Genehmigung strengstens untersagt ist. Wir danken Ihnen.<\/em><\/p>\n<\/div>        \n            <\/div> <!-- end max-w-screen container -->\n    <\/div>\n<\/section>\n\n<section class=\"module-spacer bg-bg-darkBlue pt-10 md:pt-14 xl:pt-20\">\n<\/section>","protected":false},"excerpt":{"rendered":"","protected":false},"author":8,"featured_media":0,"parent":54346,"menu_order":0,"comment_status":"closed","ping_status":"closed","template":"","meta":{"_acf_changed":false,"footnotes":""},"class_list":["post-56482","page","type-page","status-publish","hentry"],"acf":[],"yoast_head":"<!-- This site is optimized with the Yoast SEO plugin v25.6 - https:\/\/yoast.com\/wordpress\/plugins\/seo\/ -->\n<title>EPER DIGITAL STUDIO - Festival of Lights<\/title>\n<meta name=\"robots\" content=\"index, follow, max-snippet:-1, max-image-preview:large, max-video-preview:-1\" \/>\n<link rel=\"canonical\" href=\"https:\/\/festival-of-lights.de\/de\/programm-2025\/eper-digital-studio\/\" \/>\n<meta property=\"og:locale\" content=\"de_DE\" \/>\n<meta property=\"og:type\" content=\"article\" \/>\n<meta property=\"og:title\" content=\"EPER DIGITAL STUDIO - Festival of Lights\" \/>\n<meta property=\"og:url\" content=\"https:\/\/festival-of-lights.de\/de\/programm-2025\/eper-digital-studio\/\" \/>\n<meta property=\"og:site_name\" content=\"Festival of Lights\" \/>\n<meta property=\"article:publisher\" content=\"https:\/\/www.facebook.com\/FestivalOfLights\" \/>\n<meta property=\"article:modified_time\" content=\"2025-10-13T15:58:46+00:00\" \/>\n<meta name=\"twitter:card\" content=\"summary_large_image\" \/>\n<script type=\"application\/ld+json\" class=\"yoast-schema-graph\">{\"@context\":\"https:\/\/schema.org\",\"@graph\":[{\"@type\":\"WebPage\",\"@id\":\"https:\/\/festival-of-lights.de\/de\/programm-2025\/eper-digital-studio\/\",\"url\":\"https:\/\/festival-of-lights.de\/de\/programm-2025\/eper-digital-studio\/\",\"name\":\"EPER DIGITAL STUDIO - Festival of Lights\",\"isPartOf\":{\"@id\":\"https:\/\/festival-of-lights.de\/de\/#website\"},\"datePublished\":\"2025-09-11T14:41:25+00:00\",\"dateModified\":\"2025-10-13T15:58:46+00:00\",\"breadcrumb\":{\"@id\":\"https:\/\/festival-of-lights.de\/de\/programm-2025\/eper-digital-studio\/#breadcrumb\"},\"inLanguage\":\"de\",\"potentialAction\":[{\"@type\":\"ReadAction\",\"target\":[\"https:\/\/festival-of-lights.de\/de\/programm-2025\/eper-digital-studio\/\"]}]},{\"@type\":\"BreadcrumbList\",\"@id\":\"https:\/\/festival-of-lights.de\/de\/programm-2025\/eper-digital-studio\/#breadcrumb\",\"itemListElement\":[{\"@type\":\"ListItem\",\"position\":1,\"name\":\"Startseite\",\"item\":\"https:\/\/festival-of-lights.de\/de\/\"},{\"@type\":\"ListItem\",\"position\":2,\"name\":\"Programm 2025\",\"item\":\"https:\/\/festival-of-lights.de\/de\/programm-2025\/\"},{\"@type\":\"ListItem\",\"position\":3,\"name\":\"EPER DIGITAL STUDIO\"}]},{\"@type\":\"WebSite\",\"@id\":\"https:\/\/festival-of-lights.de\/de\/#website\",\"url\":\"https:\/\/festival-of-lights.de\/de\/\",\"name\":\"Festival of Lights Berlin\",\"description\":\"\",\"publisher\":{\"@id\":\"https:\/\/festival-of-lights.de\/de\/#organization\"},\"potentialAction\":[{\"@type\":\"SearchAction\",\"target\":{\"@type\":\"EntryPoint\",\"urlTemplate\":\"https:\/\/festival-of-lights.de\/de\/?s={search_term_string}\"},\"query-input\":{\"@type\":\"PropertyValueSpecification\",\"valueRequired\":true,\"valueName\":\"search_term_string\"}}],\"inLanguage\":\"de\"},{\"@type\":\"Organization\",\"@id\":\"https:\/\/festival-of-lights.de\/de\/#organization\",\"name\":\"Festival of Lights\",\"url\":\"https:\/\/festival-of-lights.de\/de\/\",\"logo\":{\"@type\":\"ImageObject\",\"inLanguage\":\"de\",\"@id\":\"https:\/\/festival-of-lights.de\/de\/#\/schema\/logo\/image\/\",\"url\":\"https:\/\/festival-of-lights.de\/wp-content\/uploads\/2023\/08\/cropped-logo.png\",\"contentUrl\":\"https:\/\/festival-of-lights.de\/wp-content\/uploads\/2023\/08\/cropped-logo.png\",\"width\":230,\"height\":230,\"caption\":\"Festival of Lights\"},\"image\":{\"@id\":\"https:\/\/festival-of-lights.de\/de\/#\/schema\/logo\/image\/\"},\"sameAs\":[\"https:\/\/www.facebook.com\/FestivalOfLights\",\"https:\/\/www.tiktok.com\/@berlinfestivaloflights\",\"https:\/\/www.instagram.com\/berlinfestivaloflights\"]}]}<\/script>\n<!-- \/ Yoast SEO plugin. -->","yoast_head_json":{"title":"EPER DIGITAL STUDIO - Festival of Lights","robots":{"index":"index","follow":"follow","max-snippet":"max-snippet:-1","max-image-preview":"max-image-preview:large","max-video-preview":"max-video-preview:-1"},"canonical":"https:\/\/festival-of-lights.de\/de\/programm-2025\/eper-digital-studio\/","og_locale":"de_DE","og_type":"article","og_title":"EPER DIGITAL STUDIO - Festival of Lights","og_url":"https:\/\/festival-of-lights.de\/de\/programm-2025\/eper-digital-studio\/","og_site_name":"Festival of Lights","article_publisher":"https:\/\/www.facebook.com\/FestivalOfLights","article_modified_time":"2025-10-13T15:58:46+00:00","twitter_card":"summary_large_image","schema":{"@context":"https:\/\/schema.org","@graph":[{"@type":"WebPage","@id":"https:\/\/festival-of-lights.de\/de\/programm-2025\/eper-digital-studio\/","url":"https:\/\/festival-of-lights.de\/de\/programm-2025\/eper-digital-studio\/","name":"EPER DIGITAL STUDIO - Festival of Lights","isPartOf":{"@id":"https:\/\/festival-of-lights.de\/de\/#website"},"datePublished":"2025-09-11T14:41:25+00:00","dateModified":"2025-10-13T15:58:46+00:00","breadcrumb":{"@id":"https:\/\/festival-of-lights.de\/de\/programm-2025\/eper-digital-studio\/#breadcrumb"},"inLanguage":"de","potentialAction":[{"@type":"ReadAction","target":["https:\/\/festival-of-lights.de\/de\/programm-2025\/eper-digital-studio\/"]}]},{"@type":"BreadcrumbList","@id":"https:\/\/festival-of-lights.de\/de\/programm-2025\/eper-digital-studio\/#breadcrumb","itemListElement":[{"@type":"ListItem","position":1,"name":"Startseite","item":"https:\/\/festival-of-lights.de\/de\/"},{"@type":"ListItem","position":2,"name":"Programm 2025","item":"https:\/\/festival-of-lights.de\/de\/programm-2025\/"},{"@type":"ListItem","position":3,"name":"EPER DIGITAL STUDIO"}]},{"@type":"WebSite","@id":"https:\/\/festival-of-lights.de\/de\/#website","url":"https:\/\/festival-of-lights.de\/de\/","name":"Festival of Lights Berlin","description":"","publisher":{"@id":"https:\/\/festival-of-lights.de\/de\/#organization"},"potentialAction":[{"@type":"SearchAction","target":{"@type":"EntryPoint","urlTemplate":"https:\/\/festival-of-lights.de\/de\/?s={search_term_string}"},"query-input":{"@type":"PropertyValueSpecification","valueRequired":true,"valueName":"search_term_string"}}],"inLanguage":"de"},{"@type":"Organization","@id":"https:\/\/festival-of-lights.de\/de\/#organization","name":"Festival of Lights","url":"https:\/\/festival-of-lights.de\/de\/","logo":{"@type":"ImageObject","inLanguage":"de","@id":"https:\/\/festival-of-lights.de\/de\/#\/schema\/logo\/image\/","url":"https:\/\/festival-of-lights.de\/wp-content\/uploads\/2023\/08\/cropped-logo.png","contentUrl":"https:\/\/festival-of-lights.de\/wp-content\/uploads\/2023\/08\/cropped-logo.png","width":230,"height":230,"caption":"Festival of Lights"},"image":{"@id":"https:\/\/festival-of-lights.de\/de\/#\/schema\/logo\/image\/"},"sameAs":["https:\/\/www.facebook.com\/FestivalOfLights","https:\/\/www.tiktok.com\/@berlinfestivaloflights","https:\/\/www.instagram.com\/berlinfestivaloflights"]}]}},"_links":{"self":[{"href":"https:\/\/festival-of-lights.de\/de\/wp-json\/wp\/v2\/pages\/56482","targetHints":{"allow":["GET"]}}],"collection":[{"href":"https:\/\/festival-of-lights.de\/de\/wp-json\/wp\/v2\/pages"}],"about":[{"href":"https:\/\/festival-of-lights.de\/de\/wp-json\/wp\/v2\/types\/page"}],"author":[{"embeddable":true,"href":"https:\/\/festival-of-lights.de\/de\/wp-json\/wp\/v2\/users\/8"}],"replies":[{"embeddable":true,"href":"https:\/\/festival-of-lights.de\/de\/wp-json\/wp\/v2\/comments?post=56482"}],"version-history":[{"count":3,"href":"https:\/\/festival-of-lights.de\/de\/wp-json\/wp\/v2\/pages\/56482\/revisions"}],"predecessor-version":[{"id":59316,"href":"https:\/\/festival-of-lights.de\/de\/wp-json\/wp\/v2\/pages\/56482\/revisions\/59316"}],"up":[{"embeddable":true,"href":"https:\/\/festival-of-lights.de\/de\/wp-json\/wp\/v2\/pages\/54346"}],"wp:attachment":[{"href":"https:\/\/festival-of-lights.de\/de\/wp-json\/wp\/v2\/media?parent=56482"}],"curies":[{"name":"wp","href":"https:\/\/api.w.org\/{rel}","templated":true}]}}