{"id":56757,"date":"2025-09-16T18:10:42","date_gmt":"2025-09-16T16:10:42","guid":{"rendered":"https:\/\/festival-of-lights.de\/?page_id=56757"},"modified":"2025-09-22T18:39:27","modified_gmt":"2025-09-22T16:39:27","slug":"hamburg-speicherstadt","status":"publish","type":"page","link":"https:\/\/festival-of-lights.de\/de\/hamburg-speicherstadt\/","title":{"rendered":"Hamburg | Speicherstadt"},"content":{"rendered":"<div class=\"relative bg-gray-900 text-text-default hero-section py-36 xl:py-0\">\n            <div class=\"header-bg absolute  top-0 h-full w-full   xl:h-80vh max-h-[900px]\"> <img loading=\"lazy\" decoding=\"async\" width=\"2560\" height=\"1419\" src=\"https:\/\/festival-of-lights.de\/wp-content\/uploads\/2025\/09\/Visualisierung_Hamburg_Speicherstadt_03-Credit-Zander-und-Partner-scaled.jpg\" class=\"h-full w-full object-cover z-0\" alt=\"\" srcset=\"https:\/\/festival-of-lights.de\/wp-content\/uploads\/2025\/09\/Visualisierung_Hamburg_Speicherstadt_03-Credit-Zander-und-Partner-scaled.jpg 2560w, https:\/\/festival-of-lights.de\/wp-content\/uploads\/2025\/09\/Visualisierung_Hamburg_Speicherstadt_03-Credit-Zander-und-Partner-300x166.jpg 300w, https:\/\/festival-of-lights.de\/wp-content\/uploads\/2025\/09\/Visualisierung_Hamburg_Speicherstadt_03-Credit-Zander-und-Partner-1024x568.jpg 1024w, https:\/\/festival-of-lights.de\/wp-content\/uploads\/2025\/09\/Visualisierung_Hamburg_Speicherstadt_03-Credit-Zander-und-Partner-768x426.jpg 768w, https:\/\/festival-of-lights.de\/wp-content\/uploads\/2025\/09\/Visualisierung_Hamburg_Speicherstadt_03-Credit-Zander-und-Partner-1536x851.jpg 1536w, https:\/\/festival-of-lights.de\/wp-content\/uploads\/2025\/09\/Visualisierung_Hamburg_Speicherstadt_03-Credit-Zander-und-Partner-2048x1135.jpg 2048w, https:\/\/festival-of-lights.de\/wp-content\/uploads\/2025\/09\/Visualisierung_Hamburg_Speicherstadt_03-Credit-Zander-und-Partner-1900x1053.jpg 1900w, https:\/\/festival-of-lights.de\/wp-content\/uploads\/2025\/09\/Visualisierung_Hamburg_Speicherstadt_03-Credit-Zander-und-Partner-1240x687.jpg 1240w\" sizes=\"auto, (max-width: 2560px) 100vw, 2560px\" \/>        <\/div>     <div class=\"relative container px-xs xl:h-80vh 2k:max-h-[900px] mx-auto  w-full flex flex-col z-10 justify-center align-center\">\n                                    <\/div>\n            <div class=\"hidden absolute inset-0 z-20 pointer-events-none lg:block\">\n            <!-- Top left group -->\n            <div class=\"flex absolute top-6 left-6 gap-4 xl:top-10 xl:left-10 xl:gap-6\">\n                <div class=\"w-[100px] md:w-[140px] h-[70px] md:h-[140px] flex items-center justify-center\"><\/div>                <div class=\"w-[100px] md:w-[140px] h-[70px] md:h-[140px] flex items-center justify-center\"><\/div>            <\/div>\n            <!-- Top right group -->\n            <div class=\"flex absolute top-6 right-6 gap-4 xl:top-10 xl:right-10 xl:gap-6\">\n                <div class=\"w-[100px] md:w-[140px] h-[70px] md:h-[140px] flex items-center justify-center\"><\/div>                <div class=\"w-[100px] md:w-[140px] h-[70px] md:h-[140px] flex items-center justify-center\"><\/div>            <\/div>\n            <!-- Bottom left group -->\n            <div class=\"flex absolute bottom-6 left-6 gap-4 xl:bottom-10 xl:left-10 xl:gap-6\">\n                <div class=\"w-[100px] md:w-[140px] h-[70px] md:h-[140px] flex items-center justify-center\"><\/div>                <div class=\"w-[100px] md:w-[140px] h-[70px] md:h-[140px] flex items-center justify-center\"><\/div>            <\/div>\n            <!-- Bottom right group -->\n            <div class=\"flex absolute right-6 bottom-6 gap-4 xl:bottom-10 xl:right-10 xl:gap-6\">\n                <div class=\"w-[100px] md:w-[140px] h-[70px] md:h-[140px] flex items-center justify-center\"><\/div>                <div class=\"w-[100px] md:w-[140px] h-[70px] md:h-[140px] flex items-center justify-center\"><\/div>            <\/div>\n        <\/div>\n        <\/div>\n\n\n<section class=\"basic-content-module bg-bg-darkBlue text-text-default\">\n  <div class=\"px-xs py-md lg:py-2xl aniMe text-intro dark:!bg-transparent dark:!text-white text-left\">\n            <div class=\"mx-auto max-w-content\"><div class='text-element align- text-copy lg:text-h3 font-bold mb-4 md:mb-0'>Festival of Lights goes<\/div><\/div>\n                <div class=\"mx-auto max-w-content basic-content-module__headline\"><h2 class='grayscale-overlay relative headline-element align-left text-h3 font-bold md:text-h1 lg:text-[128px] mb-4 md:mb-4 z-0 basic-content-module__headline-big'>\n    \n    <span class='relative align-left text-h3 font-bold md:text-h1 lg:text-[128px] mb-4 md:mb-4 z-0 basic-content-module__headline-big'>\n    <span class='absolute top-0 left-0 z-0 -translate-x-1\/2 -translate-y-1\/2 light w-[300px] h-[300px]'>\n    <svg class='w-full h-full ' xmlns='http:\/\/www.w3.org\/2000\/svg' width='542' height='542' viewBox='0 0 542 542' fill='none'>\n      <g filter='url(#filter0_f_569_1018)'>\n        <circle cx='271' cy='271' r='121' fill='#9AE8FF' fill-opacity='0.5'\/>\n      <\/g>\n      <defs>\n        <filter id='filter0_f_569_1018' x='0' y='0' width='542' height='542' filterUnits='userSpaceOnUse' color-interpolation-filters='sRGB'>\n          <feFlood flood-opacity='0' result='BackgroundImageFix'\/>\n          <feBlend mode='normal' in='SourceGraphic' in2='BackgroundImageFix' result='shape'\/>\n          <feGaussianBlur stdDeviation='75' result='effect1_foregroundBlur_569_1018'\/>\n        <\/filter>\n      <\/defs>\n    <\/svg>\n  <\/span>\n    Hamburg | Speicherstadt<\/span>\n    <\/h2><\/div>\n                <div class=\"relative z-10 mx-auto max-w-content\">\n            <div class='text-element align- text-copy'><p class=\"xmsonormal\">Zum zehnj\u00e4hrigen Jubil\u00e4um des UNESCO-Welterbes Speicherstadt und Kontorhausviertel mit Chilehaus sowie zum 140-j\u00e4hrigen Bestehen der HHLA wird die historische Speicherstadt erstmals Teil der Festival of Lights Friends &amp; Family. Als glanzvoller H\u00f6hepunkt des Jubil\u00e4umsjahres 2025 pr\u00e4sentieren die HHLA und die Beh\u00f6rde f\u00fcr Kultur und Medien eine spektakul\u00e4re Lichtprojektion auf der Fassade des Speicherblocks P \u2013 vom 18. bis 20. September 2025 jeweils von 20:00 bis 00:00 Uhr.<\/p>\n<p class=\"xmsonormal\">Die Installation nimmt das Publikum mit auf eine visuelle Zeitreise: vom Bau der Speicherstadt \u00fcber die Ernennung zum UNESCO-Welterbe bis hin zur heutigen globalen Bedeutung der Quartiere Speicherstadt und Kontorhausviertel \u2013 auf einer Stufe mit Ikonen wie dem Taj Mahal oder der Chinesischen Mauer. Unser Team ist sehr stolz, dieses besondere 3D Videomapping konzipieren und realisieren zu d\u00fcrfen.<\/p>\n<p>&nbsp;<\/p>\n<\/div>        <\/div>\n                <div class=\"mx-auto max-w-content aniMe\">\n                    <a target=\"_blank\" href=\"https:\/\/hhla.de\/medien\/news\/detailansicht\/festival-of-lights-in-der-speicherstadt-hhla-feiert-10-jahre-welterbe\" class=\"flex items-center gap-xs btn-primary\">\n            <svg xmlns=\"http:\/\/www.w3.org\/2000\/svg\" width=\"23\" height=\"16\" viewBox=\"0 0 23 16\" fill=\"none\">\n                <path class=\"transition duration-300 ease-in-out\" d=\"M21.8863 8.70711C22.2769 8.31658 22.2769 7.68342 21.8863 7.29289L15.5224 0.928932C15.1318 0.538408 14.4987 0.538408 14.1082 0.928932C13.7176 1.31946 13.7176 1.95262 14.1082 2.34315L19.765 8L14.1082 13.6569C13.7176 14.0474 13.7176 14.6805 14.1082 15.0711C14.4987 15.4616 15.1318 15.4616 15.5224 15.0711L21.8863 8.70711ZM0 9H21.1792V7H0V9Z\" fill=\"black\"\/>\n            <\/svg>\n            Mehr erfahren        <\/a>\n                <\/div> \n      <\/div>\n<\/section>\n\n<section class=\"video-module py-md bg-bg-darkBlue \">\n  <div class=\"mx-auto max-w-grid wrap px-xs dark:!bg-transparent dark:!text-white\">\n          <div class=\"relative hp-player aspect-video grayscale-mask aniMe \">\n        <iframe class=\"z-[1050] grayscale-overlay lazyVideo\" data-src=\"\/\/www.youtube-nocookie.com\/embed\/F2jwPTKXpX8?rel=0&#038;controls=1&#038;showinfo=0\" frameborder=\"0\" allowfullscreen allowtransparency>\n        <\/iframe>\n      <\/div>\n      <\/div>\n<\/section>","protected":false},"excerpt":{"rendered":"","protected":false},"author":2,"featured_media":0,"parent":0,"menu_order":0,"comment_status":"closed","ping_status":"closed","template":"","meta":{"_acf_changed":false,"footnotes":""},"class_list":["post-56757","page","type-page","status-publish","hentry"],"acf":[],"yoast_head":"<!-- This site is optimized with the Yoast SEO plugin v25.6 - https:\/\/yoast.com\/wordpress\/plugins\/seo\/ -->\n<title>Hamburg | Speicherstadt - Festival of Lights<\/title>\n<meta name=\"robots\" content=\"index, follow, max-snippet:-1, max-image-preview:large, max-video-preview:-1\" \/>\n<link rel=\"canonical\" href=\"https:\/\/festival-of-lights.de\/de\/hamburg-speicherstadt\/\" \/>\n<meta property=\"og:locale\" content=\"de_DE\" \/>\n<meta property=\"og:type\" content=\"article\" \/>\n<meta property=\"og:title\" content=\"Hamburg | Speicherstadt - Festival of Lights\" \/>\n<meta property=\"og:url\" content=\"https:\/\/festival-of-lights.de\/de\/hamburg-speicherstadt\/\" \/>\n<meta property=\"og:site_name\" content=\"Festival of Lights\" \/>\n<meta property=\"article:publisher\" content=\"https:\/\/www.facebook.com\/FestivalOfLights\" \/>\n<meta property=\"article:modified_time\" content=\"2025-09-22T16:39:27+00:00\" \/>\n<meta name=\"twitter:card\" content=\"summary_large_image\" \/>\n<script type=\"application\/ld+json\" class=\"yoast-schema-graph\">{\"@context\":\"https:\/\/schema.org\",\"@graph\":[{\"@type\":\"WebPage\",\"@id\":\"https:\/\/festival-of-lights.de\/de\/hamburg-speicherstadt\/\",\"url\":\"https:\/\/festival-of-lights.de\/de\/hamburg-speicherstadt\/\",\"name\":\"Hamburg | Speicherstadt - Festival of Lights\",\"isPartOf\":{\"@id\":\"https:\/\/festival-of-lights.de\/de\/#website\"},\"datePublished\":\"2025-09-16T16:10:42+00:00\",\"dateModified\":\"2025-09-22T16:39:27+00:00\",\"breadcrumb\":{\"@id\":\"https:\/\/festival-of-lights.de\/de\/hamburg-speicherstadt\/#breadcrumb\"},\"inLanguage\":\"de\",\"potentialAction\":[{\"@type\":\"ReadAction\",\"target\":[\"https:\/\/festival-of-lights.de\/de\/hamburg-speicherstadt\/\"]}]},{\"@type\":\"BreadcrumbList\",\"@id\":\"https:\/\/festival-of-lights.de\/de\/hamburg-speicherstadt\/#breadcrumb\",\"itemListElement\":[{\"@type\":\"ListItem\",\"position\":1,\"name\":\"Startseite\",\"item\":\"https:\/\/festival-of-lights.de\/de\/\"},{\"@type\":\"ListItem\",\"position\":2,\"name\":\"Hamburg | Speicherstadt\"}]},{\"@type\":\"WebSite\",\"@id\":\"https:\/\/festival-of-lights.de\/de\/#website\",\"url\":\"https:\/\/festival-of-lights.de\/de\/\",\"name\":\"Festival of Lights Berlin\",\"description\":\"\",\"publisher\":{\"@id\":\"https:\/\/festival-of-lights.de\/de\/#organization\"},\"potentialAction\":[{\"@type\":\"SearchAction\",\"target\":{\"@type\":\"EntryPoint\",\"urlTemplate\":\"https:\/\/festival-of-lights.de\/de\/?s={search_term_string}\"},\"query-input\":{\"@type\":\"PropertyValueSpecification\",\"valueRequired\":true,\"valueName\":\"search_term_string\"}}],\"inLanguage\":\"de\"},{\"@type\":\"Organization\",\"@id\":\"https:\/\/festival-of-lights.de\/de\/#organization\",\"name\":\"Festival of Lights\",\"url\":\"https:\/\/festival-of-lights.de\/de\/\",\"logo\":{\"@type\":\"ImageObject\",\"inLanguage\":\"de\",\"@id\":\"https:\/\/festival-of-lights.de\/de\/#\/schema\/logo\/image\/\",\"url\":\"https:\/\/festival-of-lights.de\/wp-content\/uploads\/2023\/08\/cropped-logo.png\",\"contentUrl\":\"https:\/\/festival-of-lights.de\/wp-content\/uploads\/2023\/08\/cropped-logo.png\",\"width\":230,\"height\":230,\"caption\":\"Festival of Lights\"},\"image\":{\"@id\":\"https:\/\/festival-of-lights.de\/de\/#\/schema\/logo\/image\/\"},\"sameAs\":[\"https:\/\/www.facebook.com\/FestivalOfLights\",\"https:\/\/www.tiktok.com\/@berlinfestivaloflights\",\"https:\/\/www.instagram.com\/berlinfestivaloflights\"]}]}<\/script>\n<!-- \/ Yoast SEO plugin. -->","yoast_head_json":{"title":"Hamburg | Speicherstadt - Festival of Lights","robots":{"index":"index","follow":"follow","max-snippet":"max-snippet:-1","max-image-preview":"max-image-preview:large","max-video-preview":"max-video-preview:-1"},"canonical":"https:\/\/festival-of-lights.de\/de\/hamburg-speicherstadt\/","og_locale":"de_DE","og_type":"article","og_title":"Hamburg | Speicherstadt - Festival of Lights","og_url":"https:\/\/festival-of-lights.de\/de\/hamburg-speicherstadt\/","og_site_name":"Festival of Lights","article_publisher":"https:\/\/www.facebook.com\/FestivalOfLights","article_modified_time":"2025-09-22T16:39:27+00:00","twitter_card":"summary_large_image","schema":{"@context":"https:\/\/schema.org","@graph":[{"@type":"WebPage","@id":"https:\/\/festival-of-lights.de\/de\/hamburg-speicherstadt\/","url":"https:\/\/festival-of-lights.de\/de\/hamburg-speicherstadt\/","name":"Hamburg | Speicherstadt - Festival of Lights","isPartOf":{"@id":"https:\/\/festival-of-lights.de\/de\/#website"},"datePublished":"2025-09-16T16:10:42+00:00","dateModified":"2025-09-22T16:39:27+00:00","breadcrumb":{"@id":"https:\/\/festival-of-lights.de\/de\/hamburg-speicherstadt\/#breadcrumb"},"inLanguage":"de","potentialAction":[{"@type":"ReadAction","target":["https:\/\/festival-of-lights.de\/de\/hamburg-speicherstadt\/"]}]},{"@type":"BreadcrumbList","@id":"https:\/\/festival-of-lights.de\/de\/hamburg-speicherstadt\/#breadcrumb","itemListElement":[{"@type":"ListItem","position":1,"name":"Startseite","item":"https:\/\/festival-of-lights.de\/de\/"},{"@type":"ListItem","position":2,"name":"Hamburg | Speicherstadt"}]},{"@type":"WebSite","@id":"https:\/\/festival-of-lights.de\/de\/#website","url":"https:\/\/festival-of-lights.de\/de\/","name":"Festival of Lights Berlin","description":"","publisher":{"@id":"https:\/\/festival-of-lights.de\/de\/#organization"},"potentialAction":[{"@type":"SearchAction","target":{"@type":"EntryPoint","urlTemplate":"https:\/\/festival-of-lights.de\/de\/?s={search_term_string}"},"query-input":{"@type":"PropertyValueSpecification","valueRequired":true,"valueName":"search_term_string"}}],"inLanguage":"de"},{"@type":"Organization","@id":"https:\/\/festival-of-lights.de\/de\/#organization","name":"Festival of Lights","url":"https:\/\/festival-of-lights.de\/de\/","logo":{"@type":"ImageObject","inLanguage":"de","@id":"https:\/\/festival-of-lights.de\/de\/#\/schema\/logo\/image\/","url":"https:\/\/festival-of-lights.de\/wp-content\/uploads\/2023\/08\/cropped-logo.png","contentUrl":"https:\/\/festival-of-lights.de\/wp-content\/uploads\/2023\/08\/cropped-logo.png","width":230,"height":230,"caption":"Festival of Lights"},"image":{"@id":"https:\/\/festival-of-lights.de\/de\/#\/schema\/logo\/image\/"},"sameAs":["https:\/\/www.facebook.com\/FestivalOfLights","https:\/\/www.tiktok.com\/@berlinfestivaloflights","https:\/\/www.instagram.com\/berlinfestivaloflights"]}]}},"_links":{"self":[{"href":"https:\/\/festival-of-lights.de\/de\/wp-json\/wp\/v2\/pages\/56757","targetHints":{"allow":["GET"]}}],"collection":[{"href":"https:\/\/festival-of-lights.de\/de\/wp-json\/wp\/v2\/pages"}],"about":[{"href":"https:\/\/festival-of-lights.de\/de\/wp-json\/wp\/v2\/types\/page"}],"author":[{"embeddable":true,"href":"https:\/\/festival-of-lights.de\/de\/wp-json\/wp\/v2\/users\/2"}],"replies":[{"embeddable":true,"href":"https:\/\/festival-of-lights.de\/de\/wp-json\/wp\/v2\/comments?post=56757"}],"version-history":[{"count":3,"href":"https:\/\/festival-of-lights.de\/de\/wp-json\/wp\/v2\/pages\/56757\/revisions"}],"predecessor-version":[{"id":56942,"href":"https:\/\/festival-of-lights.de\/de\/wp-json\/wp\/v2\/pages\/56757\/revisions\/56942"}],"wp:attachment":[{"href":"https:\/\/festival-of-lights.de\/de\/wp-json\/wp\/v2\/media?parent=56757"}],"curies":[{"name":"wp","href":"https:\/\/api.w.org\/{rel}","templated":true}]}}