{"id":60959,"date":"2026-03-25T16:35:23","date_gmt":"2026-03-25T14:35:23","guid":{"rendered":"https:\/\/festival-of-lights.de\/?page_id=60959"},"modified":"2026-04-15T10:22:01","modified_gmt":"2026-04-15T08:22:01","slug":"landingpage","status":"publish","type":"page","link":"https:\/\/festival-of-lights.de\/de\/landingpage\/","title":{"rendered":"Landingpage"},"content":{"rendered":"<div class=\"relative bg-gray-900 text-text-default header-image py-36 xl:py-0\">\n            <div class=\"header-bg absolute xl:h-80vh top-0 h-full w-full max-h-[900px] \"> <img loading=\"lazy\" decoding=\"async\" width=\"1680\" height=\"1081\" src=\"https:\/\/festival-of-lights.de\/wp-content\/uploads\/2026\/03\/Hero-Image-2719_FoL2024_FH_2.png\" class=\"h-full w-full object-cover z-0\" alt=\"\" srcset=\"https:\/\/festival-of-lights.de\/wp-content\/uploads\/2026\/03\/Hero-Image-2719_FoL2024_FH_2.png 1680w, https:\/\/festival-of-lights.de\/wp-content\/uploads\/2026\/03\/Hero-Image-2719_FoL2024_FH_2-300x193.png 300w, https:\/\/festival-of-lights.de\/wp-content\/uploads\/2026\/03\/Hero-Image-2719_FoL2024_FH_2-1024x659.png 1024w, https:\/\/festival-of-lights.de\/wp-content\/uploads\/2026\/03\/Hero-Image-2719_FoL2024_FH_2-768x494.png 768w\" sizes=\"auto, (max-width: 1680px) 100vw, 1680px\" \/>        <\/div>     <div class=\"relative container px-xs  xl:h-80vh mx-auto max-h-[900px] w-full flex flex-col z-10 justify-center align-center\">\n        <h1 class=\"w-full font-bold text-headlineHI lg:w-1\/2\">Gro\u00dffl\u00e4chige Markeninszenierungen auf ikonischen Wahrzeichen<\/h1>\n        <p class=\"pt-4 pb-6 w-full xl:pb-12 text-h4 sm:w-2\/3 lg:w-2\/5\"><\/p>\n            <\/div>\n<\/div>\n\n<section class=\"bg-bg-darkBlue text-text-default\">\n  <div class=\"px-xs text-paragraph py-md text-copy dark:!bg-transparent\">\n          <div class=\"grid gap-5 mx-auto max-w-screen-lg md:gap-10 md:grid-cols-2\">\n        <div class='text-element align-left aniMe'><h2>Sichtbar, kuratiert und kampagnenstark<\/h2>\n<\/div><div class='text-element align-left aniMe'><p>Das Festival of Lights bietet Marken eine aufmerksamkeitsstarke Plattform f\u00fcr Produktlaunches und Kampagnen im \u00f6ffentlichen Raum. Monumentale Videoprojektionen auf Berliner Wahrzeichen verbinden Reichweite, kulturellen Kontext und visuelle Strahlkraft. Festival of Lights ist innovativ, einzigartig und hoch emotional f\u00fcr DOOH Kampagnen.<\/p>\n<p>Direkt anfragen: <a href=\"mailto:partner@festival-of-lights.de\">partner@festival-of-lights.de<\/a> oder Factsheet herunterladen.<\/p>\n<\/div>        \n              <div class=\"flex flex-wrap gap-2 w-full lg:gap-4 aniMe\">\n                              <a target=\"_blank\" href=\"https:\/\/festival-of-lights.de\/wp-content\/uploads\/2026\/04\/FOL_Landingpage_Factsheet_DE_260401.pdf\" class=\"flex items-center gap-xs btn-primary\">\n            <svg xmlns=\"http:\/\/www.w3.org\/2000\/svg\" width=\"23\" height=\"16\" viewBox=\"0 0 23 16\" fill=\"none\">\n                <path class=\"transition duration-300 ease-in-out\" d=\"M21.8863 8.70711C22.2769 8.31658 22.2769 7.68342 21.8863 7.29289L15.5224 0.928932C15.1318 0.538408 14.4987 0.538408 14.1082 0.928932C13.7176 1.31946 13.7176 1.95262 14.1082 2.34315L19.765 8L14.1082 13.6569C13.7176 14.0474 13.7176 14.6805 14.1082 15.0711C14.4987 15.4616 15.1318 15.4616 15.5224 15.0711L21.8863 8.70711ZM0 9H21.1792V7H0V9Z\" fill=\"black\"\/>\n            <\/svg>\n            Download Factsheet f\u00fcr Unternehmen        <\/a>\n                <\/div>\n            <\/div> <!-- end max-w-screen container -->\n    <\/div>\n<\/section>\n\n<section class=\"image-module bg-bg-darkBlue\">\n  <div class=\"image-module__container image-module__container-full mx-auto\">\n    <div class=\"image-module__image grayscale-mask relative aniMe image-module__image-contain\"> <\/div> \n      <\/div>\n<\/section>\n\n<section class=\"module-spacer bg-bg-darkBlue pt-5 md:pt-7 xl:pt-10\">\n<\/section>\n\n<section class=\"bg-bg-darkBlue text-text-default\">\n  <div class=\"px-xs text-paragraph py-md text-copy dark:!bg-transparent\">\n          <div class=\"grid gap-5 mx-auto max-w-screen-xl md:gap-10 md:grid-cols-3\">\n        <div class='text-element align-left aniMe'><div style=\"text-align: center;\"><img loading=\"lazy\" decoding=\"async\" class=\"\" style=\"display: block; margin: 0 auto;\" src=\"https:\/\/festival-of-lights.de\/wp-content\/uploads\/2026\/03\/Ikone_BT.png\" width=\"70\" height=\"58\" \/><\/div>\n<h4 style=\"text-align: center;\">Inszenierung auf bekannten Geb\u00e4uden und urbanen Hotspots<\/h4>\n<\/div><div class='text-element align-left aniMe'><div style=\"text-align: center;\"><img loading=\"lazy\" decoding=\"async\" class=\"\" style=\"display: block; margin: 0 auto;\" src=\"https:\/\/festival-of-lights.de\/wp-content\/uploads\/2026\/03\/Ikone_Menschen.png\" width=\"85\" height=\"60\" \/><\/div>\n<h4 style=\"text-align: center;\">Millionen Besucher vor Ort<\/h4>\n<\/div><div class='text-element align-left aniMe'><div style=\"text-align: center;\"><img loading=\"lazy\" decoding=\"async\" class=\"\" style=\"display: block; margin: 0 auto;\" src=\"https:\/\/festival-of-lights.de\/wp-content\/uploads\/2026\/03\/Ikone_Mediareach.png\" width=\"69\" height=\"60\" \/><\/div>\n<h4 style=\"text-align: center;\">Hohe nationale und internationale Medienreichweite<\/h4>\n<\/div>        \n            <\/div> <!-- end max-w-screen container -->\n    <\/div>\n<\/section>\n\n<section class=\"module-spacer bg-bg-darkBlue pt-5 md:pt-7 xl:pt-10\">\n<\/section>\n\n<section class=\"image-sticky-module\">\n  <div class=\"image-sticky-module__container grayscale-mask\">\n    <div class=\"image-sticky-module__image min-h-[70vh] bg-fixed bg-no-repeat bg-cover bg-center grayscale-overlay\" style=\"background-image:url('https:\/\/festival-of-lights.de\/wp-content\/uploads\/2026\/03\/0480_FOL2025_FH-v2-scaled.jpg');\" ><\/div> \n  <\/div>\n<\/section>\n\n<section class=\"bg-bg-darkBlue text-text-default\">\n  <div class=\"px-xs text-paragraph py-md text-copy dark:!bg-transparent\">\n          <div class=\"grid gap-5 mx-auto max-w-screen-lg md:gap-10 md:grid-cols-2\">\n        <div class='text-element align-left aniMe'><h2>F\u00fcr Marken mit klarer Kampagnenagenda<\/h2>\n<\/div><div class='text-element align-left aniMe'><ul>\n<li>Produktlaunches mit hoher Sichtbarkeit im urbanen Raum<\/li>\n<li>Jubil\u00e4en und strategische Kommunikationsanl\u00e4sse<\/li>\n<li>Image- und Awarenesskampagnen mit emotionaler Aufladung<\/li>\n<\/ul>\n<p>&nbsp;<\/p>\n<\/div>        \n            <\/div> <!-- end max-w-screen container -->\n    <\/div>\n<\/section>\n\n<section class=\"bg-bg-darkBlue text-text-default\">\n  <div class=\"px-xs py-md text-headline dark:!bg-transparent\">\n    <div class=\"mx-auto max-w-screen-lg text-center aniMe\">\n      <h2 class='grayscale-overlay relative headline-element align-left text-h3 md:text-h2 xl:text-h1'>\n    \n    <span class='relative align-left text-h3 md:text-h2 xl:text-h1'>\n    <span class='absolute top-0 left-0 z-0 -translate-x-1\/2 -translate-y-1\/2 light w-[300px] h-[300px]'>\n    <svg class='w-full h-full ' xmlns='http:\/\/www.w3.org\/2000\/svg' width='542' height='542' viewBox='0 0 542 542' fill='none'>\n      <g filter='url(#filter0_f_569_1018)'>\n        <circle cx='271' cy='271' r='121' fill='#9AE8FF' fill-opacity='0.5'\/>\n      <\/g>\n      <defs>\n        <filter id='filter0_f_569_1018' x='0' y='0' width='542' height='542' filterUnits='userSpaceOnUse' color-interpolation-filters='sRGB'>\n          <feFlood flood-opacity='0' result='BackgroundImageFix'\/>\n          <feBlend mode='normal' in='SourceGraphic' in2='BackgroundImageFix' result='shape'\/>\n          <feGaussianBlur stdDeviation='75' result='effect1_foregroundBlur_569_1018'\/>\n        <\/filter>\n      <\/defs>\n    <\/svg>\n  <\/span>\n    Strategischer Mehrwert f\u00fcr Marken<\/span>\n    <\/h2>    <\/div>\n      <\/div>\n<\/section>\n\n<section class=\"bg-bg-darkBlue text-text-default\">\n  <div class=\"px-xs text-paragraph py-md text-copy dark:!bg-transparent\">\n          <div class=\"mx-auto max-w-screen-md\">\n        <div class='text-element align-left aniMe'><p style=\"text-align: center;\">Die Inszenierung wird zum aufmerksamkeitsstarken Kampagnenbaustein: als Content f\u00fcr Owned Media, integriert in bestehende Kampagnenmechaniken und verst\u00e4rkt durch die Aktivierung von Communities und Multiplikatoren.<\/p>\n<\/div>        \n            <\/div> <!-- end max-w-screen container -->\n    <\/div>\n<\/section>\n\n<section class=\"bg-bg-default text-text-default\">\n  <div class=\"px-xs text-paragraph py-md text-copy dark:!bg-transparent\">\n          <div class=\"mx-auto max-w-screen-md\">\n        <div class='text-element align-left aniMe'><p><a class=\"lp_anchor\" id=\"alles-aus-einer-Hand\" ><\/a><\/p>\n<style type=\"text\/css\">\nsection:has(.lp_anchor) {\n  height: 0 !important;\n  min-height: 0 !important;\n  padding: 0 !important;\n  margin: 0 !important;\n  overflow: hidden !important;\n}\na.lp_anchor { top: -80px;}\n<\/style>\n<\/div>        \n            <\/div> <!-- end max-w-screen container -->\n    <\/div>\n<\/section>\n\n<div class=\"relative bg-gray-900 text-text-default header-image py-36 xl:py-0\">\n            <div class=\"header-bg absolute xl:h-80vh top-0 h-full w-full max-h-[900px] before:bg-black\/50 before:h-full before:w-full before:z-0 before:absolute before:bottom-0 before:left-0 before:right-0\"> <img loading=\"lazy\" decoding=\"async\" width=\"2560\" height=\"960\" src=\"https:\/\/festival-of-lights.de\/wp-content\/uploads\/2026\/03\/2888_FoL2024_FH-scaled-e1773767311508.jpg\" class=\"h-full w-full object-cover z-0\" alt=\"\" srcset=\"https:\/\/festival-of-lights.de\/wp-content\/uploads\/2026\/03\/2888_FoL2024_FH-scaled-e1773767311508.jpg 2560w, https:\/\/festival-of-lights.de\/wp-content\/uploads\/2026\/03\/2888_FoL2024_FH-scaled-e1773767311508-300x113.jpg 300w, https:\/\/festival-of-lights.de\/wp-content\/uploads\/2026\/03\/2888_FoL2024_FH-scaled-e1773767311508-1024x384.jpg 1024w, https:\/\/festival-of-lights.de\/wp-content\/uploads\/2026\/03\/2888_FoL2024_FH-scaled-e1773767311508-768x288.jpg 768w, https:\/\/festival-of-lights.de\/wp-content\/uploads\/2026\/03\/2888_FoL2024_FH-scaled-e1773767311508-1536x576.jpg 1536w, https:\/\/festival-of-lights.de\/wp-content\/uploads\/2026\/03\/2888_FoL2024_FH-scaled-e1773767311508-2048x768.jpg 2048w, https:\/\/festival-of-lights.de\/wp-content\/uploads\/2026\/03\/2888_FoL2024_FH-scaled-e1773767311508-1900x713.jpg 1900w, https:\/\/festival-of-lights.de\/wp-content\/uploads\/2026\/03\/2888_FoL2024_FH-scaled-e1773767311508-1240x465.jpg 1240w\" sizes=\"auto, (max-width: 2560px) 100vw, 2560px\" \/>        <\/div>     <div class=\"relative container px-xs  xl:h-80vh mx-auto max-h-[900px] w-full flex flex-col z-10 justify-center align-center\">\n        <h1 class=\"w-full font-bold text-headlineHI lg:w-1\/2\">Von der Idee zur Inszenierung \u2013 alles aus einer Hand<\/h1>\n        <p class=\"pt-4 pb-6 w-full xl:pb-12 text-h4 sm:w-2\/3 lg:w-2\/5\">Von der ersten Idee bis zum Live-Moment: Wir definieren Ihre Ziele, entwickeln Konzepte und \u00fcbernehmen die komplette Umsetzung samt Content-Produktion. Eng abgestimmt, technisch perfekt und maximal wirksam.<\/p>\n            <\/div>\n<\/div>\n\n<section class=\"module-spacer bg-bg-darkBlue pt-5 md:pt-7 xl:pt-10\">\n<\/section>\n\n<section class=\"bg-bg-default text-text-default\">\n  <div class=\"px-xs text-paragraph py-md text-copy dark:!bg-transparent\">\n          <div class=\"mx-auto max-w-screen-md\">\n        <div class='text-element align-left aniMe'><p><a class=\"lp_anchor\" id=\"video-reel\"><\/a><\/p>\n<\/div>        \n            <\/div> <!-- end max-w-screen container -->\n    <\/div>\n<\/section>\n\n<section class=\"text-image bg-bg-darkBlue text-text-default\">\n    <div class=\"dark:!text-white dark:!bg-transparent\">\n        <div class=\"container mx-auto max-w-screen-xl px-xs py-md text-image\">\n            <div class=\"mx-auto items-center grid text-copy md:grid-cols-2 gap-x-10 align-left\">\n                                    <div class=\"relative aniMe \"> \n                        <div class=\"relative hp-player aspect-video grayscale-mask\">\n                            <iframe class=\"z-[1050] grayscale-overlay lazyVideo\" data-src=\"\/\/www.youtube-nocookie.com\/embed\/P8CbVJuD-pA?rel=0&#038;controls=0&#038;showinfo=0\" frameborder=\"0\" allowfullscreen allowtransparency>\n                            <\/iframe>\n                        <\/div>\n                    <\/div>\n                                    <div class=\"text-image__col1 py-4 lg:py-10 aniMe flex flex-col right\">\n                    <h3 class='grayscale-overlay relative headline-element align-left mb-4 md:mb-8'>\n    \n    <span class='relative align-left mb-4 md:mb-8'>\n    <span class='absolute top-0 left-0 z-0 -translate-x-1\/2 -translate-y-1\/2 light w-[300px] h-[300px]'>\n    <svg class='w-full h-full ' xmlns='http:\/\/www.w3.org\/2000\/svg' width='542' height='542' viewBox='0 0 542 542' fill='none'>\n      <g filter='url(#filter0_f_569_1018)'>\n        <circle cx='271' cy='271' r='121' fill='#9AE8FF' fill-opacity='0.5'\/>\n      <\/g>\n      <defs>\n        <filter id='filter0_f_569_1018' x='0' y='0' width='542' height='542' filterUnits='userSpaceOnUse' color-interpolation-filters='sRGB'>\n          <feFlood flood-opacity='0' result='BackgroundImageFix'\/>\n          <feBlend mode='normal' in='SourceGraphic' in2='BackgroundImageFix' result='shape'\/>\n          <feGaussianBlur stdDeviation='75' result='effect1_foregroundBlur_569_1018'\/>\n        <\/filter>\n      <\/defs>\n    <\/svg>\n  <\/span>\n    Licht an f\u00fcr das Wir-Gef\u00fchl<\/span>\n    <\/h3><div class='text-element align-left '><p><span class=\"\">Unter dem Motto \u201e<em>Let\u2019s shine together<\/em>!<\/span><span class=\"\">\u201c setzte das 21.<\/span><span class=\"\"> Festival of Lights neue Ma\u00dfst\u00e4be in der Inszenierung urbaner R\u00e4ume.<\/span><\/p>\n<\/div>                <\/div>\n            <\/div>\n        <\/div>\n    <\/div>\n<\/section>\n\n<section class=\"module-spacer bg-bg-darkBlue pt-5 md:pt-7 xl:pt-10\">\n<\/section>\n\n<section class=\"image-sticky-module\">\n  <div class=\"image-sticky-module__container grayscale-mask\">\n    <div class=\"image-sticky-module__image min-h-[70vh] bg-fixed bg-no-repeat bg-cover bg-center grayscale-overlay\" style=\"background-image:url('https:\/\/festival-of-lights.de\/wp-content\/uploads\/2026\/03\/1669_FoL2024_FH-low-res.jpg');\" ><\/div> \n  <\/div>\n<\/section>\n\n<section class=\"bg-bg-default text-text-default\">\n  <div class=\"px-xs text-paragraph py-md text-copy dark:!bg-transparent\">\n          <div class=\"mx-auto max-w-screen-md\">\n        <div class='text-element align-left aniMe'><p><a class=\"lp_anchor\" id=\"factsheet\" ><\/a><\/p>\n<\/div>        \n            <\/div> <!-- end max-w-screen container -->\n    <\/div>\n<\/section>\n\n<section class=\"bg-bg-darkBlue text-text-default\">\n  <div class=\"px-xs text-paragraph py-md text-copy dark:!bg-transparent\">\n          <div class=\"mx-auto max-w-screen-md\">\n        <div class='text-element align-left aniMe'><h2 style=\"text-align: center;\">Bilder, die bewegen. Marken, \u00fcber die man spricht.<\/h2>\n<\/div>        \n            <\/div> <!-- end max-w-screen container -->\n    <\/div>\n<\/section>\n\n<section class=\"text-image bg-bg-black text-text-default\">\n    <div class=\"dark:!text-white dark:!bg-transparent\">\n        <div class=\"container mx-auto max-w-screen-xl px-xs py-md text-image\">\n            <div class=\"mx-auto items-center grid text-copy md:grid-cols-2 gap-x-10 align-left\">\n                                    <div class=\"text-image__image aniMe grayscale-mask relative mb-0 order-2 md:order-[unset] mt-4 md:mt-8\"> \n                        <img loading=\"lazy\" decoding=\"async\" width=\"662\" height=\"425\" src=\"https:\/\/festival-of-lights.de\/wp-content\/uploads\/2026\/03\/FOL_2026_Factsheet2.png\" class=\"z-10 grayscale-overlay\" alt=\"\" srcset=\"https:\/\/festival-of-lights.de\/wp-content\/uploads\/2026\/03\/FOL_2026_Factsheet2.png 662w, https:\/\/festival-of-lights.de\/wp-content\/uploads\/2026\/03\/FOL_2026_Factsheet2-300x193.png 300w\" sizes=\"auto, (max-width: 662px) 100vw, 662px\" \/>                    <\/div>                 <div class=\"text-image__col1 py-4 lg:py-10 aniMe flex flex-col right\">\n                    <h3 class='grayscale-overlay relative headline-element align-left mb-4 md:mb-8'>\n    \n    <span class='relative align-left mb-4 md:mb-8'>\n    <span class='absolute top-0 left-0 z-0 -translate-x-1\/2 -translate-y-1\/2 light w-[300px] h-[300px]'>\n    <svg class='w-full h-full ' xmlns='http:\/\/www.w3.org\/2000\/svg' width='542' height='542' viewBox='0 0 542 542' fill='none'>\n      <g filter='url(#filter0_f_569_1018)'>\n        <circle cx='271' cy='271' r='121' fill='#9AE8FF' fill-opacity='0.5'\/>\n      <\/g>\n      <defs>\n        <filter id='filter0_f_569_1018' x='0' y='0' width='542' height='542' filterUnits='userSpaceOnUse' color-interpolation-filters='sRGB'>\n          <feFlood flood-opacity='0' result='BackgroundImageFix'\/>\n          <feBlend mode='normal' in='SourceGraphic' in2='BackgroundImageFix' result='shape'\/>\n          <feGaussianBlur stdDeviation='75' result='effect1_foregroundBlur_569_1018'\/>\n        <\/filter>\n      <\/defs>\n    <\/svg>\n  <\/span>\n    Alle Kennzahlen und M\u00f6glichkeiten im \u00dcberblick<\/span>\n    <\/h3><div class='text-element align-left '><p>Besucherzahlen und Medien-Reichweiten, Standortoptionen, Intergrationsmodelle als Factsheet downloaden.<\/p>\n<\/div>        <a target=\"_blank\" href=\"https:\/\/festival-of-lights.de\/wp-content\/uploads\/2026\/04\/FOL_Landingpage_Factsheet_DE_260401.pdf\" class=\"flex items-center gap-xs btn-primary mt-10 z-[999999]\">\n            <svg xmlns=\"http:\/\/www.w3.org\/2000\/svg\" width=\"23\" height=\"16\" viewBox=\"0 0 23 16\" fill=\"none\">\n                <path class=\"transition duration-300 ease-in-out\" d=\"M21.8863 8.70711C22.2769 8.31658 22.2769 7.68342 21.8863 7.29289L15.5224 0.928932C15.1318 0.538408 14.4987 0.538408 14.1082 0.928932C13.7176 1.31946 13.7176 1.95262 14.1082 2.34315L19.765 8L14.1082 13.6569C13.7176 14.0474 13.7176 14.6805 14.1082 15.0711C14.4987 15.4616 15.1318 15.4616 15.5224 15.0711L21.8863 8.70711ZM0 9H21.1792V7H0V9Z\" fill=\"black\"\/>\n            <\/svg>\n            Download Factsheet        <\/a>\n                        <\/div>\n            <\/div>\n        <\/div>\n    <\/div>\n<\/section>\n\n<section class=\"module-spacer bg-bg-darkBlue pt-5 md:pt-7 xl:pt-10\">\n<\/section>\n\n<section class=\"bg-bg-default text-text-default\">\n  <div class=\"px-xs text-paragraph py-md text-copy dark:!bg-transparent\">\n          <div class=\"mx-auto max-w-screen-md\">\n        <div class='text-element align-left aniMe'><p><a class=\"lp_anchor\" id=\"testimonials\" ><\/a><\/p>\n<\/div>        \n            <\/div> <!-- end max-w-screen container -->\n    <\/div>\n<\/section>\n\n<section class=\"bg-bg-darkBlue text-text-default\">\n  <div class=\"px-xs py-md text-headline dark:!bg-transparent\">\n    <div class=\"mx-auto max-w-screen-lg text-center aniMe\">\n      <h3 class='grayscale-overlay relative headline-element align-left text-h3 md:text-h2 xl:text-h1'>\n    \n    <span class='relative align-left text-h3 md:text-h2 xl:text-h1'>\n    <span class='absolute top-0 left-0 z-0 -translate-x-1\/2 -translate-y-1\/2 light w-[300px] h-[300px]'>\n    <svg class='w-full h-full ' xmlns='http:\/\/www.w3.org\/2000\/svg' width='542' height='542' viewBox='0 0 542 542' fill='none'>\n      <g filter='url(#filter0_f_569_1018)'>\n        <circle cx='271' cy='271' r='121' fill='#9AE8FF' fill-opacity='0.5'\/>\n      <\/g>\n      <defs>\n        <filter id='filter0_f_569_1018' x='0' y='0' width='542' height='542' filterUnits='userSpaceOnUse' color-interpolation-filters='sRGB'>\n          <feFlood flood-opacity='0' result='BackgroundImageFix'\/>\n          <feBlend mode='normal' in='SourceGraphic' in2='BackgroundImageFix' result='shape'\/>\n          <feGaussianBlur stdDeviation='75' result='effect1_foregroundBlur_569_1018'\/>\n        <\/filter>\n      <\/defs>\n    <\/svg>\n  <\/span>\n    Was unsere Kunden sagen<\/span>\n    <\/h3>    <\/div>\n      <\/div>\n<\/section>\n\n<section class=\"bg-bg-darkBlue text-text-default\">\n  <div class=\"px-xs text-paragraph py-md text-copy dark:!bg-transparent\">\n          <div class=\"mx-auto max-w-screen-md\">\n        <div class='text-element align-left aniMe'><h5 style=\"text-align: center;\">\u201eUnglaubliche #R5isback-Aktivierung auf ikonischen Geb\u00e4uden f\u00fcr eine Renault Ikone. K\u00fcnstlerische Projektionen, die in der Metropole bei Tausenden vor Ort mitten ins Herz treffen. Ein Erfolg auf voller Linie, der auch in anderen Renault L\u00e4ndern wahrgenommen wird. Mit einem tollen Team an allen Fronten. Vielen Dank daf\u00fcr!\u201c<\/h5>\n<p style=\"text-align: center;\"><em>Renault<\/em><\/p>\n<p>&nbsp;<\/p>\n<h5 style=\"text-align: center;\">\u201eTHE BIGGEST FREEDOM. IS TO BE YOURSELF. \u2013 ist unsere Haltung beim 20. Festival of Lights in Berlin. Wir haben uns mit dieser Lichtprojektion klar f\u00fcr Zusammenhalt und f\u00fcr den Bruch von eindimensionale Denkmustern in und an der CUPRA City Garage am Tacheles positioniert. Die gro\u00dfe Anzahl an Zuschauern sowie unserer digitalen Coommunity hat uns Recht gegeben &#8211; dass es sich lohnt f\u00fcr sich und seine \u00dcberzeugung einzustehen.&#8220;<\/h5>\n<p style=\"text-align: center;\"><em>Cupra<\/em><\/p>\n<\/div>        \n            <\/div> <!-- end max-w-screen container -->\n    <\/div>\n<\/section>\n\n<section class=\"image-sticky-module\">\n  <div class=\"image-sticky-module__container grayscale-mask\">\n    <div class=\"image-sticky-module__image min-h-[70vh] bg-fixed bg-no-repeat bg-cover bg-center grayscale-overlay\" style=\"background-image:url('https:\/\/festival-of-lights.de\/wp-content\/uploads\/2026\/03\/2019_Berliner-Dom_Joop_001_FH-scaled.jpg');\" ><\/div> \n  <\/div>\n<\/section>\n\n<section class=\"bg-bg-default text-text-default\">\n  <div class=\"px-xs text-paragraph py-md text-copy dark:!bg-transparent\">\n          <div class=\"mx-auto max-w-screen-md\">\n        <div class='text-element align-left aniMe'><p><a class=\"lp_anchor\" id=\"kontakt\"><\/a><\/p>\n<\/div>        \n            <\/div> <!-- end max-w-screen container -->\n    <\/div>\n<\/section>\n\n<section class=\"bg-bg-darkBlue text-text-default\">\n  <div class=\"px-xs py-md text-headline dark:!bg-transparent\">\n    <div class=\"mx-auto max-w-screen-lg text-center aniMe\">\n      <h2 class='grayscale-overlay relative headline-element align-left text-h3 md:text-h2 xl:text-h1'>\n    \n    <span class='relative align-left text-h3 md:text-h2 xl:text-h1'>\n    <span class='absolute top-0 left-0 z-0 -translate-x-1\/2 -translate-y-1\/2 light w-[300px] h-[300px]'>\n    <svg class='w-full h-full ' xmlns='http:\/\/www.w3.org\/2000\/svg' width='542' height='542' viewBox='0 0 542 542' fill='none'>\n      <g filter='url(#filter0_f_569_1018)'>\n        <circle cx='271' cy='271' r='121' fill='#9AE8FF' fill-opacity='0.5'\/>\n      <\/g>\n      <defs>\n        <filter id='filter0_f_569_1018' x='0' y='0' width='542' height='542' filterUnits='userSpaceOnUse' color-interpolation-filters='sRGB'>\n          <feFlood flood-opacity='0' result='BackgroundImageFix'\/>\n          <feBlend mode='normal' in='SourceGraphic' in2='BackgroundImageFix' result='shape'\/>\n          <feGaussianBlur stdDeviation='75' result='effect1_foregroundBlur_569_1018'\/>\n        <\/filter>\n      <\/defs>\n    <\/svg>\n  <\/span>\n    Lassen Sie uns \u00fcber Ihre Kampagne sprechen<\/span>\n    <\/h2>    <\/div>\n      <\/div>\n<\/section>\n\n<section class=\"bg-bg-darkBlue text-text-default\">\n  <div class=\"px-xs text-paragraph py-md text-copy dark:!bg-transparent\">\n          <div class=\"mx-auto max-w-screen-md\">\n        <div class='text-element align-left aniMe'><p style=\"text-align: center;\">Wir freuen uns auf Ihre Nachricht an:<br \/>\n<a href=\"mailto:partner@festival-of-lights.de\"><strong>partner@festival-of-lights.de<\/strong><\/a>.<\/p>\n<p style=\"text-align: center;\">Ihre Ansprechpartnerin ist Birgit Zander.<\/p>\n<p>&nbsp;<\/p>\n<\/div>        \n            <\/div> <!-- end max-w-screen container -->\n    <\/div>\n<\/section>\n\n<section class=\"bg-bg-cyan text-text-black\">\n  <div class=\"px-xs py-md text-headline dark:!bg-transparent\">\n    <div class=\"mx-auto max-w-screen-lg text-center aniMe\">\n      <h2 class='grayscale-overlay relative headline-element align-left text-h3 md:text-h2 xl:text-h1'>\n    \n    <span class='relative align-left text-h3 md:text-h2 xl:text-h1'>\n    <span class='absolute top-0 left-0 z-0 -translate-x-1\/2 -translate-y-1\/2 light w-[300px] h-[300px]'>\n    <svg class='w-full h-full ' xmlns='http:\/\/www.w3.org\/2000\/svg' width='542' height='542' viewBox='0 0 542 542' fill='none'>\n      <g filter='url(#filter0_f_569_1018)'>\n        <circle cx='271' cy='271' r='121' fill='#9AE8FF' fill-opacity='0.5'\/>\n      <\/g>\n      <defs>\n        <filter id='filter0_f_569_1018' x='0' y='0' width='542' height='542' filterUnits='userSpaceOnUse' color-interpolation-filters='sRGB'>\n          <feFlood flood-opacity='0' result='BackgroundImageFix'\/>\n          <feBlend mode='normal' in='SourceGraphic' in2='BackgroundImageFix' result='shape'\/>\n          <feGaussianBlur stdDeviation='75' result='effect1_foregroundBlur_569_1018'\/>\n        <\/filter>\n      <\/defs>\n    <\/svg>\n  <\/span>\n    \u00dcber das Festival hinaus ganzj\u00e4hrlich m\u00f6glich<\/span>\n    <\/h2>    <\/div>\n      <\/div>\n<\/section>\n\n<section class=\"bg-bg-cyan text-text-black\">\n  <div class=\"px-xs text-paragraph py-md text-copy dark:!bg-transparent\">\n          <div class=\"grid gap-5 mx-auto max-w-screen-lg md:gap-10 md:grid-cols-2\">\n        <div class='text-element align-left aniMe'><p>Das Festival of Lights Berlin als unser Flagship findet einmal j\u00e4hrlich im Oktober statt.<\/p>\n<p>Au\u00dferdem kreieren und produzieren wir weitere Festivals unter unserer Dachmarke auch in anderen St\u00e4dten wie unter anderem Augsburg, M\u00fcnchen und Zagreb. Auch dort sind emotionale Markeninszenierungen m\u00f6glich.<\/p>\n<\/div><div class='text-element align-left aniMe'><p>Dar\u00fcber hinaus realisieren wir im Auftrag individuelle Lichtkunst-Inszenierungen ganzj\u00e4hrig und unabh\u00e4ngig vom Festivalzeitraum. Flexibel planbar und mit maximaler Strahlkraft in den wichtigsten deutschen Metropolen.\u200b<\/p>\n<ul>\n<li>Entwicklung ma\u00dfgeschneiderter Konzepte f\u00fcr Marken und Unternehmen zu unterschiedlichen Anl\u00e4ssen<\/li>\n<li>Unser Special: 3D Videomappings und Projektionen auf <strong>Fernseht\u00fcrmen in Deutschland und <\/strong><strong>\u200b<\/strong><strong>Europa (<\/strong>K\u00f6ln, D\u00fcsseldorf, Frankfurt, Hamburg, N\u00fcrnberg und weitere. Berlin ist nur im Rahmen des Festival of Lights m\u00f6glich).<\/li>\n<\/ul>\n<\/div>        \n            <\/div> <!-- end max-w-screen container -->\n    <\/div>\n<\/section>\n\n<section class=\"image-sticky-module\">\n  <div class=\"image-sticky-module__container grayscale-mask\">\n    <div class=\"image-sticky-module__image min-h-[70vh] bg-fixed bg-no-repeat bg-cover bg-center grayscale-overlay\" style=\"background-image:url('https:\/\/festival-of-lights.de\/wp-content\/uploads\/2026\/03\/Rheinturm_34-scaled.jpg');\" ><\/div> \n  <\/div>\n<\/section>\n\n<section class=\"bg-bg-darkBlue text-text-default\">\n  <div class=\"px-xs text-paragraph py-md text-copy dark:!bg-transparent\">\n          <div class=\"grid gap-5 mx-auto max-w-screen-lg md:gap-10 md:grid-cols-2\">\n        <div class='text-element align-left aniMe'><h2><strong>Werden Sie Teil der Festival of Lights Community!<\/strong><\/h2>\n<p>&nbsp;<\/p>\n<\/div><div class='text-element align-left aniMe'><p>Das Team des FESTIVAL OF LIGHTS entwickelt die passende Idee f\u00fcr Ihre Vision und unterst\u00fctzt Sie mit einem Rund-Um-Sorglos Paket, sei es bei der Auswahl eines Geb\u00e4udes oder Ortes und nat\u00fcrlich bei der technischen Umsetzung inklusive der Content Erstellung.<\/p>\n<p>Wir freuen uns auf Ihre Nachricht an <a href=\"mailto:partner@festival-of-lights.de\">partner@festival-of-lights.de <\/a>Ihre Ansprechpartnerin ist Birgit Zander.<\/p>\n<\/div>        \n            <\/div> <!-- end max-w-screen container -->\n    <\/div>\n<\/section>","protected":false},"excerpt":{"rendered":"","protected":false},"author":8,"featured_media":0,"parent":0,"menu_order":0,"comment_status":"closed","ping_status":"closed","template":"tpl-home.php","meta":{"_acf_changed":false,"footnotes":""},"class_list":["post-60959","page","type-page","status-publish","hentry"],"acf":[],"yoast_head":"<!-- This site is optimized with the Yoast SEO plugin v25.6 - https:\/\/yoast.com\/wordpress\/plugins\/seo\/ -->\n<title>Landingpage - Festival of Lights<\/title>\n<meta name=\"robots\" content=\"index, follow, max-snippet:-1, max-image-preview:large, max-video-preview:-1\" \/>\n<link rel=\"canonical\" href=\"https:\/\/festival-of-lights.de\/de\/landingpage\/\" \/>\n<meta property=\"og:locale\" content=\"de_DE\" \/>\n<meta property=\"og:type\" content=\"article\" \/>\n<meta property=\"og:title\" content=\"Landingpage - Festival of Lights\" \/>\n<meta property=\"og:url\" content=\"https:\/\/festival-of-lights.de\/de\/landingpage\/\" \/>\n<meta property=\"og:site_name\" content=\"Festival of Lights\" \/>\n<meta property=\"article:publisher\" content=\"https:\/\/www.facebook.com\/FestivalOfLights\" \/>\n<meta property=\"article:modified_time\" content=\"2026-04-15T08:22:01+00:00\" \/>\n<meta name=\"twitter:card\" content=\"summary_large_image\" \/>\n<script type=\"application\/ld+json\" class=\"yoast-schema-graph\">{\"@context\":\"https:\/\/schema.org\",\"@graph\":[{\"@type\":\"WebPage\",\"@id\":\"https:\/\/festival-of-lights.de\/de\/landingpage\/\",\"url\":\"https:\/\/festival-of-lights.de\/de\/landingpage\/\",\"name\":\"Landingpage - Festival of Lights\",\"isPartOf\":{\"@id\":\"https:\/\/festival-of-lights.de\/de\/#website\"},\"datePublished\":\"2026-03-25T14:35:23+00:00\",\"dateModified\":\"2026-04-15T08:22:01+00:00\",\"breadcrumb\":{\"@id\":\"https:\/\/festival-of-lights.de\/de\/landingpage\/#breadcrumb\"},\"inLanguage\":\"de\",\"potentialAction\":[{\"@type\":\"ReadAction\",\"target\":[\"https:\/\/festival-of-lights.de\/de\/landingpage\/\"]}]},{\"@type\":\"BreadcrumbList\",\"@id\":\"https:\/\/festival-of-lights.de\/de\/landingpage\/#breadcrumb\",\"itemListElement\":[{\"@type\":\"ListItem\",\"position\":1,\"name\":\"Startseite\",\"item\":\"https:\/\/festival-of-lights.de\/de\/\"},{\"@type\":\"ListItem\",\"position\":2,\"name\":\"Landingpage\"}]},{\"@type\":\"WebSite\",\"@id\":\"https:\/\/festival-of-lights.de\/de\/#website\",\"url\":\"https:\/\/festival-of-lights.de\/de\/\",\"name\":\"Festival of Lights Berlin\",\"description\":\"\",\"publisher\":{\"@id\":\"https:\/\/festival-of-lights.de\/de\/#organization\"},\"potentialAction\":[{\"@type\":\"SearchAction\",\"target\":{\"@type\":\"EntryPoint\",\"urlTemplate\":\"https:\/\/festival-of-lights.de\/de\/?s={search_term_string}\"},\"query-input\":{\"@type\":\"PropertyValueSpecification\",\"valueRequired\":true,\"valueName\":\"search_term_string\"}}],\"inLanguage\":\"de\"},{\"@type\":\"Organization\",\"@id\":\"https:\/\/festival-of-lights.de\/de\/#organization\",\"name\":\"Festival of Lights\",\"url\":\"https:\/\/festival-of-lights.de\/de\/\",\"logo\":{\"@type\":\"ImageObject\",\"inLanguage\":\"de\",\"@id\":\"https:\/\/festival-of-lights.de\/de\/#\/schema\/logo\/image\/\",\"url\":\"https:\/\/festival-of-lights.de\/wp-content\/uploads\/2023\/08\/cropped-logo.png\",\"contentUrl\":\"https:\/\/festival-of-lights.de\/wp-content\/uploads\/2023\/08\/cropped-logo.png\",\"width\":230,\"height\":230,\"caption\":\"Festival of Lights\"},\"image\":{\"@id\":\"https:\/\/festival-of-lights.de\/de\/#\/schema\/logo\/image\/\"},\"sameAs\":[\"https:\/\/www.facebook.com\/FestivalOfLights\",\"https:\/\/www.tiktok.com\/@berlinfestivaloflights\",\"https:\/\/www.instagram.com\/berlinfestivaloflights\"]}]}<\/script>\n<!-- \/ Yoast SEO plugin. -->","yoast_head_json":{"title":"Landingpage - Festival of Lights","robots":{"index":"index","follow":"follow","max-snippet":"max-snippet:-1","max-image-preview":"max-image-preview:large","max-video-preview":"max-video-preview:-1"},"canonical":"https:\/\/festival-of-lights.de\/de\/landingpage\/","og_locale":"de_DE","og_type":"article","og_title":"Landingpage - Festival of Lights","og_url":"https:\/\/festival-of-lights.de\/de\/landingpage\/","og_site_name":"Festival of Lights","article_publisher":"https:\/\/www.facebook.com\/FestivalOfLights","article_modified_time":"2026-04-15T08:22:01+00:00","twitter_card":"summary_large_image","schema":{"@context":"https:\/\/schema.org","@graph":[{"@type":"WebPage","@id":"https:\/\/festival-of-lights.de\/de\/landingpage\/","url":"https:\/\/festival-of-lights.de\/de\/landingpage\/","name":"Landingpage - Festival of Lights","isPartOf":{"@id":"https:\/\/festival-of-lights.de\/de\/#website"},"datePublished":"2026-03-25T14:35:23+00:00","dateModified":"2026-04-15T08:22:01+00:00","breadcrumb":{"@id":"https:\/\/festival-of-lights.de\/de\/landingpage\/#breadcrumb"},"inLanguage":"de","potentialAction":[{"@type":"ReadAction","target":["https:\/\/festival-of-lights.de\/de\/landingpage\/"]}]},{"@type":"BreadcrumbList","@id":"https:\/\/festival-of-lights.de\/de\/landingpage\/#breadcrumb","itemListElement":[{"@type":"ListItem","position":1,"name":"Startseite","item":"https:\/\/festival-of-lights.de\/de\/"},{"@type":"ListItem","position":2,"name":"Landingpage"}]},{"@type":"WebSite","@id":"https:\/\/festival-of-lights.de\/de\/#website","url":"https:\/\/festival-of-lights.de\/de\/","name":"Festival of Lights Berlin","description":"","publisher":{"@id":"https:\/\/festival-of-lights.de\/de\/#organization"},"potentialAction":[{"@type":"SearchAction","target":{"@type":"EntryPoint","urlTemplate":"https:\/\/festival-of-lights.de\/de\/?s={search_term_string}"},"query-input":{"@type":"PropertyValueSpecification","valueRequired":true,"valueName":"search_term_string"}}],"inLanguage":"de"},{"@type":"Organization","@id":"https:\/\/festival-of-lights.de\/de\/#organization","name":"Festival of Lights","url":"https:\/\/festival-of-lights.de\/de\/","logo":{"@type":"ImageObject","inLanguage":"de","@id":"https:\/\/festival-of-lights.de\/de\/#\/schema\/logo\/image\/","url":"https:\/\/festival-of-lights.de\/wp-content\/uploads\/2023\/08\/cropped-logo.png","contentUrl":"https:\/\/festival-of-lights.de\/wp-content\/uploads\/2023\/08\/cropped-logo.png","width":230,"height":230,"caption":"Festival of Lights"},"image":{"@id":"https:\/\/festival-of-lights.de\/de\/#\/schema\/logo\/image\/"},"sameAs":["https:\/\/www.facebook.com\/FestivalOfLights","https:\/\/www.tiktok.com\/@berlinfestivaloflights","https:\/\/www.instagram.com\/berlinfestivaloflights"]}]}},"_links":{"self":[{"href":"https:\/\/festival-of-lights.de\/de\/wp-json\/wp\/v2\/pages\/60959","targetHints":{"allow":["GET"]}}],"collection":[{"href":"https:\/\/festival-of-lights.de\/de\/wp-json\/wp\/v2\/pages"}],"about":[{"href":"https:\/\/festival-of-lights.de\/de\/wp-json\/wp\/v2\/types\/page"}],"author":[{"embeddable":true,"href":"https:\/\/festival-of-lights.de\/de\/wp-json\/wp\/v2\/users\/8"}],"replies":[{"embeddable":true,"href":"https:\/\/festival-of-lights.de\/de\/wp-json\/wp\/v2\/comments?post=60959"}],"version-history":[{"count":228,"href":"https:\/\/festival-of-lights.de\/de\/wp-json\/wp\/v2\/pages\/60959\/revisions"}],"predecessor-version":[{"id":61402,"href":"https:\/\/festival-of-lights.de\/de\/wp-json\/wp\/v2\/pages\/60959\/revisions\/61402"}],"wp:attachment":[{"href":"https:\/\/festival-of-lights.de\/de\/wp-json\/wp\/v2\/media?parent=60959"}],"curies":[{"name":"wp","href":"https:\/\/api.w.org\/{rel}","templated":true}]}}