{"id":61737,"date":"2026-06-02T17:05:09","date_gmt":"2026-06-02T15:05:09","guid":{"rendered":"https:\/\/festival-of-lights.de\/?page_id=61737"},"modified":"2026-09-03T10:57:33","modified_gmt":"2026-09-03T08:57:33","slug":"programm-2026","status":"publish","type":"page","link":"https:\/\/festival-of-lights.de\/de\/programm-2026\/","title":{"rendered":"Programm 2026"},"content":{"rendered":"<section class=\"module-spacer bg-bg-darkBlue pt-10 md:pt-14 xl:pt-20\">\n<\/section>\n\n<section class=\"image-sticky-module\">\n  <div class=\"image-sticky-module__container grayscale-mask\">\n    <div class=\"image-sticky-module__image aspect-video bg-fixed bg-no-repeat bg-cover bg-center grayscale-overlay\" style=\"background-image:url('https:\/\/festival-of-lights.de\/wp-content\/uploads\/2026\/06\/06_02_ColourOfLove_05.jpg');\" ><\/div> \n  <\/div>\n<\/section>\n\n<section class=\"basic-content-module bg-bg-darkBlue text-text-default\">\n  <div class=\"px-xs py-md lg:py-2xl aniMe text-intro dark:!bg-transparent dark:!text-white text-left\">\n            <div class=\"mx-auto max-w-content\"><div class='text-element align- text-copy lg:text-h3 font-bold mb-4 md:mb-0'>2026<\/div><\/div>\n                <div class=\"mx-auto max-w-content basic-content-module__headline\"><h2 class='grayscale-overlay relative headline-element align-left text-h3 font-bold md:text-h1 lg:text-[128px] mb-4 md:mb-4 z-0 basic-content-module__headline-big'>\n    \n    <span class='relative align-left text-h3 font-bold md:text-h1 lg:text-[128px] mb-4 md:mb-4 z-0 basic-content-module__headline-big'>\n    <span class='absolute top-0 left-0 z-0 -translate-x-1\/2 -translate-y-1\/2 light w-[300px] h-[300px]'>\n    <svg class='w-full h-full ' xmlns='http:\/\/www.w3.org\/2000\/svg' width='542' height='542' viewBox='0 0 542 542' fill='none'>\n      <g filter='url(#filter0_f_569_1018)'>\n        <circle cx='271' cy='271' r='121' fill='#9AE8FF' fill-opacity='0.5'\/>\n      <\/g>\n      <defs>\n        <filter id='filter0_f_569_1018' x='0' y='0' width='542' height='542' filterUnits='userSpaceOnUse' color-interpolation-filters='sRGB'>\n          <feFlood flood-opacity='0' result='BackgroundImageFix'\/>\n          <feBlend mode='normal' in='SourceGraphic' in2='BackgroundImageFix' result='shape'\/>\n          <feGaussianBlur stdDeviation='75' result='effect1_foregroundBlur_569_1018'\/>\n        <\/filter>\n      <\/defs>\n    <\/svg>\n  <\/span>\n    Programmvorschau<\/span>\n    <\/h2><\/div>\n                <div class=\"relative z-10 mx-auto max-w-content\">\n            <div class='text-element align- text-copy'><div class=\"text-element align-left \">\n<p>We love Berlin! Unter dem Motto \u201e<strong>Colours of Love<\/strong>\u201c verwandeln wir die Hauptstadt vom <strong>9. bis 18. Oktober 2026<\/strong> mit unserer <strong>22. Edition<\/strong> wieder in eine strahlende B\u00fchne f\u00fcr Lichtkunst.<\/p>\n<p>Mit viel Liebe zum Detail verbinden wir Licht, Kunst und Musik mit neuen Perspektiven, lassen Berlins Wahrzeichen erstrahlen und die Herzen unserer G\u00e4ste h\u00f6her schlagen. Diesmal dreht sich alles um das poetischste und zugleich tiefste Gef\u00fchl: die Liebe.<\/p>\n<p>Liebe hat viele Facetten und unz\u00e4hlige Ausdrucksformen. Liebe ist kein einzelner Moment \u2013 sie ist allumfassend. \u00dcber zehn Abende hinweg lassen euch erneut in Berlin verlieben.<\/p>\n<p>Feiert mit uns die Colours of Love.<\/p>\n<\/div>\n<\/div>        <\/div>\n          <\/div>\n<\/section>\n\n<section class=\"basic-content-module bg-bg-darkBlue text-text-default\">\n  <div class=\"px-xs py-md lg:py-2xl aniMe text-intro dark:!bg-transparent dark:!text-white text-left\">\n            <div class=\"mx-auto max-w-content basic-content-module__headline\"><h2 class='grayscale-overlay relative headline-element align-left text-h3 font-bold md:text-h3 mb-4 md:mb-sm z-0'>\n    \n    <span class='relative align-left text-h3 font-bold md:text-h3 mb-4 md:mb-sm z-0'>\n    <span class='absolute top-0 left-0 z-0 -translate-x-1\/2 -translate-y-1\/2 light w-[300px] h-[300px]'>\n    <svg class='w-full h-full ' xmlns='http:\/\/www.w3.org\/2000\/svg' width='542' height='542' viewBox='0 0 542 542' fill='none'>\n      <g filter='url(#filter0_f_569_1018)'>\n        <circle cx='271' cy='271' r='121' fill='#9AE8FF' fill-opacity='0.5'\/>\n      <\/g>\n      <defs>\n        <filter id='filter0_f_569_1018' x='0' y='0' width='542' height='542' filterUnits='userSpaceOnUse' color-interpolation-filters='sRGB'>\n          <feFlood flood-opacity='0' result='BackgroundImageFix'\/>\n          <feBlend mode='normal' in='SourceGraphic' in2='BackgroundImageFix' result='shape'\/>\n          <feGaussianBlur stdDeviation='75' result='effect1_foregroundBlur_569_1018'\/>\n        <\/filter>\n      <\/defs>\n    <\/svg>\n  <\/span>\n    Inszenierte Orte im 22. Festival of Lights:<\/span>\n    <\/h2><\/div>\n                <div class=\"relative z-10 mx-auto max-w-content\">\n            <div class='text-element align- text-copy'><p>Weitere Standorte und Infos folgen in K\u00fcrze.<\/p>\n<\/div>        <\/div>\n          <\/div>\n<\/section>\n\n<section class=\"bg-bg-darkBlue\">\n  <div class=\"cards-wall-section py-md dark:!bg-transparent dark:!text-white\">\n     \n\t\t\t\t<div class=\"cards-wall container max-w-screen-xl grid mx-auto md:grid-cols-2 lg:grid-cols-3 gap-3 lg:gap-5 px-sm\">\n\t\t\t\t\t\t\t\t\t<a href=\"\" class=\"one-column relative cursor-pointer card-wrap aspect-[9\/16] aniMe\">\n\t\t\t\t\t\t<img decoding=\"async\" loading=\"lazy\" src=\"https:\/\/festival-of-lights.de\/wp-content\/uploads\/2025\/10\/Fernsehturm-neu.jpg\" class=\"object-cover object-center w-full h-full image \" alt=\"\">\t\t\t\t\t\t\t\t\t\t\t\t\t<div class=\"absolute inset-0 flex flex-col items-center justify-center invisible p-10 text-lg text-center text-white transition-all duration-500 ease-in-out delay-100 opacity-0 card-content font-primary bg-black\/0\" >\n\t\t\t\t\t\t\t\t <h2 class=\"text-h4 xl:text-h3\">Berliner Fernsehturm<\/h2> \t\t\t\t\t\t\t\t <p class=\"pt-md\">3D-Videomapping Show<br \/>\r\n<br><br \/>\r\nPanoramastra\u00dfe 1A<br \/>\r\n10178 Berlin<\/p> \t\t\t\t\t\t\t\t\t\t\t\t\t\t\t<\/div>\n\t\t\t\t\t\t\t\t\t\t\t<\/a>\n\t\t\t\t\t\t\t\t\t\t<a href=\"\" class=\"one-column relative cursor-pointer card-wrap aspect-[9\/16] aniMe\">\n\t\t\t\t\t\t<img decoding=\"async\" loading=\"lazy\" src=\"https:\/\/festival-of-lights.de\/wp-content\/uploads\/2025\/10\/03.jpg\" class=\"object-cover object-center w-full h-full image \" alt=\"\">\t\t\t\t\t\t\t\t\t\t\t\t\t<div class=\"absolute inset-0 flex flex-col items-center justify-center invisible p-10 text-lg text-center text-white transition-all duration-500 ease-in-out delay-100 opacity-0 card-content font-primary bg-black\/0\" >\n\t\t\t\t\t\t\t\t <h2 class=\"text-h4 xl:text-h3\">St. Marienkirche<\/h2> \t\t\t\t\t\t\t\t <p class=\"pt-md\">K\u00fcnstlerische Architekturinszenierung<br \/>\r\n<br><br \/>\r\nKarl-Liebknecht-Stra\u00dfe 8<br \/>\r\n10178 Berlin<\/p> \t\t\t\t\t\t\t\t\t\t\t\t\t\t\t<\/div>\n\t\t\t\t\t\t\t\t\t\t\t<\/a>\n\t\t\t\t\t\t\t\t\t\t<a href=\"\" class=\"one-column relative cursor-pointer card-wrap aspect-[9\/16] aniMe\">\n\t\t\t\t\t\t<img decoding=\"async\" loading=\"lazy\" src=\"https:\/\/festival-of-lights.de\/wp-content\/uploads\/2025\/09\/nikolaiviertel1.jpg\" class=\"object-cover object-center w-full h-full image \" alt=\"\">\t\t\t\t\t\t\t\t\t\t\t\t\t<div class=\"absolute inset-0 flex flex-col items-center justify-center invisible p-10 text-lg text-center text-white transition-all duration-500 ease-in-out delay-100 opacity-0 card-content font-primary bg-black\/0\" >\n\t\t\t\t\t\t\t\t <h2 class=\"text-h4 xl:text-h3\">Nikolaiviertel &#8211; Rathausstra\u00dfe 17 <\/h2> \t\t\t\t\t\t\t\t <p class=\"pt-md\">Videoinszenierung<br \/>\r\n&#8222;Babylon Berlin&#8220;<br \/>\r\n<br><br \/>\r\nRathausstra\u00dfe 17<br \/>\r\n10178 Berlin<\/p> \t\t\t\t\t\t\t\t <p class=\"mt-auto\">Pr\u00e4sentiert von WBM<\/p> \t\t\t\t\t\t\t<\/div>\n\t\t\t\t\t\t\t\t\t\t\t<\/a>\n\t\t\t\t\t\t\t\t\t\t<a href=\"\" class=\"one-column relative cursor-pointer card-wrap aspect-[9\/16] aniMe\">\n\t\t\t\t\t\t<img decoding=\"async\" loading=\"lazy\" src=\"https:\/\/festival-of-lights.de\/wp-content\/uploads\/2025\/09\/Am-Nussbaum1.jpg\" class=\"object-cover object-center w-full h-full image \" alt=\"\">\t\t\t\t\t\t\t\t\t\t\t\t\t<div class=\"absolute inset-0 flex flex-col items-center justify-center invisible p-10 text-lg text-center text-white transition-all duration-500 ease-in-out delay-100 opacity-0 card-content font-primary bg-black\/0\" >\n\t\t\t\t\t\t\t\t <h2 class=\"text-h4 xl:text-h3\">Nikolaiviertel &#8211; Am Nu\u00dfbaum<\/h2> \t\t\t\t\t\t\t\t <p class=\"pt-md\">Farbenfrohe Baumbeleuchtung<br \/>\r\n<br><br \/>\r\nam Nu\u00dfbaum<br \/>\r\n10178 Berlin<\/p> \t\t\t\t\t\t\t\t <p class=\"mt-auto\">Pr\u00e4sentiert von WBM<\/p> \t\t\t\t\t\t\t<\/div>\n\t\t\t\t\t\t\t\t\t\t\t<\/a>\n\t\t\t\t\t\t\t\t\t\t<a href=\"\" class=\"one-column relative cursor-pointer card-wrap aspect-[9\/16] aniMe\">\n\t\t\t\t\t\t<img decoding=\"async\" loading=\"lazy\" src=\"https:\/\/festival-of-lights.de\/wp-content\/uploads\/2026\/06\/Programm-Kachel-ohne-Jahreszahlen-1.png\" class=\"object-cover object-center w-full h-full image \" alt=\"\">\t\t\t\t\t\t\t\t\t\t\t\t\t<div class=\"absolute inset-0 flex flex-col items-center justify-center invisible p-10 text-lg text-center text-white transition-all duration-500 ease-in-out delay-100 opacity-0 card-content font-primary bg-black\/0\" >\n\t\t\t\t\t\t\t\t <h2 class=\"text-h4 xl:text-h3\">Nikolaiviertel &#8211; Propststra\u00dfe-Nikolaikirchplatz<\/h2> \t\t\t\t\t\t\t\t <p class=\"pt-md\">Installation &#8222;Angels of Love&#8220;<br \/>\r\n<br><br \/>\r\nPropststra\u00dfe (Gr\u00fcnfl\u00e4che neben der Kirche)<br \/>\r\n10178 Berlin<\/p> \t\t\t\t\t\t\t\t <p class=\"mt-auto\">Pr\u00e4sentiert von WBM<\/p> \t\t\t\t\t\t\t<\/div>\n\t\t\t\t\t\t\t\t\t\t\t<\/a>\n\t\t\t\t\t\t\t\t\t\t<a href=\"\" class=\"one-column relative cursor-pointer card-wrap aspect-[9\/16] aniMe\">\n\t\t\t\t\t\t<img decoding=\"async\" loading=\"lazy\" src=\"https:\/\/festival-of-lights.de\/wp-content\/uploads\/2025\/09\/Wappenbrunen2.jpg\" class=\"object-cover object-center w-full h-full image \" alt=\"\">\t\t\t\t\t\t\t\t\t\t\t\t\t<div class=\"absolute inset-0 flex flex-col items-center justify-center invisible p-10 text-lg text-center text-white transition-all duration-500 ease-in-out delay-100 opacity-0 card-content font-primary bg-black\/0\" >\n\t\t\t\t\t\t\t\t <h2 class=\"text-h4 xl:text-h3\">Nikolaiviertel &#8211; Wappenbrunnen &#038; Nikolaikirche<\/h2> \t\t\t\t\t\t\t\t <p class=\"pt-md\">Farbenfrohe Illumination<br \/>\r\n<br><br \/>\r\nNikolaikirchplatz<br \/>\r\n10178 Berlin<\/p> \t\t\t\t\t\t\t\t <p class=\"mt-auto\">Pr\u00e4sentiert von WBM<\/p> \t\t\t\t\t\t\t<\/div>\n\t\t\t\t\t\t\t\t\t\t\t<\/a>\n\t\t\t\t\t\t\t\t\t\t<a href=\"\" class=\"one-column relative cursor-pointer card-wrap aspect-[9\/16] aniMe\">\n\t\t\t\t\t\t<img decoding=\"async\" loading=\"lazy\" src=\"https:\/\/festival-of-lights.de\/wp-content\/uploads\/2025\/10\/94.png\" class=\"object-cover object-center w-full h-full image \" alt=\"\">\t\t\t\t\t\t\t\t\t\t\t\t\t<div class=\"absolute inset-0 flex flex-col items-center justify-center invisible p-10 text-lg text-center text-white transition-all duration-500 ease-in-out delay-100 opacity-0 card-content font-primary bg-black\/0\" >\n\t\t\t\t\t\t\t\t <h2 class=\"text-h4 xl:text-h3\">Nikolaiviertel &#8211; Gerichtslaube<\/h2> \t\t\t\t\t\t\t\t <p class=\"pt-md\">Farbenfrohe Illumination<br \/>\r\n<br><br \/>\r\nPoststr. 28<br \/>\r\n10178 Berlin<\/p> \t\t\t\t\t\t\t\t\t\t\t\t\t\t\t<\/div>\n\t\t\t\t\t\t\t\t\t\t\t<\/a>\n\t\t\t\t\t\t\t\t\t\t<a href=\"\" class=\"one-column relative cursor-pointer card-wrap aspect-[9\/16] aniMe\">\n\t\t\t\t\t\t<img decoding=\"async\" loading=\"lazy\" src=\"https:\/\/festival-of-lights.de\/wp-content\/uploads\/2025\/09\/Propstrasse-Arkaden1.jpg\" class=\"object-cover object-center w-full h-full image \" alt=\"\">\t\t\t\t\t\t\t\t\t\t\t\t\t<div class=\"absolute inset-0 flex flex-col items-center justify-center invisible p-10 text-lg text-center text-white transition-all duration-500 ease-in-out delay-100 opacity-0 card-content font-primary bg-black\/0\" >\n\t\t\t\t\t\t\t\t <h2 class=\"text-h4 xl:text-h3\">Nikolaiviertel &#8211; Propststra\u00dfe<\/h2> \t\t\t\t\t\t\t\t <p class=\"pt-md\">Farbenfrohe Baumbeleuchtung<br \/>\r\n<br><br \/>\r\nPropststra\u00dfe<br \/>\r\n10178 Berlin<\/p> \t\t\t\t\t\t\t\t <p class=\"mt-auto\">Pr\u00e4sentiert von WBM<\/p> \t\t\t\t\t\t\t<\/div>\n\t\t\t\t\t\t\t\t\t\t\t<\/a>\n\t\t\t\t\t\t\t\t\t\t<a href=\"\" class=\"one-column relative cursor-pointer card-wrap aspect-[9\/16] aniMe\">\n\t\t\t\t\t\t<img decoding=\"async\" loading=\"lazy\" src=\"https:\/\/festival-of-lights.de\/wp-content\/uploads\/2026\/08\/Angels-Kachel.png\" class=\"object-cover object-center w-full h-full image \" alt=\"\">\t\t\t\t\t\t\t\t\t\t\t\t\t<div class=\"absolute inset-0 flex flex-col items-center justify-center invisible p-10 text-lg text-center text-white transition-all duration-500 ease-in-out delay-100 opacity-0 card-content font-primary bg-black\/0\" >\n\t\t\t\t\t\t\t\t <h2 class=\"text-h4 xl:text-h3\">Nikolaiviertel &#8211; Restaurant Fischer und Lustig<\/h2> \t\t\t\t\t\t\t\t <p class=\"pt-md\">Installation &#8222;Angels of Love&#8220;<br \/>\r\n<br><br \/>\r\nPoststr. 26<br \/>\r\n10178 Berlin<\/p> \t\t\t\t\t\t\t\t <p class=\"mt-auto\">Pr\u00e4sentiert von Fischer &#038; Lustig<\/p> \t\t\t\t\t\t\t<\/div>\n\t\t\t\t\t\t\t\t\t\t\t<\/a>\n\t\t\t\t\t\t\t\t\t\t<a href=\"\" class=\"one-column relative cursor-pointer card-wrap aspect-[9\/16] aniMe\">\n\t\t\t\t\t\t<img decoding=\"async\" loading=\"lazy\" src=\"https:\/\/festival-of-lights.de\/wp-content\/uploads\/2025\/10\/Dom.png\" class=\"object-cover object-center w-full h-full image \" alt=\"\">\t\t\t\t\t\t\t\t\t\t\t\t\t<div class=\"absolute inset-0 flex flex-col items-center justify-center invisible p-10 text-lg text-center text-white transition-all duration-500 ease-in-out delay-100 opacity-0 card-content font-primary bg-black\/0\" >\n\t\t\t\t\t\t\t\t <h2 class=\"text-h4 xl:text-h3\">Berliner Dom<\/h2> \t\t\t\t\t\t\t\t <p class=\"pt-md\">Projektionsinszenierung<br \/>\r\n<br><br \/>\r\nAm Lustgarten<br \/>\r\n10178 Berlin<\/p> \t\t\t\t\t\t\t\t\t\t\t\t\t\t\t<\/div>\n\t\t\t\t\t\t\t\t\t\t\t<\/a>\n\t\t\t\t\t\t\t\t\t\t<a href=\"\" class=\"one-column relative cursor-pointer card-wrap aspect-[9\/16] aniMe\">\n\t\t\t\t\t\t<img decoding=\"async\" loading=\"lazy\" src=\"https:\/\/festival-of-lights.de\/wp-content\/uploads\/2025\/10\/HU2.png\" class=\"object-cover object-center w-full h-full image \" alt=\"\">\t\t\t\t\t\t\t\t\t\t\t\t\t<div class=\"absolute inset-0 flex flex-col items-center justify-center invisible p-10 text-lg text-center text-white transition-all duration-500 ease-in-out delay-100 opacity-0 card-content font-primary bg-black\/0\" >\n\t\t\t\t\t\t\t\t <h2 class=\"text-h4 xl:text-h3\">Humboldt Universit\u00e4t<\/h2> \t\t\t\t\t\t\t\t <p class=\"pt-md\">Fassadeninszenierung<br \/>\r\n<br><br \/>\r\nUnter den Linden 6<br \/>\r\n10117 Berlin<\/p> \t\t\t\t\t\t\t\t <p class=\"mt-auto\">Pr\u00e4sentiert von Humboldt-Universit\u00e4t zu Berlin sowie Zagreb Tourist Board &#038; WWF<\/p> \t\t\t\t\t\t\t<\/div>\n\t\t\t\t\t\t\t\t\t\t\t<\/a>\n\t\t\t\t\t\t\t\t\t\t<a href=\"\" class=\"one-column relative cursor-pointer card-wrap aspect-[9\/16] aniMe\">\n\t\t\t\t\t\t<img decoding=\"async\" loading=\"lazy\" src=\"https:\/\/festival-of-lights.de\/wp-content\/uploads\/2025\/10\/Programm-Kachel1.png\" class=\"object-cover object-center w-full h-full image \" alt=\"\">\t\t\t\t\t\t\t\t\t\t\t\t\t<div class=\"absolute inset-0 flex flex-col items-center justify-center invisible p-10 text-lg text-center text-white transition-all duration-500 ease-in-out delay-100 opacity-0 card-content font-primary bg-black\/0\" >\n\t\t\t\t\t\t\t\t <h2 class=\"text-h4 xl:text-h3\">Staatsoper Unter den Linden<\/h2> \t\t\t\t\t\t\t\t <p class=\"pt-md\">Architekturinszenierung<br \/>\r\n<br><br \/>\r\nUnter den Linden 7<br \/>\r\n10117 Berlin<\/p> \t\t\t\t\t\t\t\t\t\t\t\t\t\t\t<\/div>\n\t\t\t\t\t\t\t\t\t\t\t<\/a>\n\t\t\t\t\t\t\t\t\t\t<a href=\"\" class=\"one-column relative cursor-pointer card-wrap aspect-[9\/16] aniMe\">\n\t\t\t\t\t\t<img decoding=\"async\" loading=\"lazy\" src=\"https:\/\/festival-of-lights.de\/wp-content\/uploads\/2025\/10\/St-Hed.png\" class=\"object-cover object-center w-full h-full image \" alt=\"\">\t\t\t\t\t\t\t\t\t\t\t\t\t<div class=\"absolute inset-0 flex flex-col items-center justify-center invisible p-10 text-lg text-center text-white transition-all duration-500 ease-in-out delay-100 opacity-0 card-content font-primary bg-black\/0\" >\n\t\t\t\t\t\t\t\t <h2 class=\"text-h4 xl:text-h3\">Sankt Hedwigs-Kathedrale<\/h2> \t\t\t\t\t\t\t\t <p class=\"pt-md\">Architekturinszenierung<br \/>\r\n<br><br \/>\r\nBebelplatz<br \/>\r\n10117 Berlin<\/p> \t\t\t\t\t\t\t\t <p class=\"mt-auto\">Pr\u00e4sentiert von Metropolitankapitel bei Sankt Hedwig<\/p> \t\t\t\t\t\t\t<\/div>\n\t\t\t\t\t\t\t\t\t\t\t<\/a>\n\t\t\t\t\t\t\t\t\t\t<a href=\"\" class=\"one-column relative cursor-pointer card-wrap aspect-[9\/16] aniMe\">\n\t\t\t\t\t\t<img decoding=\"async\" loading=\"lazy\" src=\"https:\/\/festival-of-lights.de\/wp-content\/uploads\/2025\/10\/113.jpg\" class=\"object-cover object-center w-full h-full image \" alt=\"\">\t\t\t\t\t\t\t\t\t\t\t\t\t<div class=\"absolute inset-0 flex flex-col items-center justify-center invisible p-10 text-lg text-center text-white transition-all duration-500 ease-in-out delay-100 opacity-0 card-content font-primary bg-black\/0\" >\n\t\t\t\t\t\t\t\t <h2 class=\"text-h4 xl:text-h3\">Hotel de Rome &#038; Behren Palais<\/h2> \t\t\t\t\t\t\t\t <p class=\"pt-md\">3D-Videomapping Show <br \/>\r\n<br><br \/>\r\nBehrenstrasse 37<br \/>\r\n10117 Berlin<\/p> \t\t\t\t\t\t\t\t\t\t\t\t\t\t\t<\/div>\n\t\t\t\t\t\t\t\t\t\t\t<\/a>\n\t\t\t\t\t\t\t\t\t\t<a href=\"\" class=\"one-column relative cursor-pointer card-wrap aspect-[9\/16] aniMe\">\n\t\t\t\t\t\t<img decoding=\"async\" loading=\"lazy\" src=\"https:\/\/festival-of-lights.de\/wp-content\/uploads\/2025\/10\/JU.png\" class=\"object-cover object-center w-full h-full image \" alt=\"\">\t\t\t\t\t\t\t\t\t\t\t\t\t<div class=\"absolute inset-0 flex flex-col items-center justify-center invisible p-10 text-lg text-center text-white transition-all duration-500 ease-in-out delay-100 opacity-0 card-content font-primary bg-black\/0\" >\n\t\t\t\t\t\t\t\t <h2 class=\"text-h4 xl:text-h3\"> Juristische Fakult\u00e4t HU<\/h2> \t\t\t\t\t\t\t\t <p class=\"pt-md\">Architekturinszenierung<br \/>\r\n<br><br \/>\r\nBebelplatz 2<br \/>\r\n10117 Berlin<\/p> \t\t\t\t\t\t\t\t\t\t\t\t\t\t\t<\/div>\n\t\t\t\t\t\t\t\t\t\t\t<\/a>\n\t\t\t\t\t\t\t\t\t\t<a href=\"\" class=\"one-column relative cursor-pointer card-wrap aspect-[9\/16] aniMe\">\n\t\t\t\t\t\t<img decoding=\"async\" loading=\"lazy\" src=\"https:\/\/festival-of-lights.de\/wp-content\/uploads\/2025\/10\/114.jpg\" class=\"object-cover object-center w-full h-full image \" alt=\"\">\t\t\t\t\t\t\t\t\t\t\t\t\t<div class=\"absolute inset-0 flex flex-col items-center justify-center invisible p-10 text-lg text-center text-white transition-all duration-500 ease-in-out delay-100 opacity-0 card-content font-primary bg-black\/0\" >\n\t\t\t\t\t\t\t\t <h2 class=\"text-h4 xl:text-h3\">Brandenburger Tor<\/h2> \t\t\t\t\t\t\t\t <p class=\"pt-md\">3D-Videomapping Show <br \/>\r\n<br><br \/>\r\nPariser Platz<br \/>\r\n10117 Berlin<\/p> \t\t\t\t\t\t\t\t\t\t\t\t\t\t\t<\/div>\n\t\t\t\t\t\t\t\t\t\t\t<\/a>\n\t\t\t\t\t\t\t\t\t\t<a href=\"\" class=\"one-column relative cursor-pointer card-wrap aspect-[9\/16] aniMe\">\n\t\t\t\t\t\t<img decoding=\"async\" loading=\"lazy\" src=\"https:\/\/festival-of-lights.de\/wp-content\/uploads\/2025\/10\/Ritz-Carlton-Neu.png\" class=\"object-cover object-center w-full h-full image \" alt=\"\">\t\t\t\t\t\t\t\t\t\t\t\t\t<div class=\"absolute inset-0 flex flex-col items-center justify-center invisible p-10 text-lg text-center text-white transition-all duration-500 ease-in-out delay-100 opacity-0 card-content font-primary bg-black\/0\" >\n\t\t\t\t\t\t\t\t <h2 class=\"text-h4 xl:text-h3\">The Ritz-Carlton, Berlin<\/h2> \t\t\t\t\t\t\t\t <p class=\"pt-md\">Fassadeninszenierung<br \/>\r\n<br><br \/>\r\nPotsdamer Platz 3<br \/>\r\n10785 Berlin<\/p> \t\t\t\t\t\t\t\t <p class=\"mt-auto\">Pr\u00e4sentiert von Immago Rent AG (Beisheim Gruppe)<\/p> \t\t\t\t\t\t\t<\/div>\n\t\t\t\t\t\t\t\t\t\t\t<\/a>\n\t\t\t\t\t\t\t\t\t\t<a href=\"\" class=\"one-column relative cursor-pointer card-wrap aspect-[9\/16] aniMe\">\n\t\t\t\t\t\t<img decoding=\"async\" loading=\"lazy\" src=\"https:\/\/festival-of-lights.de\/wp-content\/uploads\/2025\/10\/P5-Neu.png\" class=\"object-cover object-center w-full h-full image \" alt=\"\">\t\t\t\t\t\t\t\t\t\t\t\t\t<div class=\"absolute inset-0 flex flex-col items-center justify-center invisible p-10 text-lg text-center text-white transition-all duration-500 ease-in-out delay-100 opacity-0 card-content font-primary bg-black\/0\" >\n\t\t\t\t\t\t\t\t <h2 class=\"text-h4 xl:text-h3\">P5<\/h2> \t\t\t\t\t\t\t\t <p class=\"pt-md\">Fassadeninszenierung<br \/>\r\n<br><br \/>\r\nPotsdamer Str. 5<br \/>\r\n10785 Berlin<\/p> \t\t\t\t\t\t\t\t\t\t\t\t\t\t\t<\/div>\n\t\t\t\t\t\t\t\t\t\t\t<\/a>\n\t\t\t\t\t\t\t\t\t\t<a href=\"\" class=\"one-column relative cursor-pointer card-wrap aspect-[9\/16] aniMe\">\n\t\t\t\t\t\t<img decoding=\"async\" loading=\"lazy\" src=\"https:\/\/festival-of-lights.de\/wp-content\/uploads\/2025\/10\/Kollhoff.png\" class=\"object-cover object-center w-full h-full image \" alt=\"\">\t\t\t\t\t\t\t\t\t\t\t\t\t<div class=\"absolute inset-0 flex flex-col items-center justify-center invisible p-10 text-lg text-center text-white transition-all duration-500 ease-in-out delay-100 opacity-0 card-content font-primary bg-black\/0\" >\n\t\t\t\t\t\t\t\t <h2 class=\"text-h4 xl:text-h3\">Kollhoff-Tower<\/h2> \t\t\t\t\t\t\t\t <p class=\"pt-md\">3D-Videomapping Show <br \/>\r\n<br><br \/>\r\nPotsdamer Platz 1<br \/>\r\n10785 Berlin<\/p> \t\t\t\t\t\t\t\t <p class=\"mt-auto\">Pr\u00e4sentiert von Potsdamer Platz<\/p> \t\t\t\t\t\t\t<\/div>\n\t\t\t\t\t\t\t\t\t\t\t<\/a>\n\t\t\t\t\t\t\t\t\t\t<a href=\"\" class=\"one-column relative cursor-pointer card-wrap aspect-[9\/16] aniMe\">\n\t\t\t\t\t\t<img decoding=\"async\" loading=\"lazy\" src=\"https:\/\/festival-of-lights.de\/wp-content\/uploads\/2025\/10\/IMG_0993-scaled.jpg\" class=\"object-cover object-center w-full h-full image \" alt=\"\">\t\t\t\t\t\t\t\t\t\t\t\t\t<div class=\"absolute inset-0 flex flex-col items-center justify-center invisible p-10 text-lg text-center text-white transition-all duration-500 ease-in-out delay-100 opacity-0 card-content font-primary bg-black\/0\" >\n\t\t\t\t\t\t\t\t <h2 class=\"text-h4 xl:text-h3\">Forum Tower <\/h2> \t\t\t\t\t\t\t\t <p class=\"pt-md\">Fassadeninszenierung<br \/>\r\n<br><br \/>\r\nPotsdamer Platz 11<br \/>\r\n10785 Berlin<\/p> \t\t\t\t\t\t\t\t <p class=\"mt-auto\">Pr\u00e4sentiert von Potsdamer Platz<\/p> \t\t\t\t\t\t\t<\/div>\n\t\t\t\t\t\t\t\t\t\t\t<\/a>\n\t\t\t\t\t\t\t\t\t\t<a href=\"\" class=\"one-column relative cursor-pointer card-wrap aspect-[9\/16] aniMe\">\n\t\t\t\t\t\t<img decoding=\"async\" loading=\"lazy\" src=\"https:\/\/festival-of-lights.de\/wp-content\/uploads\/2025\/07\/Programm-Kachel-9.png\" class=\"object-cover object-center w-full h-full image \" alt=\"\">\t\t\t\t\t\t\t\t\t\t\t\t\t<div class=\"absolute inset-0 flex flex-col items-center justify-center invisible p-10 text-lg text-center text-white transition-all duration-500 ease-in-out delay-100 opacity-0 card-content font-primary bg-black\/0\" >\n\t\t\t\t\t\t\t\t <h2 class=\"text-h4 xl:text-h3\">Potsdamer Platz<\/h2> \t\t\t\t\t\t\t\t <p class=\"pt-md\">Bodenprojektion<br \/>\r\n<br><br \/>\r\nPotsdamer Platz<br \/>\r\n10785 Berlin<\/p> \t\t\t\t\t\t\t\t <p class=\"mt-auto\">Pr\u00e4sentiert von Potsdamer Platz<\/p> \t\t\t\t\t\t\t<\/div>\n\t\t\t\t\t\t\t\t\t\t\t<\/a>\n\t\t\t\t\t\t\t\t\t\t<a href=\"\" class=\"one-column relative cursor-pointer card-wrap aspect-[9\/16] aniMe\">\n\t\t\t\t\t\t<img decoding=\"async\" loading=\"lazy\" src=\"https:\/\/festival-of-lights.de\/wp-content\/uploads\/2026\/08\/Pitaya-Schmetterlinge-Kachel-2.png\" class=\"object-cover object-center w-full h-full image \" alt=\"\">\t\t\t\t\t\t\t\t\t\t\t\t\t<div class=\"absolute inset-0 flex flex-col items-center justify-center invisible p-10 text-lg text-center text-white transition-all duration-500 ease-in-out delay-100 opacity-0 card-content font-primary bg-black\/0\" >\n\t\t\t\t\t\t\t\t <h2 class=\"text-h4 xl:text-h3\">Alte Potsdamer Stra\u00dfe<\/h2> \t\t\t\t\t\t\t\t <p class=\"pt-md\">Installation &#8222;Papillons&#8220;<br \/>\r\n<br><br \/>\r\nAlte Potsdamer Stra\u00dfe<br \/>\r\n10785 Berlin<\/p> \t\t\t\t\t\t\t\t <p class=\"mt-auto\">Pr\u00e4sentiert von Potsdamer Platz<\/p> \t\t\t\t\t\t\t<\/div>\n\t\t\t\t\t\t\t\t\t\t\t<\/a>\n\t\t\t\t\t\t\t\t\t\t<a href=\"\" class=\"one-column relative cursor-pointer card-wrap aspect-[9\/16] aniMe\">\n\t\t\t\t\t\t<img decoding=\"async\" loading=\"lazy\" src=\"https:\/\/festival-of-lights.de\/wp-content\/uploads\/2026\/08\/Programm-Kachel-Haus-Huth-2019.png\" class=\"object-cover object-center w-full h-full image \" alt=\"\">\t\t\t\t\t\t\t\t\t\t\t\t\t<div class=\"absolute inset-0 flex flex-col items-center justify-center invisible p-10 text-lg text-center text-white transition-all duration-500 ease-in-out delay-100 opacity-0 card-content font-primary bg-black\/0\" >\n\t\t\t\t\t\t\t\t <h2 class=\"text-h4 xl:text-h3\">Haus Huth<\/h2> \t\t\t\t\t\t\t\t <p class=\"pt-md\">Fassadeninszenierung<br \/>\r\n<br><br \/>\r\nLinkstra\u00dfe 2<br \/>\r\n10785 Berlin<\/p> \t\t\t\t\t\t\t\t <p class=\"mt-auto\">Pr\u00e4sentiert von Potsdamer Platz<\/p> \t\t\t\t\t\t\t<\/div>\n\t\t\t\t\t\t\t\t\t\t\t<\/a>\n\t\t\t\t\t\t\t\t\t\t<a href=\"\" class=\"one-column relative cursor-pointer card-wrap aspect-[9\/16] aniMe\">\n\t\t\t\t\t\t<img decoding=\"async\" loading=\"lazy\" src=\"https:\/\/festival-of-lights.de\/wp-content\/uploads\/2026\/08\/Visu-das-Center-House-of-Cards.png\" class=\"object-cover object-center w-full h-full image \" alt=\"\">\t\t\t\t\t\t\t\t\t\t\t\t\t<div class=\"absolute inset-0 flex flex-col items-center justify-center invisible p-10 text-lg text-center text-white transition-all duration-500 ease-in-out delay-100 opacity-0 card-content font-primary bg-black\/0\" >\n\t\t\t\t\t\t\t\t <h2 class=\"text-h4 xl:text-h3\">Das Center am Potsdamer Platz<\/h2> \t\t\t\t\t\t\t\t <p class=\"pt-md\">Installation &#8222;House of Cards&#8220;<br \/>\r\n<br><br \/>\r\nPotsdamer Str. 2<br \/>\r\n10785 Berlin<\/p> \t\t\t\t\t\t\t\t <p class=\"mt-auto\">Pr\u00e4sentiert von Das Center am Potsdamer Platz<\/p> \t\t\t\t\t\t\t<\/div>\n\t\t\t\t\t\t\t\t\t\t\t<\/a>\n\t\t\t\t\t\t\t\t\t\t<a href=\"\" class=\"one-column relative cursor-pointer card-wrap aspect-[9\/16] aniMe\">\n\t\t\t\t\t\t<img decoding=\"async\" loading=\"lazy\" src=\"https:\/\/festival-of-lights.de\/wp-content\/uploads\/2025\/10\/Programm-Kachel-17.png\" class=\"object-cover object-center w-full h-full image \" alt=\"\">\t\t\t\t\t\t\t\t\t\t\t\t\t<div class=\"absolute inset-0 flex flex-col items-center justify-center invisible p-10 text-lg text-center text-white transition-all duration-500 ease-in-out delay-100 opacity-0 card-content font-primary bg-black\/0\" >\n\t\t\t\t\t\t\t\t <h2 class=\"text-h4 xl:text-h3\">Konzerthaus<\/h2> \t\t\t\t\t\t\t\t <p class=\"pt-md\">Fassadeninszenierung<br \/>\r\n<br><br \/>\r\nGendarmenmarkt 2<br \/>\r\n10117 Berlin<\/p> \t\t\t\t\t\t\t\t\t\t\t\t\t\t\t<\/div>\n\t\t\t\t\t\t\t\t\t\t\t<\/a>\n\t\t\t\t\t\t\t\t\t\t<a href=\"\" class=\"one-column relative cursor-pointer card-wrap aspect-[9\/16] aniMe\">\n\t\t\t\t\t\t<img decoding=\"async\" loading=\"lazy\" src=\"https:\/\/festival-of-lights.de\/wp-content\/uploads\/2025\/10\/Siegessaeule.jpg\" class=\"object-cover object-center w-full h-full image \" alt=\"\">\t\t\t\t\t\t\t\t\t\t\t\t\t<div class=\"absolute inset-0 flex flex-col items-center justify-center invisible p-10 text-lg text-center text-white transition-all duration-500 ease-in-out delay-100 opacity-0 card-content font-primary bg-black\/0\" >\n\t\t\t\t\t\t\t\t <h2 class=\"text-h4 xl:text-h3\">Siegess\u00e4ule<\/h2> \t\t\t\t\t\t\t\t <p class=\"pt-md\">3D-Videomapping Show <br \/>\r\n<br><br \/>\r\nGro\u00dfer Stern<br \/>\r\n10557 Berlin<\/p> \t\t\t\t\t\t\t\t\t\t\t\t\t\t\t<\/div>\n\t\t\t\t\t\t\t\t\t\t\t<\/a>\n\t\t\t\t\t\t\t\t\t\t<a href=\"\" class=\"one-column relative cursor-pointer card-wrap aspect-[9\/16] aniMe\">\n\t\t\t\t\t\t<img decoding=\"async\" loading=\"lazy\" src=\"https:\/\/festival-of-lights.de\/wp-content\/uploads\/2025\/10\/Programm-Kachel4.png\" class=\"object-cover object-center w-full h-full image \" alt=\"\">\t\t\t\t\t\t\t\t\t\t\t\t\t<div class=\"absolute inset-0 flex flex-col items-center justify-center invisible p-10 text-lg text-center text-white transition-all duration-500 ease-in-out delay-100 opacity-0 card-content font-primary bg-black\/0\" >\n\t\t\t\t\t\t\t\t <h2 class=\"text-h4 xl:text-h3\">Oberbaumbr\u00fccke<\/h2> \t\t\t\t\t\t\t\t <p class=\"pt-md\">3D-Videomapping Show <br \/>\r\n<br><br \/>\r\nOberbaumbr\u00fccke<br \/>\r\n10243 Berlin<\/p> \t\t\t\t\t\t\t\t\t\t\t\t\t\t\t<\/div>\n\t\t\t\t\t\t\t\t\t\t\t<\/a>\n\t\t\t\t\t\t\t\t\t\t<a href=\"\" class=\"one-column relative cursor-pointer card-wrap aspect-[9\/16] aniMe\">\n\t\t\t\t\t\t<img decoding=\"async\" loading=\"lazy\" src=\"https:\/\/festival-of-lights.de\/wp-content\/uploads\/2026\/08\/Alte-Nationalgalerie.png\" class=\"object-cover object-center w-full h-full image \" alt=\"\">\t\t\t\t\t\t\t\t\t\t\t\t\t<div class=\"absolute inset-0 flex flex-col items-center justify-center invisible p-10 text-lg text-center text-white transition-all duration-500 ease-in-out delay-100 opacity-0 card-content font-primary bg-black\/0\" >\n\t\t\t\t\t\t\t\t <h2 class=\"text-h4 xl:text-h3\">Alte Nationalgalerie<\/h2> \t\t\t\t\t\t\t\t <p class=\"pt-md\">Fassadeninszenierung<br \/>\r\n<br><br \/>\r\nBodestra\u00dfe 1-3<br \/>\r\n10178 Berlin<\/p> \t\t\t\t\t\t\t\t\t\t\t\t\t\t\t<\/div>\n\t\t\t\t\t\t\t\t\t\t\t<\/a>\n\t\t\t\t\t\t\t\t\t\t<a href=\"\" class=\"one-column relative cursor-pointer card-wrap aspect-[9\/16] aniMe\">\n\t\t\t\t\t\t<img decoding=\"async\" loading=\"lazy\" src=\"https:\/\/festival-of-lights.de\/wp-content\/uploads\/2025\/10\/98.png\" class=\"object-cover object-center w-full h-full image \" alt=\"\">\t\t\t\t\t\t\t\t\t\t\t\t\t<div class=\"absolute inset-0 flex flex-col items-center justify-center invisible p-10 text-lg text-center text-white transition-all duration-500 ease-in-out delay-100 opacity-0 card-content font-primary bg-black\/0\" >\n\t\t\t\t\t\t\t\t <h2 class=\"text-h4 xl:text-h3\">THF TOWER<\/h2> \t\t\t\t\t\t\t\t <p class=\"pt-md\">3D-Videomapping Show<br \/>\r\n<br><br \/>\r\nTempelhofer Damm 45<br \/>\r\n12101 Berlin<\/p> \t\t\t\t\t\t\t\t <p class=\"mt-auto\">Pr\u00e4sentiert von THF\/Tempelhof Projekt GmbH<\/p> \t\t\t\t\t\t\t<\/div>\n\t\t\t\t\t\t\t\t\t\t\t<\/a>\n\t\t\t\t\t\t\t\t\t\t<a href=\"\" class=\"one-column relative cursor-pointer card-wrap aspect-[9\/16] aniMe\">\n\t\t\t\t\t\t<img decoding=\"async\" loading=\"lazy\" src=\"https:\/\/festival-of-lights.de\/wp-content\/uploads\/2025\/09\/Funkturm-1.png\" class=\"object-cover object-center w-full h-full image \" alt=\"\">\t\t\t\t\t\t\t\t\t\t\t\t\t<div class=\"absolute inset-0 flex flex-col items-center justify-center invisible p-10 text-lg text-center text-white transition-all duration-500 ease-in-out delay-100 opacity-0 card-content font-primary bg-black\/0\" >\n\t\t\t\t\t\t\t\t <h2 class=\"text-h4 xl:text-h3\">Funkturm<\/h2> \t\t\t\t\t\t\t\t <p class=\"pt-md\">Illumination<br \/>\r\n<br><br \/>\r\nMessedamm 22<br \/>\r\n14055 Berlin<\/p> \t\t\t\t\t\t\t\t <p class=\"mt-auto\">Pr\u00e4sentiert von Messe Berlin<\/p> \t\t\t\t\t\t\t<\/div>\n\t\t\t\t\t\t\t\t\t\t\t<\/a>\n\t\t\t\t\t\t\t\t\t\t<a href=\"\" class=\"one-column relative cursor-pointer card-wrap aspect-[9\/16] aniMe\">\n\t\t\t\t\t\t<img decoding=\"async\" loading=\"lazy\" src=\"https:\/\/festival-of-lights.de\/wp-content\/uploads\/2026\/08\/Lichtenberg-Kachel-DE.png\" class=\"object-cover object-center w-full h-full image \" alt=\"\">\t\t\t\t\t\t\t\t\t\t\t\t\t<div class=\"absolute inset-0 flex flex-col items-center justify-center invisible p-10 text-lg text-center text-white transition-all duration-500 ease-in-out delay-100 opacity-0 card-content font-primary bg-black\/0\" >\n\t\t\t\t\t\t\t\t <h2 class=\"text-h4 xl:text-h3\">Park am Rathaus Lichtenberg<\/h2> \t\t\t\t\t\t\t\t <p class=\"pt-md\">K\u00fcnstlerische Beleuchtung<br \/>\r\n<br><br \/>\r\nM\u00f6llendorffstra\u00dfe 6<br \/>\r\n10367 Berlin<\/p> \t\t\t\t\t\t\t\t <p class=\"mt-auto\">Pr\u00e4sentiert von Bezirksamt Lichtenberg<\/p> \t\t\t\t\t\t\t<\/div>\n\t\t\t\t\t\t\t\t\t\t\t<\/a>\n\t\t\t\t\t\t\t\t\t<\/div>\n\t\t\t\t  <\/div>\n<\/section>\n\n<section class=\"basic-content-module bg-bg-darkBlue text-text-default\">\n  <div class=\"px-xs py-md lg:py-2xl aniMe text-intro dark:!bg-transparent dark:!text-white text-left\">\n            <div class=\"mx-auto max-w-content basic-content-module__headline\"><h2 class='grayscale-overlay relative headline-element align-left text-h3 font-bold md:text-h3 mb-4 md:mb-sm z-0'>\n    \n    <span class='relative align-left text-h3 font-bold md:text-h3 mb-4 md:mb-sm z-0'>\n    <span class='absolute top-0 left-0 z-0 -translate-x-1\/2 -translate-y-1\/2 light w-[300px] h-[300px]'>\n    <svg class='w-full h-full ' xmlns='http:\/\/www.w3.org\/2000\/svg' width='542' height='542' viewBox='0 0 542 542' fill='none'>\n      <g filter='url(#filter0_f_569_1018)'>\n        <circle cx='271' cy='271' r='121' fill='#9AE8FF' fill-opacity='0.5'\/>\n      <\/g>\n      <defs>\n        <filter id='filter0_f_569_1018' x='0' y='0' width='542' height='542' filterUnits='userSpaceOnUse' color-interpolation-filters='sRGB'>\n          <feFlood flood-opacity='0' result='BackgroundImageFix'\/>\n          <feBlend mode='normal' in='SourceGraphic' in2='BackgroundImageFix' result='shape'\/>\n          <feGaussianBlur stdDeviation='75' result='effect1_foregroundBlur_569_1018'\/>\n        <\/filter>\n      <\/defs>\n    <\/svg>\n  <\/span>\n    Weitere Highlights:<\/span>\n    <\/h2><\/div>\n          <\/div>\n<\/section>\n\n<section class=\"bg-bg-darkBlue\">\n  <div class=\"cards-wall-section py-md dark:!bg-transparent dark:!text-white\">\n     \n\t\t\t\t<div class=\"cards-wall container max-w-screen-xl grid mx-auto md:grid-cols-2 lg:grid-cols-3 gap-3 lg:gap-5 px-sm\">\n\t\t\t\t\t\t\t\t\t<a href=\"https:\/\/festival-of-lights.de\/de\/beyond-the-light\/\" class=\"one-column relative cursor-pointer card-wrap aspect-[9\/16] aniMe\">\n\t\t\t\t\t\t<img decoding=\"async\" loading=\"lazy\" src=\"https:\/\/festival-of-lights.de\/wp-content\/uploads\/2026\/09\/Programm-Kachel-BTL.png\" class=\"object-cover object-center w-full h-full image \" alt=\"\">\t\t\t\t\t\t\t\t\t\t\t<\/a>\n\t\t\t\t\t\t\t\t\t\t<a href=\"https:\/\/festival-of-lights.de\/de\/inconcert-2026\/\" class=\"one-column relative cursor-pointer card-wrap aspect-[9\/16] aniMe\">\n\t\t\t\t\t\t<img decoding=\"async\" loading=\"lazy\" src=\"https:\/\/festival-of-lights.de\/wp-content\/uploads\/2026\/09\/Programm-Kachel-FOLIC.png\" class=\"object-cover object-center w-full h-full image \" alt=\"\">\t\t\t\t\t\t\t\t\t\t\t<\/a>\n\t\t\t\t\t\t\t\t\t\t<a href=\"https:\/\/festival-of-lights.de\/de\/club-nights\/\" class=\"one-column relative cursor-pointer card-wrap aspect-[9\/16] aniMe\">\n\t\t\t\t\t\t<img decoding=\"async\" loading=\"lazy\" src=\"https:\/\/festival-of-lights.de\/wp-content\/uploads\/2026\/09\/Programm-Kachel-Club-Nights-DE.png\" class=\"object-cover object-center w-full h-full image \" alt=\"\">\t\t\t\t\t\t\t\t\t\t\t<\/a>\n\t\t\t\t\t\t\t\t\t\t<a href=\"https:\/\/www.hauptstadtkultur.berlin\/street-art-festival-alexanderplatz-1\/\" class=\"one-column relative cursor-pointer card-wrap aspect-[9\/16] aniMe\">\n\t\t\t\t\t\t<img decoding=\"async\" loading=\"lazy\" src=\"https:\/\/festival-of-lights.de\/wp-content\/uploads\/2026\/09\/Programm-Kachel-ohne-Jahreszahlen-12.png\" class=\"object-cover object-center w-full h-full image \" alt=\"\">\t\t\t\t\t\t\t\t\t\t\t<\/a>\n\t\t\t\t\t\t\t\t\t<\/div>\n\t\t\t\t  <\/div>\n<\/section>\n\n<section class=\"module-spacer bg-bg-cyan pt-10 md:pt-14 xl:pt-20\">\n<\/section>","protected":false},"excerpt":{"rendered":"","protected":false},"author":2,"featured_media":0,"parent":0,"menu_order":0,"comment_status":"closed","ping_status":"closed","template":"","meta":{"_acf_changed":false,"footnotes":""},"class_list":["post-61737","page","type-page","status-publish","hentry"],"acf":[],"yoast_head":"<!-- This site is optimized with the Yoast SEO plugin v27.8 - https:\/\/yoast.com\/product\/yoast-seo-wordpress\/ -->\n<title>Programm 2026 - Festival of Lights<\/title>\n<meta name=\"description\" content=\"Programm 2026. Das 22. Festival of Lights findet vom 09.-18. Oktober 2026 jeweils zwischen 19:00-23:00 Uhr statt.\" \/>\n<meta name=\"robots\" content=\"index, follow, max-snippet:-1, max-image-preview:large, max-video-preview:-1\" \/>\n<link rel=\"canonical\" href=\"https:\/\/festival-of-lights.de\/de\/programm-2026\/\" \/>\n<meta property=\"og:locale\" content=\"de_DE\" \/>\n<meta property=\"og:type\" content=\"article\" \/>\n<meta property=\"og:title\" content=\"Programm 2026 - Festival of Lights\" \/>\n<meta property=\"og:description\" content=\"Programm 2026. Das 22. Festival of Lights findet vom 09.-18. Oktober 2026 jeweils zwischen 19:00-23:00 Uhr statt.\" \/>\n<meta property=\"og:url\" content=\"https:\/\/festival-of-lights.de\/de\/programm-2026\/\" \/>\n<meta property=\"og:site_name\" content=\"Festival of Lights\" \/>\n<meta property=\"article:publisher\" content=\"https:\/\/www.facebook.com\/FestivalOfLights\" \/>\n<meta property=\"article:modified_time\" content=\"2026-09-03T08:57:33+00:00\" \/>\n<meta name=\"twitter:card\" content=\"summary_large_image\" \/>\n<script type=\"application\/ld+json\" class=\"yoast-schema-graph\">{\"@context\":\"https:\\\/\\\/schema.org\",\"@graph\":[{\"@type\":\"WebPage\",\"@id\":\"https:\\\/\\\/festival-of-lights.de\\\/de\\\/programm-2026\\\/\",\"url\":\"https:\\\/\\\/festival-of-lights.de\\\/de\\\/programm-2026\\\/\",\"name\":\"Programm 2026 - Festival of Lights\",\"isPartOf\":{\"@id\":\"https:\\\/\\\/festival-of-lights.de\\\/de\\\/#website\"},\"datePublished\":\"2026-06-02T15:05:09+00:00\",\"dateModified\":\"2026-09-03T08:57:33+00:00\",\"description\":\"Programm 2026. Das 22. Festival of Lights findet vom 09.-18. Oktober 2026 jeweils zwischen 19:00-23:00 Uhr statt.\",\"breadcrumb\":{\"@id\":\"https:\\\/\\\/festival-of-lights.de\\\/de\\\/programm-2026\\\/#breadcrumb\"},\"inLanguage\":\"de\",\"potentialAction\":[{\"@type\":\"ReadAction\",\"target\":[\"https:\\\/\\\/festival-of-lights.de\\\/de\\\/programm-2026\\\/\"]}]},{\"@type\":\"BreadcrumbList\",\"@id\":\"https:\\\/\\\/festival-of-lights.de\\\/de\\\/programm-2026\\\/#breadcrumb\",\"itemListElement\":[{\"@type\":\"ListItem\",\"position\":1,\"name\":\"Startseite\",\"item\":\"https:\\\/\\\/festival-of-lights.de\\\/de\\\/\"},{\"@type\":\"ListItem\",\"position\":2,\"name\":\"Programm 2026\"}]},{\"@type\":\"WebSite\",\"@id\":\"https:\\\/\\\/festival-of-lights.de\\\/de\\\/#website\",\"url\":\"https:\\\/\\\/festival-of-lights.de\\\/de\\\/\",\"name\":\"Festival of Lights Berlin\",\"description\":\"\",\"publisher\":{\"@id\":\"https:\\\/\\\/festival-of-lights.de\\\/de\\\/#organization\"},\"potentialAction\":[{\"@type\":\"SearchAction\",\"target\":{\"@type\":\"EntryPoint\",\"urlTemplate\":\"https:\\\/\\\/festival-of-lights.de\\\/de\\\/?s={search_term_string}\"},\"query-input\":{\"@type\":\"PropertyValueSpecification\",\"valueRequired\":true,\"valueName\":\"search_term_string\"}}],\"inLanguage\":\"de\"},{\"@type\":\"Organization\",\"@id\":\"https:\\\/\\\/festival-of-lights.de\\\/de\\\/#organization\",\"name\":\"Festival of Lights\",\"url\":\"https:\\\/\\\/festival-of-lights.de\\\/de\\\/\",\"logo\":{\"@type\":\"ImageObject\",\"inLanguage\":\"de\",\"@id\":\"https:\\\/\\\/festival-of-lights.de\\\/de\\\/#\\\/schema\\\/logo\\\/image\\\/\",\"url\":\"https:\\\/\\\/festival-of-lights.de\\\/wp-content\\\/uploads\\\/2023\\\/08\\\/cropped-logo.png\",\"contentUrl\":\"https:\\\/\\\/festival-of-lights.de\\\/wp-content\\\/uploads\\\/2023\\\/08\\\/cropped-logo.png\",\"width\":230,\"height\":230,\"caption\":\"Festival of Lights\"},\"image\":{\"@id\":\"https:\\\/\\\/festival-of-lights.de\\\/de\\\/#\\\/schema\\\/logo\\\/image\\\/\"},\"sameAs\":[\"https:\\\/\\\/www.facebook.com\\\/FestivalOfLights\",\"https:\\\/\\\/www.tiktok.com\\\/@berlinfestivaloflights\",\"https:\\\/\\\/www.instagram.com\\\/berlinfestivaloflights\"]}]}<\/script>\n<!-- \/ Yoast SEO plugin. -->","yoast_head_json":{"title":"Programm 2026 - Festival of Lights","description":"Programm 2026. Das 22. Festival of Lights findet vom 09.-18. Oktober 2026 jeweils zwischen 19:00-23:00 Uhr statt.","robots":{"index":"index","follow":"follow","max-snippet":"max-snippet:-1","max-image-preview":"max-image-preview:large","max-video-preview":"max-video-preview:-1"},"canonical":"https:\/\/festival-of-lights.de\/de\/programm-2026\/","og_locale":"de_DE","og_type":"article","og_title":"Programm 2026 - Festival of Lights","og_description":"Programm 2026. Das 22. Festival of Lights findet vom 09.-18. Oktober 2026 jeweils zwischen 19:00-23:00 Uhr statt.","og_url":"https:\/\/festival-of-lights.de\/de\/programm-2026\/","og_site_name":"Festival of Lights","article_publisher":"https:\/\/www.facebook.com\/FestivalOfLights","article_modified_time":"2026-09-03T08:57:33+00:00","twitter_card":"summary_large_image","schema":{"@context":"https:\/\/schema.org","@graph":[{"@type":"WebPage","@id":"https:\/\/festival-of-lights.de\/de\/programm-2026\/","url":"https:\/\/festival-of-lights.de\/de\/programm-2026\/","name":"Programm 2026 - Festival of Lights","isPartOf":{"@id":"https:\/\/festival-of-lights.de\/de\/#website"},"datePublished":"2026-06-02T15:05:09+00:00","dateModified":"2026-09-03T08:57:33+00:00","description":"Programm 2026. Das 22. Festival of Lights findet vom 09.-18. Oktober 2026 jeweils zwischen 19:00-23:00 Uhr statt.","breadcrumb":{"@id":"https:\/\/festival-of-lights.de\/de\/programm-2026\/#breadcrumb"},"inLanguage":"de","potentialAction":[{"@type":"ReadAction","target":["https:\/\/festival-of-lights.de\/de\/programm-2026\/"]}]},{"@type":"BreadcrumbList","@id":"https:\/\/festival-of-lights.de\/de\/programm-2026\/#breadcrumb","itemListElement":[{"@type":"ListItem","position":1,"name":"Startseite","item":"https:\/\/festival-of-lights.de\/de\/"},{"@type":"ListItem","position":2,"name":"Programm 2026"}]},{"@type":"WebSite","@id":"https:\/\/festival-of-lights.de\/de\/#website","url":"https:\/\/festival-of-lights.de\/de\/","name":"Festival of Lights Berlin","description":"","publisher":{"@id":"https:\/\/festival-of-lights.de\/de\/#organization"},"potentialAction":[{"@type":"SearchAction","target":{"@type":"EntryPoint","urlTemplate":"https:\/\/festival-of-lights.de\/de\/?s={search_term_string}"},"query-input":{"@type":"PropertyValueSpecification","valueRequired":true,"valueName":"search_term_string"}}],"inLanguage":"de"},{"@type":"Organization","@id":"https:\/\/festival-of-lights.de\/de\/#organization","name":"Festival of Lights","url":"https:\/\/festival-of-lights.de\/de\/","logo":{"@type":"ImageObject","inLanguage":"de","@id":"https:\/\/festival-of-lights.de\/de\/#\/schema\/logo\/image\/","url":"https:\/\/festival-of-lights.de\/wp-content\/uploads\/2023\/08\/cropped-logo.png","contentUrl":"https:\/\/festival-of-lights.de\/wp-content\/uploads\/2023\/08\/cropped-logo.png","width":230,"height":230,"caption":"Festival of Lights"},"image":{"@id":"https:\/\/festival-of-lights.de\/de\/#\/schema\/logo\/image\/"},"sameAs":["https:\/\/www.facebook.com\/FestivalOfLights","https:\/\/www.tiktok.com\/@berlinfestivaloflights","https:\/\/www.instagram.com\/berlinfestivaloflights"]}]}},"_links":{"self":[{"href":"https:\/\/festival-of-lights.de\/de\/wp-json\/wp\/v2\/pages\/61737","targetHints":{"allow":["GET"]}}],"collection":[{"href":"https:\/\/festival-of-lights.de\/de\/wp-json\/wp\/v2\/pages"}],"about":[{"href":"https:\/\/festival-of-lights.de\/de\/wp-json\/wp\/v2\/types\/page"}],"author":[{"embeddable":true,"href":"https:\/\/festival-of-lights.de\/de\/wp-json\/wp\/v2\/users\/2"}],"replies":[{"embeddable":true,"href":"https:\/\/festival-of-lights.de\/de\/wp-json\/wp\/v2\/comments?post=61737"}],"version-history":[{"count":37,"href":"https:\/\/festival-of-lights.de\/de\/wp-json\/wp\/v2\/pages\/61737\/revisions"}],"predecessor-version":[{"id":63188,"href":"https:\/\/festival-of-lights.de\/de\/wp-json\/wp\/v2\/pages\/61737\/revisions\/63188"}],"wp:attachment":[{"href":"https:\/\/festival-of-lights.de\/de\/wp-json\/wp\/v2\/media?parent=61737"}],"curies":[{"name":"wp","href":"https:\/\/api.w.org\/{rel}","templated":true}]}}