{"id":62953,"date":"2026-08-27T17:19:43","date_gmt":"2026-08-27T15:19:43","guid":{"rendered":"https:\/\/festival-of-lights.de\/?page_id=62953"},"modified":"2026-09-03T13:22:53","modified_gmt":"2026-09-03T11:22:53","slug":"club-nights","status":"publish","type":"page","link":"https:\/\/festival-of-lights.de\/de\/club-nights\/","title":{"rendered":"Club Nights"},"content":{"rendered":"<section class=\"module-spacer bg-bg-darkBlue pt-10 md:pt-14 xl:pt-20\">\n<\/section>\n\n<section class=\"bg-bg-darkBlue text-text-default\">\n  <div class=\"px-xs py-md text-headline dark:!bg-transparent\">\n    <div class=\"mx-auto max-w-screen-lg text-center aniMe\">\n      <h3 class='grayscale-overlay relative headline-element align-left text-h3 md:text-h2 xl:text-h1'>\n    \n    <span class='relative align-left text-h3 md:text-h2 xl:text-h1'>\n    <span class='absolute top-0 left-0 z-0 -translate-x-1\/2 -translate-y-1\/2 light w-[300px] h-[300px]'>\n    <svg class='w-full h-full ' xmlns='http:\/\/www.w3.org\/2000\/svg' width='542' height='542' viewBox='0 0 542 542' fill='none'>\n      <g filter='url(#filter0_f_569_1018)'>\n        <circle cx='271' cy='271' r='121' fill='#9AE8FF' fill-opacity='0.5'\/>\n      <\/g>\n      <defs>\n        <filter id='filter0_f_569_1018' x='0' y='0' width='542' height='542' filterUnits='userSpaceOnUse' color-interpolation-filters='sRGB'>\n          <feFlood flood-opacity='0' result='BackgroundImageFix'\/>\n          <feBlend mode='normal' in='SourceGraphic' in2='BackgroundImageFix' result='shape'\/>\n          <feGaussianBlur stdDeviation='75' result='effect1_foregroundBlur_569_1018'\/>\n        <\/filter>\n      <\/defs>\n    <\/svg>\n  <\/span>\n    Festival of Lights Club Nights<\/span>\n    <\/h3>    <\/div>\n      <\/div>\n<\/section>\n\n<section class=\"text-image bg-bg-darkBlue text-text-default\">\n    <div class=\"dark:!text-white dark:!bg-transparent\">\n        <div class=\"container mx-auto max-w-screen-xl px-xs py-md text-image\">\n            <div class=\"mx-auto items-center grid text-copy md:grid-cols-2 gap-x-10 align-left\">\n                                    <div class=\"text-image__image aniMe grayscale-mask relative aspect-video mb-0 order-2 md:order-[unset] mt-4 md:mt-8\"> \n                        <img loading=\"lazy\" decoding=\"async\" width=\"1024\" height=\"576\" src=\"https:\/\/festival-of-lights.de\/wp-content\/uploads\/2026\/09\/FOL-Club-Nights_Hero_Image_16_9.png\" class=\"z-10 grayscale-overlay\" alt=\"\" srcset=\"https:\/\/festival-of-lights.de\/wp-content\/uploads\/2026\/09\/FOL-Club-Nights_Hero_Image_16_9.png 1024w, https:\/\/festival-of-lights.de\/wp-content\/uploads\/2026\/09\/FOL-Club-Nights_Hero_Image_16_9-300x169.png 300w, https:\/\/festival-of-lights.de\/wp-content\/uploads\/2026\/09\/FOL-Club-Nights_Hero_Image_16_9-768x432.png 768w\" sizes=\"auto, (max-width: 1024px) 100vw, 1024px\" \/>                    <\/div>                 <div class=\"text-image__col1 py-4 lg:py-10 aniMe flex flex-col right\">\n                    <h3 class='grayscale-overlay relative headline-element align-left mb-4 md:mb-8'>\n    \n    <span class='relative align-left mb-4 md:mb-8'>\n    <span class='absolute top-0 left-0 z-0 -translate-x-1\/2 -translate-y-1\/2 light w-[300px] h-[300px]'>\n    <svg class='w-full h-full ' xmlns='http:\/\/www.w3.org\/2000\/svg' width='542' height='542' viewBox='0 0 542 542' fill='none'>\n      <g filter='url(#filter0_f_569_1018)'>\n        <circle cx='271' cy='271' r='121' fill='#9AE8FF' fill-opacity='0.5'\/>\n      <\/g>\n      <defs>\n        <filter id='filter0_f_569_1018' x='0' y='0' width='542' height='542' filterUnits='userSpaceOnUse' color-interpolation-filters='sRGB'>\n          <feFlood flood-opacity='0' result='BackgroundImageFix'\/>\n          <feBlend mode='normal' in='SourceGraphic' in2='BackgroundImageFix' result='shape'\/>\n          <feGaussianBlur stdDeviation='75' result='effect1_foregroundBlur_569_1018'\/>\n        <\/filter>\n      <\/defs>\n    <\/svg>\n  <\/span>\n    Ab auf die Tanzfl\u00e4che!<\/span>\n    <\/h3><div class='text-element align-left '><p>Wenn in Berlin die Fassaden wieder dunkel werden, geht in unseren Partner Clubs das Licht an \u2013 und die Party erst richtig los!<\/p>\n<p>Gemeinsam mit <a href=\"http:\/\/www.om-consultevent.com\">OM Consult &amp; Event<\/a> verl\u00e4ngern wir das Festival of Lights in der Hauptstadt bis in die fr\u00fchen Morgenstunden. Bei den neuen <strong>Festival of Lights<\/strong> <strong>Club Nights<\/strong> verschmelzen Licht und der legend\u00e4re Berliner Beat in ausgew\u00e4hlten Clubs zu einer perfekten Symbiose, die den unvergleichlichen Vibe der Stadt einf\u00e4ngt und direkt auf die Tanzfl\u00e4che bringt.<\/p>\n<\/div>                <\/div>\n            <\/div>\n        <\/div>\n    <\/div>\n<\/section>\n\n<section class=\"module-spacer bg-bg-darkBlue pt-7 md:pt-10 xl:pt-14\">\n<\/section>\n\n<section class=\"bg-bg-darkBlue text-text-default\">\n  <div class=\"px-xs text-paragraph py-md text-copy dark:!bg-transparent\">\n          <div class=\"mx-auto max-w-screen-md\">\n        <div class='text-element align-left aniMe'><h3 style=\"text-align: center;\">Alle Club Nights im \u00dcberblick:<\/h3>\n<\/div>        \n            <\/div> <!-- end max-w-screen container -->\n    <\/div>\n<\/section>\n\n<section class=\"teaser-small-section bg-bg-darkBlue text-text-default\">\n    <div class=\"dark:!bg-transparent dark:!text-white\">\n        <div class=\"container mx-auto px-xs py-md\">\n            <div class=\"grid gap-4 gap-y-16 md:grid-cols-2 lg:grid-cols-3\">\n                <div class=\"teaser-small-single\">\n                        <div class=\"overflow-hidden relative mb-6 teaser-small-single-image aspect-4\/3 grayscale-mask aniMe\"> <img loading=\"lazy\" decoding=\"async\" width=\"1024\" height=\"768\" src=\"https:\/\/festival-of-lights.de\/wp-content\/uploads\/2026\/09\/FOL-Club-Nights_MBIA.png\" class=\"h-full w-full object-cover z-0 transform scale-105 transition duration-300 grayscale-overlay\" alt=\"\" srcset=\"https:\/\/festival-of-lights.de\/wp-content\/uploads\/2026\/09\/FOL-Club-Nights_MBIA.png 1024w, https:\/\/festival-of-lights.de\/wp-content\/uploads\/2026\/09\/FOL-Club-Nights_MBIA-300x225.png 300w, https:\/\/festival-of-lights.de\/wp-content\/uploads\/2026\/09\/FOL-Club-Nights_MBIA-768x576.png 768w\" sizes=\"auto, (max-width: 1024px) 100vw, 1024px\" \/>                <\/div> \n            <\/a>         <div class=\"content aniMe\">\n            <p class=\"pb-6 w-full font-bold text-h4\"><\/p>\n                        <p class=\"pb-6 w-full text-copy teaser-description\"><ul>\r\n<li><h3>SH\u00d8CC pres. KARAMUSTAN<\/h3><\/li>\r\n<li><b>09. Oktober 2026 | ab 23:00 Uhr<\/b><\/li><br>\r\n<li>Hardtechno trifft auf Trance-Einfl\u00fcsse, Visuals und die Energie des Berliner Nachtlebens.\r\nSH\u00d8CC steht f\u00fcr eine neue Generation von Hardtechno und bringt mit KARAMUSTAN einen der aufstrebenden Artists der Szene ins M-BIA. Licht, Visuals und Sound begleiten die Nacht auf zwei Floors.<\/li><br>\r\n<li><b>Main Floor:<\/b> Hardtechno<\/li>\r\n<li><b>Second Floor:<\/b> Hard Bounce<\/li><br>\r\n<br>\r\n\r\n<li><h3>INCEPTION w\/ FNX<\/h3><\/li>\r\n<li><b>10. Oktober 2026 | ab 23:00 Uhr<\/b><\/li><br>\r\n<li>Eine psychedelische Reise aus Sound, Licht und Bewegung.\r\nINCEPTION verwandelt das M-BIA in eine immersive Welt aus Psytrance, Visuals, Licht, Lasern und Festival-Dekoration. Auf zwei Floors treffen hypnotische Klangwelten auf eine intensive visuelle Inszenierung.<\/li><br>\r\n<li><b>Main Floor:<\/b> Progressive Psytrance \u00b7 Goa \u00b7 Psytrance<\/li>\r\n<li><b>Second Floor:<\/b> Techno \u00b7 Hardtechno \u00b7 Bounce<\/li><br>\r\n<br>\r\n\r\n<li><h3>BASSQUAKE by VERO<\/h3><\/li>\r\n<li><b>16. Oktober 2026 | ab 23:00 Uhr<\/b><\/li><br>\r\n<li>Eine Nacht zwischen Peak Time und Hardtechno \u2013 begleitet von Licht und Visuals auf zwei Floors.\r\nVERO nimmt das Publikum in f\u00fcnf exklusiven Back-to-Back-Sets mit durch unterschiedliche Facetten des modernen Techno. Jeder Teil der Nacht steht f\u00fcr einen anderen Sound und eine neue Energie.<\/li><br>\r\n<li><b>Main Floor:<\/b> Peak Time bis Hardtechno<\/li>\r\n<li><b>Second Floor:<\/b> CHB Kollektiv \u00b7 Hard Trance &#038; Bounce<\/li><br>\r\n<br>\r\n\r\n<li><h3>FREAKQUENCY<\/h3><\/li>\r\n<li><b>17. Oktober 2026 | ab 23:00 Uhr<\/b><\/li><br>\r\n<li>Enter the Freakquency.\r\nPsytrance, Trance und Techno treffen auf futuristische Visuals, Neonlicht und Festival-Dekoration.\r\nAuf zwei Floors entsteht eine audiovisuelle Welt aus hypnotischen Sounds, treibenden B\u00e4ssen, Farben und Bewegung. Licht, Visuals und Musik verschmelzen zu einem intensiven Cluberlebnis<\/li><br>\r\n<li><b>Main Floor:<\/b> Progressive Psytrance<\/li>\r\n<li><b>Second Floor:<\/b> Hard Bounce \u00b7 Hardtechno<\/li><br>\r\n<br>\r\n\r\n<li><b>Location:<\/b> <a href=\"https:\/\/www.m-bia.de\/\" target=\"_blank\" rel=\"noopener\" style=\"color: #9AE8FF;\">M-BIA<\/a>,  Dircksenstr. 123\/124, 10178 Berlin<\/li>\r\n<li>VVK startet am 09.09.<\/li>\r\n<\/ul><\/p>\n                    <\/div>\n    <\/div>\n    <div class=\"teaser-small-single\">\n                        <div class=\"overflow-hidden relative mb-6 teaser-small-single-image aspect-4\/3 grayscale-mask aniMe\"> <img loading=\"lazy\" decoding=\"async\" width=\"1024\" height=\"768\" src=\"https:\/\/festival-of-lights.de\/wp-content\/uploads\/2026\/09\/FOL-Club-Nights_MAAYA.png\" class=\"h-full w-full object-cover z-0 transform scale-105 transition duration-300 grayscale-overlay\" alt=\"\" srcset=\"https:\/\/festival-of-lights.de\/wp-content\/uploads\/2026\/09\/FOL-Club-Nights_MAAYA.png 1024w, https:\/\/festival-of-lights.de\/wp-content\/uploads\/2026\/09\/FOL-Club-Nights_MAAYA-300x225.png 300w, https:\/\/festival-of-lights.de\/wp-content\/uploads\/2026\/09\/FOL-Club-Nights_MAAYA-768x576.png 768w\" sizes=\"auto, (max-width: 1024px) 100vw, 1024px\" \/>                <\/div> \n            <\/a>         <div class=\"content aniMe\">\n            <p class=\"pb-6 w-full font-bold text-h4\"><\/p>\n                        <p class=\"pb-6 w-full text-copy teaser-description\"><ul>\r\n<li><h3>LIGHT EXPERIENCE<\/h3><\/li>\r\n<li><b>16. Oktober 2026 | 19:00-22:00 Uhr<\/b><\/li><br>\r\n<li>Am 16. Oktober verwandelt sich das MAAYA im Rahmen des FESTIVAL OF LIGHTS in eine immersive Licht- und Klanglandschaft.\r\nGro\u00dffl\u00e4chige Projection-Mappings und Visuals bespielen Fassaden, W\u00e4nde, Pflanzen und unterschiedliche Bereiche des MAAYA. Afrikanische und afrodiasporische Musik wird dabei selbst Teil der Inszenierung. Bilder, Farben, Bewegungen und Sounds verbinden sich zu einer audiovisuellen Reise durch unterschiedliche Perspektiven des afrikanischen Kontinents und seiner Diaspora \u2013 zwischen urbanen Metropolen, Natur, Mode, digitaler Kunst, Popkultur und futuristischen Bildwelten.\r\nTradition, Gegenwart und Zukunft verschmelzen in Licht und Sound. Musikalisch bewegt sich LIGHTS OF AFRICA zwischen Afro House, Amapiano, Afro Tech, Kuduro, Gqom, Highlife, Afrobeats und elektronischer Musik.<\/li><br>\r\n<li><b>Eintritt:<\/b> 5\u20ac<\/li><br>\r\n<br>\r\n\r\n<li><h3>FROM LIGHT INTO THE NIGHT<\/h3><\/li>\r\n<li><b>16. Oktober 2026 | ab 22:00 Uhr<\/b><\/li><br>\r\n<li>Wenn die Projektionen des Abends enden, geht das Erlebnis im Club weiter.\r\nDie FESTIVAL OF LIGHTS CLUB NIGHT verbindet die visuelle Welt des Festivals mit der besonderen Atmosph\u00e4re des MAAYA. Visuals und Lichtinszenierungen ziehen vom Au\u00dfenbereich mit in die Nacht und treffen dort auf DJs, elektronische und afrikanische Sounds.\r\nAus Projection Mapping, Club, Musik und Licht entsteht ein gemeinsames audiovisuelles Erlebnis \u2013 zum Sehen, H\u00f6ren und Tanzen.<\/li><br>\r\n<li><b>Sounds:<\/b> Afro House \u00b7 Amapiano \u00b7 Afro Tech \u00b7 Afrobeats \u00b7 Electronic<\/li><br>\r\n<li><b>Eintritt:<\/b> 10\u20ac<\/li><br>\r\n<br>\r\n<li><b>Location:<\/b> <a href=\"https:\/\/maaya.de\/\" target=\"_blank\" rel=\"noopener\" style=\"color: #9AE8FF;\">MAAYA<\/a>, Revaler Str. 99, 10245 Berlin<\/li>\r\n<li>VVK startet am 09.09.<\/li>\r\n<\/ul><\/p>\n                    <\/div>\n    <\/div>\n    <div class=\"teaser-small-single\">\n                        <div class=\"overflow-hidden relative mb-6 teaser-small-single-image aspect-4\/3 grayscale-mask aniMe\"> <img loading=\"lazy\" decoding=\"async\" width=\"1024\" height=\"768\" src=\"https:\/\/festival-of-lights.de\/wp-content\/uploads\/2026\/09\/FOL-Club-Nights_PKH-Warehouse.png\" class=\"h-full w-full object-cover z-0 transform scale-105 transition duration-300 grayscale-overlay\" alt=\"\" srcset=\"https:\/\/festival-of-lights.de\/wp-content\/uploads\/2026\/09\/FOL-Club-Nights_PKH-Warehouse.png 1024w, https:\/\/festival-of-lights.de\/wp-content\/uploads\/2026\/09\/FOL-Club-Nights_PKH-Warehouse-300x225.png 300w, https:\/\/festival-of-lights.de\/wp-content\/uploads\/2026\/09\/FOL-Club-Nights_PKH-Warehouse-768x576.png 768w\" sizes=\"auto, (max-width: 1024px) 100vw, 1024px\" \/>                <\/div> \n            <\/a>         <div class=\"content aniMe\">\n            <p class=\"pb-6 w-full font-bold text-h4\"><\/p>\n                        <p class=\"pb-6 w-full text-copy teaser-description\"><ul>\r\n<li><h3>LIGHTS. SOUND. BERLIN UNDERGROUND.<\/h3><\/li>\r\n<li><b>Termine folgen<\/b><\/li><br>\r\n<li>Auch im PKH Warehouse wird das FESTIVAL OF LIGHTS in die Nacht verl\u00e4ngert.\r\nVisuals und Projektionen treffen auf Barbetrieb und wechselnde Clubformate. In unmittelbarer N\u00e4he zur Friedrichstra\u00dfe entsteht damit ein weiterer Ort, an dem Lichtkunst, Sound und Berliner Nachtleben zusammenkommen.<\/li><br>\r\n<br>\r\n<li><b>Location:<\/b> <a href=\"https:\/\/www.pkh.events\/\" target=\"_blank\" rel=\"noopener\" style=\"color: #9AE8FF;\">PKH Warehouse<\/a>, N\u00e4he U-\/S-Bahnhof Friedrichstra\u00dfe<\/li>\r\n<li>VVK startet am 09.09.<\/li>\r\n<\/ul><\/p>\n                    <\/div>\n    <\/div>\n            <\/div>\n        <\/div>\n    <\/div>\n<\/section>\n\n<section class=\"text-image bg-bg-darkBlue text-text-default\">\n    <div class=\"dark:!text-white dark:!bg-transparent\">\n        <div class=\"container mx-auto max-w-screen-xl px-xs py-md text-image\">\n            <div class=\"mx-auto items-center grid text-copy md:grid-cols-2 gap-x-10 align-left\">\n                                    <div class=\"text-image__image aniMe grayscale-mask relative aspect-video mb-0 order-1 mt-4 md:mt-8\"> \n                        <img loading=\"lazy\" decoding=\"async\" width=\"410\" height=\"276\" src=\"https:\/\/festival-of-lights.de\/wp-content\/uploads\/2026\/08\/OM.png\" class=\"z-10 grayscale-overlay\" alt=\"\" srcset=\"https:\/\/festival-of-lights.de\/wp-content\/uploads\/2026\/08\/OM.png 410w, https:\/\/festival-of-lights.de\/wp-content\/uploads\/2026\/08\/OM-300x202.png 300w\" sizes=\"auto, (max-width: 410px) 100vw, 410px\" \/>                    <\/div>                 <div class=\"text-image__col1 py-4 lg:py-10 aniMe flex flex-col left\">\n                    <div class='text-element align-left '><p style=\"text-align: right;\">In Kooperation mit:<\/p>\n<\/div>                <\/div>\n            <\/div>\n        <\/div>\n    <\/div>\n<\/section>\n\n<section class=\"module-spacer bg-bg-darkBlue pt-7 md:pt-10 xl:pt-14\">\n<\/section>\n\n<section class=\"teaser-tiles bg-bg-darkBlue overflow-hidden  \">\n    <div class=\"max-w-content mx-auto wrap grid gap-2 py-1 px-1 md:grid-cols-3\">\n            <div class=\"relative tile aniMe\">\n            <div class=\"relative image-wrap grayscale-mask h-full xl:max-h-[600px] aspect-video xl:aspect-4\/3 2xl:aspect-video\">\n                <img loading=\"lazy\" decoding=\"async\" width=\"410\" height=\"276\" src=\"https:\/\/festival-of-lights.de\/wp-content\/uploads\/2026\/09\/M-BIA.png\" class=\"object-cover h-full w-full z-0 grayscale-overlay\" alt=\"\" srcset=\"https:\/\/festival-of-lights.de\/wp-content\/uploads\/2026\/09\/M-BIA.png 410w, https:\/\/festival-of-lights.de\/wp-content\/uploads\/2026\/09\/M-BIA-300x202.png 300w\" sizes=\"auto, (max-width: 410px) 100vw, 410px\" \/>            <\/div>\n                    <\/div>\n                <div class=\"relative tile aniMe\">\n            <div class=\"relative image-wrap grayscale-mask h-full xl:max-h-[600px] aspect-video xl:aspect-4\/3 2xl:aspect-video\">\n                <img loading=\"lazy\" decoding=\"async\" width=\"410\" height=\"276\" src=\"https:\/\/festival-of-lights.de\/wp-content\/uploads\/2026\/09\/MAAYA.png\" class=\"object-cover h-full w-full z-0 grayscale-overlay\" alt=\"\" srcset=\"https:\/\/festival-of-lights.de\/wp-content\/uploads\/2026\/09\/MAAYA.png 410w, https:\/\/festival-of-lights.de\/wp-content\/uploads\/2026\/09\/MAAYA-300x202.png 300w\" sizes=\"auto, (max-width: 410px) 100vw, 410px\" \/>            <\/div>\n                    <\/div>\n                <div class=\"relative tile aniMe\">\n            <div class=\"relative image-wrap grayscale-mask h-full xl:max-h-[600px] aspect-video xl:aspect-4\/3 2xl:aspect-video\">\n                <img loading=\"lazy\" decoding=\"async\" width=\"410\" height=\"276\" src=\"https:\/\/festival-of-lights.de\/wp-content\/uploads\/2026\/09\/PKH.png\" class=\"object-cover h-full w-full z-0 grayscale-overlay\" alt=\"\" srcset=\"https:\/\/festival-of-lights.de\/wp-content\/uploads\/2026\/09\/PKH.png 410w, https:\/\/festival-of-lights.de\/wp-content\/uploads\/2026\/09\/PKH-300x202.png 300w\" sizes=\"auto, (max-width: 410px) 100vw, 410px\" \/>            <\/div>\n                    <\/div>\n            <\/div>\n<\/section>","protected":false},"excerpt":{"rendered":"","protected":false},"author":2,"featured_media":0,"parent":0,"menu_order":0,"comment_status":"closed","ping_status":"closed","template":"","meta":{"_acf_changed":false,"footnotes":""},"class_list":["post-62953","page","type-page","status-publish","hentry"],"acf":[],"yoast_head":"<!-- This site is optimized with the Yoast SEO plugin v27.8 - https:\/\/yoast.com\/product\/yoast-seo-wordpress\/ -->\n<title>Club Nights - Festival of Lights<\/title>\n<meta name=\"description\" content=\"Nach dem Walk of Light: Ab auf den Dancefloor bei unseren neuen Club Nights! Am 17. Oktober ab 23 Uhr in ausgew\u00e4hlten Berliner Clubs.\" \/>\n<meta name=\"robots\" content=\"index, follow, max-snippet:-1, max-image-preview:large, max-video-preview:-1\" \/>\n<link rel=\"canonical\" href=\"https:\/\/festival-of-lights.de\/de\/club-nights\/\" \/>\n<meta property=\"og:locale\" content=\"de_DE\" \/>\n<meta property=\"og:type\" content=\"article\" \/>\n<meta property=\"og:title\" content=\"Club Nights - Festival of Lights\" \/>\n<meta property=\"og:description\" content=\"Nach dem Walk of Light: Ab auf den Dancefloor bei unseren neuen Club Nights! Am 17. Oktober ab 23 Uhr in ausgew\u00e4hlten Berliner Clubs.\" \/>\n<meta property=\"og:url\" content=\"https:\/\/festival-of-lights.de\/de\/club-nights\/\" \/>\n<meta property=\"og:site_name\" content=\"Festival of Lights\" \/>\n<meta property=\"article:publisher\" content=\"https:\/\/www.facebook.com\/FestivalOfLights\" \/>\n<meta property=\"article:modified_time\" content=\"2026-09-03T11:22:53+00:00\" \/>\n<meta name=\"twitter:card\" content=\"summary_large_image\" \/>\n<script type=\"application\/ld+json\" class=\"yoast-schema-graph\">{\"@context\":\"https:\\\/\\\/schema.org\",\"@graph\":[{\"@type\":\"WebPage\",\"@id\":\"https:\\\/\\\/festival-of-lights.de\\\/de\\\/club-nights\\\/\",\"url\":\"https:\\\/\\\/festival-of-lights.de\\\/de\\\/club-nights\\\/\",\"name\":\"Club Nights - Festival of Lights\",\"isPartOf\":{\"@id\":\"https:\\\/\\\/festival-of-lights.de\\\/de\\\/#website\"},\"datePublished\":\"2026-08-27T15:19:43+00:00\",\"dateModified\":\"2026-09-03T11:22:53+00:00\",\"description\":\"Nach dem Walk of Light: Ab auf den Dancefloor bei unseren neuen Club Nights! Am 17. Oktober ab 23 Uhr in ausgew\u00e4hlten Berliner Clubs.\",\"breadcrumb\":{\"@id\":\"https:\\\/\\\/festival-of-lights.de\\\/de\\\/club-nights\\\/#breadcrumb\"},\"inLanguage\":\"de\",\"potentialAction\":[{\"@type\":\"ReadAction\",\"target\":[\"https:\\\/\\\/festival-of-lights.de\\\/de\\\/club-nights\\\/\"]}]},{\"@type\":\"BreadcrumbList\",\"@id\":\"https:\\\/\\\/festival-of-lights.de\\\/de\\\/club-nights\\\/#breadcrumb\",\"itemListElement\":[{\"@type\":\"ListItem\",\"position\":1,\"name\":\"Startseite\",\"item\":\"https:\\\/\\\/festival-of-lights.de\\\/de\\\/\"},{\"@type\":\"ListItem\",\"position\":2,\"name\":\"Club Nights\"}]},{\"@type\":\"WebSite\",\"@id\":\"https:\\\/\\\/festival-of-lights.de\\\/de\\\/#website\",\"url\":\"https:\\\/\\\/festival-of-lights.de\\\/de\\\/\",\"name\":\"Festival of Lights Berlin\",\"description\":\"\",\"publisher\":{\"@id\":\"https:\\\/\\\/festival-of-lights.de\\\/de\\\/#organization\"},\"potentialAction\":[{\"@type\":\"SearchAction\",\"target\":{\"@type\":\"EntryPoint\",\"urlTemplate\":\"https:\\\/\\\/festival-of-lights.de\\\/de\\\/?s={search_term_string}\"},\"query-input\":{\"@type\":\"PropertyValueSpecification\",\"valueRequired\":true,\"valueName\":\"search_term_string\"}}],\"inLanguage\":\"de\"},{\"@type\":\"Organization\",\"@id\":\"https:\\\/\\\/festival-of-lights.de\\\/de\\\/#organization\",\"name\":\"Festival of Lights\",\"url\":\"https:\\\/\\\/festival-of-lights.de\\\/de\\\/\",\"logo\":{\"@type\":\"ImageObject\",\"inLanguage\":\"de\",\"@id\":\"https:\\\/\\\/festival-of-lights.de\\\/de\\\/#\\\/schema\\\/logo\\\/image\\\/\",\"url\":\"https:\\\/\\\/festival-of-lights.de\\\/wp-content\\\/uploads\\\/2023\\\/08\\\/cropped-logo.png\",\"contentUrl\":\"https:\\\/\\\/festival-of-lights.de\\\/wp-content\\\/uploads\\\/2023\\\/08\\\/cropped-logo.png\",\"width\":230,\"height\":230,\"caption\":\"Festival of Lights\"},\"image\":{\"@id\":\"https:\\\/\\\/festival-of-lights.de\\\/de\\\/#\\\/schema\\\/logo\\\/image\\\/\"},\"sameAs\":[\"https:\\\/\\\/www.facebook.com\\\/FestivalOfLights\",\"https:\\\/\\\/www.tiktok.com\\\/@berlinfestivaloflights\",\"https:\\\/\\\/www.instagram.com\\\/berlinfestivaloflights\"]}]}<\/script>\n<!-- \/ Yoast SEO plugin. -->","yoast_head_json":{"title":"Club Nights - Festival of Lights","description":"Nach dem Walk of Light: Ab auf den Dancefloor bei unseren neuen Club Nights! Am 17. Oktober ab 23 Uhr in ausgew\u00e4hlten Berliner Clubs.","robots":{"index":"index","follow":"follow","max-snippet":"max-snippet:-1","max-image-preview":"max-image-preview:large","max-video-preview":"max-video-preview:-1"},"canonical":"https:\/\/festival-of-lights.de\/de\/club-nights\/","og_locale":"de_DE","og_type":"article","og_title":"Club Nights - Festival of Lights","og_description":"Nach dem Walk of Light: Ab auf den Dancefloor bei unseren neuen Club Nights! Am 17. Oktober ab 23 Uhr in ausgew\u00e4hlten Berliner Clubs.","og_url":"https:\/\/festival-of-lights.de\/de\/club-nights\/","og_site_name":"Festival of Lights","article_publisher":"https:\/\/www.facebook.com\/FestivalOfLights","article_modified_time":"2026-09-03T11:22:53+00:00","twitter_card":"summary_large_image","schema":{"@context":"https:\/\/schema.org","@graph":[{"@type":"WebPage","@id":"https:\/\/festival-of-lights.de\/de\/club-nights\/","url":"https:\/\/festival-of-lights.de\/de\/club-nights\/","name":"Club Nights - Festival of Lights","isPartOf":{"@id":"https:\/\/festival-of-lights.de\/de\/#website"},"datePublished":"2026-08-27T15:19:43+00:00","dateModified":"2026-09-03T11:22:53+00:00","description":"Nach dem Walk of Light: Ab auf den Dancefloor bei unseren neuen Club Nights! Am 17. Oktober ab 23 Uhr in ausgew\u00e4hlten Berliner Clubs.","breadcrumb":{"@id":"https:\/\/festival-of-lights.de\/de\/club-nights\/#breadcrumb"},"inLanguage":"de","potentialAction":[{"@type":"ReadAction","target":["https:\/\/festival-of-lights.de\/de\/club-nights\/"]}]},{"@type":"BreadcrumbList","@id":"https:\/\/festival-of-lights.de\/de\/club-nights\/#breadcrumb","itemListElement":[{"@type":"ListItem","position":1,"name":"Startseite","item":"https:\/\/festival-of-lights.de\/de\/"},{"@type":"ListItem","position":2,"name":"Club Nights"}]},{"@type":"WebSite","@id":"https:\/\/festival-of-lights.de\/de\/#website","url":"https:\/\/festival-of-lights.de\/de\/","name":"Festival of Lights Berlin","description":"","publisher":{"@id":"https:\/\/festival-of-lights.de\/de\/#organization"},"potentialAction":[{"@type":"SearchAction","target":{"@type":"EntryPoint","urlTemplate":"https:\/\/festival-of-lights.de\/de\/?s={search_term_string}"},"query-input":{"@type":"PropertyValueSpecification","valueRequired":true,"valueName":"search_term_string"}}],"inLanguage":"de"},{"@type":"Organization","@id":"https:\/\/festival-of-lights.de\/de\/#organization","name":"Festival of Lights","url":"https:\/\/festival-of-lights.de\/de\/","logo":{"@type":"ImageObject","inLanguage":"de","@id":"https:\/\/festival-of-lights.de\/de\/#\/schema\/logo\/image\/","url":"https:\/\/festival-of-lights.de\/wp-content\/uploads\/2023\/08\/cropped-logo.png","contentUrl":"https:\/\/festival-of-lights.de\/wp-content\/uploads\/2023\/08\/cropped-logo.png","width":230,"height":230,"caption":"Festival of Lights"},"image":{"@id":"https:\/\/festival-of-lights.de\/de\/#\/schema\/logo\/image\/"},"sameAs":["https:\/\/www.facebook.com\/FestivalOfLights","https:\/\/www.tiktok.com\/@berlinfestivaloflights","https:\/\/www.instagram.com\/berlinfestivaloflights"]}]}},"_links":{"self":[{"href":"https:\/\/festival-of-lights.de\/de\/wp-json\/wp\/v2\/pages\/62953","targetHints":{"allow":["GET"]}}],"collection":[{"href":"https:\/\/festival-of-lights.de\/de\/wp-json\/wp\/v2\/pages"}],"about":[{"href":"https:\/\/festival-of-lights.de\/de\/wp-json\/wp\/v2\/types\/page"}],"author":[{"embeddable":true,"href":"https:\/\/festival-of-lights.de\/de\/wp-json\/wp\/v2\/users\/2"}],"replies":[{"embeddable":true,"href":"https:\/\/festival-of-lights.de\/de\/wp-json\/wp\/v2\/comments?post=62953"}],"version-history":[{"count":62,"href":"https:\/\/festival-of-lights.de\/de\/wp-json\/wp\/v2\/pages\/62953\/revisions"}],"predecessor-version":[{"id":63200,"href":"https:\/\/festival-of-lights.de\/de\/wp-json\/wp\/v2\/pages\/62953\/revisions\/63200"}],"wp:attachment":[{"href":"https:\/\/festival-of-lights.de\/de\/wp-json\/wp\/v2\/media?parent=62953"}],"curies":[{"name":"wp","href":"https:\/\/api.w.org\/{rel}","templated":true}]}}