{"id":54347,"date":"2025-03-10T13:39:10","date_gmt":"2025-03-10T11:39:10","guid":{"rendered":"https:\/\/festival-of-lights.de\/?page_id=54347"},"modified":"2026-02-19T11:52:23","modified_gmt":"2026-02-19T09:52:23","slug":"programme-2025","status":"publish","type":"page","link":"https:\/\/festival-of-lights.de\/en\/programme-2025\/","title":{"rendered":"Programme 2025"},"content":{"rendered":"<section class=\"module-spacer bg-bg-darkBlue pt-10 md:pt-14 xl:pt-20\">\n<\/section>\n\n<section class=\"image-sticky-module\">\n  <div class=\"image-sticky-module__container grayscale-mask\">\n    <div class=\"image-sticky-module__image min-h-[70vh] bg-fixed bg-no-repeat bg-cover bg-center grayscale-overlay\" style=\"background-image:url('https:\/\/festival-of-lights.de\/wp-content\/uploads\/2025\/08\/key-visual-2025-6.png');\" ><\/div> \n  <\/div>\n<\/section>\n\n<section class=\"basic-content-module bg-bg-darkBlue text-text-default\">\n  <div class=\"px-xs py-md lg:py-2xl aniMe text-intro dark:!bg-transparent dark:!text-white text-left\">\n            <div class=\"mx-auto max-w-content\"><div class='text-element align- text-copy lg:text-h3 font-bold mb-4 md:mb-0'>2025<\/div><\/div>\n                <div class=\"mx-auto max-w-content basic-content-module__headline\"><h2 class='grayscale-overlay relative headline-element align-left text-h3 font-bold md:text-h1 lg:text-[128px] mb-4 md:mb-4 z-0 basic-content-module__headline-big'>\n    \n    <span class='relative align-left text-h3 font-bold md:text-h1 lg:text-[128px] mb-4 md:mb-4 z-0 basic-content-module__headline-big'>\n    <span class='absolute top-0 left-0 z-0 -translate-x-1\/2 -translate-y-1\/2 light w-[300px] h-[300px]'>\n    <svg class='w-full h-full ' xmlns='http:\/\/www.w3.org\/2000\/svg' width='542' height='542' viewBox='0 0 542 542' fill='none'>\n      <g filter='url(#filter0_f_569_1018)'>\n        <circle cx='271' cy='271' r='121' fill='#9AE8FF' fill-opacity='0.5'\/>\n      <\/g>\n      <defs>\n        <filter id='filter0_f_569_1018' x='0' y='0' width='542' height='542' filterUnits='userSpaceOnUse' color-interpolation-filters='sRGB'>\n          <feFlood flood-opacity='0' result='BackgroundImageFix'\/>\n          <feBlend mode='normal' in='SourceGraphic' in2='BackgroundImageFix' result='shape'\/>\n          <feGaussianBlur stdDeviation='75' result='effect1_foregroundBlur_569_1018'\/>\n        <\/filter>\n      <\/defs>\n    <\/svg>\n  <\/span>\n    Programme<\/span>\n    <\/h2><\/div>\n                <div class=\"relative z-10 mx-auto max-w-content\">\n            <div class='text-element align- text-copy'><p><strong>The 21st BERLIN FESTIVAL OF LIGHTS was held under the motto \u201cLet&#8217;s Shine Together.\u201d<\/strong><\/p>\n<p data-start=\"76\" data-end=\"312\">This year, everything revolved around cohesion, community, and solidarity. The diversity of light art told stories that strengthened connections and shed new light on Berlin&#8217;s unique beauty. A light that was meant to symbolize cohesion.<\/p>\n<p data-start=\"314\" data-end=\"431\">The <strong>21st Festival of Lights<\/strong> took place from <strong>October 8 to 15<\/strong>, 2025, daily from 7:00 p.m. to 11:00 p.m.<\/p>\n<p><iframe loading=\"lazy\" src=\"https:\/\/www.youtube.com\/embed\/P8CbVJuD-pA\" width=\"640\" height=\"480\" frameborder=\"0\" allowfullscreen=\"allowfullscreen\"><br \/>\n<\/iframe><\/p>\n<\/div>        <\/div>\n          <\/div>\n<\/section>\n\n<section class=\"basic-content-module bg-bg-darkBlue text-text-default\">\n  <div class=\"px-xs py-md lg:py-2xl aniMe text-intro dark:!bg-transparent dark:!text-white text-left\">\n            <div class=\"mx-auto max-w-content basic-content-module__headline\"><h2 class='grayscale-overlay relative headline-element align-left text-h3 font-bold md:text-h3 mb-4 md:mb-sm z-0'>\n    \n    <span class='relative align-left text-h3 font-bold md:text-h3 mb-4 md:mb-sm z-0'>\n    <span class='absolute top-0 left-0 z-0 -translate-x-1\/2 -translate-y-1\/2 light w-[300px] h-[300px]'>\n    <svg class='w-full h-full ' xmlns='http:\/\/www.w3.org\/2000\/svg' width='542' height='542' viewBox='0 0 542 542' fill='none'>\n      <g filter='url(#filter0_f_569_1018)'>\n        <circle cx='271' cy='271' r='121' fill='#9AE8FF' fill-opacity='0.5'\/>\n      <\/g>\n      <defs>\n        <filter id='filter0_f_569_1018' x='0' y='0' width='542' height='542' filterUnits='userSpaceOnUse' color-interpolation-filters='sRGB'>\n          <feFlood flood-opacity='0' result='BackgroundImageFix'\/>\n          <feBlend mode='normal' in='SourceGraphic' in2='BackgroundImageFix' result='shape'\/>\n          <feGaussianBlur stdDeviation='75' result='effect1_foregroundBlur_569_1018'\/>\n        <\/filter>\n      <\/defs>\n    <\/svg>\n  <\/span>\n    Illuminated locations at the 21st Festival of Lights:<\/span>\n    <\/h2><\/div>\n          <\/div>\n<\/section>\n\n<section class=\"bg-bg-darkBlue\">\n  <div class=\"cards-wall-section py-md dark:!bg-transparent dark:!text-white\">\n     \n\t\t\t\t<div class=\"cards-wall container max-w-screen-xl grid mx-auto md:grid-cols-2 lg:grid-cols-3 gap-3 lg:gap-5 px-sm\">\n\t\t\t\t\t\t\t\t\t<a href=\"https:\/\/festival-of-lights.de\/en\/programme-2025\/konzerthaus\/\" class=\"one-column relative cursor-pointer card-wrap aspect-[10\/16] aniMe\">\n\t\t\t\t\t\t<img decoding=\"async\" loading=\"lazy\" src=\"https:\/\/festival-of-lights.de\/wp-content\/uploads\/2025\/10\/Konzerthaus-neu.jpg\" class=\"object-cover object-center w-full h-full image \" alt=\"\">\t\t\t\t\t\t\t\t\t\t\t\t\t<div class=\"absolute inset-0 flex flex-col items-center justify-center invisible p-10 text-lg text-center text-white transition-all duration-500 ease-in-out delay-100 opacity-0 card-content font-primary bg-black\/0\" >\n\t\t\t\t\t\t\t\t <h2 class=\"text-h4 xl:text-h3\">1. Konzerthaus Berlin<\/h2> \t\t\t\t\t\t\t\t <p class=\"pt-md\">every evening, except on October 12 and 14<br \/>\r\n<br>Facade Staging \u201cThe Hands of Berlin\u201d<br \/>\r\n<br><br \/>\r\nGendarmenmarkt 2<br \/>\r\n10117 Berlin<\/p> \t\t\t\t\t\t\t\t\t\t\t\t\t\t\t<\/div>\n\t\t\t\t\t\t\t\t\t\t\t<\/a>\n\t\t\t\t\t\t\t\t\t\t<a href=\"https:\/\/festival-of-lights.de\/en\/programme-2025\/berlin-tv-tower\/\" class=\"one-column relative cursor-pointer card-wrap aspect-[10\/16] aniMe\">\n\t\t\t\t\t\t<img decoding=\"async\" loading=\"lazy\" src=\"https:\/\/festival-of-lights.de\/wp-content\/uploads\/2025\/10\/Fernsehturm-neu.jpg\" class=\"object-cover object-center w-full h-full image \" alt=\"\">\t\t\t\t\t\t\t\t\t\t\t\t\t<div class=\"absolute inset-0 flex flex-col items-center justify-center invisible p-10 text-lg text-center text-white transition-all duration-500 ease-in-out delay-100 opacity-0 card-content font-primary bg-black\/0\" >\n\t\t\t\t\t\t\t\t <h2 class=\"text-h4 xl:text-h3\">2. Berlin TV Tower<\/h2> \t\t\t\t\t\t\t\t <p class=\"pt-md\">FOL Award 2025<br \/>\r\n3D Video Mapping Show <br \/>\r\n<br><br \/>\r\nPanorama\u00adstra\u00dfe 1A<br \/>\r\n10178 Berlin<\/p> \t\t\t\t\t\t\t\t\t\t\t\t\t\t\t<\/div>\n\t\t\t\t\t\t\t\t\t\t\t<\/a>\n\t\t\t\t\t\t\t\t\t\t<a href=\"https:\/\/festival-of-lights.de\/en\/programme-2025\/st-marys-church-side-wall\/\" class=\"one-column relative cursor-pointer card-wrap aspect-[10\/16] aniMe\">\n\t\t\t\t\t\t<img decoding=\"async\" loading=\"lazy\" src=\"https:\/\/festival-of-lights.de\/wp-content\/uploads\/2025\/10\/03.jpg\" class=\"object-cover object-center w-full h-full image \" alt=\"\">\t\t\t\t\t\t\t\t\t\t\t\t\t<div class=\"absolute inset-0 flex flex-col items-center justify-center invisible p-10 text-lg text-center text-white transition-all duration-500 ease-in-out delay-100 opacity-0 card-content font-primary bg-black\/0\" >\n\t\t\t\t\t\t\t\t <h2 class=\"text-h4 xl:text-h3\">3. St. Mary\u2019s Church Side Wall<\/h2> \t\t\t\t\t\t\t\t <p class=\"pt-md\">Artistic Architectual Staging<br \/>\r\n<br><br \/>\r\nKarl-Liebknecht-Stra\u00dfe 8<br \/>\r\n10178 Berlin<\/p> \t\t\t\t\t\t\t\t\t\t\t\t\t\t\t<\/div>\n\t\t\t\t\t\t\t\t\t\t\t<\/a>\n\t\t\t\t\t\t\t\t\t\t<a href=\"https:\/\/festival-of-lights.de\/en\/programme-2025\/st-marys-church-side-installation\/\" class=\"one-column relative cursor-pointer card-wrap aspect-[10\/16] aniMe\">\n\t\t\t\t\t\t<img decoding=\"async\" loading=\"lazy\" src=\"https:\/\/festival-of-lights.de\/wp-content\/uploads\/2024\/10\/0914_FoL2024_FH-scaled.jpg\" class=\"object-cover object-center w-full h-full image \" alt=\"\">\t\t\t\t\t\t\t\t\t\t\t\t\t<div class=\"absolute inset-0 flex flex-col items-center justify-center invisible p-10 text-lg text-center text-white transition-all duration-500 ease-in-out delay-100 opacity-0 card-content font-primary bg-black\/0\" >\n\t\t\t\t\t\t\t\t <h2 class=\"text-h4 xl:text-h3\">4. St. Mary\u2019s Church Side Wall (Installation)<\/h2> \t\t\t\t\t\t\t\t <p class=\"pt-md\">Installation &#8220;Unity&#8221;<br \/>\r\n<br><br \/>\r\nKarl-Liebknecht-Stra\u00dfe 8<br \/>\r\n10178 Berlin<\/p> \t\t\t\t\t\t\t\t\t\t\t\t\t\t\t<\/div>\n\t\t\t\t\t\t\t\t\t\t\t<\/a>\n\t\t\t\t\t\t\t\t\t\t<a href=\"https:\/\/festival-of-lights.de\/en\/programme-2025\/nikolaiviertel-rathausstrase\/\" class=\"one-column relative cursor-pointer card-wrap aspect-[10\/16] aniMe\">\n\t\t\t\t\t\t<img decoding=\"async\" loading=\"lazy\" src=\"https:\/\/festival-of-lights.de\/wp-content\/uploads\/2025\/09\/nikolaiviertel1.jpg\" class=\"object-cover object-center w-full h-full image \" alt=\"\">\t\t\t\t\t\t\t\t\t\t\t\t\t<div class=\"absolute inset-0 flex flex-col items-center justify-center invisible p-10 text-lg text-center text-white transition-all duration-500 ease-in-out delay-100 opacity-0 card-content font-primary bg-black\/0\" >\n\t\t\t\t\t\t\t\t <h2 class=\"text-h4 xl:text-h3\">5. Nikolai Quarter &#8211; Rathausstra\u00dfe 17<\/h2> \t\t\t\t\t\t\t\t <p class=\"pt-md\">Video Staging &#8220;Simply magical&#8221;<br \/>\r\n<br><br \/>\r\nRathausstra\u00dfe 17<br \/>\r\n10178 Berlin<\/p> \t\t\t\t\t\t\t\t <p class=\"mt-auto\">Presented by WBM<\/p> \t\t\t\t\t\t\t<\/div>\n\t\t\t\t\t\t\t\t\t\t\t<\/a>\n\t\t\t\t\t\t\t\t\t\t<a href=\"https:\/\/festival-of-lights.de\/en\/programme-2025\/nikolai-quarter-am-nusbaum\/\" class=\"one-column relative cursor-pointer card-wrap aspect-[10\/16] aniMe\">\n\t\t\t\t\t\t<img decoding=\"async\" loading=\"lazy\" src=\"https:\/\/festival-of-lights.de\/wp-content\/uploads\/2025\/09\/Am-Nussbaum1.jpg\" class=\"object-cover object-center w-full h-full image \" alt=\"\">\t\t\t\t\t\t\t\t\t\t\t\t\t<div class=\"absolute inset-0 flex flex-col items-center justify-center invisible p-10 text-lg text-center text-white transition-all duration-500 ease-in-out delay-100 opacity-0 card-content font-primary bg-black\/0\" >\n\t\t\t\t\t\t\t\t <h2 class=\"text-h4 xl:text-h3\">6. Nikolai Quarter  &#8211; Am Nu\u00dfbaum<\/h2> \t\t\t\t\t\t\t\t <p class=\"pt-md\">Colourful Tree Lighting<br \/>\r\n<br><br \/>\r\nam Nu\u00dfbaum<br \/>\r\n10178 Berlin<\/p> \t\t\t\t\t\t\t\t <p class=\"mt-auto\">Presented by WBM<\/p> \t\t\t\t\t\t\t<\/div>\n\t\t\t\t\t\t\t\t\t\t\t<\/a>\n\t\t\t\t\t\t\t\t\t\t<a href=\"https:\/\/festival-of-lights.de\/en\/programme-2025\/nikolaiviertel-propststrasse-nikolaikirchplatz\/\" class=\"one-column relative cursor-pointer card-wrap aspect-[10\/16] aniMe\">\n\t\t\t\t\t\t<img decoding=\"async\" loading=\"lazy\" src=\"https:\/\/festival-of-lights.de\/wp-content\/uploads\/2025\/09\/Nikolaikirchplatz-Gruene-Flaeche1.jpg\" class=\"object-cover object-center w-full h-full image \" alt=\"\">\t\t\t\t\t\t\t\t\t\t\t\t\t<div class=\"absolute inset-0 flex flex-col items-center justify-center invisible p-10 text-lg text-center text-white transition-all duration-500 ease-in-out delay-100 opacity-0 card-content font-primary bg-black\/0\" >\n\t\t\t\t\t\t\t\t <h2 class=\"text-h4 xl:text-h3\">7. Nikolai Quarter  &#8211; Propststra\u00dfe-Nikolaikirchplatz<\/h2> \t\t\t\t\t\t\t\t <p class=\"pt-md\">Installation &#8220;Luminary&#8221;<br \/>\r\n<br><br \/>\r\nPropststra\u00dfe (Gr\u00fcnfl\u00e4che neben der Kirche)<br \/>\r\n10178 Berlin<\/p> \t\t\t\t\t\t\t\t <p class=\"mt-auto\">Presented by WBM<\/p> \t\t\t\t\t\t\t<\/div>\n\t\t\t\t\t\t\t\t\t\t\t<\/a>\n\t\t\t\t\t\t\t\t\t\t<a href=\"https:\/\/festival-of-lights.de\/en\/programme-2025\/nikolaiviertel-wappenbrunnen\/\" class=\"one-column relative cursor-pointer card-wrap aspect-[10\/16] aniMe\">\n\t\t\t\t\t\t<img decoding=\"async\" loading=\"lazy\" src=\"https:\/\/festival-of-lights.de\/wp-content\/uploads\/2025\/09\/Wappenbrunen2.jpg\" class=\"object-cover object-center w-full h-full image \" alt=\"\">\t\t\t\t\t\t\t\t\t\t\t\t\t<div class=\"absolute inset-0 flex flex-col items-center justify-center invisible p-10 text-lg text-center text-white transition-all duration-500 ease-in-out delay-100 opacity-0 card-content font-primary bg-black\/0\" >\n\t\t\t\t\t\t\t\t <h2 class=\"text-h4 xl:text-h3\">8. Nikolai Quarter &#8211; Wappenbrunnen &#038; Nikolaikirche<\/h2> \t\t\t\t\t\t\t\t <p class=\"pt-md\">Colorful Illuminations<br \/>\r\n<br><br \/>\r\nNikolaikirchplatz<br \/>\r\n10178 Berlin<\/p> \t\t\t\t\t\t\t\t <p class=\"mt-auto\">Presented by WBM<\/p> \t\t\t\t\t\t\t<\/div>\n\t\t\t\t\t\t\t\t\t\t\t<\/a>\n\t\t\t\t\t\t\t\t\t\t<a href=\"https:\/\/festival-of-lights.de\/en\/programme-2025\/nikolaiviertel-propststrase\/\" class=\"one-column relative cursor-pointer card-wrap aspect-[10\/16] aniMe\">\n\t\t\t\t\t\t<img decoding=\"async\" loading=\"lazy\" src=\"https:\/\/festival-of-lights.de\/wp-content\/uploads\/2025\/09\/Propstrasse-Arkaden.png\" class=\"object-cover object-center w-full h-full image \" alt=\"\">\t\t\t\t\t\t\t\t\t\t\t\t\t<div class=\"absolute inset-0 flex flex-col items-center justify-center invisible p-10 text-lg text-center text-white transition-all duration-500 ease-in-out delay-100 opacity-0 card-content font-primary bg-black\/0\" >\n\t\t\t\t\t\t\t\t <h2 class=\"text-h4 xl:text-h3\">9. Nikolai Quarter &#8211; Propststra\u00dfe<\/h2> \t\t\t\t\t\t\t\t <p class=\"pt-md\">Colourful Tree Lighting<br \/>\r\n<br><br \/>\r\nPropststra\u00dfe<br \/>\r\n10178 Berlin<\/p> \t\t\t\t\t\t\t\t <p class=\"mt-auto\">Presented by  WBM<\/p> \t\t\t\t\t\t\t<\/div>\n\t\t\t\t\t\t\t\t\t\t\t<\/a>\n\t\t\t\t\t\t\t\t\t\t<a href=\"https:\/\/festival-of-lights.de\/en\/programme-2025\/nikolai-quarter-gerichtslaube\/\" class=\"one-column relative cursor-pointer card-wrap aspect-[10\/16] aniMe\">\n\t\t\t\t\t\t<img decoding=\"async\" loading=\"lazy\" src=\"https:\/\/festival-of-lights.de\/wp-content\/uploads\/2025\/10\/94.png\" class=\"object-cover object-center w-full h-full image \" alt=\"\">\t\t\t\t\t\t\t\t\t\t\t\t\t<div class=\"absolute inset-0 flex flex-col items-center justify-center invisible p-10 text-lg text-center text-white transition-all duration-500 ease-in-out delay-100 opacity-0 card-content font-primary bg-black\/0\" >\n\t\t\t\t\t\t\t\t <h2 class=\"text-h4 xl:text-h3\">10. Nikolai Quarter  &#8211; Gerichtslaube<\/h2> \t\t\t\t\t\t\t\t <p class=\"pt-md\">Colorful Illuminations<br \/>\r\n<br><br \/>\r\nPoststr. 28<br \/>\r\n10178 Berlin<\/p> \t\t\t\t\t\t\t\t <p class=\"mt-auto\">Presented by  WBM<\/p> \t\t\t\t\t\t\t<\/div>\n\t\t\t\t\t\t\t\t\t\t\t<\/a>\n\t\t\t\t\t\t\t\t\t\t<a href=\"https:\/\/festival-of-lights.de\/en\/programme-2025\/nikolaiviertel-fischer-und-lustig-beer-garten\/\" class=\"one-column relative cursor-pointer card-wrap aspect-[10\/16] aniMe\">\n\t\t\t\t\t\t<img decoding=\"async\" loading=\"lazy\" src=\"https:\/\/festival-of-lights.de\/wp-content\/uploads\/2025\/10\/95.png\" class=\"object-cover object-center w-full h-full image \" alt=\"\">\t\t\t\t\t\t\t\t\t\t\t\t\t<div class=\"absolute inset-0 flex flex-col items-center justify-center invisible p-10 text-lg text-center text-white transition-all duration-500 ease-in-out delay-100 opacity-0 card-content font-primary bg-black\/0\" >\n\t\t\t\t\t\t\t\t <h2 class=\"text-h4 xl:text-h3\">11. Nikolai Quarter &#8211; Restaurant Fischer und Lustig<\/h2> \t\t\t\t\t\t\t\t <p class=\"pt-md\">Installation &#8220;Caterpillar&#8221;<br \/>\r\n<br><br \/>\r\nPoststr. 26<br \/>\r\n10178 Berlin<\/p> \t\t\t\t\t\t\t\t <p class=\"mt-auto\">Presented by Fischer &#038; Lustig<\/p> \t\t\t\t\t\t\t<\/div>\n\t\t\t\t\t\t\t\t\t\t\t<\/a>\n\t\t\t\t\t\t\t\t\t\t<a href=\"https:\/\/festival-of-lights.de\/en\/programme-2025\/berlin-cathedral\/\" class=\"one-column relative cursor-pointer card-wrap aspect-[10\/16] aniMe\">\n\t\t\t\t\t\t<img decoding=\"async\" loading=\"lazy\" src=\"https:\/\/festival-of-lights.de\/wp-content\/uploads\/2025\/10\/Dom.png\" class=\"object-cover object-center w-full h-full image \" alt=\"\">\t\t\t\t\t\t\t\t\t\t\t\t\t<div class=\"absolute inset-0 flex flex-col items-center justify-center invisible p-10 text-lg text-center text-white transition-all duration-500 ease-in-out delay-100 opacity-0 card-content font-primary bg-black\/0\" >\n\t\t\t\t\t\t\t\t <h2 class=\"text-h4 xl:text-h3\">12. Berlin Cathedral<\/h2> \t\t\t\t\t\t\t\t <p class=\"pt-md\">FOL Award 2025<br \/>\r\nProjection Mapping<br \/>\r\n<br><br \/>\r\nAm Lustgarten<br \/>\r\n10178 Berlin<\/p> \t\t\t\t\t\t\t\t\t\t\t\t\t\t\t<\/div>\n\t\t\t\t\t\t\t\t\t\t\t<\/a>\n\t\t\t\t\t\t\t\t\t\t<a href=\"https:\/\/festival-of-lights.de\/en\/programme-2025\/humboldt-university\/\" class=\"one-column relative cursor-pointer card-wrap aspect-[10\/16] aniMe\">\n\t\t\t\t\t\t<img decoding=\"async\" loading=\"lazy\" src=\"https:\/\/festival-of-lights.de\/wp-content\/uploads\/2025\/10\/HU2.png\" class=\"object-cover object-center w-full h-full image \" alt=\"\">\t\t\t\t\t\t\t\t\t\t\t\t\t<div class=\"absolute inset-0 flex flex-col items-center justify-center invisible p-10 text-lg text-center text-white transition-all duration-500 ease-in-out delay-100 opacity-0 card-content font-primary bg-black\/0\" >\n\t\t\t\t\t\t\t\t <h2 class=\"text-h4 xl:text-h3\">13. Humboldt University<\/h2> \t\t\t\t\t\t\t\t <p class=\"pt-md\">Facade Staging<br \/>\r\n<br><br \/>\r\nUnter den Linden 6<br \/>\r\n10117 Berlin<\/p> \t\t\t\t\t\t\t\t <p class=\"mt-auto\">Presented by Humboldt-Universit\u00e4t zu Berlin as well as Zagreb Tourist Board &#038; WWF<\/p> \t\t\t\t\t\t\t<\/div>\n\t\t\t\t\t\t\t\t\t\t\t<\/a>\n\t\t\t\t\t\t\t\t\t\t<a href=\"https:\/\/festival-of-lights.de\/en\/programme-2025\/state-opera\/\" class=\"one-column relative cursor-pointer card-wrap aspect-[10\/16] aniMe\">\n\t\t\t\t\t\t<img decoding=\"async\" loading=\"lazy\" src=\"https:\/\/festival-of-lights.de\/wp-content\/uploads\/2025\/10\/Programm-Kachel1.png\" class=\"object-cover object-center w-full h-full image \" alt=\"\">\t\t\t\t\t\t\t\t\t\t\t\t\t<div class=\"absolute inset-0 flex flex-col items-center justify-center invisible p-10 text-lg text-center text-white transition-all duration-500 ease-in-out delay-100 opacity-0 card-content font-primary bg-black\/0\" >\n\t\t\t\t\t\t\t\t <h2 class=\"text-h4 xl:text-h3\">14. State Opera<\/h2> \t\t\t\t\t\t\t\t <p class=\"pt-md\">Artistic Architectual Staging<br \/>\r\n<br><br \/>\r\nUnter den Linden 7<br \/>\r\n10117 Berlin<\/p> \t\t\t\t\t\t\t\t\t\t\t\t\t\t\t<\/div>\n\t\t\t\t\t\t\t\t\t\t\t<\/a>\n\t\t\t\t\t\t\t\t\t\t<a href=\"https:\/\/festival-of-lights.de\/en\/programme-2025\/st-hedwigs-cathedral\/\" class=\"one-column relative cursor-pointer card-wrap aspect-[10\/16] aniMe\">\n\t\t\t\t\t\t<img decoding=\"async\" loading=\"lazy\" src=\"https:\/\/festival-of-lights.de\/wp-content\/uploads\/2025\/10\/St-Hed.png\" class=\"object-cover object-center w-full h-full image \" alt=\"\">\t\t\t\t\t\t\t\t\t\t\t\t\t<div class=\"absolute inset-0 flex flex-col items-center justify-center invisible p-10 text-lg text-center text-white transition-all duration-500 ease-in-out delay-100 opacity-0 card-content font-primary bg-black\/0\" >\n\t\t\t\t\t\t\t\t <h2 class=\"text-h4 xl:text-h3\">15. Saint Hedwig\u2019s Cathedral<\/h2> \t\t\t\t\t\t\t\t <p class=\"pt-md\">Artistic Architectual Staging<br \/>\r\n<br><br \/>\r\nBebelplatz<br \/>\r\n10117 Berlin<\/p> \t\t\t\t\t\t\t\t <p class=\"mt-auto\">Presented by the Metropolitan Chapter at St. Hedwig<\/p> \t\t\t\t\t\t\t<\/div>\n\t\t\t\t\t\t\t\t\t\t\t<\/a>\n\t\t\t\t\t\t\t\t\t\t<a href=\"https:\/\/festival-of-lights.de\/en\/programme-2025\/hotel-de-rome-behren-palais\/\" class=\"one-column relative cursor-pointer card-wrap aspect-[10\/16] aniMe\">\n\t\t\t\t\t\t<img decoding=\"async\" loading=\"lazy\" src=\"https:\/\/festival-of-lights.de\/wp-content\/uploads\/2025\/10\/113.jpg\" class=\"object-cover object-center w-full h-full image \" alt=\"\">\t\t\t\t\t\t\t\t\t\t\t\t\t<div class=\"absolute inset-0 flex flex-col items-center justify-center invisible p-10 text-lg text-center text-white transition-all duration-500 ease-in-out delay-100 opacity-0 card-content font-primary bg-black\/0\" >\n\t\t\t\t\t\t\t\t <h2 class=\"text-h4 xl:text-h3\">16. Hotel de Rome &#038; Behren Palais<\/h2> \t\t\t\t\t\t\t\t <p class=\"pt-md\">FOL Award 2025<br \/>\r\n3D Video Mapping Show <br \/>\r\n<br><br \/>\r\nBehrenstrasse 37<br \/>\r\n10117 Berlin<\/p> \t\t\t\t\t\t\t\t\t\t\t\t\t\t\t<\/div>\n\t\t\t\t\t\t\t\t\t\t\t<\/a>\n\t\t\t\t\t\t\t\t\t\t<a href=\"https:\/\/festival-of-lights.de\/en\/programme-2025\/faculty-of-law-humboldt-university\/\" class=\"one-column relative cursor-pointer card-wrap aspect-[10\/16] aniMe\">\n\t\t\t\t\t\t<img decoding=\"async\" loading=\"lazy\" src=\"https:\/\/festival-of-lights.de\/wp-content\/uploads\/2025\/10\/JU.png\" class=\"object-cover object-center w-full h-full image \" alt=\"\">\t\t\t\t\t\t\t\t\t\t\t\t\t<div class=\"absolute inset-0 flex flex-col items-center justify-center invisible p-10 text-lg text-center text-white transition-all duration-500 ease-in-out delay-100 opacity-0 card-content font-primary bg-black\/0\" >\n\t\t\t\t\t\t\t\t <h2 class=\"text-h4 xl:text-h3\">17. Faculty of Law Humboldt University<\/h2> \t\t\t\t\t\t\t\t <p class=\"pt-md\">Artistic Architectual Staging<br \/>\r\n<br><br \/>\r\nBebelplatz 2<br \/>\r\n10117 Berlin<\/p> \t\t\t\t\t\t\t\t\t\t\t\t\t\t\t<\/div>\n\t\t\t\t\t\t\t\t\t\t\t<\/a>\n\t\t\t\t\t\t\t\t\t\t<a href=\"https:\/\/festival-of-lights.de\/en\/programme-2025\/rausch-schokoladenhaus\/\" class=\"one-column relative cursor-pointer card-wrap aspect-[10\/16] aniMe\">\n\t\t\t\t\t\t<img decoding=\"async\" loading=\"lazy\" src=\"https:\/\/festival-of-lights.de\/wp-content\/uploads\/2025\/10\/96.png\" class=\"object-cover object-center w-full h-full image \" alt=\"\">\t\t\t\t\t\t\t\t\t\t\t\t\t<div class=\"absolute inset-0 flex flex-col items-center justify-center invisible p-10 text-lg text-center text-white transition-all duration-500 ease-in-out delay-100 opacity-0 card-content font-primary bg-black\/0\" >\n\t\t\t\t\t\t\t\t <h2 class=\"text-h4 xl:text-h3\">18. Rausch Schokoladenhaus<\/h2> \t\t\t\t\t\t\t\t <p class=\"pt-md\">Facade Staging<br \/>\r\n<br><br \/>\r\nCharlottenstr. 60<br \/>\r\n10117 Berlin<\/p> \t\t\t\t\t\t\t\t <p class=\"mt-auto\">Presented by Rausch<\/p> \t\t\t\t\t\t\t<\/div>\n\t\t\t\t\t\t\t\t\t\t\t<\/a>\n\t\t\t\t\t\t\t\t\t\t<a href=\"https:\/\/festival-of-lights.de\/en\/programme-2025\/brandenburger-tor\/\" class=\"one-column relative cursor-pointer card-wrap aspect-[10\/16] aniMe\">\n\t\t\t\t\t\t<img decoding=\"async\" loading=\"lazy\" src=\"https:\/\/festival-of-lights.de\/wp-content\/uploads\/2025\/10\/114.jpg\" class=\"object-cover object-center w-full h-full image \" alt=\"\">\t\t\t\t\t\t\t\t\t\t\t\t\t<div class=\"absolute inset-0 flex flex-col items-center justify-center invisible p-10 text-lg text-center text-white transition-all duration-500 ease-in-out delay-100 opacity-0 card-content font-primary bg-black\/0\" >\n\t\t\t\t\t\t\t\t <h2 class=\"text-h4 xl:text-h3\">19. Brandenburg Gate<\/h2> \t\t\t\t\t\t\t\t <p class=\"pt-md\">FOL Award 2025<br \/>\r\n3D Video Mapping Show <br \/>\r\n<br><br \/>\r\nPariser Platz<br \/>\r\n10117 Berlin<\/p> \t\t\t\t\t\t\t\t\t\t\t\t\t\t\t<\/div>\n\t\t\t\t\t\t\t\t\t\t\t<\/a>\n\t\t\t\t\t\t\t\t\t\t<a href=\"https:\/\/festival-of-lights.de\/en\/programme-2025\/p5\/\" class=\"one-column relative cursor-pointer card-wrap aspect-[10\/16] aniMe\">\n\t\t\t\t\t\t<img decoding=\"async\" loading=\"lazy\" src=\"https:\/\/festival-of-lights.de\/wp-content\/uploads\/2025\/10\/P5-Neu.png\" class=\"object-cover object-center w-full h-full image \" alt=\"\">\t\t\t\t\t\t\t\t\t\t\t\t\t<div class=\"absolute inset-0 flex flex-col items-center justify-center invisible p-10 text-lg text-center text-white transition-all duration-500 ease-in-out delay-100 opacity-0 card-content font-primary bg-black\/0\" >\n\t\t\t\t\t\t\t\t <h2 class=\"text-h4 xl:text-h3\">20. P5<\/h2> \t\t\t\t\t\t\t\t <p class=\"pt-md\">Facade Staging<br \/>\r\n<br><br \/>\r\nPotsdamer Str. 5<br \/>\r\n10785 Berlin<\/p> \t\t\t\t\t\t\t\t\t\t\t\t\t\t\t<\/div>\n\t\t\t\t\t\t\t\t\t\t\t<\/a>\n\t\t\t\t\t\t\t\t\t\t<a href=\"https:\/\/festival-of-lights.de\/en\/programme-2025\/ritz-carlton\/\" class=\"one-column relative cursor-pointer card-wrap aspect-[10\/16] aniMe\">\n\t\t\t\t\t\t<img decoding=\"async\" loading=\"lazy\" src=\"https:\/\/festival-of-lights.de\/wp-content\/uploads\/2025\/10\/Ritz-Carlton-Neu.png\" class=\"object-cover object-center w-full h-full image \" alt=\"\">\t\t\t\t\t\t\t\t\t\t\t\t\t<div class=\"absolute inset-0 flex flex-col items-center justify-center invisible p-10 text-lg text-center text-white transition-all duration-500 ease-in-out delay-100 opacity-0 card-content font-primary bg-black\/0\" >\n\t\t\t\t\t\t\t\t <h2 class=\"text-h4 xl:text-h3\">21. The Ritz Carlton, Berlin<\/h2> \t\t\t\t\t\t\t\t <p class=\"pt-md\">Facade Staging<br \/>\r\n<br><br \/>\r\nPotsdamer Platz 3<br \/>\r\n10785 Berlin<\/p> \t\t\t\t\t\t\t\t <p class=\"mt-auto\">Presented by Immago Rent AG (Beisheim Gruppe)<\/p> \t\t\t\t\t\t\t<\/div>\n\t\t\t\t\t\t\t\t\t\t\t<\/a>\n\t\t\t\t\t\t\t\t\t\t<a href=\"https:\/\/festival-of-lights.de\/en\/programme-2025\/kollhoff-tower\/\" class=\"one-column relative cursor-pointer card-wrap aspect-[10\/16] aniMe\">\n\t\t\t\t\t\t<img decoding=\"async\" loading=\"lazy\" src=\"https:\/\/festival-of-lights.de\/wp-content\/uploads\/2025\/10\/Kollhoff.png\" class=\"object-cover object-center w-full h-full image \" alt=\"\">\t\t\t\t\t\t\t\t\t\t\t\t\t<div class=\"absolute inset-0 flex flex-col items-center justify-center invisible p-10 text-lg text-center text-white transition-all duration-500 ease-in-out delay-100 opacity-0 card-content font-primary bg-black\/0\" >\n\t\t\t\t\t\t\t\t <h2 class=\"text-h4 xl:text-h3\">22. Kollhoff-Tower<\/h2> \t\t\t\t\t\t\t\t <p class=\"pt-md\">Facade Staging<br \/>\r\n<br><br \/>\r\nPotsdamer Platz 1<br \/>\r\n10785 Berlin<\/p> \t\t\t\t\t\t\t\t <p class=\"mt-auto\">Presented by  Potsdamer Platz<\/p> \t\t\t\t\t\t\t<\/div>\n\t\t\t\t\t\t\t\t\t\t\t<\/a>\n\t\t\t\t\t\t\t\t\t\t<a href=\"https:\/\/festival-of-lights.de\/en\/programme-2025\/forum-tower\/\" class=\"one-column relative cursor-pointer card-wrap aspect-[10\/16] aniMe\">\n\t\t\t\t\t\t<img decoding=\"async\" loading=\"lazy\" src=\"https:\/\/festival-of-lights.de\/wp-content\/uploads\/2025\/10\/IMG_0993-scaled.jpg\" class=\"object-cover object-center w-full h-full image \" alt=\"\">\t\t\t\t\t\t\t\t\t\t\t\t\t<div class=\"absolute inset-0 flex flex-col items-center justify-center invisible p-10 text-lg text-center text-white transition-all duration-500 ease-in-out delay-100 opacity-0 card-content font-primary bg-black\/0\" >\n\t\t\t\t\t\t\t\t <h2 class=\"text-h4 xl:text-h3\">23. Forum Tower <\/h2> \t\t\t\t\t\t\t\t <p class=\"pt-md\">Facade Staging<br \/>\r\n<br><br \/>\r\nPotsdamer Platz 11<br \/>\r\n10785 Berlin<\/p> \t\t\t\t\t\t\t\t <p class=\"mt-auto\">Presented by Potsdamer Platz<\/p> \t\t\t\t\t\t\t<\/div>\n\t\t\t\t\t\t\t\t\t\t\t<\/a>\n\t\t\t\t\t\t\t\t\t\t<a href=\"https:\/\/festival-of-lights.de\/en\/programme-2025\/potsdamer-platz-floor-projection\/\" class=\"one-column relative cursor-pointer card-wrap aspect-[10\/16] aniMe\">\n\t\t\t\t\t\t<img decoding=\"async\" loading=\"lazy\" src=\"https:\/\/festival-of-lights.de\/wp-content\/uploads\/2025\/10\/Potsdamer-Boden.png\" class=\"object-cover object-center w-full h-full image \" alt=\"\">\t\t\t\t\t\t\t\t\t\t\t\t\t<div class=\"absolute inset-0 flex flex-col items-center justify-center invisible p-10 text-lg text-center text-white transition-all duration-500 ease-in-out delay-100 opacity-0 card-content font-primary bg-black\/0\" >\n\t\t\t\t\t\t\t\t <h2 class=\"text-h4 xl:text-h3\">24. Potsdamer Platz\u2013 Floor Projektion<\/h2> \t\t\t\t\t\t\t\t <p class=\"pt-md\">Floor Projection<br \/>\r\n<br><br \/>\r\nPotsdamer Platz<br \/>\r\n10785 Berlin<\/p> \t\t\t\t\t\t\t\t <p class=\"mt-auto\">Presented by Potsdamer Platz<\/p> \t\t\t\t\t\t\t<\/div>\n\t\t\t\t\t\t\t\t\t\t\t<\/a>\n\t\t\t\t\t\t\t\t\t\t<a href=\"https:\/\/festival-of-lights.de\/en\/programme-2025\/alte-potsdamer-strasse\/\" class=\"one-column relative cursor-pointer card-wrap aspect-[10\/16] aniMe\">\n\t\t\t\t\t\t<img decoding=\"async\" loading=\"lazy\" src=\"https:\/\/festival-of-lights.de\/wp-content\/uploads\/2025\/09\/alte-potsdamer.png\" class=\"object-cover object-center w-full h-full image \" alt=\"\">\t\t\t\t\t\t\t\t\t\t\t\t\t<div class=\"absolute inset-0 flex flex-col items-center justify-center invisible p-10 text-lg text-center text-white transition-all duration-500 ease-in-out delay-100 opacity-0 card-content font-primary bg-black\/0\" >\n\t\t\t\t\t\t\t\t <h2 class=\"text-h4 xl:text-h3\">25. Alte Potsdamer Stra\u00dfe<\/h2> \t\t\t\t\t\t\t\t <p class=\"pt-md\">Licht &#038; Sound Installation<br \/>\r\n<br><br \/>\r\nAlte Potsdamer Stra\u00dfe<br \/>\r\n10785 Berlin<\/p> \t\t\t\t\t\t\t\t <p class=\"mt-auto\">Presented by Potsdamer Platz<\/p> \t\t\t\t\t\t\t<\/div>\n\t\t\t\t\t\t\t\t\t\t\t<\/a>\n\t\t\t\t\t\t\t\t\t\t<a href=\"https:\/\/festival-of-lights.de\/en\/programme-2025\/haus-huth-tunnel\/\" class=\"one-column relative cursor-pointer card-wrap aspect-[10\/16] aniMe\">\n\t\t\t\t\t\t<img decoding=\"async\" loading=\"lazy\" src=\"https:\/\/festival-of-lights.de\/wp-content\/uploads\/2025\/10\/Huth-Tunnel.png\" class=\"object-cover object-center w-full h-full image \" alt=\"\">\t\t\t\t\t\t\t\t\t\t\t\t\t<div class=\"absolute inset-0 flex flex-col items-center justify-center invisible p-10 text-lg text-center text-white transition-all duration-500 ease-in-out delay-100 opacity-0 card-content font-primary bg-black\/0\" >\n\t\t\t\t\t\t\t\t <h2 class=\"text-h4 xl:text-h3\">26. Haus Huth &#8211; Tunnel<\/h2> \t\t\t\t\t\t\t\t <p class=\"pt-md\">Black Light Tunnel<br \/>\r\n<br><br \/>\r\nLinkstra\u00dfe 2<br \/>\r\n10785 Berlin<\/p> \t\t\t\t\t\t\t\t <p class=\"mt-auto\">Presented by Potsdamer Platz<\/p> \t\t\t\t\t\t\t<\/div>\n\t\t\t\t\t\t\t\t\t\t\t<\/a>\n\t\t\t\t\t\t\t\t\t\t<a href=\"https:\/\/festival-of-lights.de\/en\/programme-2025\/the-playce\/\" class=\"one-column relative cursor-pointer card-wrap aspect-[10\/16] aniMe\">\n\t\t\t\t\t\t<img decoding=\"async\" loading=\"lazy\" src=\"https:\/\/festival-of-lights.de\/wp-content\/uploads\/2025\/10\/The-Playce.png\" class=\"object-cover object-center w-full h-full image \" alt=\"\">\t\t\t\t\t\t\t\t\t\t\t\t\t<div class=\"absolute inset-0 flex flex-col items-center justify-center invisible p-10 text-lg text-center text-white transition-all duration-500 ease-in-out delay-100 opacity-0 card-content font-primary bg-black\/0\" >\n\t\t\t\t\t\t\t\t <h2 class=\"text-h4 xl:text-h3\">27. The Playce<\/h2> \t\t\t\t\t\t\t\t <p class=\"pt-md\">Installation &#8220;With Love from Berlin&#8221;<br \/>\r\n<br><br \/>\r\nAlte Potsdamer Stra\u00dfe 7<br \/>\r\n10785 Berlin<\/p> \t\t\t\t\t\t\t\t <p class=\"mt-auto\">Presented by Potsdamer Platz<\/p> \t\t\t\t\t\t\t<\/div>\n\t\t\t\t\t\t\t\t\t\t\t<\/a>\n\t\t\t\t\t\t\t\t\t\t<a href=\"https:\/\/festival-of-lights.de\/en\/programme-2025\/piano-lake\/\" class=\"one-column relative cursor-pointer card-wrap aspect-[10\/16] aniMe\">\n\t\t\t\t\t\t<img decoding=\"async\" loading=\"lazy\" src=\"https:\/\/festival-of-lights.de\/wp-content\/uploads\/2025\/10\/Piano-.png\" class=\"object-cover object-center w-full h-full image \" alt=\"\">\t\t\t\t\t\t\t\t\t\t\t\t\t<div class=\"absolute inset-0 flex flex-col items-center justify-center invisible p-10 text-lg text-center text-white transition-all duration-500 ease-in-out delay-100 opacity-0 card-content font-primary bg-black\/0\" >\n\t\t\t\t\t\t\t\t <h2 class=\"text-h4 xl:text-h3\">28. Piano Lake<\/h2> \t\t\t\t\t\t\t\t <p class=\"pt-md\">3D Water Projection<br \/>\r\n<br><br \/>\r\nTheaterufer (Reichpietschufer)<br \/>\r\n10785 Berlin<\/p> \t\t\t\t\t\t\t\t <p class=\"mt-auto\">Presented by Potsdamer Platz<\/p> \t\t\t\t\t\t\t<\/div>\n\t\t\t\t\t\t\t\t\t\t\t<\/a>\n\t\t\t\t\t\t\t\t\t\t<a href=\"https:\/\/festival-of-lights.de\/en\/programme-2025\/das-center-am-potsdamer-platz\/\" class=\"one-column relative cursor-pointer card-wrap aspect-[10\/16] aniMe\">\n\t\t\t\t\t\t<img decoding=\"async\" loading=\"lazy\" src=\"https:\/\/festival-of-lights.de\/wp-content\/uploads\/2025\/10\/Programm-Kachel2.png\" class=\"object-cover object-center w-full h-full image \" alt=\"\">\t\t\t\t\t\t\t\t\t\t\t\t\t<div class=\"absolute inset-0 flex flex-col items-center justify-center invisible p-10 text-lg text-center text-white transition-all duration-500 ease-in-out delay-100 opacity-0 card-content font-primary bg-black\/0\" >\n\t\t\t\t\t\t\t\t <h2 class=\"text-h4 xl:text-h3\">29. Das Center am Potsdamer Platz<\/h2> \t\t\t\t\t\t\t\t <p class=\"pt-md\">Installations &#8220;Bezerker&#8221;, &#8220;Howler&#8221; &#038; &#8220;Snapper&#8221;<br \/>\r\n<br><br \/>\r\nPotsdamer Str. 2<br \/>\r\n10785 Berlin<\/p> \t\t\t\t\t\t\t\t <p class=\"mt-auto\">Presented by Das Center am Potsdamer Platz<\/p> \t\t\t\t\t\t\t<\/div>\n\t\t\t\t\t\t\t\t\t\t\t<\/a>\n\t\t\t\t\t\t\t\t\t\t<a href=\"https:\/\/festival-of-lights.de\/en\/programme-2025\/kadewe\/\" class=\"one-column relative cursor-pointer card-wrap aspect-[10\/16] aniMe\">\n\t\t\t\t\t\t<img decoding=\"async\" loading=\"lazy\" src=\"https:\/\/festival-of-lights.de\/wp-content\/uploads\/2025\/10\/97.png\" class=\"object-cover object-center w-full h-full image \" alt=\"\">\t\t\t\t\t\t\t\t\t\t\t\t\t<div class=\"absolute inset-0 flex flex-col items-center justify-center invisible p-10 text-lg text-center text-white transition-all duration-500 ease-in-out delay-100 opacity-0 card-content font-primary bg-black\/0\" >\n\t\t\t\t\t\t\t\t <h2 class=\"text-h4 xl:text-h3\">30. Kaufhaus des Westens (KaDeWe)<\/h2> \t\t\t\t\t\t\t\t <p class=\"pt-md\">3D video mapping<br \/>\r\n<br><br \/>\r\nTauentzienstra\u00dfe 21-24<br \/>\r\n10789 Berlin<\/p> \t\t\t\t\t\t\t\t <p class=\"mt-auto\">Presented by Armani beauty<\/p> \t\t\t\t\t\t\t<\/div>\n\t\t\t\t\t\t\t\t\t\t\t<\/a>\n\t\t\t\t\t\t\t\t\t\t<a href=\"https:\/\/festival-of-lights.de\/en\/programme-2025\/hwk\/\" class=\"one-column relative cursor-pointer card-wrap aspect-[10\/16] aniMe\">\n\t\t\t\t\t\t<img decoding=\"async\" loading=\"lazy\" src=\"https:\/\/festival-of-lights.de\/wp-content\/uploads\/2025\/10\/HWK1.jpg\" class=\"object-cover object-center w-full h-full image \" alt=\"\">\t\t\t\t\t\t\t\t\t\t\t\t\t<div class=\"absolute inset-0 flex flex-col items-center justify-center invisible p-10 text-lg text-center text-white transition-all duration-500 ease-in-out delay-100 opacity-0 card-content font-primary bg-black\/0\" >\n\t\t\t\t\t\t\t\t <h2 class=\"text-h4 xl:text-h3\">31. Handwerkskammer Berlin<\/h2> \t\t\t\t\t\t\t\t <p class=\"pt-md\">Facade Staging<br \/>\r\n<br><br \/>\r\nMehringdamm 14<br \/>\r\n10961 Berlin<\/p> \t\t\t\t\t\t\t\t <p class=\"mt-auto\">Presented by Handwerkskammer Berlin<\/p> \t\t\t\t\t\t\t<\/div>\n\t\t\t\t\t\t\t\t\t\t\t<\/a>\n\t\t\t\t\t\t\t\t\t\t<a href=\"https:\/\/festival-of-lights.de\/en\/programme-2025\/victory-column\/\" class=\"one-column relative cursor-pointer card-wrap aspect-[10\/16] aniMe\">\n\t\t\t\t\t\t<img decoding=\"async\" loading=\"lazy\" src=\"https:\/\/festival-of-lights.de\/wp-content\/uploads\/2025\/10\/Siegessaeule.jpg\" class=\"object-cover object-center w-full h-full image \" alt=\"\">\t\t\t\t\t\t\t\t\t\t\t\t\t<div class=\"absolute inset-0 flex flex-col items-center justify-center invisible p-10 text-lg text-center text-white transition-all duration-500 ease-in-out delay-100 opacity-0 card-content font-primary bg-black\/0\" >\n\t\t\t\t\t\t\t\t <h2 class=\"text-h4 xl:text-h3\">32. Victory Column<\/h2> \t\t\t\t\t\t\t\t <p class=\"pt-md\">3D Video Mapping Show<br \/>\r\n<br><br \/>\r\nGro\u00dfer Stern<br \/>\r\n10557 Berlin<\/p> \t\t\t\t\t\t\t\t\t\t\t\t\t\t\t<\/div>\n\t\t\t\t\t\t\t\t\t\t\t<\/a>\n\t\t\t\t\t\t\t\t\t\t<a href=\"https:\/\/festival-of-lights.de\/en\/programme-2025\/charlottenburg-palace\/\" class=\"one-column relative cursor-pointer card-wrap aspect-[10\/16] aniMe\">\n\t\t\t\t\t\t<img decoding=\"async\" loading=\"lazy\" src=\"https:\/\/festival-of-lights.de\/wp-content\/uploads\/2025\/10\/SC-neu.jpg\" class=\"object-cover object-center w-full h-full image \" alt=\"\">\t\t\t\t\t\t\t\t\t\t\t\t\t<div class=\"absolute inset-0 flex flex-col items-center justify-center invisible p-10 text-lg text-center text-white transition-all duration-500 ease-in-out delay-100 opacity-0 card-content font-primary bg-black\/0\" >\n\t\t\t\t\t\t\t\t <h2 class=\"text-h4 xl:text-h3\">33. Charlottenburg Palace<\/h2> \t\t\t\t\t\t\t\t <p class=\"pt-md\">FOL Award 2025<br \/>\r\n3D Video Mapping Show <br \/>\r\n<br><br \/>\r\nSpandauer Damm 10-22<br \/>\r\n14059 Berlin<\/p> \t\t\t\t\t\t\t\t <p class=\"mt-auto\">Presented by Bezirksamt Charlottenburg Wilmersdorf<\/p> \t\t\t\t\t\t\t<\/div>\n\t\t\t\t\t\t\t\t\t\t\t<\/a>\n\t\t\t\t\t\t\t\t\t\t<a href=\"https:\/\/festival-of-lights.de\/en\/programme-2025\/oberbaum-bridge\/\" class=\"one-column relative cursor-pointer card-wrap aspect-[10\/16] aniMe\">\n\t\t\t\t\t\t<img decoding=\"async\" loading=\"lazy\" src=\"https:\/\/festival-of-lights.de\/wp-content\/uploads\/2025\/10\/Programm-Kachel4.png\" class=\"object-cover object-center w-full h-full image \" alt=\"\">\t\t\t\t\t\t\t\t\t\t\t\t\t<div class=\"absolute inset-0 flex flex-col items-center justify-center invisible p-10 text-lg text-center text-white transition-all duration-500 ease-in-out delay-100 opacity-0 card-content font-primary bg-black\/0\" >\n\t\t\t\t\t\t\t\t <h2 class=\"text-h4 xl:text-h3\">34. Oberbaum Bridge<\/h2> \t\t\t\t\t\t\t\t <p class=\"pt-md\">3D Video Mapping Show<br \/>\r\n<br><br \/>\r\nOberbaumbr\u00fccke<br \/>\r\n10243 Berlin<\/p> \t\t\t\t\t\t\t\t <p class=\"mt-auto\">Presented by WICKED 2: For Good<\/p> \t\t\t\t\t\t\t<\/div>\n\t\t\t\t\t\t\t\t\t\t\t<\/a>\n\t\t\t\t\t\t\t\t\t\t<a href=\"https:\/\/festival-of-lights.de\/en\/programme-2025\/thf-tower\/\" class=\"one-column relative cursor-pointer card-wrap aspect-[10\/16] aniMe\">\n\t\t\t\t\t\t<img decoding=\"async\" loading=\"lazy\" src=\"https:\/\/festival-of-lights.de\/wp-content\/uploads\/2025\/10\/98.png\" class=\"object-cover object-center w-full h-full image \" alt=\"\">\t\t\t\t\t\t\t\t\t\t\t\t\t<div class=\"absolute inset-0 flex flex-col items-center justify-center invisible p-10 text-lg text-center text-white transition-all duration-500 ease-in-out delay-100 opacity-0 card-content font-primary bg-black\/0\" >\n\t\t\t\t\t\t\t\t <h2 class=\"text-h4 xl:text-h3\">35. THF TOWER<\/h2> \t\t\t\t\t\t\t\t <p class=\"pt-md\">3D Video Mapping <br \/>\r\n<br><br \/>\r\nTempelhofer Damm 45<br \/>\r\n12101 Berlin<\/p> \t\t\t\t\t\t\t\t <p class=\"mt-auto\">Presented by THF\/Tempelhof Projekt GmbH<\/p> \t\t\t\t\t\t\t<\/div>\n\t\t\t\t\t\t\t\t\t\t\t<\/a>\n\t\t\t\t\t\t\t\t\t\t<a href=\"\" class=\"one-column relative cursor-pointer card-wrap aspect-[10\/16] aniMe\">\n\t\t\t\t\t\t<img decoding=\"async\" loading=\"lazy\" src=\"https:\/\/festival-of-lights.de\/wp-content\/uploads\/2025\/09\/Funkturm-1.png\" class=\"object-cover object-center w-full h-full image \" alt=\"\">\t\t\t\t\t\t\t\t\t\t\t\t\t<div class=\"absolute inset-0 flex flex-col items-center justify-center invisible p-10 text-lg text-center text-white transition-all duration-500 ease-in-out delay-100 opacity-0 card-content font-primary bg-black\/0\" >\n\t\t\t\t\t\t\t\t <h2 class=\"text-h4 xl:text-h3\">36. Radio Tower<\/h2> \t\t\t\t\t\t\t\t <p class=\"pt-md\">Illumination<br \/>\r\n<br><br \/>\r\nMessedamm 22<br \/>\r\n14055 Berlin<\/p> \t\t\t\t\t\t\t\t <p class=\"mt-auto\">Presented by Messe Berlin<\/p> \t\t\t\t\t\t\t<\/div>\n\t\t\t\t\t\t\t\t\t\t\t<\/a>\n\t\t\t\t\t\t\t\t\t\t<a href=\"https:\/\/festival-of-lights.de\/en\/programme-2025\/platz-der-vereinten-nationen\/\" class=\"one-column relative cursor-pointer card-wrap aspect-[10\/16] aniMe\">\n\t\t\t\t\t\t<img decoding=\"async\" loading=\"lazy\" src=\"https:\/\/festival-of-lights.de\/wp-content\/uploads\/2025\/10\/56-1.png\" class=\"object-cover object-center w-full h-full image \" alt=\"\">\t\t\t\t\t\t\t\t\t\t\t\t\t<div class=\"absolute inset-0 flex flex-col items-center justify-center invisible p-10 text-lg text-center text-white transition-all duration-500 ease-in-out delay-100 opacity-0 card-content font-primary bg-black\/0\" >\n\t\t\t\t\t\t\t\t <h2 class=\"text-h4 xl:text-h3\">37. United Nations Square<\/h2> \t\t\t\t\t\t\t\t <p class=\"pt-md\">Artistic Lighting<br \/>\r\n<br><br \/>\r\nPlatz der Vereinten Nationen<br \/>\r\n10249 Berlin<\/p> \t\t\t\t\t\t\t\t <p class=\"mt-auto\">Presented by WBM<\/p> \t\t\t\t\t\t\t<\/div>\n\t\t\t\t\t\t\t\t\t\t\t<\/a>\n\t\t\t\t\t\t\t\t\t\t<a href=\"https:\/\/festival-of-lights.de\/en\/programme-2025\/lichtenberg-park\/\" class=\"one-column relative cursor-pointer card-wrap aspect-[10\/16] aniMe\">\n\t\t\t\t\t\t<img decoding=\"async\" loading=\"lazy\" src=\"https:\/\/festival-of-lights.de\/wp-content\/uploads\/2025\/09\/43.png\" class=\"object-cover object-center w-full h-full image \" alt=\"\">\t\t\t\t\t\t\t\t\t\t\t\t\t<div class=\"absolute inset-0 flex flex-col items-center justify-center invisible p-10 text-lg text-center text-white transition-all duration-500 ease-in-out delay-100 opacity-0 card-content font-primary bg-black\/0\" >\n\t\t\t\t\t\t\t\t <h2 class=\"text-h4 xl:text-h3\">38. Park at Rathaus Lichtenberg<\/h2> \t\t\t\t\t\t\t\t <p class=\"pt-md\">Artistic Lighting<br \/>\r\n<br><br \/>\r\nM\u00f6llendorffstra\u00dfe 6<br \/>\r\n10367 Berlin<\/p> \t\t\t\t\t\t\t\t <p class=\"mt-auto\">Presented by Bezirksamt Lichtenberg<\/p> \t\t\t\t\t\t\t<\/div>\n\t\t\t\t\t\t\t\t\t\t\t<\/a>\n\t\t\t\t\t\t\t\t\t<\/div>\n\t\t\t\t  <\/div>\n<\/section>\n\n<section class=\"bg-bg-darkBlue\">\n  <div class=\"cards-wall-section py-md dark:!bg-transparent dark:!text-white\">\n     \n\t\t\t\t<div class=\"cards-wall container max-w-screen-xl grid mx-auto md:grid-cols-2 lg:grid-cols-3 gap-3 lg:gap-5 px-sm\">\n\t\t\t\t\t\t\t\t\t<a href=\"https:\/\/festival-of-lights.de\/en\/inconcert\/\" class=\"one-column relative cursor-pointer card-wrap aspect-[10\/16] aniMe\">\n\t\t\t\t\t\t<img decoding=\"async\" loading=\"lazy\" src=\"https:\/\/festival-of-lights.de\/wp-content\/uploads\/2025\/10\/Concert-Highlight.png\" class=\"object-cover object-center w-full h-full image \" alt=\"\">\t\t\t\t\t\t\t\t\t\t\t\t\t<div class=\"absolute inset-0 flex flex-col items-center justify-center invisible p-10 text-lg text-center text-white transition-all duration-500 ease-in-out delay-100 opacity-0 card-content font-primary bg-black\/0\" >\n\t\t\t\t\t\t\t\t\t\t\t\t\t\t\t\t <p class=\"pt-md\"><br><br \/>\r\nBerliner Dom<br \/>\r\nAm Lustgarten<br \/>\r\n10178 Berlin<\/p> \t\t\t\t\t\t\t\t\t\t\t\t\t\t\t<\/div>\n\t\t\t\t\t\t\t\t\t\t\t<\/a>\n\t\t\t\t\t\t\t\t\t<\/div>\n\t\t\t\t  <\/div>\n<\/section>\n\n<section class=\"basic-content-module bg-bg-darkBlue text-text-default\">\n  <div class=\"px-xs py-md lg:py-2xl aniMe text-intro dark:!bg-transparent dark:!text-white text-left\">\n            <div class=\"mx-auto max-w-content basic-content-module__headline\"><h2 class='grayscale-overlay relative headline-element align-left text-h3 font-bold md:text-h3 mb-4 md:mb-sm z-0'>\n    \n    <span class='relative align-left text-h3 font-bold md:text-h3 mb-4 md:mb-sm z-0'>\n    <span class='absolute top-0 left-0 z-0 -translate-x-1\/2 -translate-y-1\/2 light w-[300px] h-[300px]'>\n    <svg class='w-full h-full ' xmlns='http:\/\/www.w3.org\/2000\/svg' width='542' height='542' viewBox='0 0 542 542' fill='none'>\n      <g filter='url(#filter0_f_569_1018)'>\n        <circle cx='271' cy='271' r='121' fill='#9AE8FF' fill-opacity='0.5'\/>\n      <\/g>\n      <defs>\n        <filter id='filter0_f_569_1018' x='0' y='0' width='542' height='542' filterUnits='userSpaceOnUse' color-interpolation-filters='sRGB'>\n          <feFlood flood-opacity='0' result='BackgroundImageFix'\/>\n          <feBlend mode='normal' in='SourceGraphic' in2='BackgroundImageFix' result='shape'\/>\n          <feGaussianBlur stdDeviation='75' result='effect1_foregroundBlur_569_1018'\/>\n        <\/filter>\n      <\/defs>\n    <\/svg>\n  <\/span>\n    Off-site location: <\/span>\n    <\/h2><\/div>\n          <\/div>\n<\/section>\n\n<section class=\"bg-bg-darkBlue\">\n  <div class=\"cards-wall-section py-md dark:!bg-transparent dark:!text-white\">\n     \n\t\t\t\t<div class=\"cards-wall container max-w-screen-xl grid mx-auto md:grid-cols-2 lg:grid-cols-3 gap-3 lg:gap-5 px-sm\">\n\t\t\t\t\t\t\t\t\t<a href=\"https:\/\/hotel-brandenburger-dom.de\/aussenstandort-festival-of-lights\/\" class=\"one-column relative cursor-pointer card-wrap aspect-[10\/16] aniMe\">\n\t\t\t\t\t\t<img decoding=\"async\" loading=\"lazy\" src=\"https:\/\/festival-of-lights.de\/wp-content\/uploads\/2025\/09\/Programm-Kachel-15.png\" class=\"object-cover object-center w-full h-full image \" alt=\"\">\t\t\t\t\t\t\t\t\t\t\t\t\t<div class=\"absolute inset-0 flex flex-col items-center justify-center invisible p-10 text-lg text-center text-white transition-all duration-500 ease-in-out delay-100 opacity-0 card-content font-primary bg-black\/0\" >\n\t\t\t\t\t\t\t\t <h2 class=\"text-h4 xl:text-h3\">Dominsel Brandenburg<\/h2> \t\t\t\t\t\t\t\t <p class=\"pt-md\"><br><br \/>\r\nBurghof 2<br \/>\r\n14776 Brandenburg \/Havel<\/p> \t\t\t\t\t\t\t\t <p class=\"mt-auto\">Presented by Hotel Brandenburger Dom <\/p> \t\t\t\t\t\t\t<\/div>\n\t\t\t\t\t\t\t\t\t\t\t<\/a>\n\t\t\t\t\t\t\t\t\t<\/div>\n\t\t\t\t  <\/div>\n<\/section>\n\n<section class=\"bg-bg-darkBlue\">\n  <div class=\"cards-wall-section py-md dark:!bg-transparent dark:!text-white\">\n     \n\t\t\t\t<div class=\"cards-wall container max-w-screen-xl grid mx-auto md:grid-cols-2 lg:grid-cols-3 gap-3 lg:gap-5 px-sm\">\n\t\t\t\t\t\t\t\t\t<a href=\"https:\/\/visiting.europarl.europa.eu\/en\/visitor-offer\/other-locations\/europa-experience\/berlin\" class=\"one-column relative cursor-pointer card-wrap aspect-[10\/16] aniMe\">\n\t\t\t\t\t\t<img decoding=\"async\" loading=\"lazy\" src=\"https:\/\/festival-of-lights.de\/wp-content\/uploads\/2023\/10\/Erlebnis-Europa.png\" class=\"object-cover object-center w-full h-full image \" alt=\"\">\t\t\t\t\t\t\t\t\t\t\t\t\t<div class=\"absolute inset-0 flex flex-col items-center justify-center invisible p-10 text-lg text-center text-white transition-all duration-500 ease-in-out delay-100 opacity-0 card-content font-primary bg-black\/0\" >\n\t\t\t\t\t\t\t\t <h2 class=\"text-h4 xl:text-h3\">Exhibition EXPERIENCE EUROPE in European House Berlin<\/h2> \t\t\t\t\t\t\t\t <p class=\"pt-md\"><br><br \/>\r\nUnter den Linden 78<br \/>\r\n10117 Berlin<\/p> \t\t\t\t\t\t\t\t <p class=\"mt-auto\">Presented by European House Berlin<\/p> \t\t\t\t\t\t\t<\/div>\n\t\t\t\t\t\t\t\t\t\t\t<\/a>\n\t\t\t\t\t\t\t\t\t<\/div>\n\t\t\t\t  <\/div>\n<\/section>\n\n<section class=\"module-spacer bg-bg-cyan pt-10 md:pt-14 xl:pt-20\">\n<\/section>","protected":false},"excerpt":{"rendered":"","protected":false},"author":2,"featured_media":0,"parent":0,"menu_order":0,"comment_status":"closed","ping_status":"closed","template":"","meta":{"_acf_changed":false,"footnotes":""},"class_list":["post-54347","page","type-page","status-publish","hentry"],"acf":[],"yoast_head":"<!-- This site is optimized with the Yoast SEO plugin v25.6 - https:\/\/yoast.com\/wordpress\/plugins\/seo\/ -->\n<title>Programme 2025 - Festival of Lights<\/title>\n<meta name=\"description\" content=\"Programme 2025. The 21st edition of the FESTIVAL OF LIGHTS will take place from October 8-15, 2025 between 7pm \u2013 11pm.\" \/>\n<meta name=\"robots\" content=\"index, follow, max-snippet:-1, max-image-preview:large, max-video-preview:-1\" \/>\n<link rel=\"canonical\" href=\"https:\/\/festival-of-lights.de\/en\/programme-2025\/\" \/>\n<meta property=\"og:locale\" content=\"en_US\" \/>\n<meta property=\"og:type\" content=\"article\" \/>\n<meta property=\"og:title\" content=\"Programme 2025 - Festival of Lights\" \/>\n<meta property=\"og:description\" content=\"Programme 2025. The 21st edition of the FESTIVAL OF LIGHTS will take place from October 8-15, 2025 between 7pm \u2013 11pm.\" \/>\n<meta property=\"og:url\" content=\"https:\/\/festival-of-lights.de\/en\/programme-2025\/\" \/>\n<meta property=\"og:site_name\" content=\"Festival of Lights\" \/>\n<meta property=\"article:publisher\" content=\"https:\/\/www.facebook.com\/FestivalOfLights\" \/>\n<meta property=\"article:modified_time\" content=\"2026-02-19T09:52:23+00:00\" \/>\n<meta name=\"twitter:card\" content=\"summary_large_image\" \/>\n<script type=\"application\/ld+json\" class=\"yoast-schema-graph\">{\"@context\":\"https:\/\/schema.org\",\"@graph\":[{\"@type\":\"WebPage\",\"@id\":\"https:\/\/festival-of-lights.de\/en\/programme-2025\/\",\"url\":\"https:\/\/festival-of-lights.de\/en\/programme-2025\/\",\"name\":\"Programme 2025 - Festival of Lights\",\"isPartOf\":{\"@id\":\"https:\/\/festival-of-lights.de\/de\/#website\"},\"datePublished\":\"2025-03-10T11:39:10+00:00\",\"dateModified\":\"2026-02-19T09:52:23+00:00\",\"description\":\"Programme 2025. The 21st edition of the FESTIVAL OF LIGHTS will take place from October 8-15, 2025 between 7pm \u2013 11pm.\",\"breadcrumb\":{\"@id\":\"https:\/\/festival-of-lights.de\/en\/programme-2025\/#breadcrumb\"},\"inLanguage\":\"en-US\",\"potentialAction\":[{\"@type\":\"ReadAction\",\"target\":[\"https:\/\/festival-of-lights.de\/en\/programme-2025\/\"]}]},{\"@type\":\"BreadcrumbList\",\"@id\":\"https:\/\/festival-of-lights.de\/en\/programme-2025\/#breadcrumb\",\"itemListElement\":[{\"@type\":\"ListItem\",\"position\":1,\"name\":\"Startseite\",\"item\":\"https:\/\/festival-of-lights.de\/en\/\"},{\"@type\":\"ListItem\",\"position\":2,\"name\":\"Programme 2025\"}]},{\"@type\":\"WebSite\",\"@id\":\"https:\/\/festival-of-lights.de\/de\/#website\",\"url\":\"https:\/\/festival-of-lights.de\/de\/\",\"name\":\"Festival of Lights Berlin\",\"description\":\"\",\"publisher\":{\"@id\":\"https:\/\/festival-of-lights.de\/de\/#organization\"},\"potentialAction\":[{\"@type\":\"SearchAction\",\"target\":{\"@type\":\"EntryPoint\",\"urlTemplate\":\"https:\/\/festival-of-lights.de\/de\/?s={search_term_string}\"},\"query-input\":{\"@type\":\"PropertyValueSpecification\",\"valueRequired\":true,\"valueName\":\"search_term_string\"}}],\"inLanguage\":\"en-US\"},{\"@type\":\"Organization\",\"@id\":\"https:\/\/festival-of-lights.de\/de\/#organization\",\"name\":\"Festival of Lights\",\"url\":\"https:\/\/festival-of-lights.de\/de\/\",\"logo\":{\"@type\":\"ImageObject\",\"inLanguage\":\"en-US\",\"@id\":\"https:\/\/festival-of-lights.de\/de\/#\/schema\/logo\/image\/\",\"url\":\"https:\/\/festival-of-lights.de\/wp-content\/uploads\/2023\/08\/cropped-logo.png\",\"contentUrl\":\"https:\/\/festival-of-lights.de\/wp-content\/uploads\/2023\/08\/cropped-logo.png\",\"width\":230,\"height\":230,\"caption\":\"Festival of Lights\"},\"image\":{\"@id\":\"https:\/\/festival-of-lights.de\/de\/#\/schema\/logo\/image\/\"},\"sameAs\":[\"https:\/\/www.facebook.com\/FestivalOfLights\",\"https:\/\/www.tiktok.com\/@berlinfestivaloflights\",\"https:\/\/www.instagram.com\/berlinfestivaloflights\"]}]}<\/script>\n<!-- \/ Yoast SEO plugin. -->","yoast_head_json":{"title":"Programme 2025 - Festival of Lights","description":"Programme 2025. The 21st edition of the FESTIVAL OF LIGHTS will take place from October 8-15, 2025 between 7pm \u2013 11pm.","robots":{"index":"index","follow":"follow","max-snippet":"max-snippet:-1","max-image-preview":"max-image-preview:large","max-video-preview":"max-video-preview:-1"},"canonical":"https:\/\/festival-of-lights.de\/en\/programme-2025\/","og_locale":"en_US","og_type":"article","og_title":"Programme 2025 - Festival of Lights","og_description":"Programme 2025. The 21st edition of the FESTIVAL OF LIGHTS will take place from October 8-15, 2025 between 7pm \u2013 11pm.","og_url":"https:\/\/festival-of-lights.de\/en\/programme-2025\/","og_site_name":"Festival of Lights","article_publisher":"https:\/\/www.facebook.com\/FestivalOfLights","article_modified_time":"2026-02-19T09:52:23+00:00","twitter_card":"summary_large_image","schema":{"@context":"https:\/\/schema.org","@graph":[{"@type":"WebPage","@id":"https:\/\/festival-of-lights.de\/en\/programme-2025\/","url":"https:\/\/festival-of-lights.de\/en\/programme-2025\/","name":"Programme 2025 - Festival of Lights","isPartOf":{"@id":"https:\/\/festival-of-lights.de\/de\/#website"},"datePublished":"2025-03-10T11:39:10+00:00","dateModified":"2026-02-19T09:52:23+00:00","description":"Programme 2025. The 21st edition of the FESTIVAL OF LIGHTS will take place from October 8-15, 2025 between 7pm \u2013 11pm.","breadcrumb":{"@id":"https:\/\/festival-of-lights.de\/en\/programme-2025\/#breadcrumb"},"inLanguage":"en-US","potentialAction":[{"@type":"ReadAction","target":["https:\/\/festival-of-lights.de\/en\/programme-2025\/"]}]},{"@type":"BreadcrumbList","@id":"https:\/\/festival-of-lights.de\/en\/programme-2025\/#breadcrumb","itemListElement":[{"@type":"ListItem","position":1,"name":"Startseite","item":"https:\/\/festival-of-lights.de\/en\/"},{"@type":"ListItem","position":2,"name":"Programme 2025"}]},{"@type":"WebSite","@id":"https:\/\/festival-of-lights.de\/de\/#website","url":"https:\/\/festival-of-lights.de\/de\/","name":"Festival of Lights Berlin","description":"","publisher":{"@id":"https:\/\/festival-of-lights.de\/de\/#organization"},"potentialAction":[{"@type":"SearchAction","target":{"@type":"EntryPoint","urlTemplate":"https:\/\/festival-of-lights.de\/de\/?s={search_term_string}"},"query-input":{"@type":"PropertyValueSpecification","valueRequired":true,"valueName":"search_term_string"}}],"inLanguage":"en-US"},{"@type":"Organization","@id":"https:\/\/festival-of-lights.de\/de\/#organization","name":"Festival of Lights","url":"https:\/\/festival-of-lights.de\/de\/","logo":{"@type":"ImageObject","inLanguage":"en-US","@id":"https:\/\/festival-of-lights.de\/de\/#\/schema\/logo\/image\/","url":"https:\/\/festival-of-lights.de\/wp-content\/uploads\/2023\/08\/cropped-logo.png","contentUrl":"https:\/\/festival-of-lights.de\/wp-content\/uploads\/2023\/08\/cropped-logo.png","width":230,"height":230,"caption":"Festival of Lights"},"image":{"@id":"https:\/\/festival-of-lights.de\/de\/#\/schema\/logo\/image\/"},"sameAs":["https:\/\/www.facebook.com\/FestivalOfLights","https:\/\/www.tiktok.com\/@berlinfestivaloflights","https:\/\/www.instagram.com\/berlinfestivaloflights"]}]}},"_links":{"self":[{"href":"https:\/\/festival-of-lights.de\/en\/wp-json\/wp\/v2\/pages\/54347","targetHints":{"allow":["GET"]}}],"collection":[{"href":"https:\/\/festival-of-lights.de\/en\/wp-json\/wp\/v2\/pages"}],"about":[{"href":"https:\/\/festival-of-lights.de\/en\/wp-json\/wp\/v2\/types\/page"}],"author":[{"embeddable":true,"href":"https:\/\/festival-of-lights.de\/en\/wp-json\/wp\/v2\/users\/2"}],"replies":[{"embeddable":true,"href":"https:\/\/festival-of-lights.de\/en\/wp-json\/wp\/v2\/comments?post=54347"}],"version-history":[{"count":87,"href":"https:\/\/festival-of-lights.de\/en\/wp-json\/wp\/v2\/pages\/54347\/revisions"}],"predecessor-version":[{"id":60349,"href":"https:\/\/festival-of-lights.de\/en\/wp-json\/wp\/v2\/pages\/54347\/revisions\/60349"}],"wp:attachment":[{"href":"https:\/\/festival-of-lights.de\/en\/wp-json\/wp\/v2\/media?parent=54347"}],"curies":[{"name":"wp","href":"https:\/\/api.w.org\/{rel}","templated":true}]}}